{"id":16,"date":"2020-07-01T17:31:44","date_gmt":"2020-07-01T20:31:44","guid":{"rendered":"https:\/\/consinter.org\/online2020\/?page_id=16"},"modified":"2023-03-01T15:35:58","modified_gmt":"2023-03-01T18:35:58","slug":"home","status":"publish","type":"page","link":"https:\/\/consinter.org\/online2020\/","title":{"rendered":"Home"},"content":{"rendered":"<div class=\"wpb-content-wrapper\"><p>[vc_row full_width=&#8221;stretch_row&#8221; section_id=&#8221;home&#8221; fullwidth=&#8221;no&#8221; bg_image_custom=&#8221;121&#8243; el_id=&#8221;home&#8221; css=&#8221;.vc_custom_1593640916633{margin-top: 0px !important;margin-bottom: 0px !important;border-top-width: 0px !important;border-bottom-width: 0px !important;padding-top: 0px !important;padding-bottom: 0px !important;background-image: url(https:\/\/consinter.org\/barcelona2019\/wp-content\/uploads\/sites\/20\/2019\/05\/fundo.jpg?id=753) !important;background-position: center !important;background-repeat: no-repeat !important;background-size: cover !important;}&#8221; parallax_bg=&#8221;1&#8243; stellar_background_ratio=&#8221;0.6&#8243;][vc_column css=&#8221;.vc_custom_1417507329606{padding-bottom: 0px !important;}&#8221;]<div id=\"main-slider\" data-height_desk=\"768px\" data-height_ipad=\"768px\" data-height_mobile=\"800px\" data-loop=\"false\" data-auto_slider=\"false\" data-duration=\"3000\" data-navigation=\"false\"  class=\"owl-carousel owl-theme \"><div class=\"item page text-center slide0\">\r\n                    <div class=\"caption\">\r\n                            <div class=\"div-table\">\r\n                                <div class=\"div-cell\"><h2 class=\"caption-title\" data-animation=\"fadeInDown\" data-animation-delay=\"100\"><span>16 a 20 de novembro de 2020<\/span><\/h2><h3 class=\"caption-subtitle\" data-animation=\"fadeInUp\" data-animation-delay=\"300\">VII Simp\u00f3sio Internacional de Direito CONSINTER Online \/ Universidad de Complutense de Madrid<\/h3><\/div><\/div><\/div><\/div><\/div>\r\n      <div class=\"event-description \">        \r\n        <div class=\"event-background\" style=\"background-color:#0d1d31\">\r\n            <div class=\"container-fluid\">\r\n                <div class=\"row\">\r\n                    \r\n            <div class=\"col-md-6\">\r\n              <div class=\"media \">\r\n                          <span class=\"pull-left\">\r\n                              <i class=\"fa fa-calendar fa-2x\"><\/i>\r\n                          <\/span>\r\n                  <div class=\"media-body\">\r\n                      <h4 class=\"media-heading\">Data do Simp\u00f3sio<\/h4>\r\n                      <span>16 a 20 de novembro de 2020<\/span>\r\n                  <\/div>\r\n              <\/div>\r\n            <\/div>\r\n    \r\n            <div class=\"col-md-6\">\r\n              <div class=\"media \">\r\n                          <span class=\"pull-left\">\r\n                              <i class=\"fa fa-map-marker fa-2x\"><\/i>\r\n                          <\/span>\r\n                  <div class=\"media-body\">\r\n                      <h4 class=\"media-heading\">Local<\/h4>\r\n                      <span>Plataforma <i>on-line<\/i><\/span>\r\n                  <\/div>\r\n              <\/div>\r\n            <\/div>\r\n    \r\n                <\/div>\r\n            <\/div>        \r\n        <\/div>\r\n    <\/div>\r\n    [\/vc_column][\/vc_row][vc_row section_id=&#8221;about&#8221; css=&#8221;.vc_custom_1428394403301{margin-top: 0px !important;margin-bottom: 0px !important;border-top-width: 0px !important;border-bottom-width: 0px !important;padding-top: 70px !important;padding-bottom: 70px !important;}&#8221; fullwidth=&#8221;no&#8221; el_id=&#8221;about&#8221; parallax_bg=&#8221;0&#8243; stellar_background_ratio=&#8221;0.6&#8243;][vc_column css=&#8221;.vc_custom_1417501673381{padding-bottom: 40px !important;}&#8221;]\r\n      <h3 class=\"section-title \"><span data-animation=\"flipInY\" data-animation-delay=\"0\" class=\"icon-inner\"><span class=\"fa-stack\"><i class=\"fa rhex fa-stack-2x\"><\/i><i class=\"fa fa-star fa-stack-1x\"><\/i><\/span><\/span><span data-animation=\"fadeInRight\" data-animation-delay=\"500\" class=\"title-inner\">SOBRE O SIMP\u00d3SIO <small> \/ objetivo, justifica\u00e7\u00e3o, p\u00fablico e informa\u00e7\u00f5es \u00fateis<\/small><\/span><\/h3>\r\n    [\/vc_column][vc_column][vc_column_text css=&#8221;.vc_custom_1605532311752{margin-bottom: 15px !important;}&#8221;]<strong> NOMENCLATURA<\/strong><\/p>\n<p>VII Simp\u00f3sio Internacional de Direito CONSINTER 2020 \u2013 Edi\u00e7\u00e3o <em>On-line \u2014 Universidad Complutense de Madrid.<\/em><\/p>\n<p>Este Simp\u00f3sio contar\u00e1 somente com os Grupos de Trabalho com a apresenta\u00e7\u00e3o dos artigos cient\u00edficos on-line.<\/p>\n<p><strong>LOCAL E DATA<\/strong><\/p>\n<p>Local: A plataforma on-line de apresenta\u00e7\u00e3o ser\u00e1 definida posteriormente.<\/p>\n<p>Data: de 16 a 20 de novembro de 2020.<\/p>\n<p><strong>APRESENTA\u00c7\u00c3O<\/strong><\/p>\n<p>A raz\u00e3o de ser do CONSINTER \u00e9 promover a autonomia individual para que, de forma construtiva e integradora, o indiv\u00edduo possa melhorar o pr\u00f3prio destino e o da sociedade em geral. O objeto destas linhas \u00e9 estender um convite aberto para um grande evento internacional <em>on-line<\/em> no qual os participantes poder\u00e3o apresentar suas contribui\u00e7\u00f5es cientificas in\u00e9ditas oralmente, valorando sua publica\u00e7\u00e3o tanto na Europa quanto no Brasil de acordo com a regras do evento. Deste modo, impulsionar-se-\u00e3o instrumentos eficazes para a democratiza\u00e7\u00e3o do saber, a intera\u00e7\u00e3o entre povos e a consolida\u00e7\u00e3o do desenvolvimento.<\/p>\n<p>A soma das contribui\u00e7\u00f5es procedentes de diferentes culturas jur\u00eddicas permitir\u00e1 a supera\u00e7\u00e3o dos atuais limites impostos pela geografia e a economia. Assim, s\u00e3o bem-vindos todos os esfor\u00e7os coordenados que tendem a forma\u00e7\u00e3o, em sede universit\u00e1ria, de indiv\u00edduos reflexivos, comprometidos com os valores e princ\u00edpios a que aspira a civiliza\u00e7\u00e3o contempor\u00e2nea.<\/p>\n<p><strong> SOBRE O SIMP\u00d3SIO<\/strong><\/p>\n<p>O Simp\u00f3sio Internacional de Direito CONSINTER 2020 \u2013 Edi\u00e7\u00e3o On-line, ter\u00e1 somente os grupos de trabalho com apresenta\u00e7\u00e3o de artigo cient\u00edfico oral on-line a realizar-se na data de 17 a 19 de novembro de 2020.<\/p>\n<p>O COSNINTER quer servir como um lugar de reuni\u00e3o para os alunos de p\u00f3s-gradua\u00e7\u00e3o (mestrandos e doutorandos) e pesquisadores, onde possam discutir os resultados dos seus trabalhos, assim como trocar conhecimentos e experi\u00eancias. \u00c9 uma oportunidade excepcional para apresenta\u00e7\u00e3o e publica\u00e7\u00e3o de estudos cient\u00edficos in\u00e9ditos.<\/p>\n<p>As referidas obras s\u00e3o: Revista Internacional CONSINTER de Direito, com ISSN e n\u00famero DOI e o Livro do CONSINTER Direito e Justi\u00e7a com tr\u00eas distintos <em>ISBN\u2019s<\/em>, Europeu, Brasileiro e digital.<\/p>\n<p>OBS: A Revista Internacional CONSINTER de Direito est\u00e1 indexada em bases de dados nacionais e internacionais como: <em>Google Scholar, Latindex, REDIB, DOAJ, CAPES, LivRe, Diadorim, Sum\u00e1rios.org, Cite Factor, Tribunal Superior Eleitoral, Rede Virtual de Bibliotecas Integradas (RVBI) e membro da Crossref<\/em>.<\/p>\n<p>O acesso na integra aos artigos publicados \u00e9 gratuito, clique aqui e conhe\u00e7a todos as edi\u00e7\u00f5es anteriores <a href=\"https:\/\/revistaconsinter.com\/edicoes-anteriores\/\" target=\"_blank\" rel=\"noopener noreferrer\">https:\/\/revistaconsinter.com\/edicoes-anteriores\/<\/a><\/p>\n<p>Ser\u00e3o aceitos trabalhos de todas as \u00e1reas do Direito, de acordo com a seguinte classifica\u00e7\u00e3o:<\/p>\n<p style=\"padding-left: 30px;\"><strong>a)<\/strong> DIREITOS DIFUSOS, COLETIVOS E INDIVIDUAIS HOMOG\u00caNEOS<\/p>\n<p style=\"padding-left: 30px;\"><strong>b)<\/strong> DIREITO P\u00daBLICO<\/p>\n<p style=\"padding-left: 30px;\"><strong>c)<\/strong> DIREITO PRIVADO<\/p>\n<p style=\"padding-left: 30px;\"><strong>d)<\/strong> DIREITO INTERNACIONAL<\/p>\n<p><strong> P\u00daBLICO ALVO<\/strong><\/p>\n<p>Poder\u00e3o submeter os artigos Estudantes e Professores vinculados \u00e0 P\u00f3s-gradua\u00e7\u00e3o (tanto <em>Lato Sensu<\/em> \u2013 especializa\u00e7\u00e3o \u2013 quanto <em>Stricto Sensu <\/em>nas linhas de Mestrado e Doutorado); Especialistas, Mestres, Doutores, Pesquisadores, Docentes Universit\u00e1rios; Ju\u00edzes, Advogados, Representantes do Minist\u00e9rio P\u00fablico e demais profissionais de carreira jur\u00eddica e, em geral, pessoas que se dedicam no seu \u00e2mbito profissional, a quaisquer ramos ou disciplinas do Direito, que tenham interesse em mostrar seus estudos cient\u00edficos in\u00e9ditos, sobre alguma das \u00e1reas tem\u00e1ticas propostas.<\/p>\n<p>Os artigos poder\u00e3o ser enviados observando as seguintes condi\u00e7\u00f5es curriculares:<\/p>\n<p style=\"padding-left: 40px;\"><strong>a)<\/strong> Professores e Alunos de P\u00f3s-gradua\u00e7\u00e3o Lato Sensu (especializandos e especialistas);<\/p>\n<p style=\"padding-left: 40px;\"><strong>b)<\/strong> Professores e Alunos de P\u00f3s-gradua\u00e7\u00e3o Stricto Sensu (mestrandos e doutorandos);<\/p>\n<p style=\"padding-left: 40px;\"><strong>c)<\/strong> Professores, Mestres, Doutores e P\u00f3s-Doutores.<\/p>\n<ul>\n<li>Obs.: Para os artigos aprovados, o pr\u00e9-requisito para publica\u00e7\u00e3o na Revista Internacional CONSINTER de Direito \u00e9 que o autor ou um dos coautores tenha a titula\u00e7\u00e3o de Doutor.<\/li>\n<li>Os artigos tamb\u00e9m aprovados que n\u00e3o contemplarem o pr\u00e9-requisito citado no par\u00e1grafo anterior, ter\u00e3o a garantia de publica\u00e7\u00e3o no Livro do CONSINTER: Direito e Justi\u00e7a (com registro <em>ISBN<\/em>).<\/li>\n<\/ul>\n<p>Obs.: Estimulando a premissa basilar do CONSINTER de apoio e fomento \u00e0 produ\u00e7\u00e3o cientifica e acad\u00eamica, releva informar que ser\u00e3o aceitos para an\u00e1lise e poss\u00edvel publica\u00e7\u00e3o, todos os artigos comprovadamente inscritos e originados em conformidade com o p\u00fablico alvo acima descrito no item 5, ressalvando por\u00e9m, que em face dos crit\u00e9rios normativos para a quantifica\u00e7\u00e3o do <em>Qualis<\/em>, somente poder\u00e3o ser pr\u00e9-selecionados para a publica\u00e7\u00e3o na Revista Internacional do CONSINTER os artigos aprovados pelo Conselho Editorial nos quais pelo menos um dos coautores tenha a titula\u00e7\u00e3o de Doutor.<\/p>\n<p><strong>DIVULGA\u00c7\u00c3O DA INVESTIGA\u00c7\u00c3O JUR\u00cdDICA NO VII SIMP\u00d3SIO INTERNACIONAL DE DIREITO CONSINTER 2020 \u2013 EDI\u00c7\u00c3O <em>ON-LINE<\/em> E PUBLICA\u00c7\u00c3O DOS ARTIGOS<\/strong><\/p>\n<p>Observando o cen\u00e1rio que imp\u00f5e grandes dificuldades para os interessados em publicar os seus estudos e trabalhos de investiga\u00e7\u00e3o, surge o CONSINTER com o prop\u00f3sito de contribuir na difus\u00e3o dos estudos acad\u00eamicos, publicando-os, facilitando a sua divulga\u00e7\u00e3o, promovendo ainda uma forma\u00e7\u00e3o investigadora de excel\u00eancia e a transfer\u00eancia de conhecimentos da Universidade para a sociedade.<\/p>\n<p>Os artigos ser\u00e3o submetidos a um processo de sele\u00e7\u00e3o e aprova\u00e7\u00e3o pelo Conselho Editorial e\/ou Corpo de Pareceristas do CONSINTER, atendendo a crit\u00e9rios de qualidade cient\u00edfica, sendo a an\u00e1lise pelo sistema <em>double blind review<\/em>, conforme as exig\u00eancias das ag\u00eancias e institui\u00e7\u00f5es nacionais e internacionais de investiga\u00e7\u00e3o e doc\u00eancia que avaliam a atividade investigadora de P\u00f3s-Gradua\u00e7\u00e3o.<\/p>\n<p>Assim, al\u00e9m de possibilitar a visibilidade \u00e0 produ\u00e7\u00e3o cient\u00edfica nas publica\u00e7\u00f5es oficiais do CONSINTER, os participantes ter\u00e3o:<\/p>\n<p style=\"padding-left: 40px;\"><strong>a)<\/strong> A publica\u00e7\u00e3o do seu artigo cient\u00edfico, desde que aprovado pelo Corpo de Pareceristas do CONSINTER;<\/p>\n<p style=\"padding-left: 40px;\"><strong>b)<\/strong> A oportunidade de apresentar oralmente seu artigo cient\u00edfico em ambiente virtual, durante a realiza\u00e7\u00e3o do evento <em>on-line<\/em>, desde que aprovado pelo Corpo de Pareceristas do CONSINTER;<\/p>\n<p style=\"padding-left: 40px;\"><strong>c)<\/strong> A possibilidade de receber uma certifica\u00e7\u00e3o internacional sem a necessidade de deslocamento f\u00edsico, cruzando fronteiras internacionais virtualmente.<\/p>\n<p style=\"padding-left: 40px;\"><strong>d)<\/strong> A oportunidade de difundir seu estudo cient\u00edfico em meio virtual entre salas de reuni\u00f5es e redes sociais, alcan\u00e7ando maior n\u00famero de espectadores internacionalmente.<\/p>\n<p style=\"padding-left: 40px;\"><strong>e)<\/strong> A possibilidade de indexa\u00e7\u00e3o de seu artigo na Plataforma Juru\u00e1Docs.<\/p>\n<p style=\"padding-left: 40px;\"><strong>f)<\/strong> A possibilidade de ampliar sua rede de contatos com pessoas de elevado n\u00edvel cient\u00edfico e acad\u00eamico;<\/p>\n<p style=\"padding-left: 40px;\"><strong>g)<\/strong> A oportunidade de buscar a transfer\u00eancia de conhecimentos cient\u00edficos, que contribuir\u00e3o para o reconhecimento da atividade investigadora e a coopera\u00e7\u00e3o cient\u00edfica internacional.<\/p>\n<p><strong>INFORMA\u00c7\u00d5ES<\/strong><\/p>\n<p>Todos os textos ser\u00e3o avaliados pelo sistema <em>double blind review<\/em>, respeitando o anonimato dos autores.<\/p>\n<p>A crit\u00e9rio do Conselho Editorial do CONSINTER, alguns textos ser\u00e3o selecionados para publica\u00e7\u00e3o na edi\u00e7\u00e3o peri\u00f3dica da Revista Internacional CONSINTER de Direito, com o respectivo <em>ISSN<\/em>. Esta publica\u00e7\u00e3o ter\u00e1 duas edi\u00e7\u00f5es em Portugal, sendo uma impressa e outra digital.<\/p>\n<p>Os artigos que n\u00e3o tenham sido selecionados para a Revista Internacional CONSINTER de Direito, mas que tenham sido aprovados pelo Corpo de Pareceristas, ser\u00e3o publicados no livro Direito e Justi\u00e7a tamb\u00e9m obra oficial do CONSINTER, com registro <em>ISBN<\/em>. Essa publica\u00e7\u00e3o ter\u00e1 tr\u00eas edi\u00e7\u00f5es: uma edi\u00e7\u00e3o impressa em Portugal e duas edi\u00e7\u00f5es no Brasil (uma digital e outra impressa).<\/p>\n<p>Os artigos aprovados poder\u00e3o ser apresentados oralmente no VII Simp\u00f3sio Internacional de Direito CONSINTER 2020 &#8211; Edi\u00e7\u00e3o <em>on-line<\/em>, pelo autor ou por um dos coautores, com tempo determinado que ser\u00e1 informado por <em>e-mail<\/em>.<\/p>\n<p>A publica\u00e7\u00e3o dos artigos aprovados pelo Conselho Editorial e\/ou Corpo de Pareceristas <strong><u>n\u00e3o<\/u><\/strong> depende da apresenta\u00e7\u00e3o <em>on-line<\/em>.<\/p>\n<p>OBS: A Revista Internacional CONSINTER de Direito est\u00e1 indexada em bases de dados nacionais e internacionais como: <em>Google Scholar, Latindex, REDIB, DOAJ, CAPES, LivRe, Diadorim, <\/em>Sum\u00e1rios.org, <em>Cite Factor<\/em>, Tribunal Superior Eleitoral, Rede Virtual de Bibliotecas Integradas (RVBI) e membro da <em>Crossref<\/em>.[\/vc_column_text][\/vc_column][\/vc_row][vc_row full_width=&#8221;stretch_row&#8221; section_id=&#8221;coordination&#8221; el_class=&#8221;color&#8221; parallax_bg=&#8221;0&#8243; stellar_background_ratio=&#8221;0.6&#8243; css=&#8221;.vc_custom_1576007929376{margin-top: 0px !important;margin-bottom: 0px !important;border-top-width: 0px !important;border-bottom-width: 0px !important;padding-top: 70px !important;padding-bottom: 70px !important;}&#8221;][vc_column]\r\n      <h3 class=\"section-title \"><span data-animation=\"flipInY\" data-animation-delay=\"300\" class=\"icon-inner\"><span class=\"fa-stack\"><i class=\"fa rhex fa-stack-2x\"><\/i><i class=\"fa fa-ticket fa-stack-1x\"><\/i><\/span><\/span><span data-animation=\"fadeInRight\" data-animation-delay=\"500\" class=\"title-inner\">Revista e Livro <small> \/ editor, diretores e organizadores<\/small><\/span><\/h3>\r\n    [vc_column_text]<strong>Presidente:<\/strong><\/p>\n<p>Luiz Augusto de Oliveira Junior<\/p>\n<p><strong>Coordena\u00e7\u00e3o Cient\u00edfica:<\/strong><\/p>\n<p>Ignacio Garc\u00eda Vitoria \u2013 <em>Profesor de Derecho Constitucional \u2013 Universidad Complutense de Madrid.<\/em><\/p>\n<p><em>Nuria Garc\u00eda Pi\u00f1eiro \u2013 Profesora Titular de Derecho del Trabajo<\/em> y Seguridad Social <em>\u2013 Universidad Complutense de Madrid.<\/em><\/p>\n<p><strong>Coordena\u00e7\u00e3o Acad\u00eamica:<\/strong><\/p>\n<p>Ant\u00f4nio C\u00e9sar Bochenek \u2013 <em>Doutor pela Universidade de Coimbra.<\/em><\/p>\n<div dir=\"auto\">\n<div dir=\"auto\">\n<p><strong>Dire\u00e7\u00e3o Executiva:<\/strong><\/p>\n<p>Francine Oliveira<\/p>\n<\/div>\n<p><strong>Coordena\u00e7\u00e3o Executiva:<\/strong><\/p>\n<\/div>\n<p>Ivan Winters<\/p>\n<p>Marcia Teixeira<\/p>\n<div dir=\"auto\">\n<div dir=\"auto\">\n<p>Brunna Picote<\/p>\n<\/div>\n<\/div>\n<p>&nbsp;<\/p>\n<p><strong>Revista Internacional CONSINTER de Direito<\/strong><\/p>\n<p><strong>Editor:<\/strong><\/p>\n<p>David Vallesp\u00edn P\u00e9rez <em>\u2013 Catedr\u00e1tico Derecho Procesal \u2013 Universitat de Barcelona<\/em>.<\/p>\n<p><strong>Diretores:<\/strong><\/p>\n<p>Germ\u00e1n Barreiro Gonz\u00e1lez &#8211; <em>Catedr\u00e1tico Derecho del Trabajo \u2013 Universidad de Le\u00f3n<\/em>;<\/p>\n<p>Gon\u00e7alo S. de Melo Bandeira \u2013 <em>Professor em Ci\u00eancias Jur\u00eddico-Criminais &#8211; ESG\/IPCA e JusGov-Universidade do Minho<\/em>;<\/p>\n<p>Mar\u00eda Yolanda S\u00e1nchez-Ur\u00e1n Aza\u00f1a &#8211; <em>Catedr\u00e1tica Derecho del Trabajo \u2013 Universidad Complutense de Madrid<\/em>.<\/p>\n<p>&nbsp;<\/p>\n<p><strong>Livro: Direito e Justi\u00e7a<\/strong><\/p>\n<p><strong>Organizadores:<\/strong><\/p>\n<p>Ignacio Garc\u00eda Vitoria \u2013 <em>Profesor de Derecho Constitucional \u2013 Universidad Complutense de Madrid.<\/em><\/p>\n<p><em>Nuria Garc\u00eda Pi\u00f1eiro \u2013 Profesora Titular de Derecho del Trabajo<\/em> y Seguridad Social <em>\u2013 Universidad Complutense de Madrid.<\/em><\/p>\n<p>&nbsp;<\/p>\n<p><strong>Indexadores<\/strong>[\/vc_column_text][vc_wp_text]<\/p>\n<table style=\"border-collapse: collapse; width: 100%; background-color: #fff;\">\n<tbody>\n<tr>\n<td style=\"width: 33.3333%;\"><img loading=\"lazy\" decoding=\"async\" class=\"size-full wp-image-237 aligncenter\" style=\"text-align: center;\" src=\"https:\/\/revistaconsinter.com\/wp-content\/uploads\/2015\/12\/latindex.png\" alt=\"\" width=\"259\" height=\"80\" \/><\/td>\n<td style=\"width: 33.3333%;\"><img loading=\"lazy\" decoding=\"async\" class=\"wp-image-247 size-medium aligncenter\" style=\"text-align: center;\" src=\"https:\/\/revistaconsinter.com\/wp-content\/uploads\/2015\/12\/redib-300x52.png\" sizes=\"auto, (max-width: 300px) 100vw, 300px\" srcset=\"https:\/\/revistaconsinter.com\/wp-content\/uploads\/2015\/12\/redib-300x52.png 300w, https:\/\/revistaconsinter.com\/wp-content\/uploads\/2015\/12\/redib.png 492w\" alt=\"\" width=\"300\" height=\"52\" \/><\/td>\n<td style=\"width: 33.3333%;\"><img loading=\"lazy\" decoding=\"async\" class=\"alignnone size-full wp-image-261 aligncenter\" style=\"text-align: center;\" src=\"https:\/\/revistaconsinter.com\/wp-content\/uploads\/2015\/12\/diadorim.png\" alt=\"\" width=\"141\" height=\"80\" \/><\/td>\n<\/tr>\n<tr>\n<td style=\"width: 33.3333%;\"><img loading=\"lazy\" decoding=\"async\" class=\"size-full wp-image-264 aligncenter\" style=\"text-align: center;\" src=\"https:\/\/revistaconsinter.com\/wp-content\/uploads\/2015\/12\/sumarios.png\" sizes=\"auto, (max-width: 313px) 100vw, 313px\" srcset=\"https:\/\/revistaconsinter.com\/wp-content\/uploads\/2015\/12\/sumarios.png 313w, https:\/\/revistaconsinter.com\/wp-content\/uploads\/2015\/12\/sumarios-300x77.png 300w\" alt=\"\" width=\"313\" height=\"80\" \/><\/td>\n<td style=\"width: 33.3333%;\"><img loading=\"lazy\" decoding=\"async\" class=\"wp-image-486 size-full aligncenter\" src=\"https:\/\/revistaconsinter.com\/wp-content\/uploads\/2018\/02\/doaj.png\" alt=\"\" width=\"300\" height=\"54\" \/><\/td>\n<td style=\"width: 33.3333%;\"><img loading=\"lazy\" decoding=\"async\" class=\"alignnone size-full wp-image-576 aligncenter\" style=\"text-align: center;\" src=\"https:\/\/revistaconsinter.com\/wp-content\/uploads\/2018\/09\/citefactor.png\" alt=\"\" width=\"272\" height=\"80\" \/><\/td>\n<\/tr>\n<tr>\n<td style=\"width: 33.3333%;\"><img loading=\"lazy\" decoding=\"async\" class=\"wp-image-485 size-full aligncenter\" src=\"https:\/\/revistaconsinter.com\/wp-content\/uploads\/2018\/02\/capes.png\" alt=\"\" width=\"101\" height=\"92\" \/><\/td>\n<td style=\"width: 33.3333%;\"><img loading=\"lazy\" decoding=\"async\" class=\"wp-image-490 size-full aligncenter\" src=\"https:\/\/revistaconsinter.com\/wp-content\/uploads\/2018\/02\/livre.png\" alt=\"\" width=\"134\" height=\"71\" \/><\/td>\n<td style=\"width: 33.3333%;\"><img loading=\"lazy\" decoding=\"async\" class=\"aligncenter wp-image-708 size-full\" style=\"text-align: center;\" src=\"https:\/\/revistaconsinter.com\/wp-content\/uploads\/2019\/03\/rvbi.png\" alt=\"\" width=\"92\" height=\"92\" \/><\/td>\n<\/tr>\n<tr>\n<td style=\"width: 33.3333%;\">\n<p style=\"text-align: center;\"><a href=\"https:\/\/search.crossref.org\/?q=consinter\" target=\"_blank\" rel=\"noopener noreferrer\"><img loading=\"lazy\" decoding=\"async\" class=\"alignnone size-full wp-image-6285 aligncenter\" style=\"text-align: center;\" src=\"https:\/\/revistaconsinter.com\/wp-content\/uploads\/2020\/06\/crossref.png\" alt=\"\" width=\"200\" height=\"110\" \/><\/a><\/p>\n<\/td>\n<td style=\"width: 33.3333%; text-align: center;\"><a href=\"https:\/\/www.abecbrasil.org.br\" target=\"_blank\" rel=\"noopener noreferrer\"><img loading=\"lazy\" decoding=\"async\" class=\"alignnone wp-image-6292 size-full\" src=\"https:\/\/revistaconsinter.com\/wp-content\/uploads\/2020\/07\/abec.png\" alt=\"\" width=\"273\" height=\"107\" \/><\/a><\/td>\n<td style=\"width: 33.3333%;\"><\/td>\n<\/tr>\n<\/tbody>\n<\/table>\n<p>[\/vc_wp_text][\/vc_column][\/vc_row][vc_row full_width=&#8221;stretch_row&#8221; section_id=&#8221;schedule&#8221; parallax_bg=&#8221;0&#8243; stellar_background_ratio=&#8221;0.6&#8243; css=&#8221;.vc_custom_1605105428137{margin-top: 0px !important;margin-bottom: 0px !important;border-top-width: 0px !important;border-bottom-width: 0px !important;padding-top: 70px !important;padding-bottom: 70px !important;}&#8221; el_id=&#8221;schedule&#8221;][vc_column]\r\n      <h3 class=\"section-title \"><span data-animation=\"flipInY\" data-animation-delay=\"300\" class=\"icon-inner\"><span class=\"fa-stack\"><i class=\"fa rhex fa-stack-2x\"><\/i><i class=\"fa fa-ticket fa-stack-1x\"><\/i><\/span><\/span><span data-animation=\"fadeInRight\" data-animation-delay=\"500\" class=\"title-inner\">PROGRAMA\u00c7\u00c3O <small> \/ sujeito a altera\u00e7\u00f5es<\/small><\/span><\/h3>\r\n    [vc_column_text]<a href=\"https:\/\/consinter.org\/online2020\/wp-content\/uploads\/sites\/26\/2020\/11\/programacao-3.pdf\" class=\"pdfemb-viewer\" style=\"\" data-width=\"max\" data-height=\"max\" data-toolbar=\"both\" data-toolbar-fixed=\"on\">programacao-3<\/a>[\/vc_column_text]<a href=\"http:\/\/consinter.org\/online2020\/wp-content\/uploads\/sites\/26\/2020\/11\/programacao-3.pdf\" target='_blank' style=\"margin: 20px 0 0 0\"  class=\"btn btn-theme animated flipInY visible   \" data-animation=\"flipInY\" data-animation-delay=\"200\"><i class=\"fa \"><\/i> Download da programa\u00e7\u00e3o<\/a>[\/vc_column][\/vc_row][vc_row full_width=&#8221;stretch_row&#8221; parallax_bg=&#8221;0&#8243; stellar_background_ratio=&#8221;0.6&#8243; css=&#8221;.vc_custom_1605351654932{margin-top: 0px !important;margin-bottom: 0px !important;border-top-width: 0px !important;border-bottom-width: 0px !important;padding-top: 0px !important;padding-bottom: 70px !important;}&#8221;][vc_column]\r\n      <h3 class=\"section-title \"><span data-animation=\"flipInY\" data-animation-delay=\"300\" class=\"icon-inner\"><span class=\"fa-stack\"><i class=\"fa rhex fa-stack-2x\"><\/i><i class=\"fa fa-ticket fa-stack-1x\"><\/i><\/span><\/span><span data-animation=\"fadeInRight\" data-animation-delay=\"500\" class=\"title-inner\">LISTA DE ARTIGOS<\/h3>\r\n    [vc_column_text]<a href=\"https:\/\/consinter.org\/online2020\/wp-content\/uploads\/sites\/26\/2020\/11\/apresentacao-de-artigos.pdf\" class=\"pdfemb-viewer\" style=\"\" data-width=\"max\" data-height=\"max\" data-toolbar=\"both\" data-toolbar-fixed=\"on\">apresentacao-de-artigos<\/a>[\/vc_column_text][\/vc_column][\/vc_row][vc_row full_width=&#8221;stretch_row&#8221; section_id=&#8221;who&#8221; parallax_bg=&#8221;0&#8243; stellar_background_ratio=&#8221;0.6&#8243; css=&#8221;.vc_custom_1593698657035{margin-top: 0px !important;margin-bottom: 0px !important;border-top-width: 0px !important;border-bottom-width: 0px !important;padding-top: 70px !important;padding-bottom: 70px !important;}&#8221; el_id=&#8221;who&#8221; el_class=&#8221;light&#8221;][vc_column]\r\n      <h3 class=\"section-title \"><span data-animation=\"flipInY\" data-animation-delay=\"300\" class=\"icon-inner\"><span class=\"fa-stack\"><i class=\"fa rhex fa-stack-2x\"><\/i><i class=\"fa fa-ticket fa-stack-1x\"><\/i><\/span><\/span><span data-animation=\"fadeInRight\" data-animation-delay=\"500\" class=\"title-inner\">Apresenta\u00e7\u00e3o <small> \/ quem somos<\/small><\/span><\/h3>\r\n    [vc_column_text]<\/p>\n<p><strong>CONSINTER \u2013 CONSELHO INTERNACIONAL DE ESTUDOS CONTEMPOR\u00c2NEOS EM P\u00d3S-GRADUA\u00c7\u00c3O<\/strong><\/p>\n<p>O CONSINTER vem apresentar-se com o objetivo de promover o indiv\u00edduo enquanto agente construtor de seu destino e da sociedade em geral, convidando-o \u00e0 realiza\u00e7\u00e3o de um grande evento internacional em que os participantes dispor\u00e3o de espa\u00e7o para apresenta\u00e7\u00e3o oral dos seus artigos cient\u00edficos in\u00e9ditos, os quais corporificam os conhecimentos e experi\u00eancias adquiridos como resultado das pesquisas cient\u00edficas, com a possibilidade de sua publica\u00e7\u00e3o tanto no Brasil quanto na Europa, por meio impresso e digital.<\/p>\n<p>Defendemos que as publica\u00e7\u00f5es, quer sejam impressas ou digitais, enquanto substrato da cultura, s\u00e3o instrumentos eficazes para a democratiza\u00e7\u00e3o dos saberes, para a intera\u00e7\u00e3o entre os povos e para a consolida\u00e7\u00e3o do desenvolvimento humanit\u00e1rio, t\u00e9cnico e cient\u00edfico que impulsiona o processo civilizat\u00f3rio entre as diferentes culturas, permitindo a supera\u00e7\u00e3o dos limites impostos pela geografia e pelas normas, viabilizando que a integra\u00e7\u00e3o entre os povos se fa\u00e7a de forma \u00e9tica e sustent\u00e1vel, formando indiv\u00edduos reflexivos e aut\u00f4nomos, comprometidos com os mais elevados valores e princ\u00edpios.<\/p>\n<p>O CONSINTER caracteriza-se por ser uma institui\u00e7\u00e3o sem fins lucrativos, criada com o apoio e interveni\u00eancia da Editora Juru\u00e1 Ltda., empresa do ramo editorial com mais de 48 anos de atividade empresarial, notadamente reconhecida por sua tradi\u00e7\u00e3o na publica\u00e7\u00e3o de livros de alto n\u00edvel t\u00e9cnico e cient\u00edfico nas diversas \u00e1reas do conhecimento e que, expandindo suas fronteiras, h\u00e1 mais de 07 anos est\u00e1 presente na Europa atrav\u00e9s da Editorial Juru\u00e1 Ltda. com sede em Portugal, com uma gama de renomados e conceituados autores e conselheiros nacionais e estrangeiros.<\/p>\n<p>[\/vc_column_text][\/vc_column][\/vc_row][vc_row section_id=&#8221;sponsors&#8221; css=&#8221;.vc_custom_1448020638294{margin-top: 0px !important;margin-bottom: 0px !important;border-top-width: 0px !important;border-bottom-width: 0px !important;padding-top: 70px !important;padding-bottom: 70px !important;background-position: center !important;background-repeat: no-repeat !important;background-size: cover !important;}&#8221; fullwidth=&#8221;no&#8221; el_id=&#8221;sponsors&#8221; el_class=&#8221;text-center&#8221; parallax_bg=&#8221;0&#8243; stellar_background_ratio=&#8221;0.6&#8243;][vc_column]\r\n      <h3 class=\"section-title text-left\"><span data-animation=\"flipInY\" data-animation-delay=\"300\" class=\"icon-inner\"><span class=\"fa-stack\"><i class=\"fa rhex fa-stack-2x\"><\/i><i class=\"fa fa-thumbs-up fa-stack-1x\"><\/i><\/span><\/span><span data-animation=\"fadeInRight\" data-animation-delay=\"500\" class=\"title-inner\">Promo\u00e7\u00e3o <small> \/ apoio<\/small><\/span><\/h3>\r\n    \r\n      <div class=\"partners-carousel \"  data-animation=\"fadeInDown\" data-animation-delay=\"300\">\r\n          <div class=\"owl-carousel\" data-auto=\"true\" data-show_nav=\"true\" data-loop=\"true\" data-itemslide=\"3\" data-autoplaytimeout=\"5000\"><div><a href=\"http:\/\/www.consinter.org\/\" target=\"_blank\"><img decoding=\"async\" src=\"https:\/\/consinter.org\/online2020\/wp-content\/uploads\/sites\/26\/2020\/07\/consinter.png\" alt=\"CONSINTER - Conselho Internacional de Estudos Contempor\u00e2neos em P\u00f3s-Gradua\u00e7\u00e3o\"\/><\/a><\/div><div><a href=\"http:\/\/www.jurua.com.br\" target=\"_blank\"><img decoding=\"async\" src=\"https:\/\/consinter.org\/online2020\/wp-content\/uploads\/sites\/26\/2020\/07\/jurua.png\" alt=\"Juru\u00e1 Editora\"\/><\/a><\/div><div><a href=\"http:\/\/www.editorialjurua.com\" target=\"_blank\"><img decoding=\"async\" src=\"https:\/\/consinter.org\/online2020\/wp-content\/uploads\/sites\/26\/2020\/07\/jurua-europa.png\" alt=\"Editorial Juru\u00e1 Europa\"\/><\/a><\/div><div><a href=\"http:\/\/www.juruadocs.com\" target=\"_blank\"><img decoding=\"async\" src=\"https:\/\/consinter.org\/online2020\/wp-content\/uploads\/sites\/26\/2020\/10\/juruadocs.png\" alt=\"Juru\u00e1Docs\"\/><\/a><\/div><\/div>\r\n      <\/div>\r\n    [vc_text_separator title=&#8221;Apoio Europa&#8221; css=&#8221;.vc_custom_1594321467661{margin-top: 50px !important;margin-bottom: 15px !important;}&#8221;]\r\n      <div class=\"partners-carousel \"  data-animation=\"fadeInDown\" data-animation-delay=\"300\">\r\n          <div class=\"owl-carousel\" data-auto=\"true\" data-show_nav=\"true\" data-loop=\"true\" data-itemslide=\"3\" data-autoplaytimeout=\"5000\"><div><a href=\"https:\/\/www.ucm.es\/\" target=\"_blank\"><img decoding=\"async\" src=\"https:\/\/consinter.org\/online2020\/wp-content\/uploads\/sites\/26\/2020\/07\/ucm.png\" alt=\"UCM - Universidad Complutense de Madrid\"\/><\/a><\/div><div><a href=\"https:\/\/www.usal.es\/\" target=\"_blank\"><img decoding=\"async\" src=\"https:\/\/consinter.org\/online2020\/wp-content\/uploads\/sites\/26\/2020\/09\/usal.png\" alt=\"USAL - Universidad de Salamanca\"\/><\/a><\/div><div><a href=\"https:\/\/www.ub.edu\/\" target=\"_blank\"><img decoding=\"async\" src=\"https:\/\/consinter.org\/online2020\/wp-content\/uploads\/sites\/26\/2020\/09\/ub.png\" alt=\"UB - Universidade de Barcelona\"\/><\/a><\/div><div><a href=\"https:\/\/www.abogacia.es\/\" target=\"_blank\"><img decoding=\"async\" src=\"https:\/\/consinter.org\/online2020\/wp-content\/uploads\/sites\/26\/2020\/10\/abogacia.png\" alt=\"Abogac\u00eda Espa\u00f1ola\"\/><\/a><\/div><div><a href=\"https:\/\/www.ubu.es\/\" target=\"_blank\"><img decoding=\"async\" src=\"https:\/\/consinter.org\/online2020\/wp-content\/uploads\/sites\/26\/2020\/10\/u-burgos.png\" alt=\"Universidad de Burgos\"\/><\/a><\/div><div><a href=\"https:\/\/www.epj.es\/\" target=\"_blank\"><img decoding=\"async\" src=\"https:\/\/consinter.org\/online2020\/wp-content\/uploads\/sites\/26\/2020\/11\/epj.png\" alt=\"EPJ - Escuela de Practica Juridica\"\/><\/a><\/div><\/div>\r\n      <\/div>\r\n    [vc_text_separator title=&#8221;Apoio Brasil&#8221; css=&#8221;.vc_custom_1594321476828{margin-top: 50px !important;margin-bottom: 15px !important;}&#8221;]\r\n      <div class=\"partners-carousel \"  data-animation=\"fadeInDown\" data-animation-delay=\"300\">\r\n          <div class=\"owl-carousel\" data-auto=\"true\" data-show_nav=\"true\" data-loop=\"true\" data-itemslide=\"3\" data-autoplaytimeout=\"5000\"><div><a href=\"https:\/\/www.ajufe.org.br\/\" target=\"_blank\"><img decoding=\"async\" src=\"https:\/\/consinter.org\/online2020\/wp-content\/uploads\/sites\/26\/2020\/07\/ajufe.png\" alt=\"AJUFE - Associa\u00e7\u00e3o dos Ju\u00edzes Federais do Brasil\"\/><\/a><\/div><div><a href=\"https:\/\/www.ajufesp.org.br\/\" target=\"_blank\"><img decoding=\"async\" src=\"https:\/\/consinter.org\/online2020\/wp-content\/uploads\/sites\/26\/2020\/09\/ajufesp.png\" alt=\"AJUFESP - Associa\u00e7\u00e3o dos Ju\u00edzes Federais de S\u00e3o Paulo e Mato Grosso do Sul\"\/><\/a><\/div><div><a href=\"https:\/\/www.ajufergs.org.br\/\" target=\"_blank\"><img decoding=\"async\" src=\"https:\/\/consinter.org\/online2020\/wp-content\/uploads\/sites\/26\/2020\/07\/ajufergs.png\" alt=\"AJUFERGS - Associa\u00e7\u00e3o dos Ju\u00edzes Federais do Rio Grande do Sul\"\/><\/a><\/div><div><a href=\"http:\/\/www.rejufe.org.br\/\" target=\"_blank\"><img decoding=\"async\" src=\"https:\/\/consinter.org\/online2020\/wp-content\/uploads\/sites\/26\/2020\/07\/rejufe.png\" alt=\"REJUFE - Associa\u00e7\u00e3o dos Ju\u00edzes Federais de 5\u00aa Regi\u00e3o\"\/><\/a><\/div><div><a href=\"http:\/\/acmag.org.br\/\" target=\"_blank\"><img decoding=\"async\" src=\"https:\/\/consinter.org\/online2020\/wp-content\/uploads\/sites\/26\/2020\/08\/acm.png\" alt=\"ACM - Associa\u00e7\u00e3o Cearense de Magistrados\"\/><\/a><\/div><div><a href=\"http:\/\/www.amapar.com.br\/\" target=\"_blank\"><img decoding=\"async\" src=\"https:\/\/consinter.org\/online2020\/wp-content\/uploads\/sites\/26\/2020\/07\/amapar.png\" alt=\"Amapar - Associa\u00e7\u00e3o dos Magistrados do Paran\u00e1\"\/><\/a><\/div><div><a href=\"http:\/\/www.amepe.com.br\/\" target=\"_blank\"><img decoding=\"async\" src=\"https:\/\/consinter.org\/online2020\/wp-content\/uploads\/sites\/26\/2020\/07\/amepe.png\" alt=\"AMEPE - Associa\u00e7\u00e3o dos Magistrados do Estado de Pernambuco\"\/><\/a><\/div><div><a href=\"https:\/\/amarn.com.br\/\" target=\"_blank\"><img decoding=\"async\" src=\"https:\/\/consinter.org\/online2020\/wp-content\/uploads\/sites\/26\/2020\/07\/amarn-1.png\" alt=\"AMARN - Associa\u00e7\u00e3o dos Magistrados do RN\"\/><\/a><\/div><div><a href=\"https:\/\/amaerj.org.br\/\" target=\"_blank\"><img decoding=\"async\" src=\"https:\/\/consinter.org\/online2020\/wp-content\/uploads\/sites\/26\/2020\/07\/amaerj.png\" alt=\"AMAERJ - Associa\u00e7\u00e3o de Magistrados do Estado do Rio de Janeiro\"\/><\/a><\/div><div><a href=\"https:\/\/www.amatra1.org.br\/\" target=\"_blank\"><img decoding=\"async\" src=\"https:\/\/consinter.org\/online2020\/wp-content\/uploads\/sites\/26\/2020\/07\/amatra1.png\" alt=\"Amatra 1 - Associa\u00e7\u00e3o dos Magistrados da Justi\u00e7a do Trabalho da 1\u00aa Regi\u00e3o\"\/><\/a><\/div><div><a href=\"http:\/\/www.amatra9.org.br\/\" target=\"_blank\"><img decoding=\"async\" src=\"https:\/\/consinter.org\/online2020\/wp-content\/uploads\/sites\/26\/2020\/07\/amatra9.png\" alt=\"AMATRA9 - Associa\u00e7\u00e3o dos Magistrados do Trabalho da 9\u00aa Regi\u00e3o\"\/><\/a><\/div><div><a href=\"http:\/\/www.ematra9.org.br\/\" target=\"_blank\"><img decoding=\"async\" src=\"https:\/\/consinter.org\/online2020\/wp-content\/uploads\/sites\/26\/2020\/07\/ematra9.png\" alt=\"EMATRA9 - Escola da Associa\u00e7\u00e3o dos Magistrados do Trabalho do Paran\u00e1\"\/><\/a><\/div><div><a href=\"https:\/\/anadep.org.br\/wtk\/pagina\/inicial\" target=\"_blank\"><img decoding=\"async\" src=\"https:\/\/consinter.org\/online2020\/wp-content\/uploads\/sites\/26\/2020\/07\/anadep.png\" alt=\"ANADEP - Associa\u00e7\u00e3o Nacional das Defensoras e Defensores P\u00fablicos\"\/><\/a><\/div><div><a href=\"https:\/\/www.anadep.org.br\/wtk\/pagina\/enadep\" target=\"_blank\"><img decoding=\"async\" src=\"https:\/\/consinter.org\/online2020\/wp-content\/uploads\/sites\/26\/2020\/07\/enadep.png\" alt=\"ENADEP - Escola Nacional das Defensoras e Defensores P\u00fablicos do Brasil\"\/><\/a><\/div><div><a href=\"https:\/\/pt-br.facebook.com\/apajufe\/\" target=\"_blank\"><img decoding=\"async\" src=\"https:\/\/consinter.org\/online2020\/wp-content\/uploads\/sites\/26\/2020\/07\/apajufe.png\" alt=\"APAJUFE - Associa\u00e7\u00e3o Paranaense dos Ju\u00edzes Federais\"\/><\/a><\/div><div><a href=\"https:\/\/www.apamagis.com.br\/\" target=\"_blank\"><img decoding=\"async\" src=\"https:\/\/consinter.org\/online2020\/wp-content\/uploads\/sites\/26\/2020\/07\/apamagis.png\" alt=\"APAMAGIS - Associa\u00e7\u00e3o Paulista de Magistrados\"\/><\/a><\/div><div><a href=\"https:\/\/www.amb.com.br\/\" target=\"_blank\"><img decoding=\"async\" src=\"https:\/\/consinter.org\/online2020\/wp-content\/uploads\/sites\/26\/2020\/09\/amb.png\" alt=\"AMB - Associa\u00e7\u00e3o dos Magistrados Brasileiros\"\/><\/a><\/div><div><a href=\"https:\/\/www.enm.org.br\/\" target=\"_blank\"><img decoding=\"async\" src=\"https:\/\/consinter.org\/online2020\/wp-content\/uploads\/sites\/26\/2020\/07\/enm.png\" alt=\"ENM - Escola Nacional da Magistratura\"\/><\/a><\/div><div><a href=\"https:\/\/www.conamp.org.br\/pt\/\" target=\"_blank\"><img decoding=\"async\" src=\"https:\/\/consinter.org\/online2020\/wp-content\/uploads\/sites\/26\/2020\/07\/conamp.png\" alt=\"CONAMP - Associa\u00e7\u00e3o Nacional dos Membros do Minist\u00e9rio P\u00fablico\"\/><\/a><\/div><div><a href=\"http:\/\/www.emap.com.br\/\" target=\"_blank\"><img decoding=\"async\" src=\"https:\/\/consinter.org\/online2020\/wp-content\/uploads\/sites\/26\/2020\/07\/emap.png\" alt=\"EMAP - Escola da Magistratura do Paran\u00e1\"\/><\/a><\/div><div><a href=\"https:\/\/www.esmafe.com.br\/\" target=\"_blank\"><img decoding=\"async\" src=\"https:\/\/consinter.org\/online2020\/wp-content\/uploads\/sites\/26\/2020\/07\/esmafepr.jpg\" alt=\"ESMAFE Paran\u00e1 - Escola da Magistratura Federal do Paran\u00e1\"\/><\/a><\/div><div><a href=\"https:\/\/www.esmafe.org.br\/\" target=\"_blank\"><img decoding=\"async\" src=\"https:\/\/consinter.org\/online2020\/wp-content\/uploads\/sites\/26\/2020\/07\/esmafers.png\" alt=\"ESMAFERS - Escola dos Ju\u00edzes Federais do Rio Grande do Sul\"\/><\/a><\/div><div><a href=\"https:\/\/www.aasp.org.br\/\" target=\"_blank\"><img decoding=\"async\" src=\"https:\/\/consinter.org\/online2020\/wp-content\/uploads\/sites\/26\/2020\/07\/aasp.png\" alt=\"AASP - Associa\u00e7\u00e3o dos Advogados de S\u00e3o Paulo\"\/><\/a><\/div><div><a href=\"https:\/\/www.oab.org.br\" target=\"_blank\"><img decoding=\"async\" src=\"https:\/\/consinter.org\/online2020\/wp-content\/uploads\/sites\/26\/2020\/07\/oab-ena.png\" alt=\"OAB Conselho Federal\"\/><\/a><\/div><div><a href=\"https:\/\/www.oabpr.org.br\/\" target=\"_blank\"><img decoding=\"async\" src=\"https:\/\/consinter.org\/online2020\/wp-content\/uploads\/sites\/26\/2020\/07\/oabpr.png\" alt=\"OAB-PR - Ordem dos Advogados do Paran\u00e1\"\/><\/a><\/div><div><a href=\"http:\/\/esa.sites.oabpr.org.br\/\" target=\"_blank\"><img decoding=\"async\" src=\"https:\/\/consinter.org\/online2020\/wp-content\/uploads\/sites\/26\/2020\/07\/esa-pr.png\" alt=\"ESA-PR - Escola Superior de Advocacia do Paran\u00e1\"\/><\/a><\/div><div><a href=\"http:\/\/www.wp.ibrajus.org.br\/\" target=\"_blank\"><img decoding=\"async\" src=\"https:\/\/consinter.org\/online2020\/wp-content\/uploads\/sites\/26\/2020\/07\/ibrajus.png\" alt=\"IBRAJUS - Instituto Brasileiro de Administra\u00e7\u00e3o do Sistema Juridi\u00e1rio\"\/><\/a><\/div><div><a href=\"https:\/\/direitorio.fgv.br\/\" target=\"_blank\"><img decoding=\"async\" src=\"https:\/\/consinter.org\/online2020\/wp-content\/uploads\/sites\/26\/2020\/07\/fgv_direito_rio.png\" alt=\"FGV Direito Rio\"\/><\/a><\/div><div><a href=\"https:\/\/www.idp.edu.br\/\" target=\"_blank\"><img decoding=\"async\" src=\"https:\/\/consinter.org\/online2020\/wp-content\/uploads\/sites\/26\/2020\/07\/idp.png\" alt=\"IDP - Instituto Brasiliense de Direito P\u00fablico\"\/><\/a><\/div><div><a href=\"https:\/\/www.unipar.br\/\" target=\"_blank\"><img decoding=\"async\" src=\"https:\/\/consinter.org\/online2020\/wp-content\/uploads\/sites\/26\/2020\/07\/unipar.png\" alt=\"UNIPAR - Universidade Paranaense\"\/><\/a><\/div><div><a href=\"https:\/\/portal.estacio.br\/\" target=\"_blank\"><img decoding=\"async\" src=\"https:\/\/consinter.org\/online2020\/wp-content\/uploads\/sites\/26\/2020\/07\/unesa.png\" alt=\"UNESA - Universidade Est\u00e1cio de S\u00e1\"\/><\/a><\/div><div><a href=\"https:\/\/www.unicuritiba.edu.br\/\" target=\"_blank\"><img decoding=\"async\" src=\"https:\/\/consinter.org\/online2020\/wp-content\/uploads\/sites\/26\/2020\/07\/unicuritiba.png\" alt=\"UNICURITIBA - Centro Universit\u00e1rio Curitiba\"\/><\/a><\/div><div><a href=\"https:\/\/www.unibrasil.com.br\/\" target=\"_blank\"><img decoding=\"async\" src=\"https:\/\/consinter.org\/online2020\/wp-content\/uploads\/sites\/26\/2020\/07\/unibrasil.png\" alt=\"UniBrasil Centro Universit\u00e1rio\"\/><\/a><\/div><\/div>\r\n      <\/div>\r\n    [\/vc_column][\/vc_row][vc_row full_width=&#8221;stretch_row&#8221; section_id=&#8221;rules&#8221; el_id=&#8221;rules&#8221; parallax_bg=&#8221;0&#8243; stellar_background_ratio=&#8221;0.6&#8243; css=&#8221;.vc_custom_1593698749810{margin-top: 0px !important;margin-bottom: 0px !important;border-top-width: 0px !important;border-bottom-width: 0px !important;padding-top: 70px !important;padding-bottom: 70px !important;}&#8221; el_class=&#8221;light&#8221;][vc_column]\r\n      <h3 class=\"section-title \"><span data-animation=\"flipInY\" data-animation-delay=\"300\" class=\"icon-inner\"><span class=\"fa-stack\"><i class=\"fa rhex fa-stack-2x\"><\/i><i class=\"fa fa-ticket fa-stack-1x\"><\/i><\/span><\/span><span data-animation=\"fadeInRight\" data-animation-delay=\"500\" class=\"title-inner\">Submiss\u00e3o dos trabalhos <small> \/ instru\u00e7\u00f5es gerais<\/small><\/span><\/h3>\r\n    [vc_column_text]<strong> PRAZOS DE ENVIO <\/strong><\/p>\n<p>Os textos completos dos artigos devem ser enviados ao seguinte e-mail: <a href=\"mailto:contato@consinter.org\">contato@consinter.org<\/a><\/p>\n<p style=\"padding-left: 40px;\"><strong>a) At\u00e9 31 de julho de 2020<\/strong>;<\/p>\n<p style=\"padding-left: 40px;\"><strong>b) \u00daltima Chamada \u2013 at\u00e9 31 de agosto de 2020<\/strong>.<\/p>\n<p style=\"padding-left: 40px;\"><strong>c) <u>Novo prazo: Prorrogado at\u00e9 15 de outubro de 2020<\/u><\/strong>.<\/p>\n<p><strong>OBS<\/strong>.: Os estudos selecionados e aprovados poder\u00e3o ser apresentados no VII Simp\u00f3sio Internacional de Direito CONSINTER 2020 \u2013 Edi\u00e7\u00e3o <em>On-line<\/em> \u2013 <em>Universidad Complutense de Madrid<\/em><em> \u2013 <\/em>e ser\u00e3o inclusos nas pr\u00f3ximas publica\u00e7\u00f5es oficiais do CONSINTER.<\/p>\n<p style=\"padding-left: 40px;\"><strong>d) At\u00e9 a data abertura do Simp\u00f3sio <em>on-line<\/em> \u2013 De 17 a 19 de novembro de 2020:<\/strong>os artigos enviados dar\u00e3o direito a participar do evento <em>on-line<\/em> (por\u00e9m sem a possibilidade de apresenta\u00e7\u00e3o oral dos mesmos, uma vez que n\u00e3o h\u00e1 tempo h\u00e1bil para a avalia\u00e7\u00e3o do texto) e, se aprovados pelo Corpo de Pareceristas, ser\u00e3o inclusos nas pr\u00f3ximas publica\u00e7\u00f5es oficiais do CONSINTER.<\/p>\n<p><strong> COMUNICA\u00c7\u00c3O DA APROVA\u00c7\u00c3O<\/strong><\/p>\n<p>A decis\u00e3o do Corpo de Pareceristas do CONSINTER sobre aprova\u00e7\u00e3o ou n\u00e3o dos artigos apresentados ser\u00e1 comunicada diretamente ao autor por <em>e-mail<\/em>.<\/p>\n<p><strong> CONDI\u00c7\u00d5ES<\/strong><\/p>\n<p style=\"padding-left: 40px;\"><strong>a)<\/strong> A submiss\u00e3o do trabalho cient\u00edfico para an\u00e1lise est\u00e1 condicionada a confirma\u00e7\u00e3o da inscri\u00e7\u00e3o de todos os autores e coautores;<\/p>\n<p style=\"padding-left: 40px;\"><strong>b)<\/strong> Somente ser\u00e3o publicados os artigos aprovados pelo Corpo de Parecerista\/Conselho Editorial do CONSINTER.<\/p>\n<p><strong>APRESENTA\u00c7\u00d5ES ORAIS <em>ON-LINE<\/em><\/strong><\/p>\n<p style=\"padding-left: 40px;\"><strong>a)<\/strong> Neste Simp\u00f3sio, os artigos devidamente inscritos:<\/p>\n<p style=\"padding-left: 80px;\">&#8211; At\u00e9 30 de junho de 2020 no 1\u00ba edital e aprovados para publica\u00e7\u00e3o em uma das obras oficiais do CONSINTER;<\/p>\n<p style=\"padding-left: 80px;\">&#8211; At\u00e9 31 de agosto de 2020 neste;<\/p>\n<p style=\"padding-left: 80px;\"><strong>&#8211; Novo prazo \u2013 <\/strong>At\u00e9 15 de outubro de 2020 neste edital e aprovados para publica\u00e7\u00e3o em uma das obras oficiais do CONSINTER.<\/p>\n<p>Poder\u00e3o ser apresentados oralmente durante o evento <em>on-line<\/em> pelo autor\/coautor sem custo adicional, mediante solicita\u00e7\u00e3o e confirma\u00e7\u00e3o ao seguinte <em>e-mail<\/em>: <a href=\"mailto:contato@consinter.org\">contato@consinter.org<\/a><\/p>\n<p style=\"padding-left: 40px;\"><strong>b)<\/strong> O n\u00famero de apresenta\u00e7\u00f5es ser\u00e1 limitado e a sele\u00e7\u00e3o ser\u00e1 por ordem de inscri\u00e7\u00e3o\/confirma\u00e7\u00e3o de presen\u00e7a, a qual ficar\u00e1 a crit\u00e9rio da organiza\u00e7\u00e3o do evento <em>on-line<\/em>;<\/p>\n<p style=\"padding-left: 40px;\"><strong>c)<\/strong> Ap\u00f3s a confirma\u00e7\u00e3o da apresenta\u00e7\u00e3o oral <em>on-line<\/em> do artigo n\u00e3o ser\u00e3o poss\u00edveis trocas de data e hor\u00e1rio;<\/p>\n<p style=\"padding-left: 40px;\"><strong>d)<\/strong> O tempo de apresenta\u00e7\u00e3o estar\u00e1 sujeito a altera\u00e7\u00f5es que poder\u00e3o variar de acordo com o n\u00famero de inscritos no evento ou a crit\u00e9rio da organiza\u00e7\u00e3o;<\/p>\n<p style=\"padding-left: 40px;\"><strong>e)<\/strong> As apresenta\u00e7\u00f5es ser\u00e3o exclusivamente orais, <strong><u>N\u00c3O<\/u><\/strong> sendo permitido a utiliza\u00e7\u00e3o de aparato audiovisual.<\/p>\n<p>OBS: Os inscritos devidamente no Edital 1 de 2020 que tiveram seus artigos aprovados, ter\u00e3o direito de apresentar seus trabalhos oralmente <em>on-line<\/em> sem custos adicionais.<\/p>\n<p><strong>CERTIFICA\u00c7\u00d5ES E DECLARA\u00c7\u00d5ES DE APROVA\u00c7\u00c3O DE ARTIGO<\/strong><\/p>\n<p style=\"padding-left: 40px;\"><strong>a) Certificados: <\/strong><\/p>\n<p>Os certificados ser\u00e3o emitidos pela <em>Universidad Complutense de Madrid, aos autores que efetivamente apresentarem o artigo cient\u00edfico, e enviados por e-mail<\/em>.<\/p>\n<p style=\"padding-left: 40px;\"><strong>b) Declara\u00e7\u00f5es:<\/strong><\/p>\n<p>A declara\u00e7\u00e3o de aprova\u00e7\u00e3o de artigo cient\u00edfico ser\u00e1 emitida, desde que o artigo seja aprovado pelo CONSINTER, mediante solicita\u00e7\u00e3o ao <em>e-mail<\/em> <a href=\"mailto:contato@consinter.org\">contato@consinter.org<\/a>.[\/vc_column_text][vc_zigzag css=&#8221;.vc_custom_1581514873239{margin-top: 20px !important;}&#8221;]<a href=\"http:\/\/consinter.org\/online2020\/wp-content\/uploads\/sites\/26\/2020\/09\/normas-completas-1.pdf\" target='_blank' style=\"margin: 20px 20px 0 0\"  class=\"btn btn-theme animated flipInY visible   \" data-animation=\"flipInY\" data-animation-delay=\"200\"><i class=\"fa \"><\/i> Normas Completas de Submiss\u00e3o<\/a><a href=\"http:\/\/consinter.org\/online2020\/wp-content\/uploads\/sites\/26\/2020\/10\/Cessao-de-Direitos-Autorais.pdf\" target='_blank' style=\"margin: 20px 0 0 0\"  class=\"btn btn-theme animated flipInY visible   \" data-animation=\"flipInY\" data-animation-delay=\"200\"><i class=\"fa \"><\/i> Cess\u00e3o de Direitos Autorais<\/a>[\/vc_column][\/vc_row][vc_row full_width=&#8221;stretch_row&#8221; section_id=&#8221;price&#8221; css=&#8221;.vc_custom_1593699752328{margin-top: 0px !important;margin-bottom: 0px !important;border-top-width: 0px !important;border-bottom-width: 0px !important;padding-top: 70px !important;padding-bottom: 70px !important;}&#8221; fullwidth=&#8221;no&#8221; el_id=&#8221;price&#8221; parallax_bg=&#8221;0&#8243; stellar_background_ratio=&#8221;0.6&#8243; el_class=&#8221;price&#8221;][vc_column css=&#8221;.vc_custom_1417502225299{padding-bottom: 10px !important;}&#8221;]\r\n      <h3 class=\"section-title \"><span data-animation=\"flipInY\" data-animation-delay=\"300\" class=\"icon-inner\"><span class=\"fa-stack\"><i class=\"fa rhex fa-stack-2x\"><\/i><i class=\"fa fa-ticket fa-stack-1x\"><\/i><\/span><\/span><span data-animation=\"fadeInRight\" data-animation-delay=\"500\" class=\"title-inner\">Valores <small> \/ seu investimento<\/small><\/span><\/h3>\r\n    [vc_column_text css=&#8221;.vc_custom_1599231451394{padding-bottom: 20px !important;padding-left: 20px !important;}&#8221;]<strong>a) Para pagamentos em moeda estrangeira verificar a cota\u00e7\u00e3o do dia;<\/strong><\/p>\n<p><strong>b)<\/strong> Verificar os prazos de inscri\u00e7\u00e3o para o envio dos artigos para submiss\u00e3o dos mesmos;<\/p>\n<p><strong>c)<\/strong>\u00a0O pagamento da inscri\u00e7\u00e3o, dos autores e coautores, \u00e9 obrigat\u00f3rio e dar\u00e1 direito \u00e0 avalia\u00e7\u00e3o do artigo;<\/p>\n<p><strong>d)<\/strong> A data do envio do artigo est\u00e1 condicionada a data de inscri\u00e7\u00e3o do (s) autor (es). Em caso de artigos enviados fora do prazo em que o autor efetuou a inscri\u00e7\u00e3o, ser\u00e1 cobrada a diferen\u00e7a do valor entre a data da inscri\u00e7\u00e3o e a data de envio do artigo (item v\u00e1lido para valores promocionais por chamada);<\/p>\n<p><strong>e)<\/strong> Ser\u00e3o aceitos artigos em coautoria desde que os mesmos estejam devidamente inscritos, sendo permitidos no m\u00e1ximo 03 (tr\u00eas) coautores por artigo;<\/p>\n<p><strong>f)<\/strong> Comunicamos que o CONSINTER n\u00e3o reembolsa pagamentos efetuados, mesmo quando os artigos n\u00e3o tenham sido aprovados pelo Conselho Editorial e\/ou Corpo de Pareceristas do CONSINTER.[\/vc_column_text][vc_row_inner][vc_column_inner el_class=&#8221;double-row&#8221; width=&#8221;1\/2&#8243;]\r\n      <div class=\"price-table  nofeature\" data-animation=\"fadeInUp\" data-animation-delay=\"100\">\r\n          <div class=\"price-table-header\">\r\n              <div class=\"price-label-header\">\r\n                  <h3 class=\"price-label-title\">at\u00e9 o Simp\u00f3sio<\/h3>\r\n              <\/div>\r\n              <div class=\"price-value\" data-moeda=\"\"><span class=\"price-unit\">R$<\/span><span class=\"price-number\">1190<\/span><\/div>\r\n          <\/div>\r\n          <div class=\"price-table-rows\"><p><\/p>\n<div class=\"price-table-row\"><i class=\"fa fa-check-circle-o\"><\/i> Valor <strong>COM<\/strong> envio de artigo at\u00e9 a data do evento<\/div>\n<p><\/p><div class=\"price-table-row-bottom\"><a class=\"btn btn-theme \" href=\"###\" disabled>Encerrado<\/a> <\/div><\/div>\r\n      <\/div>\r\n    [\/vc_column_inner][vc_column_inner el_class=&#8221;double-row&#8221; width=&#8221;1\/2&#8243;]\r\n      <div class=\"price-table  nofeature\" data-animation=\"fadeInUp\" data-animation-delay=\"100\">\r\n          <div class=\"price-table-header\">\r\n              <div class=\"price-label-header\">\r\n                  <h3 class=\"price-label-title\">at\u00e9 o Simp\u00f3sio<\/h3>\r\n              <\/div>\r\n              <div class=\"price-value\" data-moeda=\"\"><span class=\"price-unit\">R$<\/span><span class=\"price-number\">490<\/span><\/div>\r\n          <\/div>\r\n          <div class=\"price-table-rows\"><p><\/p>\n<div class=\"price-table-row\"><i class=\"fa fa-check-circle-o\"><\/i>Valor <strong>SEM<\/strong> envio de artigo<\/div>\n<p><\/p><div class=\"price-table-row-bottom\"><a class=\"btn btn-theme \" href=\"###\" disabled>Encerrado<\/a> <\/div><\/div>\r\n      <\/div>\r\n    [\/vc_column_inner][\/vc_row_inner][\/vc_column][\/vc_row][vc_row full_width=&#8221;stretch_row&#8221; section_id=&#8221;register&#8221; el_id=&#8221;register&#8221; fullwidth=&#8221;no&#8221; css=&#8221;.vc_custom_1593709282214{margin-top: 0px !important;margin-bottom: 0px !important;border-top-width: 0px !important;border-bottom-width: 0px !important;padding-top: 70px !important;padding-bottom: 70px !important;}&#8221; parallax_bg=&#8221;0&#8243; stellar_background_ratio=&#8221;0.6&#8243; el_class=&#8221;color&#8221;][vc_column]\r\n      <h3 class=\"section-title \"><span data-animation=\"flipInY\" data-animation-delay=\"300\" class=\"icon-inner\"><span class=\"fa-stack\"><i class=\"fa rhex fa-stack-2x\"><\/i><i class=\"fa fa-ticket fa-stack-1x\"><\/i><\/span><\/span><span data-animation=\"fadeInRight\" data-animation-delay=\"500\" class=\"title-inner\">Inscreva-se <small> \/ garanta sua vaga<\/small><\/span><\/h3>\r\n    [vc_column_text]<\/p>\n<p class=\"datelimit\">Inscri\u00e7\u00f5es encerradas!<\/p>\n<p>[\/vc_column_text][\/vc_column][\/vc_row][vc_row full_width=&#8221;stretch_row&#8221; css=&#8221;.vc_custom_1593709325446{padding-top: 70px !important;padding-bottom: 70px !important;}&#8221;][vc_column]\r\n      <h3 class=\"section-title \"><span data-animation=\"flipInY\" data-animation-delay=\"0\" class=\"icon-inner\"><span class=\"fa-stack\"><i class=\"fa rhex fa-stack-2x\"><\/i><i class=\"fa fa-user fa-stack-1x\"><\/i><\/span><\/span><span data-animation=\"fadeInRight\" data-animation-delay=\"500\" class=\"title-inner\">INFORMATIVOS <small> \/ confira nossos informativos dos eventos anteriores<\/small><\/span><\/h3>\r\n    [vc_row_inner][vc_column_inner width=&#8221;1\/2&#8243;][vc_single_image image=&#8221;21&#8243; img_size=&#8221;full&#8221; alignment=&#8221;center&#8221; onclick=&#8221;custom_link&#8221; img_link_target=&#8221;_blank&#8221; link=&#8221;https:\/\/consinter.org\/wp-content\/uploads\/2019\/05\/CONSINTER-Informativo-2019.pdf&#8221; css=&#8221;.vc_custom_1593636018834{padding-top: 10px !important;padding-right: 10px !important;padding-bottom: 10px !important;padding-left: 10px !important;}&#8221;][\/vc_column_inner][vc_column_inner width=&#8221;1\/2&#8243;][vc_single_image image=&#8221;22&#8243; img_size=&#8221;full&#8221; alignment=&#8221;center&#8221; onclick=&#8221;custom_link&#8221; img_link_target=&#8221;_blank&#8221; link=&#8221;https:\/\/consinter.org\/wp-content\/uploads\/2019\/02\/CONSINTER-Informativo-2018.pdf&#8221; css=&#8221;.vc_custom_1593636030886{padding-top: 10px !important;padding-right: 10px !important;padding-bottom: 10px !important;padding-left: 10px !important;}&#8221;][\/vc_column_inner][\/vc_row_inner][\/vc_column][\/vc_row][vc_row full_width=&#8221;stretch_row&#8221; section_id=&#8221;contact&#8221; el_id=&#8221;contact&#8221; el_class=&#8221;color&#8221; css=&#8221;.vc_custom_1581518126030{padding-top: 70px !important;padding-bottom: 70px !important;}&#8221;][vc_column]\r\n      <h3 class=\"section-title \"><span data-animation=\"flipInY\" data-animation-delay=\"300\" class=\"icon-inner\"><span class=\"fa-stack\"><i class=\"fa rhex fa-stack-2x\"><\/i><i class=\"fa fa-ticket fa-stack-1x\"><\/i><\/span><\/span><span data-animation=\"fadeInRight\" data-animation-delay=\"500\" class=\"title-inner\">Contato <small> \/ fale conosco<\/small><\/span><\/h3>\r\n    \n<div class=\"wpcf7 no-js\" id=\"wpcf7-f25-o1\" lang=\"pt-BR\" dir=\"ltr\" data-wpcf7-id=\"25\">\n<div class=\"screen-reader-response\"><p role=\"status\" aria-live=\"polite\" aria-atomic=\"true\"><\/p> <ul><\/ul><\/div>\n<form action=\"\/online2020\/wp-json\/wp\/v2\/pages\/16#wpcf7-f25-o1\" method=\"post\" class=\"wpcf7-form init\" aria-label=\"Formul\u00e1rios de contato\" novalidate=\"novalidate\" data-status=\"init\">\n<fieldset class=\"hidden-fields-container\"><input type=\"hidden\" name=\"_wpcf7\" value=\"25\" \/><input type=\"hidden\" name=\"_wpcf7_version\" value=\"6.1.5\" \/><input type=\"hidden\" name=\"_wpcf7_locale\" value=\"pt_BR\" \/><input type=\"hidden\" name=\"_wpcf7_unit_tag\" value=\"wpcf7-f25-o1\" \/><input type=\"hidden\" name=\"_wpcf7_container_post\" value=\"0\" \/><input type=\"hidden\" name=\"_wpcf7_posted_data_hash\" value=\"\" \/>\n<\/fieldset>\n<p><span class=\"wpcf7-form-control-wrap\" data-name=\"your-name\"><input size=\"40\" maxlength=\"400\" class=\"wpcf7-form-control wpcf7-text wpcf7-validates-as-required form-control\" aria-required=\"true\" aria-invalid=\"false\" placeholder=\"Seu nome\" value=\"\" type=\"text\" name=\"your-name\" \/><\/span>\n<\/p>\n<p><span class=\"wpcf7-form-control-wrap\" data-name=\"your-email\"><input size=\"40\" maxlength=\"400\" class=\"wpcf7-form-control wpcf7-email wpcf7-validates-as-required wpcf7-text wpcf7-validates-as-email form-control\" aria-required=\"true\" aria-invalid=\"false\" placeholder=\"Seu e-mail\" value=\"\" type=\"email\" name=\"your-email\" \/><\/span>\n<\/p>\n<p><span class=\"wpcf7-form-control-wrap\" data-name=\"your-subject\"><input size=\"40\" maxlength=\"400\" class=\"wpcf7-form-control wpcf7-text wpcf7-validates-as-required form-control\" aria-required=\"true\" aria-invalid=\"false\" placeholder=\"Assunto\" value=\"\" type=\"text\" name=\"your-subject\" \/><\/span>\n<\/p>\n<p><span class=\"wpcf7-form-control-wrap\" data-name=\"your-message\"><textarea cols=\"40\" rows=\"10\" maxlength=\"2000\" class=\"wpcf7-form-control wpcf7-textarea wpcf7-validates-as-required form-control\" aria-required=\"true\" aria-invalid=\"false\" placeholder=\"Sua mensagem\" name=\"your-message\"><\/textarea><\/span>\n<\/p>\n<p>&nbsp;\n<\/p>\n<p><input class=\"wpcf7-form-control wpcf7-submit has-spinner form-button form-button-submit btn btn-theme btn-theme-lg btn-theme-transparent\" type=\"submit\" value=\"Enviar\" \/>\n<\/p><div class=\"wpcf7-response-output\" aria-hidden=\"true\"><\/div>\n<\/form>\n<\/div>\n[\/vc_column][\/vc_row]<\/p>\n<\/div>","protected":false},"excerpt":{"rendered":"<p>[vc_row full_width=&#8221;stretch_row&#8221; section_id=&#8221;home&#8221; fullwidth=&#8221;no&#8221; bg_image_custom=&#8221;121&#8243; el_id=&#8221;home&#8221; css=&#8221;.vc_custom_1593640916633{margin-top: 0px !important;margin-bottom: 0px !important;border-top-width: 0px !important;border-bottom-width: 0px !important;padding-top: 0px !important;padding-bottom: 0px !important;background-image: url(https:\/\/consinter.org\/barcelona2019\/wp-content\/uploads\/sites\/20\/2019\/05\/fundo.jpg?id=753) !important;background-position: center !important;background-repeat: no-repeat !important;background-size: cover !important;}&#8221; parallax_bg=&#8221;1&#8243; stellar_background_ratio=&#8221;0.6&#8243;][vc_column css=&#8221;.vc_custom_1417507329606{padding-bottom: 0px !important;}&#8221;][\/vc_column][\/vc_row][vc_row section_id=&#8221;about&#8221; css=&#8221;.vc_custom_1428394403301{margin-top: 0px !important;margin-bottom: 0px !important;border-top-width: 0px !important;border-bottom-width: 0px !important;padding-top:<\/p>\n","protected":false},"author":3,"featured_media":0,"parent":0,"menu_order":0,"comment_status":"closed","ping_status":"closed","template":"home_template.php","meta":{"_acf_changed":false,"footnotes":""},"class_list":["post-16","page","type-page","status-publish","hentry"],"acf":[],"_links":{"self":[{"href":"https:\/\/consinter.org\/online2020\/wp-json\/wp\/v2\/pages\/16","targetHints":{"allow":["GET"]}}],"collection":[{"href":"https:\/\/consinter.org\/online2020\/wp-json\/wp\/v2\/pages"}],"about":[{"href":"https:\/\/consinter.org\/online2020\/wp-json\/wp\/v2\/types\/page"}],"author":[{"embeddable":true,"href":"https:\/\/consinter.org\/online2020\/wp-json\/wp\/v2\/users\/3"}],"replies":[{"embeddable":true,"href":"https:\/\/consinter.org\/online2020\/wp-json\/wp\/v2\/comments?post=16"}],"version-history":[{"count":2,"href":"https:\/\/consinter.org\/online2020\/wp-json\/wp\/v2\/pages\/16\/revisions"}],"predecessor-version":[{"id":4557,"href":"https:\/\/consinter.org\/online2020\/wp-json\/wp\/v2\/pages\/16\/revisions\/4557"}],"wp:attachment":[{"href":"https:\/\/consinter.org\/online2020\/wp-json\/wp\/v2\/media?parent=16"}],"curies":[{"name":"wp","href":"https:\/\/api.w.org\/{rel}","templated":true}]}}