{"id":16,"date":"2024-04-30T11:23:59","date_gmt":"2024-04-30T14:23:59","guid":{"rendered":"https:\/\/consinter.org\/madrid2024\/?page_id=16"},"modified":"2025-02-13T13:51:41","modified_gmt":"2025-02-13T16:51:41","slug":"home","status":"publish","type":"page","link":"https:\/\/consinter.org\/madrid2024\/","title":{"rendered":"Home"},"content":{"rendered":"<div class=\"wpb-content-wrapper\"><p>[vc_row full_width=&#8221;stretch_row&#8221; fullwidth=&#8221;no&#8221; bg_image_custom=&#8221;121&#8243; el_id=&#8221;home&#8221; css=&#8221;.vc_custom_1718655068744{margin-top: 0px !important;margin-bottom: 0px !important;border-top-width: 0px !important;border-bottom-width: 0px !important;padding-top: 0px !important;padding-bottom: 0px !important;background-image: url(http:\/\/consinter.org\/madrid2024\/wp-content\/uploads\/sites\/35\/2024\/05\/madrid-bg.jpg?id=125) !important;background-position: center !important;background-repeat: no-repeat !important;background-size: cover !important;}&#8221; parallax_bg=&#8221;1&#8243; stellar_background_ratio=&#8221;0.6&#8243;][vc_column css=&#8221;.vc_custom_1417507329606{padding-bottom: 0px !important;}&#8221;]<div id=\"main-slider\" data-height_desk=\"fullheight\" data-height_ipad=\"640px\" data-height_mobile=\"300px\" data-loop=\"false\" data-auto_slider=\"false\" data-duration=\"3000\" data-navigation=\"false\"  class=\"owl-carousel owl-theme \"><div class=\"item page text-center slide0\">\r\n                    <div class=\"caption\">\r\n                            <div class=\"div-table\">\r\n                                <div class=\"div-cell\"><h2 class=\"caption-title\" data-animation=\"fadeInDown\" data-animation-delay=\"100\"><span>de 13 a 15 de novembro de 2024<\/span><\/h2><h3 class=\"caption-subtitle\" data-animation=\"fadeInUp\" data-animation-delay=\"300\">XI Simp\u00f3sio Internacional CONSINTER \/ Universidad Complutense de Madrid<\/h3><div class=\"countdown-wrapper\">\r\n                            <div class=\"defaultCountdown clearfix\" \r\n                                       data-years=anos data-months=meses data-weeks=\"semanas\" data-days=\"dias\" data-hours=\"horas\" data-minutes=\"minutos\" data-seconds=\"segundos\" \r\n                                       data-year=ano data-month=m\u00eas data-week=\"semana\" data-day=\"dia\" data-hour=\"hora\" data-minute=\"minuto\" data-second=\"segundo\" \r\n                                       data-end_date_y = \"2024\" data-end_date_m=\"11\" data-end_date_d=\"13\" \r\n                                       data-end_date_h = \"01\" data-end_date_i = \"00\" \r\n                                       data-timezone = \"0\" data-display_format=\"dHMS\"\r\n                            ><\/div>\r\n                        <\/div><\/div><\/div><\/div><\/div><\/div>\r\n      <div class=\"event-description \">        \r\n        <div class=\"event-background\" style=\"background-color:#0d1d31\">\r\n            <div class=\"container-fluid\">\r\n                <div class=\"row\">\r\n                    \r\n            <div class=\"col-md-6\">\r\n              <div class=\"media \">\r\n                          <span class=\"pull-left\">\r\n                              <i class=\"fa fa-calendar fa-2x\"><\/i>\r\n                          <\/span>\r\n                  <div class=\"media-body\">\r\n                      <h4 class=\"media-heading\">Data do Simp\u00f3sio<\/h4>\r\n                      <span>13 a 15 de novembro de 2024<\/span>\r\n                  <\/div>\r\n              <\/div>\r\n            <\/div>\r\n    \r\n            <div class=\"col-md-6\">\r\n              <div class=\"media \">\r\n                          <span class=\"pull-left\">\r\n                              <i class=\"fa fa-map-marker fa-2x\"><\/i>\r\n                          <\/span>\r\n                  <div class=\"media-body\">\r\n                      <h4 class=\"media-heading\">Local<\/h4>\r\n                      <span>Universidad Complutense de Madrid<\/span>\r\n                  <\/div>\r\n              <\/div>\r\n            <\/div>\r\n    \r\n                <\/div>\r\n            <\/div>        \r\n        <\/div>\r\n    <\/div>\r\n    [\/vc_column][\/vc_row][vc_row full_width=&#8221;stretch_row&#8221; section_id=&#8221;video&#8221; parallax_bg=&#8221;0&#8243; stellar_background_ratio=&#8221;0.6&#8243; css=&#8221;.vc_custom_1717184597683{margin-top: 0px !important;margin-bottom: 0px !important;border-top-width: 0px !important;border-bottom-width: 0px !important;padding-top: 0px !important;padding-bottom: 0px !important;}&#8221;][vc_column width=&#8221;1\/2&#8243;][vc_video link=&#8221;https:\/\/youtu.be\/c2spv7ab6m8&#8243; el_aspect=&#8221;43&#8243; align=&#8221;center&#8221; css=&#8221;.vc_custom_1724704064207{margin-bottom: 50px !important;}&#8221;][\/vc_column][vc_column width=&#8221;1\/2&#8243;][vc_video link=&#8221;https:\/\/youtu.be\/jmLOnI39KyU&#8221; el_aspect=&#8221;43&#8243; align=&#8221;center&#8221; css=&#8221;.vc_custom_1725045890786{margin-bottom: 50px !important;}&#8221;][\/vc_column][\/vc_row][vc_row section_id=&#8221;about&#8221; css=&#8221;.vc_custom_1714514369180{margin-top: 0px !important;margin-bottom: 0px !important;border-top-width: 0px !important;border-bottom-width: 0px !important;padding-top: 70px !important;padding-bottom: 00px !important;}&#8221; fullwidth=&#8221;no&#8221; el_id=&#8221;about&#8221; parallax_bg=&#8221;0&#8243; stellar_background_ratio=&#8221;0.6&#8243;][vc_column css=&#8221;.vc_custom_1417501673381{padding-bottom: 40px !important;}&#8221;]\r\n      <h3 class=\"section-title \"><span data-animation=\"flipInY\" data-animation-delay=\"0\" class=\"icon-inner\"><span class=\"fa-stack\"><i class=\"fa crcle fa-stack-2x\"><\/i><i class=\"fa fa-star fa-stack-1x\"><\/i><\/span><\/span><span data-animation=\"fadeInRight\" data-animation-delay=\"500\" class=\"title-inner\">O SIMP\u00d3SIO <small> \/ objetivo, justifica\u00e7\u00e3o, p\u00fablico e informa\u00e7\u00f5es \u00fateis<\/small><\/span><\/h3>\r\n    [\/vc_column][vc_column][vc_column_text css=&#8221;.vc_custom_1730989222153{margin-bottom: 15px !important;}&#8221;]<\/p>\n<p class=\"alignright selos\"><img decoding=\"async\" class=\"shadow\" style=\"margin-right: 10px;\" src=\"http:\/\/consinter.org\/madrid2024\/wp-content\/uploads\/sites\/35\/2024\/05\/300X300-SELOS-QUALIS-A3-DOURADO.png\" alt=\"\" width=\"200\" height=\"auto\" \/><img loading=\"lazy\" decoding=\"async\" class=\"alignnone wp-image-131\" src=\"http:\/\/consinter.org\/madrid2024\/wp-content\/uploads\/sites\/35\/2024\/05\/SELO-SPI-DOURADO-PTBR-COM-NOME-EDITORA.png\" alt=\"\" width=\"200\" height=\"200\" srcset=\"https:\/\/consinter.org\/madrid2024\/wp-content\/uploads\/sites\/35\/2024\/05\/SELO-SPI-DOURADO-PTBR-COM-NOME-EDITORA.png 300w, https:\/\/consinter.org\/madrid2024\/wp-content\/uploads\/sites\/35\/2024\/05\/SELO-SPI-DOURADO-PTBR-COM-NOME-EDITORA-150x150.png 150w, https:\/\/consinter.org\/madrid2024\/wp-content\/uploads\/sites\/35\/2024\/05\/SELO-SPI-DOURADO-PTBR-COM-NOME-EDITORA-100x100.png 100w\" sizes=\"auto, (max-width: 200px) 100vw, 200px\" \/><\/p>\n<p class=\"alignright selos\"><img decoding=\"async\" style=\"margin-right: 10px;\" src=\"https:\/\/consinter.org\/edital2023\/wp-content\/uploads\/sites\/31\/2023\/01\/revista-g-211x300.jpg\" alt=\"\" width=\"200\" height=\"auto\" \/><img decoding=\"async\" src=\"https:\/\/consinter.org\/edital2023\/wp-content\/uploads\/sites\/31\/2023\/01\/livro-g-211x300.jpg\" alt=\"\" width=\"200\" height=\"auto\" \/><\/p>\n<p><strong>1. NOMENCLATURA<\/strong><\/p>\n<p>O Conselho Internacional de Estudos Contempor\u00e2neos em P\u00f3s-gradua\u00e7\u00e3o \u00e9 uma institui\u00e7\u00e3o sem fins lucrativos, e tem o objetivo de promover a autonomia individual para que, de forma construtiva e integradora, o indiv\u00edduo possa melhorar o pr\u00f3prio destino e o da sociedade em geral.<\/p>\n<p>Com o objetivo de estender um convite aberto para um grande evento internacional, o CONSINTER realiza anualmente na Espanha os Simp\u00f3sios de Direito, nos quais os participantes poder\u00e3o apresentar suas contribui\u00e7\u00f5es cient\u00edficas in\u00e9ditas oralmente com possibilidade de publica\u00e7\u00e3o em uma de suas obras oficiais internacionais, valorando sua publica\u00e7\u00e3o tanto na Europa quanto no Brasil, as quais s\u00e3o:<\/p>\n<p>A <em>Revista Internacional CONSINTER de Direito<\/em> <strong><u>com o Qualis A3<\/u><\/strong> e o Livro <em>Direito e Justi\u00e7a<\/em>, ambos publicados pela Editorial Juru\u00e1, que \u00e9 a \u00fanica editora luso-brasileira que consta no SPI (<em>Scholarly Publishers Indicators<\/em>) \u2013 ranking internacional que indica o prest\u00edgio editorial e qualifica o \u00edndice de impacto de todas as editoras que est\u00e3o presentes na Espanha.<\/p>\n<p>Neste ano de 2024 ser\u00e1 realizada a 11\u00aa edi\u00e7\u00e3o do Simp\u00f3sio do CONSINTER, na bel\u00edssima cidade de Madri, de 13 a 15 de novembro de 2024.<\/p>\n<p>XI Simp\u00f3sio Internacional de Direito CONSINTER 2024<\/p>\n<p>De 13 a 15 de novembro de 2024 \u2013 Evento presencial.<\/p>\n<p><strong id=\"coordenadores\">\u00a0<\/strong><\/p>\n<p><strong>\u00a0<\/strong><\/p>\n<p><strong>2. SOBRE OS COORDENADORES<\/strong><\/p>\n<p><strong>Coordenador Cient\u00edfico: <\/strong><\/p>\n<p>Faustino Mart\u00ednez-Mart\u00ednez \u2013 <em>Catedr\u00e1tico de Historia del Derecho y de las Instituciones, Director del Instituto de Metodolog\u00eda e Historia de la Ciencia Jur\u00eddica y Vicedecano de Investigaci\u00f3n y Pol\u00edtica Cient\u00edfica de la Facultad de Derecho de la Universidad Complutense de Madrid.<\/em><\/p>\n<p><em>Coordinador del Simposio desde el a\u00f1o de 2020, organizador del libro del CONSINTER Direito e Justi\u00e7a y miembro del Consejo Editorial del CONSINTER.<\/em>\u00a0 <a href=\"https:\/\/www.ucm.es\/iudc\/file\/prof.-dr.-faustino-martinez-martinez?ver\" target=\"_blank\" rel=\"noopener\">link<\/a><\/p>\n<p>Ignacio Garc\u00eda Vitoria \u2013 <em>Profesor<\/em> <em>Doctor de Derecho Constitucional de la Universidad Complutense de Madrid, es secretario de la Revista Espa\u00f1ola de Derecho Europeo. Miembro del Instituto de Derecho Parlamentario y del Instituto de Derecho Europeo e Integraci\u00f3n Regional. Miembro de Junta de Facultad y de Claustro. <\/em><\/p>\n<p><em>Coordinador del Simposio desde el a\u00f1o de 2016, organizador del libro del CONSINTER Direito e Justi\u00e7a y miembro del Consejo Editorial del CONSINTER.<\/em> \u00a0<a href=\"https:\/\/www.ucm.es\/dpto-derechoconstitucional\/garcia-vitoria,-ignacio\" target=\"_blank\" rel=\"noopener\">link<\/a><\/p>\n<p><strong>Coordenador Acad\u00eamico: <\/strong><\/p>\n<p>Ant\u00f4nio C\u00e9sar Bochenek \u2013 Professor Doutor da Universidade Estadual de Ponta Grossa \u2013 UEPG, da Escola Nacional de Forma\u00e7\u00e3o e Aperfei\u00e7oamento de Magistrados \u2013 ENFAM, Juiz Federal do TRF 4\u00aa Regi\u00e3o, Brasil.<\/p>\n<p>Codiretor da Revista Internacional CONSINTER de Direito \u2013 QUALIS A3, Autor de diversas obras da Juru\u00e1 Editora e Editorial Juru\u00e1 e membro do Conselho Editorial da Juru\u00e1 Editora. <a href=\"http:\/\/lattes.cnpq.br\/0608852995858304\" target=\"_blank\" rel=\"noopener\">link<\/a><\/p>\n<p><strong id=\"sobre-o-simposio\">\u00a0<\/strong><\/p>\n<p><strong>\u00a0<\/strong><\/p>\n<p><strong>3. SOBRE O SIMP\u00d3SIO<\/strong><\/p>\n<p>O Simp\u00f3sio contar\u00e1 com palestras de professores e juristas internacionais e nacionais, bem como grupos de trabalho com as enriquecedoras apresenta\u00e7\u00f5es orais de artigos cient\u00edficos desenvolvidos por estudiosos do Direito, reunindo professores e alunos de gradua\u00e7\u00e3o, p\u00f3s-gradua\u00e7\u00e3o (p\u00f3s-graduandos, mestrandos e doutorandos), pesquisadores, advogados, magistrados, membros do Minist\u00e9rio P\u00fablico brasileiros e ibero-americanos, oportunidade em que discutir\u00e3o os resultados dos seus trabalhos e trocar\u00e3o conhecimentos.<\/p>\n<p>A participa\u00e7\u00e3o poder\u00e1 ser:<\/p>\n<ul>\n<li>Com a submiss\u00e3o de artigo cient\u00edfico para publica\u00e7\u00e3o.<\/li>\n<li>Com a submiss\u00e3o de artigo cient\u00edfico para publica\u00e7\u00e3o + Apresenta\u00e7\u00e3o oral de artigo cient\u00edfico, desde que aprovado, no simp\u00f3sio do ano corrente.<\/li>\n<li>Como ouvinte (sem envio de artigos), com a oportunidade de debater sobre os mais variados assuntos e trocar conhecimento.<\/li>\n<\/ul>\n<p>O Simp\u00f3sio CONSINTER \u00e9 hoje reconhecido por todos como o mais representativo encontro realizado na Espanha, reunindo juristas ibero-americanos e europeus.<\/p>\n<p>A par ainda deste honroso reconhecimento, o Simp\u00f3sio propicia efetivo e proveitoso congra\u00e7amento e integra\u00e7\u00e3o de operadores do Direito, herdeiros da cultura luso-espanhola.<\/p>\n<p>\u00c9 uma oportunidade excepcional para apresenta\u00e7\u00e3o e publica\u00e7\u00e3o de estudos cient\u00edficos in\u00e9ditos e networking internacional.<\/p>\n<p>Al\u00e9m do mais, o CONSINTER e a Juru\u00e1 juntos oportunizam aos autores, coordenadores, diretores e\/ou colaboradores de obras da Juru\u00e1 Brasil ou Europa lan\u00e7arem suas obras em uma bela manh\u00e3 de aut\u00f3grafos durante o Simp\u00f3sio.<\/p>\n<p><strong id=\"lancamentos\">\u00a0<\/strong><\/p>\n<p><strong>\u00a0<\/strong><\/p>\n<p><strong>4. LAN\u00c7AMENTOS DE OBRAS DA JURU\u00c1 BRASIL OU EUROPA<\/strong><\/p>\n<p>Convite especial aos que fazem parte do seleto rol de autores da Juru\u00e1 Editora, tamb\u00e9m como coordenador, diretor e colaborador de obras da publicadas pela Juru\u00e1 Brasil e\/ou Europa, para participar da Manh\u00e3 de Lan\u00e7amentos e Aut\u00f3grafos.<\/p>\n<p><strong>Data:<\/strong> 14 de novembro de 2024.<span style=\"text-decoration: line-through;\">\u00a0 <\/span><\/p>\n<p><strong>Hor\u00e1rio:<\/strong> 11:00hs, durante o <em>coffee break \u2013 hora espanhola.<\/em><\/p>\n<p><strong>Local:<\/strong> <em>Facultad de Derecho \u2013 Universidad Complutense de Madrid \u2013\u00a0Ciudad Universitaria<br \/>\n<\/em>Entrada pela Avenida de la Complutense S\/N &#8211; Edificio de departamentos &#8211;\u00a0Localiza\u00e7\u00e3o: <a href=\"https:\/\/maps.app.goo.gl\/Fv1Bjcm8mLYUVCtY6\" target=\"_blank\" rel=\"noopener noreferrer\">https:\/\/maps.app.goo.gl\/Fv1Bjcm8mLYUVCtY6<\/a><\/p>\n<p>Para tanto, \u00e9 indispens\u00e1vel a confirma\u00e7\u00e3o da presen\u00e7a at\u00e9 a data de 31 de agosto por meio do e-mail <a href=\"mailto:contato@consinter.org\">contato@consinter.org<\/a>, para que sua obra possa ser inclu\u00edda na programa\u00e7\u00e3o e nos materiais de divulga\u00e7\u00e3o do evento.<\/p>\n<p><strong id=\"edital-de-artigos\">\u00a0<\/strong><\/p>\n<p><strong>\u00a0<\/strong><\/p>\n<p><strong>5. EDITAL DE ARTIGOS<\/strong><\/p>\n<p>O presente Edital\/Simp\u00f3sio abre a chamada para submiss\u00e3o de artigos cient\u00edficos para poss\u00edvel publica\u00e7\u00e3o em uma das obras oficiais internacionais do CONSINTER nas edi\u00e7\u00f5es subsequentes e sua apresenta\u00e7\u00e3o oral, desde que aprovados.<\/p>\n<p>S\u00e3o aceitos trabalhos em todas as \u00e1reas do Direito, redigidos nos 5 idiomas a seguir \u2013 portugu\u00eas, espanhol, ingl\u00eas, franc\u00eas e italiano,; ver item 8 sobre a classifica\u00e7\u00e3o do artigo.<\/p>\n<p>Os artigos ser\u00e3o avaliados pelo Corpo de Pareceristas\/Conselho Editorial do CONSINTER por meio do sistema <em>double blind review<\/em>; se aprovados, ser\u00e3o publicados em uma das obras oficiais do CONSINTER e poder\u00e3o ser apresentados oralmente durante o XI Simp\u00f3sio do CONSINTER, mediante pagamento do adicional de participa\u00e7\u00e3o\/apresenta\u00e7\u00e3o do artigo no evento, o qual poder\u00e1 ser efetuado no ato da inscri\u00e7\u00e3o ou em at\u00e9 60 dias antes do evento, conforme as condi\u00e7\u00f5es disponibilizadas no item do edital de n\u00ba <strong><u>13. PRAZOS DE ENVIO<\/u><\/strong>.<\/p>\n<p>A publica\u00e7\u00e3o dos artigos cient\u00edficos independe de sua apresenta\u00e7\u00e3o oral no evento.<\/p>\n<p>As obras oficiais internacionais do CONSINTER s\u00e3o:<\/p>\n<ul>\n<li>Revista Internacional CONSINTER de Direito \u2013 QUALIS A3, com ISSN europeu e n\u00famero DOI, e o<\/li>\n<li>Livro <em>Direito e Justi\u00e7a<\/em> com tr\u00eas distintos ISBNs: europeu, brasileiro e digital.<\/li>\n<\/ul>\n<p><strong id=\"indexadores\">\u00a0<\/strong><\/p>\n<p><strong>\u00a0<\/strong><\/p>\n<p><strong>6. INDEXADORES<\/strong><\/p>\n<p>A Revista Internacional CONSINTER de Direito \u2013 Qualis A3 est\u00e1 indexada nas seguintes bases de dados nacionais e internacionais, tais como:<\/p>\n<div data-post-id=\"175\" class=\"insert-page insert-page-175 \"><table class=\"table-indexers\" style=\"border-spacing: 20px; border-collapse: separate; width: 100%; background-color: #ffffff;\">\n<tbody>\n<tr style=\"height: 60px;\">\n<td style=\"width: 20%; text-align: center; max-height: 60px;\"><a href=\"https:\/\/scholar.google.com\/citations?hl=pt-BR&amp;view_op=search_venues&amp;vq=Consinter&amp;btnG=\" target=\"_blank\" rel=\"noopener noreferrer\"><img decoding=\"async\" class=\"alignnone\" style=\"text-align: center; max-width: 100%; height: auto;\" src=\"https:\/\/consinter.org\/online2021\/wp-content\/uploads\/sites\/28\/2021\/07\/google-scholar.png\" alt=\"\" \/><\/a><\/td>\n<td style=\"width: 20%; text-align: center; max-height: 60px;\"><a href=\"http:\/\/scielo.pt\/scielo.php?script=sci_serial&amp;lng=pt&amp;pid=2183-9522\" target=\"_blank\" rel=\"noopener noreferrer\"><img decoding=\"async\" class=\"alignnone\" style=\"text-align: center; max-width: 100%; height: auto;\" src=\"https:\/\/consinter.org\/online2021\/wp-content\/uploads\/sites\/28\/2021\/07\/scielo-portugal.png\" alt=\"\" \/><\/a><\/td>\n<td style=\"width: 20%; text-align: center; max-height: 60px;\"><a href=\"https:\/\/www.latindex.org\/latindex\/Solr\/Busqueda?idModBus=0&amp;buscar=consinter&amp;submit=Buscar\" target=\"_blank\" rel=\"noopener noreferrer\"><img decoding=\"async\" class=\"alignnone\" style=\"text-align: center; max-width: 100%; height: auto;\" src=\"https:\/\/consinter.org\/wp-content\/uploads\/2023\/05\/latindex.png\" alt=\"\" \/><\/a><\/td>\n<td style=\"width: 20%; text-align: center; max-height: 60px;\"><a href=\"https:\/\/miar.ub.edu\/issn\/2183-6396\" target=\"_blank\" rel=\"noopener noreferrer\"><img decoding=\"async\" class=\"alignnone\" style=\"text-align: center; max-width: 100%; height: auto;\" src=\"https:\/\/consinter.org\/wp-content\/uploads\/2023\/05\/miar.png\" alt=\"\" \/><\/a><\/td>\n<td style=\"width: 20%; text-align: center; max-height: 60px;\"><a href=\"https:\/\/sumarios.org\/revista\/revista-internacional-consinter-de-direito\" target=\"_blank\" rel=\"noopener noreferrer\"><img decoding=\"async\" class=\"alignnone\" style=\"text-align: center; max-width: 100%; height: auto;\" src=\"https:\/\/consinter.org\/wp-content\/uploads\/2023\/05\/sumarios.png\" alt=\"\" \/><\/a><\/td>\n<\/tr>\n<tr style=\"height: 60px;\">\n<td style=\"width: 20%; text-align: center; max-height: 60px;\"><a href=\"https:\/\/www.redib.org\/Record\/oai_revista3194-revista-internacional-consinter-de-direito\" target=\"_blank\" rel=\"noopener noreferrer\"><img decoding=\"async\" class=\"alignnone\" style=\"text-align: center; max-width: 100%; height: auto;\" src=\"https:\/\/consinter.org\/wp-content\/uploads\/2023\/05\/redib.png\" alt=\"\" \/><\/a><\/td>\n<td style=\"width: 20%; text-align: center; max-height: 60px;\"><a href=\"https:\/\/rnp-primo.hosted.exlibrisgroup.com\/permalink\/f\/1iiff92\/CAPES_SFX_OPEN3710000001416941\" target=\"_blank\" rel=\"noopener noreferrer\"><img decoding=\"async\" class=\"alignnone\" style=\"text-align: center; max-width: 100%; height: auto;\" src=\"https:\/\/consinter.org\/wp-content\/uploads\/2023\/05\/capes.png\" alt=\"\" \/><\/a><\/td>\n<td style=\"width: 20%; text-align: center; max-height: 60px;\"><a href=\"http:\/\/biblioteca2.senado.gov.br:8991\/F\" target=\"_blank\" rel=\"noopener noreferrer\"><img decoding=\"async\" class=\"alignnone\" style=\"text-align: center; max-width: 100%; height: auto;\" src=\"https:\/\/consinter.org\/wp-content\/uploads\/2023\/05\/rvbi.png\" alt=\"\" \/><\/a><\/td>\n<td style=\"width: 20%; text-align: center; max-height: 60px;\"><a href=\"\/\/livre.cnen.gov.br\" target=\"_blank\" rel=\"noopener noreferrer\"><img decoding=\"async\" class=\"alignnone\" style=\"text-align: center; max-width: 100%; height: auto;\" src=\"https:\/\/consinter.org\/wp-content\/uploads\/2023\/05\/livre.png\" alt=\"\" \/><\/a><\/td>\n<td style=\"width: 20%; text-align: center; max-height: 60px;\"><a href=\"https:\/\/www.citefactor.org\/journal\/index\/23186\/revista-internacional-consinter-de-direito#.YZzk0tDMK70\" target=\"_blank\" rel=\"noopener noreferrer\"><img decoding=\"async\" class=\"alignnone\" style=\"text-align: center; max-width: 100%; height: auto;\" src=\"https:\/\/consinter.org\/wp-content\/uploads\/2023\/05\/citefactor.png\" alt=\"\" \/><\/a><\/td>\n<\/tr>\n<tr style=\"height: 60px;\">\n<td style=\"width: 20%; text-align: center; max-height: 60px;\"><\/td>\n<td style=\"width: 20%; text-align: center; max-height: 60px;\"><a href=\"https:\/\/www.tse.jus.br\/institucional\/biblioteca\" target=\"_blank\" rel=\"noopener noreferrer\"><img decoding=\"async\" class=\"alignnone\" style=\"text-align: center; max-width: 100%; height: auto;\" src=\"https:\/\/consinter.org\/online2021\/wp-content\/uploads\/sites\/28\/2021\/07\/tse.png\" alt=\"\" \/><\/a><\/td>\n<td style=\"width: 20%; text-align: center; max-height: 60px;\"><a href=\"https:\/\/search.crossref.org\/?from_ui=&amp;q=consinter\" target=\"_blank\" rel=\"noopener noreferrer\"><img decoding=\"async\" class=\"alignnone\" style=\"text-align: center; max-width: 100%; height: auto;\" src=\"https:\/\/consinter.org\/wp-content\/uploads\/2023\/05\/crossref.png\" alt=\"\" \/><\/a><\/td>\n<td style=\"width: 20%; text-align: center; max-height: 60px;\"><a href=\"https:\/\/dialnet.unirioja.es\/servlet\/revista?codigo=27793\" target=\"_blank\" rel=\"noopener noreferrer\"><img decoding=\"async\" class=\"alignnone\" style=\"text-align: center; max-width: 100%; height: auto;\" src=\"https:\/\/consinter.org\/wp-content\/uploads\/2023\/05\/dialnet.png\" alt=\"\" \/><\/a><\/td>\n<td style=\"width: 20%; text-align: center; max-height: 60px;\"><\/td>\n<\/tr>\n<\/tbody>\n<\/table>\n<\/div>\n<p><strong id=\"ojs\">\u00a0<\/strong><\/p>\n<p><strong>\u00a0<\/strong><\/p>\n<p><strong><em>7. OPEN JOURNAL SYSTEMS \u2013 OJS<\/em><\/strong><\/p>\n<p>O CONSINTER utiliza a Plataforma <em>Open Journal Systems \u2013 OJS<\/em> um <em>software<\/em> que visa agilizar o processo de gest\u00e3o editorial e a publica\u00e7\u00e3o eletr\u00f4nica da Revista Internacional CONSINTER de Direito \u2013 QUALIS A3 e o livro Direito e Justi\u00e7a.<\/p>\n<p>\u00c9 uma ferramenta que auxilia o processo editorial do peri\u00f3dico com o envio e recebimento de artigos, comunica\u00e7\u00e3o com os autores e automatiza\u00e7\u00e3o da revis\u00e3o por pares e \u00e0s cegas. Dessa forma a Plataforma <em>OJS<\/em> confere ao peri\u00f3dico maior credibilidade dentro da comunidade cient\u00edfica, sendo assim \u00e9 indispens\u00e1vel que seja feito o <em>upload<\/em>, de seu artigo na plataforma <em>OJS<\/em> (conforme item do edital de n\u00ba 13, PRAZOS E FORMA DE ENVIO).<\/p>\n<p><strong id=\"areas\">\u00a0<\/strong><\/p>\n<p><strong>\u00a0<\/strong><\/p>\n<p><strong>8. \u00c1REAS PARA SUBMISS\u00c3O DE ARTIGOS<\/strong><\/p>\n<p><strong><u>A \u2013 DIREITOS DIFUSOS, COLETIVOS E INDIVIDUAIS HOMOG\u00caNEOS<\/u><\/strong><strong>:<br \/>\n<\/strong><strong>a.1<\/strong> \u2013 Direito Ambiental, Sustentabilidade, Direito Urban\u00edstico, Direito Agr\u00e1rio, Direito Miner\u00e1rio;<br \/>\n<strong>a.2<\/strong> \u2013 Direito da Crian\u00e7a e Adolescente, Direito do Idoso, Direito dos Portadores de Necessidades Especiais, Direitos de G\u00eanero;<br \/>\n<strong>a.3<\/strong> \u2013 Direito e Novas Tecnologias (Digital);<br \/>\n<strong>a.4<\/strong> \u2013 Filosofia do Direito, Hermen\u00eautica Jur\u00eddica, Hist\u00f3ria do Direito, Antropologia do Direito, Sociologia do Direito e Cultura Jur\u00eddica, Direito, Educa\u00e7\u00e3o, Ensino, Pesquisa e Metodologias Jur\u00eddicas.<\/p>\n<p><strong><u>B \u2013 DIREITO P\u00daBLICO<\/u><\/strong><strong>:<br \/>\n<\/strong><strong>b.1<\/strong> \u2013 Criminologia, Direito Penal e Processo Penal;<br \/>\n<strong>b.2<\/strong> \u2013 Direito Administrativo e Processo Administrativo;<br \/>\n<strong>b.3<\/strong> \u2013 Direito Constitucional, Justi\u00e7a Restaurativa, Direitos Humanos Fundamentais, Democracia e Cidadania, Movimentos Sociais, Administra\u00e7\u00e3o Judici\u00e1ria e Acesso \u00e0 Justi\u00e7a;<br \/>\n<strong>b.4<\/strong> \u2013 Direito Econ\u00f4mico e Financeiro, Direito Tribut\u00e1rio e Processo Tribut\u00e1rio;<br \/>\n<strong>b.5<\/strong> \u2013 Direito Eleitoral e Processo Eleitoral;<br \/>\n<strong>b.6<\/strong> \u2013 Direito Militar;<br \/>\n<strong>b.7<\/strong> \u2013 Direito Previdenci\u00e1rio e Processo Previdenci\u00e1rio.<\/p>\n<p><strong><u>C \u2013 DIREITO PRIVADO<\/u><\/strong><strong>:<br \/>\n<\/strong><strong>c.1<\/strong> \u2013 Direito Aduaneiro, Direito Mar\u00edtimo e Direito Portu\u00e1rio;<br \/>\n<strong>c.2<\/strong> \u2013 Direito Civil, Responsabilidade, Direito de Fam\u00edlia, Direito Imobili\u00e1rio, Direito M\u00e9dico e Biodireito;<br \/>\n<strong>c.3<\/strong> \u2013 Direito Autoral, Propriedade Intelectual, Registros, Marcas e Patentes;<br \/>\n<strong>c.4<\/strong> \u2013 M\u00e9todos Alternativos de Resolu\u00e7\u00e3o de Conflitos: Media\u00e7\u00e3o, Concilia\u00e7\u00e3o e Arbitragem;<br \/>\n<strong>c.5<\/strong> \u2013 Direito Comercial e Direito do Com\u00e9rcio Eletr\u00f4nico, Direito Empresarial;<br \/>\n<strong>c.6<\/strong> \u2013 Direito Desportivo, Direito do Entretenimento;<br \/>\n<strong>c.7<\/strong> \u2013 Processo Civil;<br \/>\n<strong>c.8<\/strong> \u2013 Direito do Trabalho e Processo do Trabalho.<\/p>\n<p><strong><u>D \u2013 DIREITO INTERNACIONAL<br \/>\n<\/u><\/strong>d.1\u2013 Diplomacia;<br \/>\nd.2 \u2013 Com\u00e9rcio Exterior.<\/p>\n<p><strong><u>E \u2013 PSICOLOGIA FORENSE<\/u><\/strong><\/p>\n<p><strong id=\"local-e-data\">\u00a0<\/strong><\/p>\n<p><strong>\u00a0<\/strong><\/p>\n<p><strong>9. LOCAL E DATA DO SIMP\u00d3SIO<\/strong><\/p>\n<p><strong>Local:<\/strong> <em>Facultad de Derecho \u2013 Universidad Complutense de Madrid \u2013\u00a0Ciudad Universitaria<br \/>\n<\/em>Entrada pela Avenida de la Complutense S\/N &#8211; Edificio de departamentos &#8211;\u00a0Localiza\u00e7\u00e3o: <a href=\"https:\/\/maps.app.goo.gl\/Fv1Bjcm8mLYUVCtY6\" target=\"_blank\" rel=\"noopener noreferrer\">https:\/\/maps.app.goo.gl\/Fv1Bjcm8mLYUVCtY6<\/a><\/p>\n<p><strong>Data<\/strong>: De 13 a 15 de novembro de 2024.<\/p>\n<p><strong>Hor\u00e1rio:<\/strong> 09:00hs \u00e0s 14:00hs \u2013 hora espanhola.<\/p>\n<p><strong id=\"publico-alvo\">\u00a0<\/strong><\/p>\n<p><strong>\u00a0<\/strong><\/p>\n<p><strong>10. P\u00daBLICO-ALVO<\/strong><\/p>\n<p>Poder\u00e3o submeter os artigos:<\/p>\n<ul>\n<li>Professores vinculados a gradua\u00e7\u00e3o e\/ou a P\u00f3s-gradua\u00e7\u00e3o (tanto Lato Sensu \u2013 especializa\u00e7\u00e3o \u2013 quanto Stricto Sensu nas linhas de Mestrado e Doutorado), que tenham interesse em mostrar seus estudos cient\u00edficos in\u00e9ditos sobre alguma das \u00e1reas tem\u00e1ticas propostas.<\/li>\n<li>Especialistas, Mestres, Doutores, Pesquisadores, Docentes universit\u00e1rios.<\/li>\n<li>Ju\u00edzes, Representantes do Minist\u00e9rio P\u00fablico, Advogados e demais profissionais de carreira jur\u00eddica e, em geral, pessoas que se dedicam no seu \u00e2mbito profissional, a quaisquer ramos ou disciplinas do Direito, que tenham interesse em mostrar seus estudos cient\u00edficos in\u00e9ditos sobre alguma das \u00e1reas tem\u00e1ticas propostas.<\/li>\n<li>Alunos de P\u00f3s-gradua\u00e7\u00e3o Stricto Sensu (mestrandos e doutorandos).<\/li>\n<li>Alunos de P\u00f3s-gradua\u00e7\u00e3o Lato Sensu (especialistas).<\/li>\n<li>Alunos de Gradua\u00e7\u00e3o podem submeter seus artigos, desde que em coautoria com o seu orientador (com a possibilidade de publica\u00e7\u00e3o somente no livro do CONSINTER).<\/li>\n<\/ul>\n<p><strong id=\"divulgacao\">\u00a0<\/strong><\/p>\n<p><strong>\u00a0<\/strong><\/p>\n<p><strong>11. DIVULGA\u00c7\u00c3O DA INVESTIGA\u00c7\u00c3O JUR\u00cdDICA NO SIMP\u00d3SIO INTERNACIONAL DE DIREITO CONSINTER E PUBLICA\u00c7\u00c3O DOS ARTIGOS <\/strong><\/p>\n<p>O CONSINTER possibilita visibilidade da produ\u00e7\u00e3o cient\u00edfica em suas publica\u00e7\u00f5es oficiais internacionais do CONSINTER, oferecendo os seguintes benef\u00edcios:<\/p>\n<p style=\"padding-left: 40px;\">a) Publica\u00e7\u00e3o de seu artigo publicado na Revista Internacional de Direito CONSINTER \u2013 Qualis A3, indexada em bases de dados nacionais e internacionais de grande relev\u00e2ncia no mundo acad\u00eamico, possibilitando maior visibilidade dele.<\/p>\n<p style=\"padding-left: 40px;\">b) Publica\u00e7\u00e3o no livro <em>Direito e Justi\u00e7a<\/em> com tr\u00eas distintos ISBNs: europeu, brasileiro e digital.<\/p>\n<p style=\"padding-left: 40px;\">c) A oportunidade de apresentar oralmente seu artigo cient\u00edfico durante o Simp\u00f3sio do ano corrente, desde que adquirida a op\u00e7\u00e3o de inscri\u00e7\u00e3o referente a apresenta\u00e7\u00e3o\/participa\u00e7\u00e3o no evento, conforme o disposto no item <strong><u> APRESENTA\u00c7\u00d5ES ORAIS<\/u><\/strong>, letras \u201cb\u201d e \u201cc\u201d.<\/p>\n<p style=\"padding-left: 40px;\">d) A possibilidade de receber uma certifica\u00e7\u00e3o internacional, emitida pela Universidade, caso opte por participar do evento.<\/p>\n<p style=\"padding-left: 40px;\">e) A oportunidade de difundir seu estudo cient\u00edfico, alcan\u00e7ando maior n\u00famero de pessoas.<\/p>\n<p style=\"padding-left: 40px;\">f) A possibilidade de ampliar sua rede de contatos com pessoas de elevado n\u00edvel cient\u00edfico e acad\u00eamico.<\/p>\n<p style=\"padding-left: 40px;\">g) A oportunidade de buscar a transfer\u00eancia de conhecimentos cient\u00edficos, que contribuir\u00e3o para o reconhecimento da atividade investigadora e a coopera\u00e7\u00e3o cient\u00edfica internacional.<\/p>\n<p><strong id=\"informacoes\">\u00a0<\/strong><\/p>\n<p><strong>\u00a0<\/strong><\/p>\n<p><strong>12. INFORMA\u00c7\u00d5ES SOBRE PUBLICA\u00c7\u00d5ES<\/strong><\/p>\n<p>Os artigos ser\u00e3o submetidos a um processo de sele\u00e7\u00e3o e aprova\u00e7\u00e3o pelo Conselho Editorial e\/ou Corpo de Pareceristas do CONSINTER, atendendo a crit\u00e9rios de qualidade cient\u00edfica, sendo a an\u00e1lise realizada por meio do sistema <em>double blind review<\/em>, conforme as exig\u00eancias das ag\u00eancias e institui\u00e7\u00f5es nacionais e internacionais de investiga\u00e7\u00e3o e doc\u00eancia que avaliam a atividade investigadora de P\u00f3s-Gradua\u00e7\u00e3o.<\/p>\n<p>A crit\u00e9rio do Conselho Editorial do CONSINTER, textos ser\u00e3o selecionados para publica\u00e7\u00e3o nas edi\u00e7\u00f5es peri\u00f3dicas da Revista Internacional CONSINTER de Direito \u2013 Qualis A3, ou do livro <em>Direito e Justi\u00e7a<\/em>.<\/p>\n<p>Caso aprovado para a Revista, ser\u00e1 publicado na vers\u00e3o impressa e outra digital com seus rescpetivos ISSN de Portugal, sendo a digital disponibilizada gratuitamente no link <a href=\"https:\/\/revistaconsinter.com\/edicoes-anteriores\/\" target=\"_blank\" rel=\"noopener\">https:\/\/revistaconsinter.com\/edicoes-anteriores\/<\/a>, ou no livro <em>Direito e Justi\u00e7a<\/em>, com registro <em>ISBN<\/em>, \u00a0que ter\u00e1 tr\u00eas edi\u00e7\u00f5es: uma edi\u00e7\u00e3o impressa em Portugal e duas edi\u00e7\u00f5es no Brasil (uma digital e outra impressa).<\/p>\n<p>A sele\u00e7\u00e3o do artigo para publica\u00e7\u00e3o observa in\u00fameros fatores, desde a ordem cronol\u00f3gica da data de recebimento, a data de devolu\u00e7\u00e3o ap\u00f3s efetuada as corre\u00e7\u00f5es quando solicitadas, entre outros crit\u00e9rios.<\/p>\n<p>O principal crit\u00e9rio para publica\u00e7\u00e3o na Revista Internacional CONSINTER de Direito \u2013 QUALIS A3 \u00e9 o autor ou um dos autores possuir a titula\u00e7\u00e3o de Doutor; caso contr\u00e1rio, seu artigo ser\u00e1 avaliado da mesma maneira e, se aprovado pelo Conselho do CONSINTER, ser\u00e1 publicado no livro <em>Direito e Justi\u00e7a<\/em>.<\/p>\n<p>A data da publica\u00e7\u00e3o do artigo n\u00e3o est\u00e1 vinculada \u00e0 data do edital de convocat\u00f3ria, nem \u00e0 data do evento, podendo ser publicado posteriormente \u00e0 realiza\u00e7\u00e3o destes.<\/p>\n<p>A publica\u00e7\u00e3o dos artigos aprovados pelo Conselho Editorial e\/ou Corpo de Pareceristas <strong><u>N\u00c3O<\/u><\/strong> depende da apresenta\u00e7\u00e3o.<\/p>\n<p>O CONSINTER disponibiliza o acesso gratuito na \u00edntegra de todos os artigos publicados na Revista Internacional CONSINTER de Direito \u2013 QUALIS, <a href=\"https:\/\/revistaconsinter.com\/edicoes-anteriores\/\" target=\"_blank\" rel=\"noopener\">clique aqui<\/a>.<\/p>\n<p>Aproveite para conhecer todos os mais de 450 artigos das edi\u00e7\u00f5es anteriores e utilize como bibliografia em seu artigo cient\u00edfico, bem como em todas as suas pesquisas jur\u00eddicas.<\/p>\n<p>Observando a premissa basilar do CONSINTER de apoio e fomento \u00e0 produ\u00e7\u00e3o cient\u00edfica e acad\u00eamica, releva informar que ser\u00e3o aceitos para an\u00e1lise e poss\u00edvel publica\u00e7\u00e3o todos os artigos comprovadamente inscritos, pagos e originados em conformidade com o p\u00fablico-alvo acima descrito no cabe\u00e7alho do item <strong>10. P\u00daBLICO-ALVO<\/strong>.[\/vc_column_text][\/vc_column][\/vc_row][vc_row full_width=&#8221;stretch_row&#8221; section_id=&#8221;coordination&#8221; el_id=&#8221;coordination&#8221; el_class=&#8221;color&#8221; parallax_bg=&#8221;0&#8243; stellar_background_ratio=&#8221;0.6&#8243; css=&#8221;.vc_custom_1576006817524{margin-top: 0px !important;margin-bottom: 0px !important;border-top-width: 0px !important;border-bottom-width: 0px !important;padding-top: 70px !important;padding-bottom: 70px !important;}&#8221;][vc_column]\r\n      <h3 class=\"section-title \"><span data-animation=\"flipInY\" data-animation-delay=\"300\" class=\"icon-inner\"><span class=\"fa-stack\"><i class=\"fa rhex fa-stack-2x\"><\/i><i class=\"fa fa-ticket fa-stack-1x\"><\/i><\/span><\/span><span data-animation=\"fadeInRight\" data-animation-delay=\"500\" class=\"title-inner\">CONSELHO EDITORIAL, DIRE\u00c7\u00c3O E ORGANIZA\u00c7\u00c3O<\/h3>\r\n    [vc_column_text css=&#8221;&#8221;]<\/p>\n<div class=\"row text-center\">\n<div class=\"col-sm-6 animated fadeInUp visible\" data-animation=\"fadeInUp\" data-animation-delay=\"100\"><img loading=\"lazy\" decoding=\"async\" class=\"alignnone wp-image-66 size-full shadow\" src=\"http:\/\/consinter.org\/madrid2024\/wp-content\/uploads\/sites\/35\/2024\/05\/300X300-SELOS-QUALIS-A3-DOURADO.png\" alt=\"\" width=\"200\" height=\"200\" \/><\/div>\n<div class=\"col-sm-6 animated fadeInUp visible\" data-animation=\"fadeInUp\" data-animation-delay=\"100\"><img decoding=\"async\" class=\"shadow\" src=\"http:\/\/consinter.org\/madrid2024\/wp-content\/uploads\/sites\/35\/2024\/05\/SELO-SPI-DOURADO-PTBR-COM-NOME-EDITORA.png\" alt=\"\" width=\"200\" height=\"auto\" \/><\/div>\n<\/div>\n<p style=\"text-align: center;\"><strong>Presidente:<\/strong><\/p>\n<div class=\"thumbnail no-border no-padding\">\n<div class=\"circle\">\n<div class=\"circle-inner\">\n<div class=\"media\"><img decoding=\"async\" class=\"img-responsive\" src=\"https:\/\/consinter.org\/edital2023\/wp-content\/uploads\/sites\/31\/2023\/01\/luiz-augusto.jpg\" alt=\"Luiz Augusto de Oliveira Junior\" \/><\/div>\n<\/div>\n<\/div>\n<div class=\"text-center\">Luiz Augusto de Oliveira Junior<\/div>\n<\/div>\n<p>&nbsp;<\/p>\n<div class=\"thumbnail no-border no-padding\">\n<div class=\"circle\">\n<div class=\"circle-inner\">\n<div class=\"media\"><img decoding=\"async\" class=\"img-responsive\" src=\"http:\/\/consinter.org\/edital2024\/wp-content\/uploads\/sites\/34\/2024\/02\/revista-capa.jpg\" alt=\"Revista Internacional CONSINTER de Direito\" \/><\/div>\n<\/div>\n<\/div>\n<div class=\"text-center\"><em><br \/>\n<strong>Revista Internacional CONSINTER de Direito<\/strong><br \/>\n<\/em><\/div>\n<\/div>\n<p style=\"text-align: center;\"><a class=\"btn btn-theme btn-theme-sm btn-theme-transparent\" href=\"https:\/\/revistaconsinter.com\/index.php\/ojs\/about\/editorialTeam\" target=\"_blank\" rel=\"noopener\">Conhe\u00e7a o corpo editorial completo<\/a><br \/>\n<a class=\"btn btn-theme btn-theme-sm btn-theme-transparent mt-10\" href=\"https:\/\/revistaconsinter.com\/pareceristas.html\" target=\"_blank\" rel=\"noopener\">Conhe\u00e7a o corpo de pareceristas<\/a><\/p>\n<p>&nbsp;<\/p>\n<p style=\"text-align: center;\"><strong>Editor:<\/strong><\/p>\n<div class=\"thumbnail no-border no-padding\">\n<div class=\"circle\">\n<div class=\"circle-inner\">\n<div class=\"media\"><img loading=\"lazy\" decoding=\"async\" class=\"img-responsive alignnone\" src=\"https:\/\/consinter.org\/edital2023\/wp-content\/uploads\/sites\/31\/2023\/03\/david-vallespin-perez.jpg\" alt=\"David Vallesp\u00edn P\u00e9rez\" width=\"300\" height=\"300\" \/><\/div>\n<\/div>\n<\/div>\n<div class=\"text-center\"><strong>David Vallesp\u00edn P\u00e9rez<\/strong><br \/>\n<em>Catedr\u00e1tico de Derecho Procesal &#8211; Universitat de Barcelona &#8211; UB &#8211; Espa\u00f1a<\/em><\/div>\n<\/div>\n<p>&nbsp;<\/p>\n<p style=\"text-align: center;\"><strong>Codiretores:<\/strong><\/p>\n<div class=\"row\">\n<div class=\"col-sm-4 animated fadeInUp visible\" data-animation=\"fadeInUp\" data-animation-delay=\"100\">\n<div class=\"thumbnail no-border no-padding\">\n<div class=\"circle\">\n<div class=\"circle-inner\">\n<div class=\"media\"><img loading=\"lazy\" decoding=\"async\" class=\"img-responsive alignnone\" src=\"https:\/\/consinter.org\/edital2023\/wp-content\/uploads\/sites\/31\/2023\/01\/maria-yolanda-sanchez-uran-azana.jpg\" alt=\"Mar\u00eda Yolanda S\u00e1nchez-Ur\u00e1n Aza\u00f1a\" width=\"300\" height=\"300\" \/><\/div>\n<\/div>\n<\/div>\n<div class=\"text-center\"><strong>Mar\u00eda Yolanda S\u00e1nchez-Ur\u00e1n Aza\u00f1a<\/strong><br \/>\n<em>Catedr\u00e1tica de Derecho del Trabajo y de la Seguridad Social &#8211; Universidad Complutense de Madrid \u2013 UCM &#8211; Espa\u00f1a<\/em><\/div>\n<\/div>\n<\/div>\n<div class=\"col-sm-4 animated fadeInUp visible\" data-animation=\"fadeInUp\" data-animation-delay=\"100\">\n<div class=\"thumbnail no-border no-padding\">\n<div class=\"circle\">\n<div class=\"circle-inner\">\n<div class=\"media\"><img loading=\"lazy\" decoding=\"async\" class=\"img-responsive alignnone\" src=\"https:\/\/consinter.org\/edital2023\/wp-content\/uploads\/sites\/31\/2023\/01\/goncalo-s-de-melo-bandeira.jpg\" alt=\"Gon\u00e7alo S. de Melo Bandeira\" width=\"300\" height=\"300\" \/><\/div>\n<\/div>\n<\/div>\n<div class=\"text-center\"><strong>Gon\u00e7alo S. de Melo Bandeira<\/strong><br \/>\n<em>Prof. Dr. Jur\u00eddico-Fundamentais e Criminais, IPCA-Universidade Polit\u00e9cnica do C\u00e1vado e do Ave-Minho-Portugal<\/em><\/div>\n<\/div>\n<\/div>\n<div class=\"col-sm-4 animated fadeInUp visible\" data-animation=\"fadeInUp\" data-animation-delay=\"100\">\n<div class=\"thumbnail no-border no-padding\">\n<div class=\"circle\">\n<div class=\"circle-inner\">\n<div class=\"media\"><img loading=\"lazy\" decoding=\"async\" class=\"img-responsive alignnone\" src=\"https:\/\/consinter.org\/edital2023\/wp-content\/uploads\/sites\/31\/2023\/01\/antonio-cesar-bochenek.jpg\" alt=\"Ant\u00f4nio C\u00e9sar Bochenek\" width=\"300\" height=\"300\" \/><\/div>\n<\/div>\n<\/div>\n<div class=\"text-center\"><strong>Ant\u00f4nio C\u00e9sar Bochenek<\/strong><br \/>\n<em>Prof. Dr. da Universidade Estadual de Ponta Grossa \u2013 UEPG, da Escola Nacional de Forma\u00e7\u00e3o e Aperfei\u00e7oamento de Magistrados \u2013 ENFAM, Juiz Federal, Brasil<\/em><\/div>\n<\/div>\n<\/div>\n<\/div>\n<p>&nbsp;<\/p>\n<div class=\"thumbnail no-border no-padding\">\n<div class=\"circle\">\n<div class=\"circle-inner\">\n<div class=\"media\"><img decoding=\"async\" class=\"img-responsive\" src=\"http:\/\/consinter.org\/edital2024\/wp-content\/uploads\/sites\/34\/2024\/02\/livro-capa.jpg\" alt=\"Livro Direito e Justi\u00e7a\" \/><\/div>\n<\/div>\n<\/div>\n<div class=\"text-center\"><em><br \/>\n<strong>Livro: <em>Direito e Justi\u00e7a <\/em><\/strong><br \/>\n<\/em><\/div>\n<\/div>\n<p style=\"text-align: center;\"><a class=\"btn btn-theme btn-theme-sm btn-theme-transparent\" href=\"https:\/\/revistaconsinter.com\/pareceristas.html\" target=\"_blank\" rel=\"noopener\">Conhe\u00e7a o corpo de pareceristas<\/a><\/p>\n<p style=\"text-align: center;\"><strong>Organizador:<\/strong><\/p>\n<div class=\"col-sm-4 animated fadeInUp visible\" data-animation=\"fadeInUp\" data-animation-delay=\"100\">\n<div class=\"thumbnail no-border no-padding\">\n<div class=\"circle\">\n<div class=\"circle-inner\">\n<div class=\"media\"><img loading=\"lazy\" decoding=\"async\" class=\"img-responsive alignnone\" src=\"https:\/\/consinter.org\/edital2023\/wp-content\/uploads\/sites\/31\/2023\/03\/david-vallespin-perez.jpg\" alt=\"David Vallesp\u00edn P\u00e9rez\" width=\"300\" height=\"300\" \/><\/div>\n<\/div>\n<\/div>\n<div class=\"text-center\"><strong>David Vallesp\u00edn P\u00e9rez<\/strong><br \/>\n<em>Catedr\u00e1tico de Derecho Procesal &#8211; Universitat de Barcelona &#8211; UB &#8211; Espa\u00f1a<\/em><\/div>\n<\/div>\n<\/div>\n<div class=\"col-sm-4 animated fadeInUp visible\" data-animation=\"fadeInUp\" data-animation-delay=\"100\">\n<div class=\"thumbnail no-border no-padding\">\n<div class=\"circle\">\n<div class=\"circle-inner\">\n<div class=\"media\"><img loading=\"lazy\" decoding=\"async\" class=\"img-responsive alignnone\" src=\"http:\/\/consinter.org\/edital2024\/wp-content\/uploads\/sites\/34\/2024\/02\/faustino-jose-martinez.jpg\" alt=\"Faustino Mart\u00ednez Mart\u00ednez\" width=\"300\" height=\"300\" \/><\/div>\n<\/div>\n<\/div>\n<div class=\"text-center\"><strong>Faustino Mart\u00ednez Mart\u00ednez<\/strong><br \/>\n<em>Catedr\u00e1tico de Historia del Derecho y Vicedecano de Investigaci\u00f3n \u2013 Universidad Complutense de Madrid<\/em><\/div>\n<\/div>\n<\/div>\n<div class=\"col-sm-4 animated fadeInUp visible\" data-animation=\"fadeInUp\" data-animation-delay=\"100\">\n<div class=\"thumbnail no-border no-padding\">\n<div class=\"circle\">\n<div class=\"circle-inner\">\n<div class=\"media\"><img loading=\"lazy\" decoding=\"async\" class=\"img-responsive alignnone\" src=\"http:\/\/consinter.org\/edital2024\/wp-content\/uploads\/sites\/34\/2024\/02\/ignacio-garcia-vitoria.jpg\" alt=\"Ignacio Garc\u00eda Vitoria\" width=\"300\" height=\"300\" \/><\/div>\n<\/div>\n<\/div>\n<div class=\"text-center\"><strong>Ignacio Garc\u00eda Vitoria<\/strong><br \/>\n<em>Profesor Doutor, Derecho Constitucional y Coordinador del Doctorado \u2013 Universidad Complutense de Madrid<\/em><\/div>\n<\/div>\n<\/div>\n<p>&nbsp;<\/p>\n<p style=\"text-align: center;\"><strong>Coordena\u00e7\u00e3o Acad\u00eamica:<\/strong><\/p>\n<div class=\"thumbnail no-border no-padding\">\n<div class=\"circle\">\n<div class=\"circle-inner\">\n<div class=\"media\"><img loading=\"lazy\" decoding=\"async\" class=\"img-responsive alignnone\" src=\"https:\/\/consinter.org\/edital2023\/wp-content\/uploads\/sites\/31\/2023\/01\/antonio-cesar-bochenek.jpg\" alt=\"Ant\u00f4nio C\u00e9sar Bochenek\" width=\"300\" height=\"300\" \/><\/div>\n<\/div>\n<\/div>\n<div class=\"text-center\"><strong>Ant\u00f4nio C\u00e9sar Bochenek<\/strong><br \/>\n<em>Prof. Dr. da Universidade Estadual de Ponta Grossa \u2013 UEPG, da Escola Nacional de Forma\u00e7\u00e3o e Aperfei\u00e7oamento de Magistrados \u2013 ENFAM, Juiz Federal, Brasil<\/em><\/div>\n<\/div>\n<p>&nbsp;<\/p>\n<p style=\"text-align: center;\"><strong>Dire\u00e7\u00e3o Executiva:<\/strong><\/p>\n<div class=\"thumbnail no-border no-padding\">\n<div class=\"circle\">\n<div class=\"circle-inner\">\n<div class=\"media\"><img decoding=\"async\" class=\"img-responsive\" src=\"https:\/\/consinter.org\/edital2023\/wp-content\/uploads\/sites\/31\/2023\/01\/francine-oliveira.jpg\" alt=\"Francine Oliveira\" \/><\/div>\n<\/div>\n<\/div>\n<div class=\"text-center\">Francine Oliveira<\/div>\n<\/div>\n<p>&nbsp;<\/p>\n<p style=\"text-align: center;\"><strong>Coordena\u00e7\u00e3o Executiva:<\/strong><\/p>\n<div class=\"row\">\n<div class=\"col-sm-6 animated fadeInUp visible\" data-animation=\"fadeInUp\" data-animation-delay=\"100\">\n<div class=\"thumbnail no-border no-padding\">\n<div class=\"circle\">\n<div class=\"circle-inner\">\n<div class=\"media\"><img decoding=\"async\" class=\"img-responsive\" src=\"https:\/\/consinter.org\/edital2023\/wp-content\/uploads\/sites\/31\/2023\/01\/ivan-winters.jpg\" alt=\"Ivan Winters\" \/><\/div>\n<\/div>\n<\/div>\n<div class=\"text-center\"><strong>Ivan Winters<\/strong><\/div>\n<\/div>\n<\/div>\n<div class=\"col-sm-6 animated fadeInUp visible\" data-animation=\"fadeInUp\" data-animation-delay=\"100\">\n<div class=\"thumbnail no-border no-padding\">\n<div class=\"circle\">\n<div class=\"circle-inner\">\n<div class=\"media\"><img decoding=\"async\" class=\"img-responsive\" src=\"https:\/\/consinter.org\/edital2023\/wp-content\/uploads\/sites\/31\/2023\/01\/marcia-neckel.jpg\" alt=\"Marcia Neckel\" \/><\/div>\n<\/div>\n<\/div>\n<div class=\"text-center\">Marcia Neckel<\/div>\n<\/div>\n<\/div>\n<\/div>\n<p>[\/vc_column_text][\/vc_column][\/vc_row][vc_row full_width=&#8221;stretch_row&#8221; section_id=&#8221;rules&#8221; el_id=&#8221;rules&#8221; parallax_bg=&#8221;0&#8243; stellar_background_ratio=&#8221;0.6&#8243; css=&#8221;.vc_custom_1728334155490{margin-top: 0px !important;margin-bottom: 0px !important;border-top-width: 0px !important;border-bottom-width: 0px !important;padding-top: 70px !important;padding-bottom: 70px !important;}&#8221;][vc_column]\r\n      <h3 class=\"section-title \"><span data-animation=\"flipInY\" data-animation-delay=\"300\" class=\"icon-inner\"><span class=\"fa-stack\"><i class=\"fa crcle fa-stack-2x\"><\/i><i class=\"fa fa-ticket fa-stack-1x\"><\/i><\/span><\/span><span data-animation=\"fadeInRight\" data-animation-delay=\"500\" class=\"title-inner\">Submiss\u00e3o dos trabalhos <small> \/ instru\u00e7\u00f5es gerais e modelo de artigo<\/small><\/span><\/h3>\r\n    [vc_column_text css=&#8221;&#8221;]<strong>13. PRAZOS E FORMA DE ENVIO<\/strong><\/p>\n<p>Ap\u00f3s a inscri\u00e7\u00e3o realizada e o pagamento efetuado, o <em>upload<\/em> do artigo deve ser realizado somente uma vez por um dos autores na Plataforma <em>OJS<\/em>, \u00a0via <em>upload<\/em> no <em>site<\/em> <a href=\"https:\/\/revistaconsinter.com\/index.php\/ojs\/about\/submissions\" target=\"_blank\" rel=\"noopener\">https:\/\/revistaconsinter.com\/index.php\/ojs\/about\/submissions<\/a>, conforme as instru\u00e7\u00f5es que l\u00e1 constam e ou no link <a href=\"https:\/\/docs.pkp.sfu.ca\/learning-ojs\/3.3\/pt\/authoring#submitting-an-article\" target=\"_blank\" rel=\"noopener\">https:\/\/docs.pkp.sfu.ca\/learning-ojs\/3.3\/pt\/authoring#submitting-an-article<\/a>.<\/p>\n<p>Para aqueles que t\u00eam interesse em apresentar oralmente no XI Simp\u00f3sio:<\/p>\n<ul>\n<li>At\u00e9 31 de maio de 2024: 1\u00aa Chamada<\/li>\n<li>At\u00e9 30 de junho de 2024: 2\u00aa Chamada<\/li>\n<li>At\u00e9 31 de agosto de 2024: 4\u00aa Chamada<\/li>\n<li>At\u00e9 30 de setembro de 2024: \u00daltima Chamada<\/li>\n<\/ul>\n<p>Para aqueles que desejam apenas publicar o seu artigo:<\/p>\n<ul>\n<li>At\u00e9 31 de dezembro de 2024<\/li>\n<\/ul>\n<p>&nbsp;<\/p>\n<p><strong>14. COMUNICA\u00c7\u00c3O DA APROVA\u00c7\u00c3O<\/strong><\/p>\n<p>A aprova\u00e7\u00e3o ou n\u00e3o dos artigos ser\u00e1 comunicada diretamente ao autor por <em>e-mail<\/em>.<\/p>\n<p>&nbsp;<\/p>\n<p><strong>15. CONDI\u00c7\u00d5ES DA PUBLICA\u00c7\u00c3O<\/strong><\/p>\n<p>a) A submiss\u00e3o do trabalho cient\u00edfico para an\u00e1lise est\u00e1 condicionada \u00e0 confirma\u00e7\u00e3o da inscri\u00e7\u00e3o mediante pagamento de todos os autores e coautores.<\/p>\n<p>b) Somente ser\u00e3o publicados os artigos aprovados pelo Corpo de Pareceristas\/Conselho Editorial do CONSINTER que estejam de acordo com o edital de submiss\u00e3o de artigos.<\/p>\n<p>&nbsp;<\/p>\n<p><strong>16. APRESENTA\u00c7\u00d5ES ORAIS <\/strong><\/p>\n<p>Poder\u00e3o ser apresentados no Simp\u00f3sio do ano corrente todos os artigos devidamente inscritos:<\/p>\n<ul>\n<li>No edital anterior de 2024<\/li>\n<li>Ou neste edital at\u00e9 30 de setembro de 2024<\/li>\n<\/ul>\n<p>a) Para as apresenta\u00e7\u00f5es orais dos artigos devidamente inscritos, pagos e aprovados at\u00e9 30 de setembro de 2024, haver\u00e1 um <strong><u>custo<\/u><\/strong> adicional de R$ 890,00 (oitocentos e noventa reais), em caso de aquisi\u00e7\u00e3o da participa\u00e7\u00e3o\/apresenta\u00e7\u00e3o em separado (ver item 15, letra \u201cg\u201d).<\/p>\n<p>b) Em caso da aquisi\u00e7\u00e3o da op\u00e7\u00e3o <strong><u>COMBO (inscri\u00e7\u00e3o\/submiss\u00e3o + participa\u00e7\u00e3o\/apresenta\u00e7\u00e3o do<\/u> <u>artigo do artigo)<\/u><\/strong> n\u00e3o ser\u00e1 cobrado custo adicional. <strong>OBS<\/strong>.: Em ambos os casos o autor ou coautores poder\u00e3o apresent\u00e1-lo oralmente durante Simp\u00f3sio do ano corrente, sendo indispens\u00e1vel a solicita\u00e7\u00e3o e confirma\u00e7\u00e3o ao seguinte <em>e-mail<\/em>: <a href=\"mailto:contato@consinter.org\">contato@consinter.org<\/a><\/p>\n<p>c) Para aqueles que adquiriram somente a submiss\u00e3o, caso queiram participar do evento do ano corrente ou apresentar o seu artigo, dever\u00e3o efetuar o pagamento do adicional de participa\u00e7\u00e3o\/apresenta\u00e7\u00e3o dispon\u00edvel no site do CONSINTER no prazo de at\u00e9 sessenta (60) dias antes do evento.<\/p>\n<p>d) O pagamento do adicional deve ser efetuado por todos aqueles que estar\u00e3o presentes no evento, ainda que n\u00e3o apresentem o seu artigo, posto que aos participantes ser\u00e3o entregues certificados de participa\u00e7\u00e3o no Simp\u00f3sio emitido pela Universidade organizadora (mediante assinatura de lista de presen\u00e7a).<\/p>\n<p>e) O n\u00famero de apresenta\u00e7\u00f5es ser\u00e1 limitado e a sele\u00e7\u00e3o ser\u00e1 feita por ordem de inscri\u00e7\u00e3o\/confirma\u00e7\u00e3o de presen\u00e7a, a qual ficar\u00e1 a crit\u00e9rio da organiza\u00e7\u00e3o do evento.<\/p>\n<p>f) Ap\u00f3s a confirma\u00e7\u00e3o da apresenta\u00e7\u00e3o oral do artigo, n\u00e3o ser\u00e3o poss\u00edveis trocas de data e hor\u00e1rio.<\/p>\n<p>g) O tempo de apresenta\u00e7\u00e3o ser\u00e1 informado por e-mail; em caso de coautoria do artigo, o tempo determinado para apresenta\u00e7\u00e3o ser\u00e1 dividido entre os autores.<\/p>\n<p>h) O tempo de apresenta\u00e7\u00e3o estar\u00e1 sujeito a altera\u00e7\u00f5es, podendo variar de acordo com o n\u00famero de inscritos no evento ou a crit\u00e9rio da organiza\u00e7\u00e3o.<\/p>\n<p>i) As apresenta\u00e7\u00f5es ser\u00e3o exclusivamente orais, <strong><u>N\u00c3O<\/u><\/strong> sendo permitida a utiliza\u00e7\u00e3o de aparato audiovisual.<\/p>\n<p><strong>\u00a0<\/strong><\/p>\n<p><strong>17. CERTIFICA\u00c7\u00d5ES E DECLARA\u00c7\u00d5ES DE APROVA\u00c7\u00c3O DE ARTIGO<\/strong><\/p>\n<p><strong>a) Certificados<\/strong>:<\/p>\n<p>Aos participantes e aqueles que efetivamente apresentaram seu artigo durante o Simp\u00f3sio do CONSINTER, ser\u00e1 enviado via e-mail o <em>link<\/em> para <em>download<\/em> do certificado emitido pela Universidade organizadora.<\/p>\n<p><strong>b) Declara\u00e7\u00f5es<\/strong>:<\/p>\n<p>A declara\u00e7\u00e3o de aprova\u00e7\u00e3o de artigo cient\u00edfico ser\u00e1 emitida, desde que o artigo seja aprovado, mediante solicita\u00e7\u00e3o ao <em>e-mail<\/em> <u>contato@consinter.org.<\/u> <strong>\u00a0<\/strong>[\/vc_column_text][vc_zigzag color=&#8221;custom&#8221; custom_color=&#8221;#999999&#8243; css=&#8221;.vc_custom_1651757033200{margin-top: 20px !important;}&#8221;]\r\n      <h3 class=\"section-title \"><span data-animation=\"flipInY\" data-animation-delay=\"300\" class=\"icon-inner\"><span class=\"fa-stack\"><i class=\"fa crcle fa-stack-2x\"><\/i><i class=\"fa fa-ticket fa-stack-1x\"><\/i><\/span><\/span><span data-animation=\"fadeInRight\" data-animation-delay=\"500\" class=\"title-inner\">DOWNLOAD <small> \/ Baixe os documentos indispens\u00e1veis<\/small><\/span><\/h3>\r\n    <a href=\"https:\/\/consinter.org\/madrid2024\/wp-content\/uploads\/sites\/35\/2024\/10\/xi_simposio_norma_completa_30-09-2024.pdf\" target='_blank' style=\"margin: 20px 20px 0 0\"  class=\"btn btn-theme animated flipInY visible   \" data-animation=\"flipInY\" data-animation-delay=\"200\"><i class=\"fa \"><\/i> Normas Completas<\/a><a href=\"https:\/\/consinter.org\/madrid2024\/wp-content\/uploads\/sites\/35\/2024\/10\/xi_simposio_somente_normas.pdf\" target='_blank' style=\"margin: 20px 20px 0 0\"  class=\"btn btn-theme animated flipInY visible   \" data-animation=\"flipInY\" data-animation-delay=\"200\"><i class=\"fa \"><\/i> Regras de Submiss\u00e3o<\/a><a href=\"https:\/\/docs.pkp.sfu.ca\/learning-ojs\/3.3\/pt\/authoring#submitting-an-article\" target='_blank' style=\"margin: 20px 20px 0 0\"  class=\"btn btn-theme animated flipInY visible   \" data-animation=\"flipInY\" data-animation-delay=\"200\"><i class=\"fa \"><\/i> Passo a passo de submiss\u00e3o<\/a><a href=\"https:\/\/view.officeapps.live.com\/op\/view.aspx?src=http:\/\/consinter.org\/barcelona2023\/wp-content\/uploads\/sites\/32\/2023\/04\/dau-consinter-pt.docx\" target='_blank' style=\"margin: 20px 20px 0 0\"  class=\"btn btn-theme animated flipInY visible   \" data-animation=\"flipInY\" data-animation-delay=\"200\"><i class=\"fa \"><\/i> Cess\u00e3o de Direitos Autorais<\/a><a href=\"https:\/\/view.officeapps.live.com\/op\/view.aspx?src=http:\/\/consinter.org\/barcelona2023\/wp-content\/uploads\/sites\/32\/2023\/04\/modelo-de-artigo-portugues.docx\" target='_blank' style=\"margin: 20px 0 0 0\"  class=\"btn btn-theme animated flipInY visible   \" data-animation=\"flipInY\" data-animation-delay=\"200\"><i class=\"fa \"><\/i> Modelo de artigo<\/a>[\/vc_column][\/vc_row][vc_row full_width=&#8221;stretch_row&#8221; section_id=&#8221;who&#8221; parallax_bg=&#8221;0&#8243; stellar_background_ratio=&#8221;0.6&#8243; css=&#8221;.vc_custom_1714506311035{margin-top: 0px !important;margin-bottom: 0px !important;border-top-width: 0px !important;border-bottom-width: 0px !important;padding-top: 70px !important;padding-bottom: 70px !important;}&#8221; el_id=&#8221;who&#8221; el_class=&#8221;color&#8221;][vc_column]\r\n      <h3 class=\"section-title \"><span data-animation=\"flipInY\" data-animation-delay=\"300\" class=\"icon-inner\"><span class=\"fa-stack\"><i class=\"fa crcle fa-stack-2x\"><\/i><i class=\"fa fa-ticket fa-stack-1x\"><\/i><\/span><\/span><span data-animation=\"fadeInRight\" data-animation-delay=\"500\" class=\"title-inner\">SOBRE<\/h3>\r\n    [vc_column_text]<\/p>\n<p><strong>CONSINTER \u2013 CONSELHO INTERNACIONAL DE ESTUDOS CONTEMPOR\u00c2NEOS EM P\u00d3S-GRADUA\u00c7\u00c3O<\/strong><\/p>\n<p>O CONSINTER vem apresentar-se com o objetivo de promover o indiv\u00edduo enquanto agente construtor de seu destino e da sociedade em geral, convidando-o \u00e0 realiza\u00e7\u00e3o de um grande evento internacional em que os participantes dispor\u00e3o de espa\u00e7o para apresenta\u00e7\u00e3o oral dos seus artigos cient\u00edficos in\u00e9ditos, os quais corporificam os conhecimentos e experi\u00eancias adquiridos como resultado das pesquisas cient\u00edficas, com a possibilidade de sua publica\u00e7\u00e3o tanto no Brasil quanto na Europa, por meio impresso e digital.<\/p>\n<p>Defendemos que as publica\u00e7\u00f5es, quer sejam impressas ou digitais, enquanto substrato da cultura, s\u00e3o instrumentos eficazes para a democratiza\u00e7\u00e3o dos saberes, para a intera\u00e7\u00e3o entre os povos e para a consolida\u00e7\u00e3o do desenvolvimento humanit\u00e1rio, t\u00e9cnico e cient\u00edfico que impulsiona o processo civilizat\u00f3rio entre as diferentes culturas, permitindo a supera\u00e7\u00e3o dos limites impostos pela geografia e pelas normas, viabilizando que a integra\u00e7\u00e3o entre os povos se fa\u00e7a de forma \u00e9tica e sustent\u00e1vel, formando indiv\u00edduos reflexivos e aut\u00f4nomos, comprometidos com os mais elevados valores e princ\u00edpios.<\/p>\n<p>O CONSINTER caracteriza-se por ser uma institui\u00e7\u00e3o sem fins lucrativos, criada com o apoio e interveni\u00eancia da Editora Juru\u00e1 Ltda., empresa do ramo editorial com mais de 48 anos de atividade empresarial, notadamente reconhecida por sua tradi\u00e7\u00e3o na publica\u00e7\u00e3o de livros de alto n\u00edvel t\u00e9cnico e cient\u00edfico nas diversas \u00e1reas do conhecimento e que, expandindo suas fronteiras, h\u00e1 mais de 07 anos est\u00e1 presente na Europa atrav\u00e9s da Editorial Juru\u00e1 Ltda. com sede em Portugal, com uma gama de renomados e conceituados autores e conselheiros nacionais e estrangeiros.<\/p>\n<p>[\/vc_column_text][\/vc_column][\/vc_row][vc_row full_width=&#8221;stretch_row&#8221; section_id=&#8221;speakers&#8221; el_id=&#8221;speakers&#8221; parallax_bg=&#8221;0&#8243; stellar_background_ratio=&#8221;0.6&#8243; css=&#8221;.vc_custom_1728334171497{margin-top: 0px !important;margin-bottom: 0px !important;border-top-width: 0px !important;border-bottom-width: 0px !important;padding-top: 70px !important;padding-bottom: 70px !important;}&#8221; el_class=&#8221;light&#8221;][vc_column]\r\n      <h3 class=\"section-title \"><span data-animation=\"flipInY\" data-animation-delay=\"300\" class=\"icon-inner\"><span class=\"fa-stack\"><i class=\"fa crcle fa-stack-2x\"><\/i><i class=\"fa fa-ticket fa-stack-1x\"><\/i><\/span><\/span><span data-animation=\"fadeInRight\" data-animation-delay=\"500\" class=\"title-inner\">Palestrantes e Programa\u00e7\u00e3o <small> \/ Confira os palestrantes confirmados e a pr\u00e9via da programa\u00e7\u00e3o<\/small><\/span><\/h3>\r\n    [vc_column_text css=&#8221;.vc_custom_1731436490962{margin-bottom: 35px !important;}&#8221;]<a href=\"https:\/\/consinter.org\/madrid2024\/wp-content\/uploads\/sites\/35\/2024\/11\/programacao-12-11.pdf\" class=\"pdfemb-viewer\" style=\"\" data-width=\"max\" data-height=\"max\" data-toolbar=\"both\" data-toolbar-fixed=\"on\">programacao-12-11<\/a>[\/vc_column_text]<a href=\"https:\/\/consinter.org\/madrid2024\/wp-content\/uploads\/sites\/35\/2024\/11\/programacao-12-11.pdf\" target='_blank' style=\"margin: \"  class=\"btn btn-theme animated flipInY visible   \" data-animation=\"flipInY\" data-animation-delay=\"200\">Download da programa\u00e7\u00e3o<\/a>[\/vc_column][\/vc_row][vc_row full_width=&#8221;stretch_row&#8221; el_id=&#8221;&#8221; parallax_bg=&#8221;0&#8243; stellar_background_ratio=&#8221;0.6&#8243; css=&#8221;.vc_custom_1729277189056{margin-top: 0px !important;margin-bottom: 0px !important;border-top-width: 0px !important;border-bottom-width: 0px !important;padding-top: 0px !important;padding-bottom: 70px !important;}&#8221; el_class=&#8221;light&#8221;][vc_column]\r\n      <h3 class=\"section-title \"><span data-animation=\"flipInY\" data-animation-delay=\"300\" class=\"icon-inner\"><span class=\"fa-stack\"><i class=\"fa crcle fa-stack-2x\"><\/i><i class=\"fa fa-ticket fa-stack-1x\"><\/i><\/span><\/span><span data-animation=\"fadeInRight\" data-animation-delay=\"500\" class=\"title-inner\">APRESENTA\u00c7\u00d5ES <small> \/ grupos de trabalho<\/small><\/span><\/h3>\r\n    [vc_column_text css=&#8221;.vc_custom_1731330203173{margin-bottom: 35px !important;}&#8221;]<a href=\"https:\/\/consinter.org\/madrid2024\/wp-content\/uploads\/sites\/35\/2024\/11\/cronograma-apresentacao.pdf\" class=\"pdfemb-viewer\" style=\"\" data-width=\"max\" data-height=\"max\" data-toolbar=\"both\" data-toolbar-fixed=\"on\">cronograma-apresentacao<\/a>[\/vc_column_text]<a href=\"https:\/\/consinter.org\/madrid2024\/wp-content\/uploads\/sites\/35\/2024\/11\/cronograma-apresentacao.pdf\" target='_blank' style=\"margin: \"  class=\"btn btn-theme animated flipInY visible   \" data-animation=\"flipInY\" data-animation-delay=\"200\">Download Apresenta\u00e7\u00f5es \/ GT<\/a>[\/vc_column][\/vc_row][vc_row section_id=&#8221;sponsors&#8221; css=&#8221;.vc_custom_1651757419229{margin-top: 0px !important;margin-bottom: 0px !important;border-top-width: 0px !important;border-bottom-width: 0px !important;padding-top: 70px !important;padding-bottom: 70px !important;background-position: center !important;background-repeat: no-repeat !important;background-size: cover !important;}&#8221; fullwidth=&#8221;no&#8221; el_id=&#8221;sponsors&#8221; el_class=&#8221;text-center&#8221; parallax_bg=&#8221;0&#8243; stellar_background_ratio=&#8221;0.6&#8243;][vc_column]\r\n      <h3 class=\"section-title text-left\"><span data-animation=\"flipInY\" data-animation-delay=\"300\" class=\"icon-inner\"><span class=\"fa-stack\"><i class=\"fa crcle fa-stack-2x\"><\/i><i class=\"fa fa-thumbs-up fa-stack-1x\"><\/i><\/span><\/span><span data-animation=\"fadeInRight\" data-animation-delay=\"500\" class=\"title-inner\">Promo\u00e7\u00e3o <small> \/ conv\u00eanios<\/small><\/span><\/h3>\r\n    [vc_text_separator title=&#8221;Organiza\u00e7\u00e3o&#8221; style=&#8221;double&#8221; css=&#8221;.vc_custom_1683317942022{margin-top: 35px !important;margin-bottom: 15px !important;}&#8221;]\r\n      <div class=\"partners-carousel \"  data-animation=\"fadeInDown\" data-animation-delay=\"300\">\r\n          <div class=\"owl-carousel\" data-auto=\"false\" data-show_nav=\"false\" data-loop=\"false\" data-itemslide=\"3\" data-autoplaytimeout=\"5000\"><div><a href=\"http:\/\/www.consinter.org\/\" target=\"_blank\"><img decoding=\"async\" src=\"https:\/\/consinter.org\/madrid2024\/wp-content\/uploads\/sites\/35\/2024\/04\/consinter.png\" alt=\"CONSINTER - Conselho Internacional de Estudos Contempor\u00e2neos em P\u00f3s-Gradua\u00e7\u00e3o\"\/><\/a><\/div><div><a href=\"http:\/\/www.jurua.com.br\" target=\"_blank\"><img decoding=\"async\" src=\"https:\/\/consinter.org\/madrid2024\/wp-content\/uploads\/sites\/35\/2024\/04\/jurua.png\" alt=\"Juru\u00e1 Editora\"\/><\/a><\/div><div><a href=\"http:\/\/www.editorialjurua.com\" target=\"_blank\"><img decoding=\"async\" src=\"https:\/\/consinter.org\/madrid2024\/wp-content\/uploads\/sites\/35\/2024\/04\/jurua-europa.png\" alt=\"Editorial Juru\u00e1 Europa\"\/><\/a><\/div><\/div>\r\n      <\/div>\r\n    [vc_text_separator title=&#8221;Patrocinador&#8221; style=&#8221;double&#8221; css=&#8221;.vc_custom_1729166139858{margin-top: 35px !important;margin-bottom: 15px !important;}&#8221;]\r\n      <div class=\"partners-carousel \"  data-animation=\"fadeInDown\" data-animation-delay=\"300\">\r\n          <div class=\"owl-carousel\" data-auto=\"false\" data-show_nav=\"false\" data-loop=\"false\" data-itemslide=\"2\" data-autoplaytimeout=\"5000\"><div><a href=\"###\" target=\"_blank\"><img decoding=\"async\" src=\"https:\/\/consinter.org\/madrid2024\/wp-content\/uploads\/sites\/35\/2024\/10\/cavesdomjosepacheco.png\" alt=\"Caves Dom Jos\u00e9 Pacheco - Vinhos de Portugal\"\/><\/a><\/div><div><a href=\"https:\/\/www.pereiragionedis.com.br\/\" target=\"_blank\"><img decoding=\"async\" src=\"https:\/\/consinter.org\/madrid2024\/wp-content\/uploads\/sites\/35\/2024\/10\/gionedis-1.png\" alt=\"Pereira e Gion\u00e9dis Advogados\"\/><\/a><\/div><\/div>\r\n      <\/div>\r\n    [vc_text_separator title=&#8221;Conv\u00eanios &#8211; Europa&#8221; style=&#8221;double&#8221; css=&#8221;.vc_custom_1687882502795{margin-top: 35px !important;margin-bottom: 15px !important;}&#8221;]\r\n      <div class=\"partners-carousel \"  data-animation=\"fadeInDown\" data-animation-delay=\"300\">\r\n          <div class=\"owl-carousel\" data-auto=\"true\" data-show_nav=\"true\" data-loop=\"true\" data-itemslide=\"3\" data-autoplaytimeout=\"5000\"><div><a href=\"https:\/\/www.ub.edu\/\" target=\"_blank\"><img decoding=\"async\" src=\"https:\/\/consinter.org\/madrid2024\/wp-content\/uploads\/sites\/35\/2024\/04\/ub.png\" alt=\"UB - Universitat de Barcelona\"\/><\/a><\/div><div><a href=\"https:\/\/www.ucm.es\/\" target=\"_blank\"><img decoding=\"async\" src=\"https:\/\/consinter.org\/madrid2024\/wp-content\/uploads\/sites\/35\/2024\/04\/ucm.png\" alt=\"UCM - Universidad Complutense de Madrid\"\/><\/a><\/div><div><a href=\"https:\/\/www.ubu.es\/\" target=\"_blank\"><img decoding=\"async\" src=\"https:\/\/consinter.org\/madrid2024\/wp-content\/uploads\/sites\/35\/2024\/04\/u-burgos.png\" alt=\"Universidad de Burgos\"\/><\/a><\/div><div><a href=\"https:\/\/www.usal.es\/\" target=\"_blank\"><img decoding=\"async\" src=\"https:\/\/consinter.org\/madrid2024\/wp-content\/uploads\/sites\/35\/2024\/04\/usal.png\" alt=\"Universidad de Salamanca\"\/><\/a><\/div><div><a href=\"https:\/\/www.europeia.pt\/\" target=\"_blank\"><img decoding=\"async\" src=\"https:\/\/consinter.org\/madrid2024\/wp-content\/uploads\/sites\/35\/2024\/04\/ue-lisboa.png\" alt=\"Universidade Europeia\"\/><\/a><\/div><div><a href=\"https:\/\/apmnacional.es\/actualidad\/fundacion-de-la-asociacion-profesiona\/\" target=\"_blank\"><img decoding=\"async\" src=\"https:\/\/consinter.org\/madrid2024\/wp-content\/uploads\/sites\/35\/2024\/04\/fapm.png\" alt=\"Fundaci\u00f3n de la Asociaci\u00f3n Profesional de la Magistratura\"\/><\/a><\/div><div><a href=\"https:\/\/www.forojudicialindependiente.es\/\" target=\"_blank\"><img decoding=\"async\" src=\"https:\/\/consinter.org\/madrid2024\/wp-content\/uploads\/sites\/35\/2024\/04\/fji.png\" alt=\"Asociaci\u00f3n del Foro Judicial Independiente\"\/><\/a><\/div><div><a href=\"https:\/\/idpbarcelona.net\/\" target=\"_blank\"><img decoding=\"async\" src=\"https:\/\/consinter.org\/madrid2024\/wp-content\/uploads\/sites\/35\/2024\/04\/idp-es.png\" alt=\"IDP - Observatorio de Derecho Publico\"\/><\/a><\/div><\/div>\r\n      <\/div>\r\n    [vc_text_separator title=&#8221;Conv\u00eanios Master &#8211; Brasil&#8221; style=&#8221;double&#8221; css=&#8221;.vc_custom_1714507686864{margin-top: 35px !important;margin-bottom: 15px !important;}&#8221;]\r\n      <div class=\"partners-carousel \"  data-animation=\"fadeInDown\" data-animation-delay=\"300\">\r\n          <div class=\"owl-carousel\" data-auto=\"false\" data-show_nav=\"false\" data-loop=\"false\" data-itemslide=\"1\" data-autoplaytimeout=\"5000\"><div><a href=\"https:\/\/abdss.org.br\/\" target=\"_blank\"><img decoding=\"async\" src=\"https:\/\/consinter.org\/madrid2024\/wp-content\/uploads\/sites\/35\/2024\/04\/abdss.png\" alt=\"ABDSS - Academia Brasileira de Direito da Seguridade Social\"\/><\/a><\/div><\/div>\r\n      <\/div>\r\n    [vc_text_separator title=&#8221;Conv\u00eanios &#8211; Brasil&#8221; style=&#8221;double&#8221; css=&#8221;.vc_custom_1687882486064{margin-top: 35px !important;margin-bottom: 15px !important;}&#8221;]\r\n      <div class=\"partners-carousel \"  data-animation=\"fadeInDown\" data-animation-delay=\"300\">\r\n          <div class=\"owl-carousel\" data-auto=\"true\" data-show_nav=\"true\" data-loop=\"true\" data-itemslide=\"3\" data-autoplaytimeout=\"5000\"><div><a href=\"https:\/\/www.amatra1.org.br\/\" target=\"_blank\"><img decoding=\"async\" src=\"https:\/\/consinter.org\/madrid2024\/wp-content\/uploads\/sites\/35\/2024\/04\/amatra1.png\" alt=\"AMATRA1 - Associa\u00e7\u00e3o dos Magistrados da Justi\u00e7a do Trabalho da 1\u00aa Regi\u00e3o\"\/><\/a><\/div><div><a href=\"https:\/\/amaerj.org.br\/\" target=\"_blank\"><img decoding=\"async\" src=\"https:\/\/consinter.org\/madrid2024\/wp-content\/uploads\/sites\/35\/2024\/04\/amaerj.png\" alt=\"AMAERJ - Associa\u00e7\u00e3o de Magistrados do Estado do Rio de Janeiro\"\/><\/a><\/div><div><a href=\"https:\/\/amarn.com.br\/\" target=\"_blank\"><img decoding=\"async\" src=\"https:\/\/consinter.org\/madrid2024\/wp-content\/uploads\/sites\/35\/2024\/04\/amarn.png\" alt=\"AMARN - Associa\u00e7\u00e3o dos Magistrados do Rio Grande do Norte\"\/><\/a><\/div><div><a href=\"https:\/\/www.amapar.com.br\/\" target=\"_blank\"><img decoding=\"async\" src=\"https:\/\/consinter.org\/madrid2024\/wp-content\/uploads\/sites\/35\/2024\/04\/amapar.png\" alt=\"AMAPAR - Associa\u00e7\u00e3o dos Magistrados do Paran\u00e1\"\/><\/a><\/div><div><a href=\"https:\/\/www.apmppr.org.br\/\" target=\"_blank\"><img decoding=\"async\" src=\"https:\/\/consinter.org\/madrid2024\/wp-content\/uploads\/sites\/35\/2024\/04\/apmp.png\" alt=\"APMP - Associa\u00e7\u00e3o Paranaense do Minist\u00e9rio P\u00fablico\"\/><\/a><\/div><div><a href=\"http:\/\/www.amepe.com.br\/\" target=\"_blank\"><img decoding=\"async\" src=\"https:\/\/consinter.org\/madrid2024\/wp-content\/uploads\/sites\/35\/2024\/04\/amepe.png\" alt=\"AMEPE - Associa\u00e7\u00e3o dos Magistrados do Estado de Pernambuco\"\/><\/a><\/div><div><a href=\"https:\/\/www.apajufe.org.br\/\" target=\"_blank\"><img decoding=\"async\" src=\"https:\/\/consinter.org\/madrid2024\/wp-content\/uploads\/sites\/35\/2024\/04\/apajufe.png\" alt=\"APAJUFE - Associa\u00e7\u00e3o Paranaense dos Ju\u00edzes Federais\"\/><\/a><\/div><div><a href=\"https:\/\/www.rejufe.org.br\/\" target=\"_blank\"><img decoding=\"async\" src=\"https:\/\/consinter.org\/madrid2024\/wp-content\/uploads\/sites\/35\/2024\/04\/rejufe.png\" alt=\"REJUFE - Associa\u00e7\u00e3o dos Ju\u00edzes Federais da 5\u00aa Regi\u00e3o\"\/><\/a><\/div><div><a href=\"https:\/\/www.conamp.org.br\/\" target=\"_blank\"><img decoding=\"async\" src=\"https:\/\/consinter.org\/madrid2024\/wp-content\/uploads\/sites\/35\/2024\/04\/conamp.png\" alt=\"CONAMP - Associa\u00e7\u00e3o Nacional dos Membros do Minist\u00e9rio P\u00fablico\"\/><\/a><\/div><div><a href=\"https:\/\/www.esmafe.com\/\" target=\"_blank\"><img decoding=\"async\" src=\"https:\/\/consinter.org\/madrid2024\/wp-content\/uploads\/sites\/35\/2024\/04\/esmafepr.png\" alt=\"ESMAFE-PR - Escola da Magistratura Federal do Paran\u00e1\"\/><\/a><\/div><div><a href=\"https:\/\/www.emap.com.br\/\" target=\"_blank\"><img decoding=\"async\" src=\"https:\/\/consinter.org\/madrid2024\/wp-content\/uploads\/sites\/35\/2024\/04\/emap.png\" alt=\"EMAP - Escola da Magistratura do Paran\u00e1\"\/><\/a><\/div><div><a href=\"http:\/\/www.amatra9.org.br\/\" target=\"_blank\"><img decoding=\"async\" src=\"https:\/\/consinter.org\/madrid2024\/wp-content\/uploads\/sites\/35\/2024\/04\/amatra9.png\" alt=\"Amatra IX - Associa\u00e7\u00e3o dos Magistrados do Trabalho da 9\u00aa Regi\u00e3o\"\/><\/a><\/div><div><a href=\"https:\/\/www.ematra9.org.br\/\" target=\"_blank\"><img decoding=\"async\" src=\"https:\/\/consinter.org\/madrid2024\/wp-content\/uploads\/sites\/35\/2024\/04\/ematra9.png\" alt=\"EMATRA IX - Escola da Associa\u00e7\u00e3o dos Magistrados do Trabalho do Paran\u00e1\"\/><\/a><\/div><div><a href=\"http:\/\/www.ampb.org.br\/\" target=\"_blank\"><img decoding=\"async\" src=\"https:\/\/consinter.org\/madrid2024\/wp-content\/uploads\/sites\/35\/2024\/04\/ampb.png\" alt=\"AMPB - Associa\u00e7\u00e3o dos Magistrados da Para\u00edba\"\/><\/a><\/div><div><a href=\"https:\/\/www.oab.org.br\" target=\"_blank\"><img decoding=\"async\" src=\"https:\/\/consinter.org\/madrid2024\/wp-content\/uploads\/sites\/35\/2024\/04\/oab-nacional.png\" alt=\"OAB Nacional\"\/><\/a><\/div><div><a href=\"https:\/\/www.anadep.org.br\/\" target=\"_blank\"><img decoding=\"async\" src=\"https:\/\/consinter.org\/madrid2024\/wp-content\/uploads\/sites\/35\/2024\/04\/anadep.png\" alt=\"ANADEP - Associa\u00e7\u00e3o Nacional das Defensoras e Defensores P\u00fablicos\"\/><\/a><\/div><div><a href=\"https:\/\/www.aasp.org.br\/\" target=\"_blank\"><img decoding=\"async\" src=\"https:\/\/consinter.org\/madrid2024\/wp-content\/uploads\/sites\/35\/2024\/04\/aasp.png\" alt=\"AASP - Associa\u00e7\u00e3o dos Advogados de S\u00e3o Paulo\"\/><\/a><\/div><div><a href=\"https:\/\/www.facebook.com\/Ibrajus\/\" target=\"_blank\"><img decoding=\"async\" src=\"https:\/\/consinter.org\/madrid2024\/wp-content\/uploads\/sites\/35\/2024\/04\/ibrajus.png\" alt=\"IBRAJUS - Instituto Brasileiro de Administra\u00e7\u00e3o do Sistema Judici\u00e1rio\"\/><\/a><\/div><div><a href=\"https:\/\/www.ibdp.org.br\/\" target=\"_blank\"><img decoding=\"async\" src=\"https:\/\/consinter.org\/madrid2024\/wp-content\/uploads\/sites\/35\/2024\/04\/ibdp.png\" alt=\"IBDP - Instituto Brasileiro de Direito Previdenci\u00e1rio\"\/><\/a><\/div><div><a href=\"https:\/\/iconectadireito.com.br\/\" target=\"_blank\"><img decoding=\"async\" src=\"https:\/\/consinter.org\/madrid2024\/wp-content\/uploads\/sites\/35\/2024\/04\/iconectadireito-b.png\" alt=\"Instituto Conecta Direito\"\/><\/a><\/div><div><a href=\"https:\/\/unisal.br\/\" target=\"_blank\"><img decoding=\"async\" src=\"https:\/\/consinter.org\/madrid2024\/wp-content\/uploads\/sites\/35\/2024\/04\/unisal.png\" alt=\"UNISAL \u2013 Centro Salesiano Universit\u00e1rio de S\u00e3o Paulo\"\/><\/a><\/div><div><a href=\"https:\/\/www.pucsp.br\/\" target=\"_blank\"><img decoding=\"async\" src=\"https:\/\/consinter.org\/madrid2024\/wp-content\/uploads\/sites\/35\/2024\/04\/puc-sp.png\" alt=\"PUC-SP - Pontif\u00edcia Universidade Cat\u00f3lica de S\u00e3o Paulo\"\/><\/a><\/div><div><a href=\"https:\/\/estacio.br\/\" target=\"_blank\"><img decoding=\"async\" src=\"https:\/\/consinter.org\/madrid2024\/wp-content\/uploads\/sites\/35\/2024\/04\/unesa.png\" alt=\"UNESA - Universidade Est\u00e1cio\"\/><\/a><\/div><div><a href=\"https:\/\/www.unipar.br\/\" target=\"_blank\"><img decoding=\"async\" src=\"https:\/\/consinter.org\/madrid2024\/wp-content\/uploads\/sites\/35\/2024\/04\/unipar.png\" alt=\"UNIPAR - Universidade Paranaense\"\/><\/a><\/div><div><a href=\"https:\/\/www.univel.br\" target=\"_blank\"><img decoding=\"async\" src=\"https:\/\/consinter.org\/madrid2024\/wp-content\/uploads\/sites\/35\/2024\/04\/univel.png\" alt=\"UNIVEL - Centro Universit\u00e1rio\"\/><\/a><\/div><div><a href=\"https:\/\/www1.uea.edu.br\/event.php\" target=\"_blank\"><img decoding=\"async\" src=\"https:\/\/consinter.org\/madrid2024\/wp-content\/uploads\/sites\/35\/2024\/04\/uea.png\" alt=\"EUA - Universidade do Estado do Amazonas\"\/><\/a><\/div><div><a href=\"https:\/\/www.idp.edu.br\/\" target=\"_blank\"><img decoding=\"async\" src=\"https:\/\/consinter.org\/madrid2024\/wp-content\/uploads\/sites\/35\/2024\/04\/idp.png\" alt=\"IDP - Instituto Brasileiro de Ensino, Desenvolvimento e Pesquisa\"\/><\/a><\/div><\/div>\r\n      <\/div>\r\n    [vc_text_separator title=&#8221;Operadora de Turismo&#8221; css=&#8221;.vc_custom_1656536802193{margin-top: 35px !important;margin-bottom: 15px !important;}&#8221;]\r\n      <div class=\"partners-carousel \"  data-animation=\"fadeInUp\" data-animation-delay=\"300\">\r\n          <div class=\"owl-carousel\" data-auto=\"false\" data-show_nav=\"false\" data-loop=\"false\" data-itemslide=\"1\" data-autoplaytimeout=\"3000\"><div><a href=\"http:\/\/www.frmviagens.tur.br\/\" target=\"_blank\"><img decoding=\"async\" src=\"https:\/\/consinter.org\/madrid2024\/wp-content\/uploads\/sites\/35\/2024\/04\/frm.png\" alt=\"FRM Operadora de Turismo\"\/><\/a><\/div><\/div>\r\n      <\/div>\r\n    [\/vc_column][\/vc_row][vc_row full_width=&#8221;stretch_row&#8221; section_id=&#8221;price&#8221; css=&#8221;.vc_custom_1714506516761{margin-top: 0px !important;margin-bottom: 0px !important;border-top-width: 0px !important;border-bottom-width: 0px !important;padding-top: 70px !important;padding-bottom: 70px !important;}&#8221; fullwidth=&#8221;no&#8221; el_id=&#8221;price&#8221; parallax_bg=&#8221;0&#8243; stellar_background_ratio=&#8221;0.6&#8243; el_class=&#8221;price light&#8221;][vc_column css=&#8221;.vc_custom_1417502225299{padding-bottom: 10px !important;}&#8221;]\r\n      <h3 class=\"section-title \"><span data-animation=\"flipInY\" data-animation-delay=\"300\" class=\"icon-inner\"><span class=\"fa-stack\"><i class=\"fa crcle fa-stack-2x\"><\/i><i class=\"fa fa-ticket fa-stack-1x\"><\/i><\/span><\/span><span data-animation=\"fadeInRight\" data-animation-delay=\"500\" class=\"title-inner\">Valores <small> \/ seu investimento<\/small><\/span><\/h3>\r\n    [vc_column_text css=&#8221;.vc_custom_1714508633683{padding-bottom: 20px !important;padding-left: 20px !important;}&#8221;]a) Para pagamentos em moeda estrangeira, verificar a cota\u00e7\u00e3o do dia;<\/p>\n<p>b) Verificar os prazos para inscri\u00e7\u00e3o e pagamento, assim como o <em>upload<\/em> da submiss\u00e3o;<\/p>\n<p>c) \u00c9 indispens\u00e1vel o pagamento da inscri\u00e7\u00e3o, dos autores e coautores, no ato da inscri\u00e7\u00e3o, o que dar\u00e1 direito \u00e0 avalia\u00e7\u00e3o do artigo;<\/p>\n<p>d) Ser\u00e3o aceitos artigos em coautoria desde que todos os autores estejam devidamente inscritos, sendo permitido no m\u00e1ximo 03 (tr\u00eas) coautores por artigo;<\/p>\n<p>e) Comunicamos que <strong><u>o CONSINTER N\u00c3O REEMBOLSA PAGAMENTOS EFETUADOS<\/u><\/strong>, mesmo quando os artigos n\u00e3o tenham sido aprovados pelo Conselho Editorial e\/ou Corpo de Pareceristas do CONSINTER;<\/p>\n<p>f) A data da submiss\u00e3o do artigo est\u00e1 condicionada \u00e0 data de inscri\u00e7\u00e3o do(s) autor(es). Em caso de artigos que sejam submetidos fora do prazo em que o autor efetuou a inscri\u00e7\u00e3o, ser\u00e1 cobrada a diferen\u00e7a de valor entre a data da inscri\u00e7\u00e3o e a data da submiss\u00e3o do artigo (item v\u00e1lido para valores promocionais por chamada);<\/p>\n<p>g) Para aqueles que adquiriram somente a submiss\u00e3o do artigo, caso queiram participar do evento ou apresent\u00e1-lo durante o evento do ano corrente, os interessados dever\u00e3o efetuar o pagamento do adicional de participa\u00e7\u00e3o\/apresenta\u00e7\u00e3o dispon\u00edvel no site do CONSINTER no prazo de at\u00e9 sessenta (60) dias antes do evento.[\/vc_column_text][vc_row_inner][vc_column_inner width=&#8221;1\/2&#8243;]\r\n      <div class=\"price-table  nofeature\" data-animation=\"fadeInUp\" data-animation-delay=\"100\">\r\n          <div class=\"price-table-header\">\r\n              <div class=\"price-label-header\">\r\n                  <h3 class=\"price-label-title\">5\u00ba lote - at\u00e9 31\/12<\/h3>\r\n              <\/div>\r\n              <div class=\"price-value\" data-moeda=\"\"><span class=\"price-upper\">Em at\u00e9 <strong>10x<\/strong> de<\/span><span class=\"price-unit\">R$<\/span><span class=\"price-number\">189<\/span><\/div>\r\n          <\/div>\r\n          <div class=\"price-table-rows\"><p><\/p>\n<div class=\"price-table-row\"><i class=\"fa fa-check-circle-o\"><\/i> Valor total de R$1.890,00<\/div>\n<div class=\"price-table-row\"><i class=\"fa fa-check-circle-o\"><\/i>Parcele em at\u00e9 10x<\/div>\n<div class=\"price-table-row\"><i class=\"fa fa-check-circle-o\"><\/i> Somente submiss\u00e3o de artigo para avalia\u00e7\u00e3o<\/div>\n<p><\/p><div class=\"price-table-row-bottom\"><a class=\"btn btn-theme \" href=\"###\" disabled>Encerrado<\/a> <\/div><\/div>\r\n      <\/div>\r\n    [\/vc_column_inner][vc_column_inner width=&#8221;1\/2&#8243;]\r\n      <div class=\"price-table  nofeature\" data-animation=\"fadeInUp\" data-animation-delay=\"100\">\r\n          <div class=\"price-table-header\">\r\n              <div class=\"price-label-header\">\r\n                  <h3 class=\"price-label-title\">Alunos degradua\u00e7\u00e3o - at\u00e9 31\/12<\/h3>\r\n              <\/div>\r\n              <div class=\"price-value\" data-moeda=\"\"><span class=\"price-unit\">R$<\/span><span class=\"price-number\">890<\/span><\/div>\r\n          <\/div>\r\n          <div class=\"price-table-rows\"><p><\/p>\n<div class=\"price-table-row\"><i class=\"fa fa-check-circle-o\"><\/i> Necess\u00e1ria comprova\u00e7\u00e3o de v\u00ednculo com a institui\u00e7\u00e3o conveniada<\/div>\n<div class=\"price-table-row\"><i class=\"fa fa-check-circle-o\"><\/i> Somente submiss\u00e3o de artigo para avalia\u00e7\u00e3o<\/div>\n<p><\/p><div class=\"price-table-row-bottom\"><a class=\"btn btn-theme \" href=\"###\" disabled>Encerrado<\/a> <\/div><\/div>\r\n      <\/div>\r\n    [\/vc_column_inner][\/vc_row_inner][vc_row_inner][vc_column_inner el_class=&#8221;double-row&#8221; width=&#8221;1\/2&#8243;]\r\n      <div class=\"price-table  nofeature\" data-animation=\"fadeInUp\" data-animation-delay=\"100\">\r\n          <div class=\"price-table-header\">\r\n              <div class=\"price-label-header\">\r\n                  <h3 class=\"price-label-title\">Adicional de apresenta\u00e7\u00e3o<\/h3>\r\n              <\/div>\r\n              <div class=\"price-value\" data-moeda=\"\"><span class=\"price-unit\">R$<\/span><span class=\"price-number\">990<\/span><\/div>\r\n          <\/div>\r\n          <div class=\"price-table-rows\"><p><\/p>\n<div class=\"price-table-row\"><i class=\"fa fa-check-circle-o\"><\/i> Artigo previamente inscrito e aprovado.<\/div>\n<div class=\"price-table-row\"><i class=\"fa fa-check-circle-o\"><\/i> O pagamento deve ser efetuado at\u00e9 60 dias antes do evento.<\/div>\n<p><\/p><div class=\"price-table-row-bottom\"><a class=\"btn btn-theme \" href=\"###\" disabled>Encerrado<\/a> <\/div><\/div>\r\n      <\/div>\r\n    [\/vc_column_inner][vc_column_inner width=&#8221;1\/2&#8243;]\r\n      <div class=\"price-table  nofeature\" data-animation=\"fadeInUp\" data-animation-delay=\"100\">\r\n          <div class=\"price-table-header\">\r\n              <div class=\"price-label-header\">\r\n                  <h3 class=\"price-label-title\">Participa\u00e7\u00e3o como ouvinte - at\u00e9 31\/10<\/h3>\r\n              <\/div>\r\n              <div class=\"price-value\" data-moeda=\"\"><span class=\"price-unit\">R$<\/span><span class=\"price-number\">990<\/span><\/div>\r\n          <\/div>\r\n          <div class=\"price-table-rows\"><p><\/p>\n<div class=\"price-table-row\"><i class=\"fa fa-check-circle-o\"><\/i> Participa\u00e7\u00e3o do evento como ouvinte, palestras e grupos de trabalho &#8211; sem a submiss\u00e3o de artigos<\/div>\n<p><\/p><div class=\"price-table-row-bottom\"><a class=\"btn btn-theme \" href=\"###\" disabled>Encerrado<\/a> <\/div><\/div>\r\n      <\/div>\r\n    [\/vc_column_inner][\/vc_row_inner][vc_column_text css=&#8221;&#8221;]<\/p>\n<p style=\"text-align: center;\"><strong>IMPORTANTE:<br \/>\n<\/strong>A submiss\u00e3o do artigo est\u00e1 condicionada ao pagamento da taxa correspondente, destinada exclusivamente ao processamento do trabalho. Todos os autores e coautores devem efetuar o pagamento no ato da inscri\u00e7\u00e3o para que o artigo possa ser encaminhado para a etapa de avalia\u00e7\u00e3o. <strong>Salienta-se que o pagamento da taxa de submiss\u00e3o n\u00e3o implica na garantia de publica\u00e7\u00e3o do artigo<\/strong>, uma vez que este ser\u00e1 submetido a um rigoroso processo de avalia\u00e7\u00e3o por pares (double blind review). Somente os artigos que atenderem integralmente \u00e0s normas do edital e obtiverem aprova\u00e7\u00e3o do Conselho do CONSINTER poder\u00e3o ser publicados.<\/p>\n<p>[\/vc_column_text][\/vc_column][\/vc_row][vc_row full_width=&#8221;stretch_row&#8221; section_id=&#8221;register&#8221; el_id=&#8221;register&#8221; css=&#8221;.vc_custom_1714511799223{padding-top: 70px !important;padding-bottom: 70px !important;}&#8221;][vc_column]\r\n      <h3 class=\"section-title \"><span data-animation=\"flipInY\" data-animation-delay=\"300\" class=\"icon-inner\"><span class=\"fa-stack\"><i class=\"fa crcle fa-stack-2x\"><\/i><i class=\"fa fa-ticket fa-stack-1x\"><\/i><\/span><\/span><span data-animation=\"fadeInRight\" data-animation-delay=\"500\" class=\"title-inner\">Inscreva-se <small> \/ garanta sua vaga<\/small><\/span><\/h3>\r\n    [vc_column_text]<p class=\"datelimit\">Inscri\u00e7\u00f5es encerradas!<\/p>[\/vc_column_text][\/vc_column][\/vc_row][vc_row full_width=&#8221;stretch_row&#8221; section_id=&#8221;picture&#8221; el_id=&#8221;picture&#8221; css=&#8221;.vc_custom_1715101886194{padding-top: 70px !important;padding-bottom: 70px !important;}&#8221; el_class=&#8221;light&#8221;][vc_column]\r\n      <h3 class=\"section-title \"><span data-animation=\"flipInY\" data-animation-delay=\"0\" class=\"icon-inner\"><span class=\"fa-stack\"><i class=\"fa crcle fa-stack-2x\"><\/i><i class=\"fa fa-user fa-stack-1x\"><\/i><\/span><\/span><span data-animation=\"fadeInRight\" data-animation-delay=\"500\" class=\"title-inner\">SOBRE <small> \/ fotos dos simp\u00f3sios anteriores e o local do evento<\/small><\/span><\/h3>\r\n    [vc_gallery type=&#8221;image_grid&#8221; images=&#8221;145,146,147,148,149,150,151,152,153,154,155,156,157,158,159,160,161,162,163,164,165,166,167&#8243; css=&#8221;&#8221;]<a href=\"https:\/\/www.instagram.com\/consinter_\/\" target='_blank' style=\"margin: 20px 0 0 0\"  class=\"btn btn-theme animated flipInY visible   \" data-animation=\"flipInY\" data-animation-delay=\"200\">Veja mais fotos no <i class=\"fa fa-brands fa-instagram\"><\/i><\/a>[vc_zigzag color=&#8221;custom&#8221; custom_color=&#8221;#1a3153&#8243; css=&#8221;.vc_custom_1715179601147{margin-top: 80px !important;}&#8221;][vc_column_text css=&#8221;&#8221;]<strong id=\"ucm\" class=\"subtit\">UNIVERSIDAD COMPLUTENSE DE MADRID &#8211; FACULTAD DE DERECHO<\/strong><\/p>\n<p>Fundada em 1293 em Alcal\u00e1 de Henares, trata-se de uma das mais antigas e prestigiosas universidades europeias e segundo o El Mundo, a Facultad de Derecho que foi fundada em 1842, hoje lidera o ranking universit\u00e1rio nacional com a medalha de Bronze, seu lema \u00e9 &#8220;Libertas Perfundet Omnia Luce&#8221;.<\/p>\n<p>\u00c9 a universidade p\u00fablica considerada uma das mais importantes da Espanha e do mundo de l\u00edngua espanhola.\u00a0 Al\u00e9m disso, \u00e9 atualmente a 3\u00aa maior universidade de ensino presencial da Europa.<\/p>\n<p>Hoje, a Faculdade de Direito da UCM \u00e9 um centro de refer\u00eancia a n\u00edvel internacional dentro dos estudos jur\u00eddicos com professores e alunos de alt\u00edssimo n\u00edvel acad\u00eamico.<\/p>\n<p>Dos oito vencedores espanh\u00f3is do Pr\u00eamio Nobel, sete estudaram ou foram professores na Universidade Complutense.[\/vc_column_text][vc_zigzag color=&#8221;custom&#8221; custom_color=&#8221;#1a3153&#8243; css=&#8221;.vc_custom_1715179611523{margin-top: 80px !important;}&#8221;][vc_column_text css=&#8221;&#8221;]<strong id=\"madrid\" class=\"subtit\">MADRID &#8211; CIDADE-SEDE<\/strong><\/p>\n<p>Madrid \u00e9 o cora\u00e7\u00e3o da Espanha. Centro intelectual, pol\u00edtico e acad\u00eamico.<\/p>\n<p>A cidade \u00e9 espetacular, viva, de avenidas elegantes e parques grandes e bem cuidados.<\/p>\n<p>O cen\u00e1rio gastron\u00f4mico vibrante, com o que h\u00e1 de melhor na cozinha ib\u00e9rica \u2014 tapas, paellas, doces e presuntos, \u00e9 uma atra\u00e7\u00e3o \u00e0 parte. Come-se bem, bebe-se ainda melhor. O vinho aqui \u00e9 tratado com respeito e orgulho.<\/p>\n<p>Shows, espet\u00e1culos e exposi\u00e7\u00f5es s\u00e3o algumas das atra\u00e7\u00f5es da agitada vida cultural madrilenha. H\u00e1 sempre alguma boa mostra em cartaz na cidade<\/p>\n<p>Al\u00e9m disso, eventos esportivos como os jogos dos times locais Atl\u00e9tico de Madri e Real Madrid (com seu \u00f3timo museu) s\u00e3o \u00f3timas op\u00e7\u00f5es para os visitantes.[\/vc_column_text][\/vc_column][\/vc_row][vc_row full_width=&#8221;stretch_row&#8221; section_id=&#8221;contact&#8221; el_id=&#8221;contact&#8221; el_class=&#8221;color&#8221; css=&#8221;.vc_custom_1581518126030{padding-top: 70px !important;padding-bottom: 70px !important;}&#8221;][vc_column]\r\n      <h3 class=\"section-title \"><span data-animation=\"flipInY\" data-animation-delay=\"300\" class=\"icon-inner\"><span class=\"fa-stack\"><i class=\"fa crcle fa-stack-2x\"><\/i><i class=\"fa fa-ticket fa-stack-1x\"><\/i><\/span><\/span><span data-animation=\"fadeInRight\" data-animation-delay=\"500\" class=\"title-inner\">Contato <small> \/ fale conosco<\/small><\/span><\/h3>\r\n    \n<div class=\"wpcf7 no-js\" id=\"wpcf7-f90-o1\" lang=\"pt-BR\" dir=\"ltr\" data-wpcf7-id=\"90\">\n<div class=\"screen-reader-response\"><p role=\"status\" aria-live=\"polite\" aria-atomic=\"true\"><\/p> <ul><\/ul><\/div>\n<form action=\"\/madrid2024\/wp-json\/wp\/v2\/pages\/16#wpcf7-f90-o1\" method=\"post\" class=\"wpcf7-form init\" aria-label=\"Formul\u00e1rios de contato\" novalidate=\"novalidate\" data-status=\"init\">\n<fieldset class=\"hidden-fields-container\"><input type=\"hidden\" name=\"_wpcf7\" value=\"90\" \/><input type=\"hidden\" name=\"_wpcf7_version\" value=\"6.1.5\" \/><input type=\"hidden\" name=\"_wpcf7_locale\" value=\"pt_BR\" \/><input type=\"hidden\" name=\"_wpcf7_unit_tag\" value=\"wpcf7-f90-o1\" \/><input type=\"hidden\" name=\"_wpcf7_container_post\" value=\"0\" \/><input type=\"hidden\" name=\"_wpcf7_posted_data_hash\" value=\"\" \/>\n<\/fieldset>\n<p><span class=\"wpcf7-form-control-wrap\" data-name=\"your-name\"><input size=\"40\" maxlength=\"400\" class=\"wpcf7-form-control wpcf7-text wpcf7-validates-as-required form-control\" aria-required=\"true\" aria-invalid=\"false\" placeholder=\"Seu nome\" value=\"\" type=\"text\" name=\"your-name\" \/><\/span>\n<\/p>\n<p><span class=\"wpcf7-form-control-wrap\" data-name=\"your-email\"><input size=\"40\" maxlength=\"400\" class=\"wpcf7-form-control wpcf7-email wpcf7-validates-as-required wpcf7-text wpcf7-validates-as-email form-control\" aria-required=\"true\" aria-invalid=\"false\" placeholder=\"Seu e-mail\" value=\"\" type=\"email\" name=\"your-email\" \/><\/span>\n<\/p>\n<p><span class=\"wpcf7-form-control-wrap\" data-name=\"your-subject\"><input size=\"40\" maxlength=\"400\" class=\"wpcf7-form-control wpcf7-text wpcf7-validates-as-required form-control\" aria-required=\"true\" aria-invalid=\"false\" placeholder=\"Assunto\" value=\"\" type=\"text\" name=\"your-subject\" \/><\/span>\n<\/p>\n<p><span class=\"wpcf7-form-control-wrap\" data-name=\"your-message\"><textarea cols=\"40\" rows=\"10\" maxlength=\"2000\" class=\"wpcf7-form-control wpcf7-textarea wpcf7-validates-as-required form-control\" aria-required=\"true\" aria-invalid=\"false\" placeholder=\"Sua mensagem\" name=\"your-message\"><\/textarea><\/span>\n<\/p>\n<p>&nbsp;\n<\/p>\n<p><input class=\"wpcf7-form-control wpcf7-submit has-spinner form-button form-button-submit btn btn-theme btn-theme-lg btn-theme-transparent\" type=\"submit\" value=\"Enviar\" \/>\n<\/p><div class=\"wpcf7-response-output\" aria-hidden=\"true\"><\/div>\n<\/form>\n<\/div>\n[\/vc_column][\/vc_row]<\/p>\n<\/div>","protected":false},"excerpt":{"rendered":"<p>[vc_row full_width=&#8221;stretch_row&#8221; fullwidth=&#8221;no&#8221; bg_image_custom=&#8221;121&#8243; el_id=&#8221;home&#8221; css=&#8221;.vc_custom_1718655068744{margin-top: 0px !important;margin-bottom: 0px !important;border-top-width: 0px !important;border-bottom-width: 0px !important;padding-top: 0px !important;padding-bottom: 0px !important;background-image: url(http:\/\/consinter.org\/madrid2024\/wp-content\/uploads\/sites\/35\/2024\/05\/madrid-bg.jpg?id=125) !important;background-position: center !important;background-repeat: no-repeat !important;background-size: cover !important;}&#8221; parallax_bg=&#8221;1&#8243; stellar_background_ratio=&#8221;0.6&#8243;][vc_column css=&#8221;.vc_custom_1417507329606{padding-bottom: 0px !important;}&#8221;][\/vc_column][\/vc_row][vc_row full_width=&#8221;stretch_row&#8221; section_id=&#8221;video&#8221; parallax_bg=&#8221;0&#8243; stellar_background_ratio=&#8221;0.6&#8243; css=&#8221;.vc_custom_1717184597683{margin-top: 0px !important;margin-bottom: 0px !important;border-top-width: 0px !important;border-bottom-width:<\/p>\n","protected":false},"author":3,"featured_media":0,"parent":0,"menu_order":0,"comment_status":"closed","ping_status":"closed","template":"home_template.php","meta":{"_acf_changed":false,"footnotes":""},"class_list":["post-16","page","type-page","status-publish","hentry"],"acf":[],"_links":{"self":[{"href":"https:\/\/consinter.org\/madrid2024\/wp-json\/wp\/v2\/pages\/16","targetHints":{"allow":["GET"]}}],"collection":[{"href":"https:\/\/consinter.org\/madrid2024\/wp-json\/wp\/v2\/pages"}],"about":[{"href":"https:\/\/consinter.org\/madrid2024\/wp-json\/wp\/v2\/types\/page"}],"author":[{"embeddable":true,"href":"https:\/\/consinter.org\/madrid2024\/wp-json\/wp\/v2\/users\/3"}],"replies":[{"embeddable":true,"href":"https:\/\/consinter.org\/madrid2024\/wp-json\/wp\/v2\/comments?post=16"}],"version-history":[{"count":1,"href":"https:\/\/consinter.org\/madrid2024\/wp-json\/wp\/v2\/pages\/16\/revisions"}],"predecessor-version":[{"id":368,"href":"https:\/\/consinter.org\/madrid2024\/wp-json\/wp\/v2\/pages\/16\/revisions\/368"}],"wp:attachment":[{"href":"https:\/\/consinter.org\/madrid2024\/wp-json\/wp\/v2\/media?parent=16"}],"curies":[{"name":"wp","href":"https:\/\/api.w.org\/{rel}","templated":true}]}}