{"id":16,"date":"2024-04-30T11:23:59","date_gmt":"2024-04-30T14:23:59","guid":{"rendered":"https:\/\/consinter.org\/madrid2024\/?page_id=16"},"modified":"2025-02-13T13:51:41","modified_gmt":"2025-02-13T16:51:41","slug":"home","status":"publish","type":"page","link":"https:\/\/consinter.org\/madrid2024\/es\/","title":{"rendered":"Home"},"content":{"rendered":"<div class=\"wpb-content-wrapper\"><p>[vc_row full_width=&#8221;stretch_row&#8221; section_id=&#8221;home&#8221; fullwidth=&#8221;no&#8221; bg_image_custom=&#8221;121&#8243; el_id=&#8221;home&#8221; css=&#8221;.vc_custom_1715094213391{margin-top: 0px !important;margin-bottom: 0px !important;border-top-width: 0px !important;border-bottom-width: 0px !important;padding-top: 0px !important;padding-bottom: 0px !important;background-image: url(http:\/\/consinter.org\/madrid2024\/wp-content\/uploads\/sites\/35\/2024\/05\/madrid-bg.jpg?id=125) !important;background-position: center !important;background-repeat: no-repeat !important;background-size: cover !important;}&#8221; parallax_bg=&#8221;1&#8243; stellar_background_ratio=&#8221;0.6&#8243;][vc_column css=&#8221;.vc_custom_1417507329606{padding-bottom: 0px !important;}&#8221;]<div id=\"main-slider\" data-height_desk=\"fullheight\" data-height_ipad=\"640px\" data-height_mobile=\"300px\" data-loop=\"false\" data-auto_slider=\"false\" data-duration=\"3000\" data-navigation=\"false\"  class=\"owl-carousel owl-theme \"><div class=\"item page text-center slide0\">\r\n                    <div class=\"caption\">\r\n                            <div class=\"div-table\">\r\n                                <div class=\"div-cell\"><h2 class=\"caption-title\" data-animation=\"fadeInDown\" data-animation-delay=\"100\"><span>del 13 al 15 de noviembre de 2024<\/span><\/h2><h3 class=\"caption-subtitle\" data-animation=\"fadeInUp\" data-animation-delay=\"300\">XI Simposio Internacional CONSINTER \/ Universidad Complutense de Madrid<\/h3><div class=\"countdown-wrapper\">\r\n                            <div class=\"defaultCountdown clearfix\" \r\n                                       data-years=anos data-months=meses data-weeks=\"semanas\" data-days=\"dias\" data-hours=\"horas\" data-minutes=\"minutos\" data-seconds=\"segundos\" \r\n                                       data-year=ano data-month=m\u00eas data-week=\"semana\" data-day=\"dia\" data-hour=\"hora\" data-minute=\"minuto\" data-second=\"segundo\" \r\n                                       data-end_date_y = \"2024\" data-end_date_m=\"11\" data-end_date_d=\"13\" \r\n                                       data-end_date_h = \"01\" data-end_date_i = \"00\" \r\n                                       data-timezone = \"0\" data-display_format=\"dHMS\"\r\n                            ><\/div>\r\n                        <\/div><\/div><\/div><\/div><\/div><\/div>\r\n      <div class=\"event-description \">        \r\n        <div class=\"event-background\" style=\"background-color:#0d1d31\">\r\n            <div class=\"container-fluid\">\r\n                <div class=\"row\">\r\n                    \r\n            <div class=\"col-md-6\">\r\n              <div class=\"media \">\r\n                          <span class=\"pull-left\">\r\n                              <i class=\"fa fa-calendar fa-2x\"><\/i>\r\n                          <\/span>\r\n                  <div class=\"media-body\">\r\n                      <h4 class=\"media-heading\">Fecha del Simposio<\/h4>\r\n                      <span>13 a 15 de noviembre de 2024<\/span>\r\n                  <\/div>\r\n              <\/div>\r\n            <\/div>\r\n    \r\n            <div class=\"col-md-6\">\r\n              <div class=\"media \">\r\n                          <span class=\"pull-left\">\r\n                              <i class=\"fa fa-map-marker fa-2x\"><\/i>\r\n                          <\/span>\r\n                  <div class=\"media-body\">\r\n                      <h4 class=\"media-heading\">Local<\/h4>\r\n                      <span>Universidade Complutense de Madrid<\/span>\r\n                  <\/div>\r\n              <\/div>\r\n            <\/div>\r\n    \r\n                <\/div>\r\n            <\/div>        \r\n        <\/div>\r\n    <\/div>\r\n    [\/vc_column][\/vc_row][vc_row full_width=&#8221;stretch_row&#8221; section_id=&#8221;video&#8221; parallax_bg=&#8221;0&#8243; stellar_background_ratio=&#8221;0.6&#8243; css=&#8221;.vc_custom_1717184559845{margin-top: 0px !important;margin-bottom: 0px !important;border-top-width: 0px !important;border-bottom-width: 0px !important;padding-top: 0px !important;padding-bottom: 0px !important;}&#8221;][vc_column width=&#8221;1\/2&#8243;][vc_video link=&#8221;https:\/\/youtu.be\/c2spv7ab6m8&#8243; el_aspect=&#8221;43&#8243; align=&#8221;center&#8221; css=&#8221;.vc_custom_1724704054603{margin-bottom: 50px !important;}&#8221;][\/vc_column][vc_column width=&#8221;1\/2&#8243;][vc_video link=&#8221;https:\/\/youtu.be\/jmLOnI39KyU&#8221; el_aspect=&#8221;43&#8243; align=&#8221;center&#8221; css=&#8221;.vc_custom_1725045912399{margin-bottom: 50px !important;}&#8221;][\/vc_column][\/vc_row][vc_row section_id=&#8221;about&#8221; css=&#8221;.vc_custom_1714514369180{margin-top: 0px !important;margin-bottom: 0px !important;border-top-width: 0px !important;border-bottom-width: 0px !important;padding-top: 70px !important;padding-bottom: 00px !important;}&#8221; fullwidth=&#8221;no&#8221; el_id=&#8221;about&#8221; parallax_bg=&#8221;0&#8243; stellar_background_ratio=&#8221;0.6&#8243;][vc_column css=&#8221;.vc_custom_1417501673381{padding-bottom: 40px !important;}&#8221;]\r\n      <h3 class=\"section-title \"><span data-animation=\"flipInY\" data-animation-delay=\"0\" class=\"icon-inner\"><span class=\"fa-stack\"><i class=\"fa crcle fa-stack-2x\"><\/i><i class=\"fa fa-star fa-stack-1x\"><\/i><\/span><\/span><span data-animation=\"fadeInRight\" data-animation-delay=\"500\" class=\"title-inner\">EL SIMPOSIO <small> \/ objetivo, justificaci\u00f3n, audiencia e informaci\u00f3n \u00fatil<\/small><\/span><\/h3>\r\n    [\/vc_column][vc_column][vc_column_text css=&#8221;.vc_custom_1730989253567{margin-bottom: 15px !important;}&#8221;]<\/p>\n<p class=\"alignright selos\"><img decoding=\"async\" class=\"shadow\" style=\"margin-right: 10px;\" src=\"http:\/\/consinter.org\/madrid2024\/wp-content\/uploads\/sites\/35\/2024\/05\/300X300-SELOS-QUALIS-A3-DOURADO.png\" alt=\"\" width=\"200\" height=\"auto\" \/><img loading=\"lazy\" decoding=\"async\" class=\"alignnone wp-image-131\" src=\"http:\/\/consinter.org\/madrid2024\/wp-content\/uploads\/sites\/35\/2024\/05\/SELO-SPI-DOURADO-PTBR-COM-NOME-EDITORA.png\" alt=\"\" width=\"200\" height=\"200\" srcset=\"https:\/\/consinter.org\/madrid2024\/wp-content\/uploads\/sites\/35\/2024\/05\/SELO-SPI-DOURADO-PTBR-COM-NOME-EDITORA.png 300w, https:\/\/consinter.org\/madrid2024\/wp-content\/uploads\/sites\/35\/2024\/05\/SELO-SPI-DOURADO-PTBR-COM-NOME-EDITORA-150x150.png 150w, https:\/\/consinter.org\/madrid2024\/wp-content\/uploads\/sites\/35\/2024\/05\/SELO-SPI-DOURADO-PTBR-COM-NOME-EDITORA-100x100.png 100w\" sizes=\"auto, (max-width: 200px) 100vw, 200px\" \/><\/p>\n<p class=\"alignright selos\"><img decoding=\"async\" style=\"margin-right: 10px;\" src=\"https:\/\/consinter.org\/edital2023\/wp-content\/uploads\/sites\/31\/2023\/01\/revista-g-211x300.jpg\" alt=\"\" width=\"200\" height=\"auto\" \/><img decoding=\"async\" src=\"https:\/\/consinter.org\/edital2023\/wp-content\/uploads\/sites\/31\/2023\/01\/livro-g-211x300.jpg\" alt=\"\" width=\"200\" height=\"auto\" \/><\/p>\n<p><strong>1. NOMENCLATURA<\/strong><\/p>\n<p>El <em>Conselho Internacional de Estudos Contempor\u00e2neos em P\u00f3s-Gradua\u00e7\u00e3<\/em>o\u00a0 es una instituci\u00f3n sin fines de lucro, que tiene como objetivo promover la autonom\u00eda individual para que, de manera constructiva e integradora, el individuo pueda mejorar su propio destino y el de la sociedad en general.<\/p>\n<p>Con el objetivo de extender una invitaci\u00f3n abierta para un gran evento internacional, CONSINTER celebra anualmente en Espa\u00f1a, Simposios de Derecho en los que los participantes pueden presentar de forma oral sus\u00a0 contribuciones cient\u00edficas originales\u00a0 con posibilidad de publicaci\u00f3n en una de sus obras oficiales internacionales, valorando su \u00a0publicaci\u00f3n tanto en Europa como en\u00a0 Brasil. Estas obras son:<em>\u00a0\u00a0\u00a0\u00a0\u00a0\u00a0\u00a0\u00a0\u00a0\u00a0\u00a0\u00a0\u00a0\u00a0\u00a0\u00a0\u00a0\u00a0\u00a0\u00a0\u00a0\u00a0\u00a0\u00a0\u00a0\u00a0\u00a0\u00a0\u00a0\u00a0\u00a0\u00a0\u00a0\u00a0\u00a0\u00a0\u00a0\u00a0\u00a0\u00a0\u00a0\u00a0\u00a0\u00a0\u00a0\u00a0\u00a0\u00a0\u00a0\u00a0\u00a0\u00a0\u00a0\u00a0\u00a0\u00a0\u00a0\u00a0\u00a0\u00a0\u00a0\u00a0\u00a0\u00a0\u00a0\u00a0\u00a0\u00a0\u00a0\u00a0\u00a0\u00a0\u00a0\u00a0\u00a0\u00a0\u00a0\u00a0\u00a0\u00a0\u00a0\u00a0\u00a0\u00a0\u00a0\u00a0\u00a0\u00a0\u00a0\u00a0\u00a0\u00a0\u00a0\u00a0\u00a0\u00a0\u00a0\u00a0\u00a0\u00a0\u00a0\u00a0\u00a0\u00a0\u00a0\u00a0\u00a0\u00a0\u00a0\u00a0\u00a0\u00a0\u00a0\u00a0\u00a0\u00a0\u00a0\u00a0\u00a0\u00a0\u00a0\u00a0\u00a0\u00a0\u00a0\u00a0\u00a0\u00a0\u00a0\u00a0\u00a0\u00a0\u00a0\u00a0\u00a0\u00a0\u00a0\u00a0\u00a0\u00a0\u00a0\u00a0 <\/em><\/p>\n<p>La <em>Revista Internacional CONSINTER de Direito <\/em><u>con <strong><em>Qualis A3<\/em><\/strong><\/u>, y el Libro <em>Direito e Justi\u00e7a<\/em>, ambos publicados por la Editorial Juru\u00e1, la \u00fanica editora lusobrasile\u00f1a que consta en el SPI (Scholarly Publishers Indicators), ranking internacional que indica el prestigio editorial y califica el \u00edndice de impacto de todas las editoras que est\u00e1n presentes en Espa\u00f1a.<\/p>\n<p>Este a\u00f1o se celebrar\u00e1 la 11\u00aa edici\u00f3n del\u00a0 Simposio de CONSINTER, en la bella ciudad de Madrid.<\/p>\n<p>XI Simposio Internacional de Derecho CONSINTER 2024<br \/>\nDe 13 a 15 de noviembre de 2024 \u2013 Evento presencial.<\/p>\n<p><strong id=\"coordenadores\">\u00a0<\/strong><\/p>\n<p><strong>\u00a0<\/strong><\/p>\n<p><strong>2. SOBRE LOS COORDINADORES<\/strong><\/p>\n<p><strong>Coordinador cient\u00edfico: <\/strong><\/p>\n<p>Faustino Mart\u00ednez-Mart\u00ednez \u2013 Catedr\u00e1tico de Historia del Derecho y de las Instituciones, Director del Instituto de Metodolog\u00eda e Historia de la Ciencia Jur\u00eddica y Vicedecano de Investigaci\u00f3n y Pol\u00edtica Cient\u00edfica de la Facultad de Derecho de la Universidad Complutense de Madrid.<\/p>\n<p>Coordinador del Simposio desde el a\u00f1o de 2020, organizador del libro de CONSINTER <em>Direito e Justi\u00e7a<\/em> y miembro del Consejo Editorial del CONSINTER. <a href=\"https:\/\/www.ucm.es\/iudc\/file\/prof.-dr.-faustino-martinez-martinez?ver\" target=\"_blank\" rel=\"noopener\">Enlace<\/a>.<\/p>\n<p>Ignacio Garc\u00eda Vitoria \u2013 Profesor Doctor de Derecho Constitucional de la Universidad Complutense de Madrid, es secretario de la Revista Espa\u00f1ola de Derecho Europeo. Miembro del Instituto de Derecho Parlamentario y del Instituto de Derecho Europeo e Integraci\u00f3n Regional. Miembro de Junta de Facultad y de Claustro.<\/p>\n<p>Coordinador del Simposio desde el a\u00f1o de 2016, organizador del libro del CONSINTER <em>Direito e Justi\u00e7<\/em>a y miembro del Consejo Editorial del CONSINTER. <a href=\"https:\/\/www.ucm.es\/dpto-derechoconstitucional\/garcia-vitoria,-ignacio\" target=\"_blank\" rel=\"noopener\">Enlace<\/a>.<\/p>\n<p>&nbsp;<\/p>\n<p><strong>Coordinador acad\u00e9mico: <\/strong><\/p>\n<p>Ant\u00f4nio C\u00e9sar Bochenek <em>\u2013 <\/em>Profesor Doctor de la<em> Universidade Estadual de Ponta Grossa \u2013 UEPG, da Escola Nacional de Forma\u00e7\u00e3o e Aperfei\u00e7oamento de Magistrados \u2013 ENFAM, <\/em>Juez Federa<em>l de TRF 4\u00aa Regi\u00e3o, Brasil. <\/em><\/p>\n<p>Codirector de la <em>Revista Internacional CONSINTER de Direito<\/em> \u2013 Qualis A3 y Autor de diversas obras de Juru\u00e1 Editora y Editorial Juru\u00e1 y miembro del Consejo Editorial de Juru\u00e1 Editora. <a href=\"http:\/\/lattes.cnpq.br\/0608852995858304\" target=\"_blank\" rel=\"noopener\">enlace<\/a>.<\/p>\n<p><strong id=\"sobre-o-simposio\">\u00a0<\/strong><\/p>\n<p><strong>\u00a0<\/strong><\/p>\n<p><strong>3. SOBRE EL SIMPOSIO<\/strong><\/p>\n<p>El Simposio contar\u00e1 con conferencias de profesores y juristas internacionales y nacionales, grupos de trabajo con enriquecedoras presentaciones orales de art\u00edculos cient\u00edficos desarrollados por juristas, reuniendo profesores y estudiantes de pregrado, postgrado (posgraduados, maestros y doctorados), investigadores, abogados, magistrados, miembros del Ministerio P\u00fablico brasile\u00f1o e iberoamericano, donde discutir\u00e1n los resultados de sus trabajos, adem\u00e1s de intercambiar conocimientos.<\/p>\n<p>La participaci\u00f3n puede ser:<\/p>\n<ul>\n<li>Con el env\u00edo de art\u00edculo cient\u00edfico para publicaci\u00f3n.<\/li>\n<li>Con el env\u00edo de art\u00edculo cient\u00edfico para publicaci\u00f3n + presentaci\u00f3n oral del art\u00edculo cient\u00edfico, desde que aprobado en el simposio del a\u00f1o en curso.<\/li>\n<li>Como oyente (sin el env\u00edo de art\u00edculos) con la oportunidad de debatir sobre los m\u00e1s variados temas e intercambiar conocimiento.<\/li>\n<\/ul>\n<p>El Simposio CONSINTER\u00a0 es reconocido por todos como el encuentro m\u00e1s representativo\u00a0 que se celebra en Espa\u00f1a, reuniendo a juristas iberoamericanos y europeos.<\/p>\n<p>Adem\u00e1s de este honorable reconocimiento, el Simposio propicia un eficaz y fruct\u00edfero encuentro e integraci\u00f3n de los operadores jur\u00eddicos, herederos de la cultura lusoespa\u00f1ola.<\/p>\n<p>Es una oportunidad excepcional para la presentaci\u00f3n y publicaci\u00f3n de estudios cient\u00edficos in\u00e9ditos y la creaci\u00f3n de <em>networking<\/em> internacional.<\/p>\n<p>Por otra parte, CONSINTER y Juru\u00e1 ofrecen la oportunidad a los autores, coordinadores, directores y\/o colaboradores de obras de Juru\u00e1 Brasil o Europa, de lanzar sus obras en una hermosa ma\u00f1ana de aut\u00f3grafos durante el Simposio.<\/p>\n<p><strong id=\"lancamentos\">\u00a0<\/strong><\/p>\n<p><strong>\u00a0<\/strong><\/p>\n<p><strong>4. LANZAMIENTOS DE OBRAS JURU\u00c1 BRASIL O EUROPA<\/strong><\/p>\n<p>Invitaci\u00f3n especial a quienes hacen parte de la selecta lista de autores de Editora Juru\u00e1, tambi\u00e9n como coordinador, director y colaborador de obras da publicadas por Juru\u00e1 Brasil y\/o Europa, a participar de la Ma\u00f1ana de Lanzamientos y Aut\u00f3grafos.<\/p>\n<p><strong>Fecha:<\/strong> 16 de noviembre de 2023.<\/p>\n<p><strong>Hor\u00e1rio:<\/strong> 11:00hs durante el <em>coffee break.<\/em><\/p>\n<p><strong>Local:<\/strong> <em>Facultad de Derecho \u2013 Universidad Complutense de Madrid \u2013\u00a0Ciudad Universitaria<br \/>\n<\/em>Entrada por la Avenida de la Complutense S\/N &#8211; Edificio de departamentos &#8211; Localizaci\u00f3n: <a href=\"https:\/\/maps.app.goo.gl\/Fv1Bjcm8mLYUVCtY6\" target=\"_blank\" rel=\"noopener noreferrer\">https:\/\/maps.app.goo.gl\/Fv1Bjcm8mLYUVCtY6<\/a><\/p>\n<p>Para que su obra pueda ser incluida en el programa y en los materiales publicitarios es imprescindible que confirme su presencia hasta el 31 de agosto trav\u00e9s del correo electr\u00f3nico <a href=\"mailto:contato@consinter.org\">contato@consinter.org<\/a>.<\/p>\n<p><strong id=\"edital-de-artigos\">\u00a0<\/strong><\/p>\n<p><strong>\u00a0<\/strong><\/p>\n<p><strong>5. CONVOCATORIA DE ART\u00cdCULOS<\/strong><\/p>\n<p>La presente Convocatoria\/Simposio abre la llamada para la sumisi\u00f3n de art\u00edculos cient\u00edficos para presentaci\u00f3n oral y posible publicaci\u00f3n en alguna de las obras oficiales internacionales del CONSINTER en ediciones posteriores, siempre que sean aprobados.<\/p>\n<p>Se aceptar\u00e1n trabajos de todas las \u00e1reas del Derecho\u00a0 redactados en cualquiera de los 5 idiomas a continuaci\u00f3n: portugu\u00e9s, espa\u00f1ol, ingl\u00e9s, franc\u00e9s e italiano, de acuerdo al \u00edtem 8 sobre la clasificaci\u00f3n del art\u00edculo.<\/p>\n<p>Los art\u00edculos ser\u00e1n analizados por el Cuerpo de Evaluadores\/Consejo Editorial de CONSINTER a trav\u00e9s del sistema de revisi\u00f3n por pares y a ciegas, si son aprobados ser\u00e1n publicados en una de las obras oficiales internacionales del CONSINTER y podr\u00e1n ser presentados oralmente durante el XI Simposio de CONSITNER \u20132024, previo pago de la tarifa adicional de participaci\u00f3n\/presentaci\u00f3n del art\u00edculo en el evento,\u00a0\u00a0\u00a0\u00a0 el cual podr\u00e1 realizarse en el momento de la inscripci\u00f3n o hasta 60 d\u00edas antes del evento, seg\u00fan las condiciones establecidas en el \u00edtem de la convocatoria en\u00ba <strong><u>13. PLAZOS DE ENV\u00cdO.<\/u><\/strong><\/p>\n<p>La publicaci\u00f3n de los art\u00edculos cient\u00edficos no depende de su presentaci\u00f3n en el evento.<\/p>\n<p>Las obras oficiales internacionales del CONSINTER son:<\/p>\n<ul>\n<li><em>Revista Internacional CONSINTER de Direito (Qualis A3)<\/em>, con ISSN europeo y n\u00famero DOI y el<\/li>\n<li><em>L<\/em>ibro <em>Direito e Justi\u00e7a<\/em> con tres ISBN diferentes, europeo, brasile\u00f1o y digital.<\/li>\n<\/ul>\n<p><strong id=\"indexadores\">\u00a0<\/strong><\/p>\n<p><strong>\u00a0<\/strong><\/p>\n<p><strong>6. INDEXADORES<\/strong><\/p>\n<p>La <em>Revista Internacional de Direito CONSINTER (QualisA3)<\/em> est\u00e1 indexada en las siguientes bases de datos nacionales e internacionales, como:<\/p>\n<div data-post-id=\"175\" class=\"insert-page insert-page-175 \"><table class=\"table-indexers\" style=\"border-spacing: 20px; border-collapse: separate; width: 100%; background-color: #ffffff;\">\n<tbody>\n<tr style=\"height: 60px;\">\n<td style=\"width: 20%; text-align: center; max-height: 60px;\"><a href=\"https:\/\/scholar.google.com\/citations?hl=pt-BR&amp;view_op=search_venues&amp;vq=Consinter&amp;btnG=\" target=\"_blank\" rel=\"noopener noreferrer\"><img decoding=\"async\" class=\"alignnone\" style=\"text-align: center; max-width: 100%; height: auto;\" src=\"https:\/\/consinter.org\/online2021\/wp-content\/uploads\/sites\/28\/2021\/07\/google-scholar.png\" alt=\"\" \/><\/a><\/td>\n<td style=\"width: 20%; text-align: center; max-height: 60px;\"><a href=\"http:\/\/scielo.pt\/scielo.php?script=sci_serial&amp;lng=pt&amp;pid=2183-9522\" target=\"_blank\" rel=\"noopener noreferrer\"><img decoding=\"async\" class=\"alignnone\" style=\"text-align: center; max-width: 100%; height: auto;\" src=\"https:\/\/consinter.org\/online2021\/wp-content\/uploads\/sites\/28\/2021\/07\/scielo-portugal.png\" alt=\"\" \/><\/a><\/td>\n<td style=\"width: 20%; text-align: center; max-height: 60px;\"><a href=\"https:\/\/www.latindex.org\/latindex\/Solr\/Busqueda?idModBus=0&amp;buscar=consinter&amp;submit=Buscar\" target=\"_blank\" rel=\"noopener noreferrer\"><img decoding=\"async\" class=\"alignnone\" style=\"text-align: center; max-width: 100%; height: auto;\" src=\"https:\/\/consinter.org\/wp-content\/uploads\/2023\/05\/latindex.png\" alt=\"\" \/><\/a><\/td>\n<td style=\"width: 20%; text-align: center; max-height: 60px;\"><a href=\"https:\/\/miar.ub.edu\/issn\/2183-6396\" target=\"_blank\" rel=\"noopener noreferrer\"><img decoding=\"async\" class=\"alignnone\" style=\"text-align: center; max-width: 100%; height: auto;\" src=\"https:\/\/consinter.org\/wp-content\/uploads\/2023\/05\/miar.png\" alt=\"\" \/><\/a><\/td>\n<td style=\"width: 20%; text-align: center; max-height: 60px;\"><a href=\"https:\/\/sumarios.org\/revista\/revista-internacional-consinter-de-direito\" target=\"_blank\" rel=\"noopener noreferrer\"><img decoding=\"async\" class=\"alignnone\" style=\"text-align: center; max-width: 100%; height: auto;\" src=\"https:\/\/consinter.org\/wp-content\/uploads\/2023\/05\/sumarios.png\" alt=\"\" \/><\/a><\/td>\n<\/tr>\n<tr style=\"height: 60px;\">\n<td style=\"width: 20%; text-align: center; max-height: 60px;\"><a href=\"https:\/\/www.redib.org\/Record\/oai_revista3194-revista-internacional-consinter-de-direito\" target=\"_blank\" rel=\"noopener noreferrer\"><img decoding=\"async\" class=\"alignnone\" style=\"text-align: center; max-width: 100%; height: auto;\" src=\"https:\/\/consinter.org\/wp-content\/uploads\/2023\/05\/redib.png\" alt=\"\" \/><\/a><\/td>\n<td style=\"width: 20%; text-align: center; max-height: 60px;\"><a href=\"https:\/\/rnp-primo.hosted.exlibrisgroup.com\/permalink\/f\/1iiff92\/CAPES_SFX_OPEN3710000001416941\" target=\"_blank\" rel=\"noopener noreferrer\"><img decoding=\"async\" class=\"alignnone\" style=\"text-align: center; max-width: 100%; height: auto;\" src=\"https:\/\/consinter.org\/wp-content\/uploads\/2023\/05\/capes.png\" alt=\"\" \/><\/a><\/td>\n<td style=\"width: 20%; text-align: center; max-height: 60px;\"><a href=\"http:\/\/biblioteca2.senado.gov.br:8991\/F\" target=\"_blank\" rel=\"noopener noreferrer\"><img decoding=\"async\" class=\"alignnone\" style=\"text-align: center; max-width: 100%; height: auto;\" src=\"https:\/\/consinter.org\/wp-content\/uploads\/2023\/05\/rvbi.png\" alt=\"\" \/><\/a><\/td>\n<td style=\"width: 20%; text-align: center; max-height: 60px;\"><a href=\"\/\/livre.cnen.gov.br\" target=\"_blank\" rel=\"noopener noreferrer\"><img decoding=\"async\" class=\"alignnone\" style=\"text-align: center; max-width: 100%; height: auto;\" src=\"https:\/\/consinter.org\/wp-content\/uploads\/2023\/05\/livre.png\" alt=\"\" \/><\/a><\/td>\n<td style=\"width: 20%; text-align: center; max-height: 60px;\"><a href=\"https:\/\/www.citefactor.org\/journal\/index\/23186\/revista-internacional-consinter-de-direito#.YZzk0tDMK70\" target=\"_blank\" rel=\"noopener noreferrer\"><img decoding=\"async\" class=\"alignnone\" style=\"text-align: center; max-width: 100%; height: auto;\" src=\"https:\/\/consinter.org\/wp-content\/uploads\/2023\/05\/citefactor.png\" alt=\"\" \/><\/a><\/td>\n<\/tr>\n<tr style=\"height: 60px;\">\n<td style=\"width: 20%; text-align: center; max-height: 60px;\"><\/td>\n<td style=\"width: 20%; text-align: center; max-height: 60px;\"><a href=\"https:\/\/www.tse.jus.br\/institucional\/biblioteca\" target=\"_blank\" rel=\"noopener noreferrer\"><img decoding=\"async\" class=\"alignnone\" style=\"text-align: center; max-width: 100%; height: auto;\" src=\"https:\/\/consinter.org\/online2021\/wp-content\/uploads\/sites\/28\/2021\/07\/tse.png\" alt=\"\" \/><\/a><\/td>\n<td style=\"width: 20%; text-align: center; max-height: 60px;\"><a href=\"https:\/\/search.crossref.org\/?from_ui=&amp;q=consinter\" target=\"_blank\" rel=\"noopener noreferrer\"><img decoding=\"async\" class=\"alignnone\" style=\"text-align: center; max-width: 100%; height: auto;\" src=\"https:\/\/consinter.org\/wp-content\/uploads\/2023\/05\/crossref.png\" alt=\"\" \/><\/a><\/td>\n<td style=\"width: 20%; text-align: center; max-height: 60px;\"><a href=\"https:\/\/dialnet.unirioja.es\/servlet\/revista?codigo=27793\" target=\"_blank\" rel=\"noopener noreferrer\"><img decoding=\"async\" class=\"alignnone\" style=\"text-align: center; max-width: 100%; height: auto;\" src=\"https:\/\/consinter.org\/wp-content\/uploads\/2023\/05\/dialnet.png\" alt=\"\" \/><\/a><\/td>\n<td style=\"width: 20%; text-align: center; max-height: 60px;\"><\/td>\n<\/tr>\n<\/tbody>\n<\/table>\n<\/div>\n<p><strong id=\"ojs\">\u00a0<\/strong><\/p>\n<p><strong>\u00a0<\/strong><\/p>\n<p><strong><em>7. OPEN JOURNAL SYSTEMS \u2013 OJS<\/em><\/strong><\/p>\n<p>CONSINTER utiliza la Plataforma <em>Open Journal Systems \u2013 OJS<\/em> un <em>software<\/em> que tiene como objetivo agilizar el proceso de gesti\u00f3n editorial y la publicaci\u00f3n electr\u00f3nica de la <em>Revista Internacional CONSINTER de Direit<\/em>o \u2013 \u00a0\u00a0\u00a0\u00a0\u00a0\u00a0 <em>Qualis A3<\/em> y el libro <em>Direito e Justi\u00e7a. <\/em><\/p>\n<p>Es una herramienta que auxilia en el proceso editorial del peri\u00f3dico con el env\u00edo y recepci\u00f3n\u00a0 de art\u00edculos, comunicaci\u00f3n con los autores y la automatizaci\u00f3n de la revisi\u00f3n por pares y a ciegas. De esa manera la Plataforma <em>OJS<\/em>\u00a0 le da al peri\u00f3dico mayor credibilidad dentro de la comunidad cient\u00edfica, por lo que es fundamental que su art\u00edculo est\u00e9 subido a la plataforma <em>OJS<\/em> (seg\u00fan el \u00edtem de la convocatoria n\u00ba 13. PLAZOS Y M\u00c9TODO DE ENV\u00cdO).<\/p>\n<p><strong id=\"areas\">\u00a0<\/strong><\/p>\n<p><strong>\u00a0<\/strong><\/p>\n<p><strong>8. \u00c1REAS PARA LA SUMISI\u00d3N DE ART\u00cdCULOS<\/strong><\/p>\n<p><strong><u>A &#8211; <\/u><\/strong><strong><u>DERECHOS DIFUSOS, COLECTIVOS E INDIVIDUALES HOMOG\u00c9NEOS<br \/>\n<\/u><\/strong><strong>a.1 <\/strong>\u2013 Derecho Ambiental, Sustentabilidad, Derecho Urbano, Derecho Agrario y Derecho Minero.<br \/>\n<strong>a.2 <\/strong>\u2013Derechos de los Ni\u00f1os y de los Adolescentes, Derechos del Adulto Mayor, Derechos de las Personas con Discapacidades Distintas, Derechos de G\u00e9nero.<br \/>\n<strong>a.3<\/strong>\u2013 Derecho y Nuevas Tecnolog\u00edas (Digital).<br \/>\n<strong>a.4<\/strong>\u2013Filosof\u00eda del Derecho, Hermen\u00e9utica Jur\u00eddica, Historia del Derecho, Antropolog\u00eda del Derecho, Sociolog\u00eda del Derecho y Cultura Jur\u00eddica, Derecho, Educaci\u00f3n, Ense\u00f1anza, Investigaci\u00f3n y Metodolog\u00edas Jur\u00eddicas.<\/p>\n<p><strong><u>B &#8211; DERECHO P\u00daBLICO<br \/>\n<\/u><\/strong><strong>b.1<\/strong>\u2013 Criminolog\u00eda, Derecho Penal y Proceso Penal.<br \/>\n<strong>b.2<\/strong>\u2013 Derecho Administrativo y Proceso Administrativo.<br \/>\n<strong>b.3<\/strong>\u2013Derecho Constitucional, Justicia Restaurativa, Derechos Humanos Fundamentales, Democracia y Ciudadan\u00eda, Movimientos Sociales, Administraci\u00f3n Judiciaria y Acceso a la Justicia.<br \/>\n<strong>b.4<\/strong>\u2013Derecho Econ\u00f3mico y Financiero, Derecho Tributario y Proceso Tributario.<br \/>\n<strong>b.5<\/strong>\u2013Derecho Electoral y Proceso Electoral.<br \/>\n<strong>b.6<\/strong>\u2013Derecho Militar.<br \/>\n<strong>b.7<\/strong>\u2013Derecho de la Seguridad Social y Proceso de la Seguridad Social.<\/p>\n<p><strong><u>C &#8211; DERECHO PRIVADO<br \/>\n<\/u><\/strong><strong>c.1 <\/strong>\u2013Derecho Aduanero, Derecho Mar\u00edtimo y Derecho Portuario.<br \/>\n<strong>c.2 <\/strong>\u2013Derecho Civil, Responsabilidad, Derecho de Familia, Derecho Inmobiliario, Derecho M\u00e9dico y Bioderecho.<br \/>\n<strong>c.3 <\/strong>\u2013Derecho de Autor, Propiedad Intelectual, Registros, Marcas y Patentes.<br \/>\n<strong>c.4 <\/strong>\u2013 M\u00e9todos Alternativos de Resoluci\u00f3n de Conflictos, Mediaci\u00f3n, Conciliaci\u00f3n y Arbitraje.<br \/>\n<strong>c.5 <\/strong>\u2013Derecho Comercial y Derecho del Comercio Electr\u00f3nico, Derecho Empresarial, Derechos del Consumidor.<br \/>\n<strong>c.6 <\/strong>\u2013 Derecho Deportivo, Derecho del Entretenimiento.<br \/>\n<strong>c.7 <\/strong>\u2013 Proceso Civil.<br \/>\n<strong>c.8 <\/strong>\u2013 Derecho Laboral y Proceso Laboral.<\/p>\n<p><strong><u>D &#8211; DERECHO INTERNACIONAL<br \/>\n<\/u><\/strong>d.1\u2013Diplomacia.<br \/>\nd.2\u2013Comercio Exterior.<\/p>\n<p><strong><u>E &#8211; PSICOLOG\u00cdA FORENSE<\/u><\/strong><\/p>\n<p><strong id=\"local-e-data\">\u00a0<\/strong><\/p>\n<p><strong>\u00a0<\/strong><\/p>\n<p><strong>9. LOCAL Y FECHA DEL SIMPOSIO<\/strong><\/p>\n<p><strong>Local:<\/strong> <em>Facultad de Derecho \u2013 Universidad Complutense de Madrid \u2013\u00a0Ciudad Universitaria<br \/>\n<\/em>Entrada por la Avenida de la Complutense S\/N &#8211; Edificio de departamentos &#8211; Localizaci\u00f3n: <a href=\"https:\/\/maps.app.goo.gl\/Fv1Bjcm8mLYUVCtY6\" target=\"_blank\" rel=\"noopener noreferrer\">https:\/\/maps.app.goo.gl\/Fv1Bjcm8mLYUVCtY6<\/a><\/p>\n<p><strong>Fecha<\/strong>: De 13 a 15 de noviembre de 2024.<\/p>\n<p><strong>Horario<\/strong>:\u00a0 De <strong>\u00a0<\/strong>9:00\u00a0 a\u00a0 14:00 \u2013 hora de Espa\u00f1a.<\/p>\n<p><strong id=\"publico-alvo\">\u00a0<\/strong><\/p>\n<p><strong>\u00a0<\/strong><\/p>\n<p><strong>10. DESTINATARIOS<\/strong><\/p>\n<p>Podr\u00e1n enviar sus \u00a0art\u00edculos:<\/p>\n<ul>\n<li>Profesores vinculados a pregrado y\/o posgrado (tanto Lato Sensu \u2013especializaci\u00f3n\u2013 como Stricto Sensu en las l\u00edneas de m\u00e1ster y doctorado), que est\u00e9n interesados en mostrar sus estudios cient\u00edficos in\u00e9ditos sobre alguna de las \u00e1reas tem\u00e1ticas propuestas.<\/li>\n<li>Especialistas, m\u00e1steres, doctores, investigadores, docentes universitarios.<\/li>\n<li>Jueces, representantes del Ministerio P\u00fablico, abogados y otros profesionales\u00a0 de la carrera jur\u00eddica y, en general, personas que se dediquen en su \u00e1mbito profesional a cualquier rama o disciplina del Derecho, que est\u00e9n interesados en mostrar sus estudios cient\u00edficos in\u00e9ditos sobre cualquiera de las \u00e1reas tem\u00e1ticas propuestas.<\/li>\n<li>Alumnos de posgrado Stricto Sensu (maestros y doctores).<\/li>\n<li>Alumnos de posgrado Lato Sensu (especialistas).<\/li>\n<li>Alumnos de graduaci\u00f3n pueden enviar sus art\u00edculos siempre que sean en coautor\u00eda\u00a0 con su orientador (con la posibilidad de publicaci\u00f3n en el libro CONSINTER).<\/li>\n<\/ul>\n<p><strong id=\"divulgacao\">\u00a0<\/strong><\/p>\n<p><strong>\u00a0<\/strong><\/p>\n<p><strong>11. DIVULGACI\u00d3N DE LA INVESTIGACI\u00d3N JUR\u00cdDICA EN EL SIMPOSIO INTERNACIONAL DE DERECHO <em>CONSINTER <\/em>Y PUBLICACI\u00d3N DE LOS ART\u00cdCULOS<\/strong><\/p>\n<p>CONSINTER \u00a0permite visibilizar la producci\u00f3n cient\u00edfica en sus publicaciones oficiales internacionales,\u00a0 ofreciendo los siguientes beneficios:<\/p>\n<p>a) Publicaci\u00f3n de su art\u00edculo en la <em>Revista Internacional de Direito CONSINTER<\/em> \u2013 <em>Qualis A3<\/em>, indexada en bases de datos nacionales e internacionales de gran relevancia en el mundo acad\u00e9mico, posibilitando m\u00e1s visibilidad.<\/p>\n<p>b) Publicaci\u00f3n en el libro <em>Direito e Justi\u00e7a<\/em> con tres diferentes ISBNs: europeo, brasile\u00f1o y<\/p>\n<p>c) Oportunidad de presentar oralmente su art\u00edculo cient\u00edfico durante el Simposio del a\u00f1o en curso, desde que adquirida la opci\u00f3n de inscripci\u00f3n referente a<\/p>\n<p>d) presentaci\u00f3n\/participaci\u00f3n en el evento, de acuerdo a lo dispuesto en el \u00edtem <strong><u> PRESENTACIONES ORALES<\/u><\/strong>, letras \u201cb\u201d e \u201cc\u201d.<\/p>\n<p>e) Posibilidad de recibir un certificado internacional, emitido por la Universidad, caso opte por participar del evento.<\/p>\n<p>f) Oportunidad de difundir su estudio cient\u00edfico, llegando a un mayor n\u00famero de personas.<\/p>\n<p>g) Posibilidad de ampliar su red de contactos con personas de alto nivel acad\u00e9mico y cient\u00edfico.<\/p>\n<p>h) Oportunidad de buscar la transferencia de conocimientos cient\u00edficos, que contribuir\u00e1 para el reconocimiento de la actividad investigadora y la cooperaci\u00f3n cient\u00edfica internacional.<\/p>\n<p><strong id=\"informacoes\">\u00a0<\/strong><\/p>\n<p><strong>\u00a0<\/strong><\/p>\n<p><strong>12. INFORMACIONES SOBRE LAS PUBLICACIONES<\/strong><\/p>\n<p>Los art\u00edculos\u00a0 ser\u00e1n sometidos a un proceso de selecci\u00f3n y aprobaci\u00f3n por el Consejo Editorial\u00a0 y\/o Cuerpo de Evaluadores de CONSINTER, atendiendo a los criterios de calidad cient\u00edfica, el an\u00e1lisis realizado ser\u00e1 por el sistema de pares a ciegas, de acuerdo a las exigencias de las agencias e instituciones\u00a0 nacionales e internacionales de investigaci\u00f3n y docencia que eval\u00faan la actividad investigadora de Posgrado.<\/p>\n<p>A criterio del Consejo Editorial del <em>CONSINTER,<\/em> algunos textos ser\u00e1n seleccionados y se publicar\u00e1n en la edici\u00f3n peri\u00f3dica de la <em>Revista Internacional CONSINTER de Direito (Qualis A3) <\/em>o en el libro <em>Direito e Justi\u00e7a.<\/em><\/p>\n<p>Si el art\u00edculo es aprobado para la Revista, se publicar\u00e1 una versi\u00f3n impresa y otra digital con sus respectivos ISSN de Portugal, quedando la digital disponible de forma gratuita en <a href=\"https:\/\/revistaconsinter.com\/edicoes-anteriores\" target=\"_blank\" rel=\"noopener\">https:\/\/revistaconsinter.com\/edicoes-anteriores<\/a>\u00a0 o en el libro <em>Direito<\/em> <em>e Justi\u00e7a<\/em>, con registro <em>ISBN<\/em>, que tendr\u00e1 tres ediciones: una impresa en Portugal y dos ediciones en Brasil (una digital y otra impresa).<\/p>\n<p>La selecci\u00f3n del art\u00edculo para publicaci\u00f3n observa numerosos factores desde el orden cronol\u00f3gico de la fecha de la recepci\u00f3n, la fecha de la devoluci\u00f3n despu\u00e9s de efectuadas las correcciones cuando fueran solicitadas, entre otros criterios<\/p>\n<p>El principal criterio para la publicaci\u00f3n en la <em>Revista Internacional CONSINTER de Direito<\/em> \u2013 QUALIS A3 es que el autor o uno de los autores tenga el t\u00edtulo de Doctor; caso contrario, su art\u00edculo ser\u00e1 evaluado de la misma manera y si aprobado por el Consejo de CONSINTER, ser\u00e1 publicado en el libro <em>Direito e Justi\u00e7a<\/em>.<\/p>\n<p>La fecha de la publicaci\u00f3n del art\u00edculo no est\u00e1 vinculada a la fecha de la convocatoria, ni a la fecha del evento, pudiendo publicarse de manera posterior a la realizaci\u00f3n de estos.<\/p>\n<p>La publicaci\u00f3n de los art\u00edculos aprobados por el Consejo Editorial y\/o el Cuerpo de Evaluadores NO depende de su presentaci\u00f3n.<\/p>\n<p>CONSINTER brinda acceso gratuito a todos los art\u00edculos publicados en la <em>Revista Internacional CONSINTER de Direito<\/em>\u2013 QUALIS, <a href=\"https:\/\/revistaconsinter.com\/edicoes-anteriores\/\" target=\"_blank\" rel=\"noopener\">https:\/\/revistaconsinter.com\/edicoes-anteriores\/<\/a>.<\/p>\n<p>Aproveche para conocer los m\u00e1s de \u00a0450 art\u00edculos de las ediciones anteriores y utilice como bibliograf\u00eda en su art\u00edculo cient\u00edfico, as\u00ed como en todas sus investigaciones jur\u00eddicas.<\/p>\n<p>Observando la premisa basilar de CONSINTER de apoyo y fomento a la producci\u00f3n cient\u00edfica y acad\u00e9mica, es importante informar que se aceptar\u00e1n para an\u00e1lisis y posible<\/p>\n<p>publicaci\u00f3n todos los art\u00edculos comprobadamente inscriptos, pagados y originados de<\/p>\n<p>acuerdo con el p\u00fablico objetivo descripto en el encabezado de este \u00edtem <strong><u>10. P\u00daBLICO OBJETIVO<\/u>.<\/strong>[\/vc_column_text][\/vc_column][\/vc_row][vc_row full_width=&#8221;stretch_row&#8221; section_id=&#8221;coordination&#8221; el_id=&#8221;coordination&#8221; el_class=&#8221;color&#8221; parallax_bg=&#8221;0&#8243; stellar_background_ratio=&#8221;0.6&#8243; css=&#8221;.vc_custom_1576006817524{margin-top: 0px !important;margin-bottom: 0px !important;border-top-width: 0px !important;border-bottom-width: 0px !important;padding-top: 70px !important;padding-bottom: 70px !important;}&#8221;][vc_column]\r\n      <h3 class=\"section-title \"><span data-animation=\"flipInY\" data-animation-delay=\"300\" class=\"icon-inner\"><span class=\"fa-stack\"><i class=\"fa rhex fa-stack-2x\"><\/i><i class=\"fa fa-ticket fa-stack-1x\"><\/i><\/span><\/span><span data-animation=\"fadeInRight\" data-animation-delay=\"500\" class=\"title-inner\">CONSEJO EDITORIAL, DIRECCCI\u00d3N Y ORGANIZACI\u00d3N<\/h3>\r\n    [vc_column_text css=&#8221;&#8221;]<\/p>\n<div class=\"row text-center\">\n<div class=\"col-sm-6 animated fadeInUp visible\" data-animation=\"fadeInUp\" data-animation-delay=\"100\"><img loading=\"lazy\" decoding=\"async\" class=\"alignnone wp-image-66 size-full shadow\" src=\"http:\/\/consinter.org\/madrid2024\/wp-content\/uploads\/sites\/35\/2024\/05\/300X300-SELOS-QUALIS-A3-DOURADO.png\" alt=\"\" width=\"200\" height=\"200\" \/><\/div>\n<div class=\"col-sm-6 animated fadeInUp visible\" data-animation=\"fadeInUp\" data-animation-delay=\"100\"><img decoding=\"async\" class=\"shadow\" src=\"http:\/\/consinter.org\/madrid2024\/wp-content\/uploads\/sites\/35\/2024\/05\/SELO-SPI-DOURADO-PTBR-COM-NOME-EDITORA.png\" alt=\"\" width=\"200\" height=\"auto\" \/><\/div>\n<\/div>\n<p style=\"text-align: center;\"><strong>Presidente:<\/strong><\/p>\n<div class=\"thumbnail no-border no-padding\">\n<div class=\"circle\">\n<div class=\"circle-inner\">\n<div class=\"media\"><img decoding=\"async\" class=\"img-responsive\" src=\"https:\/\/consinter.org\/edital2023\/wp-content\/uploads\/sites\/31\/2023\/01\/luiz-augusto.jpg\" alt=\"Luiz Augusto de Oliveira Junior\" \/><\/div>\n<\/div>\n<\/div>\n<div class=\"text-center\">Luiz Augusto de Oliveira Junior<\/div>\n<\/div>\n<p>&nbsp;<\/p>\n<div class=\"thumbnail no-border no-padding\">\n<div class=\"circle\">\n<div class=\"circle-inner\">\n<div class=\"media\"><img decoding=\"async\" class=\"img-responsive\" src=\"http:\/\/consinter.org\/edital2024\/wp-content\/uploads\/sites\/34\/2024\/02\/revista-capa.jpg\" alt=\"Revista Internacional CONSINTER de Direito\" \/><\/div>\n<\/div>\n<\/div>\n<div class=\"text-center\"><em><br \/>\n<strong>Revista Internacional CONSINTER de Direito<\/strong><br \/>\n<\/em><\/div>\n<\/div>\n<p style=\"text-align: center;\"><a class=\"btn btn-theme btn-theme-sm btn-theme-transparent\" href=\"https:\/\/revistaconsinter.com\/index.php\/ojs\/about\/editorialTeam\" target=\"_blank\" rel=\"noopener\">Conozca el equipo editorial completo<\/a><br \/>\n<a class=\"btn btn-theme btn-theme-sm btn-theme-transparent mt-10\" href=\"https:\/\/revistaconsinter.com\/pareceristas.html\" target=\"_blank\" rel=\"noopener\">Conozca el equipo editorial de evaluadores<\/a><\/p>\n<p>&nbsp;<\/p>\n<p style=\"text-align: center;\"><strong>Editor:<\/strong><\/p>\n<div class=\"thumbnail no-border no-padding\">\n<div class=\"circle\">\n<div class=\"circle-inner\">\n<div class=\"media\"><img loading=\"lazy\" decoding=\"async\" class=\"img-responsive alignnone\" src=\"https:\/\/consinter.org\/edital2023\/wp-content\/uploads\/sites\/31\/2023\/03\/david-vallespin-perez.jpg\" alt=\"David Vallesp\u00edn P\u00e9rez\" width=\"300\" height=\"300\" \/><\/div>\n<\/div>\n<\/div>\n<div class=\"text-center\"><strong>David Vallesp\u00edn P\u00e9rez<\/strong><br \/>\n<em>Catedr\u00e1tico de Derecho Procesal &#8211; Universitat de Barcelona &#8211; UB &#8211; Espa\u00f1a<\/em><\/div>\n<\/div>\n<p>&nbsp;<\/p>\n<p style=\"text-align: center;\"><strong>Codirectores:<\/strong><\/p>\n<div class=\"row\">\n<div class=\"col-sm-4 animated fadeInUp visible\" data-animation=\"fadeInUp\" data-animation-delay=\"100\">\n<div class=\"thumbnail no-border no-padding\">\n<div class=\"circle\">\n<div class=\"circle-inner\">\n<div class=\"media\"><img loading=\"lazy\" decoding=\"async\" class=\"img-responsive alignnone\" src=\"https:\/\/consinter.org\/edital2023\/wp-content\/uploads\/sites\/31\/2023\/01\/maria-yolanda-sanchez-uran-azana.jpg\" alt=\"Mar\u00eda Yolanda S\u00e1nchez-Ur\u00e1n Aza\u00f1a\" width=\"300\" height=\"300\" \/><\/div>\n<\/div>\n<\/div>\n<div class=\"text-center\"><strong>Mar\u00eda Yolanda S\u00e1nchez-Ur\u00e1n Aza\u00f1a<\/strong><br \/>\n<em>Catedr\u00e1tica de Derecho del Trabajo y de la Seguridad Social &#8211; Universidad Complutense de Madrid \u2013 UCM &#8211; Espa\u00f1a<\/em><\/div>\n<\/div>\n<\/div>\n<div class=\"col-sm-4 animated fadeInUp visible\" data-animation=\"fadeInUp\" data-animation-delay=\"100\">\n<div class=\"thumbnail no-border no-padding\">\n<div class=\"circle\">\n<div class=\"circle-inner\">\n<div class=\"media\"><img loading=\"lazy\" decoding=\"async\" class=\"img-responsive alignnone\" src=\"https:\/\/consinter.org\/edital2023\/wp-content\/uploads\/sites\/31\/2023\/01\/goncalo-s-de-melo-bandeira.jpg\" alt=\"Gon\u00e7alo S. de Melo Bandeira\" width=\"300\" height=\"300\" \/><\/div>\n<\/div>\n<\/div>\n<div class=\"text-center\"><strong>Gon\u00e7alo S. de Melo Bandeira<\/strong><br \/>\n<em>Prof. Dr. Jur\u00eddico-Fundamentais e Criminais, IPCA-Universidade Polit\u00e9cnica do C\u00e1vado e do Ave-Minho-Portugal<\/em><\/div>\n<\/div>\n<\/div>\n<div class=\"col-sm-4 animated fadeInUp visible\" data-animation=\"fadeInUp\" data-animation-delay=\"100\">\n<div class=\"thumbnail no-border no-padding\">\n<div class=\"circle\">\n<div class=\"circle-inner\">\n<div class=\"media\"><img loading=\"lazy\" decoding=\"async\" class=\"img-responsive alignnone\" src=\"https:\/\/consinter.org\/edital2023\/wp-content\/uploads\/sites\/31\/2023\/01\/antonio-cesar-bochenek.jpg\" alt=\"Ant\u00f4nio C\u00e9sar Bochenek\" width=\"300\" height=\"300\" \/><\/div>\n<\/div>\n<\/div>\n<div class=\"text-center\"><strong>Ant\u00f4nio C\u00e9sar Bochenek<\/strong><br \/>\n<em>Prof. Dr. da Universidade Estadual de Ponta Grossa \u2013 UEPG, da Escola Nacional de Forma\u00e7\u00e3o e Aperfei\u00e7oamento de Magistrados \u2013 ENFAM, Juiz Federal, Brasil<\/em><\/div>\n<\/div>\n<\/div>\n<\/div>\n<p>&nbsp;<\/p>\n<p>&nbsp;<\/p>\n<div class=\"thumbnail no-border no-padding\">\n<div class=\"circle\">\n<div class=\"circle-inner\">\n<div class=\"media\"><img decoding=\"async\" class=\"img-responsive\" src=\"http:\/\/consinter.org\/edital2024\/wp-content\/uploads\/sites\/34\/2024\/02\/livro-capa.jpg\" alt=\"Livro Direito e Justi\u00e7a\" \/><\/div>\n<\/div>\n<\/div>\n<div class=\"text-center\"><em><br \/>\n<strong>Livro: Direito e Justi\u00e7a <\/strong><br \/>\n<\/em><\/div>\n<\/div>\n<p style=\"text-align: center;\"><a class=\"btn btn-theme btn-theme-sm btn-theme-transparent\" href=\"https:\/\/revistaconsinter.com\/pareceristas.html\" target=\"_blank\" rel=\"noopener\">conoza el equipo editorial de evaluadores<\/a><\/p>\n<p>&nbsp;<\/p>\n<p style=\"text-align: center;\"><strong>Organizador:<\/strong><\/p>\n<div class=\"col-sm-4 animated fadeInUp visible\" data-animation=\"fadeInUp\" data-animation-delay=\"100\">\n<div class=\"thumbnail no-border no-padding\">\n<div class=\"circle\">\n<div class=\"circle-inner\">\n<div class=\"media\"><img loading=\"lazy\" decoding=\"async\" class=\"img-responsive alignnone\" src=\"https:\/\/consinter.org\/edital2023\/wp-content\/uploads\/sites\/31\/2023\/03\/david-vallespin-perez.jpg\" alt=\"David Vallesp\u00edn P\u00e9rez\" width=\"300\" height=\"300\" \/><\/div>\n<\/div>\n<\/div>\n<div class=\"text-center\"><strong>David Vallesp\u00edn P\u00e9rez<\/strong><br \/>\n<em>Catedr\u00e1tico de Derecho Procesal &#8211; Universitat de Barcelona &#8211; UB &#8211; Espa\u00f1a<\/em><\/div>\n<\/div>\n<\/div>\n<div class=\"col-sm-4 animated fadeInUp visible\" data-animation=\"fadeInUp\" data-animation-delay=\"100\">\n<div class=\"thumbnail no-border no-padding\">\n<div class=\"circle\">\n<div class=\"circle-inner\">\n<div class=\"media\"><img loading=\"lazy\" decoding=\"async\" class=\"img-responsive alignnone\" src=\"http:\/\/consinter.org\/edital2024\/wp-content\/uploads\/sites\/34\/2024\/02\/faustino-jose-martinez.jpg\" alt=\"Faustino Mart\u00ednez Mart\u00ednez\" width=\"300\" height=\"300\" \/><\/div>\n<\/div>\n<\/div>\n<div class=\"text-center\"><strong>Faustino Mart\u00ednez Mart\u00ednez<\/strong><br \/>\n<em>Catedr\u00e1tico de Historia del Derecho y Vicedecano de Investigaci\u00f3n \u2013 Universidad Complutense de Madrid<\/em><\/div>\n<\/div>\n<\/div>\n<div class=\"col-sm-4 animated fadeInUp visible\" data-animation=\"fadeInUp\" data-animation-delay=\"100\">\n<div class=\"thumbnail no-border no-padding\">\n<div class=\"circle\">\n<div class=\"circle-inner\">\n<div class=\"media\"><img loading=\"lazy\" decoding=\"async\" class=\"img-responsive alignnone\" src=\"http:\/\/consinter.org\/edital2024\/wp-content\/uploads\/sites\/34\/2024\/02\/ignacio-garcia-vitoria.jpg\" alt=\"Ignacio Garc\u00eda Vitoria\" width=\"300\" height=\"300\" \/><\/div>\n<\/div>\n<\/div>\n<div class=\"text-center\"><strong>Ignacio Garc\u00eda Vitoria<\/strong><br \/>\n<em>Profesor Doutor, Derecho Constitucional y Coordinador del Doctorado \u2013 Universidad Complutense de Madrid<\/em><\/div>\n<\/div>\n<\/div>\n<p>&nbsp;<\/p>\n<p style=\"text-align: center;\"><strong>Coordinaci\u00f3n Acad\u00e9mica:<\/strong><\/p>\n<div class=\"thumbnail no-border no-padding\">\n<div class=\"circle\">\n<div class=\"circle-inner\">\n<div class=\"media\"><img loading=\"lazy\" decoding=\"async\" class=\"img-responsive alignnone\" src=\"https:\/\/consinter.org\/edital2023\/wp-content\/uploads\/sites\/31\/2023\/01\/antonio-cesar-bochenek.jpg\" alt=\"Ant\u00f4nio C\u00e9sar Bochenek\" width=\"300\" height=\"300\" \/><\/div>\n<\/div>\n<\/div>\n<div class=\"text-center\"><strong>Ant\u00f4nio C\u00e9sar Bochenek<\/strong><br \/>\n<em>Prof. Dr. da Universidade Estadual de Ponta Grossa \u2013 UEPG, da Escola Nacional de Forma\u00e7\u00e3o e Aperfei\u00e7oamento de Magistrados \u2013 ENFAM, Juiz Federal, Brasil<\/em><\/div>\n<\/div>\n<p>&nbsp;<\/p>\n<p>&nbsp;<\/p>\n<p style=\"text-align: center;\"><strong>Direcci\u00f3n Ejecutiva:<\/strong><\/p>\n<div class=\"thumbnail no-border no-padding\">\n<div class=\"circle\">\n<div class=\"circle-inner\">\n<div class=\"media\"><img decoding=\"async\" class=\"img-responsive\" src=\"https:\/\/consinter.org\/edital2023\/wp-content\/uploads\/sites\/31\/2023\/01\/francine-oliveira.jpg\" alt=\"Francine Oliveira\" \/><\/div>\n<\/div>\n<\/div>\n<div class=\"text-center\">Francine Oliveira<\/div>\n<\/div>\n<p>&nbsp;<\/p>\n<p style=\"text-align: center;\"><strong>Coordinaci\u00f3n Ejecutiva:<\/strong><\/p>\n<div class=\"row\">\n<div class=\"col-sm-6 animated fadeInUp visible\" data-animation=\"fadeInUp\" data-animation-delay=\"100\">\n<div class=\"thumbnail no-border no-padding\">\n<div class=\"circle\">\n<div class=\"circle-inner\">\n<div class=\"media\"><img decoding=\"async\" class=\"img-responsive\" src=\"https:\/\/consinter.org\/edital2023\/wp-content\/uploads\/sites\/31\/2023\/01\/ivan-winters.jpg\" alt=\"Ivan Winters\" \/><\/div>\n<\/div>\n<\/div>\n<div class=\"text-center\"><strong>Ivan Winters<\/strong><\/div>\n<\/div>\n<\/div>\n<div class=\"col-sm-6 animated fadeInUp visible\" data-animation=\"fadeInUp\" data-animation-delay=\"100\">\n<div class=\"thumbnail no-border no-padding\">\n<div class=\"circle\">\n<div class=\"circle-inner\">\n<div class=\"media\"><img decoding=\"async\" class=\"img-responsive\" src=\"https:\/\/consinter.org\/edital2023\/wp-content\/uploads\/sites\/31\/2023\/01\/marcia-neckel.jpg\" alt=\"Marcia Neckel\" \/><\/div>\n<\/div>\n<\/div>\n<div class=\"text-center\">Marcia Neckel<\/div>\n<\/div>\n<\/div>\n<\/div>\n<p>[\/vc_column_text][\/vc_column][\/vc_row][vc_row full_width=&#8221;stretch_row&#8221; section_id=&#8221;rules&#8221; el_id=&#8221;rules&#8221; parallax_bg=&#8221;0&#8243; stellar_background_ratio=&#8221;0.6&#8243; css=&#8221;.vc_custom_1593698749810{margin-top: 0px !important;margin-bottom: 0px !important;border-top-width: 0px !important;border-bottom-width: 0px !important;padding-top: 70px !important;padding-bottom: 70px !important;}&#8221; el_class=&#8221;light&#8221;][vc_column]\r\n      <h3 class=\"section-title \"><span data-animation=\"flipInY\" data-animation-delay=\"300\" class=\"icon-inner\"><span class=\"fa-stack\"><i class=\"fa crcle fa-stack-2x\"><\/i><i class=\"fa fa-ticket fa-stack-1x\"><\/i><\/span><\/span><span data-animation=\"fadeInRight\" data-animation-delay=\"500\" class=\"title-inner\">Presentaci\u00f3n de trabajos <small> \/ instrucciones generales y plantilla de art\u00edculo<\/small><\/span><\/h3>\r\n    [vc_column_text css=&#8221;&#8221;]<strong>13. PLAZOS Y FORMAS DE ENV\u00cdO<\/strong><\/p>\n<p>Despu\u00e9s de la inscripci\u00f3n y la realizaci\u00f3n del pago, la descarga del art\u00edculo debe ser realizada solamente una vez por uno de los autores en la PLATAFORMA.<\/p>\n<ul>\n<li><em>OJS en la web <\/em><a href=\"https:\/\/revistaconsinter.com\/index.php\/ojs\/about\/submissions\" target=\"_blank\" rel=\"noopener\">https:\/\/revistaconsinter.com\/index.php\/ojs\/about\/submissions<\/a>, conforme las instrucciones que all\u00ed constan y\/o en el enlace <a href=\"https:\/\/docs.pkp.sfu.ca\/learning-ojs\/3.3\/pt\/authoring#submitting-an-article\" target=\"_blank\" rel=\"noopener\">https:\/\/docs.pkp.sfu.ca\/learning-ojs\/3.3\/pt\/authoring#submitting-an-article<\/a>.<\/li>\n<\/ul>\n<p>Para los que tienen inter\u00e9s en presentar una ponencia oral en el XI Simposio:<\/p>\n<ul>\n<li>Hasta el 31 de mayo de 2024- 1\u00aa llamada<\/li>\n<li>Hasta el 30 de junio de 2024- 2\u00aa llamada<\/li>\n<li>Hasta el 31 de julio de 2024- 3\u00aa llamada<\/li>\n<li>Hasta el 31 de agosto de 2024- 4\u00aa llamada<\/li>\n<li>Hasta 30 de septiembre de 2024: \u00daltima llamada<\/li>\n<\/ul>\n<p>Para quienes solamente quieren publicar su art\u00edculo:<\/p>\n<ul>\n<li>Hasta el 31 de diciembre de 2024<\/li>\n<\/ul>\n<p>&nbsp;<\/p>\n<p><strong>14. COMUNICACI\u00d3N DE ACEPTACI\u00d3N<\/strong><\/p>\n<p>La decisi\u00f3n sobre la aprobaci\u00f3n o no de los art\u00edculos presentados ser\u00e1 comunicada directamente al autor por <em>email<\/em>.<\/p>\n<p>&nbsp;<\/p>\n<p><strong>15. CONDICIONES DE LAS PUBLICACIONES<\/strong><\/p>\n<p>a) El trabajo cient\u00edfico para revisi\u00f3n depende de la inscripci\u00f3n completa y de la confirmaci\u00f3n del pago de todos los autores y coautores.<\/p>\n<p>b) Solamente ser\u00e1n publicados los art\u00edculos aprobados por los Pares Evaluadores y\/o Consejo Editorial del CONSINTER, que est\u00e9n de acuerdo con las normas de sumisi\u00f3n de art\u00edculos.<\/p>\n<p>&nbsp;<\/p>\n<p><strong>16. PRESENTACIONES ORALES<\/strong><\/p>\n<p>Podr\u00e1n presentarse en el Simposio de este a\u00f1o, todos los art\u00edculos debidamente inscriptos:<\/p>\n<ul>\n<li>En la convocatoria anterior de 2024<\/li>\n<li>En esta convocatoria hasta el 30 de septiembre de 2024<\/li>\n<\/ul>\n<p>a) Para las presentaciones orales de los art\u00edculos debidamente inscriptos, pagados y aprobados hasta el 30 de septiembre de 2024, habr\u00e1 un <strong><u>costo<\/u><\/strong> adicional de R$ 890,00 (ochocientos noventa reales), en caso de adquisici\u00f3n de la participaci\u00f3n\/presentaci\u00f3n por separado o (ver \u00edtem 15, letra \u201cg\u201d).<\/p>\n<p>b) En caso de adquisici\u00f3n de la opci\u00f3n <strong><u>COMBO (inscripci\u00f3n\/sumisi\u00f3n+participacion\/presentaci\u00f3n del art\u00edculo )<\/u><\/strong> no se cobrar\u00e1 costo adicional. <strong>OBS<\/strong>.: En ambos casos el autor o los coautores podr\u00e1n presentarlo de forma oral durante el Simposio de este a\u00f1o, siendo indispensable la solicitaci\u00f3n y la confirmaci\u00f3n al siguiente <em>email<\/em>: <a href=\"mailto:contato@consinter.org\">contato@consinter.org<\/a><\/p>\n<p>c) Para quienes adquieran solamente la sumisi\u00f3n, si quieren participar del evento de este a\u00f1o o presentar su art\u00edculo en el mismo, deber\u00e1n pagar un adicional de participaci\u00f3n\/presentaci\u00f3n disponible en la web de CONSINTER en el plazo de hasta sesenta (60) d\u00edas antes del evento.<\/p>\n<p>d) El pago del adicional debe ser realizado por todos los que estar\u00e1n presentes en el evento, aunque no presenten el art\u00edculo, ya que se entregar\u00e1n certificados de participaci\u00f3n a los participantes del Simposio emitido por la Universidad organizadora (con la firma en la lista de presencia).<\/p>\n<p>e) El n\u00famero de presentaciones ser\u00e1 limitado y la selecci\u00f3n se har\u00e1 por orden de inscripci\u00f3n\/confirmaci\u00f3n de presencia, la que quedar\u00e1 a criterio de la organizaci\u00f3n del evento.<\/p>\n<p>f) Despu\u00e9s de la confirmaci\u00f3n de la presentaci\u00f3n oral del art\u00edculo, no ser\u00e1 posible cambiar la fecha y ni el horario.<\/p>\n<p>g) Se informar\u00e1 el tiempo de presentaci\u00f3n por email, en caso de coautor\u00eda del art\u00edculo, el tiempo determinado ser\u00e1 dividido entre los autores.<\/p>\n<p>h) El tiempo de presentaci\u00f3n estar\u00e1 sujeto a alteraciones, que podr\u00e1 variar de acuerdo con el n\u00famero de inscriptos en el evento o a criterio de la organizaci\u00f3n.<\/p>\n<p>i) Las presentaciones ser\u00e1n exclusivamente orales, <strong><u>NO<\/u><\/strong> se permitir\u00e1 la utilizaci\u00f3n de aparato audiovisual.<\/p>\n<p><strong>\u00a0<\/strong><\/p>\n<p><strong>17. CERTIFICACIONES Y DECLARACIONES DE APROBACI\u00d3N DE ART\u00cdCULO<\/strong><\/p>\n<p><strong>a) Certificaciones: <\/strong><\/p>\n<p>A los participantes y a quienes efectivamente presenten su art\u00edculo durante el Simposio de CONSINTER, les ser\u00e1 enviado v\u00eda email el enlace para la descarga del certificado emitido por la\u00a0 Universidad organizadora.<\/p>\n<p><strong>b) Declaraciones:<\/strong><\/p>\n<p>La declaraci\u00f3n de aprobaci\u00f3n del art\u00edculo cient\u00edfico ser\u00e1 emitida por el <em>CONSINTER<\/em>, desde que el mismo sea aprobado, mediante solicitaci\u00f3n al <em>email<\/em><u>contacto@consinter.org<\/u> <strong>\u00a0<\/strong>[\/vc_column_text][vc_zigzag color=&#8221;custom&#8221; custom_color=&#8221;#999999&#8243; css=&#8221;.vc_custom_1651757033200{margin-top: 20px !important;}&#8221;]\r\n      <h3 class=\"section-title \"><span data-animation=\"flipInY\" data-animation-delay=\"300\" class=\"icon-inner\"><span class=\"fa-stack\"><i class=\"fa crcle fa-stack-2x\"><\/i><i class=\"fa fa-ticket fa-stack-1x\"><\/i><\/span><\/span><span data-animation=\"fadeInRight\" data-animation-delay=\"500\" class=\"title-inner\">DOWNLOAD <small> \/ Baixe os documentos indispens\u00e1veis<\/small><\/span><\/h3>\r\n    <a href=\"https:\/\/consinter.org\/madrid2024\/wp-content\/uploads\/sites\/35\/2024\/10\/xi_simposio_reglas_completas_30-09-2024.pdf\" target='_blank' style=\"margin: 20px 20px 0 0\"  class=\"btn btn-theme animated flipInY visible   \" data-animation=\"flipInY\" data-animation-delay=\"200\"><i class=\"fa \"><\/i> Reglas Completas<\/a><a href=\"https:\/\/consinter.org\/madrid2024\/wp-content\/uploads\/sites\/35\/2024\/10\/xi_simposio_somente_reglas.pdf\" target='_blank' style=\"margin: 20px 20px 0 0\"  class=\"btn btn-theme animated flipInY visible   \" data-animation=\"flipInY\" data-animation-delay=\"200\"><i class=\"fa \"><\/i> Reglas de env\u00edo<\/a><a href=\"https:\/\/www.youtube.com\/watch?v=GflOatb3Hyw\" target='_blank' style=\"margin: 20px 20px 0 0\"  class=\"btn btn-theme animated flipInY visible   \" data-animation=\"flipInY\" data-animation-delay=\"200\"><i class=\"fa \"><\/i> Paso a paso para env\u00edo<\/a><a href=\"https:\/\/view.officeapps.live.com\/op\/view.aspx?src=https:\/\/consinter.org\/edital2023\/wp-content\/uploads\/sites\/31\/2023\/03\/dau-consinter-es.docx\" target='_blank' style=\"margin: 20px 20px 0 0\"  class=\"btn btn-theme animated flipInY visible   \" data-animation=\"flipInY\" data-animation-delay=\"200\"><i class=\"fa \"><\/i> Cesi\u00f3n de derechos de propiedad<\/a><a href=\"https:\/\/view.officeapps.live.com\/op\/view.aspx?src=https:\/\/consinter.org\/edital2023\/wp-content\/uploads\/sites\/31\/2023\/03\/modelo-de-articulo-espanhol.docx\" target='_blank' style=\"margin: 20px 0 0 0\"  class=\"btn btn-theme animated flipInY visible   \" data-animation=\"flipInY\" data-animation-delay=\"200\"><i class=\"fa \"><\/i> Modelo de art\u00edculo<\/a>[\/vc_column][\/vc_row][vc_row full_width=&#8221;stretch_row&#8221; section_id=&#8221;who&#8221; parallax_bg=&#8221;0&#8243; stellar_background_ratio=&#8221;0.6&#8243; css=&#8221;.vc_custom_1714506311035{margin-top: 0px !important;margin-bottom: 0px !important;border-top-width: 0px !important;border-bottom-width: 0px !important;padding-top: 70px !important;padding-bottom: 70px !important;}&#8221; el_id=&#8221;who&#8221; el_class=&#8221;color&#8221;][vc_column]\r\n      <h3 class=\"section-title \"><span data-animation=\"flipInY\" data-animation-delay=\"300\" class=\"icon-inner\"><span class=\"fa-stack\"><i class=\"fa crcle fa-stack-2x\"><\/i><i class=\"fa fa-ticket fa-stack-1x\"><\/i><\/span><\/span><span data-animation=\"fadeInRight\" data-animation-delay=\"500\" class=\"title-inner\">Acerca<\/h3>\r\n    [vc_column_text css=&#8221;&#8221;]<strong>CONSINTER \u2013 CONSEJO INTERNACIONAL DE ESTUDIOS CONTEMPOR\u00c1NEOS EN POSGRADO<\/strong><\/p>\n<p>El CONSINTER se presenta con el objetivo de promover al individuo como agente constructor de su destino y de la sociedad en general. Lo invitamos a la realizaci\u00f3n de un gran evento internacional en el que los participantes dispondr\u00e1n de un espacio para la presentaci\u00f3n oral de sus art\u00edculos cient\u00edficos in\u00e9ditos, los que corporifican los conocimientos y experiencias adquiridos como resultado de las pesquisas cient\u00edficas, con la posibilidad de su publicaci\u00f3n, tanto en Brasil como en Europa, por medio impreso y digital.<\/p>\n<p>Defendemos que las publicaciones, impresas o digitales, como substrato de la cultura, son instrumentos eficaces para la democratizaci\u00f3n de los saberes, para la interacci\u00f3n entre los pueblos y para la consolidaci\u00f3n del desarrollo humanitario, t\u00e9cnico y cient\u00edfico que impulsa el proceso civilizatorio entre las diferentes culturas, permitiendo la superaci\u00f3n de los l\u00edmites impuestos por la geograf\u00eda y por las normas, viabilizando que la integraci\u00f3n entre los pueblos se haga de manera \u00e9tica y sostenible, formando individuos reflexivos y aut\u00f3nomos, comprometidos con los m\u00e1s elevados valores y principios.<\/p>\n<p>El CONSINTER se caracteriza por ser una instituci\u00f3n sin fines lucrativos, creada con el apoyo e intervenci\u00f3n de la Editorial Juru\u00e1 Ltda, empresa del ramo editorial con m\u00e1s de 48 a\u00f1os de actividad empresarial, notablemente reconocida por su tradici\u00f3n en la publicaci\u00f3n de libros de alto nivel t\u00e9cnico y cient\u00edfico en diversas \u00e1reas de conocimiento y que, expandiendo sus fronteras, est\u00e1 presente hace m\u00e1s de 07 a\u00f1os en Europa a trav\u00e9s de la Editorial Juru\u00e1 Ltda, con sede en Portugal, con una gama de renombrados y conceptuados autores y consejeros nacionales y extranjeros[\/vc_column_text][\/vc_column][\/vc_row][vc_row full_width=&#8221;stretch_row&#8221; section_id=&#8221;speakers&#8221; el_id=&#8221;speakers&#8221; parallax_bg=&#8221;0&#8243; stellar_background_ratio=&#8221;0.6&#8243; css=&#8221;.vc_custom_1728334368157{margin-top: 0px !important;margin-bottom: 0px !important;border-top-width: 0px !important;border-bottom-width: 0px !important;padding-top: 70px !important;padding-bottom: 70px !important;}&#8221; el_class=&#8221;light&#8221;][vc_column]\r\n      <h3 class=\"section-title \"><span data-animation=\"flipInY\" data-animation-delay=\"300\" class=\"icon-inner\"><span class=\"fa-stack\"><i class=\"fa crcle fa-stack-2x\"><\/i><i class=\"fa fa-ticket fa-stack-1x\"><\/i><\/span><\/span><span data-animation=\"fadeInRight\" data-animation-delay=\"500\" class=\"title-inner\">Oradores y Programaci\u00f3n <small> \/ Consulta los ponentes confirmados y vista previa de la programaci\u00f3n<\/small><\/span><\/h3>\r\n    [vc_column_text css=&#8221;.vc_custom_1731436515192{margin-bottom: 35px !important;}&#8221;]<a href=\"https:\/\/consinter.org\/madrid2024\/wp-content\/uploads\/sites\/35\/2024\/11\/programacao-12-11.pdf\" class=\"pdfemb-viewer\" style=\"\" data-width=\"max\" data-height=\"max\" data-toolbar=\"both\" data-toolbar-fixed=\"on\">programacao-12-11<\/a>[\/vc_column_text]<a href=\"https:\/\/consinter.org\/madrid2024\/wp-content\/uploads\/sites\/35\/2024\/11\/programacao-12-11.pdf\" target='_blank' style=\"margin: \"  class=\"btn btn-theme animated flipInY visible   \" data-animation=\"flipInY\" data-animation-delay=\"200\">Descarga el cronograma<\/a>[\/vc_column][\/vc_row][vc_row full_width=&#8221;stretch_row&#8221; el_id=&#8221;&#8221; parallax_bg=&#8221;0&#8243; stellar_background_ratio=&#8221;0.6&#8243; css=&#8221;.vc_custom_1729277203187{margin-top: 0px !important;margin-bottom: 0px !important;border-top-width: 0px !important;border-bottom-width: 0px !important;padding-top: 0px !important;padding-bottom: 70px !important;}&#8221; el_class=&#8221;light&#8221;][vc_column]\r\n      <h3 class=\"section-title \"><span data-animation=\"flipInY\" data-animation-delay=\"300\" class=\"icon-inner\"><span class=\"fa-stack\"><i class=\"fa crcle fa-stack-2x\"><\/i><i class=\"fa fa-ticket fa-stack-1x\"><\/i><\/span><\/span><span data-animation=\"fadeInRight\" data-animation-delay=\"500\" class=\"title-inner\">PRESENTACIONES <small> \/ grupos de trabajo<\/small><\/span><\/h3>\r\n    [vc_column_text css=&#8221;.vc_custom_1731330247926{margin-bottom: 35px !important;}&#8221;]<a href=\"https:\/\/consinter.org\/madrid2024\/wp-content\/uploads\/sites\/35\/2024\/11\/cronograma-apresentacao.pdf\" class=\"pdfemb-viewer\" style=\"\" data-width=\"max\" data-height=\"max\" data-toolbar=\"both\" data-toolbar-fixed=\"on\">cronograma-apresentacao<\/a>[\/vc_column_text]<a href=\"https:\/\/consinter.org\/madrid2024\/wp-content\/uploads\/sites\/35\/2024\/11\/cronograma-apresentacao.pdf\" target='_blank' style=\"margin: \"  class=\"btn btn-theme animated flipInY visible   \" data-animation=\"flipInY\" data-animation-delay=\"200\">Descargar Presentaciones \/ GT<\/a>[\/vc_column][\/vc_row][vc_row section_id=&#8221;sponsors&#8221; css=&#8221;.vc_custom_1651757419229{margin-top: 0px !important;margin-bottom: 0px !important;border-top-width: 0px !important;border-bottom-width: 0px !important;padding-top: 70px !important;padding-bottom: 70px !important;background-position: center !important;background-repeat: no-repeat !important;background-size: cover !important;}&#8221; fullwidth=&#8221;no&#8221; el_id=&#8221;sponsors&#8221; el_class=&#8221;text-center&#8221; parallax_bg=&#8221;0&#8243; stellar_background_ratio=&#8221;0.6&#8243;][vc_column]\r\n      <h3 class=\"section-title text-left\"><span data-animation=\"flipInY\" data-animation-delay=\"300\" class=\"icon-inner\"><span class=\"fa-stack\"><i class=\"fa crcle fa-stack-2x\"><\/i><i class=\"fa fa-thumbs-up fa-stack-1x\"><\/i><\/span><\/span><span data-animation=\"fadeInRight\" data-animation-delay=\"500\" class=\"title-inner\">Promoci\u00f3n <small> \/ acuerdos<\/small><\/span><\/h3>\r\n    [vc_text_separator title=&#8221;Organizaci\u00f3n&#8221; style=&#8221;double&#8221; css=&#8221;.vc_custom_1715169055804{margin-top: 35px !important;margin-bottom: 15px !important;}&#8221;]\r\n      <div class=\"partners-carousel \"  data-animation=\"fadeInDown\" data-animation-delay=\"300\">\r\n          <div class=\"owl-carousel\" data-auto=\"false\" data-show_nav=\"false\" data-loop=\"false\" data-itemslide=\"3\" data-autoplaytimeout=\"5000\"><div><a href=\"http:\/\/www.consinter.org\/\" target=\"_blank\"><img decoding=\"async\" src=\"https:\/\/consinter.org\/madrid2024\/wp-content\/uploads\/sites\/35\/2024\/04\/consinter.png\" alt=\"CONSINTER - Conselho Internacional de Estudos Contempor\u00e2neos em P\u00f3s-Gradua\u00e7\u00e3o\"\/><\/a><\/div><div><a href=\"http:\/\/www.jurua.com.br\" target=\"_blank\"><img decoding=\"async\" src=\"https:\/\/consinter.org\/madrid2024\/wp-content\/uploads\/sites\/35\/2024\/04\/jurua.png\" alt=\"Juru\u00e1 Editora\"\/><\/a><\/div><div><a href=\"http:\/\/www.editorialjurua.com\" target=\"_blank\"><img decoding=\"async\" src=\"https:\/\/consinter.org\/madrid2024\/wp-content\/uploads\/sites\/35\/2024\/04\/jurua-europa.png\" alt=\"Editorial Juru\u00e1 Europa\"\/><\/a><\/div><\/div>\r\n      <\/div>\r\n    [vc_text_separator title=&#8221;Patrocinador&#8221; style=&#8221;double&#8221; css=&#8221;.vc_custom_1729166385992{margin-top: 35px !important;margin-bottom: 15px !important;}&#8221;]\r\n      <div class=\"partners-carousel \"  data-animation=\"fadeInDown\" data-animation-delay=\"300\">\r\n          <div class=\"owl-carousel\" data-auto=\"false\" data-show_nav=\"false\" data-loop=\"false\" data-itemslide=\"2\" data-autoplaytimeout=\"5000\"><div><a href=\"###\" target=\"_blank\"><img decoding=\"async\" src=\"https:\/\/consinter.org\/madrid2024\/wp-content\/uploads\/sites\/35\/2024\/10\/cavesdomjosepacheco.png\" alt=\"Caves Dom Jos\u00e9 Pacheco - Vinhos de Portugal\"\/><\/a><\/div><div><a href=\"https:\/\/www.pereiragionedis.com.br\/\" target=\"_blank\"><img decoding=\"async\" src=\"https:\/\/consinter.org\/madrid2024\/wp-content\/uploads\/sites\/35\/2024\/10\/gionedis-1.png\" alt=\"Pereira e Gion\u00e9dis Advogados\"\/><\/a><\/div><\/div>\r\n      <\/div>\r\n    [vc_text_separator title=&#8221;Acuerdos &#8211; Europa&#8221; style=&#8221;double&#8221; css=&#8221;.vc_custom_1715169067874{margin-top: 35px !important;margin-bottom: 15px !important;}&#8221;]\r\n      <div class=\"partners-carousel \"  data-animation=\"fadeInDown\" data-animation-delay=\"300\">\r\n          <div class=\"owl-carousel\" data-auto=\"true\" data-show_nav=\"true\" data-loop=\"true\" data-itemslide=\"3\" data-autoplaytimeout=\"5000\"><div><a href=\"https:\/\/www.ub.edu\/\" target=\"_blank\"><img decoding=\"async\" src=\"https:\/\/consinter.org\/madrid2024\/wp-content\/uploads\/sites\/35\/2024\/04\/ub.png\" alt=\"UB - Universitat de Barcelona\"\/><\/a><\/div><div><a href=\"https:\/\/www.ucm.es\/\" target=\"_blank\"><img decoding=\"async\" src=\"https:\/\/consinter.org\/madrid2024\/wp-content\/uploads\/sites\/35\/2024\/04\/ucm.png\" alt=\"UCM - Universidad Complutense de Madrid\"\/><\/a><\/div><div><a href=\"https:\/\/www.ubu.es\/\" target=\"_blank\"><img decoding=\"async\" src=\"https:\/\/consinter.org\/madrid2024\/wp-content\/uploads\/sites\/35\/2024\/04\/u-burgos.png\" alt=\"Universidad de Burgos\"\/><\/a><\/div><div><a href=\"https:\/\/www.usal.es\/\" target=\"_blank\"><img decoding=\"async\" src=\"https:\/\/consinter.org\/madrid2024\/wp-content\/uploads\/sites\/35\/2024\/04\/usal.png\" alt=\"Universidad de Salamanca\"\/><\/a><\/div><div><a href=\"https:\/\/www.europeia.pt\/\" target=\"_blank\"><img decoding=\"async\" src=\"https:\/\/consinter.org\/madrid2024\/wp-content\/uploads\/sites\/35\/2024\/04\/ue-lisboa.png\" alt=\"Universidade Europeia\"\/><\/a><\/div><div><a href=\"https:\/\/apmnacional.es\/actualidad\/fundacion-de-la-asociacion-profesiona\/\" target=\"_blank\"><img decoding=\"async\" src=\"https:\/\/consinter.org\/madrid2024\/wp-content\/uploads\/sites\/35\/2024\/04\/fapm.png\" alt=\"Fundaci\u00f3n de la Asociaci\u00f3n Profesional de la Magistratura\"\/><\/a><\/div><div><a href=\"https:\/\/www.forojudicialindependiente.es\/\" target=\"_blank\"><img decoding=\"async\" src=\"https:\/\/consinter.org\/madrid2024\/wp-content\/uploads\/sites\/35\/2024\/04\/fji.png\" alt=\"Asociaci\u00f3n del Foro Judicial Independiente\"\/><\/a><\/div><div><a href=\"https:\/\/idpbarcelona.net\/\" target=\"_blank\"><img decoding=\"async\" src=\"https:\/\/consinter.org\/madrid2024\/wp-content\/uploads\/sites\/35\/2024\/04\/idp-es.png\" alt=\"IDP - Observatorio de Derecho Publico\"\/><\/a><\/div><\/div>\r\n      <\/div>\r\n    [vc_text_separator title=&#8221;Acuerdos Master &#8211; Brasil&#8221; style=&#8221;double&#8221; css=&#8221;.vc_custom_1715169096739{margin-top: 35px !important;margin-bottom: 15px !important;}&#8221;]\r\n      <div class=\"partners-carousel \"  data-animation=\"fadeInDown\" data-animation-delay=\"300\">\r\n          <div class=\"owl-carousel\" data-auto=\"false\" data-show_nav=\"false\" data-loop=\"false\" data-itemslide=\"1\" data-autoplaytimeout=\"5000\"><div><a href=\"https:\/\/abdss.org.br\/\" target=\"_blank\"><img decoding=\"async\" src=\"https:\/\/consinter.org\/madrid2024\/wp-content\/uploads\/sites\/35\/2024\/04\/abdss.png\" alt=\"ABDSS - Academia Brasileira de Direito da Seguridade Social\"\/><\/a><\/div><\/div>\r\n      <\/div>\r\n    [vc_text_separator title=&#8221;Acuerdos &#8211; Brasil&#8221; style=&#8221;double&#8221; css=&#8221;.vc_custom_1715169107149{margin-top: 35px !important;margin-bottom: 15px !important;}&#8221;]\r\n      <div class=\"partners-carousel \"  data-animation=\"fadeInDown\" data-animation-delay=\"300\">\r\n          <div class=\"owl-carousel\" data-auto=\"true\" data-show_nav=\"true\" data-loop=\"true\" data-itemslide=\"3\" data-autoplaytimeout=\"5000\"><div><a href=\"https:\/\/www.amatra1.org.br\/\" target=\"_blank\"><img decoding=\"async\" src=\"https:\/\/consinter.org\/madrid2024\/wp-content\/uploads\/sites\/35\/2024\/04\/amatra1.png\" alt=\"AMATRA1 - Associa\u00e7\u00e3o dos Magistrados da Justi\u00e7a do Trabalho da 1\u00aa Regi\u00e3o\"\/><\/a><\/div><div><a href=\"https:\/\/amaerj.org.br\/\" target=\"_blank\"><img decoding=\"async\" src=\"https:\/\/consinter.org\/madrid2024\/wp-content\/uploads\/sites\/35\/2024\/04\/amaerj.png\" alt=\"AMAERJ - Associa\u00e7\u00e3o de Magistrados do Estado do Rio de Janeiro\"\/><\/a><\/div><div><a href=\"https:\/\/amarn.com.br\/\" target=\"_blank\"><img decoding=\"async\" src=\"https:\/\/consinter.org\/madrid2024\/wp-content\/uploads\/sites\/35\/2024\/04\/amarn.png\" alt=\"AMARN - Associa\u00e7\u00e3o dos Magistrados do Rio Grande do Norte\"\/><\/a><\/div><div><a href=\"https:\/\/www.amapar.com.br\/\" target=\"_blank\"><img decoding=\"async\" src=\"https:\/\/consinter.org\/madrid2024\/wp-content\/uploads\/sites\/35\/2024\/04\/amapar.png\" alt=\"AMAPAR - Associa\u00e7\u00e3o dos Magistrados do Paran\u00e1\"\/><\/a><\/div><div><a href=\"https:\/\/www.apmppr.org.br\/\" target=\"_blank\"><img decoding=\"async\" src=\"https:\/\/consinter.org\/madrid2024\/wp-content\/uploads\/sites\/35\/2024\/04\/apmp.png\" alt=\"APMP - Associa\u00e7\u00e3o Paranaense do Minist\u00e9rio P\u00fablico\"\/><\/a><\/div><div><a href=\"http:\/\/www.amepe.com.br\/\" target=\"_blank\"><img decoding=\"async\" src=\"https:\/\/consinter.org\/madrid2024\/wp-content\/uploads\/sites\/35\/2024\/04\/amepe.png\" alt=\"AMEPE - Associa\u00e7\u00e3o dos Magistrados do Estado de Pernambuco\"\/><\/a><\/div><div><a href=\"https:\/\/www.apajufe.org.br\/\" target=\"_blank\"><img decoding=\"async\" src=\"https:\/\/consinter.org\/madrid2024\/wp-content\/uploads\/sites\/35\/2024\/04\/apajufe.png\" alt=\"APAJUFE - Associa\u00e7\u00e3o Paranaense dos Ju\u00edzes Federais\"\/><\/a><\/div><div><a href=\"https:\/\/www.rejufe.org.br\/\" target=\"_blank\"><img decoding=\"async\" src=\"https:\/\/consinter.org\/madrid2024\/wp-content\/uploads\/sites\/35\/2024\/04\/rejufe.png\" alt=\"REJUFE - Associa\u00e7\u00e3o dos Ju\u00edzes Federais da 5\u00aa Regi\u00e3o\"\/><\/a><\/div><div><a href=\"https:\/\/www.conamp.org.br\/\" target=\"_blank\"><img decoding=\"async\" src=\"https:\/\/consinter.org\/madrid2024\/wp-content\/uploads\/sites\/35\/2024\/04\/conamp.png\" alt=\"CONAMP - Associa\u00e7\u00e3o Nacional dos Membros do Minist\u00e9rio P\u00fablico\"\/><\/a><\/div><div><a href=\"https:\/\/www.esmafe.com\/\" target=\"_blank\"><img decoding=\"async\" src=\"https:\/\/consinter.org\/madrid2024\/wp-content\/uploads\/sites\/35\/2024\/04\/esmafepr.png\" alt=\"ESMAFE-PR - Escola da Magistratura Federal do Paran\u00e1\"\/><\/a><\/div><div><a href=\"https:\/\/www.emap.com.br\/\" target=\"_blank\"><img decoding=\"async\" src=\"https:\/\/consinter.org\/madrid2024\/wp-content\/uploads\/sites\/35\/2024\/04\/emap.png\" alt=\"EMAP - Escola da Magistratura do Paran\u00e1\"\/><\/a><\/div><div><a href=\"http:\/\/www.amatra9.org.br\/\" target=\"_blank\"><img decoding=\"async\" src=\"https:\/\/consinter.org\/madrid2024\/wp-content\/uploads\/sites\/35\/2024\/04\/amatra9.png\" alt=\"Amatra IX - Associa\u00e7\u00e3o dos Magistrados do Trabalho da 9\u00aa Regi\u00e3o\"\/><\/a><\/div><div><a href=\"https:\/\/www.ematra9.org.br\/\" target=\"_blank\"><img decoding=\"async\" src=\"https:\/\/consinter.org\/madrid2024\/wp-content\/uploads\/sites\/35\/2024\/04\/ematra9.png\" alt=\"EMATRA IX - Escola da Associa\u00e7\u00e3o dos Magistrados do Trabalho do Paran\u00e1\"\/><\/a><\/div><div><a href=\"http:\/\/www.ampb.org.br\/\" target=\"_blank\"><img decoding=\"async\" src=\"https:\/\/consinter.org\/madrid2024\/wp-content\/uploads\/sites\/35\/2024\/04\/ampb.png\" alt=\"AMPB - Associa\u00e7\u00e3o dos Magistrados da Para\u00edba\"\/><\/a><\/div><div><a href=\"https:\/\/www.oab.org.br\" target=\"_blank\"><img decoding=\"async\" src=\"https:\/\/consinter.org\/madrid2024\/wp-content\/uploads\/sites\/35\/2024\/04\/oab-nacional.png\" alt=\"OAB Nacional\"\/><\/a><\/div><div><a href=\"https:\/\/www.anadep.org.br\/\" target=\"_blank\"><img decoding=\"async\" src=\"https:\/\/consinter.org\/madrid2024\/wp-content\/uploads\/sites\/35\/2024\/04\/anadep.png\" alt=\"ANADEP - Associa\u00e7\u00e3o Nacional das Defensoras e Defensores P\u00fablicos\"\/><\/a><\/div><div><a href=\"https:\/\/www.aasp.org.br\/\" target=\"_blank\"><img decoding=\"async\" src=\"https:\/\/consinter.org\/madrid2024\/wp-content\/uploads\/sites\/35\/2024\/04\/aasp.png\" alt=\"AASP - Associa\u00e7\u00e3o dos Advogados de S\u00e3o Paulo\"\/><\/a><\/div><div><a href=\"https:\/\/www.facebook.com\/Ibrajus\/\" target=\"_blank\"><img decoding=\"async\" src=\"https:\/\/consinter.org\/madrid2024\/wp-content\/uploads\/sites\/35\/2024\/04\/ibrajus.png\" alt=\"IBRAJUS - Instituto Brasileiro de Administra\u00e7\u00e3o do Sistema Judici\u00e1rio\"\/><\/a><\/div><div><a href=\"https:\/\/www.ibdp.org.br\/\" target=\"_blank\"><img decoding=\"async\" src=\"https:\/\/consinter.org\/madrid2024\/wp-content\/uploads\/sites\/35\/2024\/04\/ibdp.png\" alt=\"IBDP - Instituto Brasileiro de Direito Previdenci\u00e1rio\"\/><\/a><\/div><div><a href=\"https:\/\/iconectadireito.com.br\/\" target=\"_blank\"><img decoding=\"async\" src=\"https:\/\/consinter.org\/madrid2024\/wp-content\/uploads\/sites\/35\/2024\/04\/iconectadireito-b.png\" alt=\"Instituto Conecta Direito\"\/><\/a><\/div><div><a href=\"https:\/\/unisal.br\/\" target=\"_blank\"><img decoding=\"async\" src=\"https:\/\/consinter.org\/madrid2024\/wp-content\/uploads\/sites\/35\/2024\/04\/unisal.png\" alt=\"UNISAL \u2013 Centro Salesiano Universit\u00e1rio de S\u00e3o Paulo\"\/><\/a><\/div><div><a href=\"https:\/\/www.pucsp.br\/\" target=\"_blank\"><img decoding=\"async\" src=\"https:\/\/consinter.org\/madrid2024\/wp-content\/uploads\/sites\/35\/2024\/04\/puc-sp.png\" alt=\"PUC-SP - Pontif\u00edcia Universidade Cat\u00f3lica de S\u00e3o Paulo\"\/><\/a><\/div><div><a href=\"https:\/\/estacio.br\/\" target=\"_blank\"><img decoding=\"async\" src=\"https:\/\/consinter.org\/madrid2024\/wp-content\/uploads\/sites\/35\/2024\/04\/unesa.png\" alt=\"UNESA - Universidade Est\u00e1cio\"\/><\/a><\/div><div><a href=\"https:\/\/www.unipar.br\/\" target=\"_blank\"><img decoding=\"async\" src=\"https:\/\/consinter.org\/madrid2024\/wp-content\/uploads\/sites\/35\/2024\/04\/unipar.png\" alt=\"UNIPAR - Universidade Paranaense\"\/><\/a><\/div><div><a href=\"https:\/\/www.univel.br\" target=\"_blank\"><img decoding=\"async\" src=\"https:\/\/consinter.org\/madrid2024\/wp-content\/uploads\/sites\/35\/2024\/04\/univel.png\" alt=\"UNIVEL - Centro Universit\u00e1rio\"\/><\/a><\/div><div><a href=\"https:\/\/www1.uea.edu.br\/event.php\" target=\"_blank\"><img decoding=\"async\" src=\"https:\/\/consinter.org\/madrid2024\/wp-content\/uploads\/sites\/35\/2024\/04\/uea.png\" alt=\"EUA - Universidade do Estado do Amazonas\"\/><\/a><\/div><div><a href=\"https:\/\/www.idp.edu.br\/\" target=\"_blank\"><img decoding=\"async\" src=\"https:\/\/consinter.org\/madrid2024\/wp-content\/uploads\/sites\/35\/2024\/04\/idp.png\" alt=\"IDP - Instituto Brasileiro de Ensino, Desenvolvimento e Pesquisa\"\/><\/a><\/div><\/div>\r\n      <\/div>\r\n    [vc_text_separator title=&#8221;Operador tur\u00edstico&#8221; css=&#8221;.vc_custom_1715169122950{margin-top: 35px !important;margin-bottom: 15px !important;}&#8221;]\r\n      <div class=\"partners-carousel \"  data-animation=\"fadeInUp\" data-animation-delay=\"300\">\r\n          <div class=\"owl-carousel\" data-auto=\"false\" data-show_nav=\"false\" data-loop=\"false\" data-itemslide=\"1\" data-autoplaytimeout=\"3000\"><div><a href=\"http:\/\/www.frmviagens.tur.br\/\" target=\"_blank\"><img decoding=\"async\" src=\"https:\/\/consinter.org\/madrid2024\/wp-content\/uploads\/sites\/35\/2024\/04\/frm.png\" alt=\"FRM Operadora de Turismo\"\/><\/a><\/div><\/div>\r\n      <\/div>\r\n    [\/vc_column][\/vc_row][vc_row full_width=&#8221;stretch_row&#8221; section_id=&#8221;price&#8221; css=&#8221;.vc_custom_1714506516761{margin-top: 0px !important;margin-bottom: 0px !important;border-top-width: 0px !important;border-bottom-width: 0px !important;padding-top: 70px !important;padding-bottom: 70px !important;}&#8221; fullwidth=&#8221;no&#8221; el_id=&#8221;price&#8221; parallax_bg=&#8221;0&#8243; stellar_background_ratio=&#8221;0.6&#8243; el_class=&#8221;price light&#8221;][vc_column css=&#8221;.vc_custom_1417502225299{padding-bottom: 10px !important;}&#8221;]\r\n      <h3 class=\"section-title \"><span data-animation=\"flipInY\" data-animation-delay=\"300\" class=\"icon-inner\"><span class=\"fa-stack\"><i class=\"fa crcle fa-stack-2x\"><\/i><i class=\"fa fa-ticket fa-stack-1x\"><\/i><\/span><\/span><span data-animation=\"fadeInRight\" data-animation-delay=\"500\" class=\"title-inner\">Valores <small> \/ tu inversi\u00f3n<\/small><\/span><\/h3>\r\n    [vc_column_text css=&#8221;.vc_custom_1715169206194{padding-bottom: 20px !important;padding-left: 20px !important;}&#8221;]a) Para pagos en moneda extranjera verificar la cotizaci\u00f3n del d\u00eda.<\/p>\n<p>b) Verificar los plazos para la inscripci\u00f3n y pago, as\u00ed como la descarga de la sumisi\u00f3n.<\/p>\n<p>c) Es indispensable que los autores y coautores paguen la tasa de inscripci\u00f3n al momento de la inscripci\u00f3n, lo que les dar\u00e1 derecho a la evaluaci\u00f3n del art\u00edculo.<\/p>\n<p>d) Se aceptar\u00e1n art\u00edculos en coautor\u00eda solo si los autores y coautores est\u00e1n debidamente inscriptos, se permitir\u00e1 un m\u00e1ximo de 03 (tres) coautores por art\u00edculo.<\/p>\n<p>e) Comunicamos que el CONSINTER <strong>NO DEVUELVE PAGOS EFECTUADOS<\/strong>, ni siquiera en el caso de que los art\u00edculos no hayan sido aprobados por los Pares Evaluadores y\/o Consejo Editorial.<\/p>\n<p>f) La fecha de env\u00edo del art\u00edculo est\u00e1 condicionada a la fecha de inscripci\u00f3n del (los) autor (es). En caso de art\u00edculos enviados fuera del plazo en que el autor efectu\u00f3 la inscripci\u00f3n, se cobrar\u00e1 la diferencia del valor entre la fecha de la inscripci\u00f3n y la fecha del env\u00edo del art\u00edculo. (v\u00e1lido para valores promocionales por convocatoria).<\/p>\n<p>g) Quienes adquieran solamente la sumisi\u00f3n del art\u00edculo, si desean participar del evento o presentarlo durante el evento del a\u00f1o en curso, deber\u00e1n pagar la tarifa adicional de participaci\u00f3n\/presentaci\u00f3n disponible en la web de CONSINTER en un plazo de hasta sesenta (60) d\u00edas antes del evento.[\/vc_column_text][vc_row_inner][vc_column_inner width=&#8221;1\/2&#8243;]\r\n      <div class=\"price-table  nofeature\" data-animation=\"fadeInUp\" data-animation-delay=\"100\">\r\n          <div class=\"price-table-header\">\r\n              <div class=\"price-label-header\">\r\n                  <h3 class=\"price-label-title\">5\u00ba lote - hasta 31\/12<\/h3>\r\n              <\/div>\r\n              <div class=\"price-value\" data-moeda=\"euro\"><span class=\"price-unit\">R$<\/span><span class=\"price-number\">1890<\/span><span class=\"price-per\"><em>Cerca de 326\u20ac<\/em><\/span><\/div>\r\n          <\/div>\r\n          <div class=\"price-table-rows\"><p><\/p>\n<div class=\"price-table-row\"><i class=\"fa fa-check-circle-o\"><\/i> Solo env\u00edo de art\u00edculos para evaluaci\u00f3n<\/div>\n<p><\/p><div class=\"price-table-row-bottom\"><a class=\"btn btn-theme \" href=\"###\" disabled>Cerrado<\/a> <\/div><\/div>\r\n      <\/div>\r\n    [\/vc_column_inner][vc_column_inner width=&#8221;1\/2&#8243;]\r\n      <div class=\"price-table  nofeature\" data-animation=\"fadeInUp\" data-animation-delay=\"100\">\r\n          <div class=\"price-table-header\">\r\n              <div class=\"price-label-header\">\r\n                  <h3 class=\"price-label-title\">Alunos de gradua\u00e7\u00e3o - hasta 31\/12<\/h3>\r\n              <\/div>\r\n              <div class=\"price-value\" data-moeda=\"euro\"><span class=\"price-unit\">R$<\/span><span class=\"price-number\">890<\/span><span class=\"price-per\"><em>Cerca de 154\u20ac<\/em><\/span><\/div>\r\n          <\/div>\r\n          <div class=\"price-table-rows\"><p><\/p>\n<div class=\"price-table-row\"><i class=\"fa fa-check-circle-o\"><\/i> Se requiere prueba de conexi\u00f3n con la instituci\u00f3n asociada.<\/div>\n<div class=\"price-table-row\"><i class=\"fa fa-check-circle-o\"><\/i> Solo env\u00edo de art\u00edculos para evaluaci\u00f3n<\/div>\n<p><\/p><div class=\"price-table-row-bottom\"><a class=\"btn btn-theme \" href=\"###\" disabled>Cerrado<\/a> <\/div><\/div>\r\n      <\/div>\r\n    [\/vc_column_inner][\/vc_row_inner][vc_row_inner][vc_column_inner el_class=&#8221;double-row&#8221; width=&#8221;1\/2&#8243;]\r\n      <div class=\"price-table  nofeature\" data-animation=\"fadeInUp\" data-animation-delay=\"100\">\r\n          <div class=\"price-table-header\">\r\n              <div class=\"price-label-header\">\r\n                  <h3 class=\"price-label-title\">Adicional de apresenta\u00e7\u00e3o<\/h3>\r\n              <\/div>\r\n              <div class=\"price-value\" data-moeda=\"euro\"><span class=\"price-unit\">R$<\/span><span class=\"price-number\">990<\/span><span class=\"price-per\"><em>Cerca de 171\u20ac<\/em><\/span><\/div>\r\n          <\/div>\r\n          <div class=\"price-table-rows\"><p><\/p>\n<div class=\"price-table-row\"><i class=\"fa fa-check-circle-o\"><\/i> Art\u00edculo previamente registrado y aprobado..<\/div>\n<div class=\"price-table-row\"><i class=\"fa fa-check-circle-o\"><\/i> El pago debe realizarse hasta 60 d\u00edas antes del evento.<\/div>\n<p><\/p><div class=\"price-table-row-bottom\"><a class=\"btn btn-theme \" href=\"###\" disabled>Cerrado<\/a> <\/div><\/div>\r\n      <\/div>\r\n    [\/vc_column_inner][vc_column_inner width=&#8221;1\/2&#8243;]\r\n      <div class=\"price-table  nofeature\" data-animation=\"fadeInUp\" data-animation-delay=\"100\">\r\n          <div class=\"price-table-header\">\r\n              <div class=\"price-label-header\">\r\n                  <h3 class=\"price-label-title\">Participaci\u00f3n como oyente - hasta 31\/10<\/h3>\r\n              <\/div>\r\n              <div class=\"price-value\" data-moeda=\"euro\"><span class=\"price-unit\">R$<\/span><span class=\"price-number\">990<\/span><span class=\"price-per\"><em>Cerca de 171\u20ac<\/em><\/span><\/div>\r\n          <\/div>\r\n          <div class=\"price-table-rows\"><p><\/p>\n<div class=\"price-table-row\"><i class=\"fa fa-check-circle-o\"><\/i> Participaci\u00f3n en el evento como oyente, conferencias y grupos de trabajo &#8211; sin enviar art\u00edculos<\/div>\n<p><\/p><div class=\"price-table-row-bottom\"><a class=\"btn btn-theme \" href=\"###\" disabled>Cerrado<\/a> <\/div><\/div>\r\n      <\/div>\r\n    [\/vc_column_inner][\/vc_row_inner][vc_column_text css=&#8221;&#8221;]<\/p>\n<p style=\"text-align: center;\"><strong>IMPORTANTE:<br \/>\n<\/strong>La presentaci\u00f3n del art\u00edculo est\u00e1 condicionada al pago de la tasa correspondiente, destinada exclusivamente al procesamiento del trabajo. Todos los autores y coautores deben realizar el pago en el momento de la inscripci\u00f3n para que el art\u00edculo pueda ser enviado a la etapa de evaluaci\u00f3n. Se destaca que el pago de la tasa de presentaci\u00f3n no garantiza la publicaci\u00f3n del art\u00edculo, ya que este ser\u00e1 sometido a un riguroso proceso de evaluaci\u00f3n por pares (doble ciego). Solo los art\u00edculos que cumplan \u00edntegramente con las normas de la convocatoria y obtengan la aprobaci\u00f3n del Consejo del CONSINTER podr\u00e1n ser publicados.<\/p>\n<p>[\/vc_column_text][\/vc_column][\/vc_row][vc_row full_width=&#8221;stretch_row&#8221; section_id=&#8221;register&#8221; el_id=&#8221;register&#8221; css=&#8221;.vc_custom_1714511799223{padding-top: 70px !important;padding-bottom: 70px !important;}&#8221;][vc_column]\r\n      <h3 class=\"section-title \"><span data-animation=\"flipInY\" data-animation-delay=\"300\" class=\"icon-inner\"><span class=\"fa-stack\"><i class=\"fa crcle fa-stack-2x\"><\/i><i class=\"fa fa-ticket fa-stack-1x\"><\/i><\/span><\/span><span data-animation=\"fadeInRight\" data-animation-delay=\"500\" class=\"title-inner\">Suscribirse <small> \/ asegura tu lugar<\/small><\/span><\/h3>\r\n    [vc_column_text css=&#8221;&#8221;]<p class=\"datelimit\">Inscri\u00e7\u00f5es encerradas!<\/p>[\/vc_column_text][\/vc_column][\/vc_row][vc_row full_width=&#8221;stretch_row&#8221; section_id=&#8221;picture&#8221; el_id=&#8221;picture&#8221; css=&#8221;.vc_custom_1715101886194{padding-top: 70px !important;padding-bottom: 70px !important;}&#8221; el_class=&#8221;light&#8221;][vc_column]\r\n      <h3 class=\"section-title \"><span data-animation=\"flipInY\" data-animation-delay=\"0\" class=\"icon-inner\"><span class=\"fa-stack\"><i class=\"fa crcle fa-stack-2x\"><\/i><i class=\"fa fa-user fa-stack-1x\"><\/i><\/span><\/span><span data-animation=\"fadeInRight\" data-animation-delay=\"500\" class=\"title-inner\">Acerca <small> \/ Fotos de simposios anteriores y el lugar del evento<\/small><\/span><\/h3>\r\n    [vc_gallery type=&#8221;image_grid&#8221; images=&#8221;145,146,147,148,149,150,151,152,153,154,155,156,157,158,159,160,161,162,163,164,165,166,167&#8243; css=&#8221;&#8221;]<a href=\"https:\/\/www.instagram.com\/consinter_\/\" target='_blank' style=\"margin: 20px 0 0 0\"  class=\"btn btn-theme animated flipInY visible   \" data-animation=\"flipInY\" data-animation-delay=\"200\">Mire mas fotos en <i class=\"fa fa-brands fa-instagram\"><\/i><\/a>[vc_zigzag color=&#8221;custom&#8221; custom_color=&#8221;#1a3153&#8243; css=&#8221;.vc_custom_1715179581801{margin-top: 80px !important;}&#8221;][vc_column_text css=&#8221;&#8221;]<strong id=\"ucm\" class=\"subtit\">UNIVERSIDAD COMPLUTENSE DE MADRID &#8211; FACULTAD DE DERECHO<\/strong><\/p>\n<p>Fundada en 1293 en Alcal\u00e1 de Henares, es una de las universidades europeas m\u00e1s antiguas y prestigiosas y seg\u00fan El Mundo, la Facultad de Derecho, que fue fundada en 1842, hoy lidera el ranking universitario nacional con la medalla de Bronce, su lema es &#8220;Libertas Perfundet Omnia Luce&#8221;.<\/p>\n<p>Es una universidad p\u00fablica considerada una de las m\u00e1s importantes de Espa\u00f1a y del mundo hispanohablante. Adem\u00e1s, actualmente es la tercera universidad de ense\u00f1anza presencial m\u00e1s grande de Europa.<\/p>\n<p>Hoy, la Facultad de Derecho de la UCM es un centro de referencia internacional en estudios jur\u00eddicos con profesores y estudiantes del m\u00e1s alto nivel acad\u00e9mico.<\/p>\n<p>De los ocho premios Nobel espa\u00f1oles, siete estudiaron o fueron profesores de la Universidad Complutense.[\/vc_column_text][vc_zigzag color=&#8221;custom&#8221; custom_color=&#8221;#1a3153&#8243; css=&#8221;.vc_custom_1715179588155{margin-top: 80px !important;}&#8221;][vc_column_text css=&#8221;&#8221;]<strong id=\"madrid\" class=\"subtit\">MADRID &#8211; CIDADE-SEDE<\/strong><\/p>\n<p>Madrid es el coraz\u00f3n de Espa\u00f1a. Centro intelectual, pol\u00edtico y acad\u00e9mico.<\/p>\n<p>La ciudad es espectacular, animada, con elegantes avenidas y grandes parques bien cuidados.<\/p>\n<p>La vibrante escena gastron\u00f3mica, con lo mejor de la cocina ib\u00e9rica: tapas, paellas, dulces y jam\u00f3n, es un atractivo en s\u00ed mismo. Comes bien, bebes a\u00fan mejor. Aqu\u00ed el vino se trata con respeto y orgullo.<\/p>\n<p>Espect\u00e1culos, espect\u00e1culos y exposiciones son algunos de los atractivos de la bulliciosa vida cultural madrile\u00f1a. Siempre hay un buen espect\u00e1culo en exhibici\u00f3n en la ciudad.<\/p>\n<p>Adem\u00e1s, los eventos deportivos como los partidos de los equipos locales Atl\u00e9tico de Madrid y Real Madrid (con su gran museo) son excelentes opciones para los visitantes.[\/vc_column_text][\/vc_column][\/vc_row][vc_row full_width=&#8221;stretch_row&#8221; section_id=&#8221;contact&#8221; el_id=&#8221;contact&#8221; el_class=&#8221;color&#8221; css=&#8221;.vc_custom_1581518126030{padding-top: 70px !important;padding-bottom: 70px !important;}&#8221;][vc_column]\r\n      <h3 class=\"section-title \"><span data-animation=\"flipInY\" data-animation-delay=\"300\" class=\"icon-inner\"><span class=\"fa-stack\"><i class=\"fa crcle fa-stack-2x\"><\/i><i class=\"fa fa-ticket fa-stack-1x\"><\/i><\/span><\/span><span data-animation=\"fadeInRight\" data-animation-delay=\"500\" class=\"title-inner\">Contacto <small> \/ hable con nosotros<\/small><\/span><\/h3>\r\n    \n<div class=\"wpcf7 no-js\" id=\"wpcf7-f90-o2\" lang=\"pt-BR\" dir=\"ltr\" data-wpcf7-id=\"90\">\n<div class=\"screen-reader-response\"><p role=\"status\" aria-live=\"polite\" aria-atomic=\"true\"><\/p> <ul><\/ul><\/div>\n<form action=\"\/madrid2024\/es\/wp-json\/wp\/v2\/pages\/16#wpcf7-f90-o2\" method=\"post\" class=\"wpcf7-form init\" aria-label=\"Formul\u00e1rios de contato\" novalidate=\"novalidate\" data-status=\"init\">\n<fieldset class=\"hidden-fields-container\"><input type=\"hidden\" name=\"_wpcf7\" value=\"90\" \/><input type=\"hidden\" name=\"_wpcf7_version\" value=\"6.1.5\" \/><input type=\"hidden\" name=\"_wpcf7_locale\" value=\"pt_BR\" \/><input type=\"hidden\" name=\"_wpcf7_unit_tag\" value=\"wpcf7-f90-o2\" \/><input type=\"hidden\" name=\"_wpcf7_container_post\" value=\"0\" \/><input type=\"hidden\" name=\"_wpcf7_posted_data_hash\" value=\"\" \/>\n<\/fieldset>\n<p><span class=\"wpcf7-form-control-wrap\" data-name=\"your-name\"><input size=\"40\" maxlength=\"400\" class=\"wpcf7-form-control wpcf7-text wpcf7-validates-as-required form-control\" aria-required=\"true\" aria-invalid=\"false\" placeholder=\"Su nombre\" value=\"\" type=\"text\" name=\"your-name\" \/><\/span>\n<\/p>\n<p><span class=\"wpcf7-form-control-wrap\" data-name=\"your-email\"><input size=\"40\" maxlength=\"400\" class=\"wpcf7-form-control wpcf7-email wpcf7-validates-as-required wpcf7-text wpcf7-validates-as-email form-control\" aria-required=\"true\" aria-invalid=\"false\" placeholder=\"Su correo electr\u00f3nico\" value=\"\" type=\"email\" name=\"your-email\" \/><\/span>\n<\/p>\n<p><span class=\"wpcf7-form-control-wrap\" data-name=\"your-subject\"><input size=\"40\" maxlength=\"400\" class=\"wpcf7-form-control wpcf7-text wpcf7-validates-as-required form-control\" aria-required=\"true\" aria-invalid=\"false\" placeholder=\"Asunto\" value=\"\" type=\"text\" name=\"your-subject\" \/><\/span>\n<\/p>\n<p><span class=\"wpcf7-form-control-wrap\" data-name=\"your-message\"><textarea cols=\"40\" rows=\"10\" maxlength=\"2000\" class=\"wpcf7-form-control wpcf7-textarea wpcf7-validates-as-required form-control\" aria-required=\"true\" aria-invalid=\"false\" placeholder=\"Su mensaje\" name=\"your-message\"><\/textarea><\/span>\n<\/p>\n<p>&nbsp;\n<\/p>\n<p><input class=\"wpcf7-form-control wpcf7-submit has-spinner form-button form-button-submit btn btn-theme btn-theme-lg btn-theme-transparent\" type=\"submit\" value=\"Enviar\" \/>\n<\/p><div class=\"wpcf7-response-output\" aria-hidden=\"true\"><\/div>\n<\/form>\n<\/div>\n[\/vc_column][\/vc_row]<\/p>\n<\/div>","protected":false},"excerpt":{"rendered":"<p>[vc_row full_width=&#8221;stretch_row&#8221; section_id=&#8221;home&#8221; fullwidth=&#8221;no&#8221; bg_image_custom=&#8221;121&#8243; el_id=&#8221;home&#8221; css=&#8221;.vc_custom_1715094213391{margin-top: 0px !important;margin-bottom: 0px !important;border-top-width: 0px !important;border-bottom-width: 0px !important;padding-top: 0px !important;padding-bottom: 0px !important;background-image: url(http:\/\/consinter.org\/madrid2024\/wp-content\/uploads\/sites\/35\/2024\/05\/madrid-bg.jpg?id=125) !important;background-position: center !important;background-repeat: no-repeat !important;background-size: cover !important;}&#8221; parallax_bg=&#8221;1&#8243; stellar_background_ratio=&#8221;0.6&#8243;][vc_column css=&#8221;.vc_custom_1417507329606{padding-bottom: 0px !important;}&#8221;][\/vc_column][\/vc_row][vc_row full_width=&#8221;stretch_row&#8221; section_id=&#8221;video&#8221; parallax_bg=&#8221;0&#8243; stellar_background_ratio=&#8221;0.6&#8243; css=&#8221;.vc_custom_1717184559845{margin-top: 0px !important;margin-bottom: 0px !important;border-top-width: 0px<\/p>\n","protected":false},"author":3,"featured_media":0,"parent":0,"menu_order":0,"comment_status":"closed","ping_status":"closed","template":"home_template.php","meta":{"_acf_changed":false,"footnotes":""},"class_list":["post-16","page","type-page","status-publish","hentry"],"acf":[],"_links":{"self":[{"href":"https:\/\/consinter.org\/madrid2024\/es\/wp-json\/wp\/v2\/pages\/16","targetHints":{"allow":["GET"]}}],"collection":[{"href":"https:\/\/consinter.org\/madrid2024\/es\/wp-json\/wp\/v2\/pages"}],"about":[{"href":"https:\/\/consinter.org\/madrid2024\/es\/wp-json\/wp\/v2\/types\/page"}],"author":[{"embeddable":true,"href":"https:\/\/consinter.org\/madrid2024\/es\/wp-json\/wp\/v2\/users\/3"}],"replies":[{"embeddable":true,"href":"https:\/\/consinter.org\/madrid2024\/es\/wp-json\/wp\/v2\/comments?post=16"}],"version-history":[{"count":1,"href":"https:\/\/consinter.org\/madrid2024\/es\/wp-json\/wp\/v2\/pages\/16\/revisions"}],"predecessor-version":[{"id":368,"href":"https:\/\/consinter.org\/madrid2024\/es\/wp-json\/wp\/v2\/pages\/16\/revisions\/368"}],"wp:attachment":[{"href":"https:\/\/consinter.org\/madrid2024\/es\/wp-json\/wp\/v2\/media?parent=16"}],"curies":[{"name":"wp","href":"https:\/\/api.w.org\/{rel}","templated":true}]}}