{"id":2,"date":"2022-05-04T10:10:12","date_gmt":"2022-05-04T13:10:12","guid":{"rendered":"https:\/\/consinter.org\/madrid2022\/?page_id=2"},"modified":"2022-11-10T13:47:41","modified_gmt":"2022-11-10T16:47:41","slug":"pagina-exemplo","status":"publish","type":"page","link":"https:\/\/consinter.org\/madrid2022\/es\/","title":{"rendered":"Home"},"content":{"rendered":"<div class=\"wpb-content-wrapper\"><p>[vc_row full_width=&#8221;stretch_row&#8221; section_id=&#8221;home&#8221; fullwidth=&#8221;no&#8221; bg_image_custom=&#8221;121&#8243; el_id=&#8221;home&#8221; css=&#8221;.vc_custom_1651754710210{margin-top: 0px !important;margin-bottom: 0px !important;border-top-width: 0px !important;border-bottom-width: 0px !important;padding-top: 0px !important;padding-bottom: 0px !important;background-image: url(https:\/\/consinter.org\/barcelona2019\/wp-content\/uploads\/sites\/20\/2019\/05\/fundo.jpg?id=753) !important;background-position: center !important;background-repeat: no-repeat !important;background-size: cover !important;}&#8221; parallax_bg=&#8221;1&#8243; stellar_background_ratio=&#8221;0.6&#8243;][vc_column css=&#8221;.vc_custom_1417507329606{padding-bottom: 0px !important;}&#8221;]<div id=\"main-slider\" data-height_desk=\"768px\" data-height_ipad=\"768px\" data-height_mobile=\"800px\" data-loop=\"false\" data-auto_slider=\"false\" data-duration=\"3000\" data-navigation=\"false\"  class=\"owl-carousel owl-theme \"><div class=\"item page text-center slide0\">\r\n                    <div class=\"caption\">\r\n                            <div class=\"div-table\">\r\n                                <div class=\"div-cell\"><h2 class=\"caption-title\" data-animation=\"fadeInDown\" data-animation-delay=\"100\"><span>del 2 a 4 de noviembre de 2022<\/span><\/h2><h3 class=\"caption-subtitle\" data-animation=\"fadeInUp\" data-animation-delay=\"300\">IX Simposio Internacional CONSINTER \/ Universidad Complutense de Madrid<\/h3><\/div><\/div><\/div><\/div><\/div>\r\n      <div class=\"event-description \">        \r\n        <div class=\"event-background\" style=\"background-color:#0d1d31\">\r\n            <div class=\"container-fluid\">\r\n                <div class=\"row\">\r\n                    \r\n            <div class=\"col-md-6\">\r\n              <div class=\"media \">\r\n                          <span class=\"pull-left\">\r\n                              <i class=\"fa fa-calendar fa-2x\"><\/i>\r\n                          <\/span>\r\n                  <div class=\"media-body\">\r\n                      <h4 class=\"media-heading\">Fecha del simposio<\/h4>\r\n                      <span>Del 02 al 04 de noviembre de 2022<\/span>\r\n                  <\/div>\r\n              <\/div>\r\n            <\/div>\r\n    \r\n            <div class=\"col-md-6\">\r\n              <div class=\"media \">\r\n                          <span class=\"pull-left\">\r\n                              <i class=\"fa fa-map-marker fa-2x\"><\/i>\r\n                          <\/span>\r\n                  <div class=\"media-body\">\r\n                      <h4 class=\"media-heading\">Local<\/h4>\r\n                      <span>Universidad Complutense de Madrid<\/span>\r\n                  <\/div>\r\n              <\/div>\r\n            <\/div>\r\n    \r\n                <\/div>\r\n            <\/div>        \r\n        <\/div>\r\n    <\/div>\r\n    [\/vc_column][\/vc_row][vc_row section_id=&#8221;about&#8221; css=&#8221;.vc_custom_1428394403301{margin-top: 0px !important;margin-bottom: 0px !important;border-top-width: 0px !important;border-bottom-width: 0px !important;padding-top: 70px !important;padding-bottom: 70px !important;}&#8221; fullwidth=&#8221;no&#8221; el_id=&#8221;about&#8221; parallax_bg=&#8221;0&#8243; stellar_background_ratio=&#8221;0.6&#8243;][vc_column css=&#8221;.vc_custom_1417501673381{padding-bottom: 40px !important;}&#8221;]\r\n      <h3 class=\"section-title \"><span data-animation=\"flipInY\" data-animation-delay=\"0\" class=\"icon-inner\"><span class=\"fa-stack\"><i class=\"fa crcle fa-stack-2x\"><\/i><i class=\"fa fa-star fa-stack-1x\"><\/i><\/span><\/span><span data-animation=\"fadeInRight\" data-animation-delay=\"500\" class=\"title-inner\">ACERCA DE LA PUBLICACI\u00d3N <small> \/ objetivo, justificativa y p\u00fablico<\/small><\/span><\/h3>\r\n    [\/vc_column][vc_column offset=&#8221;vc_col-lg-8 vc_col-md-12&#8243;][vc_column_text css=&#8221;.vc_custom_1656088337183{margin-bottom: 15px !important;}&#8221;]<strong> NOMENCLATURA<\/strong><\/p>\n<p>IX Simposio Internacional de Derecho <em>CONSINTER <\/em>2022.<\/p>\n<p>Pronto m\u00e1s informaciones.<\/p>\n<p><strong>LOCAL Y FECHA DEL SIMPOSIO<\/strong><\/p>\n<p><strong>Local: <\/strong>Universidad Complutense de Madrid \u2013 Facultad de Derecho &#8211; Plaza Men\u00e9ndez Pelayo \u2013 Madrid \u2013 Espa\u00f1a.<\/p>\n<p><strong>Fecha<\/strong>: Del 02 al 04 de noviembre de 2022 &#8211; Evento presencial<\/p>\n<p><strong>APRESENTA\u00c7\u00c3O<\/strong><\/p>\n<p>La raz\u00f3n de ser del <em>CONSINTER<\/em> es promover la autonom\u00eda individual para que, de forma constructiva e integradora, pueda mejorarse el propio destino y el de la sociedad en general. El objeto de estas l\u00edneas es extender una invitaci\u00f3n abierta a un gran evento internacional en el que todos los participantes dispondr\u00e1n del espacio oportuno para la presentaci\u00f3n oral de sus contribuciones cient\u00edficas in\u00e9ditas, valorando su publicaci\u00f3n, tanto en Europa como en Brasil de acuerdo con las reglas del evento. De este modo, se impulsar\u00e1n instrumentos eficaces para la democratizaci\u00f3n del saber, la interacci\u00f3n entre los pueblos y la consolidaci\u00f3n del desarrollo.<\/p>\n<p>La suma de las aportaciones procedentes de diferentes culturas jur\u00eddicas permitir\u00e1 la superaci\u00f3n de los actuales l\u00edmites impuestos por la geograf\u00eda y la econom\u00eda. As\u00ed pues, son bienvenidos todos los esfuerzos coordinados que tiendan a la formaci\u00f3n, en sede universitaria, de individuos reflexivos, comprometidos con los valores y principios a los que aspira la civilizaci\u00f3n contempor\u00e1nea.<\/p>\n<p><strong>ACERCA DEL SIMPOSIO<\/strong><\/p>\n<p>El Simposio Internacional de Derecho <em>CONSINTER<\/em>, tendr\u00e1 ponencias de Profesores internacionales y grupos de trabajo con la presentaci\u00f3n de los art\u00edculos cient\u00edficos oralmente<em>.<\/em><\/p>\n<p>El <em>CONSINTER<\/em> quiere servir de lugar de encuentro de profesores y alumnos de posgrado (estudiantes de t\u00edtulos propios, M\u00e1ster y de Doctorado) e investigadores, en el que puedan debatir las conclusiones de sus trabajos, as\u00ed como intercambiar conocimientos y experiencias. Es una oportunidad excepcional para poder presentar y publicar estudios cient\u00edficos in\u00e9ditos.<\/p>\n<p>Las referidas obras son: <em>Revista Internacional CONSINTER de Direito<\/em>, con <em>ISSN<\/em> europeo y n\u00famero <em>DOI <\/em>y el Libro del <em>CONSINTER<\/em> <em>Direito e Justi\u00e7a<\/em> con tres distintos <em>ISBN\u2019s<\/em>, europeo, brasile\u00f1o y digital.<\/p>\n<p>OBS: La <em>Revista Internacional CONSINTER de Direito<\/em> est\u00e1 indexada en diversas bases de datos nacionales e internacionales como:<\/p>\n<ul>\n<li>Scielo Portugual<\/li>\n<li><em>Google Scholar<\/em><\/li>\n<li><em>Latindex<\/em><\/li>\n<li><em>Sum\u00e1rios.org<\/em><\/li>\n<li><em>REDIB<\/em><\/li>\n<li><em>CAPES<\/em><\/li>\n<li><em>LivRe<\/em><\/li>\n<li><em>Cite Factor<\/em><\/li>\n<li><em>Tribunal Superior Eleitoral<\/em><\/li>\n<li><em>Rede Virtual de Bibliotecas Integradas (RVBI)<\/em><\/li>\n<li>Miar<\/li>\n<li><em>Membro da Crossref<\/em><\/li>\n<\/ul>\n<p>El acceso en la \u00edntegra a los art\u00edculos publicados es gratis, pulse aqu\u00ed y conozca todas las ediciones anteriores <a href=\"https:\/\/revistaconsinter.com\/edicoes-anteriores\/\" target=\"_blank\" rel=\"noopener\">https:\/\/revistaconsinter.com\/edicoes-anteriores\/<\/a><\/p>\n<p>Se admitir\u00e1n trabajos en cualquiera de las \u00e1reas del Derecho, de acuerdo con la siguiente clasificaci\u00f3n:<\/p>\n<p style=\"padding-left: 30px;\"><strong>a)<\/strong> DIREITOS DIFUSOS, COLETIVOS E INDIVIDUAIS HOMOG\u00caNEOS<\/p>\n<p style=\"padding-left: 30px;\"><strong>b)<\/strong> DIREITO P\u00daBLICO<\/p>\n<p style=\"padding-left: 30px;\"><strong>c)<\/strong> DIREITO PRIVADO<\/p>\n<p style=\"padding-left: 30px;\"><strong>d)<\/strong> DIREITO INTERNACIONAL<\/p>\n<p><strong>DESTINATARIOS<\/strong><\/p>\n<p>Podr\u00e1n someter art\u00edculos alumnos de posgrado como estudiantes de M\u00e1ster y de Doctorado, Maestros y Doctores, investigadores y docentes universitarios, profesionales de la carrera judicial y de la fiscal\u00eda, abogados; y, en general, personas que se dedican en su \u00e1mbito profesional a cualesquiera de las ramas o disciplinas del Derecho, que tengan inter\u00e9s en mostrar sus estudios cient\u00edficos in\u00e9ditos.<\/p>\n<p>Los art\u00edculos podr\u00e1n ser enviados bajo las siguientes condiciones:<\/p>\n<ul>\n<li>Estudiantes de graduaci\u00f3n con participaci\u00f3n exclusiva como oyentes sin el env\u00edo de art\u00edculos.<\/li>\n<li>Estudiantes de graduaci\u00f3n pueden enviar sus art\u00edculos, siempre que sean en coautor\u00eda con su supervisor (con la posibilidad de publicaci\u00f3n en el libro CONSINTER).<\/li>\n<li>Alumnos de master o t\u00edtulos propios.<\/li>\n<li>Alumnos de master oficial y Doctorandos.<\/li>\n<li>Maestros, Doctores y PHD.<\/li>\n<\/ul>\n<p>El principal criterio para la publicaci\u00f3n en la Revista Internacional CONSINTER de Derecho es que al menos un autor tenga el t\u00edtulo de Doctor, si no lo tiene su art\u00edculo ser\u00e1 evaluado y, caso sea aprobado por el Consejo de CONSINTER, ser\u00e1 publicado en el libro <em>Direito e Justi\u00e7a<\/em>.<\/p>\n<p>Observando la premisa basilar de CONSINTER de apoyo y fomento a la producci\u00f3n cient\u00edfica y acad\u00e9mica, es importante informar que se aceptar\u00e1n para an\u00e1lisis y posible publicaci\u00f3n todos los art\u00edculos comprobadamente inscriptos, pagados y originados de acuerdo con el p\u00fablico descripto.<\/p>\n<p><strong>DIVULGACI\u00d3N DE LA INVESTIGACI\u00d3N JUR\u00cdDICA EN EL SIMPOSIO INTERNACIONAL DE DERECHO <em>CONSINTER <\/em>Y PUBLICACI\u00d3N DE LOS ART\u00cdCULOS<\/strong><\/p>\n<p>Observando el escenario, que impone grandes dificultades para los interesados en publicar sus estudios y trabajos de investigaci\u00f3n, surge el <em>CONSINTER<\/em> con el prop\u00f3sito de contribuir en la difusi\u00f3n de los estudios acad\u00e9micos public\u00e1ndolos, facilitando su divulgaci\u00f3n, promoviendo una formaci\u00f3n investigadora de excelencia y la transferencia de conocimientos de la Universidad para la sociedad.<\/p>\n<p>Los art\u00edculos ser\u00e1n sometidos a un proceso de selecci\u00f3n y aprobaci\u00f3n de los Pares Evaluadores y\/o Consejo Editorial del <em>CONSINTER<\/em>, atendiendo a criterios de calidad cient\u00edfica, siendo el an\u00e1lisis de los art\u00edculos a pares y a ciegas, de acuerdo con las exigencias de las agencias e instituciones nacionales e internacionales de investigaci\u00f3n y docencia que valoran y acreditan la actividad investigadora de posgraduados y de profesores universitarios.<\/p>\n<p>De este modo, adem\u00e1s de dar amplia visibilidad a su producci\u00f3n cient\u00edfica, en las publicaciones oficiales del <em>CONSINTER,<\/em> los inscritos tendr\u00e1n:<\/p>\n<p style=\"padding-left: 40px;\"><strong>a)<\/strong> La publicaci\u00f3n de su art\u00edculo cient\u00edfico, desde que aprobado por los Pares Evaluadores y\/o Consejo Editorial del <em>CONSINTER<\/em>;<\/p>\n<p style=\"padding-left: 40px;\"><strong>b)<\/strong> La oportunidad de presentar oralmente su art\u00edculo cient\u00edfico, desde que aprobado por los Pares Evaluadores y\/o Consejo Editorial del <em>CONSINTER<\/em>;<\/p>\n<p style=\"padding-left: 40px;\"><strong>c)<\/strong> La posibilidad de recibir un certificado internacional;<\/p>\n<p style=\"padding-left: 40px;\"><strong>d)<\/strong> La oportunidad de difundir su estudio cient\u00edfico, alcanzando el mayor n\u00famero de espectadores internacionalmente;<\/p>\n<p style=\"padding-left: 40px;\"><strong>e)<\/strong> La posibilidad de indexaci\u00f3n de su art\u00edculo en la Plataforma <a href=\"https:\/\/www.juruadocs.com\/\" target=\"_blank\" rel=\"noopener\"><em>Juru\u00e1Docs<\/em><\/a>;<\/p>\n<p style=\"padding-left: 40px;\"><strong>f)<\/strong> La posibilidad de ampliar su red de contactos con personas de elevado nivel cient\u00edfico y acad\u00e9mico;<\/p>\n<p style=\"padding-left: 40px;\"><strong>g)<\/strong> La oportunidad de buscar la transferencia de conocimientos cient\u00edficos que contribuir\u00e1n al reconocimiento de actividades investigadoras y la cooperaci\u00f3n cient\u00edfica internacional.<\/p>\n<p><strong>INFORMACIONES<\/strong><\/p>\n<p>Todos los textos ser\u00e1n evaluados por pares y a ciegas, respetando el anonimato de los autores.<\/p>\n<p>A criterio del Consejo Editorial del <em>CONSINTER<\/em> algunos textos ser\u00e1n seleccionados y se publicar\u00e1n en la edici\u00f3n peri\u00f3dica de la <em>Revista Internacional CONSINTER de Direito<\/em>, con el preceptivo <em>ISSN<\/em> europeo y n\u00famero <em>DOI<\/em>. Esta publicaci\u00f3n tendr\u00e1 dos ediciones en Portugal, siendo una impresa y otra digital.<\/p>\n<p>Los art\u00edculos que no hayan sido seleccionados para la <em>Revista Internacional CONSINTER de Direito<\/em>, pero hayan sido aprobados por los Pares Evaluadores y\/o Consejo Editorial del <em>CONSINTER<\/em>, se publicar\u00e1n en el libro <em>Direito e Justi\u00e7a<\/em>, tambi\u00e9n obra oficial del <em>CONSINTER<\/em>, con tres registros<em> ISBN\u2019s<\/em>. Esta publicaci\u00f3n tendr\u00e1 tres ediciones: una edici\u00f3n impresa en Portugal y dos ediciones en Brasil (una digital y otra impresa).<\/p>\n<p>El estudio aprobado puede ser presentado oralmente en el Simposio Internacional de Derecho <em>CONSINTER <\/em>de este a\u00f1o por el autor o por uno de los coautores, quien tendr\u00e1 un tiempo determinado que ser\u00e1 informado por <em>e-mail<\/em>.<\/p>\n<p>La publicaci\u00f3n de los art\u00edculos aprobados <strong><u>no<\/u><\/strong> depende de la presentaci\u00f3n oral.<\/p>\n<p>OBS: La <em>Revista Internacional CONSINTER de Direito<\/em> esta indexada en diversas bases de datos nacionales e internacionales como: Scielo Portugal, <em>Google Scholar, Latindex, REDIB, CAPES, LivRe, Sum\u00e1rios.org<\/em>, <em>Cite Factor, Tribunal Superior Eleitoral, Rede Virtual de Bibliotecas Integradas (RVBI), MIAR<\/em> y tambi\u00e9n es miembro de la <em>Crossref<\/em>.[\/vc_column_text][\/vc_column][vc_column width=&#8221;1\/4&#8243; offset=&#8221;vc_col-lg-2 vc_col-md-3&#8243;]\r\n      <div class=\"thumbnail no-border no-padding \" data-animation=\"fadeInLeft\" data-animation-delay=\"100\">\r\n          <div class=\"media\">\r\n              <img decoding=\"async\" src=\"https:\/\/consinter.org\/madrid2022\/wp-content\/uploads\/sites\/30\/2022\/05\/revista-g.jpg\" alt=\"Revista Internacional CONSINTER de Direito\" class=\"img-responsive\">\r\n              <div class=\"caption hovered\">\r\n                  <div class=\"caption-wrapper div-table\">\r\n                      <div class=\"caption-inner div-cell\">\r\n                          <p class=\"caption-buttons\"><a href=\"https:\/\/consinter.org\/madrid2022\/wp-content\/uploads\/sites\/30\/2022\/05\/revista-g.jpg\" class=\"btn caption-zoom\" data-gal=\"prettyPhoto\"><i class=\"fa fa-search\"><\/i><\/a><\/p>\r\n                      <\/div>\r\n                  <\/div>\r\n              <\/div>\r\n          <\/div>\r\n      <\/div>\r\n    [\/vc_column][vc_column width=&#8221;1\/4&#8243; offset=&#8221;vc_col-lg-2 vc_col-md-3&#8243;]\r\n      <div class=\"thumbnail no-border no-padding \" data-animation=\"fadeInLeft\" data-animation-delay=\"100\">\r\n          <div class=\"media\">\r\n              <img decoding=\"async\" src=\"https:\/\/consinter.org\/madrid2022\/wp-content\/uploads\/sites\/30\/2022\/05\/livro-g.jpg\" alt=\"Livro Direito e Justi\u00e7a\" class=\"img-responsive\">\r\n              <div class=\"caption hovered\">\r\n                  <div class=\"caption-wrapper div-table\">\r\n                      <div class=\"caption-inner div-cell\">\r\n                          <p class=\"caption-buttons\"><a href=\"https:\/\/consinter.org\/madrid2022\/wp-content\/uploads\/sites\/30\/2022\/05\/livro-g.jpg\" class=\"btn caption-zoom\" data-gal=\"prettyPhoto\"><i class=\"fa fa-search\"><\/i><\/a><\/p>\r\n                      <\/div>\r\n                  <\/div>\r\n              <\/div>\r\n          <\/div>\r\n      <\/div>\r\n    [\/vc_column][\/vc_row][vc_row full_width=&#8221;stretch_row&#8221; section_id=&#8221;coordination&#8221; el_class=&#8221;color&#8221; parallax_bg=&#8221;0&#8243; stellar_background_ratio=&#8221;0.6&#8243; css=&#8221;.vc_custom_1576007929376{margin-top: 0px !important;margin-bottom: 0px !important;border-top-width: 0px !important;border-bottom-width: 0px !important;padding-top: 70px !important;padding-bottom: 70px !important;}&#8221;][vc_column]\r\n      <h3 class=\"section-title \"><span data-animation=\"flipInY\" data-animation-delay=\"300\" class=\"icon-inner\"><span class=\"fa-stack\"><i class=\"fa crcle fa-stack-2x\"><\/i><i class=\"fa fa-ticket fa-stack-1x\"><\/i><\/span><\/span><span data-animation=\"fadeInRight\" data-animation-delay=\"500\" class=\"title-inner\">REVISTA Y LIBRO <small> \/ editor, directores y organizadores<\/small><\/span><\/h3>\r\n    [vc_column_text]<strong>Presidente:<br \/>\n<\/strong>Luiz Augusto de Oliveira Junior<\/p>\n<p><strong>Coordinaci\u00f3n Cient\u00edfica:<br \/>\n<\/strong><em>Faustino Mart\u00ednez Mart\u00ednez \u2013 Catedr\u00e1tico de Hist\u00f3ria del Derecho y Vicedecano de Investigaci\u00f3n \u2013 Universidad Complutense de Madrid.<br \/>\n<\/em><em>Ignacio Garc\u00eda Vitoria \u2013 Profesor de Derecho Constitucional y Coordinador del Doctorado \u2013 Universidad Complutense de Madrid<\/em><em>.<\/em><\/p>\n<p><strong>Coordinaci\u00f3n Acad\u00e9mica:<br \/>\n<\/strong>Ant\u00f4nio C\u00e9sar Bochenek \u2013 Professor da Escola Nacional de Forma\u00e7\u00e3o e Aperfei\u00e7oamento de Magistrados &#8211; ENFAM<\/p>\n<p><strong>Direcci\u00f3n Ejecutiva:<br \/>\n<\/strong>Francine Oliveira<\/p>\n<p><strong>Coordinaci\u00f3n Ejecutiva:<br \/>\n<\/strong>Ivan Winters<br \/>\nMarcia Teixeira<\/p>\n<p>&nbsp;<\/p>\n<p><strong>Revista Internacional CONSINTER de Direito<\/strong><\/p>\n<p><strong>Editor:<br \/>\n<\/strong>David Vallesp\u00edn P\u00e9rez <em>\u2013 Catedr\u00e1tico Derecho Procesal \u2013 Universitat de Barcelona<\/em>.<\/p>\n<p><strong>Directores:<br \/>\n<\/strong>Germ\u00e1n Barreiro Gonz\u00e1lez <em>\u2013 Catedr\u00e1tico Derecho del Trabajo \u2013 Universidad de Le\u00f3n<\/em>;<br \/>\nGon\u00e7alo S. de Melo Bandeira \u2013 <em>Professor em Ci\u00eancias Jur\u00eddico-Criminais <\/em>\u2013<em> ESG\/IPCA e JusGov-Universidade do Minho<\/em>;<br \/>\nMar\u00eda Yolanda S\u00e1nchez-Ur\u00e1n Aza\u00f1a <em>\u2013 Catedr\u00e1tica Derecho del Trabajo \u2013 Universidad Complutense de Madrid<\/em>.<\/p>\n<p>&nbsp;<\/p>\n<p><strong>Libro: Direito e Justi\u00e7a<\/strong><\/p>\n<p><strong>Organizador:<br \/>\n<\/strong><em>Faustino Mart\u00ednez Mart\u00ednez \u2013 Catedr\u00e1tico de Hist\u00f3ria del Derecho y Vicedecano de Investigaci\u00f3n \u2013 Universidad Complutense de Madrid.<br \/>\n<\/em><em>Ignacio Garc\u00eda Vitoria \u2013 Profesor de Derecho Constitucional y Coordinador del Doctorado \u2013 Universidad Complutense de Madrid<\/em><em>.<\/em><\/p>\n<p>&nbsp;<\/p>\n<p><strong>Indexadores<\/strong>[\/vc_column_text][vc_wp_text]<\/p>\n<table style=\"border-collapse: collapse; width: 100%; background-color: #fff;\">\n<tbody>\n<tr>\n<td style=\"width: 33.3333%;\"><img loading=\"lazy\" decoding=\"async\" class=\"size-full wp-image-237 aligncenter\" style=\"text-align: center;\" src=\"https:\/\/consinter.org\/online2021\/wp-content\/uploads\/sites\/28\/2021\/07\/scielo-portugal.png\" alt=\"\" width=\"183\" height=\"110\" \/><\/td>\n<td style=\"width: 33.3333%;\"><img loading=\"lazy\" decoding=\"async\" class=\"size-full wp-image-237 aligncenter\" style=\"text-align: center;\" src=\"https:\/\/consinter.org\/online2021\/wp-content\/uploads\/sites\/28\/2021\/07\/google-scholar.png\" alt=\"\" width=\"387\" height=\"110\" \/><\/td>\n<td style=\"width: 33.3333%;\"><img loading=\"lazy\" decoding=\"async\" class=\"size-full wp-image-237 aligncenter\" style=\"text-align: center;\" src=\"https:\/\/revistaconsinter.com\/wp-content\/uploads\/2015\/12\/latindex.png\" alt=\"\" width=\"259\" height=\"80\" \/><\/td>\n<\/tr>\n<tr>\n<td style=\"width: 33.3333%;\"><img loading=\"lazy\" decoding=\"async\" class=\"size-full wp-image-264 aligncenter\" style=\"text-align: center;\" src=\"https:\/\/revistaconsinter.com\/wp-content\/uploads\/2015\/12\/sumarios.png\" sizes=\"auto, (max-width: 313px) 100vw, 313px\" srcset=\"https:\/\/revistaconsinter.com\/wp-content\/uploads\/2015\/12\/sumarios.png 313w, https:\/\/revistaconsinter.com\/wp-content\/uploads\/2015\/12\/sumarios-300x77.png 300w\" alt=\"\" width=\"313\" height=\"80\" \/><\/td>\n<td style=\"width: 33.3333%;\"><img loading=\"lazy\" decoding=\"async\" class=\"wp-image-247 size-medium aligncenter\" style=\"text-align: center;\" src=\"https:\/\/revistaconsinter.com\/wp-content\/uploads\/2015\/12\/redib-300x52.png\" sizes=\"auto, (max-width: 300px) 100vw, 300px\" srcset=\"https:\/\/revistaconsinter.com\/wp-content\/uploads\/2015\/12\/redib-300x52.png 300w, https:\/\/revistaconsinter.com\/wp-content\/uploads\/2015\/12\/redib.png 492w\" alt=\"\" width=\"300\" height=\"52\" \/><\/td>\n<td style=\"width: 33.3333%;\"><img loading=\"lazy\" decoding=\"async\" class=\"wp-image-485 size-full aligncenter\" src=\"https:\/\/revistaconsinter.com\/wp-content\/uploads\/2018\/02\/capes.png\" alt=\"\" width=\"101\" height=\"92\" \/><\/td>\n<\/tr>\n<tr>\n<td style=\"width: 33.3333%;\"><img loading=\"lazy\" decoding=\"async\" class=\"wp-image-490 size-full aligncenter\" src=\"https:\/\/revistaconsinter.com\/wp-content\/uploads\/2018\/02\/livre.png\" alt=\"\" width=\"134\" height=\"71\" \/><\/td>\n<td style=\"width: 33.3333%;\"><img loading=\"lazy\" decoding=\"async\" class=\"alignnone size-full wp-image-576 aligncenter\" style=\"text-align: center;\" src=\"https:\/\/revistaconsinter.com\/wp-content\/uploads\/2018\/09\/citefactor.png\" alt=\"\" width=\"272\" height=\"80\" \/><\/td>\n<td style=\"width: 33.3333%;\"><img loading=\"lazy\" decoding=\"async\" class=\"alignnone wp-image-6292 size-full aligncenter\" style=\"text-align: center;\" src=\"https:\/\/consinter.org\/online2021\/wp-content\/uploads\/sites\/28\/2021\/07\/tse.png\" alt=\"\" width=\"238\" height=\"110\" \/><\/td>\n<\/tr>\n<tr>\n<td style=\"width: 33.3333%;\"><img loading=\"lazy\" decoding=\"async\" class=\"aligncenter wp-image-708 size-full\" style=\"text-align: center;\" src=\"https:\/\/revistaconsinter.com\/wp-content\/uploads\/2019\/03\/rvbi.png\" alt=\"\" width=\"92\" height=\"92\" \/><\/td>\n<td style=\"width: 33.3333%;\"><a href=\"https:\/\/miar.ub.edu\/issn\/2183-6396\" target=\"_blank\" rel=\"noopener noreferrer\"><img loading=\"lazy\" decoding=\"async\" class=\"aligncenter wp-image-6285 size-full\" style=\"text-align: center;\" src=\"https:\/\/consinter.org\/madrid2022\/wp-content\/uploads\/sites\/30\/2022\/05\/miar.png\" alt=\"\" width=\"197\" height=\"40\" \/><\/a><\/td>\n<td style=\"width: 33.3333%;\"><a href=\"https:\/\/search.crossref.org\/?q=consinter\" target=\"_blank\" rel=\"noopener noreferrer\"><img loading=\"lazy\" decoding=\"async\" class=\"aligncenter size-full wp-image-6285\" style=\"text-align: center;\" src=\"https:\/\/revistaconsinter.com\/wp-content\/uploads\/2020\/06\/crossref.png\" alt=\"\" width=\"200\" height=\"110\" \/><\/a><\/td>\n<\/tr>\n<tr>\n<td style=\"width: 33.3333%; text-align: center;\"><\/td>\n<td style=\"width: 33.3333%; text-align: center;\"><a href=\"https:\/\/www.abecbrasil.org.br\" target=\"_blank\" rel=\"noopener noreferrer\"><img loading=\"lazy\" decoding=\"async\" class=\"alignnone wp-image-6292 size-full\" src=\"https:\/\/revistaconsinter.com\/wp-content\/uploads\/2020\/07\/abec.png\" alt=\"\" width=\"273\" height=\"107\" \/><\/a><\/td>\n<\/tr>\n<\/tbody>\n<\/table>\n<p>[\/vc_wp_text][\/vc_column][\/vc_row][vc_row full_width=&#8221;stretch_row&#8221; section_id=&#8221;schedule&#8221; parallax_bg=&#8221;0&#8243; stellar_background_ratio=&#8221;0.6&#8243; css=&#8221;.vc_custom_1657569925246{margin-top: 0px !important;margin-bottom: 0px !important;border-top-width: 0px !important;border-bottom-width: 0px !important;padding-top: 70px !important;padding-bottom: 70px !important;}&#8221; el_id=&#8221;schedule&#8221; el_class=&#8221;light&#8221;][vc_column]\r\n      <h3 class=\"section-title \"><span data-animation=\"flipInY\" data-animation-delay=\"300\" class=\"icon-inner\"><span class=\"fa-stack\"><i class=\"fa crcle fa-stack-2x\"><\/i><i class=\"fa fa-ticket fa-stack-1x\"><\/i><\/span><\/span><span data-animation=\"fadeInRight\" data-animation-delay=\"500\" class=\"title-inner\">PROGRAMACI\u00d3N <small> \/ sujeto a cambios<\/small><\/span><\/h3>\r\n    [vc_column_text]<a href=\"https:\/\/consinter.org\/madrid2022\/wp-content\/uploads\/sites\/30\/2022\/10\/programacion-previa-ix-simposio-internacional-de-derecho-consinter-1.pdf\" class=\"pdfemb-viewer\" style=\"\" data-width=\"max\" data-height=\"max\" data-toolbar=\"both\" data-toolbar-fixed=\"on\">programacion-previa-ix-simposio-internacional-de-derecho-consinter-1<\/a>[\/vc_column_text]<a href=\"https:\/\/consinter.org\/madrid2022\/wp-content\/uploads\/sites\/30\/2022\/10\/programacion-previa-ix-simposio-internacional-de-derecho-consinter-1.pdf\" target='_blank' style=\"margin: 20px 0 0 0\"  class=\"btn btn-theme animated flipInY visible   \" data-animation=\"flipInY\" data-animation-delay=\"200\"><i class=\"fa \"><\/i> Descargar la programaci\u00f3n<\/a>[\/vc_column][\/vc_row][vc_row full_width=&#8221;stretch_row&#8221; section_id=&#8221;who&#8221; parallax_bg=&#8221;0&#8243; stellar_background_ratio=&#8221;0.6&#8243; css=&#8221;.vc_custom_1634307101016{margin-top: 0px !important;margin-bottom: 0px !important;border-top-width: 0px !important;border-bottom-width: 0px !important;padding-top: 70px !important;padding-bottom: 70px !important;}&#8221; el_id=&#8221;who&#8221;][vc_column]\r\n      <h3 class=\"section-title \"><span data-animation=\"flipInY\" data-animation-delay=\"300\" class=\"icon-inner\"><span class=\"fa-stack\"><i class=\"fa crcle fa-stack-2x\"><\/i><i class=\"fa fa-ticket fa-stack-1x\"><\/i><\/span><\/span><span data-animation=\"fadeInRight\" data-animation-delay=\"500\" class=\"title-inner\">PRESENTACI\u00d3N <small> \/ quienes somos<\/small><\/span><\/h3>\r\n    [vc_column_text]<strong>CONSINTER \u2013 CONSEJO INTERNACIONAL DE ESTUDIOS CONTEMPOR\u00c1NEOS EN POSGRADO<\/strong><\/p>\n<p>El CONSINTER se presenta con el objetivo de promover al individuo como agente constructor de su destino y de la sociedad en general. Lo invitamos a la realizaci\u00f3n de un gran evento internacional en el que los participantes dispondr\u00e1n de un espacio para la presentaci\u00f3n oral de sus art\u00edculos cient\u00edficos in\u00e9ditos, los que corporifican los conocimientos y experiencias adquiridos como resultado de las pesquisas cient\u00edficas, con la posibilidad de su publicaci\u00f3n, tanto en Brasil como en Europa, por medio impreso y digital.<\/p>\n<p>Defendemos que las publicaciones, impresas o digitales, como substrato de la cultura, son instrumentos eficaces para la democratizaci\u00f3n de los saberes, para la interacci\u00f3n entre los pueblos y para la consolidaci\u00f3n del desarrollo humanitario, t\u00e9cnico y cient\u00edfico que impulsa el proceso civilizatorio entre las diferentes culturas, permitiendo la superaci\u00f3n de los l\u00edmites impuestos por la geograf\u00eda y por las normas, viabilizando que la integraci\u00f3n entre los pueblos se haga de manera \u00e9tica y sostenible, formando individuos reflexivos y aut\u00f3nomos, comprometidos con los m\u00e1s elevados valores y principios.<\/p>\n<p>El CONSINTER se caracteriza por ser una instituci\u00f3n sin fines lucrativos, creada con el apoyo e intervenci\u00f3n de la Editorial Juru\u00e1 Ltda, empresa del ramo editorial con m\u00e1s de 48 a\u00f1os de actividad empresarial, notablemente reconocida por su tradici\u00f3n en la publicaci\u00f3n de libros de alto nivel t\u00e9cnico y cient\u00edfico en diversas \u00e1reas de conocimiento y que, expandiendo sus fronteras, est\u00e1 presente hace m\u00e1s de 07 a\u00f1os en Europa a trav\u00e9s de la Editorial Juru\u00e1 Ltda, con sede en Portugal, con una gama de renombrados y conceptuados autores y consejeros nacionales y extranjeros[\/vc_column_text][\/vc_column][\/vc_row][vc_row full_width=&#8221;stretch_row&#8221; section_id=&#8221;speaker&#8221; parallax_bg=&#8221;0&#8243; stellar_background_ratio=&#8221;0.6&#8243; css=&#8221;.vc_custom_1656536324438{margin-top: 0px !important;margin-bottom: 0px !important;border-top-width: 0px !important;border-bottom-width: 0px !important;padding-top: 70px !important;padding-bottom: 70px !important;}&#8221; el_id=&#8221;speaker&#8221; el_class=&#8221;light&#8221;][vc_column]\r\n      <h3 class=\"section-title \"><span data-animation=\"flipInY\" data-animation-delay=\"300\" class=\"icon-inner\"><span class=\"fa-stack\"><i class=\"fa crcle fa-stack-2x\"><\/i><i class=\"fa fa-ticket fa-stack-1x\"><\/i><\/span><\/span><span data-animation=\"fadeInRight\" data-animation-delay=\"500\" class=\"title-inner\">Coordinadores del Simposio<\/h3>\r\n    <div class=\"row thumbnails speaker clear \">\r\n              <div class=\"col-md-4 col-sm-4 \" data-animation=\"fadeInUp\" data-animation-delay=\"100\"><div class=\"thumbnail no-border no-padding text-center\"><div class=\"circle\"><div class=\"circle-inner\"><div class=\"media\">\r\n                                      <img decoding=\"async\" src=\"https:\/\/consinter.org\/madrid2022\/wp-content\/uploads\/sites\/30\/2022\/06\/faustino-jose-martinez-300x300.jpg\" alt=\"\" class=\"img-responsive\"><div class=\"caption hovered\">\r\n                                                    <div class=\"caption-wrapper div-table\">\r\n                                                        <div class=\"caption-inner div-cell\"><p class=\"caption-buttons\"><a href=\"https:\/\/www.ucm.es\/dep-historia-del-derecho\/directorio\/?id=9991\" target=\"_blank\" class=\"btn caption-link\"><i class=\"fa fa-link\"><\/i><\/a><\/p>      <\/div>\r\n                                                    <\/div>\r\n                                                <\/div><\/div><\/div><\/div><div class=\"caption before-media\">\r\n                          <h3 class=\"caption-title\"><a href=\"https:\/\/www.ucm.es\/dep-historia-del-derecho\/directorio\/?id=9991\" target=\"_blank\">Catedr\u00e1tico Dr. Faustino Jos\u00e9 Mart\u00ednez Mart\u00ednez<\/a><\/h3><p class=\"caption-job\">Catedr\u00e1tico de Hist\u00f3ria del Derecho y Vicedecano de Investigaci\u00f3n \u2013 Universidad Complutense de Madrid.<\/p>\r\n                      <\/div>\r\n                      <div class=\"caption\"><ul class=\"social-line social-circle list-inline text-center\"><\/ul>\r\n                      <\/div>\r\n                  <\/div>\r\n              <\/div>\r\n            \r\n              <div class=\"col-md-4 col-sm-4 \" data-animation=\"fadeInUp\" data-animation-delay=\"100\"><div class=\"thumbnail no-border no-padding text-center\"><div class=\"circle\"><div class=\"circle-inner\"><div class=\"media\">\r\n                                      <img decoding=\"async\" src=\"https:\/\/consinter.org\/madrid2022\/wp-content\/uploads\/sites\/30\/2022\/06\/ignacio-garcia-vitoria-300x300.jpg\" alt=\"\" class=\"img-responsive\"><div class=\"caption hovered\">\r\n                                                    <div class=\"caption-wrapper div-table\">\r\n                                                        <div class=\"caption-inner div-cell\"><p class=\"caption-buttons\"><a href=\"https:\/\/www.ucm.es\/dpto-derechoconstitucional\/garcia-vitoria,-ignacio\" target=\"_blank\" class=\"btn caption-link\"><i class=\"fa fa-link\"><\/i><\/a><\/p>      <\/div>\r\n                                                    <\/div>\r\n                                                <\/div><\/div><\/div><\/div><div class=\"caption before-media\">\r\n                          <h3 class=\"caption-title\"><a href=\"https:\/\/www.ucm.es\/dpto-derechoconstitucional\/garcia-vitoria,-ignacio\" target=\"_blank\">Prof. Dr. Ignacio Garc\u00eda Vitoria<\/a><\/h3><p class=\"caption-job\">Prof. Derecho Constitucional \u2013 UCM<\/p>\r\n                      <\/div>\r\n                      <div class=\"caption\"><ul class=\"social-line social-circle list-inline text-center\"><\/ul>\r\n                      <\/div>\r\n                  <\/div>\r\n              <\/div>\r\n            \r\n              <div class=\"col-md-4 col-sm-4 \" data-animation=\"fadeInUp\" data-animation-delay=\"100\"><div class=\"thumbnail no-border no-padding text-center\"><div class=\"circle\"><div class=\"circle-inner\"><div class=\"media\">\r\n                                      <img decoding=\"async\" src=\"https:\/\/consinter.org\/madrid2022\/wp-content\/uploads\/sites\/30\/2022\/08\/antonio-cesar-bochenek-300x300.jpg\" alt=\"\" class=\"img-responsive\"><div class=\"caption hovered\">\r\n                                                    <div class=\"caption-wrapper div-table\">\r\n                                                        <div class=\"caption-inner div-cell\"><p class=\"caption-buttons\"><a href=\"https:\/\/www.linkedin.com\/in\/antnio-csar-bochenek-632b057b\/?originalSubdomain=br\" target=\"_blank\" class=\"btn caption-link\"><i class=\"fa fa-link\"><\/i><\/a><\/p>      <\/div>\r\n                                                    <\/div>\r\n                                                <\/div><\/div><\/div><\/div><div class=\"caption before-media\">\r\n                          <h3 class=\"caption-title\"><a href=\"https:\/\/www.linkedin.com\/in\/antnio-csar-bochenek-632b057b\/?originalSubdomain=br\" target=\"_blank\">Prof. Dr. Ant\u00f4nio C\u00e9sar Bochenek<\/a><\/h3><p class=\"caption-job\">Coordinador Acad\u00e9mico Doutor pela Universidade de Coimbra, Prof. ENFAM<\/p>\r\n                      <\/div>\r\n                      <div class=\"caption\"><ul class=\"social-line social-circle list-inline text-center\"><\/ul>\r\n                      <\/div>\r\n                  <\/div>\r\n              <\/div>\r\n            <\/div>[\/vc_column][\/vc_row][vc_row section_id=&#8221;sponsors&#8221; css=&#8221;.vc_custom_1651757419229{margin-top: 0px !important;margin-bottom: 0px !important;border-top-width: 0px !important;border-bottom-width: 0px !important;padding-top: 70px !important;padding-bottom: 70px !important;background-position: center !important;background-repeat: no-repeat !important;background-size: cover !important;}&#8221; fullwidth=&#8221;no&#8221; el_id=&#8221;sponsors&#8221; el_class=&#8221;text-center&#8221; parallax_bg=&#8221;0&#8243; stellar_background_ratio=&#8221;0.6&#8243;][vc_column]\r\n      <h3 class=\"section-title text-left\"><span data-animation=\"flipInY\" data-animation-delay=\"300\" class=\"icon-inner\"><span class=\"fa-stack\"><i class=\"fa crcle fa-stack-2x\"><\/i><i class=\"fa fa-thumbs-up fa-stack-1x\"><\/i><\/span><\/span><span data-animation=\"fadeInRight\" data-animation-delay=\"500\" class=\"title-inner\">Promo\u00e7\u00e3o <small> \/ apoyo<\/small><\/span><\/h3>\r\n    \r\n      <div class=\"partners-carousel \"  data-animation=\"fadeInDown\" data-animation-delay=\"300\">\r\n          <div class=\"owl-carousel\" data-auto=\"false\" data-show_nav=\"false\" data-loop=\"false\" data-itemslide=\"3\" data-autoplaytimeout=\"5000\"><div><a href=\"http:\/\/www.consinter.org\/\" target=\"_blank\"><img decoding=\"async\" src=\"https:\/\/consinter.org\/madrid2022\/wp-content\/uploads\/sites\/30\/2022\/05\/consinter.png\" alt=\"CONSINTER - Conselho Internacional de Estudos Contempor\u00e2neos em P\u00f3s-Gradua\u00e7\u00e3o\"\/><\/a><\/div><div><a href=\"http:\/\/www.jurua.com.br\" target=\"_blank\"><img decoding=\"async\" src=\"https:\/\/consinter.org\/madrid2022\/wp-content\/uploads\/sites\/30\/2022\/05\/jurua.png\" alt=\"Juru\u00e1 Editora\"\/><\/a><\/div><div><a href=\"http:\/\/www.editorialjurua.com\" target=\"_blank\"><img decoding=\"async\" src=\"https:\/\/consinter.org\/madrid2022\/wp-content\/uploads\/sites\/30\/2022\/05\/jurua-europa.png\" alt=\"Editorial Juru\u00e1 Europa\"\/><\/a><\/div><\/div>\r\n      <\/div>\r\n    [vc_text_separator title=&#8221;Apoyo &#8211; Europa&#8221; style=&#8221;double&#8221; css=&#8221;.vc_custom_1656359074340{margin-top: 35px !important;margin-bottom: 15px !important;}&#8221;]\r\n      <div class=\"partners-carousel \"  data-animation=\"fadeInDown\" data-animation-delay=\"300\">\r\n          <div class=\"owl-carousel\" data-auto=\"true\" data-show_nav=\"true\" data-loop=\"true\" data-itemslide=\"3\" data-autoplaytimeout=\"5000\"><div><a href=\"https:\/\/www.ucm.es\/\" target=\"_blank\"><img decoding=\"async\" src=\"https:\/\/consinter.org\/madrid2022\/wp-content\/uploads\/sites\/30\/2022\/05\/ucm.png\" alt=\"UCM - Universidad Complutense de Madrid\"\/><\/a><\/div><div><a href=\"https:\/\/www.ub.edu\/\" target=\"_blank\"><img decoding=\"async\" src=\"https:\/\/consinter.org\/madrid2022\/wp-content\/uploads\/sites\/30\/2022\/05\/ub-dep.png\" alt=\"UB - Universitat de Barcelona\"\/><\/a><\/div><div><a href=\"https:\/\/www.ubu.es\/\" target=\"_blank\"><img decoding=\"async\" src=\"https:\/\/consinter.org\/madrid2022\/wp-content\/uploads\/sites\/30\/2022\/05\/u-burgos.png\" alt=\"Universidad de Burgos\"\/><\/a><\/div><div><a href=\"https:\/\/www.usal.es\/\" target=\"_blank\"><img decoding=\"async\" src=\"https:\/\/consinter.org\/madrid2022\/wp-content\/uploads\/sites\/30\/2022\/07\/usal.png\" alt=\"Universidad de Salamanca\"\/><\/a><\/div><div><a href=\"https:\/\/www.europeia.pt\/\" target=\"_blank\"><img decoding=\"async\" src=\"https:\/\/consinter.org\/madrid2022\/wp-content\/uploads\/sites\/30\/2022\/08\/ue-lisboa.png\" alt=\"Universidade Europeia\"\/><\/a><\/div><div><a href=\"https:\/\/apmnacional.es\/actualidad\/fundacion-de-la-asociacion-profesiona\/\" target=\"_blank\"><img decoding=\"async\" src=\"https:\/\/consinter.org\/madrid2022\/wp-content\/uploads\/sites\/30\/2022\/05\/apm.png\" alt=\"Fundaci\u00f3n de la Asociaci\u00f3n Profesional de la Magistratura\"\/><\/a><\/div><div><a href=\"https:\/\/www.forojudicialindependiente.es\/\" target=\"_blank\"><img decoding=\"async\" src=\"https:\/\/consinter.org\/madrid2022\/wp-content\/uploads\/sites\/30\/2022\/05\/fji.png\" alt=\"Asociaci\u00f3n del Foro Judicial Independiente\"\/><\/a><\/div><div><a href=\"https:\/\/www.abogacia.es\/\" target=\"_blank\"><img decoding=\"async\" src=\"https:\/\/consinter.org\/madrid2022\/wp-content\/uploads\/sites\/30\/2022\/07\/abogacia.png\" alt=\"Abogac\u00eda Espa\u00f1ola - Consejo General\"\/><\/a><\/div><\/div>\r\n      <\/div>\r\n    [vc_text_separator title=&#8221;Apoyo &#8211; Brasil&#8221; style=&#8221;double&#8221; css=&#8221;.vc_custom_1656359083398{margin-top: 35px !important;margin-bottom: 15px !important;}&#8221;]\r\n      <div class=\"partners-carousel \"  data-animation=\"fadeInDown\" data-animation-delay=\"300\">\r\n          <div class=\"owl-carousel\" data-auto=\"true\" data-show_nav=\"true\" data-loop=\"true\" data-itemslide=\"3\" data-autoplaytimeout=\"5000\"><div><a href=\"https:\/\/www.ajufe.org.br\/\" target=\"_blank\"><img decoding=\"async\" src=\"https:\/\/consinter.org\/madrid2022\/wp-content\/uploads\/sites\/30\/2022\/05\/ajufe.png\" alt=\"AJUFE - Associa\u00e7\u00e3o dos Ju\u00edzes Federais do Brasil\"\/><\/a><\/div><div><a href=\"https:\/\/www.rejufe.org.br\/\" target=\"_blank\"><img decoding=\"async\" src=\"https:\/\/consinter.org\/madrid2022\/wp-content\/uploads\/sites\/30\/2022\/07\/rejufe.png\" alt=\"REJUFE - Associa\u00e7\u00e3o dos Ju\u00edzes Federais da 5\u00aa Regi\u00e3o\"\/><\/a><\/div><div><a href=\"https:\/\/www.ajufergs.org.br\/\" target=\"_blank\"><img decoding=\"async\" src=\"https:\/\/consinter.org\/madrid2022\/wp-content\/uploads\/sites\/30\/2022\/05\/ajufergs.png\" alt=\"AJUFERGS - Associa\u00e7\u00e3o dos Ju\u00edzes Federais do Rio Grande do Sul\"\/><\/a><\/div><div><a href=\"https:\/\/www.esmafe.org.br\/web\/\" target=\"_blank\"><img decoding=\"async\" src=\"https:\/\/consinter.org\/madrid2022\/wp-content\/uploads\/sites\/30\/2022\/06\/esmafers.png\" alt=\"ESMAFERS - Escola dos Ju\u00edzes Federais do Rio Grande do Sul\"\/><\/a><\/div><div><a href=\"https:\/\/www.emap.com.br\/\" target=\"_blank\"><img decoding=\"async\" src=\"https:\/\/consinter.org\/madrid2022\/wp-content\/uploads\/sites\/30\/2022\/07\/emap.png\" alt=\"EMAP - Escola da Magistratura do Paran\u00e1\"\/><\/a><\/div><div><a href=\"https:\/\/www.amb.com.br\/\" target=\"_blank\"><img decoding=\"async\" src=\"https:\/\/consinter.org\/madrid2022\/wp-content\/uploads\/sites\/30\/2022\/05\/amb_bco.png\" alt=\"AMB - Associa\u00e7\u00e3o dos Magistrados Brasileiros\"\/><\/a><\/div><div><a href=\"https:\/\/escoladamagistratura.amb.com.br\/\" target=\"_blank\"><img decoding=\"async\" src=\"https:\/\/consinter.org\/madrid2022\/wp-content\/uploads\/sites\/30\/2022\/05\/enm.png\" alt=\"ENM - Escola Nacional da Magistratura\"\/><\/a><\/div><div><a href=\"https:\/\/www.apmppr.org.br\/\" target=\"_blank\"><img decoding=\"async\" src=\"https:\/\/consinter.org\/madrid2022\/wp-content\/uploads\/sites\/30\/2022\/07\/apmp.png\" alt=\"APMP - Associa\u00e7\u00e3o Paranaense do Minist\u00e9rio P\u00fablico\"\/><\/a><\/div><div><a href=\"https:\/\/apamagis.com.br\/\" target=\"_blank\"><img decoding=\"async\" src=\"https:\/\/consinter.org\/madrid2022\/wp-content\/uploads\/sites\/30\/2022\/08\/apamagis.png\" alt=\"Apamagis \u2013 Associa\u00e7\u00e3o Paulista de Magistrados\"\/><\/a><\/div><div><a href=\"https:\/\/www.ampb.org.br\/\" target=\"_blank\"><img decoding=\"async\" src=\"https:\/\/consinter.org\/madrid2022\/wp-content\/uploads\/sites\/30\/2022\/05\/ampb.png\" alt=\"AMPB - Associa\u00e7\u00e3o dos Magistrados da Para\u00edba\"\/><\/a><\/div><div><a href=\"https:\/\/www.amatra1.org.br\/\" target=\"_blank\"><img decoding=\"async\" src=\"https:\/\/consinter.org\/madrid2022\/wp-content\/uploads\/sites\/30\/2022\/05\/amatra1.png\" alt=\"AMATRA1 \u2013 Associa\u00e7\u00e3o dos Magistrados da Justi\u00e7a do Trabalho da 1\u00aa Regi\u00e3o\"\/><\/a><\/div><div><a href=\"http:\/\/www.amatra9.org.br\/\" target=\"_blank\"><img decoding=\"async\" src=\"https:\/\/consinter.org\/madrid2022\/wp-content\/uploads\/sites\/30\/2022\/05\/amatra9.png\" alt=\"AMATRA IX - Associa\u00e7\u00e3o dos Magistrados do Trabalho da 9\u00aa Regi\u00e3o (Paran\u00e1)\"\/><\/a><\/div><div><a href=\"http:\/\/www.ematra9.org.br\/\" target=\"_blank\"><img decoding=\"async\" src=\"https:\/\/consinter.org\/madrid2022\/wp-content\/uploads\/sites\/30\/2022\/05\/ematra9.png\" alt=\"EMATRA IX - Escola da Associa\u00e7\u00e3o dos Magistrados do Trabalho do Paran\u00e1\"\/><\/a><\/div><div><a href=\"https:\/\/www.conamp.org.br\/\" target=\"_blank\"><img decoding=\"async\" src=\"https:\/\/consinter.org\/madrid2022\/wp-content\/uploads\/sites\/30\/2022\/05\/conamp.png\" alt=\"CONAMP - Associa\u00e7\u00e3o Nacional dos Membros do Minist\u00e9rio P\u00fablico\"\/><\/a><\/div><div><a href=\"https:\/\/amarn.com.br\/\" target=\"_blank\"><img decoding=\"async\" src=\"https:\/\/consinter.org\/madrid2022\/wp-content\/uploads\/sites\/30\/2022\/05\/amarn.png\" alt=\"AMARN - Associa\u00e7\u00e3o dos Magistrados do Rio Grande do Norte\"\/><\/a><\/div><div><a href=\"https:\/\/www.amapar.com.br\/\" target=\"_blank\"><img decoding=\"async\" src=\"https:\/\/consinter.org\/madrid2022\/wp-content\/uploads\/sites\/30\/2022\/05\/amapar.png\" alt=\"AMAPAR - Associa\u00e7\u00e3o dos Magistrados do Paran\u00e1\"\/><\/a><\/div><div><a href=\"http:\/\/www.amepe.com.br\/\" target=\"_blank\"><img decoding=\"async\" src=\"https:\/\/consinter.org\/madrid2022\/wp-content\/uploads\/sites\/30\/2022\/06\/amepe.png\" alt=\"AMEPE - Associa\u00e7\u00e3o dos Magistrados do Estado de Pernambuco\"\/><\/a><\/div><div><a href=\"https:\/\/amaerj.org.br\/\" target=\"_blank\"><img decoding=\"async\" src=\"https:\/\/consinter.org\/madrid2022\/wp-content\/uploads\/sites\/30\/2022\/06\/amaerj.png\" alt=\"AMAERJ - Associa\u00e7\u00e3o dos Magistrados do Estado do Rio de Janeiro\"\/><\/a><\/div><div><a href=\"https:\/\/www.apajufe.org.br\/\" target=\"_blank\"><img decoding=\"async\" src=\"https:\/\/consinter.org\/madrid2022\/wp-content\/uploads\/sites\/30\/2022\/05\/apajufe.png\" alt=\"APAJUFE - Associa\u00e7\u00e3o Paranaense dos Ju\u00edzes Federais\"\/><\/a><\/div><div><a href=\"https:\/\/www.esmafe.com\/\" target=\"_blank\"><img decoding=\"async\" src=\"https:\/\/consinter.org\/madrid2022\/wp-content\/uploads\/sites\/30\/2022\/05\/esmafepr.png\" alt=\"ESMAFE-PR - Escola da Magistratura Federal do Paran\u00e1\"\/><\/a><\/div><div><a href=\"https:\/\/www.conamp.org.br\/\" target=\"_blank\"><img decoding=\"async\" src=\"https:\/\/consinter.org\/madrid2022\/wp-content\/uploads\/sites\/30\/2022\/05\/conamp.png\" alt=\"CONAMP - Associa\u00e7\u00e3o Nacional dos Membros do Minist\u00e9rio P\u00fablico\"\/><\/a><\/div><div><a href=\"https:\/\/www.anadep.org.br\/\" target=\"_blank\"><img decoding=\"async\" src=\"https:\/\/consinter.org\/madrid2022\/wp-content\/uploads\/sites\/30\/2022\/05\/anadep.png\" alt=\"ANADEP - Associa\u00e7\u00e3o Nacional das Defensoras e Defensores P\u00fablicos\"\/><\/a><\/div><div><a href=\"https:\/\/www.anadep.org.br\/wtk\/pagina\/enadep_inicial\" target=\"_blank\"><img decoding=\"async\" src=\"https:\/\/consinter.org\/madrid2022\/wp-content\/uploads\/sites\/30\/2022\/05\/enadep.png\" alt=\"ENADEP - Escola Nacional das Defensoras e Defensores P\u00fablicos do Brasil\"\/><\/a><\/div><div><a href=\"https:\/\/www.aasp.org.br\/\" target=\"_blank\"><img decoding=\"async\" src=\"https:\/\/consinter.org\/madrid2022\/wp-content\/uploads\/sites\/30\/2022\/05\/aasp.png\" alt=\"AASP - Associa\u00e7\u00e3o dos Advogados de S\u00e3o Paulo\"\/><\/a><\/div><div><a href=\"https:\/\/www.facebook.com\/Ibrajus\/\" target=\"_blank\"><img decoding=\"async\" src=\"https:\/\/consinter.org\/madrid2022\/wp-content\/uploads\/sites\/30\/2022\/05\/ibrajus.png\" alt=\"IBRAJUS - Instituto Brasileiro de Administra\u00e7\u00e3o do Sistema Judici\u00e1rio\"\/><\/a><\/div><div><a href=\"https:\/\/www.pucsp.br\" target=\"_blank\"><img decoding=\"async\" src=\"https:\/\/consinter.org\/madrid2022\/wp-content\/uploads\/sites\/30\/2022\/05\/puc-sp.png\" alt=\"PUC-SP - Pontif\u00edcia Universidade Cat\u00f3lica de S\u00e3o Paulo\"\/><\/a><\/div><div><a href=\"https:\/\/unisal.br\/\" target=\"_blank\"><img decoding=\"async\" src=\"https:\/\/consinter.org\/madrid2022\/wp-content\/uploads\/sites\/30\/2022\/05\/unisal.png\" alt=\"UNISAL \u2013 Centro Salesiano Universit\u00e1rio de S\u00e3o Paulo\"\/><\/a><\/div><div><a href=\"https:\/\/estacio.br\/\" target=\"_blank\"><img decoding=\"async\" src=\"https:\/\/consinter.org\/madrid2022\/wp-content\/uploads\/sites\/30\/2022\/07\/unesa.png\" alt=\"UNESA - Universidade Est\u00e1cio de S\u00e1\"\/><\/a><\/div><div><a href=\"https:\/\/www.idp.edu.br\/\" target=\"_blank\"><img decoding=\"async\" src=\"https:\/\/consinter.org\/madrid2022\/wp-content\/uploads\/sites\/30\/2022\/06\/idp.png\" alt=\"IDP - Instituto Brasileiro de Ensino, Desenvolvimento e Pesquisa\"\/><\/a><\/div><\/div>\r\n      <\/div>\r\n    [vc_text_separator title=&#8221;Patrocinador&#8221; css=&#8221;.vc_custom_1665176044750{margin-top: 35px !important;margin-bottom: 15px !important;}&#8221;]\r\n      <div class=\"partners-carousel \"  data-animation=\"fadeInUp\" data-animation-delay=\"300\">\r\n          <div class=\"owl-carousel\" data-auto=\"false\" data-show_nav=\"false\" data-loop=\"false\" data-itemslide=\"1\" data-autoplaytimeout=\"3000\"><div><a href=\"https:\/\/www.pereiragionedis.com.br\/\" target=\"_blank\"><img decoding=\"async\" src=\"https:\/\/consinter.org\/madrid2022\/wp-content\/uploads\/sites\/30\/2022\/10\/gionedis.png\" alt=\"Pereira Gion\u00e9dis Advogados\"\/><\/a><\/div><\/div>\r\n      <\/div>\r\n    [\/vc_column][\/vc_row][vc_row full_width=&#8221;stretch_row&#8221; section_id=&#8221;rules&#8221; el_id=&#8221;rules&#8221; parallax_bg=&#8221;0&#8243; stellar_background_ratio=&#8221;0.6&#8243; css=&#8221;.vc_custom_1593698749810{margin-top: 0px !important;margin-bottom: 0px !important;border-top-width: 0px !important;border-bottom-width: 0px !important;padding-top: 70px !important;padding-bottom: 70px !important;}&#8221; el_class=&#8221;light&#8221;][vc_column]\r\n      <h3 class=\"section-title \"><span data-animation=\"flipInY\" data-animation-delay=\"300\" class=\"icon-inner\"><span class=\"fa-stack\"><i class=\"fa crcle fa-stack-2x\"><\/i><i class=\"fa fa-ticket fa-stack-1x\"><\/i><\/span><\/span><span data-animation=\"fadeInRight\" data-animation-delay=\"500\" class=\"title-inner\">SOMETIMIENTO DE LOS TRABAJOS <small> \/ instrucciones generales y modelo de art\u00edculo<\/small><\/span><\/h3>\r\n    [vc_column_text]<strong> PRAZOS DE ENVIO <\/strong><\/p>\n<p>Los textos completos de los estudios deben ser enviados al siguiente correo electr\u00f3nico: <a href=\"mailto:contato@consinter.org\">contato@consinter.org<\/a>.<\/p>\n<p style=\"padding-left: 40px;\"><strong>a)<\/strong> Hasta el 30 de junio de 2022<\/p>\n<p style=\"padding-left: 40px;\"><strong>b)<\/strong> Hasta el 31 de julio de 2022 \u2013 \u00faltima llamada<\/p>\n<p style=\"padding-left: 40px;\"><strong>c)<\/strong> Hasta el 31 de agosto de 2022 &#8211; \u00faltima Convocatoria<\/p>\n<p style=\"padding-left: 40px;\"><strong>d) Hasta el 30 de septiembre de 2022 \u2013 plazo prorrogado<\/strong><\/p>\n<p style=\"padding-left: 40px;\"><strong>OBS.:<\/strong> Los estudios seleccionados y aprobados podr\u00e1n ser presentados oralmente en el Simposio Internacional de Derecho <em>CONSINTER <\/em>de este a\u00f1o y ser\u00e1n incluidos en las siguientes publicaciones oficiales del <em>CONSINTER<\/em>, desde que aprobados.<\/p>\n<p style=\"padding-left: 40px;\"><strong>e) <u>Hasta la fecha de la apertura del Simposio <\/u><\/strong><strong><em>\u2013<\/em><\/strong><strong> 02 <\/strong><strong>noviembre de 2022<\/strong><strong>:<\/strong> los art\u00edculos enviados dar\u00e1n derecho a participar del evento (pero sin la posibilidad de presentaci\u00f3n oral de los mismos, ya que no hay tiempo h\u00e1bil para la evaluaci\u00f3n del texto) y, si aprobados por el Cuerpo de Pares Evaluadores, ser\u00e1n incluidos en las pr\u00f3ximas publicaciones oficiales del <em>CONSINTER<\/em>.<\/p>\n<p style=\"padding-left: 40px;\"><strong>f) <u>Hasta la fecha de 31\/12\/2022 se puede enviar art\u00edculo para evaluaci\u00f3n y posible publicaci\u00f3n en una de las obras oficiales del CONSINTER, siempre y cuando se registre en la p\u00e1gina web de CONISNTER <\/u><\/strong><a href=\"https:\/\/consinter.org\/madrid2022\/es\/\">https:\/\/consinter.org\/madrid2022\/es\/<\/a>.<\/p>\n<p><strong>COMUNICACI\u00d3N DE ACEPTACI\u00d3N<\/strong><\/p>\n<p>La decisi\u00f3n de los Pares Evaluadores y\/o Consejo Editorial del <em>CONSINTER <\/em>sobre la aprobaci\u00f3n o no de los art\u00edculos presentados ser\u00e1 comunicada directamente al autor por <em>e-mail<\/em>.<\/p>\n<p><strong>CONDICIONES<\/strong><\/p>\n<p style=\"padding-left: 40px;\"><strong>a)<\/strong> El trabajo cient\u00edfico para revisi\u00f3n depende de la inscripci\u00f3n completa y de la confirmaci\u00f3n del pago de todos los autores y coautores;<\/p>\n<p style=\"padding-left: 40px;\"><strong>b)<\/strong> Solamente ser\u00e1n publicados los art\u00edculos aprobados por los Pares Evaluadores y\/o Consejo Editorial del <em>CONSINTER<\/em>.<\/p>\n<p><strong>PRESENTACIONES ORALES<\/strong><\/p>\n<p style=\"padding-left: 40px;\"><strong>a)<\/strong> Podr\u00e1n ser presentados los art\u00edculos debidamente inscriptos:<\/p>\n<p style=\"padding-left: 80px;\">&#8211; Hasta el 30 de abril de 2022 en la 1\u00aa Convocatoria y aprobados para publicaci\u00f3n en una de las obras oficiales des <em>CONSINTER<\/em>;<\/p>\n<p style=\"padding-left: 80px;\">&#8211; Hasta el 31 de agosto de 2022 de esta Convocatoria\/Simposio.<\/p>\n<p>Podr\u00e1n ser presentados oralmente, desde que aprobados, en el evento por el autor\/coautor sin coste adicional mediante solicitaci\u00f3n y confirmaci\u00f3n de presencia al siguiente <em>e-mail<\/em>: <a href=\"mailto:contato@consinter.org\">contato@consinter.org<\/a>.<\/p>\n<p style=\"padding-left: 40px;\"><strong>b)<\/strong> El n\u00famero de presentaciones orales ser\u00e1 limitado y la selecci\u00f3n ser\u00e1 por orden de inscripci\u00f3n\/confirmaci\u00f3n de presencia, la que quedar\u00e1 al criterio de la organizaci\u00f3n del evento;<\/p>\n<p style=\"padding-left: 40px;\"><strong>c)<\/strong> Despu\u00e9s de confirmada la presentaci\u00f3n oral del art\u00edculo, no ser\u00e1 posible cambiar la fecha y el horario;<\/p>\n<p style=\"padding-left: 40px;\"><strong>d)<\/strong> El tiempo de presentaci\u00f3n estar\u00e1 sujeto a alteraciones, que pondr\u00e1n variar de acuerdo con el n\u00famero de inscriptos en el evento o a criterio de la Mesa Directora;<\/p>\n<p style=\"padding-left: 40px;\"><strong>e)<\/strong> Las presentaciones ser\u00e1n exclusivamente orales <strong><u>NO<\/u><\/strong> siendo permitida la utilizaci\u00f3n de aparato audiovisual.<\/p>\n<p><strong>OBS:<\/strong> Los inscriptos en la 1\u00aa Convocatoria de 2022 que tuvieron sus art\u00edculos aprobados, podr\u00e1n presentarlos oralmente sin costes adicionales.<\/p>\n<p><strong>CERTIFICACIONES Y DECLARACIONES<\/strong><\/p>\n<p style=\"padding-left: 40px;\"><strong>a) Certificaciones<\/strong><\/p>\n<p>Los certificados ser\u00e1n emitidos por la Universidad organizadora del evento a los autores que efectivamente presenten el art\u00edculo cient\u00edfico, enviado por <em>e-mail<\/em>.<\/p>\n<p style=\"padding-left: 40px;\"><strong>b) Declaraciones<\/strong><\/p>\n<p><em>La declaraci\u00f3n de aprobaci\u00f3n del art\u00edculo cient\u00edfico ser\u00e1 emitida por el CONSINTER, desde que el mismo sea aprobado por los Pares Evaluadores y\/o Consejo Editorial del CONSINTER, mediante solicitaci\u00f3n al e-mail<\/em> <a href=\"mailto:contato@consinter.org\">contato@consinter.org<\/a>.[\/vc_column_text][vc_zigzag color=&#8221;custom&#8221; css=&#8221;.vc_custom_1651757033200{margin-top: 20px !important;}&#8221; custom_color=&#8221;#999999&#8243;]<a href=\"https:\/\/consinter.org\/madrid2022\/wp-content\/uploads\/sites\/30\/2022\/10\/reglas-completas.pdf\" target='_blank' style=\"margin: 20px 20px 0 0\"  class=\"btn btn-theme animated flipInY visible   \" data-animation=\"flipInY\" data-animation-delay=\"200\"><i class=\"fa \"><\/i> Reglas de Env\u00edo Completas<\/a><a href=\"https:\/\/view.officeapps.live.com\/op\/view.aspx?src=https:\/\/consinter.org\/madrid2022\/wp-content\/uploads\/sites\/30\/2022\/09\/cesion-de-derechos-autorales.docx\" target='_blank' style=\"margin: 20px 20px 0 0\"  class=\"btn btn-theme animated flipInY visible   \" data-animation=\"flipInY\" data-animation-delay=\"200\"><i class=\"fa \"><\/i> Cesi\u00f3n de derechos de autor<\/a><a href=\"https:\/\/view.officeapps.live.com\/op\/view.aspx?src=https:\/\/consinter.org\/madrid2022\/wp-content\/uploads\/sites\/30\/2022\/09\/modelo-de-articulo-1.docx\" target='_blank' style=\"margin: 20px 0 0 0\"  class=\"btn btn-theme animated flipInY visible   \" data-animation=\"flipInY\" data-animation-delay=\"200\"><i class=\"fa \"><\/i> Modelo de art\u00edculo<\/a>[\/vc_column][\/vc_row][vc_row full_width=&#8221;stretch_row&#8221; section_id=&#8221;price&#8221; css=&#8221;.vc_custom_1593699752328{margin-top: 0px !important;margin-bottom: 0px !important;border-top-width: 0px !important;border-bottom-width: 0px !important;padding-top: 70px !important;padding-bottom: 70px !important;}&#8221; fullwidth=&#8221;no&#8221; el_id=&#8221;price&#8221; parallax_bg=&#8221;0&#8243; stellar_background_ratio=&#8221;0.6&#8243; el_class=&#8221;price&#8221;][vc_column css=&#8221;.vc_custom_1417502225299{padding-bottom: 10px !important;}&#8221;]\r\n      <h3 class=\"section-title \"><span data-animation=\"flipInY\" data-animation-delay=\"300\" class=\"icon-inner\"><span class=\"fa-stack\"><i class=\"fa crcle fa-stack-2x\"><\/i><i class=\"fa fa-ticket fa-stack-1x\"><\/i><\/span><\/span><span data-animation=\"fadeInRight\" data-animation-delay=\"500\" class=\"title-inner\">VALORES <small> \/ su inversi\u00f3n<\/small><\/span><\/h3>\r\n    [vc_column_text css=&#8221;.vc_custom_1651769481934{padding-bottom: 20px !important;padding-left: 20px !important;}&#8221;]<strong>a) Para pagos en moneda extranjera verificar la cotizaci\u00f3n del d\u00eda;<\/strong><\/p>\n<p><strong>b)<\/strong> Verificar los plazos de inscripci\u00f3n y pago para env\u00edo del art\u00edculo;<\/p>\n<p><strong>c)<\/strong> El pago de la inscripci\u00f3n es obligatorio para todos los autores y coautores y le dar\u00e1 el derecho a la evaluaci\u00f3n del art\u00edculo;<\/p>\n<p><strong>d)<\/strong> La fecha de envi\u00f3 del art\u00edculo est\u00e1 condicionada a la fecha de inscripci\u00f3n del (los) autor (es). En caso de art\u00edculos enviados fuera del plazo en que el autor efectu\u00f3 la inscripci\u00f3n, se cobrar\u00e1 la diferencia del valor entre la fecha de la inscripci\u00f3n y la fecha del env\u00edo del art\u00edculo. (v\u00e1lido para valores promocionales por convocatoria);<\/p>\n<p><strong>e)<\/strong> Se aceptar\u00e1n art\u00edculos en coautor\u00eda solo si los autores y coautores est\u00e1n debidamente inscriptos, se permitir\u00e1 un m\u00e1ximo de 03 (tres) coautores por art\u00edculo;<\/p>\n<p><strong>f)<\/strong> Comunicamos que el <em>CONSINTER<\/em> no devuelve pagos efectuados, incluso en el caso de que los art\u00edculos no hayan sido aprobados por los Pares Evaluadores y\/o Consejo Editorial.[\/vc_column_text][vc_row_inner][vc_column_inner el_class=&#8221;double-row&#8221; width=&#8221;1\/3&#8243;]\r\n      <div class=\"price-table  nofeature\" data-animation=\"fadeInUp\" data-animation-delay=\"100\">\r\n          <div class=\"price-table-header\">\r\n              <div class=\"price-label-header\">\r\n                  <h3 class=\"price-label-title\">hasta el evento<\/h3>\r\n              <\/div>\r\n              <div class=\"price-value\" data-moeda=\"euro\"><span class=\"price-unit\">R$<\/span><span class=\"price-number\">1290<\/span><span class=\"price-per\"><em>cerca de 222\u20ac<\/em><\/span><\/div>\r\n          <\/div>\r\n          <div class=\"price-table-rows\"><p><\/p>\n<div class=\"price-table-row\"><i class=\"fa fa-check-circle-o\"><\/i><strong>CON ENV\u00cdO DE ART\u00cdCULO<\/strong><\/div>\n<div class=\"price-table-row\"><i class=\"fa fa-check-circle-o\"><\/i><strong>SIN PRESENTACI\u00d3N ORAL<\/strong><\/div>\n<p><\/p><div class=\"price-table-row-bottom\"><a class=\"btn btn-theme \" href=\"###\" disabled>Cerrado<\/a> <\/div><\/div>\r\n      <\/div>\r\n    [\/vc_column_inner][vc_column_inner el_class=&#8221;double-row&#8221; width=&#8221;1\/3&#8243;]\r\n      <div class=\"price-table  nofeature\" data-animation=\"fadeInUp\" data-animation-delay=\"100\">\r\n          <div class=\"price-table-header\">\r\n              <div class=\"price-label-header\">\r\n                  <h3 class=\"price-label-title\">hasta el evento<\/h3>\r\n              <\/div>\r\n              <div class=\"price-value\" data-moeda=\"euro\"><span class=\"price-unit\">R$<\/span><span class=\"price-number\">490<\/span><span class=\"price-per\"><em>cerca de 84\u20ac<\/em><\/span><\/div>\r\n          <\/div>\r\n          <div class=\"price-table-rows\"><p><\/p>\n<div class=\"price-table-row\"><i class=\"fa fa-check-circle-o\"><\/i><strong>EXCLUSIVO PARA ESTUDIANTE DE PREGRADO COMO OYENTE<\/strong><\/div>\n<div class=\"price-table-row\"><i class=\"fa fa-check-circle-o\"><\/i><strong>SIN ENV\u00cdO DE ART\u00cdCULO<\/strong><\/div>\n<p><\/p><div class=\"price-table-row-bottom\"><a class=\"btn btn-theme \" href=\"###\" disabled>Cerrado<\/a> <\/div><\/div>\r\n      <\/div>\r\n    \r\n      <div class=\"price-table  nofeature\" data-animation=\"fadeInUp\" data-animation-delay=\"100\">\r\n          <div class=\"price-table-header\">\r\n              <div class=\"price-label-header\">\r\n                  <h3 class=\"price-label-title\">hasta 31\/12<\/h3>\r\n              <\/div>\r\n              <div class=\"price-value\" data-moeda=\"euro\"><span class=\"price-unit\">R$<\/span><span class=\"price-number\">1290<\/span><span class=\"price-per\"><em>cerca de 222\u20ac<\/em><\/span><\/div>\r\n          <\/div>\r\n          <div class=\"price-table-rows\"><p><\/p>\n<div class=\"price-table-row\"><i class=\"fa fa-check-circle-o\"><\/i><strong>\u00fanicamente enviar un art\u00edculo a evaluaci\u00f3n para su posible publicaci\u00f3n en una de las obras oficiales del CONSINTER<\/strong><\/div>\n<p><\/p><div class=\"price-table-row-bottom\"><a class=\"btn btn-theme \" href=\"###\" disabled>Cerrado<\/a> <\/div><\/div>\r\n      <\/div>\r\n    [\/vc_column_inner][vc_column_inner width=&#8221;1\/3&#8243;]\r\n      <div class=\"price-table  nofeature\" data-animation=\"fadeInUp\" data-animation-delay=\"100\">\r\n          <div class=\"price-table-header\">\r\n              <div class=\"price-label-header\">\r\n                  <h3 class=\"price-label-title\">hasta el evento<\/h3>\r\n              <\/div>\r\n              <div class=\"price-value\" data-moeda=\"euro\"><span class=\"price-unit\">R$<\/span><span class=\"price-number\">690<\/span><span class=\"price-per\"><em>cerca de 119\u20ac<\/em><\/span><\/div>\r\n          <\/div>\r\n          <div class=\"price-table-rows\"><p><\/p>\n<div class=\"price-table-row\"><i class=\"fa fa-check-circle-o\"><\/i><strong>SIN ENV\u00cdO DE ART\u00cdCULO<\/strong><\/div>\n<div class=\"price-table-row\"><i class=\"fa fa-check-circle-o\"><\/i><strong>SIN PRESENTACI\u00d3N ORAL<\/strong><\/div>\n<p><\/p><div class=\"price-table-row-bottom\"><a class=\"btn btn-theme \" href=\"###\" disabled>Cerrado<\/a> <\/div><\/div>\r\n      <\/div>\r\n    [\/vc_column_inner][\/vc_row_inner][\/vc_column][\/vc_row][vc_row full_width=&#8221;stretch_row&#8221; section_id=&#8221;register&#8221; el_id=&#8221;register&#8221; fullwidth=&#8221;no&#8221; css=&#8221;.vc_custom_1593709282214{margin-top: 0px !important;margin-bottom: 0px !important;border-top-width: 0px !important;border-bottom-width: 0px !important;padding-top: 70px !important;padding-bottom: 70px !important;}&#8221; parallax_bg=&#8221;0&#8243; stellar_background_ratio=&#8221;0.6&#8243; el_class=&#8221;color&#8221;][vc_column]\r\n      <h3 class=\"section-title \"><span data-animation=\"flipInY\" data-animation-delay=\"300\" class=\"icon-inner\"><span class=\"fa-stack\"><i class=\"fa crcle fa-stack-2x\"><\/i><i class=\"fa fa-ticket fa-stack-1x\"><\/i><\/span><\/span><span data-animation=\"fadeInRight\" data-animation-delay=\"500\" class=\"title-inner\">SUSCRIBIRSE <small> \/ garantiza tu lugar<\/small><\/span><\/h3>\r\n    [vc_column_text]<p class=\"datelimit\">Inscri\u00e7\u00f5es encerradas!<\/p>[\/vc_column_text][\/vc_column][\/vc_row][vc_row full_width=&#8221;stretch_row&#8221; section_id=&#8221;picture&#8221; el_id=&#8221;picture&#8221; css=&#8221;.vc_custom_1593709325446{padding-top: 70px !important;padding-bottom: 70px !important;}&#8221;][vc_column]\r\n      <h3 class=\"section-title \"><span data-animation=\"flipInY\" data-animation-delay=\"0\" class=\"icon-inner\"><span class=\"fa-stack\"><i class=\"fa crcle fa-stack-2x\"><\/i><i class=\"fa fa-user fa-stack-1x\"><\/i><\/span><\/span><span data-animation=\"fadeInRight\" data-animation-delay=\"500\" class=\"title-inner\">FOTOS <small> \/ Mira algunas fotos del evento de Madrid 2022<\/small><\/span><\/h3>\r\n    [vc_gallery type=&#8221;image_grid&#8221; images=&#8221;244,245,246,247,248,249,250,251,252,253,254,255,256,257,258,259,260,261,262,263,264,265,266&#8243;][vc_video link=&#8221;https:\/\/www.youtube.com\/watch?v=FWUmvDisEG8&#8243; css=&#8221;.vc_custom_1651773241391{margin-top: 40px !important;}&#8221;][\/vc_column][\/vc_row][vc_row full_width=&#8221;stretch_row&#8221; css=&#8221;.vc_custom_1593709325446{padding-top: 70px !important;padding-bottom: 70px !important;}&#8221;][vc_column]\r\n      <h3 class=\"section-title \"><span data-animation=\"flipInY\" data-animation-delay=\"0\" class=\"icon-inner\"><span class=\"fa-stack\"><i class=\"fa crcle fa-stack-2x\"><\/i><i class=\"fa fa-user fa-stack-1x\"><\/i><\/span><\/span><span data-animation=\"fadeInRight\" data-animation-delay=\"500\" class=\"title-inner\">INFORMATIVOS <small> \/ consulte nuestros boletines de eventos pasados<\/small><\/span><\/h3>\r\n    [vc_row_inner][vc_column_inner width=&#8221;1\/2&#8243;][vc_single_image image=&#8221;55&#8243; img_size=&#8221;full&#8221; alignment=&#8221;center&#8221; onclick=&#8221;custom_link&#8221; img_link_target=&#8221;_blank&#8221; link=&#8221;https:\/\/consinter.org\/wp-content\/uploads\/2019\/05\/CONSINTER-Informativo-2019.pdf&#8221; css=&#8221;.vc_custom_1651757212538{padding-top: 10px !important;padding-right: 10px !important;padding-bottom: 10px !important;padding-left: 10px !important;}&#8221; title=&#8221;CONSINTER &#8211; Informativo 2019&#8243;][\/vc_column_inner][vc_column_inner width=&#8221;1\/2&#8243;][vc_single_image image=&#8221;54&#8243; img_size=&#8221;full&#8221; alignment=&#8221;center&#8221; onclick=&#8221;custom_link&#8221; img_link_target=&#8221;_blank&#8221; link=&#8221;https:\/\/consinter.org\/wp-content\/uploads\/2019\/02\/CONSINTER-Informativo-2018.pdf&#8221; css=&#8221;.vc_custom_1651757218170{padding-top: 10px !important;padding-right: 10px !important;padding-bottom: 10px !important;padding-left: 10px !important;}&#8221; title=&#8221;CONSINTER &#8211; Informativo 2018&#8243;][\/vc_column_inner][\/vc_row_inner][\/vc_column][\/vc_row][vc_row full_width=&#8221;stretch_row&#8221; section_id=&#8221;contact&#8221; el_id=&#8221;contact&#8221; el_class=&#8221;color&#8221; css=&#8221;.vc_custom_1581518126030{padding-top: 70px !important;padding-bottom: 70px !important;}&#8221;][vc_column]\r\n      <h3 class=\"section-title \"><span data-animation=\"flipInY\" data-animation-delay=\"300\" class=\"icon-inner\"><span class=\"fa-stack\"><i class=\"fa crcle fa-stack-2x\"><\/i><i class=\"fa fa-ticket fa-stack-1x\"><\/i><\/span><\/span><span data-animation=\"fadeInRight\" data-animation-delay=\"500\" class=\"title-inner\">Contacto <small> \/ hable con nosotros<\/small><\/span><\/h3>\r\n    \n<div class=\"wpcf7 no-js\" id=\"wpcf7-f4-o2\" lang=\"pt-BR\" dir=\"ltr\" data-wpcf7-id=\"4\">\n<div class=\"screen-reader-response\"><p role=\"status\" aria-live=\"polite\" aria-atomic=\"true\"><\/p> <ul><\/ul><\/div>\n<form action=\"\/madrid2022\/es\/wp-json\/wp\/v2\/pages\/2#wpcf7-f4-o2\" method=\"post\" class=\"wpcf7-form init\" aria-label=\"Formul\u00e1rios de contato\" novalidate=\"novalidate\" data-status=\"init\">\n<fieldset class=\"hidden-fields-container\"><input type=\"hidden\" name=\"_wpcf7\" value=\"4\" \/><input type=\"hidden\" name=\"_wpcf7_version\" value=\"6.1.5\" \/><input type=\"hidden\" name=\"_wpcf7_locale\" value=\"pt_BR\" \/><input type=\"hidden\" name=\"_wpcf7_unit_tag\" value=\"wpcf7-f4-o2\" \/><input type=\"hidden\" name=\"_wpcf7_container_post\" value=\"0\" \/><input type=\"hidden\" name=\"_wpcf7_posted_data_hash\" value=\"\" \/>\n<\/fieldset>\n<p><span class=\"wpcf7-form-control-wrap\" data-name=\"your-name\"><input size=\"40\" maxlength=\"400\" class=\"wpcf7-form-control wpcf7-text wpcf7-validates-as-required form-control\" aria-required=\"true\" aria-invalid=\"false\" placeholder=\"Su nombre\" value=\"\" type=\"text\" name=\"your-name\" \/><\/span>\n<\/p>\n<p><span class=\"wpcf7-form-control-wrap\" data-name=\"your-email\"><input size=\"40\" maxlength=\"400\" class=\"wpcf7-form-control wpcf7-email wpcf7-validates-as-required wpcf7-text wpcf7-validates-as-email form-control\" aria-required=\"true\" aria-invalid=\"false\" placeholder=\"Su correo electr\u00f3nico\" value=\"\" type=\"email\" name=\"your-email\" \/><\/span>\n<\/p>\n<p><span class=\"wpcf7-form-control-wrap\" data-name=\"your-subject\"><input size=\"40\" maxlength=\"400\" class=\"wpcf7-form-control wpcf7-text wpcf7-validates-as-required form-control\" aria-required=\"true\" aria-invalid=\"false\" placeholder=\"Asunto\" value=\"\" type=\"text\" name=\"your-subject\" \/><\/span>\n<\/p>\n<p><span class=\"wpcf7-form-control-wrap\" data-name=\"your-message\"><textarea cols=\"40\" rows=\"10\" maxlength=\"2000\" class=\"wpcf7-form-control wpcf7-textarea wpcf7-validates-as-required form-control\" aria-required=\"true\" aria-invalid=\"false\" placeholder=\"Su mensaje\" name=\"your-message\"><\/textarea><\/span>\n<\/p>\n<p>&nbsp;\n<\/p>\n<p><input class=\"wpcf7-form-control wpcf7-submit has-spinner form-button form-button-submit btn btn-theme btn-theme-lg btn-theme-transparent\" type=\"submit\" value=\"Enviar\" \/>\n<\/p><div class=\"wpcf7-response-output\" aria-hidden=\"true\"><\/div>\n<\/form>\n<\/div>\n[\/vc_column][\/vc_row]<\/p>\n<\/div>","protected":false},"excerpt":{"rendered":"<p>[vc_row full_width=&#8221;stretch_row&#8221; section_id=&#8221;home&#8221; fullwidth=&#8221;no&#8221; bg_image_custom=&#8221;121&#8243; el_id=&#8221;home&#8221; css=&#8221;.vc_custom_1651754710210{margin-top: 0px !important;margin-bottom: 0px !important;border-top-width: 0px !important;border-bottom-width: 0px !important;padding-top: 0px !important;padding-bottom: 0px !important;background-image: url(https:\/\/consinter.org\/barcelona2019\/wp-content\/uploads\/sites\/20\/2019\/05\/fundo.jpg?id=753) !important;background-position: center !important;background-repeat: no-repeat !important;background-size: cover !important;}&#8221; parallax_bg=&#8221;1&#8243; stellar_background_ratio=&#8221;0.6&#8243;][vc_column css=&#8221;.vc_custom_1417507329606{padding-bottom: 0px !important;}&#8221;][\/vc_column][\/vc_row][vc_row section_id=&#8221;about&#8221; css=&#8221;.vc_custom_1428394403301{margin-top: 0px !important;margin-bottom: 0px !important;border-top-width: 0px !important;border-bottom-width: 0px !important;padding-top:<\/p>\n","protected":false},"author":1,"featured_media":0,"parent":0,"menu_order":0,"comment_status":"closed","ping_status":"open","template":"home_template.php","meta":{"_acf_changed":false,"footnotes":""},"class_list":["post-2","page","type-page","status-publish","hentry"],"acf":[],"_links":{"self":[{"href":"https:\/\/consinter.org\/madrid2022\/es\/wp-json\/wp\/v2\/pages\/2","targetHints":{"allow":["GET"]}}],"collection":[{"href":"https:\/\/consinter.org\/madrid2022\/es\/wp-json\/wp\/v2\/pages"}],"about":[{"href":"https:\/\/consinter.org\/madrid2022\/es\/wp-json\/wp\/v2\/types\/page"}],"author":[{"embeddable":true,"href":"https:\/\/consinter.org\/madrid2022\/es\/wp-json\/wp\/v2\/users\/1"}],"replies":[{"embeddable":true,"href":"https:\/\/consinter.org\/madrid2022\/es\/wp-json\/wp\/v2\/comments?post=2"}],"version-history":[{"count":1,"href":"https:\/\/consinter.org\/madrid2022\/es\/wp-json\/wp\/v2\/pages\/2\/revisions"}],"predecessor-version":[{"id":269,"href":"https:\/\/consinter.org\/madrid2022\/es\/wp-json\/wp\/v2\/pages\/2\/revisions\/269"}],"wp:attachment":[{"href":"https:\/\/consinter.org\/madrid2022\/es\/wp-json\/wp\/v2\/media?parent=2"}],"curies":[{"name":"wp","href":"https:\/\/api.w.org\/{rel}","templated":true}]}}