{"id":9,"date":"2023-01-23T15:43:43","date_gmt":"2023-01-23T18:43:43","guid":{"rendered":"https:\/\/consinter.org\/edital2023\/?page_id=9"},"modified":"2023-04-28T09:42:42","modified_gmt":"2023-04-28T12:42:42","slug":"home","status":"publish","type":"page","link":"https:\/\/consinter.org\/edital2023\/en\/","title":{"rendered":"Home"},"content":{"rendered":"<div class=\"wpb-content-wrapper\"><p>2023-05-01[vc_row section_id=&#8221;about&#8221; el_id=&#8221;about&#8221;][vc_column]\r\n      <h3 class=\"section-title \"><span data-animation=\"flipInY\" data-animation-delay=\"300\" class=\"icon-inner\"><span class=\"fa-stack\"><i class=\"fa rhex fa-stack-2x\"><\/i><i class=\"fa fa-star fa-stack-1x\"><\/i><\/span><\/span><span data-animation=\"fadeInRight\" data-animation-delay=\"500\" class=\"title-inner\">ON THE PUBLICATION <small> \/ objective, justification and audience<\/small><\/span><\/h3>\r\n    [\/vc_column][vc_column][vc_column_text css=&#8221;.vc_custom_1678826816315{margin-bottom: 15px !important;}&#8221;]<\/p>\n<p class=\"alignright selos\"><img decoding=\"async\" class=\"shadow\" style=\"margin-right: 10px;\" src=\"https:\/\/consinter.org\/edital2023\/wp-content\/uploads\/sites\/31\/2023\/02\/selo-qualis-a3.png\" alt=\"\" width=\"200\" height=\"auto\" \/><img decoding=\"async\" class=\"shadow\" src=\"https:\/\/consinter.org\/edital2023\/wp-content\/uploads\/sites\/31\/2023\/03\/selo-spi-es.png\" alt=\"\" width=\"200\" height=\"auto\" \/><\/p>\n<p class=\"alignright selos\"><img decoding=\"async\" style=\"margin-right: 10px;\" src=\"https:\/\/consinter.org\/edital2023\/wp-content\/uploads\/sites\/31\/2023\/01\/revista-g-211x300.jpg\" alt=\"\" width=\"200\" height=\"auto\" \/><img decoding=\"async\" src=\"https:\/\/consinter.org\/edital2023\/wp-content\/uploads\/sites\/31\/2023\/01\/livro-g-211x300.jpg\" alt=\"\" width=\"200\" height=\"auto\" \/><\/p>\n<p><strong>NOMENCLATURE<\/strong><\/p>\n<p><strong>CONSINTER<\/strong> \u2013 International Council for Contemporary Postgraduate Studies.<\/p>\n<p>Revista Internacional CONSINTER de Direito, qualified by CAPES with <strong><u>QUALIS A3<\/u><\/strong>, referring to the four-year period 2017-2020 and will remain in this extract until the next evaluation in 2024 and the book Law and Justice, both published by Editorial Juru\u00e1, which rose from the 35th to the 17th position in the SPI International Ranking (Scholarly Publishers Indicators), which indicates the editorial prestige and qualifies the impact index of all the publishers that are present in Spain, thus being one of the international publishers with the greatest evolution during the year 2022 and the only Brazilian Luso.<\/p>\n<p><strong> PRESENTATION <\/strong><\/p>\n<p>CONSINTER is designed to promote individual autonomy so that, in a constructive and integrating way, individuals may improve their own destiny and the destiny of society in general.<\/p>\n<p><strong> ABOUT THE NOTICE<\/strong><\/p>\n<p>This Notice opens the call for submitting scientific articles for possible publication in one of CONSINTER&#8217;s official works for the next editions.<\/p>\n<p>Articles will be analyzed by CONSINTER&#8217;s Board of Reviewers\/Editorial Board using the double-blind review system and, if approved, will be published in one of CONSINTER&#8217;s official publications it may be presented orally during the CONSITNER Symposium of the current year upon payment of an additional cost, which must be made upon registration, (see item 13 in the submission rules).<\/p>\n<p>The official works of CONSINTER: the journal \u201cRevista International Consinter de Direito\u201d, with European ISSN and DOI number, and the book \u201cDireito e Justi\u00e7a\u201d, with three distinct ISBNs, European, Brazilian and Digital.<\/p>\n<p>The journal \u201cRevista Internacional CONSINTER de Direito\u201d <em>(QUALIS A3)<\/em> is present in the following means:<\/p>\n<table style=\"border-collapse: collapse; width: 100%;\">\n<tbody>\n<tr>\n<td style=\"width: 50%; vertical-align: top;\">\u2022 Scielo Portugal;<br \/>\n\u2022 Google Scholar;<br \/>\n\u2022 Dialnet;<br \/>\n\u2022 Latindex;<br \/>\n\u2022 REDIB;<br \/>\n\u2022 CAPES;<br \/>\n\u2022 LivRe;<\/td>\n<td style=\"width: 50%; vertical-align: top;\">\u2022 Sum\u00e1rios.org;<br \/>\n\u2022 Cite Factor;<br \/>\n\u2022 Tribunal Superior Eleitoral;<br \/>\n\u2022 Rede Virtual de Bibliotecas Integradas (RVBI);<br \/>\n\u2022 MIAR;<br \/>\n\u2022 Membro da Crossref.<\/td>\n<\/tr>\n<\/tbody>\n<\/table>\n<p><strong>NOTE:<\/strong> The Organizing Committee will be in charge of the nomination and the journal or of the Book issue the approved article will be published in.<\/p>\n<p>Full access to articles published in the CONSINTER International Law Journal <em>(QUALIS A3)<\/em> is free. Click here and see all previous issues <a href=\"https:\/\/revistaconsinter.com\/en\/edicoes-anteriores\/\" target=\"_blank\" rel=\"noopener\">https:\/\/revistaconsinter.com\/en\/edicoes-anteriores\/<\/a><\/p>\n<p>Articles will be accepted in any themes of law:<\/p>\n<p><strong>A\u00a0 <u>COMMON, COLLECTIVE AND INDIVIDUAL HOMOGENEOUS RIGHTS<\/u><\/strong><\/p>\n<p><strong>B\u00a0 <u>PUBLIC LAW<\/u><\/strong><\/p>\n<p><strong>C\u00a0 <u>PRIVATE LAW<\/u><\/strong><\/p>\n<p><strong>D\u00a0 <u>INTERNATIONAL LAW<\/u><\/strong><\/p>\n<p><strong>E\u00a0 <u>FORENSIC PSYCHOLOGY<\/u><\/strong><\/p>\n<p>Check the subareas in the complete publication rules.<\/p>\n<p><strong>TARGET AUDIENCE<\/strong><\/p>\n<p>Post-graduate Professors and Students and (both, Lato Sensu \u2013 specialization \u2013 and Stricto Sensu in master\u2019s and doctoral degrees); Specialists, Masters, Doctors, PHD, Researchers, University Professors, Judges, Representatives of the Prosecution Office, Lawyers and other professionals of the legal career can submit their articles, and, in general, people who are engaged, in the professional scope, in any fields or subjects of Law, and are interested in showing their original scientific studies on any of the themes proposed. The articles can be sent according to the following curricular requirements:<\/p>\n<ul>\n<li>Undergraduate students for exclusive participation as listeners without submitting articles.<\/li>\n<li>Undergraduate students can submit their articles, as long as they are co-authored with their supervisor (with the possibility of publication only in the CONSINTER book).<\/li>\n<li>Lato Sensu Postgraduate Students (specializing and specialists).<\/li>\n<li>Stricto Sensu Postgraduate Students (Master&#8217;s and Ph.D. students).<\/li>\n<\/ul>\n<p>The main criterion for publication in the CONSINTER International Law Journal <em>(QUALIS A3)<\/em> is the author having a Ph.D. title. If he does not have it, his article will be evaluated in the same way and, if approved by the CONSINTER Council, it shall be published in the book Law and Justice.<\/p>\n<p>Observing CONSINTER&#8217;s basic premise of supporting and promoting scientific and academic production, it is essential to inform that all articles registered, paid for, and originated following the target audience described in this item 4 heading, shall be accepted for analysis and possible publication.<\/p>\n<p><strong>DISSEMINATION OF THE LEGAL INVESTIGATION AND PUBLICATION<\/strong><strong> OF THE ARTICLES<\/strong><\/p>\n<p>Observing the scenario that imposes great difficulties to those interested in publishing their studies and investigation work, CONSINTER comes up with the purpose of contributing to the diffusion of academic studies, publishing them, facilitating their dissemination, in addition to fostering an investigative formation of excellence, and the transfer of knowledge from universities to society.<\/p>\n<p>The articles will be subjected to a selection and approval process by the Editorial Board of CONSINTER, meeting criteria of scientific quality, being the analysis carried out in the double blind review system, according to the requirements by the national and international institutions and agencies of investigation and teaching that evaluate the investigating activity of Post-Graduation.<\/p>\n<p>Thus, in addition to providing visibility to scientific production in official CONSINTER publications, the authors of the approved articles by the CONSINTER Editorial Board shall have:<\/p>\n<p><strong>a)<\/strong> His\/her paper published in the CONSINTER International Law Journal <em>(QUALIS A3)<\/em> and indexed in the National and International databases of great relevance in the academic world, allowing greater visibility for it, such as Scielo Portugal, Dialnet Google Scholar, Latindex, REDIB, CAPES, LivRe, Sum\u00e1rios.org, Cite Factor, Superior Electoral Court, Virtual Network of Integrated Libraries (RVBI), MIAR and member of Crossref or in the book Law and Justice.<\/p>\n<p><strong>b)<\/strong> The opportunity to present your scientific article orally, during CONSINTER X Symposium \u2013 <em>Universitat de Barcelona <\/em>to be held from November 15 to 17, 2023, \u200b\u200bupon payment of an additional cost, which must be made upon registration (see item 13\u00a0in the submission rules).<\/p>\n<p><strong>c)<\/strong> The possibility of receiving an international certification.<\/p>\n<p><strong>d)<\/strong> The opportunity to spread your scientific study, reaching internationally a larger number of people.<\/p>\n<p><strong>e)<\/strong> The possibility of indexing your article on the <a href=\"https:\/\/www.juruadocs.com\/\" target=\"_blank\" rel=\"noopener\"><em>Juru\u00e1Docs<\/em><\/a> Platform;<\/p>\n<p><strong>f)<\/strong> The possibility of expanding your network with people of high scientific and academic levels;<\/p>\n<p><strong>g)<\/strong> The opportunity to seek the transfer of scientific knowledge, which will contribute to the recognition of research activity and international scientific cooperation.<\/p>\n<p><strong> INFORMATION<\/strong><\/p>\n<p>All texts will be evaluated by the double-blind review system, respecting the authors\u2019 anonymity.<\/p>\n<p>At the sovereign criterion by the CONSINTER Editorial Board, some articles will be selected to be published in the periodic edition of the journal \u201cRevista Internacional CONSINTER de Direito <em>(QUALIS A3)<\/em>\u201d, with the respective ISSN. This publication will have two editions in Portugal, being one printed, and the other one digital.<\/p>\n<p>The articles that have not been selected to the journal \u201cRevista Internacional CONSINTER de Direito <em>(QUALIS A3)<\/em>\u201d, but which have been approved by the Editorial Board, will be published in the official book of \u201cCONSINTER Direito e Justi\u00e7a\u201d, with ISBN register. This publication will have three editions: one printed in Portugal, and two editions in Brazil (one digital and the other one printed).[\/vc_column_text][\/vc_column][\/vc_row][vc_row full_width=&#8221;stretch_row&#8221; section_id=&#8221;coordination&#8221; el_class=&#8221;color&#8221; parallax_bg=&#8221;0&#8243; stellar_background_ratio=&#8221;0.6&#8243; css=&#8221;.vc_custom_1576006817524{margin-top: 0px !important;margin-bottom: 0px !important;border-top-width: 0px !important;border-bottom-width: 0px !important;padding-top: 70px !important;padding-bottom: 70px !important;}&#8221;][vc_column]\r\n      <h3 class=\"section-title \"><span data-animation=\"flipInY\" data-animation-delay=\"300\" class=\"icon-inner\"><span class=\"fa-stack\"><i class=\"fa rhex fa-stack-2x\"><\/i><i class=\"fa fa-ticket fa-stack-1x\"><\/i><\/span><\/span><span data-animation=\"fadeInRight\" data-animation-delay=\"500\" class=\"title-inner\">MAGAZINE AND BOOK <small> \/ editor, directors and organizers<\/small><\/span><\/h3>\r\n    [vc_column_text]<\/p>\n<p class=\"selos\" style=\"text-align: center;\"><strong><img loading=\"lazy\" decoding=\"async\" class=\"alignnone wp-image-66 size-full shadow\" src=\"https:\/\/consinter.org\/edital2023\/wp-content\/uploads\/sites\/31\/2023\/02\/selo-qualis-a3.png\" alt=\"\" width=\"200\" height=\"200\" \/><img loading=\"lazy\" decoding=\"async\" class=\"alignnone wp-image-65 size-full shadow\" src=\"https:\/\/consinter.org\/edital2023\/wp-content\/uploads\/sites\/31\/2023\/03\/selo-spi-es.png\" alt=\"\" width=\"200\" height=\"200\" \/><\/strong><\/p>\n<p style=\"text-align: center;\">President:<\/p>\n<div class=\"thumbnail no-border no-padding\">\n<div class=\"circle\">\n<div class=\"circle-inner\">\n<div class=\"media\"><img decoding=\"async\" class=\"img-responsive\" src=\"https:\/\/consinter.org\/edital2023\/wp-content\/uploads\/sites\/31\/2023\/01\/luiz-augusto.jpg\" alt=\"Luiz Augusto de Oliveira Junior\" \/><\/div>\n<\/div>\n<\/div>\n<div class=\"text-center\">Luiz Augusto de Oliveira Junior<\/div>\n<\/div>\n<p>&nbsp;<\/p>\n<p style=\"text-align: center;\"><em><strong>\u201cRevista Internacional CONSINTER de Direito\u201d<\/strong><\/em><\/p>\n<p style=\"text-align: center;\"><strong>Editor:<\/strong><\/p>\n<div class=\"thumbnail no-border no-padding\">\n<div class=\"circle\">\n<div class=\"circle-inner\">\n<div class=\"media\"><img decoding=\"async\" class=\"img-responsive\" src=\"https:\/\/consinter.org\/edital2023\/wp-content\/uploads\/sites\/31\/2023\/03\/david-vallespin-perez.jpg\" alt=\"David Vallesp\u00edn P\u00e9rez\" \/><\/div>\n<\/div>\n<\/div>\n<div class=\"text-center\"><strong>David Vallesp\u00edn P\u00e9rez<\/strong><br \/>\n<em>Catedr\u00e1tico de Derecho Procesal &#8211;\u00a0<\/em><em>Universitat de Barcelona<\/em><\/div>\n<\/div>\n<p>&nbsp;<\/p>\n<p style=\"text-align: center;\"><strong>Directors:<\/strong><\/p>\n<div class=\"col-sm-4 animated fadeInUp visible\" data-animation=\"fadeInUp\" data-animation-delay=\"100\">\n<div class=\"thumbnail no-border no-padding\">\n<div class=\"circle\">\n<div class=\"circle-inner\">\n<div class=\"media\"><img decoding=\"async\" class=\"img-responsive\" src=\"https:\/\/consinter.org\/edital2023\/wp-content\/uploads\/sites\/31\/2023\/01\/german-barreiro-gonzalez.jpg\" alt=\"Germ\u00e1n Barreiro Gonz\u00e1lez\" \/><\/div>\n<\/div>\n<\/div>\n<div class=\"text-center\"><strong>Germ\u00e1n Barreiro Gonz\u00e1lez<\/strong><br \/>\n<em>Catedr\u00e1tico de Derecho del Trabajo y Seguridad Social &#8211;\u00a0Universidad de Le\u00f3n<\/em><\/div>\n<\/div>\n<\/div>\n<div class=\"col-sm-4 animated fadeInUp visible\" data-animation=\"fadeInUp\" data-animation-delay=\"100\">\n<div class=\"thumbnail no-border no-padding\">\n<div class=\"circle\">\n<div class=\"circle-inner\">\n<div class=\"media\"><img decoding=\"async\" class=\"img-responsive\" src=\"https:\/\/consinter.org\/edital2023\/wp-content\/uploads\/sites\/31\/2023\/01\/goncalo-s-de-melo-bandeira.jpg\" alt=\"Gon\u00e7alo S. de Melo Bandeira\" \/><\/div>\n<\/div>\n<\/div>\n<div class=\"text-center\"><strong>Gon\u00e7alo S. de Melo Bandeira<\/strong><br \/>\n<em>Professor da ESG\/IPCA e JusGov \u2013 \u00a0Universidade do Minho<\/em><\/div>\n<\/div>\n<\/div>\n<div class=\"col-sm-4 animated fadeInUp visible\" data-animation=\"fadeInUp\" data-animation-delay=\"100\">\n<div class=\"thumbnail no-border no-padding\">\n<div class=\"circle\">\n<div class=\"circle-inner\">\n<div class=\"media\"><img decoding=\"async\" class=\"img-responsive\" src=\"https:\/\/consinter.org\/edital2023\/wp-content\/uploads\/sites\/31\/2023\/01\/maria-yolanda-sanchez-uran-azana.jpg\" alt=\"Mar\u00eda Yolanda S\u00e1nchez-Ur\u00e1n Aza\u00f1a\" \/><\/div>\n<\/div>\n<\/div>\n<div class=\"text-center\"><strong>Mar\u00eda Yolanda S\u00e1nchez-Ur\u00e1n Aza\u00f1a<\/strong><br \/>\n<em>Catedr\u00e1tica de Derecho del Trabajo y Seguridad Social \u2013 Universidad Complutense de Madrid<\/em><\/div>\n<\/div>\n<\/div>\n<p>&nbsp;<\/p>\n<p style=\"text-align: center;\"><strong>Book: &#8220;<em>Direito e Justi\u00e7a&#8221;<\/em><\/strong><\/p>\n<p style=\"text-align: center;\"><strong>Organizer:<\/strong><\/p>\n<div class=\"thumbnail no-border no-padding\">\n<div class=\"circle\">\n<div class=\"circle-inner\">\n<div class=\"media\"><img decoding=\"async\" class=\"img-responsive\" src=\"https:\/\/consinter.org\/edital2023\/wp-content\/uploads\/sites\/31\/2023\/03\/david-vallespin-perez.jpg\" alt=\"David Vallesp\u00edn P\u00e9rez\" \/><\/div>\n<\/div>\n<\/div>\n<div class=\"text-center\"><strong>David Vallesp\u00edn P\u00e9rez<\/strong><br \/>\n<em>Catedr\u00e1tico de Derecho Procesal &#8211;\u00a0Universitat de Barcelona<\/em><\/div>\n<\/div>\n<p>&nbsp;<\/p>\n<p style=\"text-align: center;\"><strong>Academic Coordination:<\/strong><\/p>\n<div class=\"thumbnail no-border no-padding\">\n<div class=\"circle\">\n<div class=\"circle-inner\">\n<div class=\"media\"><img decoding=\"async\" class=\"img-responsive\" src=\"https:\/\/consinter.org\/edital2023\/wp-content\/uploads\/sites\/31\/2023\/01\/antonio-cesar-bochenek.jpg\" alt=\"Ant\u00f4nio C\u00e9sar Bochenek\" \/><\/div>\n<\/div>\n<\/div>\n<div class=\"text-center\"><strong>Ant\u00f4nio C\u00e9sar Bochenek<\/strong><br \/>\n<em>Doutor &#8211; Universidade de Coimbra<\/em><\/div>\n<\/div>\n<p>&nbsp;<\/p>\n<p style=\"text-align: center;\"><strong>Dire\u00e7\u00e3o Executiva:<\/strong><\/p>\n<div class=\"thumbnail no-border no-padding\">\n<div class=\"circle\">\n<div class=\"circle-inner\">\n<div class=\"media\"><img decoding=\"async\" class=\"img-responsive\" src=\"https:\/\/consinter.org\/edital2023\/wp-content\/uploads\/sites\/31\/2023\/01\/francine-oliveira.jpg\" alt=\"Francine Oliveira\" \/><\/div>\n<\/div>\n<\/div>\n<div class=\"text-center\">Francine Oliveira<\/div>\n<\/div>\n<p>&nbsp;<\/p>\n<p style=\"text-align: center;\"><strong>Executive Coordination:<\/strong><\/p>\n<div class=\"col-sm-4 col-sm-offset-2 animated fadeInUp visible\" data-animation=\"fadeInUp\" data-animation-delay=\"100\">\n<div class=\"thumbnail no-border no-padding\">\n<div class=\"circle\">\n<div class=\"circle-inner\">\n<div class=\"media\"><img decoding=\"async\" class=\"img-responsive\" src=\"https:\/\/consinter.org\/edital2023\/wp-content\/uploads\/sites\/31\/2023\/01\/ivan-winters.jpg\" alt=\"Ivan Winters\" \/><\/div>\n<\/div>\n<\/div>\n<div class=\"text-center\"><strong>Ivan Winters<\/strong><\/div>\n<\/div>\n<\/div>\n<div class=\"col-sm-4 animated fadeInUp visible\" data-animation=\"fadeInUp\" data-animation-delay=\"100\">\n<div class=\"thumbnail no-border no-padding\">\n<div class=\"circle\">\n<div class=\"circle-inner\">\n<div class=\"media\"><img decoding=\"async\" class=\"img-responsive\" src=\"https:\/\/consinter.org\/edital2023\/wp-content\/uploads\/sites\/31\/2023\/01\/marcia-neckel.jpg\" alt=\"Marcia Neckel\" \/><\/div>\n<\/div>\n<\/div>\n<div class=\"text-center\">Marcia Neckel<\/div>\n<\/div>\n<\/div>\n<p>[\/vc_column_text][\/vc_column][\/vc_row][vc_row full_width=&#8221;stretch_row&#8221; section_id=&#8221;rules&#8221; el_id=&#8221;rules&#8221; parallax_bg=&#8221;0&#8243; stellar_background_ratio=&#8221;0.6&#8243; css=&#8221;.vc_custom_1613483275089{margin-top: 0px !important;margin-bottom: 0px !important;border-top-width: 0px !important;border-bottom-width: 0px !important;padding-top: 70px !important;padding-bottom: 70px !important;}&#8221; el_class=&#8221;light&#8221;][vc_column]\r\n      <h3 class=\"section-title \"><span data-animation=\"flipInY\" data-animation-delay=\"300\" class=\"icon-inner\"><span class=\"fa-stack\"><i class=\"fa rhex fa-stack-2x\"><\/i><i class=\"fa fa-ticket fa-stack-1x\"><\/i><\/span><\/span><span data-animation=\"fadeInRight\" data-animation-delay=\"500\" class=\"title-inner\">PAPER SUBMISSION <small> \/ general instructions<\/small><\/span><\/h3>\r\n    [vc_column_text]<strong>DEADLINES<\/strong><\/p>\n<p>The complete texts of the articles must be sent to the following e-mail: <a href=\"mailto:contato@consinter.org\"><u>contato@consinter.org<\/u><\/a>.<\/p>\n<p>Applications and articles shall be accepted until April 30, 2023.<\/p>\n<p><strong> NOTIFICATION OF APPROVAL<\/strong><\/p>\n<p>The decision by the CONSINTER Editorial Board on the approval or rejection of the articles submitted will be reported directly to the author by e-mail.<\/p>\n<p><strong> REQUIREMENTS<\/strong><\/p>\n<p><strong>a)<\/strong> The submission of the scientific paper for analysis is subject to confirmation of registration and payment, at the same time, of all authors and co-authors;<\/p>\n<p><strong>b)<\/strong> Only articles approved by the CONSINTER Editorial Board will be published.<\/p>\n<p><strong> ORAL PRESENTATION<\/strong><\/p>\n<p>Articles duly registered, paid by April 30, 2023, and approved for the CONSINTER&#8217;s official publications, may be presented orally by the author\/co-author <strong><u>with<\/u><\/strong> additional cost at the BRL 690.00 (six hundred and ninety Brazilian reais) \u00a0International Law Symposium CONSINTER 2023 \u2012 <em>Universitat de Barcelona<\/em> to be held from November 15 to 17, 2023.<\/p>\n<p><strong> DECLARATION OF ARTICLE ACCEPTANCE<\/strong><\/p>\n<p>The declaration of acceptance of the scientific article will be issued, as long as the article is approved, by the CONSINTER, upon request to the e-mail <a href=\"mailto:contato@consinter.org\">contato@consinter.org<\/a>.[\/vc_column_text][vc_zigzag css=&#8221;.vc_custom_1581514873239{margin-top: 20px !important;}&#8221;]<a href=\"https:\/\/consinter.org\/edital2023\/wp-content\/uploads\/sites\/31\/2023\/03\/complete-rules-1.pdf\" target='_blank' style=\"margin: 20px 20px 0 0\"  class=\"btn btn-theme animated flipInY visible   \" data-animation=\"flipInY\" data-animation-delay=\"200\"><i class=\"fa \"><\/i> Complete Submission Rules<\/a><a href=\"https:\/\/view.officeapps.live.com\/op\/view.aspx?src=https:\/\/consinter.org\/edital2023\/wp-content\/uploads\/sites\/31\/2023\/03\/dau-consinter-en.docx\" target='_blank' style=\"margin: 20px 20px 0 0\"  class=\"btn btn-theme animated flipInY visible   \" data-animation=\"flipInY\" data-animation-delay=\"200\"><i class=\"fa \"><\/i> Assignment of Patrimonial Rights<\/a><a href=\"https:\/\/view.officeapps.live.com\/op\/view.aspx?src=https:\/\/consinter.org\/edital2023\/wp-content\/uploads\/sites\/31\/2023\/03\/article-template-ingles.docx\" target='_blank' style=\"margin: 20px 0 0 0\"  class=\"btn btn-theme animated flipInY visible   \" data-animation=\"flipInY\" data-animation-delay=\"200\"><i class=\"fa \"><\/i> Article template<\/a>[\/vc_column][\/vc_row][vc_row full_width=&#8221;stretch_row&#8221; section_id=&#8221;who&#8221; parallax_bg=&#8221;0&#8243; stellar_background_ratio=&#8221;0.6&#8243; css=&#8221;.vc_custom_1576006857558{margin-top: 0px !important;margin-bottom: 0px !important;border-top-width: 0px !important;border-bottom-width: 0px !important;padding-top: 70px !important;padding-bottom: 70px !important;}&#8221; el_id=&#8221;who&#8221; el_class=&#8221;color&#8221;][vc_column]\r\n      <h3 class=\"section-title \"><span data-animation=\"flipInY\" data-animation-delay=\"300\" class=\"icon-inner\"><span class=\"fa-stack\"><i class=\"fa rhex fa-stack-2x\"><\/i><i class=\"fa fa-ticket fa-stack-1x\"><\/i><\/span><\/span><span data-animation=\"fadeInRight\" data-animation-delay=\"500\" class=\"title-inner\">PRESENTATION <small> \/ about us<\/small><\/span><\/h3>\r\n    [vc_column_text]<strong>CONSINTER \u2013 INTERNATIONAL COUNCIL OF CONTEMPORARY POSTGRADUATE STUDIES<\/strong><\/p>\n<p>CONSINTER comes to introduce itself with the objective of promoting the individual as agent manufacturer of his\/her destination and of society in general, inviting you to the accomplishment of a large international event in which participants will have space for oral presentation of their scientific unpublished articles, which embody knowledge and experience acquired as a result of scientific research, with the possibility of publication, both in Brazil and in Europe, through printed and digital means.<\/p>\n<p>We believe that the publications, whether printed or digital, while culture substrate, are effective instruments for knowledge democratization, for\u00a0 interaction between peoples and for humanitarian, technical and scientific developments consolidation which propels the civilizing process between different cultures, allowing the overcome of limits imposed by geography and standards, enabling the integration between peoples in an ethical and sustainable ways, training reflective and autonomous individuals, committed to the highest values and principles.<\/p>\n<p>CONSINTER is characterized by being a nonprofit institution, created with the support and intervention of Juru\u00e1 Editora Ltda., a company of the publishing industry with over 48 years of business activity, notably recognized for its tradition in the books\u2019 publication of high scientific and technical levels in various areas of knowledge and which, expanding its borders, for more than 07 years is present in Europe through Editorial Juru\u00e1 Ltda., established in Portugal, with a range of renowned and respected authors and advisers, both domestic and foreign.[\/vc_column_text][\/vc_column][\/vc_row][vc_row section_id=&#8221;sponsors&#8221; css=&#8221;.vc_custom_1448020638294{margin-top: 0px !important;margin-bottom: 0px !important;border-top-width: 0px !important;border-bottom-width: 0px !important;padding-top: 70px !important;padding-bottom: 70px !important;background-position: center !important;background-repeat: no-repeat !important;background-size: cover !important;}&#8221; fullwidth=&#8221;no&#8221; el_id=&#8221;sponsors&#8221; el_class=&#8221;text-center&#8221; parallax_bg=&#8221;0&#8243; stellar_background_ratio=&#8221;0.6&#8243;][vc_column]\r\n      <h3 class=\"section-title text-left\"><span data-animation=\"flipInY\" data-animation-delay=\"300\" class=\"icon-inner\"><span class=\"fa-stack\"><i class=\"fa rhex fa-stack-2x\"><\/i><i class=\"fa fa-thumbs-up fa-stack-1x\"><\/i><\/span><\/span><span data-animation=\"fadeInRight\" data-animation-delay=\"500\" class=\"title-inner\">Promotion <small> \/ support<\/small><\/span><\/h3>\r\n    \r\n      <div class=\"partners-carousel \"  data-animation=\"fadeInDown\" data-animation-delay=\"300\">\r\n          <div class=\"owl-carousel\" data-auto=\"false\" data-show_nav=\"false\" data-loop=\"false\" data-itemslide=\"3\" data-autoplaytimeout=\"5000\"><div><a href=\"http:\/\/www.consinter.org\/\" target=\"_blank\"><img decoding=\"async\" src=\"https:\/\/consinter.org\/edital2023\/wp-content\/uploads\/sites\/31\/2023\/01\/consinter-pto.png\" alt=\"CONSINTER - Conselho Internacional de Estudos Contempor\u00e2neos em P\u00f3s-Gradua\u00e7\u00e3o\"\/><\/a><\/div><div><a href=\"http:\/\/www.jurua.com.br\" target=\"_blank\"><img decoding=\"async\" src=\"https:\/\/consinter.org\/edital2023\/wp-content\/uploads\/sites\/31\/2023\/01\/jurua.png\" alt=\"Juru\u00e1 Editora\"\/><\/a><\/div><div><a href=\"http:\/\/www.editorialjurua.com\" target=\"_blank\"><img decoding=\"async\" src=\"https:\/\/consinter.org\/edital2023\/wp-content\/uploads\/sites\/31\/2023\/01\/jurua-europa.png\" alt=\"Editorial Juru\u00e1 Europa\"\/><\/a><\/div><\/div>\r\n      <\/div>\r\n    [vc_text_separator title=&#8221;Europe Support&#8221; style=&#8221;double&#8221; css=&#8221;.vc_custom_1674752383276{margin-top: 35px !important;margin-bottom: 15px !important;}&#8221;]\r\n      <div class=\"partners-carousel \"  data-animation=\"fadeInDown\" data-animation-delay=\"300\">\r\n          <div class=\"owl-carousel\" data-auto=\"true\" data-show_nav=\"true\" data-loop=\"true\" data-itemslide=\"3\" data-autoplaytimeout=\"5000\"><div><a href=\"https:\/\/www.ub.edu\/\" target=\"_blank\"><img decoding=\"async\" src=\"https:\/\/consinter.org\/edital2023\/wp-content\/uploads\/sites\/31\/2023\/01\/ub-dep.png\" alt=\"UB - Universitat de Barcelona\"\/><\/a><\/div><div><a href=\"https:\/\/www.ucm.es\/\" target=\"_blank\"><img decoding=\"async\" src=\"https:\/\/consinter.org\/edital2023\/wp-content\/uploads\/sites\/31\/2023\/01\/ucm.png\" alt=\"UCM - Universidad Complutense de Madrid\"\/><\/a><\/div><div><a href=\"https:\/\/www.usal.es\/\" target=\"_blank\"><img decoding=\"async\" src=\"https:\/\/consinter.org\/edital2023\/wp-content\/uploads\/sites\/31\/2023\/01\/usal.png\" alt=\"Universidad de Salamanca\"\/><\/a><\/div><div><a href=\"https:\/\/www.ubu.es\/\" target=\"_blank\"><img decoding=\"async\" src=\"https:\/\/consinter.org\/edital2023\/wp-content\/uploads\/sites\/31\/2023\/01\/u-burgos.png\" alt=\"Universidad de Burgos\"\/><\/a><\/div><div><a href=\"https:\/\/www.europeia.pt\/\" target=\"_blank\"><img decoding=\"async\" src=\"https:\/\/consinter.org\/edital2023\/wp-content\/uploads\/sites\/31\/2023\/01\/ue-lisboa.png\" alt=\"Universidade Europeia\"\/><\/a><\/div><div><a href=\"https:\/\/www.forojudicialindependiente.es\/\" target=\"_blank\"><img decoding=\"async\" src=\"https:\/\/consinter.org\/edital2023\/wp-content\/uploads\/sites\/31\/2023\/01\/fji.png\" alt=\"Asociaci\u00f3n del Foro Judicial Independiente\"\/><\/a><\/div><div><a href=\"https:\/\/apmnacional.es\/actualidad\/fundacion-de-la-asociacion-profesiona\/\" target=\"_blank\"><img decoding=\"async\" src=\"https:\/\/consinter.org\/edital2023\/wp-content\/uploads\/sites\/31\/2023\/01\/apm.png\" alt=\"Fundaci\u00f3n de la Asociaci\u00f3n Profesional de la Magistratura\"\/><\/a><\/div><div><a href=\"https:\/\/www.abogacia.es\/\" target=\"_blank\"><img decoding=\"async\" src=\"https:\/\/consinter.org\/edital2023\/wp-content\/uploads\/sites\/31\/2023\/01\/abogacia.png\" alt=\"Abogac\u00eda Espa\u00f1ola - Consejo General\"\/><\/a><\/div><\/div>\r\n      <\/div>\r\n    [vc_text_separator title=&#8221;Brazil Support&#8221; style=&#8221;double&#8221; css=&#8221;.vc_custom_1674752406227{margin-top: 35px !important;margin-bottom: 15px !important;}&#8221;]\r\n      <div class=\"partners-carousel \"  data-animation=\"fadeInDown\" data-animation-delay=\"300\">\r\n          <div class=\"owl-carousel\" data-auto=\"true\" data-show_nav=\"true\" data-loop=\"true\" data-itemslide=\"3\" data-autoplaytimeout=\"5000\"><div><a href=\"https:\/\/www.ajufe.org.br\/\" target=\"_blank\"><img decoding=\"async\" src=\"https:\/\/consinter.org\/edital2023\/wp-content\/uploads\/sites\/31\/2023\/01\/ajufe.png\" alt=\"AJUFE - Associa\u00e7\u00e3o dos Ju\u00edzes Federais do Brasil\"\/><\/a><\/div><div><a href=\"https:\/\/www.amb.com.br\/\" target=\"_blank\"><img decoding=\"async\" src=\"https:\/\/consinter.org\/edital2023\/wp-content\/uploads\/sites\/31\/2023\/01\/amb_bco.png\" alt=\"AMB - Associa\u00e7\u00e3o dos Magistrados Brasileiros\"\/><\/a><\/div><div><a href=\"https:\/\/www.amatra1.org.br\/\" target=\"_blank\"><img decoding=\"async\" src=\"https:\/\/consinter.org\/edital2023\/wp-content\/uploads\/sites\/31\/2023\/01\/amatra1.png\" alt=\"AMATRA1 - Associa\u00e7\u00e3o dos Magistrados da Justi\u00e7a do Trabalho da 1\u00aa Regi\u00e3o\"\/><\/a><\/div><div><a href=\"https:\/\/amaerj.org.br\/\" target=\"_blank\"><img decoding=\"async\" src=\"https:\/\/consinter.org\/edital2023\/wp-content\/uploads\/sites\/31\/2023\/01\/amaerj.png\" alt=\"AMAERJ - Associa\u00e7\u00e3o de Magistrados do Estado do Rio de Janeiro\"\/><\/a><\/div><div><a href=\"https:\/\/amarn.com.br\/\" target=\"_blank\"><img decoding=\"async\" src=\"https:\/\/consinter.org\/edital2023\/wp-content\/uploads\/sites\/31\/2023\/01\/amarn.png\" alt=\"AMARN - Associa\u00e7\u00e3o dos Magistrados do Rio Grande do Norte\"\/><\/a><\/div><div><a href=\"https:\/\/www.amapar.com.br\/\" target=\"_blank\"><img decoding=\"async\" src=\"https:\/\/consinter.org\/edital2023\/wp-content\/uploads\/sites\/31\/2023\/01\/amapar.png\" alt=\"AMAPAR - Associa\u00e7\u00e3o dos Magistrados do Paran\u00e1\"\/><\/a><\/div><div><a href=\"https:\/\/www.apmppr.org.br\/\" target=\"_blank\"><img decoding=\"async\" src=\"https:\/\/consinter.org\/edital2023\/wp-content\/uploads\/sites\/31\/2023\/01\/apmp.png\" alt=\"APMP - Associa\u00e7\u00e3o Paranaense do Minist\u00e9rio P\u00fablico\"\/><\/a><\/div><div><a href=\"http:\/\/www.amepe.com.br\/\" target=\"_blank\"><img decoding=\"async\" src=\"https:\/\/consinter.org\/edital2023\/wp-content\/uploads\/sites\/31\/2023\/01\/amepe.png\" alt=\"AMEPE - Associa\u00e7\u00e3o dos Magistrados do Estado de Pernambuco\"\/><\/a><\/div><div><a href=\"https:\/\/www.apajufe.org.br\/\" target=\"_blank\"><img decoding=\"async\" src=\"https:\/\/consinter.org\/edital2023\/wp-content\/uploads\/sites\/31\/2023\/01\/apajufe.png\" alt=\"APAJUFE - Associa\u00e7\u00e3o Paranaense dos Ju\u00edzes Federais\"\/><\/a><\/div><div><a href=\"https:\/\/www.rejufe.org.br\/\" target=\"_blank\"><img decoding=\"async\" src=\"https:\/\/consinter.org\/edital2023\/wp-content\/uploads\/sites\/31\/2023\/01\/rejufe.png\" alt=\"REJUFE - Associa\u00e7\u00e3o dos Ju\u00edzes Federais da 5\u00aa Regi\u00e3o\"\/><\/a><\/div><div><a href=\"https:\/\/www.conamp.org.br\/\" target=\"_blank\"><img decoding=\"async\" src=\"https:\/\/consinter.org\/edital2023\/wp-content\/uploads\/sites\/31\/2023\/01\/conamp.png\" alt=\"CONAMP - Associa\u00e7\u00e3o Nacional dos Membros do Minist\u00e9rio P\u00fablico\"\/><\/a><\/div><div><a href=\"https:\/\/www.esmafe.com\/\" target=\"_blank\"><img decoding=\"async\" src=\"https:\/\/consinter.org\/edital2023\/wp-content\/uploads\/sites\/31\/2023\/01\/esmafepr.png\" alt=\"ESMAFE-PR - Escola da Magistratura Federal do Paran\u00e1\"\/><\/a><\/div><div><a href=\"https:\/\/www.emap.com.br\/\" target=\"_blank\"><img decoding=\"async\" src=\"https:\/\/consinter.org\/edital2023\/wp-content\/uploads\/sites\/31\/2023\/01\/emap.png\" alt=\"EMAP - Escola da Magistratura do Paran\u00e1\"\/><\/a><\/div><div><a href=\"http:\/\/www.amatra9.org.br\/\" target=\"_blank\"><img decoding=\"async\" src=\"https:\/\/consinter.org\/edital2023\/wp-content\/uploads\/sites\/31\/2023\/01\/amatra9.png\" alt=\"Amatra IX - Associa\u00e7\u00e3o dos Magistrados do Trabalho da 9\u00aa Regi\u00e3o\"\/><\/a><\/div><div><a href=\"https:\/\/www.ematra9.org.br\/\" target=\"_blank\"><img decoding=\"async\" src=\"https:\/\/consinter.org\/edital2023\/wp-content\/uploads\/sites\/31\/2023\/01\/ematra9.png\" alt=\"EMATRA IX - Escola da Associa\u00e7\u00e3o dos Magistrados do Trabalho do Paran\u00e1\"\/><\/a><\/div><div><a href=\"http:\/\/www.ampb.org.br\/\" target=\"_blank\"><img decoding=\"async\" src=\"https:\/\/consinter.org\/edital2023\/wp-content\/uploads\/sites\/31\/2023\/01\/ampb.png\" alt=\"AMPB - Associa\u00e7\u00e3o dos Magistrados da Para\u00edba\"\/><\/a><\/div><div><a href=\"https:\/\/www.oab.org.br\" target=\"_blank\"><img decoding=\"async\" src=\"https:\/\/consinter.org\/edital2023\/wp-content\/uploads\/sites\/31\/2023\/01\/oab-nacional.png\" alt=\"OAB Nacional\"\/><\/a><\/div><div><a href=\"https:\/\/www.anadep.org.br\/\" target=\"_blank\"><img decoding=\"async\" src=\"https:\/\/consinter.org\/edital2023\/wp-content\/uploads\/sites\/31\/2023\/01\/anadep.png\" alt=\"ANADEP - Associa\u00e7\u00e3o Nacional das Defensoras e Defensores P\u00fablicos\"\/><\/a><\/div><div><a href=\"https:\/\/www.aasp.org.br\/\" target=\"_blank\"><img decoding=\"async\" src=\"https:\/\/consinter.org\/edital2023\/wp-content\/uploads\/sites\/31\/2023\/01\/aasp.png\" alt=\"AASP - Associa\u00e7\u00e3o dos Advogados de S\u00e3o Paulo\"\/><\/a><\/div><div><a href=\"https:\/\/www.facebook.com\/Ibrajus\/\" target=\"_blank\"><img decoding=\"async\" src=\"https:\/\/consinter.org\/edital2023\/wp-content\/uploads\/sites\/31\/2023\/01\/ibrajus.png\" alt=\"IBRAJUS - Instituto Brasileiro de Administra\u00e7\u00e3o do Sistema Judici\u00e1rio\"\/><\/a><\/div><div><a href=\"https:\/\/www.ibdp.org.br\/\" target=\"_blank\"><img decoding=\"async\" src=\"https:\/\/consinter.org\/edital2023\/wp-content\/uploads\/sites\/31\/2023\/03\/ibdp.png\" alt=\"IBDP - Instituto Brasileiro de Direito Previdenci\u00e1rio\"\/><\/a><\/div><div><a href=\"https:\/\/unisal.br\/\" target=\"_blank\"><img decoding=\"async\" src=\"https:\/\/consinter.org\/edital2023\/wp-content\/uploads\/sites\/31\/2023\/01\/unisal.png\" alt=\"UNISAL \u2013 Centro Salesiano Universit\u00e1rio de S\u00e3o Paulo\"\/><\/a><\/div><div><a href=\"https:\/\/www.pucsp.br\/\" target=\"_blank\"><img decoding=\"async\" src=\"https:\/\/consinter.org\/edital2023\/wp-content\/uploads\/sites\/31\/2023\/01\/puc-sp.png\" alt=\"PUC-SP - Pontif\u00edcia Universidade Cat\u00f3lica de S\u00e3o Paulo\"\/><\/a><\/div><div><a href=\"https:\/\/estacio.br\/\" target=\"_blank\"><img decoding=\"async\" src=\"https:\/\/consinter.org\/edital2023\/wp-content\/uploads\/sites\/31\/2023\/01\/unesa.png\" alt=\"UNESA - Universidade Est\u00e1cio\"\/><\/a><\/div><div><a href=\"https:\/\/www.idp.edu.br\/\" target=\"_blank\"><img decoding=\"async\" src=\"https:\/\/consinter.org\/edital2023\/wp-content\/uploads\/sites\/31\/2023\/01\/idp.png\" alt=\"IDP - Instituto Brasileiro de Ensino, Desenvolvimento e Pesquisa\"\/><\/a><\/div><\/div>\r\n      <\/div>\r\n    [\/vc_column][\/vc_row][vc_row full_width=&#8221;stretch_row&#8221; section_id=&#8221;price&#8221; css=&#8221;.vc_custom_1580833984981{margin-top: 0px !important;margin-bottom: 0px !important;border-top-width: 0px !important;border-bottom-width: 0px !important;padding-top: 70px !important;padding-bottom: 70px !important;background-color: #e0e0e0 !important;}&#8221; fullwidth=&#8221;no&#8221; el_id=&#8221;price&#8221; parallax_bg=&#8221;0&#8243; stellar_background_ratio=&#8221;0.6&#8243; el_class=&#8221;price&#8221;][vc_column css=&#8221;.vc_custom_1417502225299{padding-bottom: 10px !important;}&#8221;]\r\n      <h3 class=\"section-title \"><span data-animation=\"flipInY\" data-animation-delay=\"300\" class=\"icon-inner\"><span class=\"fa-stack\"><i class=\"fa rhex fa-stack-2x\"><\/i><i class=\"fa fa-ticket fa-stack-1x\"><\/i><\/span><\/span><span data-animation=\"fadeInRight\" data-animation-delay=\"500\" class=\"title-inner\">Values <small> \/ your investment<\/small><\/span><\/h3>\r\n    [vc_column_text css=&#8221;.vc_custom_1675089490799{padding-bottom: 20px !important;padding-left: 20px !important;}&#8221;]<strong>a)<\/strong> For payment in foreign currency, check trading day;<\/p>\n<p><strong>b)<\/strong> Check the deadlines for registration and payment together with the submission of articles;<\/p>\n<p><strong>c)<\/strong> The registration payment of the authors and co-authors is indispensable at the time of registration and will entitle the article to evaluation;<\/p>\n<p><strong>d)<\/strong> Co-written articles will be accepted as long as they are properly subscribed, being allowed a maximum of 3 (three) co-authors by article;<\/p>\n<p><strong>e)<\/strong> We inform that the CONSINTER does not refund payments made, even when the articles have not been accepted by the CONSINTER Editorial Board.<\/p>\n<p><strong>f)<\/strong> The difference in the registration fee will be charged if it is made on a date and the article is sent at a later date.<\/p>\n<p><strong>g)<\/strong> There will be an additional cost for presenting the article during the Symposium of the current year, which must be done at the time of registration.[\/vc_column_text][vc_row_inner][vc_column_inner el_class=&#8221;double-row&#8221; width=&#8221;1\/3&#8243;]\r\n      <div class=\"price-table  nofeature\" data-animation=\"fadeInUp\" data-animation-delay=\"100\">\r\n          <div class=\"price-table-header\">\r\n              <div class=\"price-label-header\">\r\n                  <h3 class=\"price-label-title\">1st batch - until 02\/28\/2023<\/h3>\r\n              <\/div>\r\n              <div class=\"price-value\" data-moeda=\"dolar\"><span class=\"price-unit\">R$<\/span><span class=\"price-number\">1290<\/span><span class=\"price-per\"><em>about US$260<\/em><\/span><\/div>\r\n          <\/div>\r\n          <div class=\"price-table-rows\"><p><\/p>\n<div class=\"price-table-row\"><i class=\"fa fa-check-circle-o\"><\/i> To send an article for evaluation<\/div>\n<p><\/p><div class=\"price-table-row-bottom\"><a class=\"btn btn-theme \" href=\"###\" disabled>Closed<\/a> <\/div><\/div>\r\n      <\/div>\r\n    [\/vc_column_inner][vc_column_inner el_class=&#8221;double-row&#8221; width=&#8221;1\/3&#8243;]\r\n      <div class=\"price-table  nofeature\" data-animation=\"fadeInUp\" data-animation-delay=\"100\">\r\n          <div class=\"price-table-header\">\r\n              <div class=\"price-label-header\">\r\n                  <h3 class=\"price-label-title\">2nd batch - until 03\/31\/2023<\/h3>\r\n              <\/div>\r\n              <div class=\"price-value\" data-moeda=\"dolar\"><span class=\"price-unit\">R$<\/span><span class=\"price-number\">1390<\/span><span class=\"price-per\"><em>about US$280<\/em><\/span><\/div>\r\n          <\/div>\r\n          <div class=\"price-table-rows\"><p><\/p>\n<div class=\"price-table-row\"><i class=\"fa fa-check-circle-o\"><\/i> To send an article for evaluation<\/div>\n<p><\/p><div class=\"price-table-row-bottom\"><a class=\"btn btn-theme \" href=\"###\" disabled>Closed<\/a> <\/div><\/div>\r\n      <\/div>\r\n    [\/vc_column_inner][vc_column_inner width=&#8221;1\/3&#8243;]\r\n      <div class=\"price-table  nofeature\" data-animation=\"fadeInUp\" data-animation-delay=\"100\">\r\n          <div class=\"price-table-header\">\r\n              <div class=\"price-label-header\">\r\n                  <h3 class=\"price-label-title\">3rd batch - until 04\/30\/2023<\/h3>\r\n              <\/div>\r\n              <div class=\"price-value\" data-moeda=\"dolar\"><span class=\"price-unit\">R$<\/span><span class=\"price-number\">1490<\/span><span class=\"price-per\"><em>about US$300<\/em><\/span><\/div>\r\n          <\/div>\r\n          <div class=\"price-table-rows\"><p><\/p>\n<div class=\"price-table-row\"><i class=\"fa fa-check-circle-o\"><\/i> To send an article for evaluation<\/div>\n<p><\/p><div class=\"price-table-row-bottom\"><a class=\"btn btn-theme \" href=\"###\" disabled>Closed<\/a> <\/div><\/div>\r\n      <\/div>\r\n    [\/vc_column_inner][\/vc_row_inner][vc_row_inner][vc_column_inner el_class=&#8221;double-row&#8221; width=&#8221;1\/3&#8243;]\r\n      <div class=\"price-table  nofeature\" data-animation=\"fadeInUp\" data-animation-delay=\"100\">\r\n          <div class=\"price-table-header\">\r\n              <div class=\"price-label-header\">\r\n                  <h3 class=\"price-label-title\">1st batch - until 02\/28\/2023<\/h3>\r\n              <\/div>\r\n              <div class=\"price-value\" data-moeda=\"dolar\"><span class=\"price-unit\">R$<\/span><span class=\"price-number\">1880<\/span><span class=\"price-per\"><em>about US$378<\/em><\/span><\/div>\r\n          <\/div>\r\n          <div class=\"price-table-rows\"><p><\/p>\n<div class=\"price-table-row\"><i class=\"fa fa-check-circle-o\"><\/i> COMBO for submission and presentation of the article at the X Symposium in Barcelona<\/div>\n<div class=\"price-table-row\"><i class=\"fa fa-check-circle-o\"><\/i> Submission BRL 1,290.00 + Article Presentation R$ 590,00<\/div>\n<p><\/p><div class=\"price-table-row-bottom\"><a class=\"btn btn-theme \" href=\"###\" disabled>Closed<\/a> <\/div><\/div>\r\n      <\/div>\r\n    [\/vc_column_inner][vc_column_inner el_class=&#8221;double-row&#8221; width=&#8221;1\/3&#8243;]\r\n      <div class=\"price-table  nofeature\" data-animation=\"fadeInUp\" data-animation-delay=\"100\">\r\n          <div class=\"price-table-header\">\r\n              <div class=\"price-label-header\">\r\n                  <h3 class=\"price-label-title\">2nd batch - until 03\/31\/2023<\/h3>\r\n              <\/div>\r\n              <div class=\"price-value\" data-moeda=\"dolar\"><span class=\"price-unit\">R$<\/span><span class=\"price-number\">1980<\/span><span class=\"price-per\"><em>about US$398<\/em><\/span><\/div>\r\n          <\/div>\r\n          <div class=\"price-table-rows\"><p><\/p>\n<div class=\"price-table-row\"><i class=\"fa fa-check-circle-o\"><\/i> COMBO for submission and presentation of the article at the X Symposium in Barcelona<\/div>\n<div class=\"price-table-row\"><i class=\"fa fa-check-circle-o\"><\/i> Submission BRL 1,390.00 + Article Presentation R$ 590,00<\/div>\n<p><\/p><div class=\"price-table-row-bottom\"><a class=\"btn btn-theme \" href=\"###\" disabled>Closed<\/a> <\/div><\/div>\r\n      <\/div>\r\n    [\/vc_column_inner][vc_column_inner width=&#8221;1\/3&#8243;]\r\n      <div class=\"price-table  nofeature\" data-animation=\"fadeInUp\" data-animation-delay=\"100\">\r\n          <div class=\"price-table-header\">\r\n              <div class=\"price-label-header\">\r\n                  <h3 class=\"price-label-title\">3rd batch - until 04\/30\/2023<\/h3>\r\n              <\/div>\r\n              <div class=\"price-value\" data-moeda=\"dolar\"><span class=\"price-unit\">R$<\/span><span class=\"price-number\">2080<\/span><span class=\"price-per\"><em>about US$418<\/em><\/span><\/div>\r\n          <\/div>\r\n          <div class=\"price-table-rows\"><p><\/p>\n<div class=\"price-table-row\"><i class=\"fa fa-check-circle-o\"><\/i> COMBO for submission and presentation of the article at the X Symposium in Barcelona<\/div>\n<div class=\"price-table-row\"><i class=\"fa fa-check-circle-o\"><\/i> Submission BRL 1,490.00 + Article Presentation R$ 590,00<\/div>\n<p><\/p><div class=\"price-table-row-bottom\"><a class=\"btn btn-theme \" href=\"###\" disabled>Closed<\/a> <\/div><\/div>\r\n      <\/div>\r\n    [\/vc_column_inner][\/vc_row_inner][vc_row_inner][vc_column_inner el_class=&#8221;double-row&#8221; width=&#8221;1\/3&#8243;]\r\n      <div class=\"price-table  nofeature\" data-animation=\"fadeInUp\" data-animation-delay=\"100\">\r\n          <div class=\"price-table-header\">\r\n              <div class=\"price-label-header\">\r\n                  <h3 class=\"price-label-title\">Presentation<\/h3>\r\n              <\/div>\r\n              <div class=\"price-value\" data-moeda=\"dolar\"><span class=\"price-unit\">R$<\/span><span class=\"price-number\">690<\/span><span class=\"price-per\"><em>about US$139<\/em><\/span><\/div>\r\n          <\/div>\r\n          <div class=\"price-table-rows\"><p><\/p>\n<div class=\"price-table-row\"><i class=\"fa fa-check-circle-o\"><\/i> Additional for the presentation of the article (previously registered and approved) at the X Symposium in Barcelona<\/div>\n<p><\/p><div class=\"price-table-row-bottom\"><a class=\"btn btn-theme \" href=\"###\" disabled>Closed<\/a> <\/div><\/div>\r\n      <\/div>\r\n    [\/vc_column_inner][vc_column_inner el_class=&#8221;double-row&#8221; width=&#8221;1\/3&#8243;]\r\n      <div class=\"price-table  nofeature\" data-animation=\"fadeInUp\" data-animation-delay=\"100\">\r\n          <div class=\"price-table-header\">\r\n              <div class=\"price-label-header\">\r\n                  <h3 class=\"price-label-title\">Students<\/h3>\r\n              <\/div>\r\n              <div class=\"price-value\" data-moeda=\"dolar\"><span class=\"price-unit\">R$<\/span><span class=\"price-number\">690<\/span><span class=\"price-per\"><em>about US$139<\/em><\/span><\/div>\r\n          <\/div>\r\n          <div class=\"price-table-rows\"><p><\/p>\n<div class=\"price-table-row\"><i class=\"fa fa-check-circle-o\"><\/i> Submission of an article for evaluation by undergraduate students<\/div>\n<p><\/p><div class=\"price-table-row-bottom\"><a class=\"btn btn-theme \" href=\"###\" disabled>Closed<\/a> <\/div><\/div>\r\n      <\/div>\r\n    [\/vc_column_inner][vc_column_inner width=&#8221;1\/3&#8243;]\r\n      <div class=\"price-table  nofeature\" data-animation=\"fadeInUp\" data-animation-delay=\"100\">\r\n          <div class=\"price-table-header\">\r\n              <div class=\"price-label-header\">\r\n                  <h3 class=\"price-label-title\">Students<\/h3>\r\n              <\/div>\r\n              <div class=\"price-value\" data-moeda=\"dolar\"><span class=\"price-unit\">R$<\/span><span class=\"price-number\">1280<\/span><span class=\"price-per\"><em>about US$258<\/em><\/span><\/div>\r\n          <\/div>\r\n          <div class=\"price-table-rows\"><p><\/p>\n<div class=\"price-table-row\"><i class=\"fa fa-check-circle-o\"><\/i> COMBO for undergraduate students with submission and presentation of the article at the X Symposium in Barcelona<\/div>\n<div class=\"price-table-row\"><i class=\"fa fa-check-circle-o\"><\/i> Submission BRL 690.00 + Article Presentation BRL 590,00<\/div>\n<p><\/p><div class=\"price-table-row-bottom\"><a class=\"btn btn-theme \" href=\"###\" disabled>Closed<\/a> <\/div><\/div>\r\n      <\/div>\r\n    [\/vc_column_inner][\/vc_row_inner][\/vc_column][\/vc_row][vc_row full_width=&#8221;stretch_row&#8221; section_id=&#8221;register&#8221; el_id=&#8221;register&#8221; fullwidth=&#8221;no&#8221; css=&#8221;.vc_custom_1674573482126{margin-top: 0px !important;margin-bottom: 0px !important;border-top-width: 0px !important;border-bottom-width: 0px !important;padding-top: 70px !important;padding-bottom: 70px !important;}&#8221; parallax_bg=&#8221;0&#8243; stellar_background_ratio=&#8221;0.6&#8243;][vc_column]\r\n      <h3 class=\"section-title \"><span data-animation=\"flipInY\" data-animation-delay=\"300\" class=\"icon-inner\"><span class=\"fa-stack\"><i class=\"fa rhex fa-stack-2x\"><\/i><i class=\"fa fa-ticket fa-stack-1x\"><\/i><\/span><\/span><span data-animation=\"fadeInRight\" data-animation-delay=\"500\" class=\"title-inner\">SUBSCRIBE <small> \/ guarantee your place<\/small><\/span><\/h3>\r\n    [vc_column_text]<p class=\"datelimit\">Inscri\u00e7\u00f5es encerradas!<\/p>[\/vc_column_text][\/vc_column][\/vc_row][vc_row full_width=&#8221;stretch_row&#8221; section_id=&#8221;contact&#8221; el_id=&#8221;contact&#8221; el_class=&#8221;color&#8221; css=&#8221;.vc_custom_1581518126030{padding-top: 70px !important;padding-bottom: 70px !important;}&#8221;][vc_column]\r\n      <h3 class=\"section-title \"><span data-animation=\"flipInY\" data-animation-delay=\"300\" class=\"icon-inner\"><span class=\"fa-stack\"><i class=\"fa rhex fa-stack-2x\"><\/i><i class=\"fa fa-ticket fa-stack-1x\"><\/i><\/span><\/span><span data-animation=\"fadeInRight\" data-animation-delay=\"500\" class=\"title-inner\">CONTACT <small> \/ contact us<\/small><\/span><\/h3>\r\n    \n<div class=\"wpcf7 no-js\" id=\"wpcf7-f11-o4\" lang=\"pt-BR\" dir=\"ltr\" data-wpcf7-id=\"11\">\n<div class=\"screen-reader-response\"><p role=\"status\" aria-live=\"polite\" aria-atomic=\"true\"><\/p> <ul><\/ul><\/div>\n<form action=\"\/edital2023\/en\/wp-json\/wp\/v2\/pages\/9#wpcf7-f11-o4\" method=\"post\" class=\"wpcf7-form init\" aria-label=\"Formul\u00e1rios de contato\" novalidate=\"novalidate\" data-status=\"init\">\n<fieldset class=\"hidden-fields-container\"><input type=\"hidden\" name=\"_wpcf7\" value=\"11\" \/><input type=\"hidden\" name=\"_wpcf7_version\" value=\"6.1.5\" \/><input type=\"hidden\" name=\"_wpcf7_locale\" value=\"pt_BR\" \/><input type=\"hidden\" name=\"_wpcf7_unit_tag\" value=\"wpcf7-f11-o4\" \/><input type=\"hidden\" name=\"_wpcf7_container_post\" value=\"0\" \/><input type=\"hidden\" name=\"_wpcf7_posted_data_hash\" value=\"\" \/>\n<\/fieldset>\n<p><span class=\"wpcf7-form-control-wrap\" data-name=\"your-name\"><input size=\"40\" maxlength=\"400\" class=\"wpcf7-form-control wpcf7-text wpcf7-validates-as-required form-control\" aria-required=\"true\" aria-invalid=\"false\" placeholder=\"Your name\" value=\"\" type=\"text\" name=\"your-name\" \/><\/span>\n<\/p>\n<p><span class=\"wpcf7-form-control-wrap\" data-name=\"your-email\"><input size=\"40\" maxlength=\"400\" class=\"wpcf7-form-control wpcf7-email wpcf7-validates-as-required wpcf7-text wpcf7-validates-as-email form-control\" aria-required=\"true\" aria-invalid=\"false\" placeholder=\"Your email\" value=\"\" type=\"email\" name=\"your-email\" \/><\/span>\n<\/p>\n<p><span class=\"wpcf7-form-control-wrap\" data-name=\"your-subject\"><input size=\"40\" maxlength=\"400\" class=\"wpcf7-form-control wpcf7-text wpcf7-validates-as-required form-control\" aria-required=\"true\" aria-invalid=\"false\" placeholder=\"Subject\" value=\"\" type=\"text\" name=\"your-subject\" \/><\/span>\n<\/p>\n<p><span class=\"wpcf7-form-control-wrap\" data-name=\"your-message\"><textarea cols=\"40\" rows=\"10\" maxlength=\"2000\" class=\"wpcf7-form-control wpcf7-textarea wpcf7-validates-as-required form-control\" aria-required=\"true\" aria-invalid=\"false\" placeholder=\"Your message\" name=\"your-message\"><\/textarea><\/span>\n<\/p>\n<p>&nbsp;\n<\/p>\n<p><input class=\"wpcf7-form-control wpcf7-submit has-spinner form-button form-button-submit btn btn-theme btn-theme-lg btn-theme-transparent\" type=\"submit\" value=\"Send\" \/>\n<\/p><div class=\"wpcf7-response-output\" aria-hidden=\"true\"><\/div>\n<\/form>\n<\/div>\n[\/vc_column][\/vc_row]<\/p>\n<\/div>","protected":false},"excerpt":{"rendered":"<p>2023-05-01[vc_row section_id=&#8221;about&#8221; el_id=&#8221;about&#8221;][vc_column][\/vc_column][vc_column][vc_column_text css=&#8221;.vc_custom_1678826816315{margin-bottom: 15px !important;}&#8221;] NOMENCLATURE CONSINTER \u2013 International Council for Contemporary Postgraduate Studies. Revista Internacional CONSINTER de Direito, qualified by CAPES with QUALIS A3, referring to the four-year period 2017-2020 and will remain in this extract until the next evaluation<\/p>\n","protected":false},"author":3,"featured_media":0,"parent":0,"menu_order":0,"comment_status":"closed","ping_status":"closed","template":"home_template.php","meta":{"_acf_changed":false,"footnotes":""},"class_list":["post-9","page","type-page","status-publish","hentry"],"acf":[],"_links":{"self":[{"href":"https:\/\/consinter.org\/edital2023\/en\/wp-json\/wp\/v2\/pages\/9","targetHints":{"allow":["GET"]}}],"collection":[{"href":"https:\/\/consinter.org\/edital2023\/en\/wp-json\/wp\/v2\/pages"}],"about":[{"href":"https:\/\/consinter.org\/edital2023\/en\/wp-json\/wp\/v2\/types\/page"}],"author":[{"embeddable":true,"href":"https:\/\/consinter.org\/edital2023\/en\/wp-json\/wp\/v2\/users\/3"}],"replies":[{"embeddable":true,"href":"https:\/\/consinter.org\/edital2023\/en\/wp-json\/wp\/v2\/comments?post=9"}],"version-history":[{"count":1,"href":"https:\/\/consinter.org\/edital2023\/en\/wp-json\/wp\/v2\/pages\/9\/revisions"}],"predecessor-version":[{"id":220,"href":"https:\/\/consinter.org\/edital2023\/en\/wp-json\/wp\/v2\/pages\/9\/revisions\/220"}],"wp:attachment":[{"href":"https:\/\/consinter.org\/edital2023\/en\/wp-json\/wp\/v2\/media?parent=9"}],"curies":[{"name":"wp","href":"https:\/\/api.w.org\/{rel}","templated":true}]}}