{"id":9,"date":"2015-11-11T11:57:44","date_gmt":"2015-11-11T11:57:44","guid":{"rendered":"http:\/\/consinter.com.br\/saopaulo2016\/?page_id=9"},"modified":"2019-12-10T19:46:28","modified_gmt":"2019-12-10T19:46:28","slug":"home","status":"publish","type":"page","link":"https:\/\/consinter.org\/edital2019\/","title":{"rendered":"Home"},"content":{"rendered":"<div class=\"wpb-content-wrapper\"><p><\/p>\n<p>[vc_row section_id=&#8221;about&#8221; css=&#8221;.vc_custom_1576006808720{margin-top: 0px !important;margin-bottom: 0px !important;border-top-width: 0px !important;border-bottom-width: 0px !important;padding-top: 140px !important;padding-bottom: 70px !important;}&#8221; fullwidth=&#8221;no&#8221; el_id=&#8221;about&#8221; parallax_bg=&#8221;0&#8243; stellar_background_ratio=&#8221;0.6&#8243;][vc_column css=&#8221;.vc_custom_1417501673381{padding-bottom: 40px !important;}&#8221;]\r\n      <h3 class=\"section-title \"><span data-animation=\"flipInY\" data-animation-delay=\"300\" class=\"icon-inner\"><span class=\"fa-stack\"><i class=\"fa rhex fa-stack-2x\"><\/i><i class=\"fa fa-star fa-stack-1x\"><\/i><\/span><\/span><span data-animation=\"fadeInRight\" data-animation-delay=\"500\" class=\"title-inner\">SOBRE A PUBLICA\u00c7\u00c3O <small> \/ objetivo, justificativa e p\u00fablico<\/small><\/span><\/h3>\r\n    [\/vc_column][vc_column offset=&#8221;vc_col-lg-8 vc_col-md-12&#8243;][vc_column_text css=&#8221;.vc_custom_1554202881616{margin-bottom: 15px !important;}&#8221;]<\/p>\n<p><strong> NOMENCLATURA<\/strong><\/p>\n<p>Revista Internacional CONSINTER de Direito e livro Direito e Justi\u00e7a.<\/p>\n<p><strong> APRESENTA\u00c7\u00c3O<\/strong><\/p>\n<p>A raz\u00e3o de ser do CONSINTER \u00e9 promover a autonomia individual para que, de forma construtiva e integradora, o indiv\u00edduo possa melhorar o pr\u00f3prio destino e o da sociedade em geral.<\/p>\n<p><strong> SOBRE O EDITAL<\/strong><\/p>\n<p>O presente Edital abre a chamada para submiss\u00e3o de artigos cient\u00edficos para a poss\u00edvel publica\u00e7\u00e3o nas obras oficiais do CONSINTER referentes ao 1\u00ba Semestre de 2019 e seguintes publica\u00e7\u00f5es, os quais ser\u00e3o analisados pelo Corpo de Pareceristas\/Conselho Editorial do CONSINTER \u2013 Conselho Internacional de Estudos Contempor\u00e2neos em P\u00f3s-Gradua\u00e7\u00e3o.<\/p>\n<p><strong>Obs.:<\/strong> Ficar\u00e1 a crit\u00e9rio do Comit\u00ea Organizador a indica\u00e7\u00e3o e o n\u00famero da Revista em que o artigo aprovado ser\u00e1 liberado para publica\u00e7\u00e3o.<\/p>\n<p>As referidas obras s\u00e3o: Revista Internacional CONSINTER de Direito, com ISSN europeu e n\u00famero DOI e o Livro do CONSINTER Direito e Justi\u00e7a com tr\u00eas distintos ISBNs, europeu, brasileiro e digital.<\/p>\n<p>A Revista Internacional CONSINTER de Direito est\u00e1 indexada nos seguintes meios:<\/p>\n<p style=\"padding-left: 40px;\">&#8211; Latindex<\/p>\n<p style=\"padding-left: 40px;\">&#8211; Diadorim<\/p>\n<p style=\"padding-left: 40px;\">&#8211; Sum\u00e1rios.org<\/p>\n<p style=\"padding-left: 40px;\">&#8211; REDIB<\/p>\n<p style=\"padding-left: 40px;\">&#8211; CAPES<\/p>\n<p style=\"padding-left: 40px;\">&#8211; DOAJ<\/p>\n<p style=\"padding-left: 40px;\">&#8211; LiVre<\/p>\n<p style=\"padding-left: 40px;\">&#8211; Cite Factor<\/p>\n<p style=\"padding-left: 40px;\">&#8211; Tribunal Superior Eleitoral<\/p>\n<p style=\"padding-left: 40px;\">&#8211; Google Acad\u00eamico<\/p>\n<p style=\"padding-left: 40px;\">&#8211; RVBI<\/p>\n<p>Ser\u00e3o aceitos os trabalhos com os seguintes temas:<\/p>\n<p style=\"padding-left: 30px;\"><strong>A)<\/strong> DIREITOS DIFUSOS, COLETIVOS E INDIVIDUAIS HOMOG\u00caNEOS<\/p>\n<p style=\"padding-left: 30px;\"><strong>B)<\/strong> DIREITO P\u00daBLICO<\/p>\n<p style=\"padding-left: 30px;\"><strong>C)<\/strong> DIREITO PRIVADO<\/p>\n<p style=\"padding-left: 30px;\"><strong>D)<\/strong> DIREITO INTERNACIONAL<\/p>\n<p><strong> P\u00daBLICO ALVO<\/strong><\/p>\n<p>Poder\u00e3o submeter os artigos os Estudantes e Professores vinculados \u00e0 P\u00f3s-Gradua\u00e7\u00e3o (tanto <em>Lato Sensu<\/em> \u2013 especializa\u00e7\u00e3o \u2013 quanto <em>Stricto Sensu<\/em> nas linhas de Mestrado e Doutorado); Especialistas, Mestres, Doutores, Pesquisadores, Docentes Universit\u00e1rios; Ju\u00edzes, Representantes do Minist\u00e9rio P\u00fablico, Advogados e demais profissionais de carreira jur\u00eddica e, em geral, pessoas que se dedicam no seu \u00e2mbito profissional, a quaisquer ramos ou disciplinas do Direito, que tenham interesse em mostrar seus estudos cient\u00edficos in\u00e9ditos sobre alguma das \u00e1reas tem\u00e1ticas propostas.<\/p>\n<p>Os artigos poder\u00e3o ser enviados observando as seguintes condi\u00e7\u00f5es curriculares:<\/p>\n<p style=\"padding-left: 30px;\">&#8211; Alunos de P\u00f3s-Gradua\u00e7\u00e3o <em>Lato Sensu<\/em> (especializando e especialistas): somente ser\u00e3o aceitos os artigos desde que em coautoria com um Doutor.<\/p>\n<p style=\"padding-left: 30px;\">&#8211; Alunos de P\u00f3s-Gradua\u00e7\u00e3o <em>Stricto Sensu<\/em> (mestrandos): somente ser\u00e3o aceitos os artigos desde que em coautoria com um Doutor (preferencialmente o Orientador).<\/p>\n<p style=\"padding-left: 30px;\">&#8211; Mestres, Doutorandos, Doutores e P\u00f3s-Doutores: ser\u00e3o aceitos os artigos escritos individualmente ou em coautoria de no m\u00e1ximo tr\u00eas pessoas.<\/p>\n<p><strong>Obs.:<\/strong> Estimulando a premissa basilar do CONSINTER de apoio e fomento \u00e0 produ\u00e7\u00e3o cient\u00edfica e acad\u00eamica, releva informar que ser\u00e3o aceitos para an\u00e1lise e poss\u00edvel publica\u00e7\u00e3o todos os artigos comprovadamente inscritos, pagos e originados em conformidade com o p\u00fablico-alvo acima descrito no cabe\u00e7alho deste item 4, ressalvando por\u00e9m que em face dos crit\u00e9rios normativos para a quantifica\u00e7\u00e3o do Qualis, somente poder\u00e3o ser pr\u00e9-selecionados para a publica\u00e7\u00e3o na Revista Internacional CONSINTER de Direito, os artigos aprovados pelo Conselho Editorial, nos quais pelo menos um dos autores tenha a titula\u00e7\u00e3o de Doutor.<\/p>\n<p>Os artigos aprovados e que n\u00e3o contemplarem o pr\u00e9-requisito da titula\u00e7\u00e3o de pelo menos um autor-doutor n\u00e3o poder\u00e3o ser indexados na Revista Internacional\u00a0 CONSINTER de Direito (com registro ISSN), por\u00e9m ter\u00e3o a garantia de publica\u00e7\u00e3o no Livro do CONSINTER: Direito e Justi\u00e7a (com registro ISBN).<\/p>\n<p><strong>DIVULGA\u00c7\u00c3O DA INVESTIGA\u00c7\u00c3O JUR\u00cdDICA E PUBLICA\u00c7\u00c3O DOS ARTIGOS<\/strong><\/p>\n<p>Observando o cen\u00e1rio que imp\u00f5e grandes dificuldades para os interessados em publicar os seus estudos e trabalhos de investiga\u00e7\u00e3o, surge o CONSINTER com o prop\u00f3sito de contribuir na difus\u00e3o dos estudos acad\u00eamicos, publicando-os, facilitando a sua divulga\u00e7\u00e3o, promovendo ainda uma forma\u00e7\u00e3o investigadora de excel\u00eancia e a transfer\u00eancia de conhecimentos da Universidade para a sociedade.<\/p>\n<p>Os artigos ser\u00e3o submetidos a um processo de sele\u00e7\u00e3o e aprova\u00e7\u00e3o pelo Conselho Editorial e\/ou Corpo de Pareceristas do CONSINTER, atendendo a crit\u00e9rios de qualidade cient\u00edfica, sendo a an\u00e1lise efetuada pelo sistema <em>double blind review<\/em>, conforme as exig\u00eancias das ag\u00eancias e institui\u00e7\u00f5es nacionais e internacionais de investiga\u00e7\u00e3o e doc\u00eancia que avaliam a atividade investigadora de P\u00f3s-Gradua\u00e7\u00e3o.<\/p>\n<p>Assim, al\u00e9m de possibilitar a visibilidade \u00e0 produ\u00e7\u00e3o cient\u00edfica nas publica\u00e7\u00f5es oficiais do CONSINTER, os inscritos ter\u00e3o:<\/p>\n<p style=\"padding-left: 30px;\"><strong>A)<\/strong> A publica\u00e7\u00e3o do seu artigo cient\u00edfico, desde que aprovado pelo Corpo de Pareceristas\/Conselho Editorial do CONSINTER;<\/p>\n<p style=\"padding-left: 30px;\"><strong>B)<\/strong> A oportunidade de apresentar oralmente seu artigo cient\u00edfico, desde que aprovado pelo Corpo de Pareceristas\/Conselho Editorial do CONSINTER, sem custo adicional no VI Simp\u00f3sio Internacional de Direito CONSINTER que se realizar\u00e1 no 2\u00b0 Semestre de 23 a 25 de outubro de 2019 na Universitat de Barcelona.<\/p>\n<p><strong>INFORMA\u00c7\u00d5ES<\/strong><\/p>\n<p>Todos os textos ser\u00e3o avaliados pelo sistema <em>double blind review<\/em>, respeitando o anonimato dos autores.<\/p>\n<p>Ao crit\u00e9rio soberano do Conselho Editorial do CONSINTER, alguns textos ser\u00e3o selecionados para publica\u00e7\u00e3o na edi\u00e7\u00e3o peri\u00f3dica da Revista Internacional CONSINTER de Direito, com o respectivo ISSN. Esta publica\u00e7\u00e3o ter\u00e1 duas edi\u00e7\u00f5es em Portugal, sendo uma impressa e outra digital.<\/p>\n<p>Os artigos que n\u00e3o tenham sido selecionados para a Revista Internacional CONSINTER de Direito, mas que tenham sido aprovados pelo Corpo de Pareceristas, ser\u00e3o publicados no Livro oficial do CONSINTER Direito e Justi\u00e7a, com o registro ISBN. Essa publica\u00e7\u00e3o ter\u00e1 tr\u00eas edi\u00e7\u00f5es: uma edi\u00e7\u00e3o impressa em Portugal e duas edi\u00e7\u00f5es no Brasil (uma digital e outra impressa).<\/p>\n<p>Os artigos aprovados poder\u00e3o ser apresentados oralmente no VI Simp\u00f3sio Internacional de Direito CONSINTER de Barcelona pelo autor ou por um dos coautores, com tempo determinado que ser\u00e1 informado por <em>e-mail.<\/em><\/p>\n<p>[\/vc_column_text][\/vc_column][vc_column width=&#8221;1\/4&#8243; css=&#8221;.vc_custom_1447249282680{padding-bottom: 30px !important;}&#8221; offset=&#8221;vc_col-lg-2 vc_col-md-3&#8243;]\r\n      <div class=\"thumbnail no-border no-padding \" data-animation=\"fadeInLeft\" data-animation-delay=\"100\">\r\n          <div class=\"media\">\r\n              <img decoding=\"async\" src=\"https:\/\/consinter.org\/edital2019\/wp-content\/uploads\/sites\/19\/2015\/11\/revista-p.jpg\" alt=\"Revista CONSINTER de Direito\" class=\"img-responsive\">\r\n              <div class=\"caption hovered\">\r\n                  <div class=\"caption-wrapper div-table\">\r\n                      <div class=\"caption-inner div-cell\">\r\n                          <p class=\"caption-buttons\"><a href=\"https:\/\/consinter.org\/edital2019\/wp-content\/uploads\/sites\/19\/2015\/11\/revista-g.jpg\" class=\"btn caption-zoom\" data-gal=\"prettyPhoto\"><i class=\"fa fa-search\"><\/i><\/a><\/p>\r\n                      <\/div>\r\n                  <\/div>\r\n              <\/div>\r\n          <\/div>\r\n      <\/div>\r\n    [\/vc_column][vc_column width=&#8221;1\/4&#8243; css=&#8221;.vc_custom_1416232696109{padding-bottom: 30px !important;}&#8221; offset=&#8221;vc_col-lg-2 vc_col-md-3&#8243;]\r\n      <div class=\"thumbnail no-border no-padding \" data-animation=\"fadeInLeft\" data-animation-delay=\"100\">\r\n          <div class=\"media\">\r\n              <img decoding=\"async\" src=\"https:\/\/consinter.org\/edital2019\/wp-content\/uploads\/sites\/19\/2015\/11\/livro-p.jpg\" alt=\"Livro Direito e Justi\u00e7a\" class=\"img-responsive\">\r\n              <div class=\"caption hovered\">\r\n                  <div class=\"caption-wrapper div-table\">\r\n                      <div class=\"caption-inner div-cell\">\r\n                          <p class=\"caption-buttons\"><a href=\"https:\/\/consinter.org\/edital2019\/wp-content\/uploads\/sites\/19\/2015\/11\/livro-g.jpg\" class=\"btn caption-zoom\" data-gal=\"prettyPhoto\"><i class=\"fa fa-search\"><\/i><\/a><\/p>\r\n                      <\/div>\r\n                  <\/div>\r\n              <\/div>\r\n          <\/div>\r\n      <\/div>\r\n    [\/vc_column][\/vc_row][vc_row full_width=&#8221;stretch_row&#8221; section_id=&#8221;coordination&#8221; el_class=&#8221;color&#8221; parallax_bg=&#8221;0&#8243; stellar_background_ratio=&#8221;0.6&#8243; css=&#8221;.vc_custom_1576006817524{margin-top: 0px !important;margin-bottom: 0px !important;border-top-width: 0px !important;border-bottom-width: 0px !important;padding-top: 70px !important;padding-bottom: 70px !important;}&#8221;][vc_column]\r\n      <h3 class=\"section-title \"><span data-animation=\"flipInY\" data-animation-delay=\"300\" class=\"icon-inner\"><span class=\"fa-stack\"><i class=\"fa rhex fa-stack-2x\"><\/i><i class=\"fa fa-ticket fa-stack-1x\"><\/i><\/span><\/span><span data-animation=\"fadeInRight\" data-animation-delay=\"500\" class=\"title-inner\">Revista e Livro <small> \/ editor, diretores e organizadores<\/small><\/span><\/h3>\r\n    [vc_column_text]<\/p>\n<p><strong>Presidente:<\/strong><\/p>\n<p><strong>Luiz Augusto de Oliveira Junior<\/strong><\/p>\n<p>&nbsp;<\/p>\n<p><strong>Revista Internacional CONSINTER de Direito<\/strong><\/p>\n<p><strong>Editor<\/strong>:<\/p>\n<p><strong>David Vallesp\u00edn P\u00e9rez<\/strong> &#8211; Catedr\u00e1tico de Derecho Procesal &#8211; Universitat de Barcelona.<\/p>\n<p><strong>Directores:<\/strong><\/p>\n<p><strong>Germ\u00e1n Barreiro Gonz\u00e1lez<\/strong> &#8211; Catedr\u00e1tico de Derecho del Trabajo y Seguridad Social &#8211; Universidad de Le\u00f3n;<\/p>\n<p><strong>Gon\u00e7alo S. de Melo Bandeira<\/strong> &#8211; Professor da ESG\/IPCA e JusGov-Universidade do Minho;<\/p>\n<p><strong>Mar\u00eda Yolanda S\u00e1nchez-Ur\u00e1n Aza\u00f1a<\/strong> &#8211; Catedr\u00e1tica de Derecho del Trabajo y Seguridad Social &#8211; Universidad Complutense de Madrid.<\/p>\n<p>&nbsp;<\/p>\n<p><strong>Libro: Direito e Justi\u00e7a<\/strong><\/p>\n<p><strong>Organizador:<\/strong><\/p>\n<p>David Vallesp\u00edn P\u00e9rez &#8211; Catedr\u00e1tico de Derecho Procesal &#8211; Universitat de Barcelona.<\/p>\n<p>[\/vc_column_text][\/vc_column][\/vc_row][vc_row section_id=&#8221;jobs&#8221; parallax_bg=&#8221;0&#8243; stellar_background_ratio=&#8221;0.6&#8243; css=&#8221;.vc_custom_1489434484261{margin-top: 0px !important;margin-bottom: 0px !important;border-top-width: 0px !important;border-bottom-width: 0px !important;padding-top: 70px !important;padding-bottom: 70px !important;}&#8221; el_class=&#8221;light&#8221;][vc_column]\r\n      <h3 class=\"section-title \"><span data-animation=\"flipInY\" data-animation-delay=\"300\" class=\"icon-inner\"><span class=\"fa-stack\"><i class=\"fa rhex fa-stack-2x\"><\/i><i class=\"fa fa-ticket fa-stack-1x\"><\/i><\/span><\/span><span data-animation=\"fadeInRight\" data-animation-delay=\"500\" class=\"title-inner\">Submiss\u00e3o dos trabalhos <small> \/ instru\u00e7\u00f5es gerais<\/small><\/span><\/h3>\r\n    [vc_column_text]<\/p>\n<h2><b>EVENTO ENCERRADO!<\/b><\/h2>\n<p>[\/vc_column_text][\/vc_column][\/vc_row][vc_row full_width=&#8221;stretch_row&#8221; section_id=&#8221;who&#8221; parallax_bg=&#8221;0&#8243; stellar_background_ratio=&#8221;0.6&#8243; css=&#8221;.vc_custom_1576006857558{margin-top: 0px !important;margin-bottom: 0px !important;border-top-width: 0px !important;border-bottom-width: 0px !important;padding-top: 70px !important;padding-bottom: 70px !important;}&#8221; el_id=&#8221;who&#8221; el_class=&#8221;color&#8221;][vc_column]\r\n      <h3 class=\"section-title \"><span data-animation=\"flipInY\" data-animation-delay=\"300\" class=\"icon-inner\"><span class=\"fa-stack\"><i class=\"fa rhex fa-stack-2x\"><\/i><i class=\"fa fa-ticket fa-stack-1x\"><\/i><\/span><\/span><span data-animation=\"fadeInRight\" data-animation-delay=\"500\" class=\"title-inner\">Apresenta\u00e7\u00e3o <small> \/ quem somos<\/small><\/span><\/h3>\r\n    [vc_column_text]<\/p>\n<p><strong>CONSINTER \u2013 CONSELHO INTERNACIONAL DE ESTUDOS CONTEMPOR\u00c2NEOS EM P\u00d3S-GRADUA\u00c7\u00c3O<\/strong><\/p>\n<p>O CONSINTER vem apresentar-se com o objetivo de promover o indiv\u00edduo enquanto agente construtor de seu destino e da sociedade em geral, convidando-o \u00e0 realiza\u00e7\u00e3o de um grande evento internacional em que os participantes dispor\u00e3o de espa\u00e7o para apresenta\u00e7\u00e3o oral dos seus artigos cient\u00edficos in\u00e9ditos, os quais corporificam os conhecimentos e experi\u00eancias adquiridos como resultado das pesquisas cient\u00edficas, com a possibilidade de sua publica\u00e7\u00e3o tanto no Brasil quanto na Europa, por meio impresso e digital.<\/p>\n<p>Defendemos que as publica\u00e7\u00f5es, quer sejam impressas ou digitais, enquanto substrato da cultura, s\u00e3o instrumentos eficazes para a democratiza\u00e7\u00e3o dos saberes, para a intera\u00e7\u00e3o entre os povos e para a consolida\u00e7\u00e3o do desenvolvimento humanit\u00e1rio, t\u00e9cnico e cient\u00edfico que impulsiona o processo civilizat\u00f3rio entre as diferentes culturas, permitindo a supera\u00e7\u00e3o dos limites impostos pela geografia e pelas normas, viabilizando que a integra\u00e7\u00e3o entre os povos se fa\u00e7a de forma \u00e9tica e sustent\u00e1vel, formando indiv\u00edduos reflexivos e aut\u00f4nomos, comprometidos com os mais elevados valores e princ\u00edpios.<\/p>\n<p>O CONSINTER caracteriza-se por ser uma institui\u00e7\u00e3o sem fins lucrativos, criada com o apoio e interveni\u00eancia da Editora Juru\u00e1 Ltda., empresa do ramo editorial com mais de 48 anos de atividade empresarial, notadamente reconhecida por sua tradi\u00e7\u00e3o na publica\u00e7\u00e3o de livros de alto n\u00edvel t\u00e9cnico e cient\u00edfico nas diversas \u00e1reas do conhecimento e que, expandindo suas fronteiras, h\u00e1 mais de 07 anos est\u00e1 presente na Europa atrav\u00e9s da Editorial Juru\u00e1 Ltda. com sede em Portugal, com uma gama de renomados e conceituados autores e conselheiros nacionais e estrangeiros.<\/p>\n<p>[\/vc_column_text][\/vc_column][\/vc_row][vc_row section_id=&#8221;sponsors&#8221; css=&#8221;.vc_custom_1448020638294{margin-top: 0px !important;margin-bottom: 0px !important;border-top-width: 0px !important;border-bottom-width: 0px !important;padding-top: 70px !important;padding-bottom: 70px !important;background-position: center !important;background-repeat: no-repeat !important;background-size: cover !important;}&#8221; fullwidth=&#8221;no&#8221; el_id=&#8221;sponsors&#8221; el_class=&#8221;text-center&#8221; parallax_bg=&#8221;0&#8243; stellar_background_ratio=&#8221;0.6&#8243;][vc_column]\r\n      <h3 class=\"section-title text-left\"><span data-animation=\"flipInY\" data-animation-delay=\"300\" class=\"icon-inner\"><span class=\"fa-stack\"><i class=\"fa rhex fa-stack-2x\"><\/i><i class=\"fa fa-thumbs-up fa-stack-1x\"><\/i><\/span><\/span><span data-animation=\"fadeInRight\" data-animation-delay=\"500\" class=\"title-inner\">Promo\u00e7\u00e3o <small> \/ apoio<\/small><\/span><\/h3>\r\n    \r\n      <div class=\"partners-carousel \"  data-animation=\"fadeInDown\" data-animation-delay=\"300\">\r\n          <div class=\"owl-carousel\" data-auto=\"true\" data-show_nav=\"true\" data-loop=\"true\" data-itemslide=\"3\" data-autoplaytimeout=\"5000\"><div><a href=\"http:\/\/www.consinter.org\/\" target=\"_blank\"><img decoding=\"async\" src=\"https:\/\/consinter.org\/edital2019\/wp-content\/uploads\/sites\/19\/2015\/11\/consinter.png\" alt=\"CONSINTER - Conselho Internacional de Estudos Contempor\u00e2neos em P\u00f3s-Gradua\u00e7\u00e3o\"\/><\/a><\/div><div><a href=\"http:\/\/www.jurua.com.br\" target=\"_blank\"><img decoding=\"async\" src=\"https:\/\/consinter.org\/edital2019\/wp-content\/uploads\/sites\/19\/2015\/11\/jurua.png\" alt=\"Juru\u00e1 Editora\"\/><\/a><\/div><div><a href=\"http:\/\/www.editorialjurua.com\" target=\"_blank\"><img decoding=\"async\" src=\"https:\/\/consinter.org\/edital2019\/wp-content\/uploads\/sites\/19\/2015\/11\/jurua-europa.png\" alt=\"Editorial Juru\u00e1 Europa\"\/><\/a><\/div><\/div>\r\n      <\/div>\r\n    [vc_text_separator title=&#8221;Apoio Europa&#8221; css=&#8221;.vc_custom_1552928075574{margin-top: 50px !important;}&#8221;]\r\n      <div class=\"partners-carousel \"  data-animation=\"fadeInDown\" data-animation-delay=\"300\">\r\n          <div class=\"owl-carousel\" data-auto=\"true\" data-show_nav=\"true\" data-loop=\"true\" data-itemslide=\"3\" data-autoplaytimeout=\"5000\"><div><a href=\"https:\/\/www.uab.cat\/dret\/\" target=\"_blank\"><img decoding=\"async\" src=\"https:\/\/consinter.org\/edital2019\/wp-content\/uploads\/sites\/19\/2019\/03\/uab.png\" alt=\"UAB - Universitat Aut\u00f2noma de Barcelona - Facultat de Dret\"\/><\/a><\/div><div><a href=\"https:\/\/www.uspceu.com\/\" target=\"_blank\"><img decoding=\"async\" src=\"https:\/\/consinter.org\/edital2019\/wp-content\/uploads\/sites\/19\/2019\/03\/ceu.png\" alt=\"Universidad CEU San Pablo\"\/><\/a><\/div><div><a href=\"https:\/\/www.urjc.es\/\" target=\"_blank\"><img decoding=\"async\" src=\"https:\/\/consinter.org\/edital2019\/wp-content\/uploads\/sites\/19\/2019\/03\/urjc.png\" alt=\"Universidad Rey Ruan Carlos\"\/><\/a><\/div><\/div>\r\n      <\/div>\r\n    [vc_text_separator title=&#8221;Apoio Brasil&#8221; css=&#8221;.vc_custom_1552928064744{margin-top: 50px !important;}&#8221;]\r\n      <div class=\"partners-carousel \"  data-animation=\"fadeInDown\" data-animation-delay=\"300\">\r\n          <div class=\"owl-carousel\" data-auto=\"true\" data-show_nav=\"true\" data-loop=\"true\" data-itemslide=\"3\" data-autoplaytimeout=\"5000\"><div><a href=\"https:\/\/www.ajufe.org.br\/\" target=\"_blank\"><img decoding=\"async\" src=\"https:\/\/consinter.org\/edital2019\/wp-content\/uploads\/sites\/19\/2019\/02\/ajufe.png\" alt=\"AJUFE - Associa\u00e7\u00e3o dos Ju\u00edzes Federais do Brasil\"\/><\/a><\/div><div><a href=\"http:\/\/ajufer.org.br\/\" target=\"_blank\"><img decoding=\"async\" src=\"https:\/\/consinter.org\/edital2019\/wp-content\/uploads\/sites\/19\/2019\/04\/ajufer.png\" alt=\"AJUFER - Associa\u00e7\u00e3o dos Ju\u00edzes Federais da Primeira Regi\u00e3o\"\/><\/a><\/div><div><a href=\"http:\/\/www.amb.com.br\/\" target=\"_blank\"><img decoding=\"async\" src=\"https:\/\/consinter.org\/edital2019\/wp-content\/uploads\/sites\/19\/2019\/03\/amb.png\" alt=\"AMB - Associa\u00e7\u00e3o dos Magistrados Brasileiros\"\/><\/a><\/div><div><a href=\"http:\/\/www.enm.org.br\/\" target=\"_blank\"><img decoding=\"async\" src=\"https:\/\/consinter.org\/edital2019\/wp-content\/uploads\/sites\/19\/2019\/03\/enm.png\" alt=\"ENM - Escola Nacional da Magistratura\"\/><\/a><\/div><div><a href=\"https:\/\/apamagis.com.br\/institucional\/\" target=\"_blank\"><img decoding=\"async\" src=\"https:\/\/consinter.org\/edital2019\/wp-content\/uploads\/sites\/19\/2019\/02\/apamagis.png\" alt=\"APAMAGIS - Associa\u00e7\u00e3o Paulista de Magistrados\"\/><\/a><\/div><div><a href=\"http:\/\/amaerj.org.br\/\" target=\"_blank\"><img decoding=\"async\" src=\"https:\/\/consinter.org\/edital2019\/wp-content\/uploads\/sites\/19\/2019\/03\/amaerj.png\" alt=\"AMAERJ - Associa\u00e7\u00e3o de Magistrados do Estado do Rio de Janeiro\"\/><\/a><\/div><div><a href=\"http:\/\/www.amapar.com.br\/\" target=\"_blank\"><img decoding=\"async\" src=\"https:\/\/consinter.org\/edital2019\/wp-content\/uploads\/sites\/19\/2019\/03\/amapar.png\" alt=\"Amapar - Associa\u00e7\u00e3o dos Magistrados do Paran\u00e1\"\/><\/a><\/div><div><a href=\"http:\/\/www.emap.com.br\/\" target=\"_blank\"><img decoding=\"async\" src=\"https:\/\/consinter.org\/edital2019\/wp-content\/uploads\/sites\/19\/2019\/04\/emap.png\" alt=\"EMAP - Escola da Magistratura do Paran\u00e1\"\/><\/a><\/div><div><a href=\"http:\/\/www.amab.com.br\/\" target=\"_blank\"><img decoding=\"async\" src=\"https:\/\/consinter.org\/edital2019\/wp-content\/uploads\/sites\/19\/2019\/04\/amab.png\" alt=\"AMAB - Associa\u00e7\u00e3o dos Magistrados da Bahia\"\/><\/a><\/div><div><a href=\"http:\/\/www.amepe.com.br\/site\/\" target=\"_blank\"><img decoding=\"async\" src=\"https:\/\/consinter.org\/edital2019\/wp-content\/uploads\/sites\/19\/2019\/02\/amepe.png\" alt=\"AMEPE - Associa\u00e7\u00e3o dos Magistrados do Estado de Pernambuco\"\/><\/a><\/div><div><a href=\"https:\/\/amarn.com.br\/\" target=\"_blank\"><img decoding=\"async\" src=\"https:\/\/consinter.org\/edital2019\/wp-content\/uploads\/sites\/19\/2019\/02\/amarn.png\" alt=\"AMARN \u2013 Associa\u00e7\u00e3o dos Magistrados do RN\"\/><\/a><\/div><div><a href=\"https:\/\/www.amatra1.com.br\/\" target=\"_blank\"><img decoding=\"async\" src=\"https:\/\/consinter.org\/edital2019\/wp-content\/uploads\/sites\/19\/2019\/03\/amatra1.png\" alt=\"Amatra 1 - Associa\u00e7\u00e3o dos Magistrados da Justi\u00e7a do Trabalho da 1\u00aa Regi\u00e3o\"\/><\/a><\/div><div><a href=\"http:\/\/www.amatra6.com.br\/\" target=\"_blank\"><img decoding=\"async\" src=\"https:\/\/consinter.org\/edital2019\/wp-content\/uploads\/sites\/19\/2019\/03\/amatra6.png\" alt=\"Amatra VI - Associa\u00e7\u00e3o dos Magistrados da Justi\u00e7a do Trabalho da 6\u00aa Regi\u00e3o\"\/><\/a><\/div><div><a href=\"http:\/\/www.amatra9.org.br\/\" target=\"_blank\"><img decoding=\"async\" src=\"https:\/\/consinter.org\/edital2019\/wp-content\/uploads\/sites\/19\/2019\/02\/amatra9.png\" alt=\"AMATRA9 - Associa\u00e7\u00e3o dos Magistrados do Trabalho da 9\u00aa Regi\u00e3o\"\/><\/a><\/div><div><a href=\"http:\/\/www.ematra9.org.br\/\" target=\"_blank\"><img decoding=\"async\" src=\"https:\/\/consinter.org\/edital2019\/wp-content\/uploads\/sites\/19\/2019\/02\/ematra9.png\" alt=\"EMATRA9 - Escola da Associa\u00e7\u00e3o dos Magistrados do Trabalho do Paran\u00e1\"\/><\/a><\/div><div><a href=\"http:\/\/acmag.org.br\/\" target=\"_blank\"><img decoding=\"async\" src=\"https:\/\/consinter.org\/edital2019\/wp-content\/uploads\/sites\/19\/2019\/04\/acm.png\" alt=\"ACM - Associa\u00e7\u00e3o Cearense de Magistrados\"\/><\/a><\/div><div><a href=\"http:\/\/www.rejufe.org.br\/\" target=\"_blank\"><img decoding=\"async\" src=\"https:\/\/consinter.org\/edital2019\/wp-content\/uploads\/sites\/19\/2019\/02\/rejufe.png\" alt=\"REJUFE - Associa\u00e7\u00e3o dos Ju\u00edzes Federais de 5\u00aa Regi\u00e3o\"\/><\/a><\/div><div><a href=\"https:\/\/www.anadep.org.br\/\" target=\"_blank\"><img decoding=\"async\" src=\"https:\/\/consinter.org\/edital2019\/wp-content\/uploads\/sites\/19\/2019\/02\/anadep.png\" alt=\"ANADEP - Associa\u00e7\u00e3o Nacional das Defensoras e Defensores P\u00fablicos\"\/><\/a><\/div><div><a href=\"https:\/\/www.anadep.org.br\/wtk\/pagina\/enadep\" target=\"_blank\"><img decoding=\"async\" src=\"https:\/\/consinter.org\/edital2019\/wp-content\/uploads\/sites\/19\/2019\/02\/enadep.png\" alt=\"ENADEP - Escola Nacional das Defensoras e Defensores P\u00fablicos do Brasil\"\/><\/a><\/div><div><a href=\"https:\/\/www.conamp.org.br\/pt\/\" target=\"_blank\"><img decoding=\"async\" src=\"https:\/\/consinter.org\/edital2019\/wp-content\/uploads\/sites\/19\/2019\/03\/conamp.png\" alt=\"CONAMP - Associa\u00e7\u00e3o Nacional dos Membros do M\u00ednist\u00e9rio P\u00fablico\"\/><\/a><\/div><div><a href=\"http:\/\/ena.oab.org.br\/\" target=\"_blank\"><img decoding=\"async\" src=\"https:\/\/consinter.org\/edital2019\/wp-content\/uploads\/sites\/19\/2019\/04\/oab-ena-1.png\" alt=\"OAB-CF\/ENA - Conselho Federal e Escola Nacional da Advocacia\"\/><\/a><\/div><div><a href=\"http:\/\/www.oabrj.org.br\/\" target=\"_blank\"><img decoding=\"async\" src=\"https:\/\/consinter.org\/edital2019\/wp-content\/uploads\/sites\/19\/2019\/03\/oabrj.png\" alt=\"OAB Rio de Janeiro\"\/><\/a><\/div><div><a href=\"http:\/\/esa.oabrj.org.br\/\" target=\"_blank\"><img decoding=\"async\" src=\"https:\/\/consinter.org\/edital2019\/wp-content\/uploads\/sites\/19\/2019\/03\/esarj.png\" alt=\"ESA-RJ - Escola Superior de Advocacia RJ\"\/><\/a><\/div><div><a href=\"https:\/\/www.aasp.org.br\/\" target=\"_blank\"><img decoding=\"async\" src=\"https:\/\/consinter.org\/edital2019\/wp-content\/uploads\/sites\/19\/2019\/02\/aasp-1.png\" alt=\"AASP - Associa\u00e7\u00e3o dos Advogados de S\u00e3o Paulo\"\/><\/a><\/div><div><a href=\"http:\/\/www.wp.ibrajus.org.br\/\" target=\"_blank\"><img decoding=\"async\" src=\"https:\/\/consinter.org\/edital2019\/wp-content\/uploads\/sites\/19\/2019\/03\/ibrajus.png\" alt=\"IBRAJUS - Instituto Brasileiro de Administra\u00e7\u00e3o do Sistema Judici\u00e1rio\"\/><\/a><\/div><div><a href=\"http:\/\/www.idp.edu.br\/\" target=\"_blank\"><img decoding=\"async\" src=\"https:\/\/consinter.org\/edital2019\/wp-content\/uploads\/sites\/19\/2019\/04\/idp.png\" alt=\"IDP - Instituto Brasiliense de Direito P\u00fablico\"\/><\/a><\/div><div><a href=\"https:\/\/direitorio.fgv.br\/\" target=\"_blank\"><img decoding=\"async\" src=\"https:\/\/consinter.org\/edital2019\/wp-content\/uploads\/sites\/19\/2019\/02\/fgv_direito_rio.png\" alt=\"FGV Direito Rio\"\/><\/a><\/div><div><a href=\"https:\/\/www.epd.edu.br\/\" target=\"_blank\"><img decoding=\"async\" src=\"https:\/\/consinter.org\/edital2019\/wp-content\/uploads\/sites\/19\/2019\/02\/epd.png\" alt=\"EPD - Escola Paulista de Direito\"\/><\/a><\/div><div><a href=\"https:\/\/unisal.br\/\" target=\"_blank\"><img decoding=\"async\" src=\"https:\/\/consinter.org\/edital2019\/wp-content\/uploads\/sites\/19\/2019\/02\/unisal.png\" alt=\"UNISAL - Centro Universit\u00e1rio Salesiano de S\u00e3o Paulo\"\/><\/a><\/div><div><a href=\"http:\/\/www.unicuritiba.edu.br\/\" target=\"_blank\"><img decoding=\"async\" src=\"https:\/\/consinter.org\/edital2019\/wp-content\/uploads\/sites\/19\/2019\/02\/unicuritiba.png\" alt=\"UNICURITIBA - Centro Universit\u00e1rio Curitiba\"\/><\/a><\/div><div><a href=\"https:\/\/www.unibrasil.com.br\/\" target=\"_blank\"><img decoding=\"async\" src=\"https:\/\/consinter.org\/edital2019\/wp-content\/uploads\/sites\/19\/2019\/02\/unibrasil.png\" alt=\"UniBrasil Centro Universit\u00e1rio\"\/><\/a><\/div><div><a href=\"http:\/\/www.unipar.br\/\" target=\"_blank\"><img decoding=\"async\" src=\"https:\/\/consinter.org\/edital2019\/wp-content\/uploads\/sites\/19\/2019\/03\/unipar.png\" alt=\"UNIPAR - Universidade Paranaense\"\/><\/a><\/div><div><a href=\"http:\/\/domhelder.edu.br\/\" target=\"_blank\"><img decoding=\"async\" src=\"https:\/\/consinter.org\/edital2019\/wp-content\/uploads\/sites\/19\/2019\/03\/domhelder.png\" alt=\"DOM HELDER - Escola de Direito\"\/><\/a><\/div><\/div>\r\n      <\/div>\r\n    [vc_text_separator title=&#8221;Operadora de Turismo&#8221; css=&#8221;.vc_custom_1556042380231{margin-top: 50px !important;}&#8221;]\r\n      <div class=\"partners-carousel \"  data-animation=\"fadeInDown\" data-animation-delay=\"300\">\r\n          <div class=\"owl-carousel\" data-auto=\"false\" data-show_nav=\"false\" data-loop=\"false\" data-itemslide=\"2\" data-autoplaytimeout=\"5000\"><div><a href=\"http:\/\/www.frmviagens.tur.br\/\" target=\"_blank\"><img decoding=\"async\" src=\"https:\/\/consinter.org\/edital2019\/wp-content\/uploads\/sites\/19\/2019\/04\/frm.png\" alt=\"FRM Operadora de Turismo\"\/><\/a><\/div><div><a href=\"https:\/\/consinter.org\/edital2019\/wp-content\/uploads\/sites\/19\/2019\/04\/frm-pacotes.pdf\" target=\"_blank\"><img decoding=\"async\" src=\"https:\/\/consinter.org\/edital2019\/wp-content\/uploads\/sites\/19\/2019\/04\/frm-pacotes.png\" alt=\"FRM Operadora de Turismo - Pacotes Promocionais\"\/><\/a><\/div><\/div>\r\n      <\/div>\r\n    [\/vc_column][\/vc_row]<\/p>\n<p><\/p>\n<\/div>","protected":false},"excerpt":{"rendered":"<p>[vc_row section_id=&#8221;about&#8221; css=&#8221;.vc_custom_1576006808720{margin-top: 0px !important;margin-bottom: 0px !important;border-top-width: 0px !important;border-bottom-width: 0px !important;padding-top: 140px !important;padding-bottom: 70px !important;}&#8221; fullwidth=&#8221;no&#8221; el_id=&#8221;about&#8221; parallax_bg=&#8221;0&#8243; stellar_background_ratio=&#8221;0.6&#8243;][vc_column css=&#8221;.vc_custom_1417501673381{padding-bottom: 40px !important;}&#8221;][\/vc_column][vc_column offset=&#8221;vc_col-lg-8 vc_col-md-12&#8243;][vc_column_text css=&#8221;.vc_custom_1554202881616{margin-bottom: 15px !important;}&#8221;] NOMENCLATURA Revista Internacional CONSINTER de Direito e livro Direito e Justi\u00e7a. APRESENTA\u00c7\u00c3O A raz\u00e3o de<\/p>\n","protected":false},"author":1,"featured_media":0,"parent":0,"menu_order":0,"comment_status":"closed","ping_status":"closed","template":"home_template.php","meta":{"_acf_changed":false,"footnotes":""},"class_list":["post-9","page","type-page","status-publish","hentry"],"acf":[],"_links":{"self":[{"href":"https:\/\/consinter.org\/edital2019\/wp-json\/wp\/v2\/pages\/9","targetHints":{"allow":["GET"]}}],"collection":[{"href":"https:\/\/consinter.org\/edital2019\/wp-json\/wp\/v2\/pages"}],"about":[{"href":"https:\/\/consinter.org\/edital2019\/wp-json\/wp\/v2\/types\/page"}],"author":[{"embeddable":true,"href":"https:\/\/consinter.org\/edital2019\/wp-json\/wp\/v2\/users\/1"}],"replies":[{"embeddable":true,"href":"https:\/\/consinter.org\/edital2019\/wp-json\/wp\/v2\/comments?post=9"}],"version-history":[{"count":0,"href":"https:\/\/consinter.org\/edital2019\/wp-json\/wp\/v2\/pages\/9\/revisions"}],"wp:attachment":[{"href":"https:\/\/consinter.org\/edital2019\/wp-json\/wp\/v2\/media?parent=9"}],"curies":[{"name":"wp","href":"https:\/\/api.w.org\/{rel}","templated":true}]}}