{"id":9,"date":"2015-11-11T11:57:44","date_gmt":"2015-11-11T11:57:44","guid":{"rendered":"http:\/\/consinter.com.br\/saopaulo2016\/?page_id=9"},"modified":"2019-12-10T19:46:28","modified_gmt":"2019-12-10T19:46:28","slug":"home","status":"publish","type":"page","link":"https:\/\/consinter.org\/edital2019\/es\/","title":{"rendered":"Home"},"content":{"rendered":"<div class=\"wpb-content-wrapper\"><p><\/p>\n<p>[vc_row section_id=&#8221;about&#8221; css=&#8221;.vc_custom_1576006923195{margin-top: 0px !important;margin-bottom: 0px !important;border-top-width: 0px !important;border-bottom-width: 0px !important;padding-top: 140px !important;padding-bottom: 70px !important;}&#8221; fullwidth=&#8221;no&#8221; el_id=&#8221;about&#8221; parallax_bg=&#8221;0&#8243; stellar_background_ratio=&#8221;0.6&#8243;][vc_column css=&#8221;.vc_custom_1417501673381{padding-bottom: 40px !important;}&#8221;]\r\n      <h3 class=\"section-title \"><span data-animation=\"flipInY\" data-animation-delay=\"300\" class=\"icon-inner\"><span class=\"fa-stack\"><i class=\"fa rhex fa-stack-2x\"><\/i><i class=\"fa fa-star fa-stack-1x\"><\/i><\/span><\/span><span data-animation=\"fadeInRight\" data-animation-delay=\"500\" class=\"title-inner\">ACERCA DE LA PUBLICACI\u00d3N <small> \/ objetivo, justificativa y p\u00fablico<\/small><\/span><\/h3>\r\n    [\/vc_column][vc_column offset=&#8221;vc_col-lg-8 vc_col-md-12&#8243;][vc_column_text css=&#8221;.vc_custom_1554203081936{margin-bottom: 15px !important;}&#8221;]<\/p>\n<p><strong>NOMENCLATURA <\/strong><\/p>\n<p><em>Revista Internacional CONSINTER de Direito<\/em>, y libro <em>Direito e Justi\u00e7a<\/em>.<\/p>\n<p><strong> PRESENTACI\u00d3N<\/strong><\/p>\n<p>La raz\u00f3n de ser del CONSINTER es promover la autonom\u00eda individual para que, de forma constructiva e integradora, pueda mejorarse el propio destino y el de la sociedad en general.<\/p>\n<p><strong> SOBRE EL PLIEGO<\/strong><\/p>\n<p>El presente Pliego abre la convocatoria para el sometimiento de art\u00edculos cient\u00edficos para posible publicaci\u00f3n en las obras oficiales del <em>CONSINTER<\/em> referentes al 1\u00ba Semestre de 2019 y siguientes publicaciones, estos ser\u00e1n analizados por el Cuerpo de Pares Evaluadores y\/o por el Consejo Editorial del <em>CONSINTER<\/em> \u2013 Conselho Internacional de Estudos Contempor\u00e2neos em P\u00f3s-Gradua\u00e7\u00e3o.<\/p>\n<p>OBS: Quedar\u00e1 a criterio del Comit\u00e9 la indicaci\u00f3n y el n\u00famero de la Revista en la que el art\u00edculo aprobado ser\u00e1 liberado para la publicaci\u00f3n.<\/p>\n<p>Las referidas obras son: <em>Revista Internacional CONSINTER de Direito<\/em>, con ISSN europeo y n\u00famero DOI y el Libro do <em>CONSINTER Direito e Justi\u00e7a<\/em> con tres ISBN`s diferentes, europeo, brasile\u00f1o y digital.<\/p>\n<p>La Revista Internacional CONSINTER de Derecho est\u00e1 indexada a:<\/p>\n<p style=\"padding-left: 40px;\">&#8211; Latindex<\/p>\n<p style=\"padding-left: 40px;\">&#8211; Diadorim<\/p>\n<p style=\"padding-left: 40px;\">&#8211; Sum\u00e1rios.org<\/p>\n<p style=\"padding-left: 40px;\">&#8211; REDIB<\/p>\n<p style=\"padding-left: 40px;\">&#8211; CAPES<\/p>\n<p style=\"padding-left: 40px;\">&#8211; DOAJ<\/p>\n<p style=\"padding-left: 40px;\">&#8211; LiVre<\/p>\n<p style=\"padding-left: 40px;\">&#8211; Cite Factor<\/p>\n<p style=\"padding-left: 40px;\">&#8211; Tribunal Superior Eleitoral<\/p>\n<p style=\"padding-left: 40px;\">&#8211; Google Acad\u00eamico<\/p>\n<p style=\"padding-left: 40px;\">&#8211; RVBI<\/p>\n<p>Se aceptar\u00e1n trabajos de todas las ramas de Derecho de acuerdo con la siguiente clasificaci\u00f3n:<\/p>\n<p style=\"padding-left: 30px;\"><strong>A)\u00a0<\/strong>DERECHOS DIFUSOS, COLECTIVOS E INDIVIDUALES HOMOG\u00c9NEOS<\/p>\n<p style=\"padding-left: 30px;\"><strong>B)<\/strong>\u00a0DERECHO P\u00daBLICO<\/p>\n<p style=\"padding-left: 30px;\"><strong>C)<\/strong> DERECHO PRIVADO<\/p>\n<p style=\"padding-left: 30px;\"><strong>D)<\/strong> DERECHO INTERNACIONAL<\/p>\n<p><strong> DESTINATARIOS<\/strong><\/p>\n<p>Podr\u00e1n someter art\u00edculos alumnos de posgrado como estudiantes de M\u00e1ster y de Doctorado; Maestros y Doctores; investigadores y docentes universitarios; profesionales de la carrera judicial y de la Fiscal\u00eda; abogados; y, en general, personas que se dedican en su \u00e1mbito profesional a cualesquiera de las ramas o disciplinas del Derecho, que tengan inter\u00e9s en mostrar sus estudios cient\u00edficos in\u00e9ditos sobre alguna de las \u00e1reas tem\u00e1ticas propuestas.<\/p>\n<p>Los art\u00edculos podr\u00e1n ser enviados bajo las siguientes condiciones:<\/p>\n<p style=\"padding-left: 30px;\">&#8211; Alumnos de master o t\u00edtulos propios: Ser\u00e1n aceptados los art\u00edculos desde que en coautor\u00eda con un Doctor;<\/p>\n<p style=\"padding-left: 30px;\">&#8211; Alumnos de master oficial: Ser\u00e1n aceptados los art\u00edculos desde que en coautor\u00eda con un Doctor de preferencia el director de la tesina;<\/p>\n<p style=\"padding-left: 30px;\">&#8211; Maestros, Doctorandos, Doctores y PHD: Ser\u00e1n aceptados los art\u00edculos escritos individualmente o en coautor\u00eda un m\u00e1ximo tres coautores.<\/p>\n<p>Obs: Estimulando la premisa basilar de CONSINTER de apoyo y fomento a la producci\u00f3n cient\u00edfica y acad\u00e9mica, releva informar que se aceptar\u00e1n para an\u00e1lisis y posible publicaci\u00f3n todos los art\u00edculos comprobadamente inscriptos, y pagados originados en conformidad con el p\u00fablico objetivo descripto en el encabezamiento de este \u00edtem 4, resaltando que en fase de los criterios normativos para la cualificaci\u00f3n, solamente podr\u00e1n ser preseleccionados para la publicaci\u00f3n en la Revista Internacional de CONSINTER, los art\u00edculos aprobados por el Cuerpo de Pares Evaluadores y\/o por el Consejo Editorial, en el que por lo menos uno de los autores tenga el t\u00edtulo de Doctor.<\/p>\n<p>Los art\u00edculos aprobados pero que no contemplen el prerrequisito de la titulaci\u00f3n de por lo menos un autor-doctor no podr\u00e1n ser indexados en la Revista Internacional CONSINTER de Derecho (con registro ISSN), pero ser\u00e1n publicados el Libro del CONSINTER: Derecho y Justicia (con registro ISBN).<\/p>\n<p><strong> DIVULGACI\u00d3N DE LA INVESTIGACI\u00d3N JUR\u00cdDICA Y PUBLICACI\u00d3N DE LOS ESTUDIOS<\/strong><\/p>\n<p>Observando el escenario, que impone grandes dificultades para los interesados en publicar sus estudios y trabajos de investigaci\u00f3n, surge el CONSINTER con el prop\u00f3sito de contribuir en la difusi\u00f3n de los estudios acad\u00e9micos public\u00e1ndolos, facilitando su divulgaci\u00f3n, promoviendo una formaci\u00f3n investigadora de excelencia y la transferencia de conocimientos de la Universidad para la sociedad. Los art\u00edculos ser\u00e1n sometidos a un proceso de selecci\u00f3n y aprobaci\u00f3n por el Cuerpo de Pares Evaluadores y\/o Consejo Editorial del CONSINTER, atendiendo a criterios de calidad cient\u00edfica, siendo el an\u00e1lisis de los art\u00edculos a pares y a ciegas, de acuerdo con las exigencias de las agencias e instituciones nacionales e internacionales de investigaci\u00f3n y docencia que valoran y acreditan la actividad investigadora de posgraduados y de profesores universitarios. De este modo, adem\u00e1s de dar amplia visibilidad a su producci\u00f3n cient\u00edfica, en las publicaciones oficiales del CONSINTER los inscritos tendr\u00e1n:<\/p>\n<p style=\"padding-left: 30px;\"><strong>a)<\/strong> La publicaci\u00f3n de su art\u00edculo cient\u00edfico, desde que aprobado por el Cuerpo de Pares Evaluadores y\/o Consejo Editorial del CONSINTER;<\/p>\n<p style=\"padding-left: 30px;\"><strong>b)<\/strong> La oportunidad de presentar oralmente su art\u00edculo cient\u00edfico, desde que aprobado por el Cuerpo de Pares Evaluadores y\/o Consejo Editorial del CONSINTER, sin coste adicional en el VI Simposio Internacional de Derecho CONSINTER que se realizar\u00e1 en el 2\u00b0 Semestre de 23 a 25 de octubre de 2019, en la Universitat de Barcelona.<\/p>\n<p><strong> INFORMACIONES<\/strong><\/p>\n<p>Todos los textos ser\u00e1n evaluados por pares y a ciegas, respetando el anonimato de los autores. A criterio del Soberano Consejo Editorial del CONSINTER algunos textos ser\u00e1n seleccionados y se publicar\u00e1n en la edici\u00f3n peri\u00f3dica de la Revista Internacional CONSINTER de Direito, con el preceptivo ISSN europeo y n\u00famero DOI. Esta publicaci\u00f3n tendr\u00e1 dos ediciones en Portugal, siendo una impresa y otra digital.<\/p>\n<p>Los art\u00edculos que no hayan sido seleccionados para la Revista Internacional CONSINTER de Direito, pero hayan sido aprobados por Pares Evaluadores, se publicar\u00e1n en el Libro oficial del CONSINTER, con tres registros ISBN\u2019s. Esta publicaci\u00f3n tendr\u00e1 tres ediciones: una edici\u00f3n impresa en Portugal y dos ediciones en Brasil (una digital y otra impresa).<\/p>\n<p>El estudio aprobado puede ser presentado oralmente en el VI Simposio Internacional de Derecho CONSINTER en la Universitat de Barcelona por el autor o por uno de los coautores, quien tendr\u00e1 un tiempo determinado que ser\u00e1 informado por correo electr\u00f3nico.<\/p>\n<p>[\/vc_column_text][\/vc_column][vc_column width=&#8221;1\/4&#8243; css=&#8221;.vc_custom_1447249282680{padding-bottom: 30px !important;}&#8221; offset=&#8221;vc_col-lg-2 vc_col-md-3&#8243;]\r\n      <div class=\"thumbnail no-border no-padding \" data-animation=\"fadeInLeft\" data-animation-delay=\"100\">\r\n          <div class=\"media\">\r\n              <img decoding=\"async\" src=\"https:\/\/consinter.org\/edital2019\/wp-content\/uploads\/sites\/19\/2015\/11\/revista-p.jpg\" alt=\"Revista CONSINTER de Direito\" class=\"img-responsive\">\r\n              <div class=\"caption hovered\">\r\n                  <div class=\"caption-wrapper div-table\">\r\n                      <div class=\"caption-inner div-cell\">\r\n                          <p class=\"caption-buttons\"><a href=\"https:\/\/consinter.org\/edital2019\/wp-content\/uploads\/sites\/19\/2015\/11\/revista-g.jpg\" class=\"btn caption-zoom\" data-gal=\"prettyPhoto\"><i class=\"fa fa-search\"><\/i><\/a><\/p>\r\n                      <\/div>\r\n                  <\/div>\r\n              <\/div>\r\n          <\/div>\r\n      <\/div>\r\n    [\/vc_column][vc_column width=&#8221;1\/4&#8243; css=&#8221;.vc_custom_1416232696109{padding-bottom: 30px !important;}&#8221; offset=&#8221;vc_col-lg-2 vc_col-md-3&#8243;]\r\n      <div class=\"thumbnail no-border no-padding \" data-animation=\"fadeInLeft\" data-animation-delay=\"100\">\r\n          <div class=\"media\">\r\n              <img decoding=\"async\" src=\"https:\/\/consinter.org\/edital2019\/wp-content\/uploads\/sites\/19\/2015\/11\/livro-p.jpg\" alt=\"Livro Direito e Justi\u00e7a\" class=\"img-responsive\">\r\n              <div class=\"caption hovered\">\r\n                  <div class=\"caption-wrapper div-table\">\r\n                      <div class=\"caption-inner div-cell\">\r\n                          <p class=\"caption-buttons\"><a href=\"https:\/\/consinter.org\/edital2019\/wp-content\/uploads\/sites\/19\/2015\/11\/livro-g.jpg\" class=\"btn caption-zoom\" data-gal=\"prettyPhoto\"><i class=\"fa fa-search\"><\/i><\/a><\/p>\r\n                      <\/div>\r\n                  <\/div>\r\n              <\/div>\r\n          <\/div>\r\n      <\/div>\r\n    [\/vc_column][\/vc_row][vc_row full_width=&#8221;stretch_row&#8221; section_id=&#8221;coordination&#8221; el_class=&#8221;color&#8221; parallax_bg=&#8221;0&#8243; stellar_background_ratio=&#8221;0.6&#8243; css=&#8221;.vc_custom_1576006930297{margin-top: 0px !important;margin-bottom: 0px !important;border-top-width: 0px !important;border-bottom-width: 0px !important;padding-top: 70px !important;padding-bottom: 70px !important;}&#8221;][vc_column]\r\n      <h3 class=\"section-title \"><span data-animation=\"flipInY\" data-animation-delay=\"300\" class=\"icon-inner\"><span class=\"fa-stack\"><i class=\"fa rhex fa-stack-2x\"><\/i><i class=\"fa fa-ticket fa-stack-1x\"><\/i><\/span><\/span><span data-animation=\"fadeInRight\" data-animation-delay=\"500\" class=\"title-inner\">Revista y Libro <small> \/ editor y directores<\/small><\/span><\/h3>\r\n    [vc_column_text]<\/p>\n<p><strong>Presidente:<\/strong><\/p>\n<p><strong>Luiz Augusto de Oliveira Junior<\/strong><\/p>\n<p>&nbsp;<\/p>\n<p><strong>Revista Internacional CONSINTER de Direito<\/strong><\/p>\n<p><strong>Editor<\/strong>:<\/p>\n<p><strong>David Vallesp\u00edn P\u00e9rez<\/strong> &#8211; Catedr\u00e1tico de Derecho Procesal &#8211; Universitat de Barcelona.<\/p>\n<p><strong>Directores:<\/strong><\/p>\n<p><strong>Germ\u00e1n Barreiro Gonz\u00e1lez<\/strong> &#8211; Catedr\u00e1tico de Derecho del Trabajo y Seguridad Social &#8211; Universidad de Le\u00f3n;<\/p>\n<p><strong>Gon\u00e7alo S. de Melo Bandeira<\/strong> &#8211; Professor da ESG\/IPCA e JusGov-Universidade do Minho;<\/p>\n<p><strong>Mar\u00eda Yolanda S\u00e1nchez-Ur\u00e1n Aza\u00f1a<\/strong> &#8211; Catedr\u00e1tica de Derecho del Trabajo y Seguridad Social &#8211; Universidad Complutense de Madrid.<\/p>\n<p>&nbsp;<\/p>\n<p><strong>Libro: Direito e Justi\u00e7a<\/strong><\/p>\n<p><strong>Organizador:<\/strong><\/p>\n<p>David Vallesp\u00edn P\u00e9rez &#8211; Catedr\u00e1tico de Derecho Procesal &#8211; Universitat de Barcelona.<\/p>\n<p>[\/vc_column_text][\/vc_column][\/vc_row][vc_row section_id=&#8221;jobs&#8221; parallax_bg=&#8221;0&#8243; stellar_background_ratio=&#8221;0.6&#8243; css=&#8221;.vc_custom_1489434484261{margin-top: 0px !important;margin-bottom: 0px !important;border-top-width: 0px !important;border-bottom-width: 0px !important;padding-top: 70px !important;padding-bottom: 70px !important;}&#8221; el_class=&#8221;light&#8221;][vc_column]\r\n      <h3 class=\"section-title \"><span data-animation=\"flipInY\" data-animation-delay=\"300\" class=\"icon-inner\"><span class=\"fa-stack\"><i class=\"fa rhex fa-stack-2x\"><\/i><i class=\"fa fa-ticket fa-stack-1x\"><\/i><\/span><\/span><span data-animation=\"fadeInRight\" data-animation-delay=\"500\" class=\"title-inner\">Sometimiento de los trabajos <small> \/ instrucciones y plazos<\/small><\/span><\/h3>\r\n    [vc_column_text]<\/p>\n<h2><b>EVENTO CERRADO<\/b><\/h2>\n<p>[\/vc_column_text][\/vc_column][\/vc_row][vc_row full_width=&#8221;stretch_row&#8221; section_id=&#8221;who&#8221; parallax_bg=&#8221;0&#8243; stellar_background_ratio=&#8221;0.6&#8243; css=&#8221;.vc_custom_1576006953511{margin-top: 0px !important;margin-bottom: 0px !important;border-top-width: 0px !important;border-bottom-width: 0px !important;padding-top: 70px !important;padding-bottom: 70px !important;}&#8221; el_id=&#8221;who&#8221; el_class=&#8221;color&#8221;][vc_column]\r\n      <h3 class=\"section-title \"><span data-animation=\"flipInY\" data-animation-delay=\"300\" class=\"icon-inner\"><span class=\"fa-stack\"><i class=\"fa rhex fa-stack-2x\"><\/i><i class=\"fa fa-ticket fa-stack-1x\"><\/i><\/span><\/span><span data-animation=\"fadeInRight\" data-animation-delay=\"500\" class=\"title-inner\">Presentaci\u00f3n <small> \/ quienes somos<\/small><\/span><\/h3>\r\n    [vc_column_text]<\/p>\n<p><strong>CONSINTER \u2013 CONSEJO INTERNACIONAL DE ESTUDIOS CONTEMPOR\u00c1NEOS EN POSGRADO<\/strong><\/p>\n<p>El CONSINTER se presenta con el objetivo de promover al individuo como agente constructor de su destino y de la sociedad en general. Lo invitamos a la realizaci\u00f3n de un gran evento internacional en el que los participantes dispondr\u00e1n de un espacio para la presentaci\u00f3n oral de sus art\u00edculos cient\u00edficos in\u00e9ditos, los que corporifican los conocimientos y experiencias adquiridos como resultado de las pesquisas cient\u00edficas, con la posibilidad de su publicaci\u00f3n, tanto en Brasil como en Europa, por medio impreso y digital.<\/p>\n<p>Defendemos que las publicaciones, impresas o digitales, como substrato de la cultura, son instrumentos eficaces para la democratizaci\u00f3n de los saberes, para la interacci\u00f3n entre los pueblos y para la consolidaci\u00f3n del desarrollo humanitario, t\u00e9cnico y cient\u00edfico que impulsa el proceso civilizatorio entre las diferentes culturas, permitiendo la superaci\u00f3n de los l\u00edmites impuestos por la geograf\u00eda y por las normas, viabilizando que la integraci\u00f3n entre los pueblos se haga de manera \u00e9tica y sostenible, formando individuos reflexivos y aut\u00f3nomos, comprometidos con los m\u00e1s elevados valores y principios.<\/p>\n<p>El CONSINTER se caracteriza por ser una instituci\u00f3n sin fines lucrativos, creada con el apoyo e intervenci\u00f3n de la Editorial Juru\u00e1 Ltda, empresa del ramo editorial con m\u00e1s de 48\u00a0a\u00f1os de actividad empresarial, notablemente reconocida por su tradici\u00f3n en la publicaci\u00f3n de libros de alto nivel t\u00e9cnico y cient\u00edfico en diversas \u00e1reas de conocimiento y que, expandiendo sus fronteras, est\u00e1 presente hace m\u00e1s de 07 a\u00f1os en Europa a trav\u00e9s de la Editorial Juru\u00e1 Ltda, con sede en Portugal, con una gama de renombrados y conceptuados autores y consejeros nacionales y extranjeros.<\/p>\n<p>[\/vc_column_text][\/vc_column][\/vc_row][vc_row section_id=&#8221;sponsors&#8221; css=&#8221;.vc_custom_1448020638294{margin-top: 0px !important;margin-bottom: 0px !important;border-top-width: 0px !important;border-bottom-width: 0px !important;padding-top: 70px !important;padding-bottom: 70px !important;background-position: center !important;background-repeat: no-repeat !important;background-size: cover !important;}&#8221; fullwidth=&#8221;no&#8221; el_id=&#8221;sponsors&#8221; el_class=&#8221;text-center&#8221; parallax_bg=&#8221;0&#8243; stellar_background_ratio=&#8221;0.6&#8243;][vc_column]\r\n      <h3 class=\"section-title text-left\"><span data-animation=\"flipInY\" data-animation-delay=\"300\" class=\"icon-inner\"><span class=\"fa-stack\"><i class=\"fa rhex fa-stack-2x\"><\/i><i class=\"fa fa-thumbs-up fa-stack-1x\"><\/i><\/span><\/span><span data-animation=\"fadeInRight\" data-animation-delay=\"500\" class=\"title-inner\">Promoci\u00f3n <small> \/ apoyo<\/small><\/span><\/h3>\r\n    \r\n      <div class=\"partners-carousel \"  data-animation=\"fadeInDown\" data-animation-delay=\"300\">\r\n          <div class=\"owl-carousel\" data-auto=\"true\" data-show_nav=\"true\" data-loop=\"true\" data-itemslide=\"3\" data-autoplaytimeout=\"5000\"><div><a href=\"http:\/\/www.consinter.org\/\" target=\"_blank\"><img decoding=\"async\" src=\"https:\/\/consinter.org\/edital2019\/wp-content\/uploads\/sites\/19\/2015\/11\/consinter.png\" alt=\"CONSINTER - Conselho Internacional de Estudos Contempor\u00e2neos em P\u00f3s-Gradua\u00e7\u00e3o\"\/><\/a><\/div><div><a href=\"http:\/\/www.jurua.com.br\" target=\"_blank\"><img decoding=\"async\" src=\"https:\/\/consinter.org\/edital2019\/wp-content\/uploads\/sites\/19\/2015\/11\/jurua.png\" alt=\"Juru\u00e1 Editora\"\/><\/a><\/div><div><a href=\"http:\/\/www.editorialjurua.com\" target=\"_blank\"><img decoding=\"async\" src=\"https:\/\/consinter.org\/edital2019\/wp-content\/uploads\/sites\/19\/2015\/11\/jurua-europa.png\" alt=\"Editorial Juru\u00e1 Europa\"\/><\/a><\/div><\/div>\r\n      <\/div>\r\n    [vc_text_separator title=&#8221;Apoyo Europa&#8221; css=&#8221;.vc_custom_1552928837198{margin-top: 50px !important;}&#8221;]\r\n      <div class=\"partners-carousel \"  data-animation=\"fadeInDown\" data-animation-delay=\"300\">\r\n          <div class=\"owl-carousel\" data-auto=\"true\" data-show_nav=\"true\" data-loop=\"true\" data-itemslide=\"3\" data-autoplaytimeout=\"5000\"><div><a href=\"https:\/\/www.uab.cat\/dret\/\" target=\"_blank\"><img decoding=\"async\" src=\"https:\/\/consinter.org\/edital2019\/wp-content\/uploads\/sites\/19\/2019\/03\/uab.png\" alt=\"UAB - Universitat Aut\u00f2noma de Barcelona - Facultat de Dret\"\/><\/a><\/div><div><a href=\"https:\/\/www.uspceu.com\/\" target=\"_blank\"><img decoding=\"async\" src=\"https:\/\/consinter.org\/edital2019\/wp-content\/uploads\/sites\/19\/2019\/03\/ceu.png\" alt=\"Universidad CEU San Pablo\"\/><\/a><\/div><div><a href=\"https:\/\/www.urjc.es\/\" target=\"_blank\"><img decoding=\"async\" src=\"https:\/\/consinter.org\/edital2019\/wp-content\/uploads\/sites\/19\/2019\/03\/urjc.png\" alt=\"Universidad Rey Ruan Carlos\"\/><\/a><\/div><\/div>\r\n      <\/div>\r\n    [vc_text_separator title=&#8221;Apoyo Brasil&#8221; css=&#8221;.vc_custom_1552928846598{margin-top: 50px !important;}&#8221;]\r\n      <div class=\"partners-carousel \"  data-animation=\"fadeInDown\" data-animation-delay=\"300\">\r\n          <div class=\"owl-carousel\" data-auto=\"true\" data-show_nav=\"true\" data-loop=\"true\" data-itemslide=\"3\" data-autoplaytimeout=\"5000\"><div><a href=\"https:\/\/www.ajufe.org.br\/\" target=\"_blank\"><img decoding=\"async\" src=\"https:\/\/consinter.org\/edital2019\/wp-content\/uploads\/sites\/19\/2019\/02\/ajufe.png\" alt=\"AJUFE - Associa\u00e7\u00e3o dos Ju\u00edzes Federais do Brasil\"\/><\/a><\/div><div><a href=\"http:\/\/ajufer.org.br\/\" target=\"_blank\"><img decoding=\"async\" src=\"https:\/\/consinter.org\/edital2019\/wp-content\/uploads\/sites\/19\/2019\/04\/ajufer.png\" alt=\"AJUFER - Associa\u00e7\u00e3o dos Ju\u00edzes Federais da Primeira Regi\u00e3o\"\/><\/a><\/div><div><a href=\"http:\/\/www.amb.com.br\/\" target=\"_blank\"><img decoding=\"async\" src=\"https:\/\/consinter.org\/edital2019\/wp-content\/uploads\/sites\/19\/2019\/03\/amb.png\" alt=\"AMB - Associa\u00e7\u00e3o dos Magistrados Brasileiros\"\/><\/a><\/div><div><a href=\"http:\/\/www.enm.org.br\/\" target=\"_blank\"><img decoding=\"async\" src=\"https:\/\/consinter.org\/edital2019\/wp-content\/uploads\/sites\/19\/2019\/03\/enm.png\" alt=\"ENM - Escola Nacional da Magistratura\"\/><\/a><\/div><div><a href=\"https:\/\/apamagis.com.br\/institucional\/\" target=\"_blank\"><img decoding=\"async\" src=\"https:\/\/consinter.org\/edital2019\/wp-content\/uploads\/sites\/19\/2019\/02\/apamagis.png\" alt=\"APAMAGIS - Associa\u00e7\u00e3o Paulista de Magistrados\"\/><\/a><\/div><div><a href=\"http:\/\/amaerj.org.br\/\" target=\"_blank\"><img decoding=\"async\" src=\"https:\/\/consinter.org\/edital2019\/wp-content\/uploads\/sites\/19\/2019\/03\/amaerj.png\" alt=\"AMAERJ - Associa\u00e7\u00e3o de Magistrados do Estado do Rio de Janeiro\"\/><\/a><\/div><div><a href=\"http:\/\/www.amapar.com.br\/\" target=\"_blank\"><img decoding=\"async\" src=\"https:\/\/consinter.org\/edital2019\/wp-content\/uploads\/sites\/19\/2019\/03\/amapar.png\" alt=\"Amapar - Associa\u00e7\u00e3o dos Magistrados do Paran\u00e1\"\/><\/a><\/div><div><a href=\"http:\/\/www.emap.com.br\/\" target=\"_blank\"><img decoding=\"async\" src=\"https:\/\/consinter.org\/edital2019\/wp-content\/uploads\/sites\/19\/2019\/04\/emap.png\" alt=\"EMAP - Escola da Magistratura do Paran\u00e1\"\/><\/a><\/div><div><a href=\"http:\/\/www.amab.com.br\/\" target=\"_blank\"><img decoding=\"async\" src=\"https:\/\/consinter.org\/edital2019\/wp-content\/uploads\/sites\/19\/2019\/04\/amab.png\" alt=\"AMAB - Associa\u00e7\u00e3o dos Magistrados da Bahia\"\/><\/a><\/div><div><a href=\"http:\/\/www.amepe.com.br\/site\/\" target=\"_blank\"><img decoding=\"async\" src=\"https:\/\/consinter.org\/edital2019\/wp-content\/uploads\/sites\/19\/2019\/02\/amepe.png\" alt=\"AMEPE - Associa\u00e7\u00e3o dos Magistrados do Estado de Pernambuco\"\/><\/a><\/div><div><a href=\"https:\/\/amarn.com.br\/\" target=\"_blank\"><img decoding=\"async\" src=\"https:\/\/consinter.org\/edital2019\/wp-content\/uploads\/sites\/19\/2019\/02\/amarn.png\" alt=\"AMARN \u2013 Associa\u00e7\u00e3o dos Magistrados do RN\"\/><\/a><\/div><div><a href=\"https:\/\/www.amatra1.com.br\/\" target=\"_blank\"><img decoding=\"async\" src=\"https:\/\/consinter.org\/edital2019\/wp-content\/uploads\/sites\/19\/2019\/03\/amatra1.png\" alt=\"Amatra 1 - Associa\u00e7\u00e3o dos Magistrados da Justi\u00e7a do Trabalho da 1\u00aa Regi\u00e3o\"\/><\/a><\/div><div><a href=\"http:\/\/www.amatra6.com.br\/\" target=\"_blank\"><img decoding=\"async\" src=\"https:\/\/consinter.org\/edital2019\/wp-content\/uploads\/sites\/19\/2019\/03\/amatra6.png\" alt=\"Amatra VI - Associa\u00e7\u00e3o dos Magistrados da Justi\u00e7a do Trabalho da 6\u00aa Regi\u00e3o\"\/><\/a><\/div><div><a href=\"http:\/\/www.amatra9.org.br\/\" target=\"_blank\"><img decoding=\"async\" src=\"https:\/\/consinter.org\/edital2019\/wp-content\/uploads\/sites\/19\/2019\/02\/amatra9.png\" alt=\"AMATRA9 - Associa\u00e7\u00e3o dos Magistrados do Trabalho da 9\u00aa Regi\u00e3o\"\/><\/a><\/div><div><a href=\"http:\/\/www.ematra9.org.br\/\" target=\"_blank\"><img decoding=\"async\" src=\"https:\/\/consinter.org\/edital2019\/wp-content\/uploads\/sites\/19\/2019\/02\/ematra9.png\" alt=\"EMATRA9 - Escola da Associa\u00e7\u00e3o dos Magistrados do Trabalho do Paran\u00e1\"\/><\/a><\/div><div><a href=\"http:\/\/acmag.org.br\/\" target=\"_blank\"><img decoding=\"async\" src=\"https:\/\/consinter.org\/edital2019\/wp-content\/uploads\/sites\/19\/2019\/04\/acm.png\" alt=\"ACM - Associa\u00e7\u00e3o Cearense de Magistrados\"\/><\/a><\/div><div><a href=\"http:\/\/www.rejufe.org.br\/\" target=\"_blank\"><img decoding=\"async\" src=\"https:\/\/consinter.org\/edital2019\/wp-content\/uploads\/sites\/19\/2019\/02\/rejufe.png\" alt=\"REJUFE - Associa\u00e7\u00e3o dos Ju\u00edzes Federais de 5\u00aa Regi\u00e3o\"\/><\/a><\/div><div><a href=\"https:\/\/www.anadep.org.br\/\" target=\"_blank\"><img decoding=\"async\" src=\"https:\/\/consinter.org\/edital2019\/wp-content\/uploads\/sites\/19\/2019\/02\/anadep.png\" alt=\"ANADEP - Associa\u00e7\u00e3o Nacional das Defensoras e Defensores P\u00fablicos\"\/><\/a><\/div><div><a href=\"https:\/\/www.anadep.org.br\/wtk\/pagina\/enadep\" target=\"_blank\"><img decoding=\"async\" src=\"https:\/\/consinter.org\/edital2019\/wp-content\/uploads\/sites\/19\/2019\/02\/enadep.png\" alt=\"ENADEP - Escola Nacional das Defensoras e Defensores P\u00fablicos do Brasil\"\/><\/a><\/div><div><a href=\"https:\/\/www.conamp.org.br\/pt\/\" target=\"_blank\"><img decoding=\"async\" src=\"https:\/\/consinter.org\/edital2019\/wp-content\/uploads\/sites\/19\/2019\/03\/conamp.png\" alt=\"CONAMP - Associa\u00e7\u00e3o Nacional dos Membros do M\u00ednist\u00e9rio P\u00fablico\"\/><\/a><\/div><div><a href=\"http:\/\/ena.oab.org.br\/\" target=\"_blank\"><img decoding=\"async\" src=\"https:\/\/consinter.org\/edital2019\/wp-content\/uploads\/sites\/19\/2019\/04\/oab-ena-1.png\" alt=\"OAB-CF\/ENA - Conselho Federal e Escola Nacional da Advocacia\"\/><\/a><\/div><div><a href=\"http:\/\/www.oabrj.org.br\/\" target=\"_blank\"><img decoding=\"async\" src=\"https:\/\/consinter.org\/edital2019\/wp-content\/uploads\/sites\/19\/2019\/03\/oabrj.png\" alt=\"OAB Rio de Janeiro\"\/><\/a><\/div><div><a href=\"http:\/\/esa.oabrj.org.br\/\" target=\"_blank\"><img decoding=\"async\" src=\"https:\/\/consinter.org\/edital2019\/wp-content\/uploads\/sites\/19\/2019\/03\/esarj.png\" alt=\"ESA-RJ - Escola Superior de Advocacia RJ\"\/><\/a><\/div><div><a href=\"https:\/\/www.aasp.org.br\/\" target=\"_blank\"><img decoding=\"async\" src=\"https:\/\/consinter.org\/edital2019\/wp-content\/uploads\/sites\/19\/2019\/02\/aasp-1.png\" alt=\"AASP - Associa\u00e7\u00e3o dos Advogados de S\u00e3o Paulo\"\/><\/a><\/div><div><a href=\"http:\/\/www.wp.ibrajus.org.br\/\" target=\"_blank\"><img decoding=\"async\" src=\"https:\/\/consinter.org\/edital2019\/wp-content\/uploads\/sites\/19\/2019\/03\/ibrajus.png\" alt=\"IBRAJUS - Instituto Brasileiro de Administra\u00e7\u00e3o do Sistema Judici\u00e1rio\"\/><\/a><\/div><div><a href=\"http:\/\/www.idp.edu.br\/\" target=\"_blank\"><img decoding=\"async\" src=\"https:\/\/consinter.org\/edital2019\/wp-content\/uploads\/sites\/19\/2019\/04\/idp.png\" alt=\"IDP - Instituto Brasiliense de Direito P\u00fablico\"\/><\/a><\/div><div><a href=\"https:\/\/direitorio.fgv.br\/\" target=\"_blank\"><img decoding=\"async\" src=\"https:\/\/consinter.org\/edital2019\/wp-content\/uploads\/sites\/19\/2019\/02\/fgv_direito_rio.png\" alt=\"FGV Direito Rio\"\/><\/a><\/div><div><a href=\"https:\/\/www.epd.edu.br\/\" target=\"_blank\"><img decoding=\"async\" src=\"https:\/\/consinter.org\/edital2019\/wp-content\/uploads\/sites\/19\/2019\/02\/epd.png\" alt=\"EPD - Escola Paulista de Direito\"\/><\/a><\/div><div><a href=\"https:\/\/unisal.br\/\" target=\"_blank\"><img decoding=\"async\" src=\"https:\/\/consinter.org\/edital2019\/wp-content\/uploads\/sites\/19\/2019\/02\/unisal.png\" alt=\"UNISAL - Centro Universit\u00e1rio Salesiano de S\u00e3o Paulo\"\/><\/a><\/div><div><a href=\"http:\/\/www.unicuritiba.edu.br\/\" target=\"_blank\"><img decoding=\"async\" src=\"https:\/\/consinter.org\/edital2019\/wp-content\/uploads\/sites\/19\/2019\/02\/unicuritiba.png\" alt=\"UNICURITIBA - Centro Universit\u00e1rio Curitiba\"\/><\/a><\/div><div><a href=\"https:\/\/www.unibrasil.com.br\/\" target=\"_blank\"><img decoding=\"async\" src=\"https:\/\/consinter.org\/edital2019\/wp-content\/uploads\/sites\/19\/2019\/02\/unibrasil.png\" alt=\"UniBrasil Centro Universit\u00e1rio\"\/><\/a><\/div><div><a href=\"http:\/\/www.unipar.br\/\" target=\"_blank\"><img decoding=\"async\" src=\"https:\/\/consinter.org\/edital2019\/wp-content\/uploads\/sites\/19\/2019\/03\/unipar.png\" alt=\"UNIPAR - Universidade Paranaense\"\/><\/a><\/div><div><a href=\"http:\/\/domhelder.edu.br\/\" target=\"_blank\"><img decoding=\"async\" src=\"https:\/\/consinter.org\/edital2019\/wp-content\/uploads\/sites\/19\/2019\/03\/domhelder.png\" alt=\"DOM HELDER - Escola de Direito\"\/><\/a><\/div><\/div>\r\n      <\/div>\r\n    [\/vc_column][\/vc_row]<\/p>\n<p><\/p>\n<\/div>","protected":false},"excerpt":{"rendered":"<p>[vc_row section_id=&#8221;about&#8221; css=&#8221;.vc_custom_1576006923195{margin-top: 0px !important;margin-bottom: 0px !important;border-top-width: 0px !important;border-bottom-width: 0px !important;padding-top: 140px !important;padding-bottom: 70px !important;}&#8221; fullwidth=&#8221;no&#8221; el_id=&#8221;about&#8221; parallax_bg=&#8221;0&#8243; stellar_background_ratio=&#8221;0.6&#8243;][vc_column css=&#8221;.vc_custom_1417501673381{padding-bottom: 40px !important;}&#8221;][\/vc_column][vc_column offset=&#8221;vc_col-lg-8 vc_col-md-12&#8243;][vc_column_text css=&#8221;.vc_custom_1554203081936{margin-bottom: 15px !important;}&#8221;] NOMENCLATURA Revista Internacional CONSINTER de Direito, y libro Direito e Justi\u00e7a. PRESENTACI\u00d3N La raz\u00f3n de<\/p>\n","protected":false},"author":1,"featured_media":0,"parent":0,"menu_order":0,"comment_status":"closed","ping_status":"closed","template":"home_template.php","meta":{"_acf_changed":false,"footnotes":""},"class_list":["post-9","page","type-page","status-publish","hentry"],"acf":[],"_links":{"self":[{"href":"https:\/\/consinter.org\/edital2019\/es\/wp-json\/wp\/v2\/pages\/9","targetHints":{"allow":["GET"]}}],"collection":[{"href":"https:\/\/consinter.org\/edital2019\/es\/wp-json\/wp\/v2\/pages"}],"about":[{"href":"https:\/\/consinter.org\/edital2019\/es\/wp-json\/wp\/v2\/types\/page"}],"author":[{"embeddable":true,"href":"https:\/\/consinter.org\/edital2019\/es\/wp-json\/wp\/v2\/users\/1"}],"replies":[{"embeddable":true,"href":"https:\/\/consinter.org\/edital2019\/es\/wp-json\/wp\/v2\/comments?post=9"}],"version-history":[{"count":0,"href":"https:\/\/consinter.org\/edital2019\/es\/wp-json\/wp\/v2\/pages\/9\/revisions"}],"wp:attachment":[{"href":"https:\/\/consinter.org\/edital2019\/es\/wp-json\/wp\/v2\/media?parent=9"}],"curies":[{"name":"wp","href":"https:\/\/api.w.org\/{rel}","templated":true}]}}