{"id":9,"date":"2015-11-11T11:57:44","date_gmt":"2015-11-11T11:57:44","guid":{"rendered":"http:\/\/consinter.com.br\/saopaulo2016\/?page_id=9"},"modified":"2019-12-10T19:46:28","modified_gmt":"2019-12-10T19:46:28","slug":"home","status":"publish","type":"page","link":"https:\/\/consinter.org\/edital2019\/en\/","title":{"rendered":"Home"},"content":{"rendered":"<div class=\"wpb-content-wrapper\"><p><\/p>\n<p>[vc_row section_id=&#8221;about&#8221; css=&#8221;.vc_custom_1576006977707{margin-top: 0px !important;margin-bottom: 0px !important;border-top-width: 0px !important;border-bottom-width: 0px !important;padding-top: 140px !important;padding-bottom: 70px !important;}&#8221; fullwidth=&#8221;no&#8221; el_id=&#8221;about&#8221; parallax_bg=&#8221;0&#8243; stellar_background_ratio=&#8221;0.6&#8243;][vc_column css=&#8221;.vc_custom_1417501673381{padding-bottom: 40px !important;}&#8221;]\r\n      <h3 class=\"section-title \"><span data-animation=\"flipInY\" data-animation-delay=\"300\" class=\"icon-inner\"><span class=\"fa-stack\"><i class=\"fa rhex fa-stack-2x\"><\/i><i class=\"fa fa-star fa-stack-1x\"><\/i><\/span><\/span><span data-animation=\"fadeInRight\" data-animation-delay=\"500\" class=\"title-inner\">ON THE PUBLICATION <small> \/ objective, justification and audience<\/small><\/span><\/h3>\r\n    [\/vc_column][vc_column offset=&#8221;vc_col-lg-8 vc_col-md-12&#8243;][vc_column_text css=&#8221;.vc_custom_1554203582815{margin-bottom: 15px !important;}&#8221;]<\/p>\n<p><strong> NOMENCLATURE<\/strong><\/p>\n<p>CONSINTER Internacional Journal of Law (\u201cRevista Internacional CONSINTER de Direito\u201d) and Book of Law and Justice (\u201cDireito e Justi\u00e7a\u201d).<\/p>\n<p><strong> PRESENTATION <\/strong><\/p>\n<p>CONSINTER is designed to promote individual autonomy so that, in a constructive and integrating way, individuals may improve their own destiny and the destiny of society in general.<\/p>\n<p><strong> ABOUT THE NOTICE<\/strong><\/p>\n<p>The present notice calls for the submission of scientific articles for possible publication in the official CONSINTER works regarding. The articles will be analyzed by the CONSINTER Editorial Board \u2013 \u201cConselho Internacional de Estudos Contempor\u00e2neos em P\u00f3sGradua\u00e7\u00e3o\u201d (\u201cInternational Board of Contemporaneous Studies on Post-Graduation\u201d).<\/p>\n<p><strong>NOTE:<\/strong> The Organizing Committee will be in charge of the nomination and the journal issue the approved article will be published in.<\/p>\n<p>The above-mentioned works are: the journal \u201cRevista International Consinter de Direito\u201d, with European ISSN and DOI number, and the book \u201cDireito e Justi\u00e7a\u201d, with three distinct ISBNs, European, Brazilian and Digital.<\/p>\n<p>The journal \u201cRevista Internacional CONSINTER de Direito\u201d is present in the following means:<\/p>\n<p style=\"padding-left: 40px;\">&#8211; Latindex<\/p>\n<p style=\"padding-left: 40px;\">&#8211; Diadorim<\/p>\n<p style=\"padding-left: 40px;\">&#8211; Sum\u00e1rios.org<\/p>\n<p style=\"padding-left: 40px;\">&#8211; REDIB<\/p>\n<p style=\"padding-left: 40px;\">&#8211; CAPES<\/p>\n<p style=\"padding-left: 40px;\">&#8211; DOAJ<\/p>\n<p style=\"padding-left: 40px;\">&#8211; LiVre<\/p>\n<p style=\"padding-left: 40px;\">&#8211; Cite Factor<\/p>\n<p style=\"padding-left: 40px;\">&#8211; Tribunal Superior Eleitoral<\/p>\n<p style=\"padding-left: 40px;\">&#8211; Google Acad\u00eamico<\/p>\n<p style=\"padding-left: 40px;\">&#8211; RVBI<\/p>\n<p>Articles will be accepted in any themes of law:<\/p>\n<p style=\"padding-left: 30px;\"><strong>A)\u00a0<\/strong>COMMON, COLLECTIVE AND INDIVIDUAL HOMOGENEOUS RIGHTS<\/p>\n<p style=\"padding-left: 30px;\"><strong>B)\u00a0<\/strong>PUBLIC LAW<\/p>\n<p style=\"padding-left: 30px;\"><strong>C)\u00a0<\/strong>PRIVATE LAW<\/p>\n<p style=\"padding-left: 30px;\"><strong>D)<\/strong> INTERNATIONAL LAW<\/p>\n<p><strong> TARGET AUDIENCE<\/strong><\/p>\n<p>Post-graduate Students and Professors (both, Lato Sensu \u2013 specialization \u2013 and Stricto Sensu in master\u2019s and doctoral degrees); Specialists, Masters, Doctors, Researchers, University Professors, Judges, Representatives of the Prosecution Office, Lawyers and other professionals of the legal career can submit their articles, and, in general, people who are engaged, in the professional scope, in any fields or subjects of Law, and are interested in showing their original scientific studies on any of the themes proposed. The articles can be sent according to the following curricular requirements:<\/p>\n<p style=\"padding-left: 30px;\">&#8211; Lato Sensu post-graduate students (having finished or undertaking a specialization course): articles will only be accepted if in co-authorship with a Doctor;<\/p>\n<p style=\"padding-left: 30px;\">&#8211; Stricto Sensu post-graduate students (undertaking a Master\u2019s course): articles will only be accepted if in co-authorship with a Doctor (preferably the tutor);<\/p>\n<p style=\"padding-left: 30px;\">&#8211; Masters, Doctor Candidates, Doctors and Post-Doctors: articles written individually or in coauthorship of at most three people will be accepted.<\/p>\n<p><strong>Note:<\/strong> Encouraging the fundamental premise of CONSINTER of support and promotion to scientific and academic production, it is relevant to inform that, for analysis and possible publication, all the articles demonstrably subscribed and originated in accordance with the target public mentioned above, in the header of this item 4, will be accepted. However, in the face of the normative criteria for the quantification by Qualis, only the articles approved by the Editorial Board and in which at least one of the authors is a Doctor will be pre-selected for the publication in the journal \u201cRevista Internacional do CONSINTER\u201d. The articles which have been approved, but which do not fulfill the prerequisite of degree of at least one author-doctor, will not be indexed in the journal \u201cRevista Internacional do CONSINTER\u201d (with ISSN register), although they have the guarantee to be published in the book \u201cLivro do CONSINTER: Direito e Justi\u00e7a\u201d (with ISBN register).<\/p>\n<p><strong>DISSEMINATION OF THE LEGAL INVESTIGATION AND PUBLICATION<\/strong><strong> OF THE ARTICLES<\/strong><\/p>\n<p>Observing the scenario that imposes great difficulties to those interested in publishing their studies and investigation work, CONSINTER comes up with the purpose of contributing to the diffusion of academic studies, publishing them, facilitating their dissemination, in addition to fostering an investigative formation of excellence, and the transfer of knowledge from universities to society. The articles will be subjected to a selection and approval process by the Editorial Board of CONSINTER, meeting criteria of scientific quality, being the analysis carried out in the double blind review system, according to the requirements by the national and international institutions and agencies of investigation and teaching that evaluate the investigating activity of Post-Graduation. Thus, besides allowing visibility to scientific production in official publications of the CONSINTER, the applicants will gain:<\/p>\n<p style=\"padding-left: 30px;\"><strong>a)<\/strong> The publication of their scientific article, as long as it has been approved by the CONSINTER Editorial Board;<\/p>\n<p style=\"padding-left: 30px;\"><strong>b)<\/strong> The opportunity to present their scientific article orally, as long as it has been approved by the CONSINTER Editorial Board, with no additional cost, in the VI CONSINTER INTERNACIONAL LAW SYMPOSIUM (VI Simp\u00f3sio Internacional de Direito CONSINTER), which will take place in the second semester, from October 23 to October 25, 2019.<\/p>\n<p><strong> INFORMATION<\/strong><\/p>\n<p>All texts will be evaluated by the double blind review system, respecting the authors\u2019 anonymity.<\/p>\n<p>At the sovereign criterion by the CONSINTER Editorial Board, some articles will be selected to be published in the periodic edition of the journal \u201cRevista Internacional CONSINTER de Direito\u201d, with the respective ISSN. This publication will have two editions in Portugal, being one printed, and the other one digital.<\/p>\n<p>The articles that have not been selected to the journal \u201cRevista Internacional CONSINTER de Direito\u201d, but which have been approved by the Editorial Board, will be published in the official book of \u201cCONSINTER Direito e Justi\u00e7a\u201d, with ISBN register. This publication will have three editions: one printed in Portugal, and two editions in Brazil (one digital and the other one printed).<\/p>\n<p>The articles approved can be presented orally in the VI CONSINTER Internacional Law Symposium (VI Simp\u00f3sio Internacional de Direito CONSINTER) of Barcelona, by the author oro ne of the co-authors, with a fixed time, to be informed by e-mail.<\/p>\n<p>[\/vc_column_text][\/vc_column][vc_column width=&#8221;1\/4&#8243; css=&#8221;.vc_custom_1447249282680{padding-bottom: 30px !important;}&#8221; offset=&#8221;vc_col-lg-2 vc_col-md-3&#8243;]\r\n      <div class=\"thumbnail no-border no-padding \" data-animation=\"fadeInLeft\" data-animation-delay=\"100\">\r\n          <div class=\"media\">\r\n              <img decoding=\"async\" src=\"https:\/\/consinter.org\/edital2019\/wp-content\/uploads\/sites\/19\/2015\/11\/revista-p.jpg\" alt=\"Revista CONSINTER de Direito\" class=\"img-responsive\">\r\n              <div class=\"caption hovered\">\r\n                  <div class=\"caption-wrapper div-table\">\r\n                      <div class=\"caption-inner div-cell\">\r\n                          <p class=\"caption-buttons\"><a href=\"https:\/\/consinter.org\/edital2019\/wp-content\/uploads\/sites\/19\/2015\/11\/revista-g.jpg\" class=\"btn caption-zoom\" data-gal=\"prettyPhoto\"><i class=\"fa fa-search\"><\/i><\/a><\/p>\r\n                      <\/div>\r\n                  <\/div>\r\n              <\/div>\r\n          <\/div>\r\n      <\/div>\r\n    [\/vc_column][vc_column width=&#8221;1\/4&#8243; css=&#8221;.vc_custom_1416232696109{padding-bottom: 30px !important;}&#8221; offset=&#8221;vc_col-lg-2 vc_col-md-3&#8243;]\r\n      <div class=\"thumbnail no-border no-padding \" data-animation=\"fadeInLeft\" data-animation-delay=\"100\">\r\n          <div class=\"media\">\r\n              <img decoding=\"async\" src=\"https:\/\/consinter.org\/edital2019\/wp-content\/uploads\/sites\/19\/2015\/11\/livro-p.jpg\" alt=\"Livro Direito e Justi\u00e7a\" class=\"img-responsive\">\r\n              <div class=\"caption hovered\">\r\n                  <div class=\"caption-wrapper div-table\">\r\n                      <div class=\"caption-inner div-cell\">\r\n                          <p class=\"caption-buttons\"><a href=\"https:\/\/consinter.org\/edital2019\/wp-content\/uploads\/sites\/19\/2015\/11\/livro-g.jpg\" class=\"btn caption-zoom\" data-gal=\"prettyPhoto\"><i class=\"fa fa-search\"><\/i><\/a><\/p>\r\n                      <\/div>\r\n                  <\/div>\r\n              <\/div>\r\n          <\/div>\r\n      <\/div>\r\n    [\/vc_column][\/vc_row][vc_row full_width=&#8221;stretch_row&#8221; section_id=&#8221;coordination&#8221; el_class=&#8221;color&#8221; parallax_bg=&#8221;0&#8243; stellar_background_ratio=&#8221;0.6&#8243; css=&#8221;.vc_custom_1576006985003{margin-top: 0px !important;margin-bottom: 0px !important;border-top-width: 0px !important;border-bottom-width: 0px !important;padding-top: 70px !important;padding-bottom: 70px !important;}&#8221;][vc_column]\r\n      <h3 class=\"section-title \"><span data-animation=\"flipInY\" data-animation-delay=\"300\" class=\"icon-inner\"><span class=\"fa-stack\"><i class=\"fa rhex fa-stack-2x\"><\/i><i class=\"fa fa-ticket fa-stack-1x\"><\/i><\/span><\/span><span data-animation=\"fadeInRight\" data-animation-delay=\"500\" class=\"title-inner\">MAGAZINE AND BOOK <small> \/ editor, directors and organizers<\/small><\/span><\/h3>\r\n    [vc_column_text]<\/p>\n<p><strong>President:<\/strong><\/p>\n<p><strong>Luiz Augusto de Oliveira Junior<\/strong><\/p>\n<p>&nbsp;<\/p>\n<p><strong>\u201cRevista Internacional CONSINTER de Direito\u201d<\/strong><\/p>\n<p><strong>Editor<\/strong>:<\/p>\n<p><strong>David Vallesp\u00edn P\u00e9rez<\/strong> &#8211; Catedr\u00e1tico de Derecho Procesal &#8211; Universitat de Barcelona.<\/p>\n<p><strong>Directores:<\/strong><\/p>\n<p><strong>Germ\u00e1n Barreiro Gonz\u00e1lez<\/strong> &#8211; Catedr\u00e1tico de Derecho del Trabajo y Seguridad Social &#8211; Universidad de Le\u00f3n;<\/p>\n<p><strong>Gon\u00e7alo S. de Melo Bandeira<\/strong> &#8211; Professor da ESG\/IPCA e JusGov-Universidade do Minho;<\/p>\n<p><strong>Mar\u00eda Yolanda S\u00e1nchez-Ur\u00e1n Aza\u00f1a<\/strong> &#8211; Catedr\u00e1tica de Derecho del Trabajo y Seguridad Social &#8211; Universidad Complutense de Madrid.<\/p>\n<p>&nbsp;<\/p>\n<p><strong>Book: \u201cDireito e Justi\u00e7a\u201d<\/strong><\/p>\n<p><strong>Organizer:<\/strong><\/p>\n<p><strong>David Vallesp\u00edn P\u00e9rez<\/strong> &#8211; Catedr\u00e1tico de Derecho Procesal &#8211; Universitat de Barcelona.<\/p>\n<p>[\/vc_column_text][\/vc_column][\/vc_row][vc_row section_id=&#8221;jobs&#8221; parallax_bg=&#8221;0&#8243; stellar_background_ratio=&#8221;0.6&#8243; css=&#8221;.vc_custom_1489434484261{margin-top: 0px !important;margin-bottom: 0px !important;border-top-width: 0px !important;border-bottom-width: 0px !important;padding-top: 70px !important;padding-bottom: 70px !important;}&#8221; el_class=&#8221;light&#8221;][vc_column]\r\n      <h3 class=\"section-title \"><span data-animation=\"flipInY\" data-animation-delay=\"300\" class=\"icon-inner\"><span class=\"fa-stack\"><i class=\"fa rhex fa-stack-2x\"><\/i><i class=\"fa fa-ticket fa-stack-1x\"><\/i><\/span><\/span><span data-animation=\"fadeInRight\" data-animation-delay=\"500\" class=\"title-inner\">PAPER SUBMISSION <small> \/ general instructions<\/small><\/span><\/h3>\r\n    [vc_column_text]<\/p>\n<h2><b>EVENT CLOSED!<\/b><\/h2>\n<p>[\/vc_column_text][\/vc_column][\/vc_row][vc_row full_width=&#8221;stretch_row&#8221; section_id=&#8221;who&#8221; parallax_bg=&#8221;0&#8243; stellar_background_ratio=&#8221;0.6&#8243; css=&#8221;.vc_custom_1576007006142{margin-top: 0px !important;margin-bottom: 0px !important;border-top-width: 0px !important;border-bottom-width: 0px !important;padding-top: 70px !important;padding-bottom: 70px !important;}&#8221; el_id=&#8221;who&#8221; el_class=&#8221;color&#8221;][vc_column]\r\n      <h3 class=\"section-title \"><span data-animation=\"flipInY\" data-animation-delay=\"300\" class=\"icon-inner\"><span class=\"fa-stack\"><i class=\"fa rhex fa-stack-2x\"><\/i><i class=\"fa fa-ticket fa-stack-1x\"><\/i><\/span><\/span><span data-animation=\"fadeInRight\" data-animation-delay=\"500\" class=\"title-inner\">PRESENTATION <small> \/ about us<\/small><\/span><\/h3>\r\n    [vc_column_text]<\/p>\n<p><strong>CONSINTER \u2013 INTERNATIONAL COUNCIL OF CONTEMPORARY POSTGRADUATE STUDIES<\/strong><\/p>\n<p>CONSINTER comes to introduce itself with the objective of promoting the individual as agent manufacturer of his\/her destination and of society in general, inviting you to the accomplishment of a large international event in which participants will have space for oral presentation of their scientific unpublished articles, which embody knowledge and experience acquired as a result of scientific research, with the possibility of publication, both in Brazil and in Europe, through printed and digital means.<\/p>\n<p>We believe that the publications, whether printed or digital, while culture substrate, are effective instruments for knowledge democratization, for\u00a0 interaction between peoples and for humanitarian, technical and scientific developments consolidation which propels the civilizing process between different cultures, allowing the overcome of limits imposed by geography and standards, enabling the integration between peoples in an ethical and sustainable ways, training reflective and autonomous individuals, committed to the highest values and principles.<\/p>\n<p>CONSINTER is characterized by being a nonprofit institution, created with the support and intervention of Juru\u00e1 Editora Ltda., a company of the publishing industry with over 48 years of business activity, notably recognized for its tradition in the books\u2019 publication of high scientific and technical levels in various areas of knowledge and which, expanding its borders, for more than 07 years is present in Europe through Editorial Juru\u00e1 Ltda., established in Portugal, with a range of renowned and respected authors and advisers, both domestic and foreign<\/p>\n<p>[\/vc_column_text][\/vc_column][\/vc_row][vc_row section_id=&#8221;sponsors&#8221; css=&#8221;.vc_custom_1448020638294{margin-top: 0px !important;margin-bottom: 0px !important;border-top-width: 0px !important;border-bottom-width: 0px !important;padding-top: 70px !important;padding-bottom: 70px !important;background-position: center !important;background-repeat: no-repeat !important;background-size: cover !important;}&#8221; fullwidth=&#8221;no&#8221; el_id=&#8221;sponsors&#8221; el_class=&#8221;text-center&#8221; parallax_bg=&#8221;0&#8243; stellar_background_ratio=&#8221;0.6&#8243;][vc_column]\r\n      <h3 class=\"section-title text-left\"><span data-animation=\"flipInY\" data-animation-delay=\"300\" class=\"icon-inner\"><span class=\"fa-stack\"><i class=\"fa rhex fa-stack-2x\"><\/i><i class=\"fa fa-thumbs-up fa-stack-1x\"><\/i><\/span><\/span><span data-animation=\"fadeInRight\" data-animation-delay=\"500\" class=\"title-inner\">Promotion <small> \/ support<\/small><\/span><\/h3>\r\n    \r\n      <div class=\"partners-carousel \"  data-animation=\"fadeInDown\" data-animation-delay=\"300\">\r\n          <div class=\"owl-carousel\" data-auto=\"true\" data-show_nav=\"true\" data-loop=\"true\" data-itemslide=\"3\" data-autoplaytimeout=\"5000\"><div><a href=\"http:\/\/www.consinter.org\/\" target=\"_blank\"><img decoding=\"async\" src=\"https:\/\/consinter.org\/edital2019\/wp-content\/uploads\/sites\/19\/2015\/11\/consinter.png\" alt=\"CONSINTER - Conselho Internacional de Estudos Contempor\u00e2neos em P\u00f3s-Gradua\u00e7\u00e3o\"\/><\/a><\/div><div><a href=\"http:\/\/www.jurua.com.br\" target=\"_blank\"><img decoding=\"async\" src=\"https:\/\/consinter.org\/edital2019\/wp-content\/uploads\/sites\/19\/2015\/11\/jurua.png\" alt=\"Juru\u00e1 Editora\"\/><\/a><\/div><div><a href=\"http:\/\/www.editorialjurua.com\" target=\"_blank\"><img decoding=\"async\" src=\"https:\/\/consinter.org\/edital2019\/wp-content\/uploads\/sites\/19\/2015\/11\/jurua-europa.png\" alt=\"Editorial Juru\u00e1 Europa\"\/><\/a><\/div><\/div>\r\n      <\/div>\r\n    [vc_text_separator title=&#8221;Support Europe&#8221; css=&#8221;.vc_custom_1552928899419{margin-top: 50px !important;}&#8221;]\r\n      <div class=\"partners-carousel \"  data-animation=\"fadeInDown\" data-animation-delay=\"300\">\r\n          <div class=\"owl-carousel\" data-auto=\"true\" data-show_nav=\"true\" data-loop=\"true\" data-itemslide=\"3\" data-autoplaytimeout=\"5000\"><div><a href=\"https:\/\/www.uab.cat\/dret\/\" target=\"_blank\"><img decoding=\"async\" src=\"https:\/\/consinter.org\/edital2019\/wp-content\/uploads\/sites\/19\/2019\/03\/uab.png\" alt=\"UAB - Universitat Aut\u00f2noma de Barcelona - Facultat de Dret\"\/><\/a><\/div><div><a href=\"https:\/\/www.uspceu.com\/\" target=\"_blank\"><img decoding=\"async\" src=\"https:\/\/consinter.org\/edital2019\/wp-content\/uploads\/sites\/19\/2019\/03\/ceu.png\" alt=\"Universidad CEU San Pablo\"\/><\/a><\/div><div><a href=\"https:\/\/www.urjc.es\/\" target=\"_blank\"><img decoding=\"async\" src=\"https:\/\/consinter.org\/edital2019\/wp-content\/uploads\/sites\/19\/2019\/03\/urjc.png\" alt=\"Universidad Rey Ruan Carlos\"\/><\/a><\/div><\/div>\r\n      <\/div>\r\n    [vc_text_separator title=&#8221;Support Brazil&#8221; css=&#8221;.vc_custom_1552928910856{margin-top: 50px !important;}&#8221;]\r\n      <div class=\"partners-carousel \"  data-animation=\"fadeInDown\" data-animation-delay=\"300\">\r\n          <div class=\"owl-carousel\" data-auto=\"true\" data-show_nav=\"true\" data-loop=\"true\" data-itemslide=\"3\" data-autoplaytimeout=\"5000\"><div><a href=\"https:\/\/www.ajufe.org.br\/\" target=\"_blank\"><img decoding=\"async\" src=\"https:\/\/consinter.org\/edital2019\/wp-content\/uploads\/sites\/19\/2019\/02\/ajufe.png\" alt=\"AJUFE - Associa\u00e7\u00e3o dos Ju\u00edzes Federais do Brasil\"\/><\/a><\/div><div><a href=\"http:\/\/ajufer.org.br\/\" target=\"_blank\"><img decoding=\"async\" src=\"https:\/\/consinter.org\/edital2019\/wp-content\/uploads\/sites\/19\/2019\/04\/ajufer.png\" alt=\"AJUFER - Associa\u00e7\u00e3o dos Ju\u00edzes Federais da Primeira Regi\u00e3o\"\/><\/a><\/div><div><a href=\"http:\/\/www.amb.com.br\/\" target=\"_blank\"><img decoding=\"async\" src=\"https:\/\/consinter.org\/edital2019\/wp-content\/uploads\/sites\/19\/2019\/03\/amb.png\" alt=\"AMB - Associa\u00e7\u00e3o dos Magistrados Brasileiros\"\/><\/a><\/div><div><a href=\"http:\/\/www.enm.org.br\/\" target=\"_blank\"><img decoding=\"async\" src=\"https:\/\/consinter.org\/edital2019\/wp-content\/uploads\/sites\/19\/2019\/03\/enm.png\" alt=\"ENM - Escola Nacional da Magistratura\"\/><\/a><\/div><div><a href=\"https:\/\/apamagis.com.br\/institucional\/\" target=\"_blank\"><img decoding=\"async\" src=\"https:\/\/consinter.org\/edital2019\/wp-content\/uploads\/sites\/19\/2019\/02\/apamagis.png\" alt=\"APAMAGIS - Associa\u00e7\u00e3o Paulista de Magistrados\"\/><\/a><\/div><div><a href=\"http:\/\/amaerj.org.br\/\" target=\"_blank\"><img decoding=\"async\" src=\"https:\/\/consinter.org\/edital2019\/wp-content\/uploads\/sites\/19\/2019\/03\/amaerj.png\" alt=\"AMAERJ - Associa\u00e7\u00e3o de Magistrados do Estado do Rio de Janeiro\"\/><\/a><\/div><div><a href=\"http:\/\/www.amapar.com.br\/\" target=\"_blank\"><img decoding=\"async\" src=\"https:\/\/consinter.org\/edital2019\/wp-content\/uploads\/sites\/19\/2019\/03\/amapar.png\" alt=\"Amapar - Associa\u00e7\u00e3o dos Magistrados do Paran\u00e1\"\/><\/a><\/div><div><a href=\"http:\/\/www.emap.com.br\/\" target=\"_blank\"><img decoding=\"async\" src=\"https:\/\/consinter.org\/edital2019\/wp-content\/uploads\/sites\/19\/2019\/04\/emap.png\" alt=\"EMAP - Escola da Magistratura do Paran\u00e1\"\/><\/a><\/div><div><a href=\"http:\/\/www.amab.com.br\/\" target=\"_blank\"><img decoding=\"async\" src=\"https:\/\/consinter.org\/edital2019\/wp-content\/uploads\/sites\/19\/2019\/04\/amab.png\" alt=\"AMAB - Associa\u00e7\u00e3o dos Magistrados da Bahia\"\/><\/a><\/div><div><a href=\"http:\/\/www.amepe.com.br\/site\/\" target=\"_blank\"><img decoding=\"async\" src=\"https:\/\/consinter.org\/edital2019\/wp-content\/uploads\/sites\/19\/2019\/02\/amepe.png\" alt=\"AMEPE - Associa\u00e7\u00e3o dos Magistrados do Estado de Pernambuco\"\/><\/a><\/div><div><a href=\"https:\/\/amarn.com.br\/\" target=\"_blank\"><img decoding=\"async\" src=\"https:\/\/consinter.org\/edital2019\/wp-content\/uploads\/sites\/19\/2019\/02\/amarn.png\" alt=\"AMARN \u2013 Associa\u00e7\u00e3o dos Magistrados do RN\"\/><\/a><\/div><div><a href=\"https:\/\/www.amatra1.com.br\/\" target=\"_blank\"><img decoding=\"async\" src=\"https:\/\/consinter.org\/edital2019\/wp-content\/uploads\/sites\/19\/2019\/03\/amatra1.png\" alt=\"Amatra 1 - Associa\u00e7\u00e3o dos Magistrados da Justi\u00e7a do Trabalho da 1\u00aa Regi\u00e3o\"\/><\/a><\/div><div><a href=\"http:\/\/www.amatra6.com.br\/\" target=\"_blank\"><img decoding=\"async\" src=\"https:\/\/consinter.org\/edital2019\/wp-content\/uploads\/sites\/19\/2019\/03\/amatra6.png\" alt=\"Amatra VI - Associa\u00e7\u00e3o dos Magistrados da Justi\u00e7a do Trabalho da 6\u00aa Regi\u00e3o\"\/><\/a><\/div><div><a href=\"http:\/\/www.amatra9.org.br\/\" target=\"_blank\"><img decoding=\"async\" src=\"https:\/\/consinter.org\/edital2019\/wp-content\/uploads\/sites\/19\/2019\/02\/amatra9.png\" alt=\"AMATRA9 - Associa\u00e7\u00e3o dos Magistrados do Trabalho da 9\u00aa Regi\u00e3o\"\/><\/a><\/div><div><a href=\"http:\/\/www.ematra9.org.br\/\" target=\"_blank\"><img decoding=\"async\" src=\"https:\/\/consinter.org\/edital2019\/wp-content\/uploads\/sites\/19\/2019\/02\/ematra9.png\" alt=\"EMATRA9 - Escola da Associa\u00e7\u00e3o dos Magistrados do Trabalho do Paran\u00e1\"\/><\/a><\/div><div><a href=\"http:\/\/acmag.org.br\/\" target=\"_blank\"><img decoding=\"async\" src=\"https:\/\/consinter.org\/edital2019\/wp-content\/uploads\/sites\/19\/2019\/04\/acm.png\" alt=\"ACM - Associa\u00e7\u00e3o Cearense de Magistrados\"\/><\/a><\/div><div><a href=\"http:\/\/www.rejufe.org.br\/\" target=\"_blank\"><img decoding=\"async\" src=\"https:\/\/consinter.org\/edital2019\/wp-content\/uploads\/sites\/19\/2019\/02\/rejufe.png\" alt=\"REJUFE - Associa\u00e7\u00e3o dos Ju\u00edzes Federais de 5\u00aa Regi\u00e3o\"\/><\/a><\/div><div><a href=\"https:\/\/www.anadep.org.br\/\" target=\"_blank\"><img decoding=\"async\" src=\"https:\/\/consinter.org\/edital2019\/wp-content\/uploads\/sites\/19\/2019\/02\/anadep.png\" alt=\"ANADEP - Associa\u00e7\u00e3o Nacional das Defensoras e Defensores P\u00fablicos\"\/><\/a><\/div><div><a href=\"https:\/\/www.anadep.org.br\/wtk\/pagina\/enadep\" target=\"_blank\"><img decoding=\"async\" src=\"https:\/\/consinter.org\/edital2019\/wp-content\/uploads\/sites\/19\/2019\/02\/enadep.png\" alt=\"ENADEP - Escola Nacional das Defensoras e Defensores P\u00fablicos do Brasil\"\/><\/a><\/div><div><a href=\"https:\/\/www.conamp.org.br\/pt\/\" target=\"_blank\"><img decoding=\"async\" src=\"https:\/\/consinter.org\/edital2019\/wp-content\/uploads\/sites\/19\/2019\/03\/conamp.png\" alt=\"CONAMP - Associa\u00e7\u00e3o Nacional dos Membros do M\u00ednist\u00e9rio P\u00fablico\"\/><\/a><\/div><div><a href=\"http:\/\/ena.oab.org.br\/\" target=\"_blank\"><img decoding=\"async\" src=\"https:\/\/consinter.org\/edital2019\/wp-content\/uploads\/sites\/19\/2019\/04\/oab-ena-1.png\" alt=\"OAB-CF\/ENA - Conselho Federal e Escola Nacional da Advocacia\"\/><\/a><\/div><div><a href=\"http:\/\/www.oabrj.org.br\/\" target=\"_blank\"><img decoding=\"async\" src=\"https:\/\/consinter.org\/edital2019\/wp-content\/uploads\/sites\/19\/2019\/03\/oabrj.png\" alt=\"OAB Rio de Janeiro\"\/><\/a><\/div><div><a href=\"http:\/\/esa.oabrj.org.br\/\" target=\"_blank\"><img decoding=\"async\" src=\"https:\/\/consinter.org\/edital2019\/wp-content\/uploads\/sites\/19\/2019\/03\/esarj.png\" alt=\"ESA-RJ - Escola Superior de Advocacia RJ\"\/><\/a><\/div><div><a href=\"https:\/\/www.aasp.org.br\/\" target=\"_blank\"><img decoding=\"async\" src=\"https:\/\/consinter.org\/edital2019\/wp-content\/uploads\/sites\/19\/2019\/02\/aasp-1.png\" alt=\"AASP - Associa\u00e7\u00e3o dos Advogados de S\u00e3o Paulo\"\/><\/a><\/div><div><a href=\"http:\/\/www.wp.ibrajus.org.br\/\" target=\"_blank\"><img decoding=\"async\" src=\"https:\/\/consinter.org\/edital2019\/wp-content\/uploads\/sites\/19\/2019\/03\/ibrajus.png\" alt=\"IBRAJUS - Instituto Brasileiro de Administra\u00e7\u00e3o do Sistema Judici\u00e1rio\"\/><\/a><\/div><div><a href=\"http:\/\/www.idp.edu.br\/\" target=\"_blank\"><img decoding=\"async\" src=\"https:\/\/consinter.org\/edital2019\/wp-content\/uploads\/sites\/19\/2019\/04\/idp.png\" alt=\"IDP - Instituto Brasiliense de Direito P\u00fablico\"\/><\/a><\/div><div><a href=\"https:\/\/direitorio.fgv.br\/\" target=\"_blank\"><img decoding=\"async\" src=\"https:\/\/consinter.org\/edital2019\/wp-content\/uploads\/sites\/19\/2019\/02\/fgv_direito_rio.png\" alt=\"FGV Direito Rio\"\/><\/a><\/div><div><a href=\"https:\/\/www.epd.edu.br\/\" target=\"_blank\"><img decoding=\"async\" src=\"https:\/\/consinter.org\/edital2019\/wp-content\/uploads\/sites\/19\/2019\/02\/epd.png\" alt=\"EPD - Escola Paulista de Direito\"\/><\/a><\/div><div><a href=\"https:\/\/unisal.br\/\" target=\"_blank\"><img decoding=\"async\" src=\"https:\/\/consinter.org\/edital2019\/wp-content\/uploads\/sites\/19\/2019\/02\/unisal.png\" alt=\"UNISAL - Centro Universit\u00e1rio Salesiano de S\u00e3o Paulo\"\/><\/a><\/div><div><a href=\"http:\/\/www.unicuritiba.edu.br\/\" target=\"_blank\"><img decoding=\"async\" src=\"https:\/\/consinter.org\/edital2019\/wp-content\/uploads\/sites\/19\/2019\/02\/unicuritiba.png\" alt=\"UNICURITIBA - Centro Universit\u00e1rio Curitiba\"\/><\/a><\/div><div><a href=\"https:\/\/www.unibrasil.com.br\/\" target=\"_blank\"><img decoding=\"async\" src=\"https:\/\/consinter.org\/edital2019\/wp-content\/uploads\/sites\/19\/2019\/02\/unibrasil.png\" alt=\"UniBrasil Centro Universit\u00e1rio\"\/><\/a><\/div><div><a href=\"http:\/\/www.unipar.br\/\" target=\"_blank\"><img decoding=\"async\" src=\"https:\/\/consinter.org\/edital2019\/wp-content\/uploads\/sites\/19\/2019\/03\/unipar.png\" alt=\"UNIPAR - Universidade Paranaense\"\/><\/a><\/div><div><a href=\"http:\/\/domhelder.edu.br\/\" target=\"_blank\"><img decoding=\"async\" src=\"https:\/\/consinter.org\/edital2019\/wp-content\/uploads\/sites\/19\/2019\/03\/domhelder.png\" alt=\"DOM HELDER - Escola de Direito\"\/><\/a><\/div><\/div>\r\n      <\/div>\r\n    [\/vc_column][\/vc_row]<\/p>\n<p><\/p>\n<\/div>","protected":false},"excerpt":{"rendered":"<p>[vc_row section_id=&#8221;about&#8221; css=&#8221;.vc_custom_1576006977707{margin-top: 0px !important;margin-bottom: 0px !important;border-top-width: 0px !important;border-bottom-width: 0px !important;padding-top: 140px !important;padding-bottom: 70px !important;}&#8221; fullwidth=&#8221;no&#8221; el_id=&#8221;about&#8221; parallax_bg=&#8221;0&#8243; stellar_background_ratio=&#8221;0.6&#8243;][vc_column css=&#8221;.vc_custom_1417501673381{padding-bottom: 40px !important;}&#8221;][\/vc_column][vc_column offset=&#8221;vc_col-lg-8 vc_col-md-12&#8243;][vc_column_text css=&#8221;.vc_custom_1554203582815{margin-bottom: 15px !important;}&#8221;] NOMENCLATURE CONSINTER Internacional Journal of Law (\u201cRevista Internacional CONSINTER de Direito\u201d) and Book of Law<\/p>\n","protected":false},"author":1,"featured_media":0,"parent":0,"menu_order":0,"comment_status":"closed","ping_status":"closed","template":"home_template.php","meta":{"_acf_changed":false,"footnotes":""},"class_list":["post-9","page","type-page","status-publish","hentry"],"acf":[],"_links":{"self":[{"href":"https:\/\/consinter.org\/edital2019\/en\/wp-json\/wp\/v2\/pages\/9","targetHints":{"allow":["GET"]}}],"collection":[{"href":"https:\/\/consinter.org\/edital2019\/en\/wp-json\/wp\/v2\/pages"}],"about":[{"href":"https:\/\/consinter.org\/edital2019\/en\/wp-json\/wp\/v2\/types\/page"}],"author":[{"embeddable":true,"href":"https:\/\/consinter.org\/edital2019\/en\/wp-json\/wp\/v2\/users\/1"}],"replies":[{"embeddable":true,"href":"https:\/\/consinter.org\/edital2019\/en\/wp-json\/wp\/v2\/comments?post=9"}],"version-history":[{"count":0,"href":"https:\/\/consinter.org\/edital2019\/en\/wp-json\/wp\/v2\/pages\/9\/revisions"}],"wp:attachment":[{"href":"https:\/\/consinter.org\/edital2019\/en\/wp-json\/wp\/v2\/media?parent=9"}],"curies":[{"name":"wp","href":"https:\/\/api.w.org\/{rel}","templated":true}]}}