{"id":9,"date":"2015-11-11T11:57:44","date_gmt":"2015-11-11T11:57:44","guid":{"rendered":"http:\/\/consinter.com.br\/saopaulo2016\/?page_id=9"},"modified":"2023-03-01T18:34:46","modified_gmt":"2023-03-01T18:34:46","slug":"home","status":"publish","type":"page","link":"https:\/\/consinter.org\/barcelona2019\/","title":{"rendered":"Home"},"content":{"rendered":"<div class=\"wpb-content-wrapper\"><p>[vc_row full_width=&#8221;stretch_row&#8221; section_id=&#8221;home&#8221; fullwidth=&#8221;no&#8221; bg_image_custom=&#8221;121&#8243; el_id=&#8221;home&#8221; css=&#8221;.vc_custom_1576008067855{margin-top: 0px !important;margin-bottom: 0px !important;border-top-width: 0px !important;border-bottom-width: 0px !important;padding-top: 0px !important;padding-bottom: 0px !important;background-image: url(https:\/\/consinter.org\/barcelona2019\/wp-content\/uploads\/sites\/20\/2019\/05\/fundo.jpg?id=753) !important;background-position: center !important;background-repeat: no-repeat !important;background-size: cover !important;}&#8221; parallax_bg=&#8221;1&#8243; stellar_background_ratio=&#8221;0.6&#8243;][vc_column css=&#8221;.vc_custom_1417507329606{padding-bottom: 0px !important;}&#8221;]<div id=\"main-slider\" data-height_desk=\"768px\" data-height_ipad=\"768px\" data-height_mobile=\"800px\" data-loop=\"false\" data-auto_slider=\"false\" data-duration=\"3000\" data-navigation=\"false\"  class=\"owl-carousel owl-theme \"><div class=\"item page text-center slide0\">\r\n                    <div class=\"caption\">\r\n                            <div class=\"div-table\">\r\n                                <div class=\"div-cell\"><h2 class=\"caption-title\" data-animation=\"fadeInDown\" data-animation-delay=\"100\"><span>23 a 25 de outubro de 2019<\/span><\/h2><h3 class=\"caption-subtitle\" data-animation=\"fadeInUp\" data-animation-delay=\"300\">VI Simp\u00f3sio Internacional CONSINTER \/ Universitat de Barcelona<\/h3><div class=\"countdown-wrapper\">\r\n                            <div class=\"defaultCountdown clearfix\" \r\n                                       data-years=anos data-months=meses data-weeks=\"semanas\" data-days=\"dias\" data-hours=\"horas\" data-minutes=\"minutos\" data-seconds=\"segundos\" \r\n                                       data-year=ano data-month=m\u00eas data-week=\"semana\" data-day=\"dia\" data-hour=\"hora\" data-minute=\"minuto\" data-second=\"segundo\" \r\n                                       data-end_date_y = \"2019\" data-end_date_m=\"10\" data-end_date_d=\"23\" \r\n                                       data-end_date_h = \"00\" data-end_date_i = \"00\" \r\n                                       data-timezone = \"0\" data-display_format=\"dHMS\"\r\n                            ><\/div>\r\n                        <\/div><\/div><\/div><\/div><\/div><\/div>\r\n      <div class=\"event-description \">        \r\n        <div class=\"event-background\" style=\"background-color:#0d1d31\">\r\n            <div class=\"container-fluid\">\r\n                <div class=\"row\">\r\n                    \r\n            <div class=\"col-md-6\">\r\n              <div class=\"media \">\r\n                          <span class=\"pull-left\">\r\n                              <i class=\"fa fa-calendar fa-2x\"><\/i>\r\n                          <\/span>\r\n                  <div class=\"media-body\">\r\n                      <h4 class=\"media-heading\">Data do Simp\u00f3sio<\/h4>\r\n                      <span>23 a 25 de outubro de 2019<\/span>\r\n                  <\/div>\r\n              <\/div>\r\n            <\/div>\r\n    \r\n            <div class=\"col-md-6\">\r\n              <div class=\"media \">\r\n                          <span class=\"pull-left\">\r\n                              <i class=\"fa fa-map-marker fa-2x\"><\/i>\r\n                          <\/span>\r\n                  <div class=\"media-body\">\r\n                      <h4 class=\"media-heading\">Local<\/h4>\r\n                      <span>Universitat de Barcelona - Facultat de Dret<\/span>\r\n                  <\/div>\r\n              <\/div>\r\n            <\/div>\r\n    \r\n                <\/div>\r\n            <\/div>        \r\n        <\/div>\r\n    <\/div>\r\n    [\/vc_column][\/vc_row][vc_row section_id=&#8221;about&#8221; css=&#8221;.vc_custom_1428394403301{margin-top: 0px !important;margin-bottom: 0px !important;border-top-width: 0px !important;border-bottom-width: 0px !important;padding-top: 70px !important;padding-bottom: 70px !important;}&#8221; fullwidth=&#8221;no&#8221; el_id=&#8221;about&#8221; parallax_bg=&#8221;0&#8243; stellar_background_ratio=&#8221;0.6&#8243;][vc_column css=&#8221;.vc_custom_1417501673381{padding-bottom: 40px !important;}&#8221;]\r\n      <h3 class=\"section-title \"><span data-animation=\"flipInY\" data-animation-delay=\"0\" class=\"icon-inner\"><span class=\"fa-stack\"><i class=\"fa rhex fa-stack-2x\"><\/i><i class=\"fa fa-star fa-stack-1x\"><\/i><\/span><\/span><span data-animation=\"fadeInRight\" data-animation-delay=\"500\" class=\"title-inner\">SOBRE O SIMP\u00d3SIO <small> \/ objetivo, justifica\u00e7\u00e3o, p\u00fablico e informa\u00e7\u00f5es \u00fateis<\/small><\/span><\/h3>\r\n    [\/vc_column][vc_column][vc_column_text css=&#8221;.vc_custom_1556820867753{margin-bottom: 15px !important;}&#8221;]<\/p>\n<p><strong> NOMENCLATURA<\/strong><\/p>\n<p>VI Simp\u00f3sio Internacional CONSINTER de Direito \u2014 <em>Universitat de Barcelona<\/em> \u2014 <em>La Perspectiva Internacional del Derecho<\/em>.<\/p>\n<p><strong> APRESENTA\u00c7\u00c3O<\/strong><\/p>\n<p>A raz\u00e3o de ser do CONSINTER \u00e9 promover a autonomia individual para que, de forma construtiva e integradora, o indiv\u00edduo possa melhorar o pr\u00f3prio destino e o da sociedade em geral. O objeto destas linhas \u00e9 estender um convite aberto para um grande evento internacional no qual os participantes poder\u00e3o apresentar suas contribui\u00e7\u00f5es cientificas in\u00e9ditas oralmente, valorando sua publica\u00e7\u00e3o tanto na Europa quanto no Brasil de acordo com a regras do evento. Deste modo, impulsionar-se-\u00e3o instrumentos eficazes para a democratiza\u00e7\u00e3o do saber, a intera\u00e7\u00e3o entre povos e a consolida\u00e7\u00e3o do desenvolvimento.<\/p>\n<p>A soma das contribui\u00e7\u00f5es procedentes de diferentes culturas jur\u00eddicas permitir\u00e1 a supera\u00e7\u00e3o dos atuais limites impostos pela geografia e a economia. Assim, s\u00e3o bem-vindos todos os esfor\u00e7os coordenados que tendem a forma\u00e7\u00e3o, em sede universit\u00e1ria, de indiv\u00edduos reflexivos, comprometidos com os valores e princ\u00edpios aos que aspira a civiliza\u00e7\u00e3o contempor\u00e2nea.<\/p>\n<p><strong> SOBRE O SIMP\u00d3SIO<\/strong><\/p>\n<p>O Simp\u00f3sio Internacional CONSINTER quer servir como um lugar de reuni\u00e3o para os alunos de p\u00f3s-gradua\u00e7\u00e3o (mestrandos e doutorandos) e pesquisadores, onde possam discutir os resultados dos seus trabalhos, assim como trocar conhecimentos e experi\u00eancias. \u00c9 uma oportunidade excepcional para apresenta\u00e7\u00e3o e publica\u00e7\u00e3o de estudos cient\u00edficos in\u00e9ditos.<\/p>\n<p>As referidas obras s\u00e3o: Revista Internacional CONSINTER de Direito, com ISSN e n\u00famero DOI e o Livro do CONSINTER Direito e Justi\u00e7a com tr\u00eas distintos <em>ISBN\u2019s<\/em>, Europeu, Brasileiro e digital.<\/p>\n<p>OBS: A Revista Internacional CONSINTER de Direito est\u00e1 indexada em bases de dados nacionais e internacionais como: Google Scholar, Latindex, REDIB, DOAJ, CAPES, LivRe, Diadorim e Sum\u00e1rios.org, Cite Factor, Tribunal Superior Eleitoral, Rede Virtual de Bibliotecas Integradas (RVBI).<\/p>\n<p>Ser\u00e3o aceitos os trabalhos com os seguintes temas:<\/p>\n<p style=\"padding-left: 30px;\"><strong>a)<\/strong> DIREITOS DIFUSOS, COLETIVOS E INDIVIDUAIS HOMOG\u00caNEOS<\/p>\n<p style=\"padding-left: 30px;\"><strong>b)<\/strong> DIREITO P\u00daBLICO<\/p>\n<p style=\"padding-left: 30px;\"><strong>c)<\/strong> DIREITO PRIVADO<\/p>\n<p style=\"padding-left: 30px;\"><strong>d)<\/strong> DIREITO INTERNACIONAL<\/p>\n<p><strong> P\u00daBLICO ALVO<\/strong><\/p>\n<p>Poder\u00e3o submeter os artigos Estudantes e Professores vinculados \u00e0 P\u00f3s-gradua\u00e7\u00e3o (tanto <em>Lato Sensu<\/em> \u2013 especializa\u00e7\u00e3o \u2013 quanto <em>Stricto Sensu <\/em>nas linhas de Mestrado e Doutorado); Especialistas, Mestres, Doutores, Pesquisadores, Docentes Universit\u00e1rios; Ju\u00edzes, Advogados, Representantes do Minist\u00e9rio P\u00fablico e demais profissionais de carreira jur\u00eddica e, em geral, pessoas que se dedicam no seu \u00e2mbito profissional, a quaisquer ramos ou disciplinas do Direito, que tenham interesse em mostrar seus estudos cient\u00edficos in\u00e9ditos, sobre alguma das \u00e1reas tem\u00e1ticas propostas.<\/p>\n<p>Os artigos poder\u00e3o ser enviados observando as seguintes condi\u00e7\u00f5es curriculares:<\/p>\n<p style=\"padding-left: 40px;\"><strong>a)<\/strong> Alunos de P\u00f3s-gradua\u00e7\u00e3o <em>Lato Sensu<\/em> (especializandos e especialistas): somente ser\u00e3o aceitos os artigos desde que em coautoria com um Doutor.<\/p>\n<p style=\"padding-left: 40px;\"><strong>b)<\/strong> Alunos de P\u00f3s-gradua\u00e7\u00e3o <em>Stricto Sensu<\/em> (mestrandos): somente ser\u00e3o aceitos os artigos desde que em coautoria com um Doutor (preferencialmente o Orientador).<\/p>\n<p style=\"padding-left: 40px;\"><strong>c)<\/strong> Mestres, Doutorandos, Doutores e P\u00f3s-Doutores: ser\u00e3o aceitos os artigos escritos individualmente ou em coautoria de no m\u00e1ximo tr\u00eas pessoas.<\/p>\n<p>A presen\u00e7a no Simp\u00f3sio, como ouvinte, est\u00e1 condicionada ao pagamento da inscri\u00e7\u00e3o, mas n\u00e3o obriga a submiss\u00e3o de um artigo cient\u00edfico ao CONSINTER.<\/p>\n<p><strong>Obs.:<\/strong> Estimulando \u00a0a premissa basilar do CONSINTER\u00a0 de apoio e fomento \u00e0\u00a0 produ\u00e7\u00e3o cientifica e acad\u00eamica, releva informar que ser\u00e3o aceitos para an\u00e1lise e poss\u00edvel publica\u00e7\u00e3o todos os artigos comprovadamente inscritos e \u00a0originados \u00a0em conformidade com o p\u00fablico alvo acima descrito \u00a0nesse item 5, ressalvando por\u00e9m que em face dos crit\u00e9rios normativos para a quantifica\u00e7\u00e3o do Qualis, somente poder\u00e3o ser pr\u00e9-selecionados para a publica\u00e7\u00e3o na Revista Internacional do CONSINTER os artigos aprovados pelo Conselho Editorial cujo pelo menos um dos autores tenham a titula\u00e7\u00e3o de Doutor.<\/p>\n<p>**Os artigos aprovados e que n\u00e3o contemplarem o pr\u00e9-requisito da titula\u00e7\u00e3o de pelo menos um autor-doutor, n\u00e3o poder\u00e3o ser inclu\u00eddos na Revista Internacional do CONSINTER (com registro <em>ISSN<\/em>) por\u00e9m ter\u00e3o a garantia de publica\u00e7\u00e3o no Livro do CONSINTER: Direito e Justi\u00e7a (com registro <em>ISBN<\/em>).<\/p>\n<p><strong>DIVULGA\u00c7\u00c3O DA INVESTIGA\u00c7\u00c3O JUR\u00cdDICA NO VI SIMP\u00d3SIO INTERNACIONAL CONSINTER DE DIREITO E PUBLICA\u00c7\u00c3O DOS ARTIGOS<\/strong><\/p>\n<p>Observando o cen\u00e1rio que imp\u00f5e grandes dificuldades para os interessados em publicar os seus estudos e trabalhos de investiga\u00e7\u00e3o, surge o CONSINTER com o prop\u00f3sito de contribuir na difus\u00e3o dos estudos acad\u00eamicos, publicando-os, facilitando a sua divulga\u00e7\u00e3o, promovendo ainda uma forma\u00e7\u00e3o investigadora de excel\u00eancia e a transfer\u00eancia de conhecimentos da Universidade para a sociedade.<\/p>\n<p>Os artigos ser\u00e3o submetidos a um processo de sele\u00e7\u00e3o e aprova\u00e7\u00e3o pelo Conselho Editorial e\/ou Corpo de Pareceristas do CONSINTER, atendendo a crit\u00e9rios de qualidade cient\u00edfica, sendo a an\u00e1lise pelo sistema <em>double blind review<\/em>, conforme as exig\u00eancias das ag\u00eancias e institui\u00e7\u00f5es nacionais e internacionais de investiga\u00e7\u00e3o e doc\u00eancia que avaliam a atividade investigadora de P\u00f3s-Gradua\u00e7\u00e3o.<\/p>\n<p>Assim, al\u00e9m de possibilitar a visibilidade \u00e0 produ\u00e7\u00e3o cient\u00edfica nas publica\u00e7\u00f5es oficiais do CONSINTER, os participantes ter\u00e3o:<\/p>\n<p style=\"padding-left: 40px;\"><strong>a) <\/strong>A publica\u00e7\u00e3o do seu artigo cient\u00edfico, desde que aprovado pelo Corpo de Pareceristas do CONSINTER;<\/p>\n<p style=\"padding-left: 40px;\"><strong>b) <\/strong>A oportunidade de apresentar oralmente seu artigo cient\u00edfico, desde que aprovado pelo Corpo de Pareceristas do CONSINTER;<\/p>\n<p style=\"padding-left: 40px;\"><strong>c) <\/strong>A oportunidade de assistir a palestras de renomados juristas estrangeiros e brasileiros, assim como trocar informa\u00e7\u00f5es e opini\u00f5es para a tomada de decis\u00f5es com transcend\u00eancia jur\u00eddica;<\/p>\n<p style=\"padding-left: 40px;\"><strong>d) <\/strong>A possibilidade de ampliar sua rede de contatos com pessoas de elevado n\u00edvel cient\u00edfico e acad\u00eamico;<\/p>\n<p style=\"padding-left: 40px;\"><strong>e) <\/strong>A oportunidade de buscar a transfer\u00eancia de conhecimentos cient\u00edficos, que contribuir\u00e3o ao reconhecimento da atividade investigadora e a coopera\u00e7\u00e3o cient\u00edfica internacional.<\/p>\n<p><strong>INFORMA\u00c7\u00d5ES<\/strong><\/p>\n<p>Todos os textos ser\u00e3o avaliados pelo sistema <em>double blind review<\/em>, respeitando o anonimato dos autores.<\/p>\n<p>Ao crit\u00e9rio do Conselho Editorial do CONSINTER, alguns textos ser\u00e3o selecionados para publica\u00e7\u00e3o na edi\u00e7\u00e3o peri\u00f3dica da Revista Internacional CONSINTER de Direito, com o respectivo <em>ISSN<\/em>. Esta publica\u00e7\u00e3o ter\u00e1 duas edi\u00e7\u00f5es em Portugal, sendo uma impressa e outra digital.<\/p>\n<p>Os artigos que n\u00e3o tenham sido selecionados para a Revista Internacional CONSINTER de Direito, mas que tenham sido aprovados pelo Corpo de Pareceristas, ser\u00e3o publicados no livro Direito e Justi\u00e7a tamb\u00e9m obra oficial do CONSINTER Direito e Justi\u00e7a, com registro <em>ISBN<\/em>. Essa publica\u00e7\u00e3o ter\u00e1 tr\u00eas edi\u00e7\u00f5es: uma edi\u00e7\u00e3o impressa em Portugal e duas edi\u00e7\u00f5es no Brasil (uma digital e outra impressa).<\/p>\n<p>Os artigos aprovados poder\u00e3o ser apresentados oralmente no VI Simp\u00f3sio Internacional de Direito CONSINTER, pelo autor ou por um dos coautores, com tempo determinado que ser\u00e1 informado por e-mail.<\/p>\n<p>A publica\u00e7\u00e3o dos artigos aprovados pelo Conselho Editorial e\/ou Corpo de Pareceristas n\u00e3o depende da presen\u00e7a dos autores no Simp\u00f3sio.<\/p>\n<p>OBS: A Revista Internacional CONSINTER de Direito est\u00e1 indexada em bases de dados nacionais e internacionais como: <em>Google Scholar, Latindex, REDIB, DOAJ, CAPES, LivRe, Diadorim e <\/em>Sum\u00e1rios.org, <em>Cite Factor<\/em>, Tribunal Superior Eleitoral, Rede Virtual de Bibliotecas Integradas (RVBI).<\/p>\n<p>[\/vc_column_text][\/vc_column][\/vc_row][vc_row full_width=&#8221;stretch_row&#8221; section_id=&#8221;coordination&#8221; el_class=&#8221;color&#8221; parallax_bg=&#8221;0&#8243; stellar_background_ratio=&#8221;0.6&#8243; css=&#8221;.vc_custom_1576007929376{margin-top: 0px !important;margin-bottom: 0px !important;border-top-width: 0px !important;border-bottom-width: 0px !important;padding-top: 70px !important;padding-bottom: 70px !important;}&#8221;][vc_column]\r\n      <h3 class=\"section-title \"><span data-animation=\"flipInY\" data-animation-delay=\"300\" class=\"icon-inner\"><span class=\"fa-stack\"><i class=\"fa rhex fa-stack-2x\"><\/i><i class=\"fa fa-ticket fa-stack-1x\"><\/i><\/span><\/span><span data-animation=\"fadeInRight\" data-animation-delay=\"500\" class=\"title-inner\">Revista e Livro <small> \/ editor, diretores e organizadores<\/small><\/span><\/h3>\r\n    [vc_column_text]<strong>Presidente:<\/strong><\/p>\n<p>Luiz Augusto de Oliveira Junior<\/p>\n<p><strong>Coordena\u00e7\u00e3o Cient\u00edfica:<\/strong><\/p>\n<p>David Vallesp\u00edn P\u00e9rez <em>\u2013 Catedr\u00e1tico Derecho Procesal \u2013 Universitat de Barcelona<\/em>.<\/p>\n<p><strong>Coordena\u00e7\u00e3o Executiva:<\/strong><\/p>\n<p>Ivan Winters<\/p>\n<p>&nbsp;<\/p>\n<p><strong>Revista Internacional CONSINTER de Direito<\/strong><\/p>\n<p><strong>Editor:<\/strong><\/p>\n<p>David Vallesp\u00edn P\u00e9rez <em>\u2013 Catedr\u00e1tico Derecho Procesal \u2013 Universitat de Barcelona<\/em>.<\/p>\n<p><strong>Diretores:<\/strong><\/p>\n<p>Germ\u00e1n Barreiro Gonz\u00e1lez &#8211; <em>Catedr\u00e1tico Derecho del Trabajo \u2013 Universidad de Le\u00f3n<\/em>;<\/p>\n<p>Gon\u00e7alo S. de Melo Bandeira \u2013 Professor de Direito Penal &#8211; Universidade do Minho;<\/p>\n<p>Mar\u00eda Yolanda S\u00e1nchez-Ur\u00e1n Aza\u00f1a &#8211; <em>Catedr\u00e1tica Derecho del Trabajo \u2013 Universidad Complutense de Madrid<\/em>.<\/p>\n<p>&nbsp;<\/p>\n<p><strong>Libro: Direito e Justi\u00e7a<\/strong><\/p>\n<p><strong>Organizador:<\/strong><\/p>\n<p>David Vallesp\u00edn P\u00e9rez &#8211; Catedr\u00e1tico de Derecho Procesal &#8211; Universitat de Barcelona.[\/vc_column_text][\/vc_column][\/vc_row][vc_row section_id=&#8221;jobs&#8221; parallax_bg=&#8221;0&#8243; stellar_background_ratio=&#8221;0.6&#8243; css=&#8221;.vc_custom_1489434484261{margin-top: 0px !important;margin-bottom: 0px !important;border-top-width: 0px !important;border-bottom-width: 0px !important;padding-top: 70px !important;padding-bottom: 70px !important;}&#8221; el_class=&#8221;light&#8221;][vc_column]\r\n      <h3 class=\"section-title \"><span data-animation=\"flipInY\" data-animation-delay=\"300\" class=\"icon-inner\"><span class=\"fa-stack\"><i class=\"fa rhex fa-stack-2x\"><\/i><i class=\"fa fa-ticket fa-stack-1x\"><\/i><\/span><\/span><span data-animation=\"fadeInRight\" data-animation-delay=\"500\" class=\"title-inner\">Submiss\u00e3o dos trabalhos <small> \/ instru\u00e7\u00f5es gerais<\/small><\/span><\/h3>\r\n    [vc_column_text]<\/p>\n<h2><b>EVENTO ENCERRADO!<\/b><\/h2>\n<p>[\/vc_column_text][\/vc_column][\/vc_row][vc_row full_width=&#8221;stretch_row&#8221; section_id=&#8221;who&#8221; parallax_bg=&#8221;0&#8243; stellar_background_ratio=&#8221;0.6&#8243; css=&#8221;.vc_custom_1576007964500{margin-top: 0px !important;margin-bottom: 0px !important;border-top-width: 0px !important;border-bottom-width: 0px !important;padding-top: 70px !important;padding-bottom: 70px !important;background-color: #e0e0e0 !important;}&#8221;][vc_column]\r\n      <h3 class=\"section-title \"><span data-animation=\"flipInY\" data-animation-delay=\"300\" class=\"icon-inner\"><span class=\"fa-stack\"><i class=\"fa rhex fa-stack-2x\"><\/i><i class=\"fa fa-ticket fa-stack-1x\"><\/i><\/span><\/span><span data-animation=\"fadeInRight\" data-animation-delay=\"500\" class=\"title-inner\">CONVITE <small> \/ apresenta\u00e7\u00e3o e aut\u00f3grafos<\/small><\/span><\/h3>\r\n    [vc_single_image image=&#8221;933&#8243; img_size=&#8221;full&#8221; alignment=&#8221;center&#8221;][\/vc_column][\/vc_row][vc_row full_width=&#8221;stretch_row&#8221; section_id=&#8221;schedule&#8221; parallax_bg=&#8221;0&#8243; stellar_background_ratio=&#8221;0.6&#8243; css=&#8221;.vc_custom_1576008089039{margin-top: 0px !important;margin-bottom: 0px !important;border-top-width: 0px !important;border-bottom-width: 0px !important;padding-top: 70px !important;padding-bottom: 70px !important;}&#8221; el_id=&#8221;schedule&#8221; el_class=&#8221;color&#8221;][vc_column]\r\n      <h3 class=\"section-title \"><span data-animation=\"flipInY\" data-animation-delay=\"300\" class=\"icon-inner\"><span class=\"fa-stack\"><i class=\"fa rhex fa-stack-2x\"><\/i><i class=\"fa fa-ticket fa-stack-1x\"><\/i><\/span><\/span><span data-animation=\"fadeInRight\" data-animation-delay=\"500\" class=\"title-inner\">PROGRAMA\u00c7\u00c3O <small> \/ sujeito a altera\u00e7\u00f5es<\/small><\/span><\/h3>\r\n    [vc_column_text]<a href=\"https:\/\/consinter.org\/barcelona2019\/wp-content\/uploads\/sites\/20\/2019\/10\/programacao.pdf\" class=\"pdfemb-viewer\" style=\"\" data-width=\"max\" data-height=\"max\" data-toolbar=\"both\" data-toolbar-fixed=\"on\">programacao<\/a>[\/vc_column_text]<a href=\"https:\/\/consinter.org\/barcelona2019\/wp-content\/uploads\/sites\/20\/2019\/10\/programacao.pdf\" target='_blank' style=\"margin: 20px 0 0 0\"  class=\"btn btn-theme animated flipInY visible   \" data-animation=\"flipInY\" data-animation-delay=\"200\"><i class=\"fa \"><\/i> Download da programa\u00e7\u00e3o<\/a>[\/vc_column][\/vc_row][vc_row full_width=&#8221;stretch_row&#8221; section_id=&#8221;who&#8221; parallax_bg=&#8221;0&#8243; stellar_background_ratio=&#8221;0.6&#8243; css=&#8221;.vc_custom_1576007976227{margin-top: 0px !important;margin-bottom: 0px !important;border-top-width: 0px !important;border-bottom-width: 0px !important;padding-top: 70px !important;padding-bottom: 70px !important;background-color: #e0e0e0 !important;}&#8221; el_id=&#8221;who&#8221;][vc_column]\r\n      <h3 class=\"section-title \"><span data-animation=\"flipInY\" data-animation-delay=\"300\" class=\"icon-inner\"><span class=\"fa-stack\"><i class=\"fa rhex fa-stack-2x\"><\/i><i class=\"fa fa-ticket fa-stack-1x\"><\/i><\/span><\/span><span data-animation=\"fadeInRight\" data-animation-delay=\"500\" class=\"title-inner\">Apresenta\u00e7\u00e3o <small> \/ quem somos<\/small><\/span><\/h3>\r\n    [vc_column_text]<\/p>\n<p><strong>CONSINTER \u2013 CONSELHO INTERNACIONAL DE ESTUDOS CONTEMPOR\u00c2NEOS EM P\u00d3S-GRADUA\u00c7\u00c3O<\/strong><\/p>\n<p>O CONSINTER vem apresentar-se com o objetivo de promover o indiv\u00edduo enquanto agente construtor de seu destino e da sociedade em geral, convidando-o \u00e0 realiza\u00e7\u00e3o de um grande evento internacional em que os participantes dispor\u00e3o de espa\u00e7o para apresenta\u00e7\u00e3o oral dos seus artigos cient\u00edficos in\u00e9ditos, os quais corporificam os conhecimentos e experi\u00eancias adquiridos como resultado das pesquisas cient\u00edficas, com a possibilidade de sua publica\u00e7\u00e3o tanto no Brasil quanto na Europa, por meio impresso e digital.<\/p>\n<p>Defendemos que as publica\u00e7\u00f5es, quer sejam impressas ou digitais, enquanto substrato da cultura, s\u00e3o instrumentos eficazes para a democratiza\u00e7\u00e3o dos saberes, para a intera\u00e7\u00e3o entre os povos e para a consolida\u00e7\u00e3o do desenvolvimento humanit\u00e1rio, t\u00e9cnico e cient\u00edfico que impulsiona o processo civilizat\u00f3rio entre as diferentes culturas, permitindo a supera\u00e7\u00e3o dos limites impostos pela geografia e pelas normas, viabilizando que a integra\u00e7\u00e3o entre os povos se fa\u00e7a de forma \u00e9tica e sustent\u00e1vel, formando indiv\u00edduos reflexivos e aut\u00f4nomos, comprometidos com os mais elevados valores e princ\u00edpios.<\/p>\n<p>O CONSINTER caracteriza-se por ser uma institui\u00e7\u00e3o sem fins lucrativos, criada com o apoio e interveni\u00eancia da Editora Juru\u00e1 Ltda., empresa do ramo editorial com mais de 48 anos de atividade empresarial, notadamente reconhecida por sua tradi\u00e7\u00e3o na publica\u00e7\u00e3o de livros de alto n\u00edvel t\u00e9cnico e cient\u00edfico nas diversas \u00e1reas do conhecimento e que, expandindo suas fronteiras, h\u00e1 mais de 07 anos est\u00e1 presente na Europa atrav\u00e9s da Editorial Juru\u00e1 Ltda. com sede em Portugal, com uma gama de renomados e conceituados autores e conselheiros nacionais e estrangeiros.<\/p>\n<p>[\/vc_column_text][\/vc_column][\/vc_row][vc_row section_id=&#8221;sponsors&#8221; css=&#8221;.vc_custom_1448020638294{margin-top: 0px !important;margin-bottom: 0px !important;border-top-width: 0px !important;border-bottom-width: 0px !important;padding-top: 70px !important;padding-bottom: 70px !important;background-position: center !important;background-repeat: no-repeat !important;background-size: cover !important;}&#8221; fullwidth=&#8221;no&#8221; el_id=&#8221;sponsors&#8221; el_class=&#8221;text-center&#8221; parallax_bg=&#8221;0&#8243; stellar_background_ratio=&#8221;0.6&#8243;][vc_column]\r\n      <h3 class=\"section-title text-left\"><span data-animation=\"flipInY\" data-animation-delay=\"300\" class=\"icon-inner\"><span class=\"fa-stack\"><i class=\"fa rhex fa-stack-2x\"><\/i><i class=\"fa fa-thumbs-up fa-stack-1x\"><\/i><\/span><\/span><span data-animation=\"fadeInRight\" data-animation-delay=\"500\" class=\"title-inner\">Promo\u00e7\u00e3o <small> \/ apoio<\/small><\/span><\/h3>\r\n    \r\n      <div class=\"partners-carousel \"  data-animation=\"fadeInDown\" data-animation-delay=\"300\">\r\n          <div class=\"owl-carousel\" data-auto=\"true\" data-show_nav=\"true\" data-loop=\"true\" data-itemslide=\"3\" data-autoplaytimeout=\"5000\"><div><a href=\"http:\/\/www.consinter.org\/\" target=\"_blank\"><img decoding=\"async\" src=\"https:\/\/consinter.org\/barcelona2019\/wp-content\/uploads\/sites\/20\/2015\/11\/consinter.png\" alt=\"CONSINTER - Conselho Internacional de Estudos Contempor\u00e2neos em P\u00f3s-Gradua\u00e7\u00e3o\"\/><\/a><\/div><div><a href=\"http:\/\/www.jurua.com.br\" target=\"_blank\"><img decoding=\"async\" src=\"https:\/\/consinter.org\/barcelona2019\/wp-content\/uploads\/sites\/20\/2015\/11\/jurua.png\" alt=\"Juru\u00e1 Editora\"\/><\/a><\/div><div><a href=\"http:\/\/www.editorialjurua.com\" target=\"_blank\"><img decoding=\"async\" src=\"https:\/\/consinter.org\/barcelona2019\/wp-content\/uploads\/sites\/20\/2015\/11\/jurua-europa.png\" alt=\"Editorial Juru\u00e1 Europa\"\/><\/a><\/div><\/div>\r\n      <\/div>\r\n    [vc_text_separator title=&#8221;Apoio Europa&#8221; css=&#8221;.vc_custom_1552928075574{margin-top: 50px !important;}&#8221;]\r\n      <div class=\"partners-carousel \"  data-animation=\"fadeInDown\" data-animation-delay=\"300\">\r\n          <div class=\"owl-carousel\" data-auto=\"true\" data-show_nav=\"true\" data-loop=\"true\" data-itemslide=\"3\" data-autoplaytimeout=\"5000\"><div><a href=\"https:\/\/www.ub.edu\" target=\"_blank\"><img decoding=\"async\" src=\"https:\/\/consinter.org\/barcelona2019\/wp-content\/uploads\/sites\/20\/2019\/05\/ub.png\" alt=\"UB - Universitat de Barcelona\"\/><\/a><\/div><div><a href=\"https:\/\/www.uab.cat\/dret\/\" target=\"_blank\"><img decoding=\"async\" src=\"https:\/\/consinter.org\/barcelona2019\/wp-content\/uploads\/sites\/20\/2019\/03\/uab.png\" alt=\"UAB - Universitat Aut\u00f2noma de Barcelona - Facultat de Dret\"\/><\/a><\/div><div><a href=\"https:\/\/www.uspceu.com\/\" target=\"_blank\"><img decoding=\"async\" src=\"https:\/\/consinter.org\/barcelona2019\/wp-content\/uploads\/sites\/20\/2019\/03\/ceu.png\" alt=\"Universidad CEU San Pablo\"\/><\/a><\/div><div><a href=\"https:\/\/www.uib.cat\/\" target=\"_blank\"><img decoding=\"async\" src=\"https:\/\/consinter.org\/barcelona2019\/wp-content\/uploads\/sites\/20\/2019\/05\/uib.png\" alt=\"UIB - Universitat de les Illes Balears\"\/><\/a><\/div><div><a href=\"https:\/\/www.urjc.es\/\" target=\"_blank\"><img decoding=\"async\" src=\"https:\/\/consinter.org\/barcelona2019\/wp-content\/uploads\/sites\/20\/2019\/03\/urjc.png\" alt=\"Universidad Rey Ruan Carlos\"\/><\/a><\/div><div><a href=\"https:\/\/www.europeia.pt\" target=\"_blank\"><img decoding=\"async\" src=\"https:\/\/consinter.org\/barcelona2019\/wp-content\/uploads\/sites\/20\/2019\/10\/ue-lisboa.png\" alt=\"Universidade Europeia - Ensino Superior Lisboa\"\/><\/a><\/div><div><a href=\"https:\/\/www.abogacia.es\/\" target=\"_blank\"><img decoding=\"async\" src=\"https:\/\/consinter.org\/barcelona2019\/wp-content\/uploads\/sites\/20\/2019\/08\/abogacia.png\" alt=\"Abogac\u00eda Espa\u00f1ola Consejo General\"\/><\/a><\/div><\/div>\r\n      <\/div>\r\n    [vc_text_separator title=&#8221;Apoio Brasil&#8221; css=&#8221;.vc_custom_1552928064744{margin-top: 50px !important;}&#8221;]\r\n      <div class=\"partners-carousel \"  data-animation=\"fadeInDown\" data-animation-delay=\"300\">\r\n          <div class=\"owl-carousel\" data-auto=\"true\" data-show_nav=\"true\" data-loop=\"true\" data-itemslide=\"3\" data-autoplaytimeout=\"5000\"><div><a href=\"https:\/\/www.ajufe.org.br\/\" target=\"_blank\"><img decoding=\"async\" src=\"https:\/\/consinter.org\/barcelona2019\/wp-content\/uploads\/sites\/20\/2019\/02\/ajufe.png\" alt=\"AJUFE - Associa\u00e7\u00e3o dos Ju\u00edzes Federais do Brasil\"\/><\/a><\/div><div><a href=\"http:\/\/ajufer.org.br\/\" target=\"_blank\"><img decoding=\"async\" src=\"https:\/\/consinter.org\/barcelona2019\/wp-content\/uploads\/sites\/20\/2019\/04\/ajufer.png\" alt=\"AJUFER - Associa\u00e7\u00e3o dos Ju\u00edzes Federais da Primeira Regi\u00e3o\"\/><\/a><\/div><div><a href=\"https:\/\/www.ajufergs.org.br\/\" target=\"_blank\"><img decoding=\"async\" src=\"https:\/\/consinter.org\/barcelona2019\/wp-content\/uploads\/sites\/20\/2019\/05\/ajufergs-1.png\" alt=\"AJUFERGS - Associa\u00e7\u00e3o dos Ju\u00edzes Federais do Rio Grande do Sul\"\/><\/a><\/div><div><a href=\"https:\/\/www.esmafe.org.br\" target=\"_blank\"><img decoding=\"async\" src=\"https:\/\/consinter.org\/barcelona2019\/wp-content\/uploads\/sites\/20\/2019\/05\/esmafers-1.png\" alt=\"ESMAFERS - Escola dos Ju\u00edzes Federais do Rio Grande do Sul\"\/><\/a><\/div><div><a href=\"http:\/\/www.amb.com.br\/\" target=\"_blank\"><img decoding=\"async\" src=\"https:\/\/consinter.org\/barcelona2019\/wp-content\/uploads\/sites\/20\/2019\/03\/amb.png\" alt=\"AMB - Associa\u00e7\u00e3o dos Magistrados Brasileiros\"\/><\/a><\/div><div><a href=\"http:\/\/www.enm.org.br\/\" target=\"_blank\"><img decoding=\"async\" src=\"https:\/\/consinter.org\/barcelona2019\/wp-content\/uploads\/sites\/20\/2019\/03\/enm.png\" alt=\"ENM - Escola Nacional da Magistratura\"\/><\/a><\/div><div><a href=\"https:\/\/apamagis.com.br\/institucional\/\" target=\"_blank\"><img decoding=\"async\" src=\"https:\/\/consinter.org\/barcelona2019\/wp-content\/uploads\/sites\/20\/2019\/02\/apamagis.png\" alt=\"APAMAGIS - Associa\u00e7\u00e3o Paulista de Magistrados\"\/><\/a><\/div><div><a href=\"http:\/\/amaerj.org.br\/\" target=\"_blank\"><img decoding=\"async\" src=\"https:\/\/consinter.org\/barcelona2019\/wp-content\/uploads\/sites\/20\/2019\/03\/amaerj.png\" alt=\"AMAERJ - Associa\u00e7\u00e3o de Magistrados do Estado do Rio de Janeiro\"\/><\/a><\/div><div><a href=\"http:\/\/www.amapar.com.br\/\" target=\"_blank\"><img decoding=\"async\" src=\"https:\/\/consinter.org\/barcelona2019\/wp-content\/uploads\/sites\/20\/2019\/03\/amapar.png\" alt=\"Amapar - Associa\u00e7\u00e3o dos Magistrados do Paran\u00e1\"\/><\/a><\/div><div><a href=\"http:\/\/www.emap.com.br\/\" target=\"_blank\"><img decoding=\"async\" src=\"https:\/\/consinter.org\/barcelona2019\/wp-content\/uploads\/sites\/20\/2019\/04\/emap.png\" alt=\"EMAP - Escola da Magistratura do Paran\u00e1\"\/><\/a><\/div><div><a href=\"http:\/\/www.amab.com.br\/\" target=\"_blank\"><img decoding=\"async\" src=\"https:\/\/consinter.org\/barcelona2019\/wp-content\/uploads\/sites\/20\/2019\/04\/amab.png\" alt=\"AMAB - Associa\u00e7\u00e3o dos Magistrados da Bahia\"\/><\/a><\/div><div><a href=\"http:\/\/www.amepe.com.br\/site\/\" target=\"_blank\"><img decoding=\"async\" src=\"https:\/\/consinter.org\/barcelona2019\/wp-content\/uploads\/sites\/20\/2019\/02\/amepe.png\" alt=\"AMEPE - Associa\u00e7\u00e3o dos Magistrados do Estado de Pernambuco\"\/><\/a><\/div><div><a href=\"https:\/\/amarn.com.br\/\" target=\"_blank\"><img decoding=\"async\" src=\"https:\/\/consinter.org\/barcelona2019\/wp-content\/uploads\/sites\/20\/2019\/02\/amarn.png\" alt=\"AMARN \u2013 Associa\u00e7\u00e3o dos Magistrados do RN\"\/><\/a><\/div><div><a href=\"https:\/\/www.amatra1.com.br\/\" target=\"_blank\"><img decoding=\"async\" src=\"https:\/\/consinter.org\/barcelona2019\/wp-content\/uploads\/sites\/20\/2019\/03\/amatra1.png\" alt=\"Amatra 1 - Associa\u00e7\u00e3o dos Magistrados da Justi\u00e7a do Trabalho da 1\u00aa Regi\u00e3o\"\/><\/a><\/div><div><a href=\"http:\/\/www.amatra6.com.br\/\" target=\"_blank\"><img decoding=\"async\" src=\"https:\/\/consinter.org\/barcelona2019\/wp-content\/uploads\/sites\/20\/2019\/03\/amatra6.png\" alt=\"Amatra VI - Associa\u00e7\u00e3o dos Magistrados da Justi\u00e7a do Trabalho da 6\u00aa Regi\u00e3o\"\/><\/a><\/div><div><a href=\"http:\/\/www.amatra9.org.br\/\" target=\"_blank\"><img decoding=\"async\" src=\"https:\/\/consinter.org\/barcelona2019\/wp-content\/uploads\/sites\/20\/2019\/02\/amatra9.png\" alt=\"AMATRA9 - Associa\u00e7\u00e3o dos Magistrados do Trabalho da 9\u00aa Regi\u00e3o\"\/><\/a><\/div><div><a href=\"http:\/\/www.ematra9.org.br\/\" target=\"_blank\"><img decoding=\"async\" src=\"https:\/\/consinter.org\/barcelona2019\/wp-content\/uploads\/sites\/20\/2019\/02\/ematra9.png\" alt=\"EMATRA9 - Escola da Associa\u00e7\u00e3o dos Magistrados do Trabalho do Paran\u00e1\"\/><\/a><\/div><div><a href=\"http:\/\/acmag.org.br\/\" target=\"_blank\"><img decoding=\"async\" src=\"https:\/\/consinter.org\/barcelona2019\/wp-content\/uploads\/sites\/20\/2019\/04\/acm.png\" alt=\"ACM - Associa\u00e7\u00e3o Cearense de Magistrados\"\/><\/a><\/div><div><a href=\"http:\/\/www.rejufe.org.br\/\" target=\"_blank\"><img decoding=\"async\" src=\"https:\/\/consinter.org\/barcelona2019\/wp-content\/uploads\/sites\/20\/2019\/02\/rejufe.png\" alt=\"REJUFE - Associa\u00e7\u00e3o dos Ju\u00edzes Federais de 5\u00aa Regi\u00e3o\"\/><\/a><\/div><div><a href=\"https:\/\/www.anadep.org.br\/\" target=\"_blank\"><img decoding=\"async\" src=\"https:\/\/consinter.org\/barcelona2019\/wp-content\/uploads\/sites\/20\/2019\/02\/anadep.png\" alt=\"ANADEP - Associa\u00e7\u00e3o Nacional das Defensoras e Defensores P\u00fablicos\"\/><\/a><\/div><div><a href=\"https:\/\/www.anadep.org.br\/wtk\/pagina\/enadep\" target=\"_blank\"><img decoding=\"async\" src=\"https:\/\/consinter.org\/barcelona2019\/wp-content\/uploads\/sites\/20\/2019\/02\/enadep.png\" alt=\"ENADEP - Escola Nacional das Defensoras e Defensores P\u00fablicos do Brasil\"\/><\/a><\/div><div><a href=\"https:\/\/www.conamp.org.br\/pt\/\" target=\"_blank\"><img decoding=\"async\" src=\"https:\/\/consinter.org\/barcelona2019\/wp-content\/uploads\/sites\/20\/2019\/03\/conamp.png\" alt=\"CONAMP - Associa\u00e7\u00e3o Nacional dos Membros do M\u00ednist\u00e9rio P\u00fablico\"\/><\/a><\/div><div><a href=\"http:\/\/ena.oab.org.br\/\" target=\"_blank\"><img decoding=\"async\" src=\"https:\/\/consinter.org\/barcelona2019\/wp-content\/uploads\/sites\/20\/2019\/04\/oab-ena-1.png\" alt=\"OAB-CF\/ENA - Conselho Federal e Escola Nacional da Advocacia\"\/><\/a><\/div><div><a href=\"http:\/\/www.oabrj.org.br\/\" target=\"_blank\"><img decoding=\"async\" src=\"https:\/\/consinter.org\/barcelona2019\/wp-content\/uploads\/sites\/20\/2019\/03\/oabrj.png\" alt=\"OAB Rio de Janeiro\"\/><\/a><\/div><div><a href=\"http:\/\/esa.oabrj.org.br\/\" target=\"_blank\"><img decoding=\"async\" src=\"https:\/\/consinter.org\/barcelona2019\/wp-content\/uploads\/sites\/20\/2019\/03\/esarj.png\" alt=\"ESA-RJ - Escola Superior de Advocacia RJ\"\/><\/a><\/div><div><a href=\"https:\/\/www.oabpr.org.br\/\" target=\"_blank\"><img decoding=\"async\" src=\"https:\/\/consinter.org\/barcelona2019\/wp-content\/uploads\/sites\/20\/2019\/05\/oabpr.png\" alt=\"OAB-PR - Ordem dos Advogados do Paran\u00e1\"\/><\/a><\/div><div><a href=\"esa.sites.oabpr.org.br\/\" target=\"_blank\"><img decoding=\"async\" src=\"https:\/\/consinter.org\/barcelona2019\/wp-content\/uploads\/sites\/20\/2019\/05\/esa.png\" alt=\"ESA-PR - Escola Superior de Advocacia do Paran\u00e1\"\/><\/a><\/div><div><a href=\"https:\/\/www.aasp.org.br\/\" target=\"_blank\"><img decoding=\"async\" src=\"https:\/\/consinter.org\/barcelona2019\/wp-content\/uploads\/sites\/20\/2019\/02\/aasp-1.png\" alt=\"AASP - Associa\u00e7\u00e3o dos Advogados de S\u00e3o Paulo\"\/><\/a><\/div><div><a href=\"http:\/\/www.wp.ibrajus.org.br\/\" target=\"_blank\"><img decoding=\"async\" src=\"https:\/\/consinter.org\/barcelona2019\/wp-content\/uploads\/sites\/20\/2019\/03\/ibrajus.png\" alt=\"IBRAJUS - Instituto Brasileiro de Administra\u00e7\u00e3o do Sistema Judici\u00e1rio\"\/><\/a><\/div><div><a href=\"http:\/\/www.idp.edu.br\/\" target=\"_blank\"><img decoding=\"async\" src=\"https:\/\/consinter.org\/barcelona2019\/wp-content\/uploads\/sites\/20\/2019\/04\/idp.png\" alt=\"IDP - Instituto Brasiliense de Direito P\u00fablico\"\/><\/a><\/div><div><a href=\"https:\/\/direitorio.fgv.br\/\" target=\"_blank\"><img decoding=\"async\" src=\"https:\/\/consinter.org\/barcelona2019\/wp-content\/uploads\/sites\/20\/2019\/02\/fgv_direito_rio.png\" alt=\"FGV Direito Rio\"\/><\/a><\/div><div><a href=\"https:\/\/www.epd.edu.br\/\" target=\"_blank\"><img decoding=\"async\" src=\"https:\/\/consinter.org\/barcelona2019\/wp-content\/uploads\/sites\/20\/2019\/02\/epd.png\" alt=\"EPD - Escola Paulista de Direito\"\/><\/a><\/div><div><a href=\"https:\/\/unisal.br\/\" target=\"_blank\"><img decoding=\"async\" src=\"https:\/\/consinter.org\/barcelona2019\/wp-content\/uploads\/sites\/20\/2019\/02\/unisal.png\" alt=\"UNISAL - Centro Universit\u00e1rio Salesiano de S\u00e3o Paulo\"\/><\/a><\/div><div><a href=\"http:\/\/www.unicuritiba.edu.br\/\" target=\"_blank\"><img decoding=\"async\" src=\"https:\/\/consinter.org\/barcelona2019\/wp-content\/uploads\/sites\/20\/2019\/02\/unicuritiba.png\" alt=\"UNICURITIBA - Centro Universit\u00e1rio Curitiba\"\/><\/a><\/div><div><a href=\"https:\/\/www.unibrasil.com.br\/\" target=\"_blank\"><img decoding=\"async\" src=\"https:\/\/consinter.org\/barcelona2019\/wp-content\/uploads\/sites\/20\/2019\/02\/unibrasil.png\" alt=\"UniBrasil Centro Universit\u00e1rio\"\/><\/a><\/div><div><a href=\"http:\/\/www.unipar.br\/\" target=\"_blank\"><img decoding=\"async\" src=\"https:\/\/consinter.org\/barcelona2019\/wp-content\/uploads\/sites\/20\/2019\/03\/unipar.png\" alt=\"UNIPAR - Universidade Paranaense\"\/><\/a><\/div><div><a href=\"http:\/\/domhelder.edu.br\/\" target=\"_blank\"><img decoding=\"async\" src=\"https:\/\/consinter.org\/barcelona2019\/wp-content\/uploads\/sites\/20\/2019\/03\/domhelder.png\" alt=\"DOM HELDER - Escola de Direito\"\/><\/a><\/div><div><a href=\"http:\/\/portal.estacio.br\/\" target=\"_blank\"><img decoding=\"async\" src=\"https:\/\/consinter.org\/barcelona2019\/wp-content\/uploads\/sites\/20\/2019\/06\/unesa.png\" alt=\"UNESA - Universidade Est\u00e1cio de S\u00e1\"\/><\/a><\/div><\/div>\r\n      <\/div>\r\n    [vc_text_separator title=&#8221;Operadora de Turismo&#8221; css=&#8221;.vc_custom_1556042380231{margin-top: 50px !important;}&#8221;]\r\n      <div class=\"partners-carousel \"  data-animation=\"fadeInDown\" data-animation-delay=\"300\">\r\n          <div class=\"owl-carousel\" data-auto=\"false\" data-show_nav=\"false\" data-loop=\"false\" data-itemslide=\"2\" data-autoplaytimeout=\"5000\"><div><a href=\"http:\/\/www.frmviagens.tur.br\/\" target=\"_blank\"><img decoding=\"async\" src=\"https:\/\/consinter.org\/barcelona2019\/wp-content\/uploads\/sites\/20\/2019\/04\/frm.png\" alt=\"FRM Operadora de Turismo\"\/><\/a><\/div><div><a href=\"https:\/\/consinter.org\/barcelona2019\/wp-content\/uploads\/sites\/20\/2019\/04\/frm-pacotes.pdf\" target=\"_blank\"><img decoding=\"async\" src=\"https:\/\/consinter.org\/barcelona2019\/wp-content\/uploads\/sites\/20\/2019\/04\/frm-pacotes.png\" alt=\"FRM Operadora de Turismo - Pacotes Promocionais\"\/><\/a><\/div><\/div>\r\n      <\/div>\r\n    [\/vc_column][\/vc_row][vc_row full_width=&#8221;stretch_row&#8221; css=&#8221;.vc_custom_1576007987868{padding-top: 70px !important;padding-bottom: 70px !important;background-color: #e0e0e0 !important;}&#8221;][vc_column]\r\n      <h3 class=\"section-title \"><span data-animation=\"flipInY\" data-animation-delay=\"0\" class=\"icon-inner\"><span class=\"fa-stack\"><i class=\"fa rhex fa-stack-2x\"><\/i><i class=\"fa fa-user fa-stack-1x\"><\/i><\/span><\/span><span data-animation=\"fadeInRight\" data-animation-delay=\"500\" class=\"title-inner\">INFORMATIVOS <small> \/ confira nossos informativos dos eventos anteriores<\/small><\/span><\/h3>\r\n    [vc_row_inner][vc_column_inner width=&#8221;1\/2&#8243;][vc_single_image image=&#8221;801&#8243; img_size=&#8221;full&#8221; alignment=&#8221;center&#8221; onclick=&#8221;custom_link&#8221; img_link_target=&#8221;_blank&#8221; link=&#8221;https:\/\/consinter.org\/wp-content\/uploads\/2019\/05\/CONSINTER-Informativo-2019.pdf&#8221; css=&#8221;.vc_custom_1558547957023{padding-top: 10px !important;padding-right: 10px !important;padding-bottom: 10px !important;padding-left: 10px !important;}&#8221;][\/vc_column_inner][vc_column_inner width=&#8221;1\/2&#8243;][vc_single_image image=&#8221;802&#8243; img_size=&#8221;full&#8221; alignment=&#8221;center&#8221; onclick=&#8221;custom_link&#8221; img_link_target=&#8221;_blank&#8221; link=&#8221;https:\/\/consinter.org\/wp-content\/uploads\/2019\/02\/CONSINTER-Informativo-2018.pdf&#8221; css=&#8221;.vc_custom_1558547974725{padding-top: 10px !important;padding-right: 10px !important;padding-bottom: 10px !important;padding-left: 10px !important;}&#8221;][\/vc_column_inner][\/vc_row_inner][\/vc_column][\/vc_row][vc_row section_id=&#8221;pictures&#8221; el_id=&#8221;pictures&#8221; css=&#8221;.vc_custom_1558548162928{padding-top: 70px !important;padding-bottom: 70px !important;}&#8221;][vc_column]\r\n      <h3 class=\"section-title \"><span data-animation=\"flipInY\" data-animation-delay=\"0\" class=\"icon-inner\"><span class=\"fa-stack\"><i class=\"fa rhex fa-stack-2x\"><\/i><i class=\"fa fa-user fa-stack-1x\"><\/i><\/span><\/span><span data-animation=\"fadeInRight\" data-animation-delay=\"500\" class=\"title-inner\">FOTOS E V\u00cdDEO <small> \/ Confira algumas fotos\/v\u00eddeo do evento de Madrid 2018<\/small><\/span><\/h3>\r\n    [vc_gallery type=&#8221;image_grid&#8221; images=&#8221;777,776,775,774,773,772,771,770,769&#8243;]<a href=\"https:\/\/www.facebook.com\/consinter\/photos\/?tab=albums\" target='_blank' style=\"margin: 0 0 35px 0\"  class=\"btn btn-theme animated flipInY visible   \" data-animation=\"flipInY\" data-animation-delay=\"200\"><i class=\"fa \"><\/i> Acessar \u00e1lbum de fotos<\/a>[vc_video link=&#8221;https:\/\/www.youtube.com\/watch?v=FWUmvDisEG8&#8243; align=&#8221;center&#8221;][\/vc_column][\/vc_row]<\/p>\n<\/div>","protected":false},"excerpt":{"rendered":"<p>[vc_row full_width=&#8221;stretch_row&#8221; section_id=&#8221;home&#8221; fullwidth=&#8221;no&#8221; bg_image_custom=&#8221;121&#8243; el_id=&#8221;home&#8221; css=&#8221;.vc_custom_1576008067855{margin-top: 0px !important;margin-bottom: 0px !important;border-top-width: 0px !important;border-bottom-width: 0px !important;padding-top: 0px !important;padding-bottom: 0px !important;background-image: url(https:\/\/consinter.org\/barcelona2019\/wp-content\/uploads\/sites\/20\/2019\/05\/fundo.jpg?id=753) !important;background-position: center !important;background-repeat: no-repeat !important;background-size: cover !important;}&#8221; parallax_bg=&#8221;1&#8243; stellar_background_ratio=&#8221;0.6&#8243;][vc_column css=&#8221;.vc_custom_1417507329606{padding-bottom: 0px !important;}&#8221;][\/vc_column][\/vc_row][vc_row section_id=&#8221;about&#8221; css=&#8221;.vc_custom_1428394403301{margin-top: 0px !important;margin-bottom: 0px !important;border-top-width: 0px !important;border-bottom-width: 0px !important;padding-top:<\/p>\n","protected":false},"author":1,"featured_media":0,"parent":0,"menu_order":0,"comment_status":"closed","ping_status":"closed","template":"home_template.php","meta":{"_acf_changed":false,"footnotes":""},"class_list":["post-9","page","type-page","status-publish","hentry"],"acf":[],"_links":{"self":[{"href":"https:\/\/consinter.org\/barcelona2019\/wp-json\/wp\/v2\/pages\/9","targetHints":{"allow":["GET"]}}],"collection":[{"href":"https:\/\/consinter.org\/barcelona2019\/wp-json\/wp\/v2\/pages"}],"about":[{"href":"https:\/\/consinter.org\/barcelona2019\/wp-json\/wp\/v2\/types\/page"}],"author":[{"embeddable":true,"href":"https:\/\/consinter.org\/barcelona2019\/wp-json\/wp\/v2\/users\/1"}],"replies":[{"embeddable":true,"href":"https:\/\/consinter.org\/barcelona2019\/wp-json\/wp\/v2\/comments?post=9"}],"version-history":[{"count":1,"href":"https:\/\/consinter.org\/barcelona2019\/wp-json\/wp\/v2\/pages\/9\/revisions"}],"predecessor-version":[{"id":968,"href":"https:\/\/consinter.org\/barcelona2019\/wp-json\/wp\/v2\/pages\/9\/revisions\/968"}],"wp:attachment":[{"href":"https:\/\/consinter.org\/barcelona2019\/wp-json\/wp\/v2\/media?parent=9"}],"curies":[{"name":"wp","href":"https:\/\/api.w.org\/{rel}","templated":true}]}}