{"id":114,"date":"2025-02-11T16:09:00","date_gmt":"2025-02-11T19:09:00","guid":{"rendered":"https:\/\/consinter.org\/evento2025\/?page_id=114"},"modified":"2025-11-05T13:18:18","modified_gmt":"2025-11-05T16:18:18","slug":"congresso","status":"publish","type":"page","link":"https:\/\/consinter.org\/2025\/","title":{"rendered":"Home"},"content":{"rendered":"<div class=\"wpb-content-wrapper\"><p>[vc_row full_width=&#8221;stretch_row_content_no_spaces&#8221; fullwidth=&#8221;no&#8221; bg_image_custom=&#8221;121&#8243; el_id=&#8221;home&#8221; css=&#8221;.vc_custom_1754672191252{margin-top: 25px !important;margin-bottom: 0px !important;border-top-width: 0px !important;border-bottom-width: 0px !important;padding-top: 0px !important;padding-bottom: 0px !important;background-color: #2D476E !important;background-position: center !important;background-repeat: no-repeat !important;background-size: cover !important;}&#8221; parallax_bg=&#8221;1&#8243; stellar_background_ratio=&#8221;0.6&#8243; el_class=&#8221;text-center&#8221;][vc_column css=&#8221;.vc_custom_1740761449061{padding-bottom: 0px !important;}&#8221;][vc_single_image image=&#8221;568&#8243; img_size=&#8221;full&#8221; alignment=&#8221;center&#8221; css_animation=&#8221;none&#8221; css=&#8221;&#8221;][\/vc_column][\/vc_row][vc_row full_width=&#8221;stretch_row_content_no_spaces&#8221; fullwidth=&#8221;no&#8221; bg_image_custom=&#8221;121&#8243; el_id=&#8221;&#8221; css=&#8221;.vc_custom_1759401452385{margin-top: 25px !important;margin-bottom: 0px !important;border-top-width: 0px !important;border-bottom-width: 0px !important;padding-top: 0px !important;padding-bottom: 0px !important;background-position: center !important;background-repeat: no-repeat !important;background-size: cover !important;}&#8221; parallax_bg=&#8221;1&#8243; stellar_background_ratio=&#8221;0.6&#8243; el_class=&#8221;text-center hidden&#8221;][vc_column css=&#8221;.vc_custom_1740761449061{padding-bottom: 0px !important;}&#8221;]<a href=\"#pucpr\"  style=\"margin: \"  class=\"btn btn-theme animated flipInY visible   \" data-animation=\"flipInY\" data-animation-delay=\"200\"><i class=\"fa \"><\/i> CLIQUE E CONFIRA O LOCAL DO CONGRESSO NA PUCPR - CURITIBA<\/a>[\/vc_column][\/vc_row][vc_row section_id=&#8221;about&#8221; css=&#8221;.vc_custom_1740768203895{margin-top: 0px !important;margin-bottom: 0px !important;border-top-width: 0px !important;border-bottom-width: 0px !important;padding-top: 40px !important;padding-bottom: 00px !important;}&#8221; fullwidth=&#8221;no&#8221; el_id=&#8221;about&#8221; parallax_bg=&#8221;0&#8243; stellar_background_ratio=&#8221;0.6&#8243;][vc_column]\r\n      <h3 class=\"section-title \"><span data-animation=\"flipInY\" data-animation-delay=\"0\" class=\"icon-inner\"><span class=\"fa-stack\"><i class=\"fa crcle fa-stack-2x\"><\/i><i class=\"fa fa-star fa-stack-1x\"><\/i><\/span><\/span><span data-animation=\"fadeInRight\" data-animation-delay=\"500\" class=\"title-inner\">CONGRESSOS E EDITAL <small> \/ objetivo, justifica\u00e7\u00e3o, p\u00fablico e informa\u00e7\u00f5es \u00fateis<\/small><\/span><\/h3>\r\n    [\/vc_column][vc_column][vc_column_text css=&#8221;.vc_custom_1753136004581{margin-bottom: 15px !important;}&#8221;]<\/p>\n<p class=\"alignright selos\"><img decoding=\"async\" class=\"shadow\" style=\"margin-right: 10px;\" src=\"http:\/\/consinter.org\/madrid2024\/wp-content\/uploads\/sites\/35\/2024\/05\/300X300-SELOS-QUALIS-A3-DOURADO.png\" alt=\"\" width=\"200\" height=\"auto\" \/><img loading=\"lazy\" decoding=\"async\" class=\"alignnone wp-image-131\" src=\"http:\/\/consinter.org\/madrid2024\/wp-content\/uploads\/sites\/35\/2024\/05\/SELO-SPI-DOURADO-PTBR-COM-NOME-EDITORA.png\" alt=\"\" width=\"200\" height=\"200\" \/><\/p>\n<p class=\"alignright selos\"><img decoding=\"async\" style=\"margin-right: 10px;\" src=\"https:\/\/consinter.org\/edital2023\/wp-content\/uploads\/sites\/31\/2023\/01\/revista-g-211x300.jpg\" alt=\"\" width=\"200\" height=\"auto\" \/><img decoding=\"async\" src=\"https:\/\/consinter.org\/edital2023\/wp-content\/uploads\/sites\/31\/2023\/01\/livro-g-211x300.jpg\" alt=\"\" width=\"200\" height=\"auto\" \/><\/p>\n<p><strong>NOMENCLATURA<\/strong><\/p>\n<p>O Conselho Internacional de Estudos Contempor\u00e2neos em P\u00f3s-Gradua\u00e7\u00e3o \u2013 CONSINTER \u00e9 uma institui\u00e7\u00e3o sem fins lucrativos, que tem como objetivo promover a autonomia individual para que, de forma construtiva e integradora, o indiv\u00edduo possa melhorar o seu pr\u00f3prio destino e o da sociedade em geral.<\/p>\n<p>Com o objetivo de abrir um convite aberto para um grande evento internacional, o CONSINTER realiza anualmente Simp\u00f3sios Jur\u00eddicos na Espanha nos quais os participantes podem apresentar oralmente suas contribui\u00e7\u00f5es cient\u00edficas originais com possibilidade de publica\u00e7\u00e3o em uma de suas obras internacionais oficiais, considerando sua publica\u00e7\u00e3o tanto na Europa quanto no Brasil. Essas obras s\u00e3o:<\/p>\n<p>A Revista Internacional CONSINTER de Direito com o QUALIS A3 e o livro <em>Direito e Justi\u00e7a<\/em> s\u00e3o publicados pela Editorial Juru\u00e1, que \u00e9 a \u00fanica editora luso-brasileira que consta no SPI (<em>Scholarly Publishers Indicators<\/em>) \u2013 ranking internacional que indica o prest\u00edgio editorial e qualifica o \u00edndice de impacto de todas as editoras que est\u00e3o presentes na Espanha.<\/p>\n<p>Em rela\u00e7\u00e3o ao evento, antes conhecido como Simp\u00f3sio Internacional, agora ser\u00e1 denominado Congresso Internacional devido ao crescimento e amplitude de temas.<\/p>\n<p><strong id=\"sub-presentation\">\u00a0<\/strong><\/p>\n<p><strong>\u00a0<\/strong><\/p>\n<p><strong id=\"\">APRESENTA\u00c7\u00c3O <\/strong><\/p>\n<p>A raz\u00e3o de ser do CONSINTER \u00e9 promover a autonomia individual para que, de forma construtiva e integradora, o indiv\u00edduo possa melhorar o pr\u00f3prio destino e o da sociedade em geral.<\/p>\n<p><strong id=\"sub-congressos\">\u00a0<\/strong><\/p>\n<p><strong>\u00a0<\/strong><\/p>\n<p><strong id=\"\">SOBRE OS CONGRESSOS<\/strong><\/p>\n<p>O CONSINTER realizar\u00e1 suas 12\u00aa e 13\u00aa edi\u00e7\u00f5es em 2025, sendo:<\/p>\n<p><strong>XII Congresso Internacional de Direito CONSINTER \u2013 de 27 a 28 de agosto de 2025 na PUCPR Curitiba;<\/strong><\/p>\n<p><strong>XIII Congresso Internacional de Direito CONSINTER \u2013 <em>Universitat de Barcelona<\/em> \u2013 de 22 a 24 de outubro de 2025 na <em>Universitat de Barcelona<\/em>.<\/strong><\/p>\n<p>Os eventos do CONSINTER contar\u00e3o com palestras de professores e juristas internacionais e nacionais, bem como grupos de trabalho com as enriquecedoras apresenta\u00e7\u00f5es orais de artigos cient\u00edficos desenvolvidos por estudiosos do Direito, reunindo professores e alunos de gradua\u00e7\u00e3o, p\u00f3s-gradua\u00e7\u00e3o (p\u00f3s-graduandos, mestrandos e doutorandos), pesquisadores, advogados, magistrados, membros do Minist\u00e9rio P\u00fablico brasileiros e ibero-americanos, oportunidade em que discutir\u00e3o os resultados dos seus trabalhos e trocar\u00e3o conhecimentos.<\/p>\n<p><strong>A participa\u00e7\u00e3o poder\u00e1 ocorrer das seguintes formas:<\/strong><\/p>\n<ul>\n<li>Somente a submiss\u00e3o do artigo;<\/li>\n<li>Submiss\u00e3o do artigo + apresenta\u00e7\u00e3o oral nos Congressos acima mencionados;<\/li>\n<li>Como ouvinte, sem envio de artigo, com a possibilidade de debater os temas apresentados.<\/li>\n<\/ul>\n<p>O Congresso do CONSINTER \u00e9 hoje reconhecido por todos como o mais representativo encontro realizado na Espanha, reunindo juristas sul-americanos e europeus.<\/p>\n<p>A par ainda deste honroso reconhecimento, os Congressos propiciam efetivo e proveitoso congra\u00e7amento e integra\u00e7\u00e3o de operadores do Direito, herdeiros da cultura luso-espanhola. \u00c9 uma oportunidade excepcional para apresenta\u00e7\u00e3o e publica\u00e7\u00e3o de estudos cient\u00edficos in\u00e9ditos e networking internacional.<\/p>\n<p>Al\u00e9m do mais, o CONSINTER e a Juru\u00e1 juntos oportunizam aos autores, coordenadores, diretores e\/ou colaboradores de obras da Juru\u00e1 Brasil ou Europa lan\u00e7arem suas obras em uma bela manh\u00e3 de aut\u00f3grafos durante os Congressos.<\/p>\n<p><strong id=\"sub-edital\">\u00a0<\/strong><\/p>\n<p><strong>\u00a0<\/strong><\/p>\n<p><strong id=\"\">SOBRE O EDITAL<\/strong><\/p>\n<p>O presente Edital abre a chamada para submiss\u00e3o de artigos cient\u00edficos para poss\u00edvel publica\u00e7\u00e3o em uma das obras oficiais do CONSINTER, nas edi\u00e7\u00f5es subsequentes e sua apresenta\u00e7\u00e3o oral desde que aprovados.<\/p>\n<p>Fica a crit\u00e9rio do Comit\u00ea Organizador a indica\u00e7\u00e3o e o n\u00famero da Revista ou do Livro do CONSINTER em que o artigo aprovado ser\u00e1 publicado.<\/p>\n<p>A indica\u00e7\u00e3o observa in\u00fameros fatores, desde a ordem cronol\u00f3gica da data de recebimento at\u00e9 a data de devolu\u00e7\u00e3o ap\u00f3s efetuadas as corre\u00e7\u00f5es quando solicitadas, entre outros crit\u00e9rios.<\/p>\n<p>A data da publica\u00e7\u00e3o do artigo n\u00e3o est\u00e1 vinculada \u00e0 data do edital convocat\u00f3rio, nem \u00e0 data do evento, podendo ser publicado posteriormente \u00e0 realiza\u00e7\u00e3o deste.<\/p>\n<p>O acesso na \u00edntegra aos artigos publicados na Revista Internacional CONSINTER de Direito (<strong>QUALIS A3<\/strong>) \u00e9 gratuito. <a href=\"https:\/\/revistaconsinter.com\/edicoes-anteriores\">Clique aqui<\/a> <a href=\"https:\/\/revistaconsinter.com\/edicoes-anteriores\/\">(<\/a><a href=\"https:\/\/revistaconsinter.com\/edicoes-anteriores\/\">https:\/\/revistaconsinter.com\/edicoes<\/a><a href=\"https:\/\/revistaconsinter.com\/edicoes-anteriores\/\">&#8211;<\/a><a href=\"https:\/\/revistaconsinter.com\/edicoes-anteriores\/\">anteriores\/<\/a><a href=\"https:\/\/revistaconsinter.com\/edicoes-anteriores\/\">)<\/a><u>,<\/u> conhe\u00e7a todas as edi\u00e7\u00f5es anteriores e utilize como bibliografia em seu artigo cient\u00edfico, bem como em todas as suas pesquisas jur\u00eddicas.<\/p>\n<p><strong id=\"sub-indexers\">\u00a0<\/strong><\/p>\n<p><strong>\u00a0<\/strong><\/p>\n<p><strong>Indexadores:<\/strong><\/p>\n<p>A Revista Internacional CONSINTER de Direito \u2013- QUALIS A3 est\u00e1 indexada nas seguintes bases de dados nacionais e internacionais:<\/p>\n<div data-post-id=\"6\" class=\"insert-page insert-page-6 \"><table class=\"table-indexers\" style=\"border-spacing: 20px; border-collapse: separate; width: 100%; background-color: #ffffff;\">\n<tbody>\n<tr style=\"height: 60px;\">\n<td style=\"width: 25%; text-align: center; max-height: 60px;\"><a href=\"https:\/\/scholar.google.com\/citations?hl=pt-BR&amp;view_op=search_venues&amp;vq=Consinter&amp;btnG=\" target=\"_blank\" rel=\"noopener noreferrer\"><img decoding=\"async\" class=\"alignnone\" style=\"text-align: center; max-width: 100%; height: auto;\" src=\"https:\/\/consinter.org\/online2021\/wp-content\/uploads\/sites\/28\/2021\/07\/google-scholar.png\" alt=\"\" \/><\/a><\/td>\n<td style=\"width: 25%; text-align: center; max-height: 60px;\"><a href=\"http:\/\/scielo.pt\/scielo.php?script=sci_serial&amp;lng=pt&amp;pid=2183-9522\" target=\"_blank\" rel=\"noopener noreferrer\"><img decoding=\"async\" class=\"alignnone\" style=\"text-align: center; max-width: 100%; height: auto;\" src=\"https:\/\/consinter.org\/online2021\/wp-content\/uploads\/sites\/28\/2021\/07\/scielo-portugal.png\" alt=\"\" \/><\/a><\/td>\n<td style=\"width: 25%; text-align: center; max-height: 60px;\"><a href=\"https:\/\/openurl.ebsco.com\/results?sid=ebsco:ebsco.com:search&amp;bquery=consinter&amp;linkOrigin=\" target=\"_blank\" rel=\"noopener noreferrer\"><img decoding=\"async\" class=\"alignnone\" style=\"text-align: center; max-width: 100%; height: auto;\" src=\"https:\/\/consinter.org\/2025\/wp-content\/uploads\/sites\/37\/2025\/02\/ebsco.png\" alt=\"\" \/><\/a><\/td>\n<td style=\"width: 25%; text-align: center; max-height: 60px;\"><a href=\"https:\/\/www.latindex.org\/latindex\/Solr\/Busqueda?idModBus=0&amp;buscar=consinter&amp;submit=Buscar\" target=\"_blank\" rel=\"noopener noreferrer\"><img decoding=\"async\" class=\"alignnone\" style=\"text-align: center; max-width: 100%; height: auto;\" src=\"https:\/\/consinter.org\/wp-content\/uploads\/2023\/05\/latindex.png\" alt=\"\" \/><\/a><\/td>\n<\/tr>\n<tr style=\"height: 60px;\">\n<td style=\"width: 25%; text-align: center; max-height: 60px;\"><a href=\"https:\/\/dialnet.unirioja.es\/servlet\/revista?codigo=27793\" target=\"_blank\" rel=\"noopener noreferrer\"><img decoding=\"async\" class=\"alignnone\" style=\"text-align: center; max-width: 100%; height: auto;\" src=\"https:\/\/consinter.org\/wp-content\/uploads\/2023\/05\/dialnet.png\" alt=\"\" \/><\/a><\/td>\n<td style=\"width: 25%; text-align: center; max-height: 60px;\"><a href=\"https:\/\/rnp-primo.hosted.exlibrisgroup.com\/permalink\/f\/1iiff92\/CAPES_SFX_OPEN3710000001416941\" target=\"_blank\" rel=\"noopener noreferrer\"><img decoding=\"async\" class=\"alignnone\" style=\"text-align: center; max-width: 100%; height: auto;\" src=\"https:\/\/consinter.org\/wp-content\/uploads\/2023\/05\/capes.png\" alt=\"\" \/><\/a><\/td>\n<td style=\"width: 25%; text-align: center; max-height: 60px;\"><a href=\"https:\/\/sumarios.org\/revista\/revista-internacional-consinter-de-direito\" target=\"_blank\" rel=\"noopener noreferrer\"><img decoding=\"async\" class=\"alignnone\" style=\"text-align: center; max-width: 100%; height: auto;\" src=\"https:\/\/consinter.org\/wp-content\/uploads\/2023\/05\/sumarios.png\" alt=\"\" \/><\/a><\/td>\n<td style=\"width: 25%; text-align: center; max-height: 60px;\"><a href=\"https:\/\/www.citefactor.org\/journal\/index\/23186\/revista-internacional-consinter-de-direito#.YZzk0tDMK70\" target=\"_blank\" rel=\"noopener noreferrer\"><img decoding=\"async\" class=\"alignnone\" style=\"text-align: center; max-width: 100%; height: auto;\" src=\"https:\/\/consinter.org\/wp-content\/uploads\/2023\/05\/citefactor.png\" alt=\"\" \/><\/a><\/td>\n<\/tr>\n<tr style=\"height: 60px;\">\n<td style=\"width: 25%; text-align: center; max-height: 60px;\"><a href=\"https:\/\/miar.ub.edu\/issn\/2183-6396\" target=\"_blank\" rel=\"noopener noreferrer\"><img decoding=\"async\" class=\"alignnone\" style=\"text-align: center; max-width: 100%; height: auto;\" src=\"https:\/\/consinter.org\/wp-content\/uploads\/2023\/05\/miar.png\" alt=\"\" \/><\/a><\/td>\n<td style=\"width: 25%; text-align: center; max-height: 60px;\"><a href=\"https:\/\/www.tse.jus.br\/institucional\/biblioteca\" target=\"_blank\" rel=\"noopener noreferrer\"><img decoding=\"async\" class=\"alignnone\" style=\"text-align: center; max-width: 100%; height: auto;\" src=\"https:\/\/consinter.org\/online2021\/wp-content\/uploads\/sites\/28\/2021\/07\/tse.png\" alt=\"\" \/><\/a><\/td>\n<td style=\"width: 25%; text-align: center; max-height: 60px;\"><a href=\"http:\/\/biblioteca2.senado.gov.br:8991\/F\" target=\"_blank\" rel=\"noopener noreferrer\"><img decoding=\"async\" class=\"alignnone\" style=\"text-align: center; max-width: 100%; height: auto;\" src=\"https:\/\/consinter.org\/wp-content\/uploads\/2023\/05\/rvbi.png\" alt=\"\" \/><\/a><\/td>\n<td style=\"width: 25%; text-align: center; max-height: 60px;\"><a href=\"https:\/\/search.crossref.org\/?from_ui=&amp;q=consinter\" target=\"_blank\" rel=\"noopener noreferrer\"><img decoding=\"async\" class=\"alignnone\" style=\"text-align: center; max-width: 100%; height: auto;\" src=\"https:\/\/consinter.org\/wp-content\/uploads\/2023\/05\/crossref.png\" alt=\"\" \/><\/a><\/td>\n<\/tr>\n<\/tbody>\n<\/table>\n<\/div>\n<p><strong id=\"sub-areas\">\u00a0<\/strong><\/p>\n<p><strong>\u00a0<\/strong><\/p>\n<p><strong>\u00c1reas:<\/strong><\/p>\n<p>Ser\u00e3o aceitos os trabalhos de todas as \u00e1reas do Direito, de acordo com a seguinte classifica\u00e7\u00e3o:<\/p>\n<p><strong><u>A \u2013 DIREITOS DIFUSOS, COLETIVOS E INDIVIDUAIS HOMOG\u00caNEOS<\/u><\/strong><\/p>\n<ul>\n<li><strong>a.1<\/strong> \u2013 Direito Ambiental, Direito e Saneamento, Sustentabilidade, Direito Urban\u00edstico, Direito Agr\u00e1rio, Direito Miner\u00e1rio;<\/li>\n<li><strong>a.2<\/strong> \u2013 Direito da Crian\u00e7a e Adolescente, Direito do Idoso, Direito dos Portadores de Necessidades Especiais, Direitos de G\u00eanero;<\/li>\n<li><strong>a.3<\/strong> \u2013 Direito e Novas Tecnologias (Digital);<\/li>\n<li><strong>a.4<\/strong> \u2013 Filosofia do Direito, Hermen\u00eautica Jur\u00eddica, Hist\u00f3ria do Direito, Antropologia do Direito, Sociologia do Direito e Cultura Jur\u00eddica, Direito, Educa\u00e7\u00e3o, Ensino, Pesquisa e Metodologias Jur\u00eddicas.<\/li>\n<\/ul>\n<p><strong><u>B \u2013 DIREITO P\u00daBLICO<\/u><\/strong><\/p>\n<ul>\n<li><strong>b.1<\/strong> \u2013 Criminologia, Direito Penal e Processo Penal;<\/li>\n<li><strong>b.2<\/strong> \u2013 Direito Administrativo e Processo Administrativo;<\/li>\n<li><strong>b.3<\/strong> \u2013 Direito Constitucional, Justi\u00e7a Restaurativa, Direitos Humanos Fundamentais, Democracia e Cidadania, Movimentos Sociais, Administra\u00e7\u00e3o Judici\u00e1ria e Acesso \u00e0 Justi\u00e7a;<\/li>\n<li><strong>b.4<\/strong> \u2013 Direito Econ\u00f4mico e Financeiro, Direito Tribut\u00e1rio e Processo Tribut\u00e1rio;<\/li>\n<li><strong>b.5<\/strong> \u2013 Direito Eleitoral e Processo Eleitoral;<\/li>\n<li><strong>b.6<\/strong> \u2013 Direito Militar;<\/li>\n<li><strong>b.7<\/strong> \u2013 Direito Previdenci\u00e1rio e Processo Previdenci\u00e1rio.<\/li>\n<\/ul>\n<p><strong><u>C \u2013 DIREITO PRIVADO<\/u><\/strong><\/p>\n<ul>\n<li><strong>c.1<\/strong> \u2013 Direito Aduaneiro, Direito Mar\u00edtimo e Direito Portu\u00e1rio;<\/li>\n<li><strong>c.2<\/strong> \u2013 Direito Civil, Responsabilidade, Direito de Fam\u00edlia, Direito Imobili\u00e1rio, Direito M\u00e9dico e Biodireito;<\/li>\n<li><strong>c.3<\/strong> \u2013 Direito Autoral, Propriedade Intelectual, Registros, Marcas e Patentes;<\/li>\n<li><strong>c.4<\/strong> \u2013 M\u00e9todos Alternativos de Resolu\u00e7\u00e3o de Conflitos: Media\u00e7\u00e3o, Concilia\u00e7\u00e3o e Arbitragem;<\/li>\n<li><strong>c.5<\/strong> \u2013 Direito Comercial e Direito do Com\u00e9rcio Eletr\u00f4nico, Direito Empresarial, Direito do Consumidor;<\/li>\n<li><strong>c.6<\/strong> \u2013 Direito Desportivo, Direito do Entretenimento;<\/li>\n<li><strong>c.7<\/strong> \u2013 Processo Civil;<\/li>\n<li><strong>c.8<\/strong> \u2013 Direito do Trabalho e Processo do Trabalho.<\/li>\n<\/ul>\n<p><strong><u>D \u2013 DIREITO INTERNACIONAL<\/u><\/strong><\/p>\n<ul>\n<li><strong>d.1<\/strong> \u2013 Diplomacia;<\/li>\n<li><strong>d.2<\/strong> \u2013 Com\u00e9rcio Exterior.<\/li>\n<\/ul>\n<p><strong><u>E \u2013 PSICOLOGIA FORENSE<\/u><\/strong><\/p>\n<p><strong id=\"sub-public\">\u00a0<\/strong><\/p>\n<p><strong>\u00a0<\/strong><\/p>\n<p><strong id=\"\">P\u00daBLICO-ALVO<\/strong><\/p>\n<p>Poder\u00e3o submeter os artigos:<\/p>\n<p>&nbsp;<\/p>\n<ul>\n<li>Professores vinculados a gradua\u00e7\u00e3o e\/ou a P\u00f3s-Gradua\u00e7\u00e3o (tanto <em>Lato Sensu<\/em> \u2013 especializa\u00e7\u00e3o \u2013 quanto <em>Stricto Sensu<\/em> nas linhas de Mestrado e Doutorado), que tenham interesse em mostrar seus estudos cient\u00edficos in\u00e9ditos sobre alguma das \u00e1reas tem\u00e1ticas propostas.<\/li>\n<li>Especialistas, Mestres, Doutores, Pesquisadores, Docentes Universit\u00e1rios. Ju\u00edzes, Representantes do Minist\u00e9rio P\u00fablico, Advogados e demais profissionais de carreira jur\u00eddica e, em geral, pessoas que se dedicam no seu \u00e2mbito profissional, a quaisquer ramos ou disciplinas do Direito, que tenham interesse em mostrar seus estudos cient\u00edficos in\u00e9ditos sobre alguma das \u00e1reas tem\u00e1ticas propostas.<\/li>\n<li>Alunos de P\u00f3s-Gradua\u00e7\u00e3o <em>Stricto Sensu<\/em> (mestrandos e doutorandos).<\/li>\n<li>Alunos de P\u00f3s-Gradua\u00e7\u00e3o <em>Lato Sensu<\/em> (especializando e especialistas).<\/li>\n<li>Alunos de Gradua\u00e7\u00e3o podem submeter seus artigos, desde que em coautoria com o seu orientador (com a possibilidade de publica\u00e7\u00e3o somente no livro do CONSINTER).<\/li>\n<\/ul>\n<p>O principal crit\u00e9rio para publica\u00e7\u00e3o na Revista Internacional CONSINTER de Direito \u2013 QUALIS A3 \u00e9 o autor ou um dos autores possuir a titula\u00e7\u00e3o de Doutor; caso contr\u00e1rio, seu artigo ser\u00e1 avaliado da mesma maneira e se aprovado pelo Conselho do CONSINTER ser\u00e1 publicado no livro <em>Direito e Justi\u00e7a<\/em>.<\/p>\n<p>Observando a premissa basilar do CONSINTER de apoio e fomento \u00e0 produ\u00e7\u00e3o cient\u00edfica e acad\u00eamica, releva informar que ser\u00e3o aceitos para an\u00e1lise e poss\u00edvel publica\u00e7\u00e3o todos os artigos comprovadamente inscritos, pagos e originados em conformidade com o p\u00fablico-alvo acima descrito no item 4 e de acordo com as normas de submiss\u00e3o indicadas no item 16 deste documento.<\/p>\n<p><strong id=\"sub-disclosure\">\u00a0<\/strong><\/p>\n<p><strong>\u00a0<\/strong><\/p>\n<p><strong id=\"\">DIVULGA\u00c7\u00c3O DA INVESTIGA\u00c7\u00c3O JUR\u00cdDICA E PUBLICA\u00c7\u00c3O DOS ARTIGOS<\/strong><\/p>\n<p>Observando o cen\u00e1rio que imp\u00f5e grandes dificuldades para os interessados em publicar os seus estudos e trabalhos de investiga\u00e7\u00e3o, surge o CONSINTER com o prop\u00f3sito de contribuir na difus\u00e3o dos estudos acad\u00eamicos, publicando-os, facilitando a sua divulga\u00e7\u00e3o, promovendo ainda uma forma\u00e7\u00e3o investigadora de excel\u00eancia e a transfer\u00eancia de conhecimentos da Universidade para a sociedade.<\/p>\n<p>Os artigos ser\u00e3o submetidos a um processo de sele\u00e7\u00e3o e aprova\u00e7\u00e3o pelo Conselho Editorial e\/ou Corpo de Pareceristas do CONSINTER, atendendo a crit\u00e9rios de qualidade cient\u00edfica, sendo a an\u00e1lise efetuada pelo sistema <em>double blind review<\/em>, conforme as exig\u00eancias das ag\u00eancias e institui\u00e7\u00f5es nacionais e internacionais de investiga\u00e7\u00e3o e doc\u00eancia que avaliam a atividade investigadora de P\u00f3s-Gradua\u00e7\u00e3o.<\/p>\n<p>Assim, al\u00e9m de possibilitar visibilidade \u00e0 produ\u00e7\u00e3o cient\u00edfica nas publica\u00e7\u00f5es oficiais do CONSINTER, os autores dos artigos aprovados pelo Conselho Editorial\/Corpo de Pareceristas do CONSINTER ter\u00e3o:<\/p>\n<ul>\n<li>Seu artigo publicado na Revista Internacional de Direito CONSINTER \u2013 QUALIS A3 e indexado em bases de dados nacionais e internacionais de grande relev\u00e2ncia no mundo acad\u00eamico, possibilitando maior visibilidade, como: <em>Scielo<\/em> Portugal, Dialnet, <em>Google Scholar<\/em>, <em>Latindex<\/em>,<em> EBSCO, REDIB<\/em>,<em> CAPES<\/em>,<em> Dialnet<\/em>,<em> Sum\u00e1rios.org, Cite Factor<\/em>, MIAR, Tribunal Superior Eleitoral, Rede Virtual de Bibliotecas Integradas (RVBI) e <em>Crossref<\/em> ou no livro <em>Direito e Justi\u00e7a<\/em>;<\/li>\n<li>A oportunidade de apresentar oralmente seu artigo cient\u00edfico durante o XII Congresso Internacional de Direito PUCPR Curitiba ou no XIII Congresso Internacional de Direito CONSINTER \u2013\u00a0<em>Universitat de Barcelona<\/em> \u2013 2025, assim como em ambos, mediante pagamento de taxa adicional de participa\u00e7\u00e3o\/apresenta\u00e7\u00e3o oral do artigo, pagamento este que dever\u00e1 ser efetuado no ato da inscri\u00e7\u00e3o (ver item 13);<\/li>\n<li>A possibilidade de receber uma certifica\u00e7\u00e3o, caso opte por participar dos eventos;<\/li>\n<li>A oportunidade de difundir seu estudo cient\u00edfico internacionalmente, alcan\u00e7ando maior n\u00famero de pessoas;<\/li>\n<li>A possibilidade de ampliar sua rede de contatos com pessoas de elevado n\u00edvel cient\u00edfico e acad\u00eamico;<\/li>\n<li>A oportunidade de buscar a transfer\u00eancia de conhecimentos cient\u00edficos, que contribuir\u00e3o para o reconhecimento da atividade investigadora e a coopera\u00e7\u00e3o cient\u00edfica internacional.<\/li>\n<\/ul>\n<p><strong id=\"sub-information\">\u00a0<\/strong><\/p>\n<p><strong>\u00a0<\/strong><\/p>\n<p><strong id=\"\">INFORMA\u00c7\u00d5ES<\/strong><\/p>\n<p>Todos os textos ser\u00e3o avaliados pelo sistema <em>double blind review<\/em>, respeitando o anonimato dos autores.<\/p>\n<p>Ao crit\u00e9rio soberano e exclusivo do Conselho Editorial do CONSINTER, alguns textos ser\u00e3o selecionados para publica\u00e7\u00e3o na Revista Internacional CONSINTER de Direito \u2013 QUALIS A3, com o respectivo ISSN. Esta publica\u00e7\u00e3o ter\u00e1 duas edi\u00e7\u00f5es em Portugal, sendo uma impressa e outra digital, a qual \u00e9 disponibilizada gratuitamente.<\/p>\n<p>A sele\u00e7\u00e3o do artigo para publica\u00e7\u00e3o observa in\u00fameros fatores, desde a ordem cronol\u00f3gica da data de recebimento at\u00e9 a data de devolu\u00e7\u00e3o ap\u00f3s efetuadas as corre\u00e7\u00f5es quando solicitadas, entre outros crit\u00e9rios.<\/p>\n<p>A data da publica\u00e7\u00e3o do artigo n\u00e3o est\u00e1 vinculada \u00e0 data do edital convocat\u00f3rio, nem \u00e0 data do evento, podendo ser publicado posteriormente \u00e0 realiza\u00e7\u00e3o destes.<\/p>\n<p>Os artigos que n\u00e3o tenham sido selecionados para a Revista Internacional CONSINTER de Direito \u2013 QUALIS A3, mas que tenham sido aprovados pelo Corpo de Pareceristas ser\u00e3o publicados no livro oficial do CONSINTER, <em>Direito e Justi\u00e7a<\/em>, com o registro ISBN. Essa publica\u00e7\u00e3o ter\u00e1 tr\u00eas edi\u00e7\u00f5es: uma edi\u00e7\u00e3o impressa em Portugal e duas edi\u00e7\u00f5es no Brasil (uma digital e outra impressa).<\/p>\n<p>A publica\u00e7\u00e3o dos artigos aprovados pelo Conselho Editorial e\/ou Corpo de Pareceristas <strong>N\u00c3O<\/strong> depende da apresenta\u00e7\u00e3o dos trabalhos.<\/p>\n<p>Os artigos aprovados poder\u00e3o ser apresentados oralmente pelo(s) autor(es) em um dos Congressos do CONSINTER do ano corrente, com tempo determinado que ser\u00e1 informado por <em>e-mail<\/em>.<\/p>\n<p>Os artigos aprovados poder\u00e3o ser apresentados oralmente pelo(s) autor(es) em um ou em ambos os Congressos promovidos pelo CONSINTER no ano corrente, conforme o tempo determinado, que ser\u00e1 previamente informado por meio de correio eletr\u00f4nico.<\/p>\n<p>A apresenta\u00e7\u00e3o do mesmo artigo em dois Congressos poder\u00e1 ocorrer mediante as seguintes modalidades:<\/p>\n<ul>\n<li>Aquisi\u00e7\u00e3o de COMBO (submiss\u00e3o + apresenta\u00e7\u00e3o);<\/li>\n<li>Submiss\u00e3o acompanhada da aquisi\u00e7\u00e3o de Adicional de Apresenta\u00e7\u00e3o para cada Congresso adicional.<\/li>\n<\/ul>\n<p>[\/vc_column_text][\/vc_column][\/vc_row][vc_row full_width=&#8221;stretch_row&#8221; section_id=&#8221;coordination&#8221; el_id=&#8221;coordination&#8221; el_class=&#8221;color&#8221; parallax_bg=&#8221;0&#8243; stellar_background_ratio=&#8221;0.6&#8243; css=&#8221;.vc_custom_1576006817524{margin-top: 0px !important;margin-bottom: 0px !important;border-top-width: 0px !important;border-bottom-width: 0px !important;padding-top: 70px !important;padding-bottom: 70px !important;}&#8221;][vc_column]\r\n      <h3 class=\"section-title \"><span data-animation=\"flipInY\" data-animation-delay=\"300\" class=\"icon-inner\"><span class=\"fa-stack\"><i class=\"fa rhex fa-stack-2x\"><\/i><i class=\"fa fa-ticket fa-stack-1x\"><\/i><\/span><\/span><span data-animation=\"fadeInRight\" data-animation-delay=\"500\" class=\"title-inner\">COORDENA\u00c7\u00c3O, CONSELHO, DIRE\u00c7\u00c3O E ORGANIZA\u00c7\u00c3O<\/h3>\r\n    [vc_column_text css=&#8221;&#8221;]<\/p>\n<p style=\"text-align: center;\"><strong>Presidente:<\/strong><\/p>\n<div class=\"thumbnail no-border no-padding\">\n<div class=\"circle\">\n<div class=\"circle-inner\">\n<div class=\"media\"><img decoding=\"async\" class=\"img-responsive\" src=\"https:\/\/consinter.org\/2025\/wp-content\/uploads\/sites\/37\/2025\/03\/isabel-pacheco.jpg\" alt=\"Isabel Cristina de Carvalho Pacheco\" \/><\/div>\n<\/div>\n<\/div>\n<div class=\"text-center\">Isabel Cristina de Carvalho Pacheco<\/div>\n<\/div>\n<p>&nbsp;<\/p>\n<div class=\"thumbnail no-border no-padding\">\n<div class=\"circle\">\n<div class=\"circle-inner\">\n<div class=\"media\"><img decoding=\"async\" class=\"img-responsive\" src=\"http:\/\/consinter.org\/edital2024\/wp-content\/uploads\/sites\/34\/2024\/02\/revista-capa.jpg\" alt=\"Revista Internacional CONSINTER de Direito\" \/><\/div>\n<\/div>\n<\/div>\n<div class=\"text-center\"><em><br \/>\n<a href=\"https:\/\/revistaconsinter.com\" target=\"_blank\" rel=\"noopener\"><strong>Revista Internacional CONSINTER de Direito <i class=\"fa fa-external-link\" aria-hidden=\"true\"><\/i><\/strong><\/a><br \/>\n<\/em><\/div>\n<\/div>\n<p>&nbsp;<\/p>\n<p style=\"text-align: center;\"><a class=\"btn btn-theme btn-theme-sm btn-theme-transparent\" href=\"https:\/\/revistaconsinter.com\/index.php\/ojs\/about\/editorialTeam\" target=\"_blank\" rel=\"noopener\">Conhe\u00e7a o corpo editorial completo<\/a><br \/>\n<a class=\"btn btn-theme btn-theme-sm btn-theme-transparent mt-10\" href=\"https:\/\/revistaconsinter.com\/pareceristas.html\" target=\"_blank\" rel=\"noopener\">Conhe\u00e7a o corpo de pareceristas<\/a><\/p>\n<p>&nbsp;<\/p>\n<p style=\"text-align: center;\"><strong>Editor:<\/strong><\/p>\n<div class=\"thumbnail no-border no-padding\">\n<div class=\"circle\">\n<div class=\"circle-inner\">\n<div class=\"media\"><img loading=\"lazy\" decoding=\"async\" class=\"img-responsive alignnone\" src=\"https:\/\/consinter.org\/edital2023\/wp-content\/uploads\/sites\/31\/2023\/03\/david-vallespin-perez.jpg\" alt=\"David Vallesp\u00edn P\u00e9rez\" width=\"300\" height=\"300\" \/><\/div>\n<\/div>\n<\/div>\n<div class=\"text-center\"><a href=\"https:\/\/webgrec.ub.edu\/webpages\/000002\/cas\/dvallespin.ub.edu.html\" target=\"_blank\" rel=\"noopener\"><strong>David Vallesp\u00edn P\u00e9rez <i class=\"fa fa-external-link\" aria-hidden=\"true\"><\/i><\/strong><\/a><br \/>\n<em>Catedr\u00e1tico de Derecho Procesal &#8211; Universitat de Barcelona &#8211; UB &#8211; Espa\u00f1a<\/em><\/div>\n<\/div>\n<p>&nbsp;<\/p>\n<p style=\"text-align: center;\"><strong>Diretores:<\/strong><\/p>\n<div class=\"col-sm-4 animated fadeInUp visible\" data-animation=\"fadeInUp\" data-animation-delay=\"100\">\n<div class=\"thumbnail no-border no-padding\">\n<div class=\"circle\">\n<div class=\"circle-inner\">\n<div class=\"media\"><img loading=\"lazy\" decoding=\"async\" class=\"img-responsive alignnone\" src=\"https:\/\/consinter.org\/evento2025\/wp-content\/uploads\/sites\/37\/2025\/02\/german-barreiro-gonzalez.jpg\" alt=\"Germ\u00e1n Barreiro Gonz\u00e1lez\" width=\"300\" height=\"300\" \/><\/div>\n<\/div>\n<\/div>\n<div class=\"text-center\"><a href=\"https:\/\/portalcientifico.unileon.es\/investigadores\/222445\/detalle\" target=\"_blank\" rel=\"noopener\"><strong>Germ\u00e1n Barreiro Gonz\u00e1lez <i class=\"fa fa-external-link\" aria-hidden=\"true\"><\/i><\/strong><\/a><br \/>\n<em>Catedr\u00e1tico de Derecho del Trabajo y Seguridad Social Universidad de Le\u00f3n \u2013 in memoriam<\/em><\/div>\n<\/div>\n<\/div>\n<div class=\"col-sm-4 animated fadeInUp visible\" data-animation=\"fadeInUp\" data-animation-delay=\"100\">\n<div class=\"thumbnail no-border no-padding\">\n<div class=\"circle\">\n<div class=\"circle-inner\">\n<div class=\"media\"><img loading=\"lazy\" decoding=\"async\" class=\"img-responsive alignnone\" src=\"https:\/\/consinter.org\/edital2023\/wp-content\/uploads\/sites\/31\/2023\/01\/goncalo-s-de-melo-bandeira.jpg\" alt=\"Gon\u00e7alo S. de Melo Bandeira\" width=\"300\" height=\"300\" \/><\/div>\n<\/div>\n<\/div>\n<div class=\"text-center\"><a href=\"https:\/\/www.cienciavitae.pt\/pt\/DA19-3665-82E1\" target=\"_blank\" rel=\"noopener\"><strong>Gon\u00e7alo S. de Melo Bandeira <i class=\"fa fa-external-link\" aria-hidden=\"true\"><\/i><\/strong><\/a><br \/>\n<em>Professor da ESG\/IPCA e JusGov \u2013 Universidade do Minho<\/em><\/div>\n<\/div>\n<\/div>\n<div class=\"row\">\n<div class=\"col-sm-4 animated fadeInUp visible\" data-animation=\"fadeInUp\" data-animation-delay=\"100\">\n<div class=\"thumbnail no-border no-padding\">\n<div class=\"circle\">\n<div class=\"circle-inner\">\n<div class=\"media\"><img loading=\"lazy\" decoding=\"async\" class=\"img-responsive alignnone\" src=\"https:\/\/consinter.org\/edital2023\/wp-content\/uploads\/sites\/31\/2023\/01\/maria-yolanda-sanchez-uran-azana.jpg\" alt=\"Mar\u00eda Yolanda S\u00e1nchez-Ur\u00e1n Aza\u00f1a\" width=\"300\" height=\"300\" \/><\/div>\n<\/div>\n<\/div>\n<div class=\"text-center\"><a href=\"https:\/\/produccioncientifica.ucm.es\/investigadores\/142866\/detalle\" target=\"_blank\" rel=\"noopener\"><strong>Mar\u00eda Yolanda S\u00e1nchez-Ur\u00e1n Aza\u00f1a <i class=\"fa fa-external-link\" aria-hidden=\"true\"><\/i><\/strong><\/a><br \/>\n<em>Catedr\u00e1tica de Derecho del Trabajo y Seguridad Social \u2013 Universidad Complutense de Madrid<\/em><\/div>\n<\/div>\n<\/div>\n<\/div>\n<p>&nbsp;<\/p>\n<div class=\"thumbnail no-border no-padding\">\n<div class=\"circle\">\n<div class=\"circle-inner\">\n<div class=\"media\"><img decoding=\"async\" class=\"img-responsive\" src=\"http:\/\/consinter.org\/edital2024\/wp-content\/uploads\/sites\/34\/2024\/02\/livro-capa.jpg\" alt=\"Livro Direito e Justi\u00e7a\" \/><\/div>\n<\/div>\n<\/div>\n<div class=\"text-center\"><em><br \/>\n<strong>Livro: Direito e Justi\u00e7a <\/strong><br \/>\n<\/em><\/div>\n<\/div>\n<p style=\"text-align: center;\"><a class=\"btn btn-theme btn-theme-sm btn-theme-transparent\" href=\"https:\/\/revistaconsinter.com\/pareceristas.html\" target=\"_blank\" rel=\"noopener\">Conhe\u00e7a o corpo de pareceristas<\/a><\/p>\n<div class=\"col-sm-6 animated fadeInUp visible\" data-animation=\"fadeInUp\" data-animation-delay=\"100\">\n<p style=\"text-align: center;\"><strong>Organizador:<\/strong><\/p>\n<div class=\"thumbnail no-border no-padding\">\n<div class=\"circle\">\n<div class=\"circle-inner\">\n<div class=\"media\"><img loading=\"lazy\" decoding=\"async\" class=\"img-responsive alignnone\" src=\"https:\/\/consinter.org\/edital2023\/wp-content\/uploads\/sites\/31\/2023\/03\/david-vallespin-perez.jpg\" alt=\"David Vallesp\u00edn P\u00e9rez\" width=\"300\" height=\"300\" \/><\/div>\n<\/div>\n<\/div>\n<div class=\"text-center\"><a href=\"https:\/\/webgrec.ub.edu\/webpages\/000002\/cas\/dvallespin.ub.edu.html\" target=\"_blank\" rel=\"noopener\"><strong>David Vallesp\u00edn P\u00e9rez <i class=\"fa fa-external-link\" aria-hidden=\"true\"><\/i><\/strong><\/a><br \/>\n<em>Catedr\u00e1tico de Derecho Procesal &#8211; Universitat de Barcelona &#8211; UB &#8211; Espa\u00f1a<\/em><\/div>\n<\/div>\n<\/div>\n<div class=\"col-sm-6 thumbnail no-border no-padding\">\n<p style=\"text-align: center;\"><strong>Coordenador Acad\u00eamico:<\/strong><\/p>\n<div class=\"circle\">\n<div class=\"circle-inner\">\n<div class=\"media\"><img loading=\"lazy\" decoding=\"async\" class=\"img-responsive alignnone\" src=\"https:\/\/consinter.org\/edital2023\/wp-content\/uploads\/sites\/31\/2023\/01\/antonio-cesar-bochenek.jpg\" alt=\"Ant\u00f4nio C\u00e9sar Bochenek\" width=\"300\" height=\"300\" \/><\/div>\n<\/div>\n<\/div>\n<div class=\"text-center\"><a href=\"https:\/\/buscatextual.cnpq.br\/buscatextual\/visualizacv.do?metodo=apresentar&amp;id=K4584229T8\" target=\"_blank\" rel=\"noopener\"><strong>Ant\u00f4nio C\u00e9sar Bochenek <i class=\"fa fa-external-link\" aria-hidden=\"true\"><\/i><\/strong><\/a><br \/>\n<em>Prof. Dr. da Universidade Estadual de Ponta Grossa \u2013 UEPG, da Escola Nacional de Forma\u00e7\u00e3o e Aperfei\u00e7oamento de Magistrados \u2013 ENFAM, Juiz Federal, Brasil<\/em><\/div>\n<\/div>\n<p>&nbsp;<\/p>\n<div class=\"col-sm-6 thumbnail no-border no-padding\">\n<p style=\"text-align: center;\"><strong>Director Acad\u00eamico:<\/strong><\/p>\n<div class=\"circle\">\n<div class=\"circle-inner\">\n<div class=\"media\"><img decoding=\"async\" class=\"img-responsive\" src=\"https:\/\/consinter.org\/edital2023\/wp-content\/uploads\/sites\/31\/2023\/01\/luiz-augusto.jpg\" alt=\"Luiz Augusto de Oliveira Junior\" \/><\/div>\n<\/div>\n<\/div>\n<div class=\"text-center\">Luiz Augusto de Oliveira Junior<\/div>\n<\/div>\n<div class=\"col-sm-6 thumbnail no-border no-padding\">\n<p style=\"text-align: center;\"><strong>Diretora Executiva:<\/strong><\/p>\n<div class=\"circle\">\n<div class=\"circle-inner\">\n<div class=\"media\"><img decoding=\"async\" class=\"img-responsive\" src=\"https:\/\/consinter.org\/edital2023\/wp-content\/uploads\/sites\/31\/2023\/01\/francine-oliveira.jpg\" alt=\"Francine Oliveira\" \/><\/div>\n<\/div>\n<\/div>\n<div class=\"text-center\">Francine Oliveira<\/div>\n<\/div>\n<p>&nbsp;<\/p>\n<p style=\"text-align: center;\"><strong>Coordenadores Executivos:<\/strong><\/p>\n<div class=\"row\">\n<div class=\"col-sm-6 animated fadeInUp visible\" data-animation=\"fadeInUp\" data-animation-delay=\"100\">\n<div class=\"thumbnail no-border no-padding\">\n<div class=\"circle\">\n<div class=\"circle-inner\">\n<div class=\"media\"><img decoding=\"async\" class=\"img-responsive\" src=\"https:\/\/consinter.org\/edital2023\/wp-content\/uploads\/sites\/31\/2023\/01\/ivan-winters.jpg\" alt=\"Ivan Winters\" \/><\/div>\n<\/div>\n<\/div>\n<div class=\"text-center\"><strong>Ivan Winters<\/strong><\/div>\n<\/div>\n<\/div>\n<div class=\"col-sm-6 animated fadeInUp visible\" data-animation=\"fadeInUp\" data-animation-delay=\"100\">\n<div class=\"thumbnail no-border no-padding\">\n<div class=\"circle\">\n<div class=\"circle-inner\">\n<div class=\"media\"><img decoding=\"async\" class=\"img-responsive\" src=\"https:\/\/consinter.org\/edital2023\/wp-content\/uploads\/sites\/31\/2023\/01\/marcia-neckel.jpg\" alt=\"Marcia Neckel\" \/><\/div>\n<\/div>\n<\/div>\n<div class=\"text-center\">Marcia Neckel<\/div>\n<\/div>\n<\/div>\n<\/div>\n<p>[\/vc_column_text][vc_separator color=&#8221;white&#8221; border_width=&#8221;2&#8243; css=&#8221;.vc_custom_1743597856993{margin-top: 50px !important;margin-bottom: 50px !important;}&#8221;]\r\n      <h3 class=\"section-title \"><span data-animation=\"flipInY\" data-animation-delay=\"300\" class=\"icon-inner\"><span class=\"fa-stack\"><i class=\"fa rhex fa-stack-2x\"><\/i><i class=\"fa fa-ticket fa-stack-1x\"><\/i><\/span><\/span><span data-animation=\"fadeInRight\" data-animation-delay=\"500\" class=\"title-inner\">XII CONGRESSO - PUCPR<\/h3>\r\n    [vc_column_text css=&#8221;&#8221;]<\/p>\n<div class=\"row\">\n<div class=\"col-sm-6 thumbnail no-border no-padding\">\n<p style=\"text-align: center;\"><strong>Coordenador Geral:<\/strong><\/p>\n<div class=\"thumbnail no-border no-padding\">\n<div class=\"circle\">\n<div class=\"circle-inner\">\n<div class=\"media\"><img loading=\"lazy\" decoding=\"async\" class=\"img-responsive alignnone\" src=\"https:\/\/consinter.org\/2025\/wp-content\/uploads\/sites\/37\/2025\/05\/renata_ceschin_melfi_de_macedo.jpg\" alt=\"Renata Ceschin Melfi de Macedo\" width=\"300\" height=\"300\" \/><\/div>\n<\/div>\n<\/div>\n<div class=\"text-center\"><a href=\"https:\/\/www.pucpr.br\/docente-graduacao\/renata-ceschin-melfi-de-macedo-1653\" target=\"_blank\" rel=\"noopener\"><strong>Renata Ceschin Melfi de Macedo <i class=\"fa fa-external-link\" aria-hidden=\"true\"><\/i><\/strong><\/a><br \/>\n<em>Decana da Escola de Direito \u2013 PUCPR. Prof. Dra. De Direito Penal \u2013 PUCPR.<\/em><\/div>\n<\/div>\n<\/div>\n<div class=\"col-sm-6 thumbnail no-border no-padding\">\n<p style=\"text-align: center;\"><strong>Coordenador Geral:<\/strong><\/p>\n<div class=\"thumbnail no-border no-padding\">\n<div class=\"circle\">\n<div class=\"circle-inner\">\n<div class=\"media\"><img loading=\"lazy\" decoding=\"async\" class=\"img-responsive alignnone\" src=\"https:\/\/consinter.org\/2025\/wp-content\/uploads\/sites\/37\/2025\/04\/karina-da-silva-magatao.jpg\" alt=\"Karina da Silva Magatao\" width=\"300\" height=\"300\" \/><\/div>\n<\/div>\n<\/div>\n<div class=\"text-center\"><a href=\"https:\/\/www.pucpr.br\/docente-graduacao\/karina-da-silva-magatao-520\" target=\"_blank\" rel=\"noopener\"><strong>Karina da Silva Magatao <i class=\"fa fa-external-link\" aria-hidden=\"true\"><\/i><\/strong><\/a><br \/>\n<em>Coordenadora Adjunta do Curso de Direito \u2013 PUCPR. Prof. Adjunta de Direito Comercial e Processo Civil \u2013 PUCPR.<\/em><\/div>\n<\/div>\n<\/div>\n<\/div>\n<p>&nbsp;<\/p>\n<div class=\"row\">\n<div class=\"col-sm-6 thumbnail no-border no-padding\">\n<p style=\"text-align: center;\"><strong>Coordenador Acad\u00eamico:<\/strong><\/p>\n<div class=\"thumbnail no-border no-padding\">\n<div class=\"circle\">\n<div class=\"circle-inner\">\n<div class=\"media\"><img loading=\"lazy\" decoding=\"async\" class=\"img-responsive alignnone\" src=\"https:\/\/consinter.org\/2025\/wp-content\/uploads\/sites\/37\/2025\/04\/solon-cicero-linhares.jpg\" alt=\"S\u00f3lon C\u00edcero Linhares\" width=\"300\" height=\"300\" \/><\/div>\n<\/div>\n<\/div>\n<div class=\"text-center\"><a href=\"https:\/\/www.pucpr.br\/docente-graduacao\/solon-cicero-linhares-572\" target=\"_blank\" rel=\"noopener\"><strong>S\u00f3lon C\u00edcero Linhares <i class=\"fa fa-external-link\" aria-hidden=\"true\"><\/i><\/strong><\/a><br \/>\n<em>Prof. Dr. de Direito Penal &#8211; PUCPR.<\/em><\/div>\n<\/div>\n<\/div>\n<div class=\"col-sm-6 thumbnail no-border no-padding\">\n<p style=\"text-align: center;\"><strong>Coordenador Acad\u00eamico:<\/strong><\/p>\n<div class=\"thumbnail no-border no-padding\">\n<div class=\"circle\">\n<div class=\"circle-inner\">\n<div class=\"media\"><img loading=\"lazy\" decoding=\"async\" class=\"img-responsive alignnone\" src=\"https:\/\/consinter.org\/2025\/wp-content\/uploads\/sites\/37\/2025\/04\/luiz-gustavo-thadeo-braga.jpg\" alt=\"Luiz Gustavo Thadeo Braga\" width=\"300\" height=\"300\" \/><\/div>\n<\/div>\n<\/div>\n<div class=\"text-center\"><a href=\"https:\/\/www.pucpr.br\/docente-graduacao\/luiz-gustavo-thadeo-braga-276\" target=\"_blank\" rel=\"noopener\"><strong>Luiz Gustavo Thadeo Braga <i class=\"fa fa-external-link\" aria-hidden=\"true\"><\/i><\/strong><\/a><br \/>\n<em>Prof. de Direito Civil e Processual Civil \u2013 PUCPR. Diretor do Instituto Brasileiro de Direito Aeron\u00e1utico e Avia\u00e7\u00e3o Civil \u2013 IBDAIR.<\/em><\/div>\n<\/div>\n<\/div>\n<\/div>\n<p>&nbsp;<\/p>\n<div class=\"row\">\n<div class=\"col-sm-6 thumbnail no-border no-padding\">\n<p style=\"text-align: center;\"><strong>Coordenador Cient\u00edfico:<\/strong><\/p>\n<div class=\"thumbnail no-border no-padding\">\n<div class=\"circle\">\n<div class=\"circle-inner\">\n<div class=\"media\"><img loading=\"lazy\" decoding=\"async\" class=\"img-responsive alignnone\" src=\"https:\/\/consinter.org\/edital2023\/wp-content\/uploads\/sites\/31\/2023\/01\/antonio-cesar-bochenek.jpg\" alt=\"Ant\u00f4nio C\u00e9sar Bochenek\" width=\"300\" height=\"300\" \/><\/div>\n<\/div>\n<\/div>\n<div class=\"text-center\"><a href=\"https:\/\/buscatextual.cnpq.br\/buscatextual\/visualizacv.do?metodo=apresentar&amp;id=K4584229T8\" target=\"_blank\" rel=\"noopener\"><strong>Ant\u00f4nio C\u00e9sar Bochenek <i class=\"fa fa-external-link\" aria-hidden=\"true\"><\/i><\/strong><\/a><br \/>\n<em>Prof. Dr. da Universidade Estadual de Ponta Grossa \u2013 UEPG, da Escola Nacional de Forma\u00e7\u00e3o e Aperfei\u00e7oamento de Magistrados \u2013 ENFAM, Juiz Federal, Brasil<\/em><\/div>\n<\/div>\n<\/div>\n<div class=\"col-sm-6 thumbnail no-border no-padding\">\n<p style=\"text-align: center;\"><strong>Coordenador Adjunto:<\/strong><\/p>\n<div class=\"thumbnail no-border no-padding\">\n<div class=\"circle\">\n<div class=\"circle-inner\">\n<div class=\"media\"><img loading=\"lazy\" decoding=\"async\" class=\"img-responsive alignnone\" src=\"https:\/\/consinter.org\/2025\/wp-content\/uploads\/sites\/37\/2025\/04\/luiz-antonio-camara.jpg\" alt=\"Luiz Antonio C\u00e2mara\" width=\"300\" height=\"300\" \/><\/div>\n<\/div>\n<\/div>\n<div class=\"text-center\"><a href=\"https:\/\/aplj.com.br\/cadeiras\/luiz-antonio-camara\/\" target=\"_blank\" rel=\"noopener\"><strong>Luiz Antonio C\u00e2mara <i class=\"fa fa-external-link\" aria-hidden=\"true\"><\/i><\/strong><\/a><br \/>\n<em>Doutor e mestre em Direito Penal\/Processual Penal pela UFPR. Coordenador Cultural da Academia Paranaense de Letras Jur\u00eddicas (APLJ). Advogado<\/em><\/div>\n<\/div>\n<\/div>\n<\/div>\n<p>[\/vc_column_text][vc_separator color=&#8221;white&#8221; border_width=&#8221;2&#8243; css=&#8221;.vc_custom_1743597856993{margin-top: 50px !important;margin-bottom: 50px !important;}&#8221;]\r\n      <h3 class=\"section-title \"><span data-animation=\"flipInY\" data-animation-delay=\"300\" class=\"icon-inner\"><span class=\"fa-stack\"><i class=\"fa rhex fa-stack-2x\"><\/i><i class=\"fa fa-ticket fa-stack-1x\"><\/i><\/span><\/span><span data-animation=\"fadeInRight\" data-animation-delay=\"500\" class=\"title-inner\">XIII CONGRESSO - UNIVERSITAT DE BARCELONA - COORDENA\u00c7\u00c3O<\/h3>\r\n    [vc_column_text css=&#8221;&#8221;]<\/p>\n<div class=\"row\">\n<div class=\"col-sm-6 animated fadeInUp visible\" data-animation=\"fadeInUp\" data-animation-delay=\"100\">\n<p style=\"text-align: center;\"><strong>Coordena\u00e7\u00e3o Cient\u00edfica:<\/strong><\/p>\n<div class=\"thumbnail no-border no-padding\">\n<div class=\"circle\">\n<div class=\"circle-inner\">\n<div class=\"media\"><img loading=\"lazy\" decoding=\"async\" class=\"img-responsive alignnone\" src=\"https:\/\/consinter.org\/edital2023\/wp-content\/uploads\/sites\/31\/2023\/03\/david-vallespin-perez.jpg\" alt=\"David Vallesp\u00edn P\u00e9rez\" width=\"300\" height=\"300\" \/><\/div>\n<\/div>\n<\/div>\n<div class=\"text-center\"><a href=\"https:\/\/webgrec.ub.edu\/webpages\/000002\/cas\/dvallespin.ub.edu.html\" target=\"_blank\" rel=\"noopener\"><strong>David Vallesp\u00edn P\u00e9rez <i class=\"fa fa-external-link\" aria-hidden=\"true\"><\/i><\/strong><\/a><br \/>\n<em>Catedr\u00e1tico de Derecho Procesal &#8211; Universitat de Barcelona &#8211; UB &#8211; Espa\u00f1a<\/em><\/div>\n<\/div>\n<\/div>\n<div class=\"col-sm-6 thumbnail no-border no-padding\">\n<p style=\"text-align: center;\"><strong>Coordena\u00e7\u00e3o Acad\u00eamica:<\/strong><\/p>\n<div class=\"thumbnail no-border no-padding\">\n<div class=\"circle\">\n<div class=\"circle-inner\">\n<div class=\"media\"><img loading=\"lazy\" decoding=\"async\" class=\"img-responsive alignnone\" src=\"https:\/\/consinter.org\/edital2023\/wp-content\/uploads\/sites\/31\/2023\/01\/antonio-cesar-bochenek.jpg\" alt=\"Ant\u00f4nio C\u00e9sar Bochenek\" width=\"300\" height=\"300\" \/><\/div>\n<\/div>\n<\/div>\n<div class=\"text-center\"><a href=\"https:\/\/buscatextual.cnpq.br\/buscatextual\/visualizacv.do?metodo=apresentar&amp;id=K4584229T8\" target=\"_blank\" rel=\"noopener\"><strong>Ant\u00f4nio C\u00e9sar Bochenek <i class=\"fa fa-external-link\" aria-hidden=\"true\"><\/i><\/strong><\/a><br \/>\n<em>Prof. Dr. da Universidade Estadual de Ponta Grossa \u2013 UEPG, da Escola Nacional de Forma\u00e7\u00e3o e Aperfei\u00e7oamento de Magistrados \u2013 ENFAM, Juiz Federal, Brasil<\/em><\/div>\n<\/div>\n<\/div>\n<\/div>\n<p>[\/vc_column_text][vc_column_text css=&#8221;&#8221;]<\/p>\n<p style=\"text-align: center; margin: 50px 0 25px 0;\"><strong>PALESTRANTES<\/strong><\/p>\n<div class=\"row\">\n<div class=\"col-sm-4 animated fadeInUp visible\" data-animation=\"fadeInUp\" data-animation-delay=\"100\">\n<div class=\"thumbnail no-border no-padding\">\n<div class=\"circle\">\n<div class=\"circle-inner\">\n<div class=\"media\"><img loading=\"lazy\" decoding=\"async\" class=\"img-responsive alignnone\" src=\"https:\/\/consinter.org\/2025\/wp-content\/uploads\/sites\/37\/2025\/10\/andre-folloni.jpg\" alt=\"Andr\u00e9 Folloni\" width=\"300\" height=\"300\" \/><\/div>\n<\/div>\n<\/div>\n<div class=\"text-center\"><strong>Andr\u00e9 Folloni<\/strong><br \/>\n<em>Professor Titular de Direito Tribut\u00e1rio da PUCPR, Visiting Professor na Sapienza Universit\u00e0 di Roma, Advogado<\/em><\/div>\n<\/div>\n<\/div>\n<div class=\"col-sm-4 thumbnail no-border no-padding\">\n<div class=\"thumbnail no-border no-padding\">\n<div class=\"circle\">\n<div class=\"circle-inner\">\n<div class=\"media\"><img loading=\"lazy\" decoding=\"async\" class=\"img-responsive alignnone\" src=\"https:\/\/consinter.org\/2025\/wp-content\/uploads\/sites\/37\/2025\/10\/andreu-olesti-rayo.jpg\" alt=\"Andreu Olesti Rayo\" width=\"300\" height=\"300\" \/><\/div>\n<\/div>\n<\/div>\n<div class=\"text-center\"><strong>Andreu Olesti Rayo<\/strong><br \/>\n<em>Decano de la Facultat de Dret &#8211; Universitat de Barcelona<\/em><\/div>\n<\/div>\n<\/div>\n<div class=\"col-sm-4 thumbnail no-border no-padding\">\n<div class=\"thumbnail no-border no-padding\">\n<div class=\"circle\">\n<div class=\"circle-inner\">\n<div class=\"media\"><img loading=\"lazy\" decoding=\"async\" class=\"img-responsive alignnone\" src=\"https:\/\/consinter.org\/edital2023\/wp-content\/uploads\/sites\/31\/2023\/01\/antonio-cesar-bochenek.jpg\" alt=\"Ant\u00f4nio C\u00e9sar Bochenek\" width=\"300\" height=\"300\" \/><\/div>\n<\/div>\n<\/div>\n<div class=\"text-center\"><strong>Ant\u00f4nio C\u00e9sar Bochenek<\/strong><br \/>\n<em>Prof. Dr. da Universidade Estadual de Ponta Grossa \u2013 UEPG, da Escola Nacional de Forma\u00e7\u00e3o e Aperfei\u00e7oamento de Magistrados \u2013 ENFAM, Juiz Federal, Brasil<\/em><\/div>\n<\/div>\n<\/div>\n<\/div>\n<p>&nbsp;<\/p>\n<div class=\"row\">\n<div class=\"col-sm-4 animated fadeInUp visible\" data-animation=\"fadeInUp\" data-animation-delay=\"100\">\n<div class=\"thumbnail no-border no-padding\">\n<div class=\"circle\">\n<div class=\"circle-inner\">\n<div class=\"media\"><img loading=\"lazy\" decoding=\"async\" class=\"img-responsive alignnone\" src=\"https:\/\/consinter.org\/edital2023\/wp-content\/uploads\/sites\/31\/2023\/03\/david-vallespin-perez.jpg\" alt=\"David Vallesp\u00edn P\u00e9rez\" width=\"300\" height=\"300\" \/><\/div>\n<\/div>\n<\/div>\n<div class=\"text-center\"><strong>David Vallesp\u00edn P\u00e9rez<\/strong><br \/>\n<em>Catedr\u00e1tico de Derecho Procesal &#8211; Universitat de Barcelona<\/em><\/div>\n<\/div>\n<\/div>\n<div class=\"col-sm-4 thumbnail no-border no-padding\">\n<div class=\"thumbnail no-border no-padding\">\n<div class=\"circle\">\n<div class=\"circle-inner\">\n<div class=\"media\"><img loading=\"lazy\" decoding=\"async\" class=\"img-responsive alignnone\" src=\"https:\/\/consinter.org\/2025\/wp-content\/uploads\/sites\/37\/2025\/10\/francisco-ramos-romeu.jpg\" alt=\"Francisco Ramos Romeu\" width=\"300\" height=\"300\" \/><\/div>\n<\/div>\n<\/div>\n<div class=\"text-center\"><strong>Francisco Ramos Romeu<\/strong><br \/>\n<em>Profesor de Derecho Procesal &#8211; Universitat Aut\u00f2noma de Barcelona<\/em><\/div>\n<\/div>\n<\/div>\n<div class=\"col-sm-4 thumbnail no-border no-padding\">\n<div class=\"thumbnail no-border no-padding\">\n<div class=\"circle\">\n<div class=\"circle-inner\">\n<div class=\"media\"><img loading=\"lazy\" decoding=\"async\" class=\"img-responsive alignnone\" src=\"https:\/\/consinter.org\/2025\/wp-content\/uploads\/sites\/37\/2025\/10\/isis-fontenele-1.jpg\" alt=\"Isis Fontenelle\" width=\"300\" height=\"300\" \/><\/div>\n<\/div>\n<\/div>\n<div class=\"text-center\"><strong>Isis Fontenelle<\/strong><br \/>\n<em>Mestre em Gest\u00e3o de Pessoa<\/em><\/div>\n<\/div>\n<\/div>\n<\/div>\n<p>&nbsp;<\/p>\n<div class=\"row\">\n<div class=\"col-sm-4 animated fadeInUp visible\" data-animation=\"fadeInUp\" data-animation-delay=\"100\">\n<div class=\"thumbnail no-border no-padding\">\n<div class=\"circle\">\n<div class=\"circle-inner\">\n<div class=\"media\"><img loading=\"lazy\" decoding=\"async\" class=\"img-responsive alignnone\" src=\"https:\/\/consinter.org\/2025\/wp-content\/uploads\/sites\/37\/2025\/10\/joan-lluis-perez-francesch.jpg\" alt=\"Joan Llu\u00eds P\u00e9rez Francesch\" width=\"300\" height=\"300\" \/><\/div>\n<\/div>\n<\/div>\n<div class=\"text-center\"><strong>Joan Llu\u00eds P\u00e9rez Francesch<\/strong><br \/>\n<em>Catedr\u00e1tico de Derecho Constitucional &#8211; Universidad Aut\u00f3noma de Barcelona<\/em><\/div>\n<\/div>\n<\/div>\n<div class=\"col-sm-4 thumbnail no-border no-padding\">\n<div class=\"thumbnail no-border no-padding\">\n<div class=\"circle\">\n<div class=\"circle-inner\">\n<div class=\"media\"><img loading=\"lazy\" decoding=\"async\" class=\"img-responsive alignnone\" src=\"https:\/\/consinter.org\/2025\/wp-content\/uploads\/sites\/37\/2025\/10\/jose-esteve-pardo.jpg\" alt=\"Jos\u00e9 Esteve Pardo\" width=\"300\" height=\"300\" \/><\/div>\n<\/div>\n<\/div>\n<div class=\"text-center\"><strong>Jos\u00e9 Esteve Pardo<\/strong><br \/>\n<em>Catedr\u00e1tico de Derecho Administrativo &#8211; Universitat de Barcelona<\/em><\/div>\n<\/div>\n<\/div>\n<div class=\"col-sm-4 thumbnail no-border no-padding\">\n<div class=\"thumbnail no-border no-padding\">\n<div class=\"circle\">\n<div class=\"circle-inner\">\n<div class=\"media\"><img loading=\"lazy\" decoding=\"async\" class=\"img-responsive alignnone\" src=\"https:\/\/consinter.org\/2025\/wp-content\/uploads\/sites\/37\/2025\/10\/lluis-bahamonde-falcon.jpg\" alt=\"Llu\u00eds Bahamonde Falc\u00f3n\" width=\"300\" height=\"300\" \/><\/div>\n<\/div>\n<\/div>\n<div class=\"text-center\"><strong>Llu\u00eds Bahamonde Falc\u00f3n<\/strong><br \/>\n<em>Presidente de INNOBAIX, Socio Honorario y Asesor de Presidencia en PIMEC<\/em><\/div>\n<\/div>\n<\/div>\n<\/div>\n<p>&nbsp;<\/p>\n<div class=\"row\">\n<div class=\"col-sm-4 animated fadeInUp visible\" data-animation=\"fadeInUp\" data-animation-delay=\"100\">\n<div class=\"thumbnail no-border no-padding\">\n<div class=\"circle\">\n<div class=\"circle-inner\">\n<div class=\"media\"><img loading=\"lazy\" decoding=\"async\" class=\"img-responsive alignnone\" src=\"https:\/\/consinter.org\/2025\/wp-content\/uploads\/sites\/37\/2025\/10\/manuel-richard-gonzalez.jpg\" alt=\"Manuel Richard Gonz\u00e1lez\" width=\"300\" height=\"300\" \/><\/div>\n<\/div>\n<\/div>\n<div class=\"text-center\"><strong>Manuel Richard Gonz\u00e1lez<\/strong><br \/>\n<em>Profesor Titular de Derecho Procesal &#8211; Universidad P\u00fablica de Navarra<\/em><\/div>\n<\/div>\n<\/div>\n<div class=\"col-sm-4 thumbnail no-border no-padding\">\n<div class=\"thumbnail no-border no-padding\">\n<div class=\"circle\">\n<div class=\"circle-inner\">\n<div class=\"media\"><img loading=\"lazy\" decoding=\"async\" class=\"img-responsive alignnone\" src=\"https:\/\/consinter.org\/2025\/wp-content\/uploads\/sites\/37\/2025\/10\/marc-tarres-i-vives.jpg\" alt=\"Marc Tarr\u00e9s i Vives\" width=\"300\" height=\"300\" \/><\/div>\n<\/div>\n<\/div>\n<div class=\"text-center\"><strong>Marc Tarr\u00e9s i Vives<\/strong><br \/>\n<em>Profesor Titular de Derecho Administrativo &#8211; Universitat de Barcelona<\/em><\/div>\n<\/div>\n<\/div>\n<div class=\"col-sm-4 thumbnail no-border no-padding\">\n<div class=\"thumbnail no-border no-padding\">\n<div class=\"circle\">\n<div class=\"circle-inner\">\n<div class=\"media\"><img loading=\"lazy\" decoding=\"async\" class=\"img-responsive alignnone\" src=\"https:\/\/consinter.org\/2025\/wp-content\/uploads\/sites\/37\/2025\/10\/mariola-rodriguez-font.jpg\" alt=\"Mariola Rodr\u00edguez Font\" width=\"300\" height=\"300\" \/><\/div>\n<\/div>\n<\/div>\n<div class=\"text-center\"><strong>Mariola Rodr\u00edguez Font<\/strong><br \/>\n<em>Profesora Agregada Serra i H\u00faner de Derecho Administrativo &#8211; Universitat de Barcelona<\/em><\/div>\n<\/div>\n<\/div>\n<\/div>\n<p>&nbsp;<\/p>\n<div class=\"row\">\n<div class=\"col-sm-6 animated fadeInUp visible\" data-animation=\"fadeInUp\" data-animation-delay=\"100\">\n<div class=\"thumbnail no-border no-padding\">\n<div class=\"circle\">\n<div class=\"circle-inner\">\n<div class=\"media\"><img loading=\"lazy\" decoding=\"async\" class=\"img-responsive alignnone\" src=\"https:\/\/consinter.org\/2025\/wp-content\/uploads\/sites\/37\/2025\/10\/vicente-perez-daudi.jpg\" alt=\"Vicente P\u00e9rez Daud\u00ed\" width=\"300\" height=\"300\" \/><\/div>\n<\/div>\n<\/div>\n<div class=\"text-center\"><strong>Vicente P\u00e9rez Daud\u00ed<\/strong><br \/>\n<em>Catedr\u00e1tico de Derecho Procesal &#8211; Universitat de Barcelona<\/em><\/div>\n<\/div>\n<\/div>\n<div class=\"col-sm-6 thumbnail no-border no-padding\">\n<div class=\"thumbnail no-border no-padding\">\n<div class=\"circle\">\n<div class=\"circle-inner\">\n<div class=\"media\"><img loading=\"lazy\" decoding=\"async\" class=\"img-responsive alignnone\" src=\"https:\/\/consinter.org\/2025\/wp-content\/uploads\/sites\/37\/2025\/10\/yago-vazquez-moraga.jpg\" alt=\"Yago V\u00e1zquez Moraga\" width=\"300\" height=\"300\" \/><\/div>\n<\/div>\n<\/div>\n<div class=\"text-center\"><strong>Yago V\u00e1zquez Moraga<\/strong><br \/>\n<em>Abogado y Socio fundador de STATIM<\/em><\/div>\n<\/div>\n<\/div>\n<\/div>\n<p style=\"text-align: center; margin: 50px 0 25px 0;\"><strong>MODERADORES<\/strong><\/p>\n<div class=\"row\">\n<div class=\"col-sm-4 animated fadeInUp visible\" data-animation=\"fadeInUp\" data-animation-delay=\"100\">\n<div class=\"thumbnail no-border no-padding\">\n<div class=\"circle\">\n<div class=\"circle-inner\">\n<div class=\"media\"><img loading=\"lazy\" decoding=\"async\" class=\"img-responsive alignnone\" src=\"https:\/\/consinter.org\/2025\/wp-content\/uploads\/sites\/37\/2025\/10\/augusto-grieco.jpg\" alt=\"Augusto Grieco\" width=\"300\" height=\"300\" \/><\/div>\n<\/div>\n<\/div>\n<div class=\"text-center\"><strong>Augusto Grieco<\/strong><br \/>\n<em>Procurador do Trabalho do Minist\u00e9rio P\u00fablico da Uni\u00e3o<\/em><\/div>\n<\/div>\n<\/div>\n<div class=\"col-sm-4 thumbnail no-border no-padding\">\n<div class=\"thumbnail no-border no-padding\">\n<div class=\"circle\">\n<div class=\"circle-inner\">\n<div class=\"media\"><img loading=\"lazy\" decoding=\"async\" class=\"img-responsive alignnone\" src=\"https:\/\/consinter.org\/edital2023\/wp-content\/uploads\/sites\/31\/2023\/03\/david-vallespin-perez.jpg\" alt=\"David Vallesp\u00edn P\u00e9rez\" width=\"300\" height=\"300\" \/><\/div>\n<\/div>\n<\/div>\n<div class=\"text-center\"><strong>David Vallesp\u00edn P\u00e9rez<\/strong><br \/>\n<em>Catedr\u00e1tico de Derecho Procesal &#8211; Universitat de Barcelona<\/em><\/div>\n<\/div>\n<\/div>\n<div class=\"col-sm-4 thumbnail no-border no-padding\">\n<div class=\"thumbnail no-border no-padding\">\n<div class=\"circle\">\n<div class=\"circle-inner\">\n<div class=\"media\"><img loading=\"lazy\" decoding=\"async\" class=\"img-responsive alignnone\" src=\"https:\/\/consinter.org\/2025\/wp-content\/uploads\/sites\/37\/2025\/10\/giorgia-bin-bochenek.jpg\" alt=\"Giorgia Bin Bochenek\" width=\"300\" height=\"300\" \/><\/div>\n<\/div>\n<\/div>\n<div class=\"text-center\"><strong>Giorgia Bin Bochenek<\/strong><br \/>\n<em>Presidente da Associa\u00e7\u00e3o Comercial, Industrial e Empresarial de Ponta Grossa, Mestre em Sociologia &#8211; Universidade de Coimbra<\/em><\/div>\n<\/div>\n<\/div>\n<\/div>\n<p>&nbsp;<\/p>\n<div class=\"row\">\n<div class=\"col-sm-4 animated fadeInUp visible\" data-animation=\"fadeInUp\" data-animation-delay=\"100\">\n<div class=\"thumbnail no-border no-padding\">\n<div class=\"circle\">\n<div class=\"circle-inner\">\n<div class=\"media\"><img loading=\"lazy\" decoding=\"async\" class=\"img-responsive alignnone\" src=\"https:\/\/consinter.org\/2025\/wp-content\/uploads\/sites\/37\/2025\/10\/ivani-bramante-.jpg\" alt=\"Ivani Bramante\" width=\"300\" height=\"300\" \/><\/div>\n<\/div>\n<\/div>\n<div class=\"text-center\"><strong>Ivani Bramante<\/strong><br \/>\n<em>Desembargadora do Tribunal Regional do Trabalho da 2\u00aa Regi\u00e3o<\/em><\/div>\n<\/div>\n<\/div>\n<div class=\"col-sm-4 thumbnail no-border no-padding\">\n<div class=\"thumbnail no-border no-padding\">\n<div class=\"circle\">\n<div class=\"circle-inner\">\n<div class=\"media\"><img loading=\"lazy\" decoding=\"async\" class=\"img-responsive alignnone\" src=\"https:\/\/consinter.org\/2025\/wp-content\/uploads\/sites\/37\/2025\/10\/ignacio-garcia-vitoria.jpg\" alt=\"Ignacio Garc\u00eda Vitoria\" width=\"300\" height=\"300\" \/><\/div>\n<\/div>\n<\/div>\n<div class=\"text-center\"><strong>Ignacio Garc\u00eda Vitoria<\/strong><br \/>\n<em>Prof. Derecho Constitucional e Vice decano &#8211; Facultad de Derecho \u2013 UCM<\/em><\/div>\n<\/div>\n<\/div>\n<div class=\"col-sm-4 thumbnail no-border no-padding\">\n<div class=\"thumbnail no-border no-padding\">\n<div class=\"circle\">\n<div class=\"circle-inner\">\n<div class=\"media\"><img loading=\"lazy\" decoding=\"async\" class=\"img-responsive alignnone\" src=\"https:\/\/consinter.org\/2025\/wp-content\/uploads\/sites\/37\/2025\/10\/jesus-victor-alfredo-contreras-ugarte.jpg\" alt=\"Jes\u00fas V\u00edctor Contreras Ugarte\" width=\"300\" height=\"300\" \/><\/div>\n<\/div>\n<\/div>\n<div class=\"text-center\"><strong>Jes\u00fas V\u00edctor Contreras Ugarte<\/strong><br \/>\n<em>Profesor Ayudante Doctor de Filosof\u00eda del Derecho &#8211; Universidad Complutense de Madrid<\/em><\/div>\n<\/div>\n<\/div>\n<\/div>\n<p>&nbsp;<\/p>\n<div class=\"row\">\n<div class=\"col-sm-4 animated fadeInUp visible\" data-animation=\"fadeInUp\" data-animation-delay=\"100\">\n<div class=\"thumbnail no-border no-padding\">\n<div class=\"circle\">\n<div class=\"circle-inner\">\n<div class=\"media\"><img loading=\"lazy\" decoding=\"async\" class=\"img-responsive alignnone\" src=\"https:\/\/consinter.org\/2025\/wp-content\/uploads\/sites\/37\/2025\/10\/kilian-alvarez-saez.jpg\" alt=\"Kilian \u00c1lvarez S\u00e1ez\" width=\"300\" height=\"300\" \/><\/div>\n<\/div>\n<\/div>\n<div class=\"text-center\"><strong>Kilian \u00c1lvarez S\u00e1ez<\/strong><br \/>\n<em>Abogado y Profesor Asociado de Derecho Procesal &#8211; Universitat de Barcelona<\/em><\/div>\n<\/div>\n<\/div>\n<div class=\"col-sm-4 thumbnail no-border no-padding\">\n<div class=\"thumbnail no-border no-padding\">\n<div class=\"circle\">\n<div class=\"circle-inner\">\n<div class=\"media\"><img loading=\"lazy\" decoding=\"async\" class=\"img-responsive alignnone\" src=\"https:\/\/consinter.org\/2025\/wp-content\/uploads\/sites\/37\/2025\/10\/marco-antonio-cesar-villatore.jpg\" alt=\"Marco Ant\u00f4nio C\u00e9sar Villatore\" width=\"300\" height=\"300\" \/><\/div>\n<\/div>\n<\/div>\n<div class=\"text-center\"><strong>Marco Ant\u00f4nio C\u00e9sar Villatore<\/strong><br \/>\n<em>Advogado e professor da Universidade Federal de Santa Catarina<\/em><\/div>\n<\/div>\n<\/div>\n<div class=\"col-sm-4 thumbnail no-border no-padding\">\n<div class=\"thumbnail no-border no-padding\">\n<div class=\"circle\">\n<div class=\"circle-inner\">\n<div class=\"media\"><img loading=\"lazy\" decoding=\"async\" class=\"img-responsive alignnone\" src=\"https:\/\/consinter.org\/2025\/wp-content\/uploads\/sites\/37\/2025\/10\/milton-thibau.jpg\" alt=\"Milton Thibau\" width=\"300\" height=\"300\" \/><\/div>\n<\/div>\n<\/div>\n<div class=\"text-center\"><strong>Milton Thibau<\/strong><br \/>\n<em>Desembargador do Tribunal Regional do Trabalho da 3a. Regi\u00e3o<\/em><\/div>\n<\/div>\n<\/div>\n<\/div>\n<p>[\/vc_column_text][\/vc_column][\/vc_row][vc_row full_width=&#8221;stretch_row&#8221; section_id=&#8221;who&#8221; parallax_bg=&#8221;0&#8243; stellar_background_ratio=&#8221;0.6&#8243; css=&#8221;.vc_custom_1751651856212{margin-top: 0px !important;margin-bottom: 0px !important;border-top-width: 0px !important;border-bottom-width: 0px !important;padding-top: 70px !important;padding-bottom: 70px !important;}&#8221; el_id=&#8221;who&#8221; el_class=&#8221;light&#8221;][vc_column]\r\n      <h3 class=\"section-title \"><span data-animation=\"flipInY\" data-animation-delay=\"300\" class=\"icon-inner\"><span class=\"fa-stack\"><i class=\"fa crcle fa-stack-2x\"><\/i><i class=\"fa fa-ticket fa-stack-1x\"><\/i><\/span><\/span><span data-animation=\"fadeInRight\" data-animation-delay=\"500\" class=\"title-inner\">SOBRE<\/h3>\r\n    [vc_column_text]<\/p>\n<p><strong>CONSINTER \u2013 CONSELHO INTERNACIONAL DE ESTUDOS CONTEMPOR\u00c2NEOS EM P\u00d3S-GRADUA\u00c7\u00c3O<\/strong><\/p>\n<p>O CONSINTER vem apresentar-se com o objetivo de promover o indiv\u00edduo enquanto agente construtor de seu destino e da sociedade em geral, convidando-o \u00e0 realiza\u00e7\u00e3o de um grande evento internacional em que os participantes dispor\u00e3o de espa\u00e7o para apresenta\u00e7\u00e3o oral dos seus artigos cient\u00edficos in\u00e9ditos, os quais corporificam os conhecimentos e experi\u00eancias adquiridos como resultado das pesquisas cient\u00edficas, com a possibilidade de sua publica\u00e7\u00e3o tanto no Brasil quanto na Europa, por meio impresso e digital.<\/p>\n<p>Defendemos que as publica\u00e7\u00f5es, quer sejam impressas ou digitais, enquanto substrato da cultura, s\u00e3o instrumentos eficazes para a democratiza\u00e7\u00e3o dos saberes, para a intera\u00e7\u00e3o entre os povos e para a consolida\u00e7\u00e3o do desenvolvimento humanit\u00e1rio, t\u00e9cnico e cient\u00edfico que impulsiona o processo civilizat\u00f3rio entre as diferentes culturas, permitindo a supera\u00e7\u00e3o dos limites impostos pela geografia e pelas normas, viabilizando que a integra\u00e7\u00e3o entre os povos se fa\u00e7a de forma \u00e9tica e sustent\u00e1vel, formando indiv\u00edduos reflexivos e aut\u00f4nomos, comprometidos com os mais elevados valores e princ\u00edpios.<\/p>\n<p>O CONSINTER caracteriza-se por ser uma institui\u00e7\u00e3o sem fins lucrativos, criada com o apoio e interveni\u00eancia da Editora Juru\u00e1 Ltda., empresa do ramo editorial com mais de 48 anos de atividade empresarial, notadamente reconhecida por sua tradi\u00e7\u00e3o na publica\u00e7\u00e3o de livros de alto n\u00edvel t\u00e9cnico e cient\u00edfico nas diversas \u00e1reas do conhecimento e que, expandindo suas fronteiras, h\u00e1 mais de 07 anos est\u00e1 presente na Europa atrav\u00e9s da Editorial Juru\u00e1 Ltda. com sede em Portugal, com uma gama de renomados e conceituados autores e conselheiros nacionais e estrangeiros.<\/p>\n<p>[\/vc_column_text][\/vc_column][\/vc_row][vc_row full_width=&#8221;stretch_row&#8221; section_id=&#8221;rules&#8221; el_id=&#8221;rules&#8221; parallax_bg=&#8221;0&#8243; stellar_background_ratio=&#8221;0.6&#8243; css=&#8221;.vc_custom_1728334155490{margin-top: 0px !important;margin-bottom: 0px !important;border-top-width: 0px !important;border-bottom-width: 0px !important;padding-top: 70px !important;padding-bottom: 70px !important;}&#8221;][vc_column]\r\n      <h3 class=\"section-title \"><span data-animation=\"flipInY\" data-animation-delay=\"300\" class=\"icon-inner\"><span class=\"fa-stack\"><i class=\"fa crcle fa-stack-2x\"><\/i><i class=\"fa fa-ticket fa-stack-1x\"><\/i><\/span><\/span><span data-animation=\"fadeInRight\" data-animation-delay=\"500\" class=\"title-inner\">Submiss\u00e3o dos artigos <small> \/ instru\u00e7\u00f5es gerais e modelo de artigo<\/small><\/span><\/h3>\r\n    [vc_column_text css=&#8221;&#8221;]<strong>PRAZOS E FORMA DE ENVIO<\/strong><\/p>\n<p>O artigo somente pode ser enviado via <em>upload<\/em> no site <a href=\"https:\/\/revistaconsinter.com\/index.php\/ojs\/about\/submissions\" target=\"_blank\" rel=\"noopener\">https:\/\/revistaconsinter.com\/index.php\/ojs\/about\/submissions<\/a> conforme as instru\u00e7\u00f5es abaixo e\/ou que l\u00e1 constam, ap\u00f3s a realiza\u00e7\u00e3o da inscri\u00e7\u00e3o e pagamento efetuado. O <em>upload<\/em> do artigo somente deve ser efetuado uma vez no site acima citado por um dos autores.<\/p>\n<p>Conforme passo a passo indicado em: <strong>Como enviar o artigo.<\/strong><\/p>\n<p>A inscri\u00e7\u00e3o\/submiss\u00e3o e os artigos ser\u00e3o aceitos conforme as chamadas abaixo:<\/p>\n<ul>\n<li>At\u00e9 31\/03\/2025 \u2013 2\u00aa Chamada.<\/li>\n<li>At\u00e9 30\/04\/2025 \u2013 3\u00aa Chamada.<\/li>\n<li>At\u00e9 31\/05\/2025 \u2013 4\u00aa Chamada.<\/li>\n<li>At\u00e9 31\/08\/2025 \u2013 5\u00aa Chamada &#8211; exclusivo Barcelona<\/li>\n<\/ul>\n<p><strong>Prazos Prorrogados! \u00daltimas Chamadas<\/strong><\/p>\n<ul>\n<li>Para apresenta\u00e7\u00e3o no Congresso Internacional de Direito da PUCPR \u2013 Curitiba \u2013 Inscri\u00e7\u00f5es at\u00e9 10\/08\/2025.<\/li>\n<li>Para apresenta\u00e7\u00e3o no Congresso Internacional de Direito da Universitat Barcelona \u2013 Espanha at\u00e9 31\/08\/2025.<\/li>\n<\/ul>\n<p><strong>COMUNICA\u00c7\u00c3O DA APROVA\u00c7\u00c3O<\/strong><\/p>\n<p>A decis\u00e3o do Corpo de Pareceristas\/Conselho Editorial do CONSINTER sobre a aprova\u00e7\u00e3o ou n\u00e3o dos artigos apresentados ser\u00e1 comunicada diretamente ao autor por <em>e-mail<\/em>.<\/p>\n<p><strong>CONDI\u00c7\u00d5ES<\/strong><\/p>\n<ol style=\"list-style-type: lower-alpha;\">\n<li>A submiss\u00e3o do trabalho cient\u00edfico para an\u00e1lise est\u00e1 condicionada \u00e0 confirma\u00e7\u00e3o da inscri\u00e7\u00e3o e pagamento, no mesmo momento, de todos os autores e coautores;<\/li>\n<li>Somente ser\u00e3o publicados os artigos aprovados pelo Corpo de Parecerista\/Conselho Editorial do CONSINTER.<\/li>\n<\/ol>\n<p><strong>APRESENTA\u00c7\u00d5ES ORAIS<\/strong><\/p>\n<p>Poder\u00e3o ser apresentados em um dos Congressos do CONSINTER, todos os artigos devidamente inscritos, pagos e aprovados, conforme o item 13, desde que tenham sido adquiridos nas seguintes op\u00e7\u00f5es:<\/p>\n<ol style=\"list-style-type: lower-alpha;\">\n<li>COMBO \u2013 inscri\u00e7\u00e3o\/submiss\u00e3o do artigo + participa\u00e7\u00e3o\/apresenta\u00e7\u00e3o;<\/li>\n<li>Aquisi\u00e7\u00e3o do Adicional para participa\u00e7\u00e3o\/apresenta\u00e7\u00e3o do artigo (previamente inscrito e aprovado) em um dos Congressos do CONSINTER de 2025.<\/li>\n<\/ol>\n<p><strong>DECLARA\u00c7\u00c3O DE APROVA\u00c7\u00c3O DE ARTIGO<\/strong><\/p>\n<p>A declara\u00e7\u00e3o de aprova\u00e7\u00e3o de artigo cient\u00edfico ser\u00e1 emitida desde que o artigo seja aprovado, pelo CONSINTER, mediante solicita\u00e7\u00e3o ao <em>e-mail<\/em> <u>contato@consinter.org.<\/u>[\/vc_column_text][vc_zigzag color=&#8221;custom&#8221; custom_color=&#8221;#999999&#8243; css=&#8221;.vc_custom_1651757033200{margin-top: 20px !important;}&#8221;]\r\n      <h3 class=\"section-title \"><span data-animation=\"flipInY\" data-animation-delay=\"300\" class=\"icon-inner\"><span class=\"fa-stack\"><i class=\"fa crcle fa-stack-2x\"><\/i><i class=\"fa fa-ticket fa-stack-1x\"><\/i><\/span><\/span><span data-animation=\"fadeInRight\" data-animation-delay=\"500\" class=\"title-inner\">DOWNLOAD <small> \/ Baixe os documentos indispens\u00e1veis<\/small><\/span><\/h3>\r\n    [vc_column_text css=&#8221;&#8221;]\u00c9 indispens\u00e1vel a leitura e aplica\u00e7\u00e3o das regras de submiss\u00e3o assim, como os demais documentos que seguem abaixo:[\/vc_column_text]<a href=\"https:\/\/consinter.org\/2025\/wp-content\/uploads\/sites\/37\/2025\/07\/regras-completas-08-07-2025.pdf\" target='_blank' style=\"margin: 20px 20px 0 0\"  class=\"btn btn-theme animated flipInY visible   \" data-animation=\"flipInY\" data-animation-delay=\"200\"><i class=\"fa \"><\/i> Normas Completas<\/a><a href=\"https:\/\/consinter.org\/2025\/wp-content\/uploads\/sites\/37\/2025\/07\/submissao-regra-08-07-2025.pdf\" target='_blank' style=\"margin: 20px 20px 0 0\"  class=\"btn btn-theme animated flipInY visible   \" data-animation=\"flipInY\" data-animation-delay=\"200\"><i class=\"fa \"><\/i> Regras de Submiss\u00e3o<\/a><a href=\"https:\/\/docs.pkp.sfu.ca\/learning-ojs\/3.3\/pt\/authoring#submitting-an-article\" target='_blank' style=\"margin: 20px 20px 0 0\"  class=\"btn btn-theme animated flipInY visible   \" data-animation=\"flipInY\" data-animation-delay=\"200\"><i class=\"fa \"><\/i> Passo a passo de submiss\u00e3o<\/a><a href=\"https:\/\/view.officeapps.live.com\/op\/view.aspx?src=https:\/\/consinter.org\/wp-content\/uploads\/2025\/08\/dau-consinter-pt.docx\" target='_blank' style=\"margin: 20px 20px 0 0\"  class=\"btn btn-theme animated flipInY visible   \" data-animation=\"flipInY\" data-animation-delay=\"200\"><i class=\"fa \"><\/i> Cess\u00e3o de Direitos Autorais<\/a><a href=\"https:\/\/view.officeapps.live.com\/op\/view.aspx?src=https:\/\/consinter.org\/wp-content\/uploads\/2025\/08\/modelo-de-artigo-portugues.docx\" target='_blank' style=\"margin: 20px 0 0 0\"  class=\"btn btn-theme animated flipInY visible   \" data-animation=\"flipInY\" data-animation-delay=\"200\"><i class=\"fa \"><\/i> Modelo de artigo<\/a>[\/vc_column][\/vc_row][vc_row full_width=&#8221;stretch_row&#8221; section_id=&#8221;schedule&#8221; el_id=&#8221;schedule&#8221; parallax_bg=&#8221;0&#8243; stellar_background_ratio=&#8221;0.6&#8243; css=&#8221;.vc_custom_1751652018510{margin-top: 0px !important;margin-bottom: 0px !important;border-top-width: 0px !important;border-bottom-width: 0px !important;padding-top: 70px !important;padding-bottom: 70px !important;}&#8221; el_class=&#8221;color&#8221;][vc_column]\r\n      <h3 class=\"section-title \"><span data-animation=\"flipInY\" data-animation-delay=\"300\" class=\"icon-inner\"><span class=\"fa-stack\"><i class=\"fa crcle fa-stack-2x\"><\/i><i class=\"fa fa-ticket fa-stack-1x\"><\/i><\/span><\/span><span data-animation=\"fadeInRight\" data-animation-delay=\"500\" class=\"title-inner\">Programa\u00e7\u00e3o <small> \/ Confira a pr\u00e9via da programa\u00e7\u00e3o e os palestrantes confirmados<\/small><\/span><\/h3>\r\n    [vc_column_text css=&#8221;.vc_custom_1759854667648{margin-top: 20px !important;}&#8221;]<a href=\"https:\/\/consinter.org\/2025\/wp-content\/uploads\/sites\/37\/2025\/10\/programacao-ub-10-10-2025.pdf\" class=\"pdfemb-viewer\" style=\"\" data-width=\"max\" data-height=\"max\" data-toolbar=\"both\" data-toolbar-fixed=\"on\">programacao-ub-10-10-2025<\/a>[\/vc_column_text]<a href=\"https:\/\/consinter.org\/2025\/wp-content\/uploads\/sites\/37\/2025\/10\/programacao-ub-10-10-2025.pdf\" target='_blank' style=\"margin: 20px 20px 50px 0\"  class=\"btn btn-theme animated flipInY visible   \" data-animation=\"flipInY\" data-animation-delay=\"200\"><i class=\"fa \"><\/i> Download - Programa\u00e7\u00e3o UB<\/a>\r\n      <h3 class=\"section-title \"><span data-animation=\"flipInY\" data-animation-delay=\"300\" class=\"icon-inner\"><span class=\"fa-stack\"><i class=\"fa crcle fa-stack-2x\"><\/i><i class=\"fa fa-ticket fa-stack-1x\"><\/i><\/span><\/span><span data-animation=\"fadeInRight\" data-animation-delay=\"500\" class=\"title-inner\">APRESENTA\u00c7\u00d5ES <small> \/ grupos de trabalho<\/small><\/span><\/h3>\r\n    [vc_column_text css=&#8221;.vc_custom_1760117804231{margin-top: 20px !important;}&#8221;]<a href=\"https:\/\/consinter.org\/2025\/wp-content\/uploads\/sites\/37\/2025\/10\/gts-alfabetica.pdf\" class=\"pdfemb-viewer\" style=\"\" data-width=\"max\" data-height=\"max\" data-toolbar=\"both\" data-toolbar-fixed=\"on\">gts-alfabetica<\/a>[\/vc_column_text]<a href=\"https:\/\/consinter.org\/2025\/wp-content\/uploads\/sites\/37\/2025\/10\/gts-alfabetica.pdf\" target='_blank' style=\"margin: 20px 20px 0 0\"  class=\"btn btn-theme animated flipInY visible   \" data-animation=\"flipInY\" data-animation-delay=\"200\"><i class=\"fa \"><\/i> Download Apresenta\u00e7\u00f5es \/ GT<\/a>[\/vc_column][\/vc_row][vc_row section_id=&#8221;sponsors&#8221; css=&#8221;.vc_custom_1651757419229{margin-top: 0px !important;margin-bottom: 0px !important;border-top-width: 0px !important;border-bottom-width: 0px !important;padding-top: 70px !important;padding-bottom: 70px !important;background-position: center !important;background-repeat: no-repeat !important;background-size: cover !important;}&#8221; fullwidth=&#8221;no&#8221; el_id=&#8221;sponsors&#8221; el_class=&#8221;text-center&#8221; parallax_bg=&#8221;0&#8243; stellar_background_ratio=&#8221;0.6&#8243;][vc_column]\r\n      <h3 class=\"section-title text-left\"><span data-animation=\"flipInY\" data-animation-delay=\"300\" class=\"icon-inner\"><span class=\"fa-stack\"><i class=\"fa crcle fa-stack-2x\"><\/i><i class=\"fa fa-thumbs-up fa-stack-1x\"><\/i><\/span><\/span><span data-animation=\"fadeInRight\" data-animation-delay=\"500\" class=\"title-inner\">Organiza\u00e7\u00e3o e Patroc\u00ednio <small> \/ conv\u00eanios<\/small><\/span><\/h3>\r\n    [vc_column_text css=&#8221;&#8221;]<\/p>\n<p style=\"text-align: center;\">Associe sua marca a um evento que promove conhecimento jur\u00eddico de excel\u00eancia e esteja ao lado de l\u00edderes e formadores de opini\u00e3o que moldam o futuro do Direito.<\/p>\n<p>[\/vc_column_text]<a href=\"mailto:contato@consinter.org?subject=Desejo ser um patrocinador do CONSINTER&amp;body=Ol\u00e1, desejo maiores informa\u00e7\u00f5es sobre patroc\u00ednio dos eventos do CONSINTER.\"  style=\"margin: 20px 20px 0 0\"  class=\"btn btn-theme animated flipInY visible   \" data-animation=\"flipInY\" data-animation-delay=\"200\"><i class=\"fa \"><\/i> Seja um Patrocinador<\/a><a href=\"mailto:contato@consinter.org?subject=Desejo ser um conveniado do CONSINTER&amp;body=Ol\u00e1, desejo maiores informa\u00e7\u00f5es sobre conv\u00eanios nos eventos do CONSINTER.\"  style=\"margin: 20px 20px 0 0\"  class=\"btn btn-theme animated flipInY visible   \" data-animation=\"flipInY\" data-animation-delay=\"200\"><i class=\"fa \"><\/i> Seja um Conveniado<\/a>[vc_text_separator title=&#8221;Organiza\u00e7\u00e3o&#8221; style=&#8221;double&#8221; css=&#8221;.vc_custom_1683317942022{margin-top: 35px !important;margin-bottom: 15px !important;}&#8221;]\r\n      <div class=\"partners-carousel \"  data-animation=\"fadeInDown\" data-animation-delay=\"300\">\r\n          <div class=\"owl-carousel\" data-auto=\"false\" data-show_nav=\"false\" data-loop=\"false\" data-itemslide=\"3\" data-autoplaytimeout=\"5000\"><div><a href=\"http:\/\/www.consinter.org\/\" target=\"_blank\"><img decoding=\"async\" src=\"https:\/\/consinter.org\/2025\/wp-content\/uploads\/sites\/37\/2025\/02\/consinter.png\" alt=\"CONSINTER - Conselho Internacional de Estudos Contempor\u00e2neos em P\u00f3s-Gradua\u00e7\u00e3o\"\/><\/a><\/div><div><a href=\"http:\/\/www.jurua.com.br\" target=\"_blank\"><img decoding=\"async\" src=\"https:\/\/consinter.org\/2025\/wp-content\/uploads\/sites\/37\/2025\/02\/jurua.png\" alt=\"Juru\u00e1 Editora\"\/><\/a><\/div><div><a href=\"http:\/\/www.editorialjurua.com\" target=\"_blank\"><img decoding=\"async\" src=\"https:\/\/consinter.org\/2025\/wp-content\/uploads\/sites\/37\/2025\/02\/jurua-europa.png\" alt=\"Editorial Juru\u00e1 Europa\"\/><\/a><\/div><\/div>\r\n      <\/div>\r\n    [vc_text_separator title=&#8221;Patrocinador&#8221; style=&#8221;double&#8221; css=&#8221;.vc_custom_1729166139858{margin-top: 35px !important;margin-bottom: 15px !important;}&#8221;]\r\n      <div class=\"partners-carousel \"  data-animation=\"fadeInDown\" data-animation-delay=\"300\">\r\n          <div class=\"owl-carousel\" data-auto=\"false\" data-show_nav=\"false\" data-loop=\"false\" data-itemslide=\"1\" data-autoplaytimeout=\"5000\"><div><a href=\"###\" target=\"_blank\"><img decoding=\"async\" src=\"https:\/\/consinter.org\/2025\/wp-content\/uploads\/sites\/37\/2025\/02\/cavesdomjosepacheco.png\" alt=\"Caves Dom Jos\u00e9 Pacheco - Vinhos de Portugal\"\/><\/a><\/div><\/div>\r\n      <\/div>\r\n    [vc_text_separator title=&#8221;Conv\u00eanios &#8211; Europa&#8221; style=&#8221;double&#8221; css=&#8221;.vc_custom_1687882502795{margin-top: 35px !important;margin-bottom: 15px !important;}&#8221;]\r\n      <div class=\"partners-carousel \"  data-animation=\"fadeInDown\" data-animation-delay=\"300\">\r\n          <div class=\"owl-carousel\" data-auto=\"true\" data-show_nav=\"true\" data-loop=\"true\" data-itemslide=\"3\" data-autoplaytimeout=\"5000\"><div><a href=\"https:\/\/www.ub.edu\/\" target=\"_blank\"><img decoding=\"async\" src=\"https:\/\/consinter.org\/2025\/wp-content\/uploads\/sites\/37\/2025\/02\/ub-dep.png\" alt=\"UB - Universitat de Barcelona\"\/><\/a><\/div><div><a href=\"https:\/\/www.ucm.es\/\" target=\"_blank\"><img decoding=\"async\" src=\"https:\/\/consinter.org\/2025\/wp-content\/uploads\/sites\/37\/2025\/02\/ucm.png\" alt=\"UCM - Universidad Complutense de Madrid\"\/><\/a><\/div><div><a href=\"https:\/\/www.ubu.es\/\" target=\"_blank\"><img decoding=\"async\" src=\"https:\/\/consinter.org\/2025\/wp-content\/uploads\/sites\/37\/2025\/02\/u-burgos.png\" alt=\"Universidad de Burgos\"\/><\/a><\/div><div><a href=\"https:\/\/www.usal.es\/\" target=\"_blank\"><img decoding=\"async\" src=\"https:\/\/consinter.org\/2025\/wp-content\/uploads\/sites\/37\/2025\/02\/usal.png\" alt=\"Universidad de Salamanca\"\/><\/a><\/div><div><a href=\"https:\/\/www.europeia.pt\/\" target=\"_blank\"><img decoding=\"async\" src=\"https:\/\/consinter.org\/2025\/wp-content\/uploads\/sites\/37\/2025\/02\/ue-lisboa.png\" alt=\"Universidade Europeia\"\/><\/a><\/div><div><a href=\"https:\/\/apmnacional.es\/actualidad\/fundacion-de-la-asociacion-profesiona\/\" target=\"_blank\"><img decoding=\"async\" src=\"https:\/\/consinter.org\/2025\/wp-content\/uploads\/sites\/37\/2025\/02\/apm.png\" alt=\"Fundaci\u00f3n de la Asociaci\u00f3n Profesional de la Magistratura\"\/><\/a><\/div><div><a href=\"https:\/\/www.forojudicialindependiente.es\/\" target=\"_blank\"><img decoding=\"async\" src=\"https:\/\/consinter.org\/2025\/wp-content\/uploads\/sites\/37\/2025\/02\/fji.png\" alt=\"Asociaci\u00f3n del Foro Judicial Independiente\"\/><\/a><\/div><div><a href=\"https:\/\/idpbarcelona.net\/\" target=\"_blank\"><img decoding=\"async\" src=\"https:\/\/consinter.org\/2025\/wp-content\/uploads\/sites\/37\/2025\/02\/idp-es.png\" alt=\"IDP - Observatorio de Derecho Publico\"\/><\/a><\/div><div><a href=\"https:\/\/www.statim.es\/\" target=\"_blank\"><img decoding=\"async\" src=\"https:\/\/consinter.org\/2025\/wp-content\/uploads\/sites\/37\/2025\/10\/statim.png\" alt=\"Statim Legal\"\/><\/a><\/div><\/div>\r\n      <\/div>\r\n    [vc_text_separator title=&#8221;Conv\u00eanios Master &#8211; Brasil&#8221; style=&#8221;double&#8221; css=&#8221;.vc_custom_1714507686864{margin-top: 35px !important;margin-bottom: 15px !important;}&#8221;]\r\n      <div class=\"partners-carousel \"  data-animation=\"fadeInDown\" data-animation-delay=\"300\">\r\n          <div class=\"owl-carousel\" data-auto=\"false\" data-show_nav=\"false\" data-loop=\"false\" data-itemslide=\"1\" data-autoplaytimeout=\"5000\"><div><a href=\"https:\/\/abdss.org.br\/\" target=\"_blank\"><img decoding=\"async\" src=\"https:\/\/consinter.org\/2025\/wp-content\/uploads\/sites\/37\/2025\/02\/abdss.png\" alt=\"ABDSS - Academia Brasileira de Direito da Seguridade Social\"\/><\/a><\/div><\/div>\r\n      <\/div>\r\n    [vc_text_separator title=&#8221;Conv\u00eanios &#8211; Brasil&#8221; style=&#8221;double&#8221; css=&#8221;.vc_custom_1687882486064{margin-top: 35px !important;margin-bottom: 15px !important;}&#8221;]\r\n      <div class=\"partners-carousel \"  data-animation=\"fadeInDown\" data-animation-delay=\"300\">\r\n          <div class=\"owl-carousel\" data-auto=\"true\" data-show_nav=\"true\" data-loop=\"true\" data-itemslide=\"3\" data-autoplaytimeout=\"5000\"><div><a href=\"https:\/\/luizgustavobraga.com.br\/\" target=\"_blank\"><img decoding=\"async\" src=\"https:\/\/consinter.org\/2025\/wp-content\/uploads\/sites\/37\/2025\/08\/luiz_gustavo_br.png\" alt=\"Luiz Gustavo Braga Advocacia e Consultoria Jur\u00eddica\"\/><\/a><\/div><div><a href=\"https:\/\/assislinhares.adv.br\/\" target=\"_blank\"><img decoding=\"async\" src=\"https:\/\/consinter.org\/2025\/wp-content\/uploads\/sites\/37\/2025\/08\/assis_linhares.png\" alt=\"Assis Linhares Advocacia\"\/><\/a><\/div><div><a href=\"https:\/\/www.amb.com.br\/\" target=\"_blank\"><img decoding=\"async\" src=\"https:\/\/consinter.org\/2025\/wp-content\/uploads\/sites\/37\/2025\/03\/amb_bco.png\" alt=\"AMB - Associa\u00e7\u00e3o dos Magistrados Brasileiros\"\/><\/a><\/div><div><a href=\"https:\/\/www.amatra1.org.br\/\" target=\"_blank\"><img decoding=\"async\" src=\"https:\/\/consinter.org\/2025\/wp-content\/uploads\/sites\/37\/2025\/02\/amatra1.png\" alt=\"AMATRA1 - Associa\u00e7\u00e3o dos Magistrados da Justi\u00e7a do Trabalho da 1\u00aa Regi\u00e3o\"\/><\/a><\/div><div><a href=\"https:\/\/amaerj.org.br\/\" target=\"_blank\"><img decoding=\"async\" src=\"https:\/\/consinter.org\/2025\/wp-content\/uploads\/sites\/37\/2025\/02\/amaerj.png\" alt=\"AMAERJ - Associa\u00e7\u00e3o de Magistrados do Estado do Rio de Janeiro\"\/><\/a><\/div><div><a href=\"https:\/\/amarn.com.br\/\" target=\"_blank\"><img decoding=\"async\" src=\"https:\/\/consinter.org\/2025\/wp-content\/uploads\/sites\/37\/2025\/02\/amarn.png\" alt=\"AMARN - Associa\u00e7\u00e3o dos Magistrados do Rio Grande do Norte\"\/><\/a><\/div><div><a href=\"https:\/\/www.amapar.com.br\/\" target=\"_blank\"><img decoding=\"async\" src=\"https:\/\/consinter.org\/2025\/wp-content\/uploads\/sites\/37\/2025\/02\/amapar.png\" alt=\"AMAPAR - Associa\u00e7\u00e3o dos Magistrados do Paran\u00e1\"\/><\/a><\/div><div><a href=\"https:\/\/www.apmppr.org.br\/\" target=\"_blank\"><img decoding=\"async\" src=\"https:\/\/consinter.org\/2025\/wp-content\/uploads\/sites\/37\/2025\/02\/apmp.png\" alt=\"APMP - Associa\u00e7\u00e3o Paranaense do Minist\u00e9rio P\u00fablico\"\/><\/a><\/div><div><a href=\"http:\/\/www.amepe.com.br\/\" target=\"_blank\"><img decoding=\"async\" src=\"https:\/\/consinter.org\/2025\/wp-content\/uploads\/sites\/37\/2025\/02\/amepe.png\" alt=\"AMEPE - Associa\u00e7\u00e3o dos Magistrados do Estado de Pernambuco\"\/><\/a><\/div><div><a href=\"https:\/\/www.ajufe.org.br\/\" target=\"_blank\"><img decoding=\"async\" src=\"https:\/\/consinter.org\/2025\/wp-content\/uploads\/sites\/37\/2025\/03\/ajufe.png\" alt=\"AJUFE - Associa\u00e7\u00e3o dos Ju\u00edzes Federais do Brasil\"\/><\/a><\/div><div><a href=\"https:\/\/www.apajufe.org.br\/\" target=\"_blank\"><img decoding=\"async\" src=\"https:\/\/consinter.org\/2025\/wp-content\/uploads\/sites\/37\/2025\/02\/apajufe.png\" alt=\"APAJUFE - Associa\u00e7\u00e3o Paranaense dos Ju\u00edzes Federais\"\/><\/a><\/div><div><a href=\"https:\/\/www.rejufe.org.br\/\" target=\"_blank\"><img decoding=\"async\" src=\"https:\/\/consinter.org\/2025\/wp-content\/uploads\/sites\/37\/2025\/02\/rejufe.png\" alt=\"REJUFE - Associa\u00e7\u00e3o dos Ju\u00edzes Federais da 5\u00aa Regi\u00e3o\"\/><\/a><\/div><div><a href=\"https:\/\/www.conamp.org.br\/\" target=\"_blank\"><img decoding=\"async\" src=\"https:\/\/consinter.org\/2025\/wp-content\/uploads\/sites\/37\/2025\/02\/conamp.png\" alt=\"CONAMP - Associa\u00e7\u00e3o Nacional dos Membros do Minist\u00e9rio P\u00fablico\"\/><\/a><\/div><div><a href=\"https:\/\/escoladamagistratura.amb.com.br\/\" target=\"_blank\"><img decoding=\"async\" src=\"https:\/\/consinter.org\/2025\/wp-content\/uploads\/sites\/37\/2025\/03\/enm.png\" alt=\"ENM - Escola Nacional da Magistratura\"\/><\/a><\/div><div><a href=\"https:\/\/www.esmafe.com\/\" target=\"_blank\"><img decoding=\"async\" src=\"https:\/\/consinter.org\/2025\/wp-content\/uploads\/sites\/37\/2025\/02\/esmafepr.png\" alt=\"ESMAFE-PR - Escola da Magistratura Federal do Paran\u00e1\"\/><\/a><\/div><div><a href=\"https:\/\/www.emap.com.br\/\" target=\"_blank\"><img decoding=\"async\" src=\"https:\/\/consinter.org\/2025\/wp-content\/uploads\/sites\/37\/2025\/02\/emap.png\" alt=\"EMAP - Escola da Magistratura do Paran\u00e1\"\/><\/a><\/div><div><a href=\"https:\/\/ejud.tjpr.jus.br\/\" target=\"_blank\"><img decoding=\"async\" src=\"https:\/\/consinter.org\/2025\/wp-content\/uploads\/sites\/37\/2025\/03\/ejud-pr.png\" alt=\"EJUD-PR - Escola Judicial do Paran\u00e1\"\/><\/a><\/div><div><a href=\"https:\/\/abdss.org.br\/\" target=\"_blank\"><img decoding=\"async\" src=\"https:\/\/consinter.org\/2025\/wp-content\/uploads\/sites\/37\/2025\/03\/abdss.png\" alt=\"ABDSS - Academia Brasileira de Direito da Seguridade Social\"\/><\/a><\/div><div><a href=\"https:\/\/aplj.com.br\/\" target=\"_blank\"><img decoding=\"async\" src=\"https:\/\/consinter.org\/2025\/wp-content\/uploads\/sites\/37\/2025\/03\/aplj.png\" alt=\"APLJ - Academia Paranaense de Letras Jur\u00eddicas\"\/><\/a><\/div><div><a href=\"http:\/\/www.amatra9.org.br\/\" target=\"_blank\"><img decoding=\"async\" src=\"https:\/\/consinter.org\/2025\/wp-content\/uploads\/sites\/37\/2025\/02\/amatra9.png\" alt=\"Amatra IX - Associa\u00e7\u00e3o dos Magistrados do Trabalho da 9\u00aa Regi\u00e3o\"\/><\/a><\/div><div><a href=\"https:\/\/www.ematra9.org.br\/\" target=\"_blank\"><img decoding=\"async\" src=\"https:\/\/consinter.org\/2025\/wp-content\/uploads\/sites\/37\/2025\/02\/ematra9.png\" alt=\"EMATRA IX - Escola da Associa\u00e7\u00e3o dos Magistrados do Trabalho do Paran\u00e1\"\/><\/a><\/div><div><a href=\"http:\/\/www.ampb.org.br\/\" target=\"_blank\"><img decoding=\"async\" src=\"https:\/\/consinter.org\/2025\/wp-content\/uploads\/sites\/37\/2025\/02\/ampb.png\" alt=\"AMPB - Associa\u00e7\u00e3o dos Magistrados da Para\u00edba\"\/><\/a><\/div><div><a href=\"https:\/\/www.anadep.org.br\/\" target=\"_blank\"><img decoding=\"async\" src=\"https:\/\/consinter.org\/2025\/wp-content\/uploads\/sites\/37\/2025\/02\/anadep.png\" alt=\"ANADEP - Associa\u00e7\u00e3o Nacional das Defensoras e Defensores P\u00fablicos\"\/><\/a><\/div><div><a href=\"https:\/\/www.aasp.org.br\/\" target=\"_blank\"><img decoding=\"async\" src=\"https:\/\/consinter.org\/2025\/wp-content\/uploads\/sites\/37\/2025\/02\/aasp.png\" alt=\"AASP - Associa\u00e7\u00e3o dos Advogados de S\u00e3o Paulo\"\/><\/a><\/div><div><a href=\"https:\/\/www.facebook.com\/Ibrajus\/\" target=\"_blank\"><img decoding=\"async\" src=\"https:\/\/consinter.org\/2025\/wp-content\/uploads\/sites\/37\/2025\/02\/ibrajus.png\" alt=\"IBRAJUS - Instituto Brasileiro de Administra\u00e7\u00e3o do Sistema Judici\u00e1rio\"\/><\/a><\/div><div><a href=\"https:\/\/www.ibdp.org.br\/\" target=\"_blank\"><img decoding=\"async\" src=\"https:\/\/consinter.org\/2025\/wp-content\/uploads\/sites\/37\/2025\/02\/ibdp.png\" alt=\"IBDP - Instituto Brasileiro de Direito Previdenci\u00e1rio\"\/><\/a><\/div><div><a href=\"https:\/\/iconectadireito.com.br\/\" target=\"_blank\"><img decoding=\"async\" src=\"https:\/\/consinter.org\/2025\/wp-content\/uploads\/sites\/37\/2025\/02\/iconectadireito.png\" alt=\"Instituto Conecta Direito\"\/><\/a><\/div><div><a href=\"https:\/\/unisal.br\/\" target=\"_blank\"><img decoding=\"async\" src=\"https:\/\/consinter.org\/2025\/wp-content\/uploads\/sites\/37\/2025\/02\/unisal.png\" alt=\"UNISAL \u2013 Centro Salesiano Universit\u00e1rio de S\u00e3o Paulo\"\/><\/a><\/div><div><a href=\"https:\/\/www.pucsp.br\/\" target=\"_blank\"><img decoding=\"async\" src=\"https:\/\/consinter.org\/2025\/wp-content\/uploads\/sites\/37\/2025\/02\/puc-sp.png\" alt=\"PUC-SP - Pontif\u00edcia Universidade Cat\u00f3lica de S\u00e3o Paulo\"\/><\/a><\/div><div><a href=\"https:\/\/estacio.br\/\" target=\"_blank\"><img decoding=\"async\" src=\"https:\/\/consinter.org\/2025\/wp-content\/uploads\/sites\/37\/2025\/02\/unesa.png\" alt=\"UNESA - Universidade Est\u00e1cio\"\/><\/a><\/div><div><a href=\"https:\/\/www.unipar.br\/\" target=\"_blank\"><img decoding=\"async\" src=\"https:\/\/consinter.org\/2025\/wp-content\/uploads\/sites\/37\/2025\/02\/unipar.png\" alt=\"UNIPAR - Universidade Paranaense\"\/><\/a><\/div><div><a href=\"https:\/\/www.univel.br\" target=\"_blank\"><img decoding=\"async\" src=\"https:\/\/consinter.org\/2025\/wp-content\/uploads\/sites\/37\/2025\/02\/univel.png\" alt=\"UNIVEL - Centro Universit\u00e1rio\"\/><\/a><\/div><div><a href=\"https:\/\/www1.uea.edu.br\/event.php\" target=\"_blank\"><img decoding=\"async\" src=\"https:\/\/consinter.org\/2025\/wp-content\/uploads\/sites\/37\/2025\/02\/uea.png\" alt=\"UEA - Universidade do Estado do Amazonas\"\/><\/a><\/div><div><a href=\"https:\/\/www.mcampos.br\/\" target=\"_blank\"><img decoding=\"async\" src=\"https:\/\/consinter.org\/2025\/wp-content\/uploads\/sites\/37\/2025\/06\/miltoncampos.png\" alt=\"Faculdade Milton Campos\"\/><\/a><\/div><div><a href=\"https:\/\/www.idp.edu.br\/\" target=\"_blank\"><img decoding=\"async\" src=\"https:\/\/consinter.org\/2025\/wp-content\/uploads\/sites\/37\/2025\/02\/idp.png\" alt=\"IDP - Instituto Brasileiro de Ensino, Desenvolvimento e Pesquisa\"\/><\/a><\/div><\/div>\r\n      <\/div>\r\n    [vc_text_separator title=&#8221;Operadora de Turismo&#8221; css=&#8221;.vc_custom_1656536802193{margin-top: 35px !important;margin-bottom: 15px !important;}&#8221;]\r\n      <div class=\"partners-carousel \"  data-animation=\"fadeInUp\" data-animation-delay=\"300\">\r\n          <div class=\"owl-carousel\" data-auto=\"false\" data-show_nav=\"false\" data-loop=\"false\" data-itemslide=\"1\" data-autoplaytimeout=\"3000\"><div><a href=\"http:\/\/www.frmviagens.tur.br\/\" target=\"_blank\"><img decoding=\"async\" src=\"https:\/\/consinter.org\/2025\/wp-content\/uploads\/sites\/37\/2025\/02\/frm.png\" alt=\"FRM Operadora de Turismo\"\/><\/a><\/div><\/div>\r\n      <\/div>\r\n    [\/vc_column][\/vc_row][vc_row full_width=&#8221;stretch_row&#8221; section_id=&#8221;price&#8221; css=&#8221;.vc_custom_1714506516761{margin-top: 0px !important;margin-bottom: 0px !important;border-top-width: 0px !important;border-bottom-width: 0px !important;padding-top: 70px !important;padding-bottom: 70px !important;}&#8221; fullwidth=&#8221;no&#8221; el_id=&#8221;price&#8221; parallax_bg=&#8221;0&#8243; stellar_background_ratio=&#8221;0.6&#8243; el_class=&#8221;price light&#8221;][vc_column css=&#8221;.vc_custom_1417502225299{padding-bottom: 10px !important;}&#8221;]\r\n      <h3 class=\"section-title \"><span data-animation=\"flipInY\" data-animation-delay=\"300\" class=\"icon-inner\"><span class=\"fa-stack\"><i class=\"fa crcle fa-stack-2x\"><\/i><i class=\"fa fa-ticket fa-stack-1x\"><\/i><\/span><\/span><span data-animation=\"fadeInRight\" data-animation-delay=\"500\" class=\"title-inner\">Valores <small> \/ seu investimento<\/small><\/span><\/h3>\r\n    [vc_column_text css=&#8221;.vc_custom_1743441207555{padding-bottom: 20px !important;padding-left: 20px !important;}&#8221;]<\/p>\n<ol style=\"list-style-type: lower-alpha;\">\n<li>Para pagamentos em moeda estrangeira verificar a cota\u00e7\u00e3o do dia;<\/li>\n<li>Verificar os prazos para inscri\u00e7\u00e3o e pagamento juntamente com o envio dos artigos para submiss\u00e3o destes;<\/li>\n<li>\u00c9 indispens\u00e1vel o pagamento da inscri\u00e7\u00e3o, dos autores e coautores, no ato da inscri\u00e7\u00e3o, o que dar\u00e1 direito \u00e0 avalia\u00e7\u00e3o do artigo;<\/li>\n<li>Ser\u00e3o aceitos artigos em coautoria desde que todos os autores estejam devidamente inscritos, sendo permitido no m\u00e1ximo 03 (tr\u00eas) coautores por artigo;<\/li>\n<li>Comunicamos que <strong>o CONSINTER n\u00e3o reembolsa pagamentos efetuados<\/strong>, mesmo quando os artigos n\u00e3o tenham sido aprovados pelo Conselho Editorial e\/ou Corpo de Pareceristas do CONSINTER;<\/li>\n<li>A data de envio do artigo est\u00e1 condicionada \u00e0 data de inscri\u00e7\u00e3o do(s) autor(es). Em caso de artigos enviados fora do prazo em que o autor efetuou a inscri\u00e7\u00e3o, ser\u00e1 cobrada a diferen\u00e7a de valor entre a data da inscri\u00e7\u00e3o e a data de envio do artigo;<\/li>\n<li>Haver\u00e1 taxa adicional para participa\u00e7\u00e3o\/apresenta\u00e7\u00e3o do artigo durante os Congressos do CONSINTER, para aquele que N\u00c3O adquiriu a op\u00e7\u00e3o COMBO no ato da inscri\u00e7\u00e3o e que dever\u00e1 ser quitado previamente, de acordo com o item 13 das normas completas.<\/li>\n<\/ol>\n<p>O mesmo artigo, desde que aprovado, poder\u00e1 ser apresentado oralmente pelo(s) autor(es) <strong>em um ou em ambos <\/strong>os Congressos promovidos pelo CONSINTER no ano corrente.<\/p>\n<p>A apresenta\u00e7\u00e3o do mesmo artigo em dois Congressos poder\u00e1 ocorrer mediante as seguintes modalidades:<\/p>\n<ol>\n<li>Aquisi\u00e7\u00e3o de <strong>COMBO<\/strong> (submiss\u00e3o + apresenta\u00e7\u00e3o);<\/li>\n<li>Submiss\u00e3o acompanhada da aquisi\u00e7\u00e3o de Adicional de Apresenta\u00e7\u00e3o para cada Congresso adicional.<\/li>\n<\/ol>\n<p>[\/vc_column_text][vc_row_inner el_class=&#8221;hidden&#8221;][vc_column_inner width=&#8221;1\/2&#8243;]\r\n      <div class=\"price-table  nofeature\" data-animation=\"fadeInUp\" data-animation-delay=\"100\">\r\n          <div class=\"price-table-header\">\r\n              <div class=\"price-label-header\">\r\n                  <h3 class=\"price-label-title\">1\u00ba lote - at\u00e9 31\/03\/25<\/h3>\r\n              <\/div>\r\n              <div class=\"price-value\" data-moeda=\"\"><span class=\"price-upper\">Em at\u00e9 <strong>10x<\/strong> de<\/span><span class=\"price-unit\">R$<\/span><span class=\"price-number\">149<\/span><\/div>\r\n          <\/div>\r\n          <div class=\"price-table-rows\"><p><\/p>\n<div class=\"price-table-row\"><i class=\"fa fa-check-circle-o\"><\/i> <strong>Somente submiss\u00e3o<\/strong> de artigo para avalia\u00e7\u00e3o, total de R$1.490,00.<\/div>\n<div class=\"price-table-row\"><i class=\"fa fa-check-circle-o\"><\/i> Parcele em at\u00e9 10x<\/div>\n<p><\/p><div class=\"price-table-row-bottom\"><a class=\"btn btn-theme \" href=\"###\" disabled>Encerrado<\/a> <\/div><\/div>\r\n      <\/div>\r\n    [\/vc_column_inner][vc_column_inner width=&#8221;1\/2&#8243;]\r\n      <div class=\"price-table  nofeature\" data-animation=\"fadeInUp\" data-animation-delay=\"100\">\r\n          <div class=\"price-table-header\">\r\n              <div class=\"price-label-header\">\r\n                  <h3 class=\"price-label-title\">1\u00ba lote - at\u00e9 31\/03\/25<\/h3>\r\n              <\/div>\r\n              <div class=\"price-value\" data-moeda=\"\"><span class=\"price-upper\">Em at\u00e9 <strong>10x<\/strong> de<\/span><span class=\"price-unit\">R$<\/span><span class=\"price-number\">218<\/span><\/div>\r\n          <\/div>\r\n          <div class=\"price-table-rows\"><p><\/p>\n<div class=\"price-table-row\"><i class=\"fa fa-check-circle-o\"><\/i> <strong>COMBO<\/strong> \u2013 Inscri\u00e7\u00e3o para a submiss\u00e3o do artigo R$ 1.490,00 + da participa\u00e7\u00e3o e\/ou apresenta\u00e7\u00e3o do artigo R$ 690,00, total de R$2.180,00.<\/div>\n<div class=\"price-table-row\"><i class=\"fa fa-check-circle-o\"><\/i> No XII ou XIII Congresso Internacional de Direito CONSINTER<\/div>\n<div class=\"price-table-row\"><i class=\"fa fa-check-circle-o\"><\/i> Parcele em at\u00e9 10x<\/div>\n<p><\/p><div class=\"price-table-row-bottom\"><a class=\"btn btn-theme \" href=\"###\" disabled>Encerrado<\/a> <\/div><\/div>\r\n      <\/div>\r\n    [\/vc_column_inner][\/vc_row_inner][vc_row_inner el_class=&#8221;hidden&#8221;][vc_column_inner width=&#8221;1\/2&#8243;]\r\n      <div class=\"price-table  nofeature\" data-animation=\"fadeInUp\" data-animation-delay=\"100\">\r\n          <div class=\"price-table-header\">\r\n              <div class=\"price-label-header\">\r\n                  <h3 class=\"price-label-title\">2\u00ba lote - at\u00e9 30\/04\/25<\/h3>\r\n              <\/div>\r\n              <div class=\"price-value\" data-moeda=\"\"><span class=\"price-upper\">Em at\u00e9 <strong>10x<\/strong> de<\/span><span class=\"price-unit\">R$<\/span><span class=\"price-number\">159<\/span><\/div>\r\n          <\/div>\r\n          <div class=\"price-table-rows\"><p><\/p>\n<div class=\"price-table-row\"><i class=\"fa fa-check-circle-o\"><\/i> <strong>Somente submiss\u00e3o<\/strong> de artigo para avalia\u00e7\u00e3o, total de R$1.590,00.<\/div>\n<div class=\"price-table-row\"><i class=\"fa fa-check-circle-o\"><\/i> Parcele em at\u00e9 10x<\/div>\n<p><\/p><div class=\"price-table-row-bottom\"><a class=\"btn btn-theme \" href=\"###\" disabled>Encerrado<\/a> <\/div><\/div>\r\n      <\/div>\r\n    [\/vc_column_inner][vc_column_inner width=&#8221;1\/2&#8243;]\r\n      <div class=\"price-table  nofeature\" data-animation=\"fadeInUp\" data-animation-delay=\"100\">\r\n          <div class=\"price-table-header\">\r\n              <div class=\"price-label-header\">\r\n                  <h3 class=\"price-label-title\">2\u00ba lote - at\u00e9 30\/04\/25<\/h3>\r\n              <\/div>\r\n              <div class=\"price-value\" data-moeda=\"\"><span class=\"price-upper\">Em at\u00e9 <strong>10x<\/strong> de<\/span><span class=\"price-unit\">R$<\/span><span class=\"price-number\">228<\/span><\/div>\r\n          <\/div>\r\n          <div class=\"price-table-rows\"><p><\/p>\n<div class=\"price-table-row\"><i class=\"fa fa-check-circle-o\"><\/i> <strong>COMBO<\/strong> \u2013 Inscri\u00e7\u00e3o para a submiss\u00e3o do artigo R$ 1.590,00 + da participa\u00e7\u00e3o e\/ou apresenta\u00e7\u00e3o do artigo R$ 690,00, total de R$2.280,00.<\/div>\n<div class=\"price-table-row\"><i class=\"fa fa-check-circle-o\"><\/i> No XII ou XIII Congresso Internacional de Direito CONSINTER<\/div>\n<div class=\"price-table-row\"><i class=\"fa fa-check-circle-o\"><\/i> Parcele em at\u00e9 10x<\/div>\n<p><\/p><div class=\"price-table-row-bottom\"><a class=\"btn btn-theme \" href=\"###\" disabled>Encerrado<\/a> <\/div><\/div>\r\n      <\/div>\r\n    [\/vc_column_inner][\/vc_row_inner][vc_row_inner el_class=&#8221;hidden&#8221;][vc_column_inner width=&#8221;1\/2&#8243;]\r\n      <div class=\"price-table  nofeature\" data-animation=\"fadeInUp\" data-animation-delay=\"100\">\r\n          <div class=\"price-table-header\">\r\n              <div class=\"price-label-header\">\r\n                  <h3 class=\"price-label-title\">4\u00ba lote - at\u00e9 10\/08\/25<\/h3>\r\n              <\/div>\r\n              <div class=\"price-value\" data-moeda=\"\"><span class=\"price-upper\">Em at\u00e9 <strong>10x<\/strong> de<\/span><span class=\"price-unit\">R$<\/span><span class=\"price-number\">169<\/span><\/div>\r\n          <\/div>\r\n          <div class=\"price-table-rows\"><p><\/p>\n<div class=\"price-table-row\"><i class=\"fa fa-check-circle-o\"><\/i> <strong>Somente submiss\u00e3o<\/strong> de artigo para avalia\u00e7\u00e3o, total de R$1.690,00.<\/div>\n<div class=\"price-table-row\"><i class=\"fa fa-check-circle-o\"><\/i> Parcele em at\u00e9 10x<\/div>\n<p><\/p><div class=\"price-table-row-bottom\"><a class=\"btn btn-theme \" href=\"###\" disabled>Encerrado<\/a> <\/div><\/div>\r\n      <\/div>\r\n    [\/vc_column_inner][vc_column_inner width=&#8221;1\/2&#8243;]\r\n      <div class=\"price-table  nofeature\" data-animation=\"fadeInUp\" data-animation-delay=\"100\">\r\n          <div class=\"price-table-header\">\r\n              <div class=\"price-label-header\">\r\n                  <h3 class=\"price-label-title\">4\u00ba lote - at\u00e9 31\/08\/25<\/h3>\r\n              <\/div>\r\n              <div class=\"price-value\" data-moeda=\"\"><span class=\"price-upper\">Em at\u00e9 <strong>10x<\/strong> de<\/span><span class=\"price-unit\">R$<\/span><span class=\"price-number\">238<\/span><\/div>\r\n          <\/div>\r\n          <div class=\"price-table-rows\"><p><\/p>\n<div class=\"price-table-row\"><i class=\"fa fa-check-circle-o\"><\/i> <strong>COMBO<\/strong> \u2013 Inscri\u00e7\u00e3o para a submiss\u00e3o do artigo R$ 1.690,00 + da participa\u00e7\u00e3o e\/ou apresenta\u00e7\u00e3o do artigo R$ 690,00, total de R$2.380,00.<\/div>\n<div class=\"price-table-row\"><i class=\"fa fa-check-circle-o\"><\/i> No XIII Congresso Internacional de Direito CONSINTER &#8211; BARCELONA<\/div>\n<div class=\"price-table-row\"><i class=\"fa fa-check-circle-o\"><\/i> Parcele em at\u00e9 10x<\/div>\n<p><\/p><div class=\"price-table-row-bottom\"><a class=\"btn btn-theme \" href=\"###\" disabled>Encerrado<\/a> <\/div><\/div>\r\n      <\/div>\r\n    [\/vc_column_inner][\/vc_row_inner][vc_row_inner][vc_column_inner width=&#8221;1\/2&#8243;]\r\n      <div class=\"price-table  nofeature\" data-animation=\"fadeInUp\" data-animation-delay=\"100\">\r\n          <div class=\"price-table-header\">\r\n              <div class=\"price-label-header\">\r\n                  <h3 class=\"price-label-title\">6\u00ba lote - at\u00e9 31\/12\/25<\/h3>\r\n              <\/div>\r\n              <div class=\"price-value\" data-moeda=\"\"><span class=\"price-upper\">Em at\u00e9 <strong>10x<\/strong> de<\/span><span class=\"price-unit\">R$<\/span><span class=\"price-number\">179<\/span><\/div>\r\n          <\/div>\r\n          <div class=\"price-table-rows\"><p><\/p>\n<div class=\"price-table-row\"><i class=\"fa fa-check-circle-o\"><\/i> <strong>Somente submiss\u00e3o<\/strong> de artigo para avalia\u00e7\u00e3o, total de R$1.790,00<\/div>\n<div class=\"price-table-row\"><i class=\"fa fa-check-circle-o\"><\/i> Sem apresenta\u00e7\u00e3o<\/div>\n<div class=\"price-table-row\"><i class=\"fa fa-check-circle-o\"><\/i> Parcele em at\u00e9 10x<\/div>\n<p><\/p><div class=\"price-table-row-bottom\"><a class=\"btn btn-theme \" href=\"###\" disabled>Encerrado<\/a> <\/div><\/div>\r\n      <\/div>\r\n    [\/vc_column_inner][vc_column_inner width=&#8221;1\/2&#8243;]\r\n      <div class=\"price-table  nofeature\" data-animation=\"fadeInUp\" data-animation-delay=\"100\">\r\n          <div class=\"price-table-header\">\r\n              <div class=\"price-label-header\">\r\n                  <h3 class=\"price-label-title\">Aluno de Gradua\u00e7\u00e3o - at\u00e9 31\/12\/25<\/h3>\r\n              <\/div>\r\n              <div class=\"price-value\" data-moeda=\"\"><span class=\"price-upper\">Em at\u00e9 <strong>10x<\/strong> de<\/span><span class=\"price-unit\">R$<\/span><span class=\"price-number\">89<\/span><\/div>\r\n          <\/div>\r\n          <div class=\"price-table-rows\"><p><\/p>\n<div class=\"price-table-row\"><i class=\"fa fa-check-circle-o\"><\/i> <strong>Somente submiss\u00e3o<\/strong> de artigo para avalia\u00e7\u00e3o, total de R$890,00.<\/div>\n<div class=\"price-table-row\"><i class=\"fa fa-check-circle-o\"><\/i> Necess\u00e1ria comprova\u00e7\u00e3o de v\u00ednculo com a institui\u00e7\u00e3o conveniada<\/div>\n<div class=\"price-table-row\"><i class=\"fa fa-check-circle-o\"><\/i> Parcele em at\u00e9 10x<\/div>\n<p><\/p><div class=\"price-table-row-bottom\"><a class=\"btn btn-theme \" href=\"###\" disabled>Encerrado<\/a> <\/div><\/div>\r\n      <\/div>\r\n    [\/vc_column_inner][\/vc_row_inner][vc_row_inner el_class=&#8221;hidden&#8221;][vc_column_inner width=&#8221;1\/4&#8243;][\/vc_column_inner][vc_column_inner width=&#8221;1\/2&#8243;]\r\n      <div class=\"price-table  nofeature\" data-animation=\"fadeInUp\" data-animation-delay=\"100\">\r\n          <div class=\"price-table-header\">\r\n              <div class=\"price-label-header\">\r\n                  <h3 class=\"price-label-title\">Participa\u00e7\u00e3o como ouvinte - at\u00e9 15\/10\/25<\/h3>\r\n              <\/div>\r\n              <div class=\"price-value\" data-moeda=\"\"><span class=\"price-unit\">R$<\/span><span class=\"price-number\">840<\/span><\/div>\r\n          <\/div>\r\n          <div class=\"price-table-rows\"><p><\/p>\n<div class=\"price-table-row\"><i class=\"fa fa-check-circle-o\"><\/i> No XIII Congresso Internacional de Direito CONSINTER &#8211; BARCELONA<\/div>\n<p><\/p><div class=\"price-table-row-bottom\"><a class=\"btn btn-theme \" href=\"###\" disabled>Encerrado<\/a> <\/div><\/div>\r\n      <\/div>\r\n    [\/vc_column_inner][vc_column_inner width=&#8221;1\/4&#8243;][\/vc_column_inner][\/vc_row_inner][vc_row_inner el_class=&#8221;hidden&#8221;][vc_column_inner width=&#8221;1\/2&#8243;]\r\n      <div class=\"price-table  nofeature\" data-animation=\"fadeInUp\" data-animation-delay=\"100\">\r\n          <div class=\"price-table-header\">\r\n              <div class=\"price-label-header\">\r\n                  <h3 class=\"price-label-title\">Adicional de apresenta\u00e7\u00e3o - at\u00e9 15\/09\/25<\/h3>\r\n              <\/div>\r\n              <div class=\"price-value\" data-moeda=\"\"><span class=\"price-unit\">R$<\/span><span class=\"price-number\">840<\/span><\/div>\r\n          <\/div>\r\n          <div class=\"price-table-rows\"><p><\/p>\n<div class=\"price-table-row\"><i class=\"fa fa-check-circle-o\"><\/i> No XIII Congresso Internacional de Direito CONSINTER &#8211; BARCELONA<\/div>\n<div class=\"price-table-row\"><i class=\"fa fa-check-circle-o\"><\/i> Artigo previamente inscrito e aprovado.<\/div>\n<div class=\"price-table-row\"><i class=\"fa fa-check-circle-o\"><\/i> O pagamento deve ser efetuado at\u00e9 60 dias antes do evento.<\/div>\n<p><\/p><div class=\"price-table-row-bottom\"><a class=\"btn btn-theme \" href=\"###\" disabled>Encerrado<\/a> <\/div><\/div>\r\n      <\/div>\r\n    [\/vc_column_inner][vc_column_inner width=&#8221;1\/2&#8243;]\r\n      <div class=\"price-table  nofeature\" data-animation=\"fadeInUp\" data-animation-delay=\"100\">\r\n          <div class=\"price-table-header\">\r\n              <div class=\"price-label-header\">\r\n                  <h3 class=\"price-label-title\">Participa\u00e7\u00e3o como ouvinte - at\u00e9 15\/09\/25<\/h3>\r\n              <\/div>\r\n              <div class=\"price-value\" data-moeda=\"\"><span class=\"price-unit\">R$<\/span><span class=\"price-number\">790<\/span><\/div>\r\n          <\/div>\r\n          <div class=\"price-table-rows\"><p><\/p>\n<div class=\"price-table-row\"><i class=\"fa fa-check-circle-o\"><\/i> No XIII Congresso Internacional de Direito CONSINTER &#8211; BARCELONA<\/div>\n<p><\/p><div class=\"price-table-row-bottom\"><a class=\"btn btn-theme \" href=\"###\" disabled>Encerrado<\/a> <\/div><\/div>\r\n      <\/div>\r\n    [\/vc_column_inner][\/vc_row_inner][vc_row_inner][vc_column_inner][vc_column_text css=&#8221;&#8221;]<\/p>\n<p style=\"text-align: center;\"><strong>IMPORTANTE:<\/strong><\/p>\n<p style=\"text-align: center;\">Para realizar a sua inscri\u00e7\u00e3o, depois de selecionar o modelo da sua inscri\u00e7\u00e3o, clique em <strong><u>op\u00e7\u00e3o de conv\u00eanio<\/u><\/strong>, digite neste campo o nome da sua institui\u00e7\u00e3o\/associa\u00e7\u00e3o para conferir se \u00e9 conveniada com o CONSINTER para obter o desconto especial, (desconto n\u00e3o cumulativo).<\/p>\n<p style=\"text-align: center;\"><strong><br \/>\n<\/strong>A submiss\u00e3o do artigo est\u00e1 condicionada ao pagamento da taxa correspondente, destinada exclusivamente ao processamento do trabalho. Todos os autores e coautores devem efetuar o pagamento no ato da inscri\u00e7\u00e3o para que o artigo possa ser encaminhado para a etapa de avalia\u00e7\u00e3o. <strong>Salienta-se que o pagamento da taxa de submiss\u00e3o n\u00e3o implica na garantia de publica\u00e7\u00e3o do artigo<\/strong>, uma vez que este ser\u00e1 submetido a um rigoroso processo de avalia\u00e7\u00e3o por pares (double blind review). Somente os artigos que atenderem integralmente \u00e0s normas do edital e obtiverem aprova\u00e7\u00e3o do Conselho do CONSINTER poder\u00e3o ser publicados.<\/p>\n<p>[\/vc_column_text][\/vc_column_inner][\/vc_row_inner][\/vc_column][\/vc_row][vc_row full_width=&#8221;stretch_row&#8221; section_id=&#8221;register&#8221; el_id=&#8221;register&#8221; css=&#8221;.vc_custom_1714511799223{padding-top: 70px !important;padding-bottom: 70px !important;}&#8221;][vc_column]\r\n      <h3 class=\"section-title \"><span data-animation=\"flipInY\" data-animation-delay=\"300\" class=\"icon-inner\"><span class=\"fa-stack\"><i class=\"fa crcle fa-stack-2x\"><\/i><i class=\"fa fa-ticket fa-stack-1x\"><\/i><\/span><\/span><span data-animation=\"fadeInRight\" data-animation-delay=\"500\" class=\"title-inner\">Inscreva-se <small> \/ garanta sua vaga<\/small><\/span><\/h3>\r\n    [vc_column_text]<p class=\"datelimit\">Inscri\u00e7\u00f5es encerradas!<\/p>[\/vc_column_text][\/vc_column][\/vc_row][vc_row full_width=&#8221;stretch_row&#8221; section_id=&#8221;picture&#8221; el_id=&#8221;picture&#8221; css=&#8221;.vc_custom_1739295228894{padding-top: 70px !important;padding-bottom: 70px !important;}&#8221; el_class=&#8221;light&#8221;][vc_column]\r\n      <h3 class=\"section-title \"><span data-animation=\"flipInY\" data-animation-delay=\"0\" class=\"icon-inner\"><span class=\"fa-stack\"><i class=\"fa crcle fa-stack-2x\"><\/i><i class=\"fa fa-user fa-stack-1x\"><\/i><\/span><\/span><span data-animation=\"fadeInRight\" data-animation-delay=\"500\" class=\"title-inner\">SOBRE <small> \/ fotos dos simp\u00f3sios anteriores e o local do evento<\/small><\/span><\/h3>\r\n    [vc_gallery type=&#8221;image_grid&#8221; images=&#8221;192,193,194,195,196,197,198,199,200,201,202,203,204,214,205,206,207,208,209,210,211&#8243; css=&#8221;&#8221;]<a href=\"https:\/\/www.instagram.com\/consinter_\/\" target='_blank' style=\"margin: 20px 0 0 0\"  class=\"btn btn-theme animated flipInY visible   \" data-animation=\"flipInY\" data-animation-delay=\"200\">Veja mais fotos no <i class=\"fa fa-brands fa-instagram\"><\/i><\/a>[vc_zigzag color=&#8221;custom&#8221; custom_color=&#8221;#1A3153&#8243; css=&#8221;.vc_custom_1739295291567{margin-top: 80px !important;}&#8221;][vc_column_text css=&#8221;&#8221;]<strong id=\"pucpr\" class=\"subtit\">PONTIF\u00cdCIA UNIVERSIDADE CAT\u00d3LICA DO PARAN\u00c1 &#8211; PUCPR<\/strong><\/p>\n<p>A <strong>PUCPR<\/strong> se destaca pela excel\u00eancia acad\u00eamica e infraestrutura de ponta. Fundada em 1959, \u00e9 refer\u00eancia nacional e internacional em ensino superior, sendo a <strong>1\u00aa universidade privada do Paran\u00e1<\/strong>, segundo o ranking <strong>Times Higher Education<\/strong>. Com um campus moderno e multidisciplinar, a PUCPR incentiva a pesquisa, o empreendedorismo e a inova\u00e7\u00e3o, promovendo um ambiente acad\u00eamico din\u00e2mico e integrador.<\/p>\n<div class=\"moz-signature\"><b>Endere\u00e7o do local:<\/b><\/div>\n<div class=\"moz-signature\">Rua Imaculada Concei\u00e7\u00e3o, 1155 &#8211; Prado Velho &#8211; <a href=\"https:\/\/maps.app.goo.gl\/cUZJNekbMainJyFG6\" target=\"_blank\" rel=\"noopener\">Acessar o mapa do local<\/a><span style=\"color: #ff0000;\"><br \/>\nBloco 1 &#8211; Amarelo (acesse pelo port\u00e3o 1 ou 2 &#8211; N\u00c3O SER\u00c1 NO BLOCO DE DIREITO)<\/span><\/div>\n<div class=\"moz-signature\">Estacionamento pago, a partir de R$5,00 o per\u00edodo.<\/div>\n<p>[\/vc_column_text]<a href=\"https:\/\/consinter.org\/2025\/wp-content\/uploads\/sites\/37\/2025\/08\/pucpr-mapa.pdf\" target='_blank' style=\"margin: 20px 20px 0 0\"  class=\"btn btn-theme animated flipInY visible   \" data-animation=\"flipInY\" data-animation-delay=\"200\"><i class=\"fa \"><\/i> BAIXE O MAPA DE ACESSO AQUI<\/a>[vc_zigzag color=&#8221;custom&#8221; custom_color=&#8221;#1A3153&#8243; css=&#8221;.vc_custom_1739295291567{margin-top: 80px !important;}&#8221;][vc_column_text css=&#8221;&#8221;]<strong id=\"\" class=\"subtit\">ESCOLA DE DIREITO DA PUCPR: TRADI\u00c7\u00c3O E INOVA\u00c7\u00c3O NA FORMA\u00c7\u00c3O JUR\u00cdDICA<\/strong><\/p>\n<p>A <strong>Escola de Direito da PUCPR<\/strong> oferece uma forma\u00e7\u00e3o jur\u00eddica baseada em valores humanistas, preparando profissionais com senso cr\u00edtico e consci\u00eancia pol\u00edtica para atuar na media\u00e7\u00e3o de conflitos na sociedade. Com um corpo docente altamente qualificado, composto por mestres e doutores experientes, a escola alia teoria e pr\u00e1tica para uma forma\u00e7\u00e3o completa.[\/vc_column_text]<a href=\"https:\/\/www.pucpr.br\/escola-de-direito\/\" target='_blank' style=\"margin: 15px 0 0 0;\"  class=\"btn btn-theme animated flipInY visible   \" data-animation=\"flipInY\" data-animation-delay=\"200\"><i class=\"fa \"><\/i> Acessar site da Escola de Direito<\/a>[vc_zigzag color=&#8221;custom&#8221; custom_color=&#8221;#1A3153&#8243; css=&#8221;.vc_custom_1739295291567{margin-top: 80px !important;}&#8221;][vc_column_text css=&#8221;&#8221;]<strong id=\"curitiba\" class=\"subtit\">CURITIBA<\/strong><\/p>\n<p>Curitiba \u00e9 um destino imperd\u00edvel para quem vem ao <strong>XII CONGRESSO INTERNACIONAL DE DIREITO CONSINTER<\/strong>. Com um dos melhores \u00edndices de qualidade de vida do Brasil, a cidade encanta com sua organiza\u00e7\u00e3o, \u00e1reas verdes e clima ameno. Aproveite a oportunidade para conhecer pontos tur\u00edsticos ic\u00f4nicos, como o <strong>Jardim Bot\u00e2nico<\/strong>, a <strong>\u00d3pera de Arame<\/strong>, o <strong>Museu Oscar Niemeyer<\/strong>, conhecido pela sua arquitetura inovadora, e o charmoso <strong>Parque Tangu\u00e1<\/strong>. Para os apreciadores da boa gastronomia, Curitiba oferece desde a tradicional culin\u00e1ria italiana de Santa Felicidade at\u00e9 modernos restaurantes e caf\u00e9s descolados. Uma cidade vibrante e acolhedora que espera por voc\u00ea![\/vc_column_text][vc_gallery type=&#8221;image_grid&#8221; images=&#8221;276,278,280,281&#8243; css=&#8221;.vc_custom_1741613101304{margin-top: 15px !important;}&#8221;]<a href=\"https:\/\/curitiba-travel.com.br\/curitiba-turismo-10-lugares-mais-visitados\/\" target='_blank' style=\"margin: 15px 0 0 0;\"  class=\"btn btn-theme animated flipInY visible   \" data-animation=\"flipInY\" data-animation-delay=\"200\"><i class=\"fa \"><\/i> Acessar site de Curitiba<\/a>[vc_zigzag color=&#8221;custom&#8221; custom_color=&#8221;#1A3153&#8243; css=&#8221;.vc_custom_1739295276258{margin-top: 80px !important;}&#8221;][vc_column_text css=&#8221;&#8221;]<strong id=\"universitat\" class=\"subtit\">UNIVERSITAT DE BARCELONA<\/strong><\/p>\n<p>A <em>Universitat de Barcelona<\/em> \u00e9 uma das institui\u00e7\u00f5es mais antigas da Catalunha e, consequentemente, uma refer\u00eancia fundamental em sua pr\u00f3pria hist\u00f3ria. Em 1450, o rei Afonso, o Magn\u00e2nimo, fundou o Estudo Geral de Barcelona, ou seja, a atual Universidade. A sua oferta formativa assenta na qualidade e na inova\u00e7\u00e3o. Abrange um amplo e heterog\u00e9neo leque de \u00e1reas do conhecimento: Humanidades, Ci\u00eancias da Sa\u00fade, Ci\u00eancias Sociais, Ci\u00eancias Experimentais, Engenharia, Direito, Economia e Ci\u00eancias da Educa\u00e7\u00e3o. \u00c9 composta por 16 faculdades, 10 centros associados, mais de 62.000 alunos e 12.000 professores e pesquisadores. \u00c9 a \u00fanica universidade espanhola que \u00e9 membro da LERU (Liga de Universidades Europeias de Pesquisa), al\u00e9m de ser parte ativa de diferentes redes internacionais e alian\u00e7as interuniversit\u00e1rias (entre elas, o Campus das Am\u00e9ricas). Atualmente, \u00e9 a universidade espanhola mais bem posicionada nos rankings internacionais de maior prest\u00edgio.[\/vc_column_text][vc_zigzag color=&#8221;custom&#8221; custom_color=&#8221;#1A3153&#8243; css=&#8221;.vc_custom_1739295285034{margin-top: 80px !important;}&#8221;][vc_column_text]<strong id=\"facultat\" class=\"subtit\">FACULTAT DE DRET<\/strong><\/p>\n<p>A <em>Facultat de Dret<\/em> (Faculdade de Direito) da UB, primeira sede do Simp\u00f3sio Internacional de Direito CONSINTER (2015), tem suas origens no momento da cria\u00e7\u00e3o do Estudo Geral de Barcelona, em 1450, antecessor da Universidade de Barcelona e que j\u00e1 incorporava a Faculdade de Direito e C\u00e2nones. Atualmente, \u00e9 a maior Faculdade de Direito da Catalunha. Com elevado prest\u00edgio e dimens\u00e3o internacional, oferece licenciaturas em Direito, Ci\u00eancias Pol\u00edticas, Criminologia, Rela\u00e7\u00f5es de Trabalho e Gest\u00e3o e Administra\u00e7\u00e3o P\u00fablica; bem como diversos Mestrados Oficiais e Profissionais (entre eles, merece especial destaque o Mestrado em Direito), um programa de Doutorado e uma extensa gama de cursos de p\u00f3s-gradua\u00e7\u00e3o e cursos de forma\u00e7\u00e3o continuada. Est\u00e1 localizada no Campus Diagonal, dotado de modernos equipamentos distribu\u00eddos por quatro grandes edif\u00edcios, al\u00e9m de um ambiente privilegiado e paisag\u00edstico no cora\u00e7\u00e3o do centro urbano da cidade de Barcelona.[\/vc_column_text][vc_gallery type=&#8221;image_grid&#8221; images=&#8221;188,184,183&#8243; css=&#8221;.vc_custom_1739895995520{margin-top: 15px !important;}&#8221;]<a href=\"https:\/\/www.ub.edu\/portal\/web\/dret\" target='_blank' style=\"margin: 15px 0 0 0;\"  class=\"btn btn-theme animated flipInY visible   \" data-animation=\"flipInY\" data-animation-delay=\"200\"><i class=\"fa \"><\/i> Acessar site da faculdade<\/a>[vc_zigzag color=&#8221;custom&#8221; custom_color=&#8221;#1A3153&#8243; css=&#8221;.vc_custom_1739295291567{margin-top: 80px !important;}&#8221;][vc_column_text]<strong id=\"barcelona\" class=\"subtit\">BARCELONA<\/strong><\/p>\n<p><strong>Barcelona<\/strong> \u00e9 a capital da comunidade aut\u00f4noma da Catalunha, e uma das mais belas cidades da Europa. A cidade de Barcelona re\u00fane o maior n\u00famero de universidades de qualidade de toda a Espanha e \u00e9 sede de cinco das 29 institui\u00e7\u00f5es classificadas pelo <em>QS World University Ranking <\/em>2022, que lista as melhores do mundo. Liderando o ranking est\u00e1 a Universidade de Barcelona.<\/p>\n<p>Recebe estudantes e visitantes de todas as partes do mundo, sendo um dos maiores centros da Europa de estudos, neg\u00f3cios e turismo. Excelente clima, diversidade cultural, arquitetura inigual\u00e1vel, cosmopolita, linda e agrad\u00e1vel, al\u00e9m de mobilidade sustent\u00e1vel s\u00e3o algumas qualidades desta bel\u00edssima cidade. Voc\u00ea n\u00e3o pode perder a oportunidade de conhecer as obras de Gaud\u00ed, passear pelas <em>Ramblas, Passeig<\/em> de Gr\u00e0cia, Puerto Ol\u00edmpico, seus belos museus, restaurantes e seus deliciosos bares de tapas pelo casco antigo. Voc\u00ea ainda pode visitar os belos vinhedos e as lindas adegas de cavas e vinhos na regi\u00e3o. Passeie a p\u00e9, de bicicleta ou de patinete, que est\u00e3o por todos os lados da cidade, com vias exclusivas, ou se preferir use o excelente transporte p\u00fablico, ou mesmo de carro. As gastronomias local e internacional s\u00e3o incr\u00edveis e harmonizam com seus borbulhantes cavas e seus maravilhosos vinhos de Catalunha e do mundo. Aproveite para visitar o belo <em>Camp Nou<\/em>, est\u00e1dio de um dos maiores clubes de futebol do mundo conhecido carinhosamente por Bar\u00e7a.[\/vc_column_text][vc_gallery type=&#8221;image_grid&#8221; images=&#8221;187,186,185&#8243; css=&#8221;.vc_custom_1739895967305{margin-top: 15px !important;}&#8221;]<a href=\"https:\/\/www.spain.info\/pt_BR\/destino\/barcelona\/\" target='_blank' style=\"margin: 15px 0 0 0;\"  class=\"btn btn-theme animated flipInY visible   \" data-animation=\"flipInY\" data-animation-delay=\"200\"><i class=\"fa \"><\/i> Acessar site de Barcelona<\/a>[\/vc_column][\/vc_row][vc_row full_width=&#8221;stretch_row&#8221; section_id=&#8221;contact&#8221; el_id=&#8221;contact&#8221; el_class=&#8221;color&#8221; css=&#8221;.vc_custom_1581518126030{padding-top: 70px !important;padding-bottom: 70px !important;}&#8221;][vc_column]\r\n      <h3 class=\"section-title \"><span data-animation=\"flipInY\" data-animation-delay=\"300\" class=\"icon-inner\"><span class=\"fa-stack\"><i class=\"fa crcle fa-stack-2x\"><\/i><i class=\"fa fa-ticket fa-stack-1x\"><\/i><\/span><\/span><span data-animation=\"fadeInRight\" data-animation-delay=\"500\" class=\"title-inner\">Contato <small> \/ fale conosco<\/small><\/span><\/h3>\r\n    \n<div class=\"wpcf7 no-js\" id=\"wpcf7-f31-o1\" lang=\"pt-BR\" dir=\"ltr\" data-wpcf7-id=\"31\">\n<div class=\"screen-reader-response\"><p role=\"status\" aria-live=\"polite\" aria-atomic=\"true\"><\/p> <ul><\/ul><\/div>\n<form action=\"\/2025\/wp-json\/wp\/v2\/pages\/114#wpcf7-f31-o1\" method=\"post\" class=\"wpcf7-form init\" aria-label=\"Formul\u00e1rios de contato\" novalidate=\"novalidate\" data-status=\"init\">\n<fieldset class=\"hidden-fields-container\"><input type=\"hidden\" name=\"_wpcf7\" value=\"31\" \/><input type=\"hidden\" name=\"_wpcf7_version\" value=\"6.1.5\" \/><input type=\"hidden\" name=\"_wpcf7_locale\" value=\"pt_BR\" \/><input type=\"hidden\" name=\"_wpcf7_unit_tag\" value=\"wpcf7-f31-o1\" \/><input type=\"hidden\" name=\"_wpcf7_container_post\" value=\"0\" \/><input type=\"hidden\" name=\"_wpcf7_posted_data_hash\" value=\"\" \/>\n<\/fieldset>\n<p><span class=\"wpcf7-form-control-wrap\" data-name=\"your-name\"><input size=\"40\" maxlength=\"400\" class=\"wpcf7-form-control wpcf7-text wpcf7-validates-as-required form-control\" aria-required=\"true\" aria-invalid=\"false\" placeholder=\"Seu nome\" value=\"\" type=\"text\" name=\"your-name\" \/><\/span>\n<\/p>\n<p><span class=\"wpcf7-form-control-wrap\" data-name=\"your-email\"><input size=\"40\" maxlength=\"400\" class=\"wpcf7-form-control wpcf7-email wpcf7-validates-as-required wpcf7-text wpcf7-validates-as-email form-control\" aria-required=\"true\" aria-invalid=\"false\" placeholder=\"Seu e-mail\" value=\"\" type=\"email\" name=\"your-email\" \/><\/span>\n<\/p>\n<p><span class=\"wpcf7-form-control-wrap\" data-name=\"your-subject\"><input size=\"40\" maxlength=\"400\" class=\"wpcf7-form-control wpcf7-text wpcf7-validates-as-required form-control\" aria-required=\"true\" aria-invalid=\"false\" placeholder=\"Assunto\" value=\"\" type=\"text\" name=\"your-subject\" \/><\/span>\n<\/p>\n<p><span class=\"wpcf7-form-control-wrap\" data-name=\"your-message\"><textarea cols=\"40\" rows=\"10\" maxlength=\"2000\" class=\"wpcf7-form-control wpcf7-textarea wpcf7-validates-as-required form-control\" aria-required=\"true\" aria-invalid=\"false\" placeholder=\"Sua mensagem\" name=\"your-message\"><\/textarea><\/span>\n<\/p>\n<p>&nbsp;\n<\/p>\n<p><input class=\"wpcf7-form-control wpcf7-submit has-spinner form-button form-button-submit btn btn-theme btn-theme-lg btn-theme-transparent\" type=\"submit\" value=\"Enviar\" \/>\n<\/p><div class=\"wpcf7-response-output\" aria-hidden=\"true\"><\/div>\n<\/form>\n<\/div>\n[\/vc_column][\/vc_row]<\/p>\n<\/div>","protected":false},"excerpt":{"rendered":"<p>[vc_row full_width=&#8221;stretch_row_content_no_spaces&#8221; fullwidth=&#8221;no&#8221; bg_image_custom=&#8221;121&#8243; el_id=&#8221;home&#8221; css=&#8221;.vc_custom_1754672191252{margin-top: 25px !important;margin-bottom: 0px !important;border-top-width: 0px !important;border-bottom-width: 0px !important;padding-top: 0px !important;padding-bottom: 0px !important;background-color: #2D476E !important;background-position: center !important;background-repeat: no-repeat !important;background-size: cover !important;}&#8221; parallax_bg=&#8221;1&#8243; stellar_background_ratio=&#8221;0.6&#8243; el_class=&#8221;text-center&#8221;][vc_column css=&#8221;.vc_custom_1740761449061{padding-bottom: 0px !important;}&#8221;][vc_single_image image=&#8221;568&#8243; img_size=&#8221;full&#8221; alignment=&#8221;center&#8221; css_animation=&#8221;none&#8221; css=&#8221;&#8221;][\/vc_column][\/vc_row][vc_row full_width=&#8221;stretch_row_content_no_spaces&#8221; fullwidth=&#8221;no&#8221; bg_image_custom=&#8221;121&#8243; el_id=&#8221;&#8221; css=&#8221;.vc_custom_1759401452385{margin-top:<\/p>\n","protected":false},"author":3,"featured_media":0,"parent":0,"menu_order":0,"comment_status":"closed","ping_status":"closed","template":"home_template.php","meta":{"_acf_changed":false,"footnotes":""},"class_list":["post-114","page","type-page","status-publish","hentry"],"acf":[],"_links":{"self":[{"href":"https:\/\/consinter.org\/2025\/wp-json\/wp\/v2\/pages\/114","targetHints":{"allow":["GET"]}}],"collection":[{"href":"https:\/\/consinter.org\/2025\/wp-json\/wp\/v2\/pages"}],"about":[{"href":"https:\/\/consinter.org\/2025\/wp-json\/wp\/v2\/types\/page"}],"author":[{"embeddable":true,"href":"https:\/\/consinter.org\/2025\/wp-json\/wp\/v2\/users\/3"}],"replies":[{"embeddable":true,"href":"https:\/\/consinter.org\/2025\/wp-json\/wp\/v2\/comments?post=114"}],"version-history":[{"count":2,"href":"https:\/\/consinter.org\/2025\/wp-json\/wp\/v2\/pages\/114\/revisions"}],"predecessor-version":[{"id":623,"href":"https:\/\/consinter.org\/2025\/wp-json\/wp\/v2\/pages\/114\/revisions\/623"}],"wp:attachment":[{"href":"https:\/\/consinter.org\/2025\/wp-json\/wp\/v2\/media?parent=114"}],"curies":[{"name":"wp","href":"https:\/\/api.w.org\/{rel}","templated":true}]}}