{"id":114,"date":"2025-02-11T16:09:00","date_gmt":"2025-02-11T19:09:00","guid":{"rendered":"https:\/\/consinter.org\/evento2025\/?page_id=114"},"modified":"2025-11-05T13:18:18","modified_gmt":"2025-11-05T16:18:18","slug":"congresso","status":"publish","type":"page","link":"https:\/\/consinter.org\/2025\/es\/","title":{"rendered":"Home"},"content":{"rendered":"<div class=\"wpb-content-wrapper\"><p>[vc_row full_width=&#8221;stretch_row_content_no_spaces&#8221; fullwidth=&#8221;no&#8221; bg_image_custom=&#8221;121&#8243; el_id=&#8221;home&#8221; css=&#8221;.vc_custom_1751055885288{margin-top: 25px !important;margin-bottom: 0px !important;border-top-width: 0px !important;border-bottom-width: 0px !important;padding-top: 0px !important;padding-bottom: 0px !important;background-position: center !important;background-repeat: no-repeat !important;background-size: cover !important;}&#8221; parallax_bg=&#8221;1&#8243; stellar_background_ratio=&#8221;0.6&#8243;][vc_column css=&#8221;.vc_custom_1417507329606{padding-bottom: 0px !important;}&#8221;][vc_single_image image=&#8221;566&#8243; img_size=&#8221;full&#8221; alignment=&#8221;center&#8221; css=&#8221;&#8221;][\/vc_column][\/vc_row][vc_row full_width=&#8221;stretch_row_content_no_spaces&#8221; fullwidth=&#8221;no&#8221; bg_image_custom=&#8221;121&#8243; el_id=&#8221;&#8221; css=&#8221;.vc_custom_1759401464298{margin-top: 25px !important;margin-bottom: 0px !important;border-top-width: 0px !important;border-bottom-width: 0px !important;padding-top: 0px !important;padding-bottom: 0px !important;background-position: center !important;background-repeat: no-repeat !important;background-size: cover !important;}&#8221; parallax_bg=&#8221;1&#8243; stellar_background_ratio=&#8221;0.6&#8243; el_class=&#8221;text-center hidden&#8221;][vc_column css=&#8221;.vc_custom_1740761449061{padding-bottom: 0px !important;}&#8221;]<a href=\"#pucpr\"  style=\"margin: \"  class=\"btn btn-theme animated flipInY visible   \" data-animation=\"flipInY\" data-animation-delay=\"200\"><i class=\"fa \"><\/i> CONSULTA EL LUGAR DEL CONGRESO EN LA PUCPR - CURITIBA<\/a>[\/vc_column][\/vc_row][vc_row section_id=&#8221;about&#8221; css=&#8221;.vc_custom_1739293328817{margin-top: 0px !important;margin-bottom: 0px !important;border-top-width: 0px !important;border-bottom-width: 0px !important;padding-top: 70px !important;padding-bottom: 00px !important;}&#8221; fullwidth=&#8221;no&#8221; el_id=&#8221;about&#8221; parallax_bg=&#8221;0&#8243; stellar_background_ratio=&#8221;0.6&#8243;][vc_column css=&#8221;.vc_custom_1417501673381{padding-bottom: 40px !important;}&#8221;]\r\n      <h3 class=\"section-title \"><span data-animation=\"flipInY\" data-animation-delay=\"0\" class=\"icon-inner\"><span class=\"fa-stack\"><i class=\"fa crcle fa-stack-2x\"><\/i><i class=\"fa fa-star fa-stack-1x\"><\/i><\/span><\/span><span data-animation=\"fadeInRight\" data-animation-delay=\"500\" class=\"title-inner\">LOS CONGRESOS <small> \/ Prop\u00f3sito, justificaci\u00f3n, audiencia e informaci\u00f3n \u00fatil<\/small><\/span><\/h3>\r\n    [\/vc_column][vc_column][vc_column_text css=&#8221;.vc_custom_1753136023746{margin-bottom: 15px !important;}&#8221;]<\/p>\n<p class=\"alignright selos\"><img decoding=\"async\" class=\"shadow\" style=\"margin-right: 10px;\" src=\"http:\/\/consinter.org\/madrid2024\/wp-content\/uploads\/sites\/35\/2024\/05\/300X300-SELOS-QUALIS-A3-DOURADO.png\" alt=\"\" width=\"200\" height=\"auto\" \/><img loading=\"lazy\" decoding=\"async\" class=\"alignnone wp-image-131\" src=\"http:\/\/consinter.org\/madrid2024\/wp-content\/uploads\/sites\/35\/2024\/05\/SELO-SPI-DOURADO-PTBR-COM-NOME-EDITORA.png\" alt=\"\" width=\"200\" height=\"200\" \/><\/p>\n<p class=\"alignright selos\"><img decoding=\"async\" style=\"margin-right: 10px;\" src=\"https:\/\/consinter.org\/edital2023\/wp-content\/uploads\/sites\/31\/2023\/01\/revista-g-211x300.jpg\" alt=\"\" width=\"200\" height=\"auto\" \/><img decoding=\"async\" src=\"https:\/\/consinter.org\/edital2023\/wp-content\/uploads\/sites\/31\/2023\/01\/livro-g-211x300.jpg\" alt=\"\" width=\"200\" height=\"auto\" \/><\/p>\n<p><strong>NOMENCLATURA<\/strong><\/p>\n<p>El Consejo Internacional de Estudios Contempor\u00e1neos em P\u00f3s-Grado es una instituci\u00f3n sin fines de lucro, que tiene como objetivo promover la autonom\u00eda individual para que, de manera constructiva e integradora, el individuo pueda mejorar su propio destino y el de la sociedad en general.<\/p>\n<p>Con el objetivo de extender una invitaci\u00f3n abierta para un gran evento internacional, CONSINTER celebra anualmente en Espa\u00f1a, Simposios de Derecho en los que los participantes pueden presentar de forma oral sus contribuciones cient\u00edficas originales con posibilidad de publicaci\u00f3n en una de sus obras oficiales internacionales, valorando su publicaci\u00f3n tanto en Europa como en Brasil. Estas obras son:<\/p>\n<p>La Revista Internacional CONSINTER de Direito con Qualis A3, y el Libro Direito e Justi\u00e7a, ambos publicados por la Editorial Juru\u00e1, la \u00fanica editora lusobrasile\u00f1a que consta en el SPI <em>(Scholarly Publishers Indicators<\/em>), ranking internacional que indica el prestigio editorial y califica el \u00edndice de impacto de todas las editoras que est\u00e1n presentes en Espa\u00f1a.<\/p>\n<p>En cuanto a los eventos, antes conocido como Simposio Internacional, ahora se llama Congreso Internacional debido al crecimiento y amplitud de los temas.<\/p>\n<p><strong id=\"sub-presentation\">\u00a0<\/strong><\/p>\n<p><strong>\u00a0<\/strong><\/p>\n<p><strong id=\"\">PRESENTACI\u00d3N<\/strong><\/p>\n<p>La raz\u00f3n de ser de CONSINTER es promover la autonom\u00eda individual para que, de manera constructiva e integradora, el individuo pueda mejorar su propio destino y el de la sociedad en general.<\/p>\n<p><strong id=\"sub-congressos\">\u00a0<\/strong><\/p>\n<p><strong>\u00a0<\/strong><\/p>\n<p><strong id=\"\">SOBRE LOS CONGRESSOS<\/strong><\/p>\n<p>O CONSINTER realizar\u00e1 sua 12\u00aa e 13\u00aa edi\u00e7\u00e3o em 2025, sendo:<\/p>\n<p><strong>XII Congresso Internacional do Congresso CONSINTER \u2013 de 27 a 28 de agosto de 2025 en la PUC PR.<\/strong><\/p>\n<p><strong>XIII Congresso Internacional de Direito CONSINTER \u2013 <em>Universitat de Barcelona<\/em> \u2013 de 22 a 24 de octubre de 2025 en la <em>Universitat de Barcelona.<\/em><\/strong><\/p>\n<p>Los eventos del CONSINTER contar\u00e1n con conferencias de profesores y juristas internacionales y nacionales, grupos de trabajo con enriquecedoras presentaciones orales de art\u00edculos cient\u00edficos desarrollados por juristas, reuniendo profesores y estudiantes de pregrado, postgrado (posgraduados, maestros y doctorados), investigadores, abogados, magistrados, miembros del Ministerio P\u00fablico brasile\u00f1o e iberoamericano, donde discutir\u00e1n los resultados de sus trabajos, adem\u00e1s de intercambiar conocimientos.<\/p>\n<p>La participaci\u00f3n podr\u00e1 realizarse de las siguientes formas:<\/p>\n<ul>\n<li>Solo el env\u00edo del art\u00edculo;<\/li>\n<li>Env\u00edo del art\u00edculo + presentaci\u00f3n oral en los Congresos mencionados anteriormente;<\/li>\n<li>Como oyente, sin env\u00edo de art\u00edculo, con la posibilidad de debatir los temas presentados.<\/li>\n<\/ul>\n<p>El congreso del CONSINTER es reconocido por todos como el encuentro m\u00e1s representativo que se celebra en Espa\u00f1a, reuniendo a juristas iberoamericanos y europeos.<\/p>\n<p>Adem\u00e1s de este honorable reconocimiento, el Congreso propicia un eficaz y fruct\u00edfero encuentro e integraci\u00f3n de los operadores jur\u00eddicos, herederos de la cultura lusoespa\u00f1ola.<\/p>\n<p>Es una oportunidad excepcional para la presentaci\u00f3n y publicaci\u00f3n de estudios cient\u00edficos in\u00e9ditos y la creaci\u00f3n de <em>networking<\/em> internacional.<\/p>\n<p>Por otra parte, CONSINTER y Juru\u00e1 ofrecen la oportunidad a los autores, coordinadores, directores y\/o colaboradores de obras de Juru\u00e1 Brasil o Europa, de lanzar sus obras en una hermosa ma\u00f1ana de aut\u00f3grafos durante el Simposio.<\/p>\n<p><strong id=\"sub-edital\">\u00a0<\/strong><\/p>\n<p><strong>\u00a0<\/strong><\/p>\n<p><strong id=\"\">SOBRE LA CONVOCATORIA<\/strong><\/p>\n<p>La convocatoria est\u00e1 abierta para la sumisi\u00f3n de art\u00edculos cient\u00edficos, para posible publicaci\u00f3n en una de las obras oficiales de <em>CONSINTER <\/em>en ediciones posteriores y su presentaci\u00f3n oral, desde que aprobados.<\/p>\n<p>Queda a criterio del Comit\u00e9 Organizador indicar y numerar la Revista o Libro CONSINTER en el que se publicar\u00e1 el art\u00edculo aprobado.<\/p>\n<p>La indicaci\u00f3n tiene en cuenta numerosos factores, desde el orden cronol\u00f3gico de la fecha de recepci\u00f3n, la fecha de devoluci\u00f3n tras realizar las correcciones cuando se solicite, entre otros criterios.<\/p>\n<p>La fecha de publicaci\u00f3n del art\u00edculo no est\u00e1 vinculada a la fecha de la convocatoria, ni a la fecha del evento, pudiendo publicarse con posterioridad al evento.<\/p>\n<p>El acceso completo a los art\u00edculos publicados en la Revista de Derecho Internacional CONSINTER (QUALIS A3) es gratuito. <a href=\"https:\/\/revistaconsinter.com\/edicoes-anteriores\/\" target=\"_blank\" rel=\"noopener\">Haz clic aqu\u00ed<\/a> (<a href=\"https:\/\/revistaconsinter.com\/edicoes-anteriores\/\" target=\"_blank\" rel=\"noopener\">https:\/\/revistaconsinter.com\/edicoes-anteriores\/<\/a>), descubre todas las ediciones anteriores y \u00fasala como bibliograf\u00eda en tu art\u00edculo cient\u00edfico, as\u00ed como en todas tus investigaciones jur\u00eddicas.<\/p>\n<p><strong id=\"sub-indexers\">\u00a0<\/strong><\/p>\n<p><strong>\u00a0<\/strong><\/p>\n<p><strong>Indexadores:<\/strong><\/p>\n<p>La <em>Revista Internacional CONSINTER de Direito- QUALIS A3 <\/em>est\u00e1 indexada en las siguientes bases de datos nacionales e internacionales:<\/p>\n<div data-post-id=\"6\" class=\"insert-page insert-page-6 \"><table class=\"table-indexers\" style=\"border-spacing: 20px; border-collapse: separate; width: 100%; background-color: #ffffff;\">\n<tbody>\n<tr style=\"height: 60px;\">\n<td style=\"width: 25%; text-align: center; max-height: 60px;\"><a href=\"https:\/\/scholar.google.com\/citations?hl=pt-BR&amp;view_op=search_venues&amp;vq=Consinter&amp;btnG=\" target=\"_blank\" rel=\"noopener noreferrer\"><img decoding=\"async\" class=\"alignnone\" style=\"text-align: center; max-width: 100%; height: auto;\" src=\"https:\/\/consinter.org\/online2021\/wp-content\/uploads\/sites\/28\/2021\/07\/google-scholar.png\" alt=\"\" \/><\/a><\/td>\n<td style=\"width: 25%; text-align: center; max-height: 60px;\"><a href=\"http:\/\/scielo.pt\/scielo.php?script=sci_serial&amp;lng=pt&amp;pid=2183-9522\" target=\"_blank\" rel=\"noopener noreferrer\"><img decoding=\"async\" class=\"alignnone\" style=\"text-align: center; max-width: 100%; height: auto;\" src=\"https:\/\/consinter.org\/online2021\/wp-content\/uploads\/sites\/28\/2021\/07\/scielo-portugal.png\" alt=\"\" \/><\/a><\/td>\n<td style=\"width: 25%; text-align: center; max-height: 60px;\"><a href=\"https:\/\/openurl.ebsco.com\/results?sid=ebsco:ebsco.com:search&amp;bquery=consinter&amp;linkOrigin=\" target=\"_blank\" rel=\"noopener noreferrer\"><img decoding=\"async\" class=\"alignnone\" style=\"text-align: center; max-width: 100%; height: auto;\" src=\"https:\/\/consinter.org\/2025\/wp-content\/uploads\/sites\/37\/2025\/02\/ebsco.png\" alt=\"\" \/><\/a><\/td>\n<td style=\"width: 25%; text-align: center; max-height: 60px;\"><a href=\"https:\/\/www.latindex.org\/latindex\/Solr\/Busqueda?idModBus=0&amp;buscar=consinter&amp;submit=Buscar\" target=\"_blank\" rel=\"noopener noreferrer\"><img decoding=\"async\" class=\"alignnone\" style=\"text-align: center; max-width: 100%; height: auto;\" src=\"https:\/\/consinter.org\/wp-content\/uploads\/2023\/05\/latindex.png\" alt=\"\" \/><\/a><\/td>\n<\/tr>\n<tr style=\"height: 60px;\">\n<td style=\"width: 25%; text-align: center; max-height: 60px;\"><a href=\"https:\/\/dialnet.unirioja.es\/servlet\/revista?codigo=27793\" target=\"_blank\" rel=\"noopener noreferrer\"><img decoding=\"async\" class=\"alignnone\" style=\"text-align: center; max-width: 100%; height: auto;\" src=\"https:\/\/consinter.org\/wp-content\/uploads\/2023\/05\/dialnet.png\" alt=\"\" \/><\/a><\/td>\n<td style=\"width: 25%; text-align: center; max-height: 60px;\"><a href=\"https:\/\/rnp-primo.hosted.exlibrisgroup.com\/permalink\/f\/1iiff92\/CAPES_SFX_OPEN3710000001416941\" target=\"_blank\" rel=\"noopener noreferrer\"><img decoding=\"async\" class=\"alignnone\" style=\"text-align: center; max-width: 100%; height: auto;\" src=\"https:\/\/consinter.org\/wp-content\/uploads\/2023\/05\/capes.png\" alt=\"\" \/><\/a><\/td>\n<td style=\"width: 25%; text-align: center; max-height: 60px;\"><a href=\"https:\/\/sumarios.org\/revista\/revista-internacional-consinter-de-direito\" target=\"_blank\" rel=\"noopener noreferrer\"><img decoding=\"async\" class=\"alignnone\" style=\"text-align: center; max-width: 100%; height: auto;\" src=\"https:\/\/consinter.org\/wp-content\/uploads\/2023\/05\/sumarios.png\" alt=\"\" \/><\/a><\/td>\n<td style=\"width: 25%; text-align: center; max-height: 60px;\"><a href=\"https:\/\/www.citefactor.org\/journal\/index\/23186\/revista-internacional-consinter-de-direito#.YZzk0tDMK70\" target=\"_blank\" rel=\"noopener noreferrer\"><img decoding=\"async\" class=\"alignnone\" style=\"text-align: center; max-width: 100%; height: auto;\" src=\"https:\/\/consinter.org\/wp-content\/uploads\/2023\/05\/citefactor.png\" alt=\"\" \/><\/a><\/td>\n<\/tr>\n<tr style=\"height: 60px;\">\n<td style=\"width: 25%; text-align: center; max-height: 60px;\"><a href=\"https:\/\/miar.ub.edu\/issn\/2183-6396\" target=\"_blank\" rel=\"noopener noreferrer\"><img decoding=\"async\" class=\"alignnone\" style=\"text-align: center; max-width: 100%; height: auto;\" src=\"https:\/\/consinter.org\/wp-content\/uploads\/2023\/05\/miar.png\" alt=\"\" \/><\/a><\/td>\n<td style=\"width: 25%; text-align: center; max-height: 60px;\"><a href=\"https:\/\/www.tse.jus.br\/institucional\/biblioteca\" target=\"_blank\" rel=\"noopener noreferrer\"><img decoding=\"async\" class=\"alignnone\" style=\"text-align: center; max-width: 100%; height: auto;\" src=\"https:\/\/consinter.org\/online2021\/wp-content\/uploads\/sites\/28\/2021\/07\/tse.png\" alt=\"\" \/><\/a><\/td>\n<td style=\"width: 25%; text-align: center; max-height: 60px;\"><a href=\"http:\/\/biblioteca2.senado.gov.br:8991\/F\" target=\"_blank\" rel=\"noopener noreferrer\"><img decoding=\"async\" class=\"alignnone\" style=\"text-align: center; max-width: 100%; height: auto;\" src=\"https:\/\/consinter.org\/wp-content\/uploads\/2023\/05\/rvbi.png\" alt=\"\" \/><\/a><\/td>\n<td style=\"width: 25%; text-align: center; max-height: 60px;\"><a href=\"https:\/\/search.crossref.org\/?from_ui=&amp;q=consinter\" target=\"_blank\" rel=\"noopener noreferrer\"><img decoding=\"async\" class=\"alignnone\" style=\"text-align: center; max-width: 100%; height: auto;\" src=\"https:\/\/consinter.org\/wp-content\/uploads\/2023\/05\/crossref.png\" alt=\"\" \/><\/a><\/td>\n<\/tr>\n<\/tbody>\n<\/table>\n<\/div>\n<p><strong id=\"sub-areas\">\u00a0<\/strong><\/p>\n<p><strong>\u00a0<\/strong><\/p>\n<p><strong>\u00c1reas:<\/strong><\/p>\n<p>Se aceptar\u00e1n trabajos de todas las ramas del Derecho de acuerdo con la siguiente clasificaci\u00f3n:<\/p>\n<p><strong><u>A \u2013 DERECHOS DIFUSOS, COLECTIVOS E INDIVIDUALES HOMOG\u00c9NEOS<\/u><\/strong><\/p>\n<ul>\n<li><strong>a.1<\/strong> \u2013 Derecho Ambiental, Derecho y Saneamiento, Sustentabilidad, Derecho Urbano, Derecho Agrario y Derecho Minero;<\/li>\n<li><strong>a.2<\/strong> \u2013Derechos de los Ni\u00f1os y de los Adolescentes, Derechos del Adulto Mayor, Derechos de las Personas con Discapacidades Distintas, Derechos de G\u00e9nero;<\/li>\n<li><strong>a.3<\/strong> \u2013 Derecho y Nuevas Tecnolog\u00edas (Digital);<\/li>\n<li><strong>a.4<\/strong>\u2013Filosof\u00eda del Derecho, Hermen\u00e9utica Jur\u00eddica, Historia del Derecho, Antropolog\u00eda del Derecho, Sociolog\u00eda del Derecho y Cultura Jur\u00eddica, Derecho, Educaci\u00f3n, Ense\u00f1anza, Investigaci\u00f3n y Metodolog\u00edas Jur\u00eddicas.<\/li>\n<\/ul>\n<p><strong><u>B \u2013 DERECHO P\u00daBLICO<\/u><\/strong><\/p>\n<ul>\n<li><strong>b.1<\/strong>\u2013 Criminolog\u00eda, Derecho Penal y Proceso Penal;<\/li>\n<li><strong>b.2<\/strong>\u2013 Derecho Administrativo y Proceso Administrativo;<\/li>\n<li><strong>b.3<\/strong>\u2013Derecho Constitucional, Justicia Restaurativa, Derechos Humanos Fundamentales, Democracia y Ciudadan\u00eda, Movimientos Sociales, Administraci\u00f3n Judiciaria y Acceso a la Justicia;<\/li>\n<li><strong>b.4<\/strong>\u2013Derecho Econ\u00f3mico y Financiero, Derecho Tributario y Proceso Tributario;<\/li>\n<li><strong>b.5<\/strong>\u2013Derecho Electoral y Proceso Electoral;<\/li>\n<li><strong>b.6<\/strong>\u2013Derecho Militar;<\/li>\n<li><strong>b.7<\/strong>\u2013Derecho de la Seguridad Social y Proceso de la Seguridad Social.<\/li>\n<\/ul>\n<p><strong><u>C \u2013 DERECHO PRIVADO<\/u><\/strong><\/p>\n<ul>\n<li><strong>c.1<\/strong> \u2013 Derecho Aduanero, Derecho Mar\u00edtimo y Derecho Portuario;<\/li>\n<li><strong>c.2<\/strong> \u2013 Derecho Civil, Responsabilidad, Derecho de Familia, Derecho Inmobiliario, Derecho M\u00e9dico y Bioderecho;<\/li>\n<li><strong>c.3<\/strong> \u2013 Derecho de Autor, Propiedad Intelectual, Registros, Marcas y Patentes;<\/li>\n<li><strong>c.4<\/strong> \u2013 M\u00e9todos Alternativos de Resoluci\u00f3n de Conflictos, Mediaci\u00f3n, Conciliaci\u00f3n y Arbitraje;<\/li>\n<li><strong>c.5<\/strong> \u2013 Derecho Comercial y Derecho del Comercio Electr\u00f3nico, Derecho Empresarial, Derechos del Consumidor;<\/li>\n<li><strong>c.6<\/strong> \u2013 Derecho Deportivo, Derecho del Entretenimiento;<\/li>\n<li><strong>c.7<\/strong> \u2013 Proceso Civil;<\/li>\n<li><strong>c.8<\/strong> \u2013 Derecho Laboral y Proceso Laboral.<\/li>\n<\/ul>\n<p><strong><u>D \u2013 DERECHO INTERNACIONAL<\/u><\/strong><\/p>\n<ul>\n<li><strong>d.1<\/strong> \u2013 Diplomacia;<\/li>\n<li><strong>d.2<\/strong> \u2013 Comercio Exterior.<\/li>\n<\/ul>\n<p><strong><u>E \u2013 PSICOLOG\u00cdA FORENSE<\/u><\/strong><\/p>\n<p><strong id=\"sub-public\">\u00a0<\/strong><\/p>\n<p><strong>\u00a0<\/strong><\/p>\n<p><strong id=\"\">DESTINATARIOS<\/strong><\/p>\n<p>Podr\u00e1n enviar art\u00edculos:<\/p>\n<ul>\n<li>Profesores vinculados a cursos de graduaci\u00f3n y\/o posgrado (tanto <em>Lato Sensu<\/em> \u2013 especializaci\u00f3n-como <em>Stricto Sensu<\/em> en las l\u00edneas de Maestr\u00eda o Doctorado) que est\u00e9n interesados en mostrar sus estudios cient\u00edficos in\u00e9ditos sobre alguna de las \u00e1reas tem\u00e1ticas propuestas.<\/li>\n<li>Especialistas, Maestros, Doctores, Investigadores, Profesores Universitarios.<\/li>\n<li>Jueces, Representantes del Ministerio P\u00fablico, Abogados y dem\u00e1s profesionales del derecho y, en general, personas que se dediquen en su campo profesional a cualquier rama o disciplina del derecho, que est\u00e9n interesados en mostrar sus estudios cient\u00edficos in\u00e9ditos sobre cualquiera de las \u00e1reas tem\u00e1ticas propuestas.<\/li>\n<li>Estudiantes de Posgrado <em>Stricto Sensu<\/em> (Estudiantes de maestr\u00eda y doctorado).<\/li>\n<li>Estudiantes de Posgrado <em>Lato<\/em><em> Sensu<\/em> (especializados y especialistas).<\/li>\n<li>Los estudiantes de graduaci\u00f3n pueden enviar sus art\u00edculos, siempre que sean en coautor\u00eda con su orientador (con posibilidad de publicaci\u00f3n \u00fanicamente en el libro CONSINTER).<\/li>\n<\/ul>\n<p>El principal criterio para la publicaci\u00f3n en la <em>Revista Internacional CONSINTER de Derecho<\/em>&#8211; <em>QUALIS A3<\/em> es que el autor o uno de los autores tengan el t\u00edtulo de Doctor, si no lo tiene, su art\u00edculo ser\u00e1 evaluado y, caso sea aprobado por el Consejo de <em>CONSINTER<\/em>, ser\u00e1 publicado en el libro <em>Direito e Justi\u00e7a. <\/em><\/p>\n<p>Observando la premisa basilar de <em>CONSINTER<\/em> de apoyo y fomento a la producci\u00f3n cient\u00edfica y acad\u00e9mica, es importante informar que se aceptar\u00e1n para an\u00e1lisis y posible publicaci\u00f3n todos los art\u00edculos comprobadamente inscriptos, pagados y originados de acuerdo con el p\u00fablico descripto en el \u00edtem 4 y de acuerdo con las normas de sumisi\u00f3n indicadas en el \u00edtem 16 de este documento.<\/p>\n<p><strong id=\"sub-disclosure\">\u00a0<\/strong><\/p>\n<p><strong>\u00a0<\/strong><\/p>\n<p><strong id=\"\">INVESTIGACI\u00d3N JUR\u00cdDICA Y PUBLICACI\u00d3N DE LOS ESTUDIOS<\/strong><\/p>\n<p>Observando el escenario, que impone grandes dificultades para los interesados en publicar sus estudios y trabajos de investigaci\u00f3n, surge <em>CONSINTER <\/em>con el prop\u00f3sito de contribuir en la difusi\u00f3n de los estudios acad\u00e9micos, public\u00e1ndolos, facilitando su divulgaci\u00f3n, promoviendo una formaci\u00f3n investigadora de excelencia y la transferencia de los conocimientos de la Universidad para la sociedad.<\/p>\n<p>Los art\u00edculos ser\u00e1n sometidos a un proceso de selecci\u00f3n y aprobaci\u00f3n por el Cuerpo de Pares Evaluadores y\/o Consejo Editorial del <em>CONSINTER<\/em>, atendiendo a criterios de calidad cient\u00edfica, siendo su an\u00e1lisis a pares y a ciegas, de acuerdo con las exigencias de las agencias e instituciones nacionales e internacionales de investigaci\u00f3n y docencia, que valoran y acreditan la actividad investigadora de posgraduados y de profesores universitarios.<\/p>\n<p>De este modo, adem\u00e1s de la amplia visibilidad en su producci\u00f3n cient\u00edfica, en las publicaciones oficiales del <em>CONSINTER <\/em>los inscritos tendr\u00e1n:<\/p>\n<ol style=\"list-style-type: lower-alpha;\">\n<li>La posibilidad de publicaci\u00f3n de su art\u00edculo en la <em>Revista Internacional de Direito CONSINTER- QUALIS A3<\/em>y indexado en las bases de datos Nacionales e Internacionales de gran relevancia en el mundo acad\u00e9mico, posibilitando m\u00e1s visibilidad para el mismo, como:<em> cielo Portugal, Dialnet, Google Scholar, Latindex, <\/em><em>EBSCO, REDIB, CAPES, LivRe, Cite Factor, Sum\u00e1rios.orgMIAR, MIGUILIM, Diadorim y membro da Crossref<\/em>, <em>, Tribunal Superior Eleitoral, Rede Virtual de Bibliotecas Integradas (RVBI), <\/em>o en el libro <em>Direito e Justi\u00e7a;<\/em><\/li>\n<li><em>La oportunidad de presentar oralmente su art\u00edculo cient\u00edfico durante el XII Congreso Internacional de Derecho PUCPR Curitiba o en el XIII Congreso Internacional de Derecho CONSINTER \u2013 Universitat de Barcelona \u2013 2025, as\u00ed como en ambos, mediante el pago de una tasa adicional de participaci\u00f3n\/presentaci\u00f3n oral del art\u00edculo, cuyo pago deber\u00e1 realizarse en el momento de la inscripci\u00f3n (ver \u00edtem 13);<\/em><\/li>\n<li>La posibilidad de recibir un certificado internacional, caso opte por participar del evento;<\/li>\n<li>La oportunidad de difundir su estudio cient\u00edfico internacionalmente, alcanzando el mayor n\u00famero de personas;<\/li>\n<li>La posibilidad de ampliar su red de contactos con personas de elevado nivel cient\u00edfico y acad\u00e9mico;<\/li>\n<li>La oportunidad de buscar la transferencia de conocimientos cient\u00edficos que contribuir\u00e1n al reconocimiento de actividades investigadoras y la cooperaci\u00f3n cient\u00edfica internacional.<\/li>\n<\/ol>\n<p><strong id=\"sub-information\">\u00a0<\/strong><\/p>\n<p><strong>\u00a0<\/strong><\/p>\n<p><strong id=\"\">INFORMACIONES<\/strong><\/p>\n<p>Todos los textos ser\u00e1n evaluados por pares y a ciegas, respetando el anonimato de los autores.<\/p>\n<p>A criterio del soberano Consejo Editorial del <em>CONSINTER <\/em>algunos textos ser\u00e1n seleccionados y se publicar\u00e1n en la <em>Revista Internacional CONSINTER de Direito- QUALIS A3<\/em>, con el preceptivo ISSN europeo y n\u00famero DOI. Esta publicaci\u00f3n tendr\u00e1 dos ediciones en Portugal, siendo una impresa y otra digital.<\/p>\n<p>La selecci\u00f3n del art\u00edculo a publicar tiene en cuenta numerosos\u00a0 factores, desde el orden cronol\u00f3gico de la fecha de la recepci\u00f3n, la fecha de devoluci\u00f3n tras efectuar las correcciones cuando se soliciten, entre otros criterios.<\/p>\n<p>La fecha de la publicaci\u00f3n del art\u00edculo no est\u00e1 vinculada a la fecha de la convocatoria, ni a la fecha del evento, pudiendo publicarse con posterioridad al evento.<\/p>\n<p>Los art\u00edculos que no hayan sido seleccionados para la <em>Revista Internacional CONSINTER de Direito &#8211; QUALIS A3<\/em>, pero hayan sido aprobados por Pares Evaluadores, se publicar\u00e1n en el Libro oficial del CONSINTER, con tres registros ISBN\u2019s. Esta publicaci\u00f3n tendr\u00e1 tres ediciones: una impresa en Portugal y dos ediciones en Brasil (una digital y otra impresa).<\/p>\n<p>La publicaci\u00f3n de los art\u00edculos aprobados por el Consejo Editorial y\/o Cuerpo de Evaluadores NO depende de la presentaci\u00f3n del mismo.<\/p>\n<p>Los art\u00edculos aprobados podr\u00e1n ser presentados oralmente por el\/los autor(es) en uno o en ambos Congresos organizados por CONSINTER en el a\u00f1o en curso, seg\u00fan el tiempo determinado, que ser\u00e1 previamente comunicado por medio de correo electr\u00f3nico.<\/p>\n<p>La presentaci\u00f3n del mismo art\u00edculo en dos Congresos podr\u00e1 realizarse mediante las siguientes modalidades:<\/p>\n<ul>\n<li>Adquisici\u00f3n de COMBO (env\u00edo + presentaci\u00f3n);<\/li>\n<li>Env\u00edo acompa\u00f1ado de la adquisici\u00f3n de un Adicional de Presentaci\u00f3n para cada Congreso adicional.<\/li>\n<\/ul>\n<p>[\/vc_column_text][\/vc_column][\/vc_row][vc_row full_width=&#8221;stretch_row&#8221; section_id=&#8221;coordination&#8221; el_id=&#8221;coordination&#8221; el_class=&#8221;color&#8221; parallax_bg=&#8221;0&#8243; stellar_background_ratio=&#8221;0.6&#8243; css=&#8221;.vc_custom_1576006817524{margin-top: 0px !important;margin-bottom: 0px !important;border-top-width: 0px !important;border-bottom-width: 0px !important;padding-top: 70px !important;padding-bottom: 70px !important;}&#8221;][vc_column]\r\n      <h3 class=\"section-title \"><span data-animation=\"flipInY\" data-animation-delay=\"300\" class=\"icon-inner\"><span class=\"fa-stack\"><i class=\"fa rhex fa-stack-2x\"><\/i><i class=\"fa fa-ticket fa-stack-1x\"><\/i><\/span><\/span><span data-animation=\"fadeInRight\" data-animation-delay=\"500\" class=\"title-inner\">COORDINACI\u00d3N, ASESORAMIENTO, GESTI\u00d3N Y ORGANIZACI\u00d3N<\/h3>\r\n    [vc_column_text css=&#8221;&#8221;]<\/p>\n<p style=\"text-align: center;\"><strong>Presidente:<\/strong><\/p>\n<div class=\"thumbnail no-border no-padding\">\n<div class=\"circle\">\n<div class=\"circle-inner\">\n<div class=\"media\"><img decoding=\"async\" class=\"img-responsive\" src=\"https:\/\/consinter.org\/2025\/wp-content\/uploads\/sites\/37\/2025\/03\/isabel-pacheco.jpg\" alt=\"Isabel Cristina de Carvalho Pacheco\" \/><\/div>\n<\/div>\n<\/div>\n<div class=\"text-center\">Isabel Cristina de Carvalho Pacheco<\/div>\n<\/div>\n<p>&nbsp;<\/p>\n<div class=\"thumbnail no-border no-padding\">\n<div class=\"circle\">\n<div class=\"circle-inner\">\n<div class=\"media\"><img decoding=\"async\" class=\"img-responsive\" src=\"http:\/\/consinter.org\/edital2024\/wp-content\/uploads\/sites\/34\/2024\/02\/revista-capa.jpg\" alt=\"Revista Internacional CONSINTER de Direito\" \/><\/div>\n<\/div>\n<\/div>\n<div class=\"text-center\"><em><br \/>\n<a href=\"https:\/\/revistaconsinter.com\" target=\"_blank\" rel=\"noopener\"><strong>Revista Internacional CONSINTER de Direito <i class=\"fa fa-external-link\" aria-hidden=\"true\"><\/i><\/strong><\/a><br \/>\n<\/em><\/div>\n<\/div>\n<p>&nbsp;<\/p>\n<p style=\"text-align: center;\"><a class=\"btn btn-theme btn-theme-sm btn-theme-transparent\" href=\"https:\/\/revistaconsinter.com\/index.php\/ojs\/about\/editorialTeam\" target=\"_blank\" rel=\"noopener\">Conozca el equipo editorial completo<\/a><br \/>\n<a class=\"btn btn-theme btn-theme-sm btn-theme-transparent mt-10\" href=\"https:\/\/revistaconsinter.com\/pareceristas.html\" target=\"_blank\" rel=\"noopener\">Conozca el equipo editorial de evaluadores<\/a><\/p>\n<p>&nbsp;<\/p>\n<p style=\"text-align: center;\"><strong>Editor:<\/strong><\/p>\n<div class=\"thumbnail no-border no-padding\">\n<div class=\"circle\">\n<div class=\"circle-inner\">\n<div class=\"media\"><img loading=\"lazy\" decoding=\"async\" class=\"img-responsive alignnone\" src=\"https:\/\/consinter.org\/edital2023\/wp-content\/uploads\/sites\/31\/2023\/03\/david-vallespin-perez.jpg\" alt=\"David Vallesp\u00edn P\u00e9rez\" width=\"300\" height=\"300\" \/><\/div>\n<\/div>\n<\/div>\n<div class=\"text-center\"><a href=\"https:\/\/webgrec.ub.edu\/webpages\/000002\/cas\/dvallespin.ub.edu.html\" target=\"_blank\" rel=\"noopener\"><strong>David Vallesp\u00edn P\u00e9rez <i class=\"fa fa-external-link\" aria-hidden=\"true\"><\/i><\/strong><\/a><br \/>\n<em>Catedr\u00e1tico de Derecho Procesal &#8211; Universitat de Barcelona &#8211; UB &#8211; Espa\u00f1a<\/em><\/div>\n<\/div>\n<p>&nbsp;<\/p>\n<p style=\"text-align: center;\"><strong>Directores:<\/strong><\/p>\n<div class=\"col-sm-4 animated fadeInUp visible\" data-animation=\"fadeInUp\" data-animation-delay=\"100\">\n<div class=\"thumbnail no-border no-padding\">\n<div class=\"circle\">\n<div class=\"circle-inner\">\n<div class=\"media\"><img loading=\"lazy\" decoding=\"async\" class=\"img-responsive alignnone\" src=\"https:\/\/consinter.org\/evento2025\/wp-content\/uploads\/sites\/37\/2025\/02\/german-barreiro-gonzalez.jpg\" alt=\"Germ\u00e1n Barreiro Gonz\u00e1lez\" width=\"300\" height=\"300\" \/><\/div>\n<\/div>\n<\/div>\n<div class=\"text-center\"><a href=\"https:\/\/portalcientifico.unileon.es\/investigadores\/222445\/detalle\" target=\"_blank\" rel=\"noopener\"><strong>Germ\u00e1n Barreiro Gonz\u00e1lez <i class=\"fa fa-external-link\" aria-hidden=\"true\"><\/i><\/strong><\/a><br \/>\n<em>Catedr\u00e1tico de Derecho del Trabajo y Seguridad Social Universidad de Le\u00f3n \u2013 in memoriam<\/em><\/div>\n<\/div>\n<\/div>\n<div class=\"col-sm-4 animated fadeInUp visible\" data-animation=\"fadeInUp\" data-animation-delay=\"100\">\n<div class=\"thumbnail no-border no-padding\">\n<div class=\"circle\">\n<div class=\"circle-inner\">\n<div class=\"media\"><img loading=\"lazy\" decoding=\"async\" class=\"img-responsive alignnone\" src=\"https:\/\/consinter.org\/edital2023\/wp-content\/uploads\/sites\/31\/2023\/01\/goncalo-s-de-melo-bandeira.jpg\" alt=\"Gon\u00e7alo S. de Melo Bandeira\" width=\"300\" height=\"300\" \/><\/div>\n<\/div>\n<\/div>\n<div class=\"text-center\"><a href=\"https:\/\/www.cienciavitae.pt\/pt\/DA19-3665-82E1\" target=\"_blank\" rel=\"noopener\"><strong>Gon\u00e7alo S. de Melo Bandeira <i class=\"fa fa-external-link\" aria-hidden=\"true\"><\/i><\/strong><\/a><br \/>\n<em>Professor da ESG\/IPCA e JusGov \u2013 Universidade do Minho<\/em><\/div>\n<\/div>\n<\/div>\n<div class=\"row\">\n<div class=\"col-sm-4 animated fadeInUp visible\" data-animation=\"fadeInUp\" data-animation-delay=\"100\">\n<div class=\"thumbnail no-border no-padding\">\n<div class=\"circle\">\n<div class=\"circle-inner\">\n<div class=\"media\"><img loading=\"lazy\" decoding=\"async\" class=\"img-responsive alignnone\" src=\"https:\/\/consinter.org\/edital2023\/wp-content\/uploads\/sites\/31\/2023\/01\/maria-yolanda-sanchez-uran-azana.jpg\" alt=\"Mar\u00eda Yolanda S\u00e1nchez-Ur\u00e1n Aza\u00f1a\" width=\"300\" height=\"300\" \/><\/div>\n<\/div>\n<\/div>\n<div class=\"text-center\"><a href=\"https:\/\/produccioncientifica.ucm.es\/investigadores\/142866\/detalle\" target=\"_blank\" rel=\"noopener\"><strong>Mar\u00eda Yolanda S\u00e1nchez-Ur\u00e1n Aza\u00f1a <i class=\"fa fa-external-link\" aria-hidden=\"true\"><\/i><\/strong><\/a><br \/>\n<em>Catedr\u00e1tica de Derecho del Trabajo y Seguridad Social \u2013 Universidad Complutense de Madrid<\/em><\/div>\n<\/div>\n<\/div>\n<\/div>\n<p>&nbsp;<\/p>\n<div class=\"thumbnail no-border no-padding\">\n<div class=\"circle\">\n<div class=\"circle-inner\">\n<div class=\"media\"><img decoding=\"async\" class=\"img-responsive\" src=\"http:\/\/consinter.org\/edital2024\/wp-content\/uploads\/sites\/34\/2024\/02\/livro-capa.jpg\" alt=\"Livro Direito e Justi\u00e7a\" \/><\/div>\n<\/div>\n<\/div>\n<div class=\"text-center\"><em><br \/>\n<strong>Livro: Direito e Justi\u00e7a <\/strong><br \/>\n<\/em><\/div>\n<\/div>\n<p style=\"text-align: center;\"><a class=\"btn btn-theme btn-theme-sm btn-theme-transparent\" href=\"https:\/\/revistaconsinter.com\/pareceristas.html\" target=\"_blank\" rel=\"noopener\">Conozca el equipo editorial de evaluadores<\/a><\/p>\n<div class=\"col-sm-6 animated fadeInUp visible\" data-animation=\"fadeInUp\" data-animation-delay=\"100\">\n<p style=\"text-align: center;\"><strong>Organizador:<\/strong><\/p>\n<div class=\"thumbnail no-border no-padding\">\n<div class=\"circle\">\n<div class=\"circle-inner\">\n<div class=\"media\"><img loading=\"lazy\" decoding=\"async\" class=\"img-responsive alignnone\" src=\"https:\/\/consinter.org\/edital2023\/wp-content\/uploads\/sites\/31\/2023\/03\/david-vallespin-perez.jpg\" alt=\"David Vallesp\u00edn P\u00e9rez\" width=\"300\" height=\"300\" \/><\/div>\n<\/div>\n<\/div>\n<div class=\"text-center\"><a href=\"https:\/\/webgrec.ub.edu\/webpages\/000002\/cas\/dvallespin.ub.edu.html\" target=\"_blank\" rel=\"noopener\"><strong>David Vallesp\u00edn P\u00e9rez <i class=\"fa fa-external-link\" aria-hidden=\"true\"><\/i><\/strong><\/a><br \/>\n<em>Catedr\u00e1tico de Derecho Procesal &#8211; Universitat de Barcelona &#8211; UB &#8211; Espa\u00f1a<\/em><\/div>\n<\/div>\n<\/div>\n<div class=\"col-sm-6 thumbnail no-border no-padding\">\n<p style=\"text-align: center;\"><strong>Coordinador Acad\u00e9mico:<\/strong><\/p>\n<div class=\"circle\">\n<div class=\"circle-inner\">\n<div class=\"media\"><img loading=\"lazy\" decoding=\"async\" class=\"img-responsive alignnone\" src=\"https:\/\/consinter.org\/edital2023\/wp-content\/uploads\/sites\/31\/2023\/01\/antonio-cesar-bochenek.jpg\" alt=\"Ant\u00f4nio C\u00e9sar Bochenek\" width=\"300\" height=\"300\" \/><\/div>\n<\/div>\n<\/div>\n<div class=\"text-center\"><a href=\"https:\/\/buscatextual.cnpq.br\/buscatextual\/visualizacv.do?metodo=apresentar&amp;id=K4584229T8\" target=\"_blank\" rel=\"noopener\"><strong>Ant\u00f4nio C\u00e9sar Bochenek <i class=\"fa fa-external-link\" aria-hidden=\"true\"><\/i><\/strong><\/a><br \/>\n<em>Prof. Dr. da Universidade Estadual de Ponta Grossa \u2013 UEPG, da Escola Nacional de Forma\u00e7\u00e3o e Aperfei\u00e7oamento de Magistrados \u2013 ENFAM, Juiz Federal, Brasil<\/em><\/div>\n<\/div>\n<p>&nbsp;<\/p>\n<div class=\"col-sm-6 thumbnail no-border no-padding\">\n<p style=\"text-align: center;\"><strong>Director Acad\u00e9mico:<\/strong><\/p>\n<div class=\"circle\">\n<div class=\"circle-inner\">\n<div class=\"media\"><img decoding=\"async\" class=\"img-responsive\" src=\"https:\/\/consinter.org\/edital2023\/wp-content\/uploads\/sites\/31\/2023\/01\/luiz-augusto.jpg\" alt=\"Luiz Augusto de Oliveira Junior\" \/><\/div>\n<\/div>\n<\/div>\n<div class=\"text-center\">Luiz Augusto de Oliveira Junior<\/div>\n<\/div>\n<div class=\"col-sm-6 thumbnail no-border no-padding\">\n<p style=\"text-align: center;\"><strong>Directora Ejecutiva:<\/strong><\/p>\n<div class=\"circle\">\n<div class=\"circle-inner\">\n<div class=\"media\"><img decoding=\"async\" class=\"img-responsive\" src=\"https:\/\/consinter.org\/edital2023\/wp-content\/uploads\/sites\/31\/2023\/01\/francine-oliveira.jpg\" alt=\"Francine Oliveira\" \/><\/div>\n<\/div>\n<\/div>\n<div class=\"text-center\">Francine Oliveira<\/div>\n<\/div>\n<p>&nbsp;<\/p>\n<p style=\"text-align: center;\"><strong>Coordinadores Ejecutivos:<\/strong><\/p>\n<div class=\"row\">\n<div class=\"col-sm-6 animated fadeInUp visible\" data-animation=\"fadeInUp\" data-animation-delay=\"100\">\n<div class=\"thumbnail no-border no-padding\">\n<div class=\"circle\">\n<div class=\"circle-inner\">\n<div class=\"media\"><img decoding=\"async\" class=\"img-responsive\" src=\"https:\/\/consinter.org\/edital2023\/wp-content\/uploads\/sites\/31\/2023\/01\/ivan-winters.jpg\" alt=\"Ivan Winters\" \/><\/div>\n<\/div>\n<\/div>\n<div class=\"text-center\"><strong>Ivan Winters<\/strong><\/div>\n<\/div>\n<\/div>\n<div class=\"col-sm-6 animated fadeInUp visible\" data-animation=\"fadeInUp\" data-animation-delay=\"100\">\n<div class=\"thumbnail no-border no-padding\">\n<div class=\"circle\">\n<div class=\"circle-inner\">\n<div class=\"media\"><img decoding=\"async\" class=\"img-responsive\" src=\"https:\/\/consinter.org\/edital2023\/wp-content\/uploads\/sites\/31\/2023\/01\/marcia-neckel.jpg\" alt=\"Marcia Neckel\" \/><\/div>\n<\/div>\n<\/div>\n<div class=\"text-center\">Marcia Neckel<\/div>\n<\/div>\n<\/div>\n<\/div>\n<p>[\/vc_column_text][vc_separator color=&#8221;white&#8221; border_width=&#8221;2&#8243; css=&#8221;.vc_custom_1743597856993{margin-top: 50px !important;margin-bottom: 50px !important;}&#8221;]\r\n      <h3 class=\"section-title \"><span data-animation=\"flipInY\" data-animation-delay=\"300\" class=\"icon-inner\"><span class=\"fa-stack\"><i class=\"fa rhex fa-stack-2x\"><\/i><i class=\"fa fa-ticket fa-stack-1x\"><\/i><\/span><\/span><span data-animation=\"fadeInRight\" data-animation-delay=\"500\" class=\"title-inner\">XII CONGRESSO - PUCPR CURITIBA<\/h3>\r\n    [vc_column_text css=&#8221;&#8221;]<\/p>\n<div class=\"row\">\n<div class=\"col-sm-6 thumbnail no-border no-padding\">\n<p style=\"text-align: center;\"><strong>Coordenador Geral:<\/strong><\/p>\n<div class=\"thumbnail no-border no-padding\">\n<div class=\"circle\">\n<div class=\"circle-inner\">\n<div class=\"media\"><img loading=\"lazy\" decoding=\"async\" class=\"img-responsive alignnone\" src=\"https:\/\/consinter.org\/2025\/wp-content\/uploads\/sites\/37\/2025\/05\/renata_ceschin_melfi_de_macedo.jpg\" alt=\"Renata Ceschin Melfi de Macedo\" width=\"300\" height=\"300\" \/><\/div>\n<\/div>\n<\/div>\n<div class=\"text-center\"><a href=\"https:\/\/www.pucpr.br\/docente-graduacao\/renata-ceschin-melfi-de-macedo-1653\" target=\"_blank\" rel=\"noopener\"><strong>Renata Ceschin Melfi de Macedo <i class=\"fa fa-external-link\" aria-hidden=\"true\"><\/i><\/strong><\/a><br \/>\n<em>Decana da Escola de Direito \u2013 PUCPR. Prof. Dra. De Direito Penal \u2013 PUCPR.<\/em><\/div>\n<\/div>\n<\/div>\n<div class=\"col-sm-6 thumbnail no-border no-padding\">\n<p style=\"text-align: center;\"><strong>Coordenador Geral:<\/strong><\/p>\n<div class=\"thumbnail no-border no-padding\">\n<div class=\"circle\">\n<div class=\"circle-inner\">\n<div class=\"media\"><img loading=\"lazy\" decoding=\"async\" class=\"img-responsive alignnone\" src=\"https:\/\/consinter.org\/2025\/wp-content\/uploads\/sites\/37\/2025\/04\/karina-da-silva-magatao.jpg\" alt=\"Karina da Silva Magatao\" width=\"300\" height=\"300\" \/><\/div>\n<\/div>\n<\/div>\n<div class=\"text-center\"><a href=\"https:\/\/www.pucpr.br\/docente-graduacao\/karina-da-silva-magatao-520\" target=\"_blank\" rel=\"noopener\"><strong>Karina da Silva Magatao <i class=\"fa fa-external-link\" aria-hidden=\"true\"><\/i><\/strong><\/a><br \/>\n<em>Coordenadora Adjunta do Curso de Direito \u2013 PUCPR. Prof. Adjunta de Direito Comercial e Processo Civil \u2013 PUCPR.<\/em><\/div>\n<\/div>\n<\/div>\n<\/div>\n<p>&nbsp;<\/p>\n<div class=\"row\">\n<div class=\"col-sm-6 thumbnail no-border no-padding\">\n<p style=\"text-align: center;\"><strong>Coordenador Acad\u00eamico:<\/strong><\/p>\n<div class=\"thumbnail no-border no-padding\">\n<div class=\"circle\">\n<div class=\"circle-inner\">\n<div class=\"media\"><img loading=\"lazy\" decoding=\"async\" class=\"img-responsive alignnone\" src=\"https:\/\/consinter.org\/2025\/wp-content\/uploads\/sites\/37\/2025\/04\/solon-cicero-linhares.jpg\" alt=\"S\u00f3lon C\u00edcero Linhares\" width=\"300\" height=\"300\" \/><\/div>\n<\/div>\n<\/div>\n<div class=\"text-center\"><a href=\"https:\/\/www.pucpr.br\/docente-graduacao\/solon-cicero-linhares-572\" target=\"_blank\" rel=\"noopener\"><strong>S\u00f3lon C\u00edcero Linhares <i class=\"fa fa-external-link\" aria-hidden=\"true\"><\/i><\/strong><\/a><br \/>\n<em>Prof. Dr. de Direito Penal &#8211; PUCPR.<\/em><\/div>\n<\/div>\n<\/div>\n<div class=\"col-sm-6 thumbnail no-border no-padding\">\n<p style=\"text-align: center;\"><strong>Coordenador Acad\u00eamico:<\/strong><\/p>\n<div class=\"thumbnail no-border no-padding\">\n<div class=\"circle\">\n<div class=\"circle-inner\">\n<div class=\"media\"><img loading=\"lazy\" decoding=\"async\" class=\"img-responsive alignnone\" src=\"https:\/\/consinter.org\/2025\/wp-content\/uploads\/sites\/37\/2025\/04\/luiz-gustavo-thadeo-braga.jpg\" alt=\"Luiz Gustavo Thadeo Braga\" width=\"300\" height=\"300\" \/><\/div>\n<\/div>\n<\/div>\n<div class=\"text-center\"><a href=\"https:\/\/www.pucpr.br\/docente-graduacao\/luiz-gustavo-thadeo-braga-276\" target=\"_blank\" rel=\"noopener\"><strong>Luiz Gustavo Thadeo Braga <i class=\"fa fa-external-link\" aria-hidden=\"true\"><\/i><\/strong><\/a><br \/>\n<em>Prof. de Direito Civil e Processual Civil \u2013 PUCPR. Diretor do Instituto Brasileiro de Direito Aeron\u00e1utico e Avia\u00e7\u00e3o Civil \u2013 IBDAIR.<\/em><\/div>\n<\/div>\n<\/div>\n<\/div>\n<p>&nbsp;<\/p>\n<div class=\"row\">\n<div class=\"col-sm-6 thumbnail no-border no-padding\">\n<p style=\"text-align: center;\"><strong>Coordenador Cient\u00edfico:<\/strong><\/p>\n<div class=\"thumbnail no-border no-padding\">\n<div class=\"circle\">\n<div class=\"circle-inner\">\n<div class=\"media\"><img loading=\"lazy\" decoding=\"async\" class=\"img-responsive alignnone\" src=\"https:\/\/consinter.org\/edital2023\/wp-content\/uploads\/sites\/31\/2023\/01\/antonio-cesar-bochenek.jpg\" alt=\"Ant\u00f4nio C\u00e9sar Bochenek\" width=\"300\" height=\"300\" \/><\/div>\n<\/div>\n<\/div>\n<div class=\"text-center\"><a href=\"https:\/\/buscatextual.cnpq.br\/buscatextual\/visualizacv.do?metodo=apresentar&amp;id=K4584229T8\" target=\"_blank\" rel=\"noopener\"><strong>Ant\u00f4nio C\u00e9sar Bochenek <i class=\"fa fa-external-link\" aria-hidden=\"true\"><\/i><\/strong><\/a><br \/>\n<em>Prof. Dr. da Universidade Estadual de Ponta Grossa \u2013 UEPG, da Escola Nacional de Forma\u00e7\u00e3o e Aperfei\u00e7oamento de Magistrados \u2013 ENFAM, Juiz Federal, Brasil<\/em><\/div>\n<\/div>\n<\/div>\n<div class=\"col-sm-6 thumbnail no-border no-padding\">\n<p style=\"text-align: center;\"><strong>Coordenador Adjunto:<\/strong><\/p>\n<div class=\"thumbnail no-border no-padding\">\n<div class=\"circle\">\n<div class=\"circle-inner\">\n<div class=\"media\"><img loading=\"lazy\" decoding=\"async\" class=\"img-responsive alignnone\" src=\"https:\/\/consinter.org\/2025\/wp-content\/uploads\/sites\/37\/2025\/04\/luiz-antonio-camara.jpg\" alt=\"Luiz Antonio C\u00e2mara\" width=\"300\" height=\"300\" \/><\/div>\n<\/div>\n<\/div>\n<div class=\"text-center\"><a href=\"https:\/\/aplj.com.br\/cadeiras\/luiz-antonio-camara\/\" target=\"_blank\" rel=\"noopener\"><strong>Luiz Antonio C\u00e2mara <i class=\"fa fa-external-link\" aria-hidden=\"true\"><\/i><\/strong><\/a><br \/>\n<em>Doutor e mestre em Direito Penal\/Processual Penal pela UFPR. Coordenador Cultural da Academia Paranaense de Letras Jur\u00eddicas (APLJ). Advogado<\/em><\/div>\n<\/div>\n<\/div>\n<\/div>\n<p>[\/vc_column_text][vc_separator color=&#8221;white&#8221; border_width=&#8221;2&#8243; css=&#8221;.vc_custom_1743597856993{margin-top: 50px !important;margin-bottom: 50px !important;}&#8221;]\r\n      <h3 class=\"section-title \"><span data-animation=\"flipInY\" data-animation-delay=\"300\" class=\"icon-inner\"><span class=\"fa-stack\"><i class=\"fa rhex fa-stack-2x\"><\/i><i class=\"fa fa-ticket fa-stack-1x\"><\/i><\/span><\/span><span data-animation=\"fadeInRight\" data-animation-delay=\"500\" class=\"title-inner\">XIII CONGRESSO - UNIVERSITAT DE BARCELONA - COORDINACI\u00d3N<\/h3>\r\n    [vc_column_text css=&#8221;&#8221;]<\/p>\n<div class=\"row\">\n<div class=\"col-sm-6 animated fadeInUp visible\" data-animation=\"fadeInUp\" data-animation-delay=\"100\">\n<p style=\"text-align: center;\"><strong>Coordinaci\u00f3n Cient\u00edfica:<\/strong><\/p>\n<div class=\"thumbnail no-border no-padding\">\n<div class=\"circle\">\n<div class=\"circle-inner\">\n<div class=\"media\"><img loading=\"lazy\" decoding=\"async\" class=\"img-responsive alignnone\" src=\"https:\/\/consinter.org\/edital2023\/wp-content\/uploads\/sites\/31\/2023\/03\/david-vallespin-perez.jpg\" alt=\"David Vallesp\u00edn P\u00e9rez\" width=\"300\" height=\"300\" \/><\/div>\n<\/div>\n<\/div>\n<div class=\"text-center\"><a href=\"https:\/\/webgrec.ub.edu\/webpages\/000002\/cas\/dvallespin.ub.edu.html\" target=\"_blank\" rel=\"noopener\"><strong>David Vallesp\u00edn P\u00e9rez <i class=\"fa fa-external-link\" aria-hidden=\"true\"><\/i><\/strong><\/a><br \/>\n<em>Catedr\u00e1tico de Derecho Procesal &#8211; Universitat de Barcelona &#8211; UB &#8211; Espa\u00f1a<\/em><\/div>\n<\/div>\n<\/div>\n<div class=\"col-sm-6 thumbnail no-border no-padding\">\n<p style=\"text-align: center;\"><strong>Coordinaci\u00f3n Acad\u00e9mica:<\/strong><\/p>\n<div class=\"thumbnail no-border no-padding\">\n<div class=\"circle\">\n<div class=\"circle-inner\">\n<div class=\"media\"><img loading=\"lazy\" decoding=\"async\" class=\"img-responsive alignnone\" src=\"https:\/\/consinter.org\/edital2023\/wp-content\/uploads\/sites\/31\/2023\/01\/antonio-cesar-bochenek.jpg\" alt=\"Ant\u00f4nio C\u00e9sar Bochenek\" width=\"300\" height=\"300\" \/><\/div>\n<\/div>\n<\/div>\n<div class=\"text-center\"><a href=\"https:\/\/buscatextual.cnpq.br\/buscatextual\/visualizacv.do?metodo=apresentar&amp;id=K4584229T8\" target=\"_blank\" rel=\"noopener\"><strong>Ant\u00f4nio C\u00e9sar Bochenek <i class=\"fa fa-external-link\" aria-hidden=\"true\"><\/i><\/strong><\/a><br \/>\n<em>Prof. Dr. da Universidade Estadual de Ponta Grossa \u2013 UEPG, da Escola Nacional de Forma\u00e7\u00e3o e Aperfei\u00e7oamento de Magistrados \u2013 ENFAM, Juiz Federal, Brasil<\/em><\/div>\n<\/div>\n<\/div>\n<\/div>\n<p>[\/vc_column_text][vc_column_text css=&#8221;&#8221;]<\/p>\n<p style=\"text-align: center; margin: 50px 0 25px 0;\"><strong>PONENTES<\/strong><\/p>\n<div class=\"row\">\n<div class=\"col-sm-4 animated fadeInUp visible\" data-animation=\"fadeInUp\" data-animation-delay=\"100\">\n<div class=\"thumbnail no-border no-padding\">\n<div class=\"circle\">\n<div class=\"circle-inner\">\n<div class=\"media\"><img loading=\"lazy\" decoding=\"async\" class=\"img-responsive alignnone\" src=\"https:\/\/consinter.org\/2025\/wp-content\/uploads\/sites\/37\/2025\/10\/andre-folloni.jpg\" alt=\"Andr\u00e9 Folloni\" width=\"300\" height=\"300\" \/><\/div>\n<\/div>\n<\/div>\n<div class=\"text-center\"><strong>Andr\u00e9 Folloni<\/strong><br \/>\n<em>Professor Titular de Direito Tribut\u00e1rio da PUCPR, Visiting Professor na Sapienza Universit\u00e0 di Roma, Advogado<\/em><\/div>\n<\/div>\n<\/div>\n<div class=\"col-sm-4 thumbnail no-border no-padding\">\n<div class=\"thumbnail no-border no-padding\">\n<div class=\"circle\">\n<div class=\"circle-inner\">\n<div class=\"media\"><img loading=\"lazy\" decoding=\"async\" class=\"img-responsive alignnone\" src=\"https:\/\/consinter.org\/2025\/wp-content\/uploads\/sites\/37\/2025\/10\/andreu-olesti-rayo.jpg\" alt=\"Andreu Olesti Rayo\" width=\"300\" height=\"300\" \/><\/div>\n<\/div>\n<\/div>\n<div class=\"text-center\"><strong>Andreu Olesti Rayo<\/strong><br \/>\n<em>Decano de la Facultat de Dret &#8211; Universitat de Barcelona<\/em><\/div>\n<\/div>\n<\/div>\n<div class=\"col-sm-4 thumbnail no-border no-padding\">\n<div class=\"thumbnail no-border no-padding\">\n<div class=\"circle\">\n<div class=\"circle-inner\">\n<div class=\"media\"><img loading=\"lazy\" decoding=\"async\" class=\"img-responsive alignnone\" src=\"https:\/\/consinter.org\/edital2023\/wp-content\/uploads\/sites\/31\/2023\/01\/antonio-cesar-bochenek.jpg\" alt=\"Ant\u00f4nio C\u00e9sar Bochenek\" width=\"300\" height=\"300\" \/><\/div>\n<\/div>\n<\/div>\n<div class=\"text-center\"><strong>Ant\u00f4nio C\u00e9sar Bochenek<\/strong><br \/>\n<em>Prof. Dr. da Universidade Estadual de Ponta Grossa \u2013 UEPG, da Escola Nacional de Forma\u00e7\u00e3o e Aperfei\u00e7oamento de Magistrados \u2013 ENFAM, Juiz Federal, Brasil<\/em><\/div>\n<\/div>\n<\/div>\n<\/div>\n<p>&nbsp;<\/p>\n<div class=\"row\">\n<div class=\"col-sm-4 animated fadeInUp visible\" data-animation=\"fadeInUp\" data-animation-delay=\"100\">\n<div class=\"thumbnail no-border no-padding\">\n<div class=\"circle\">\n<div class=\"circle-inner\">\n<div class=\"media\"><img loading=\"lazy\" decoding=\"async\" class=\"img-responsive alignnone\" src=\"https:\/\/consinter.org\/edital2023\/wp-content\/uploads\/sites\/31\/2023\/03\/david-vallespin-perez.jpg\" alt=\"David Vallesp\u00edn P\u00e9rez\" width=\"300\" height=\"300\" \/><\/div>\n<\/div>\n<\/div>\n<div class=\"text-center\"><strong>David Vallesp\u00edn P\u00e9rez<\/strong><br \/>\n<em>Catedr\u00e1tico de Derecho Procesal &#8211; Universitat de Barcelona<\/em><\/div>\n<\/div>\n<\/div>\n<div class=\"col-sm-4 thumbnail no-border no-padding\">\n<div class=\"thumbnail no-border no-padding\">\n<div class=\"circle\">\n<div class=\"circle-inner\">\n<div class=\"media\"><img loading=\"lazy\" decoding=\"async\" class=\"img-responsive alignnone\" src=\"https:\/\/consinter.org\/2025\/wp-content\/uploads\/sites\/37\/2025\/10\/francisco-ramos-romeu.jpg\" alt=\"Francisco Ramos Romeu\" width=\"300\" height=\"300\" \/><\/div>\n<\/div>\n<\/div>\n<div class=\"text-center\"><strong>Francisco Ramos Romeu<\/strong><br \/>\n<em>Profesor de Derecho Procesal &#8211; Universitat Aut\u00f2noma de Barcelona<\/em><\/div>\n<\/div>\n<\/div>\n<div class=\"col-sm-4 thumbnail no-border no-padding\">\n<div class=\"thumbnail no-border no-padding\">\n<div class=\"circle\">\n<div class=\"circle-inner\">\n<div class=\"media\"><img loading=\"lazy\" decoding=\"async\" class=\"img-responsive alignnone\" src=\"https:\/\/consinter.org\/2025\/wp-content\/uploads\/sites\/37\/2025\/10\/isis-fontenele-1.jpg\" alt=\"Isis Fontenelle\" width=\"300\" height=\"300\" \/><\/div>\n<\/div>\n<\/div>\n<div class=\"text-center\"><strong>Isis Fontenelle<\/strong><br \/>\n<em>Mestre em Gest\u00e3o de Pessoa<\/em><\/div>\n<\/div>\n<\/div>\n<\/div>\n<p>&nbsp;<\/p>\n<div class=\"row\">\n<div class=\"col-sm-4 animated fadeInUp visible\" data-animation=\"fadeInUp\" data-animation-delay=\"100\">\n<div class=\"thumbnail no-border no-padding\">\n<div class=\"circle\">\n<div class=\"circle-inner\">\n<div class=\"media\"><img loading=\"lazy\" decoding=\"async\" class=\"img-responsive alignnone\" src=\"https:\/\/consinter.org\/2025\/wp-content\/uploads\/sites\/37\/2025\/10\/joan-lluis-perez-francesch.jpg\" alt=\"Joan Llu\u00eds P\u00e9rez Francesch\" width=\"300\" height=\"300\" \/><\/div>\n<\/div>\n<\/div>\n<div class=\"text-center\"><strong>Joan Llu\u00eds P\u00e9rez Francesch<\/strong><br \/>\n<em>Catedr\u00e1tico de Derecho Constitucional &#8211; Universidad Aut\u00f3noma de Barcelona<\/em><\/div>\n<\/div>\n<\/div>\n<div class=\"col-sm-4 thumbnail no-border no-padding\">\n<div class=\"thumbnail no-border no-padding\">\n<div class=\"circle\">\n<div class=\"circle-inner\">\n<div class=\"media\"><img loading=\"lazy\" decoding=\"async\" class=\"img-responsive alignnone\" src=\"https:\/\/consinter.org\/2025\/wp-content\/uploads\/sites\/37\/2025\/10\/jose-esteve-pardo.jpg\" alt=\"Jos\u00e9 Esteve Pardo\" width=\"300\" height=\"300\" \/><\/div>\n<\/div>\n<\/div>\n<div class=\"text-center\"><strong>Jos\u00e9 Esteve Pardo<\/strong><br \/>\n<em>Catedr\u00e1tico de Derecho Administrativo &#8211; Universitat de Barcelona<\/em><\/div>\n<\/div>\n<\/div>\n<div class=\"col-sm-4 thumbnail no-border no-padding\">\n<div class=\"thumbnail no-border no-padding\">\n<div class=\"circle\">\n<div class=\"circle-inner\">\n<div class=\"media\"><img loading=\"lazy\" decoding=\"async\" class=\"img-responsive alignnone\" src=\"https:\/\/consinter.org\/2025\/wp-content\/uploads\/sites\/37\/2025\/10\/lluis-bahamonde-falcon.jpg\" alt=\"Llu\u00eds Bahamonde Falc\u00f3n\" width=\"300\" height=\"300\" \/><\/div>\n<\/div>\n<\/div>\n<div class=\"text-center\"><strong>Llu\u00eds Bahamonde Falc\u00f3n<\/strong><br \/>\n<em>Presidente de INNOBAIX, Socio Honorario y Asesor de Presidencia en PIMEC<\/em><\/div>\n<\/div>\n<\/div>\n<\/div>\n<p>&nbsp;<\/p>\n<div class=\"row\">\n<div class=\"col-sm-4 animated fadeInUp visible\" data-animation=\"fadeInUp\" data-animation-delay=\"100\">\n<div class=\"thumbnail no-border no-padding\">\n<div class=\"circle\">\n<div class=\"circle-inner\">\n<div class=\"media\"><img loading=\"lazy\" decoding=\"async\" class=\"img-responsive alignnone\" src=\"https:\/\/consinter.org\/2025\/wp-content\/uploads\/sites\/37\/2025\/10\/manuel-richard-gonzalez.jpg\" alt=\"Manuel Richard Gonz\u00e1lez\" width=\"300\" height=\"300\" \/><\/div>\n<\/div>\n<\/div>\n<div class=\"text-center\"><strong>Manuel Richard Gonz\u00e1lez<\/strong><br \/>\n<em>Profesor Titular de Derecho Procesal &#8211; Universidad P\u00fablica de Navarra<\/em><\/div>\n<\/div>\n<\/div>\n<div class=\"col-sm-4 thumbnail no-border no-padding\">\n<div class=\"thumbnail no-border no-padding\">\n<div class=\"circle\">\n<div class=\"circle-inner\">\n<div class=\"media\"><img loading=\"lazy\" decoding=\"async\" class=\"img-responsive alignnone\" src=\"https:\/\/consinter.org\/2025\/wp-content\/uploads\/sites\/37\/2025\/10\/marc-tarres-i-vives.jpg\" alt=\"Marc Tarr\u00e9s i Vives\" width=\"300\" height=\"300\" \/><\/div>\n<\/div>\n<\/div>\n<div class=\"text-center\"><strong>Marc Tarr\u00e9s i Vives<\/strong><br \/>\n<em>Profesor Titular de Derecho Administrativo &#8211; Universitat de Barcelona<\/em><\/div>\n<\/div>\n<\/div>\n<div class=\"col-sm-4 thumbnail no-border no-padding\">\n<div class=\"thumbnail no-border no-padding\">\n<div class=\"circle\">\n<div class=\"circle-inner\">\n<div class=\"media\"><img loading=\"lazy\" decoding=\"async\" class=\"img-responsive alignnone\" src=\"https:\/\/consinter.org\/2025\/wp-content\/uploads\/sites\/37\/2025\/10\/mariola-rodriguez-font.jpg\" alt=\"Mariola Rodr\u00edguez Font\" width=\"300\" height=\"300\" \/><\/div>\n<\/div>\n<\/div>\n<div class=\"text-center\"><strong>Mariola Rodr\u00edguez Font<\/strong><br \/>\n<em>Profesora Agregada Serra i H\u00faner de Derecho Administrativo &#8211; Universitat de Barcelona<\/em><\/div>\n<\/div>\n<\/div>\n<\/div>\n<p>&nbsp;<\/p>\n<div class=\"row\">\n<div class=\"col-sm-6 animated fadeInUp visible\" data-animation=\"fadeInUp\" data-animation-delay=\"100\">\n<div class=\"thumbnail no-border no-padding\">\n<div class=\"circle\">\n<div class=\"circle-inner\">\n<div class=\"media\"><img loading=\"lazy\" decoding=\"async\" class=\"img-responsive alignnone\" src=\"https:\/\/consinter.org\/2025\/wp-content\/uploads\/sites\/37\/2025\/10\/vicente-perez-daudi.jpg\" alt=\"Vicente P\u00e9rez Daud\u00ed\" width=\"300\" height=\"300\" \/><\/div>\n<\/div>\n<\/div>\n<div class=\"text-center\"><strong>Vicente P\u00e9rez Daud\u00ed<\/strong><br \/>\n<em>Catedr\u00e1tico de Derecho Procesal &#8211; Universitat de Barcelona<\/em><\/div>\n<\/div>\n<\/div>\n<div class=\"col-sm-6 thumbnail no-border no-padding\">\n<div class=\"thumbnail no-border no-padding\">\n<div class=\"circle\">\n<div class=\"circle-inner\">\n<div class=\"media\"><img loading=\"lazy\" decoding=\"async\" class=\"img-responsive alignnone\" src=\"https:\/\/consinter.org\/2025\/wp-content\/uploads\/sites\/37\/2025\/10\/yago-vazquez-moraga.jpg\" alt=\"Yago V\u00e1zquez Moraga\" width=\"300\" height=\"300\" \/><\/div>\n<\/div>\n<\/div>\n<div class=\"text-center\"><strong>Yago V\u00e1zquez Moraga<\/strong><br \/>\n<em>Abogado y Socio fundador de STATIM<\/em><\/div>\n<\/div>\n<\/div>\n<\/div>\n<p style=\"text-align: center; margin: 50px 0 25px 0;\"><strong>MODERADORES<\/strong><\/p>\n<div class=\"row\">\n<div class=\"col-sm-4 animated fadeInUp visible\" data-animation=\"fadeInUp\" data-animation-delay=\"100\">\n<div class=\"thumbnail no-border no-padding\">\n<div class=\"circle\">\n<div class=\"circle-inner\">\n<div class=\"media\"><img loading=\"lazy\" decoding=\"async\" class=\"img-responsive alignnone\" src=\"https:\/\/consinter.org\/2025\/wp-content\/uploads\/sites\/37\/2025\/10\/augusto-grieco.jpg\" alt=\"Augusto Grieco\" width=\"300\" height=\"300\" \/><\/div>\n<\/div>\n<\/div>\n<div class=\"text-center\"><strong>Augusto Grieco<\/strong><br \/>\n<em>Procurador do Trabalho do Minist\u00e9rio P\u00fablico da Uni\u00e3o<\/em><\/div>\n<\/div>\n<\/div>\n<div class=\"col-sm-4 thumbnail no-border no-padding\">\n<div class=\"thumbnail no-border no-padding\">\n<div class=\"circle\">\n<div class=\"circle-inner\">\n<div class=\"media\"><img loading=\"lazy\" decoding=\"async\" class=\"img-responsive alignnone\" src=\"https:\/\/consinter.org\/edital2023\/wp-content\/uploads\/sites\/31\/2023\/03\/david-vallespin-perez.jpg\" alt=\"David Vallesp\u00edn P\u00e9rez\" width=\"300\" height=\"300\" \/><\/div>\n<\/div>\n<\/div>\n<div class=\"text-center\"><strong>David Vallesp\u00edn P\u00e9rez<\/strong><br \/>\n<em>Catedr\u00e1tico de Derecho Procesal &#8211; Universitat de Barcelona<\/em><\/div>\n<\/div>\n<\/div>\n<div class=\"col-sm-4 thumbnail no-border no-padding\">\n<div class=\"thumbnail no-border no-padding\">\n<div class=\"circle\">\n<div class=\"circle-inner\">\n<div class=\"media\"><img loading=\"lazy\" decoding=\"async\" class=\"img-responsive alignnone\" src=\"https:\/\/consinter.org\/2025\/wp-content\/uploads\/sites\/37\/2025\/10\/giorgia-bin-bochenek.jpg\" alt=\"Giorgia Bin Bochenek\" width=\"300\" height=\"300\" \/><\/div>\n<\/div>\n<\/div>\n<div class=\"text-center\"><strong>Giorgia Bin Bochenek<\/strong><br \/>\n<em>Presidente da Associa\u00e7\u00e3o Comercial, Industrial e Empresarial de Ponta Grossa, Mestre em Sociologia &#8211; Universidade de Coimbra<\/em><\/div>\n<\/div>\n<\/div>\n<\/div>\n<p>&nbsp;<\/p>\n<div class=\"row\">\n<div class=\"col-sm-4 animated fadeInUp visible\" data-animation=\"fadeInUp\" data-animation-delay=\"100\">\n<div class=\"thumbnail no-border no-padding\">\n<div class=\"circle\">\n<div class=\"circle-inner\">\n<div class=\"media\"><img loading=\"lazy\" decoding=\"async\" class=\"img-responsive alignnone\" src=\"https:\/\/consinter.org\/2025\/wp-content\/uploads\/sites\/37\/2025\/10\/ivani-bramante-.jpg\" alt=\"Ivani Bramante\" width=\"300\" height=\"300\" \/><\/div>\n<\/div>\n<\/div>\n<div class=\"text-center\"><strong>Ivani Bramante<\/strong><br \/>\n<em>Desembargadora do Tribunal Regional do Trabalho da 2\u00aa Regi\u00e3o<\/em><\/div>\n<\/div>\n<\/div>\n<div class=\"col-sm-4 thumbnail no-border no-padding\">\n<div class=\"thumbnail no-border no-padding\">\n<div class=\"circle\">\n<div class=\"circle-inner\">\n<div class=\"media\"><img loading=\"lazy\" decoding=\"async\" class=\"img-responsive alignnone\" src=\"https:\/\/consinter.org\/2025\/wp-content\/uploads\/sites\/37\/2025\/10\/ignacio-garcia-vitoria.jpg\" alt=\"Ignacio Garc\u00eda Vitoria\" width=\"300\" height=\"300\" \/><\/div>\n<\/div>\n<\/div>\n<div class=\"text-center\"><strong>Ignacio Garc\u00eda Vitoria<\/strong><br \/>\n<em>Prof. Derecho Constitucional e Vice decano &#8211; Facultad de Derecho \u2013 UCM<\/em><\/div>\n<\/div>\n<\/div>\n<div class=\"col-sm-4 thumbnail no-border no-padding\">\n<div class=\"thumbnail no-border no-padding\">\n<div class=\"circle\">\n<div class=\"circle-inner\">\n<div class=\"media\"><img loading=\"lazy\" decoding=\"async\" class=\"img-responsive alignnone\" src=\"https:\/\/consinter.org\/2025\/wp-content\/uploads\/sites\/37\/2025\/10\/jesus-victor-alfredo-contreras-ugarte.jpg\" alt=\"Jes\u00fas V\u00edctor Contreras Ugarte\" width=\"300\" height=\"300\" \/><\/div>\n<\/div>\n<\/div>\n<div class=\"text-center\"><strong>Jes\u00fas V\u00edctor Contreras Ugarte<\/strong><br \/>\n<em>Profesor Ayudante Doctor de Filosof\u00eda del Derecho &#8211; Universidad Complutense de Madrid<\/em><\/div>\n<\/div>\n<\/div>\n<\/div>\n<p>&nbsp;<\/p>\n<div class=\"row\">\n<div class=\"col-sm-4 animated fadeInUp visible\" data-animation=\"fadeInUp\" data-animation-delay=\"100\">\n<div class=\"thumbnail no-border no-padding\">\n<div class=\"circle\">\n<div class=\"circle-inner\">\n<div class=\"media\"><img loading=\"lazy\" decoding=\"async\" class=\"img-responsive alignnone\" src=\"https:\/\/consinter.org\/2025\/wp-content\/uploads\/sites\/37\/2025\/10\/kilian-alvarez-saez.jpg\" alt=\"Kilian \u00c1lvarez S\u00e1ez\" width=\"300\" height=\"300\" \/><\/div>\n<\/div>\n<\/div>\n<div class=\"text-center\"><strong>Kilian \u00c1lvarez S\u00e1ez<\/strong><br \/>\n<em>Abogado y Profesor Asociado de Derecho Procesal &#8211; Universitat de Barcelona<\/em><\/div>\n<\/div>\n<\/div>\n<div class=\"col-sm-4 thumbnail no-border no-padding\">\n<div class=\"thumbnail no-border no-padding\">\n<div class=\"circle\">\n<div class=\"circle-inner\">\n<div class=\"media\"><img loading=\"lazy\" decoding=\"async\" class=\"img-responsive alignnone\" src=\"https:\/\/consinter.org\/2025\/wp-content\/uploads\/sites\/37\/2025\/10\/marco-antonio-cesar-villatore.jpg\" alt=\"Marco Ant\u00f4nio C\u00e9sar Villatore\" width=\"300\" height=\"300\" \/><\/div>\n<\/div>\n<\/div>\n<div class=\"text-center\"><strong>Marco Ant\u00f4nio C\u00e9sar Villatore<\/strong><br \/>\n<em>Advogado e professor da Universidade Federal de Santa Catarina<\/em><\/div>\n<\/div>\n<\/div>\n<div class=\"col-sm-4 thumbnail no-border no-padding\">\n<div class=\"thumbnail no-border no-padding\">\n<div class=\"circle\">\n<div class=\"circle-inner\">\n<div class=\"media\"><img loading=\"lazy\" decoding=\"async\" class=\"img-responsive alignnone\" src=\"https:\/\/consinter.org\/2025\/wp-content\/uploads\/sites\/37\/2025\/10\/milton-thibau.jpg\" alt=\"Milton Thibau\" width=\"300\" height=\"300\" \/><\/div>\n<\/div>\n<\/div>\n<div class=\"text-center\"><strong>Milton Thibau<\/strong><br \/>\n<em>Desembargador do Tribunal Regional do Trabalho da 3a. Regi\u00e3o<\/em><\/div>\n<\/div>\n<\/div>\n<\/div>\n<p>[\/vc_column_text][\/vc_column][\/vc_row][vc_row full_width=&#8221;stretch_row&#8221; section_id=&#8221;who&#8221; parallax_bg=&#8221;0&#8243; stellar_background_ratio=&#8221;0.6&#8243; css=&#8221;.vc_custom_1751651888993{margin-top: 0px !important;margin-bottom: 0px !important;border-top-width: 0px !important;border-bottom-width: 0px !important;padding-top: 70px !important;padding-bottom: 70px !important;}&#8221; el_id=&#8221;who&#8221; el_class=&#8221;light&#8221;][vc_column]\r\n      <h3 class=\"section-title \"><span data-animation=\"flipInY\" data-animation-delay=\"300\" class=\"icon-inner\"><span class=\"fa-stack\"><i class=\"fa crcle fa-stack-2x\"><\/i><i class=\"fa fa-ticket fa-stack-1x\"><\/i><\/span><\/span><span data-animation=\"fadeInRight\" data-animation-delay=\"500\" class=\"title-inner\">Acerca de <small> \/ quienes somos<\/small><\/span><\/h3>\r\n    [vc_column_text css=&#8221;&#8221;]<strong>CONSINTER \u2013 CONSEJO INTERNACIONAL DE ESTUDIOS CONTEMPOR\u00c1NEOS EN POSGRADO<\/strong><\/p>\n<p>El CONSINTER se presenta con el objetivo de promover al individuo como agente constructor de su destino y de la sociedad en general. Lo invitamos a la realizaci\u00f3n de un gran evento internacional en el que los participantes dispondr\u00e1n de un espacio para la presentaci\u00f3n oral de sus art\u00edculos cient\u00edficos in\u00e9ditos, los que corporifican los conocimientos y experiencias adquiridos como resultado de las pesquisas cient\u00edficas, con la posibilidad de su publicaci\u00f3n, tanto en Brasil como en Europa, por medio impreso y digital.<\/p>\n<p>Defendemos que las publicaciones, impresas o digitales, como substrato de la cultura, son instrumentos eficaces para la democratizaci\u00f3n de los saberes, para la interacci\u00f3n entre los pueblos y para la consolidaci\u00f3n del desarrollo humanitario, t\u00e9cnico y cient\u00edfico que impulsa el proceso civilizatorio entre las diferentes culturas, permitiendo la superaci\u00f3n de los l\u00edmites impuestos por la geograf\u00eda y por las normas, viabilizando que la integraci\u00f3n entre los pueblos se haga de manera \u00e9tica y sostenible, formando individuos reflexivos y aut\u00f3nomos, comprometidos con los m\u00e1s elevados valores y principios.<\/p>\n<p>El CONSINTER se caracteriza por ser una instituci\u00f3n sin fines lucrativos, creada con el apoyo e intervenci\u00f3n de la Editorial Juru\u00e1 Ltda, empresa del ramo editorial con m\u00e1s de 48 a\u00f1os de actividad empresarial, notablemente reconocida por su tradici\u00f3n en la publicaci\u00f3n de libros de alto nivel t\u00e9cnico y cient\u00edfico en diversas \u00e1reas de conocimiento y que, expandiendo sus fronteras, est\u00e1 presente hace m\u00e1s de 07 a\u00f1os en Europa a trav\u00e9s de la Editorial Juru\u00e1 Ltda, con sede en Portugal, con una gama de renombrados y conceptuados autores y consejeros nacionales y extranjeros.[\/vc_column_text][\/vc_column][\/vc_row][vc_row full_width=&#8221;stretch_row&#8221; section_id=&#8221;rules&#8221; el_id=&#8221;rules&#8221; parallax_bg=&#8221;0&#8243; stellar_background_ratio=&#8221;0.6&#8243; css=&#8221;.vc_custom_1728334155490{margin-top: 0px !important;margin-bottom: 0px !important;border-top-width: 0px !important;border-bottom-width: 0px !important;padding-top: 70px !important;padding-bottom: 70px !important;}&#8221;][vc_column]\r\n      <h3 class=\"section-title \"><span data-animation=\"flipInY\" data-animation-delay=\"300\" class=\"icon-inner\"><span class=\"fa-stack\"><i class=\"fa crcle fa-stack-2x\"><\/i><i class=\"fa fa-ticket fa-stack-1x\"><\/i><\/span><\/span><span data-animation=\"fadeInRight\" data-animation-delay=\"500\" class=\"title-inner\">Env\u00edo de art\u00edculos <small> \/ instrucciones generales y plantilla de art\u00edculo<\/small><\/span><\/h3>\r\n    [vc_column_text css=&#8221;&#8221;]<strong>FORMAS Y PLAZOS DE ENV\u00cdO<\/strong><\/p>\n<p>El art\u00edculo solamente podr\u00e1 ser enviado por carga en el sitio <a href=\"https:\/\/revistaconsinter.com\/index.php\/ojs\/about\/submissions\" target=\"_blank\" rel=\"noopener\">https:\/\/revistaconsinter.com\/index.php\/ojs\/about\/submissions<\/a><a href=\"https:\/\/revistaconsinter.com\/index.php\/ojs\/about\/submissions\">.<\/a>Siga las instrucciones a continuaci\u00f3n, luego del registro y pago realizado. El art\u00edculo solo puede ser subido una vez en el sitio web mencionado anteriormente por uno de los autores.:<\/p>\n<p>De acuerdo con el indicado en: Como enviar un art\u00edculo.<\/p>\n<p>La inscripci\u00f3n\/env\u00edo y los art\u00edculos se aceptar\u00e1n de acuerdo a la convocatoria a continuaci\u00f3n:<\/p>\n<ul>\n<li>Hasta el 31\/03\/2025 \u2013 2\u00aa llamada<\/li>\n<li>Hasta el 30\/04\/2025 \u2013 3\u00aa llamada<\/li>\n<li>Hasta el 31\/05\/2025 \u2013 4\u00aa llamada<\/li>\n<li>Hasta el 31\/08\/2025 \u2013 5\u00aa Convocatoria &#8211; exclusiva Barcelona<\/li>\n<\/ul>\n<p><strong>\u00a1Plazos Prorrogados! \u00daltimas Convocatorias<\/strong><\/p>\n<ul>\n<li>Para presentaci\u00f3n en el Congreso Internacional de Derecho de la PUCPR \u2013 Curitiba \u2013 Inscripciones hasta el 10\/08\/2025.<\/li>\n<li>Para presentaci\u00f3n en el Congreso Internacional de Derecho de la Universitat de Barcelona \u2013 Espa\u00f1a hasta el 31\/08\/2025.<\/li>\n<\/ul>\n<p><strong>COMUNICACI\u00d3N DE ACEPTACI\u00d3N<\/strong><\/p>\n<p>La decisi\u00f3n del Cuerpo de Pares Evaluadores y\/o Consejo Editorial del <em>CONSINTER <\/em>sobre la aprobaci\u00f3n o no de los art\u00edculos sometidos ser\u00e1 comunicada directamente al autor por correo electr\u00f3nico.<\/p>\n<p><strong>CONDICIONES<\/strong><\/p>\n<ol style=\"list-style-type: lower-alpha;\">\n<li>La sumisi\u00f3n del trabajo cient\u00edfico para evaluaci\u00f3n depende de la inscripci\u00f3n completa y de la confirmaci\u00f3n del pago, en el mismo momento, de todos los autores y coautores;<\/li>\n<li>Solamente ser\u00e1n publicados los art\u00edculos aprobados por el Cuerpo de Pares Evaluadores y\/o Consejo Editorial del <em>CONSINTER<\/em>.<\/li>\n<\/ol>\n<p><strong>PRESENTACIONES ORALES<\/strong><\/p>\n<p>Podr\u00e1n presentarse en el XII Congreso Internacional de Derecho CONSINTER \u2013 Universitat de Barcelona, todos los art\u00edculos debidamente inscriptos, pagados y aprobados, seg\u00fan el \u00edtem 13, siempre que hayan sido adquiridos en las siguientes opciones:<\/p>\n<ol style=\"list-style-type: lower-alpha;\">\n<li>COMBO &#8211; inscripci\u00f3n\/env\u00edo del art\u00edculo + participaci\u00f3n\/presentaci\u00f3n.<\/li>\n<li>Adquisici\u00f3n de Adicional para participaci\u00f3n\/presentaci\u00f3n del art\u00edculo (previamente registrado y aprobado) en unos de los Congreso del CONSINTER.<\/li>\n<\/ol>\n<p><strong>DECLARACI\u00d3N DE APROBACI\u00d3N DEL ART\u00cdCULO<\/strong><\/p>\n<p>La declaraci\u00f3n de aprobaci\u00f3n del art\u00edculo cient\u00edfico ser\u00e1 emitida, desde que este sea aprobado por el Cuerpo de Pares Evaluadores y\/o Consejo Editorial del <em>CONSINTER<\/em>, mediante solicitaci\u00f3n al correo electr\u00f3nico <u>contato@consinter.org.<\/u>[\/vc_column_text][vc_zigzag color=&#8221;custom&#8221; custom_color=&#8221;#999999&#8243; css=&#8221;.vc_custom_1651757033200{margin-top: 20px !important;}&#8221;]\r\n      <h3 class=\"section-title \"><span data-animation=\"flipInY\" data-animation-delay=\"300\" class=\"icon-inner\"><span class=\"fa-stack\"><i class=\"fa crcle fa-stack-2x\"><\/i><i class=\"fa fa-ticket fa-stack-1x\"><\/i><\/span><\/span><span data-animation=\"fadeInRight\" data-animation-delay=\"500\" class=\"title-inner\">DOWNLOAD <small> \/ Descargue los documentos esenciales<\/small><\/span><\/h3>\r\n    [vc_column_text css=&#8221;&#8221;]Es indispensable la lectura y aplicaci\u00f3n de las normas de env\u00edo, as\u00ed como de los dem\u00e1s documentos que se detallan a continuaci\u00f3n:[\/vc_column_text]<a href=\"https:\/\/consinter.org\/2025\/wp-content\/uploads\/sites\/37\/2025\/07\/reglas-completas-08-07-2025.pdf\" target='_blank' style=\"margin: 20px 20px 0 0\"  class=\"btn btn-theme animated flipInY visible   \" data-animation=\"flipInY\" data-animation-delay=\"200\"><i class=\"fa \"><\/i> Reglas Completas<\/a><a href=\"https:\/\/consinter.org\/2025\/wp-content\/uploads\/sites\/37\/2025\/07\/sumision-reglas-08-07-2025.pdf\" target='_blank' style=\"margin: 20px 20px 0 0\"  class=\"btn btn-theme animated flipInY visible   \" data-animation=\"flipInY\" data-animation-delay=\"200\"><i class=\"fa \"><\/i> Reglas de env\u00edo<\/a><a href=\"https:\/\/docs.pkp.sfu.ca\/learning-ojs\/3.3\/pt\/authoring#submitting-an-article\" target='_blank' style=\"margin: 20px 20px 0 0\"  class=\"btn btn-theme animated flipInY visible   \" data-animation=\"flipInY\" data-animation-delay=\"200\"><i class=\"fa \"><\/i> Paso a paso para env\u00edo<\/a><a href=\"https:\/\/view.officeapps.live.com\/op\/view.aspx?src=https:\/\/consinter.org\/wp-content\/uploads\/2025\/07\/dau-consinter-es.docx\" target='_blank' style=\"margin: 20px 20px 0 0\"  class=\"btn btn-theme animated flipInY visible   \" data-animation=\"flipInY\" data-animation-delay=\"200\"><i class=\"fa \"><\/i> Cesi\u00f3n de derechos de propiedad<\/a><a href=\"https:\/\/view.officeapps.live.com\/op\/view.aspx?src=https:\/\/consinter.org\/wp-content\/uploads\/2025\/08\/modelo-de-articulo-espanhol.docx\" target='_blank' style=\"margin: 20px 0 0 0\"  class=\"btn btn-theme animated flipInY visible   \" data-animation=\"flipInY\" data-animation-delay=\"200\"><i class=\"fa \"><\/i> Modelo de art\u00edculo<\/a>[\/vc_column][\/vc_row][vc_row full_width=&#8221;stretch_row&#8221; section_id=&#8221;schedule&#8221; el_id=&#8221;schedule&#8221; parallax_bg=&#8221;0&#8243; stellar_background_ratio=&#8221;0.6&#8243; css=&#8221;.vc_custom_1751651996782{margin-top: 0px !important;margin-bottom: 0px !important;border-top-width: 0px !important;border-bottom-width: 0px !important;padding-top: 70px !important;padding-bottom: 70px !important;}&#8221; el_class=&#8221;color&#8221;][vc_column]\r\n      <h3 class=\"section-title \"><span data-animation=\"flipInY\" data-animation-delay=\"300\" class=\"icon-inner\"><span class=\"fa-stack\"><i class=\"fa crcle fa-stack-2x\"><\/i><i class=\"fa fa-ticket fa-stack-1x\"><\/i><\/span><\/span><span data-animation=\"fadeInRight\" data-animation-delay=\"500\" class=\"title-inner\">Programaci\u00f3n <small> \/ Consulta el avance del programa y ponentes confirmados<\/small><\/span><\/h3>\r\n    [vc_column_text css=&#8221;.vc_custom_1759854696318{margin-top: 20px !important;}&#8221;]<a href=\"https:\/\/consinter.org\/2025\/wp-content\/uploads\/sites\/37\/2025\/10\/programacao-ub-10-10-2025.pdf\" class=\"pdfemb-viewer\" style=\"\" data-width=\"max\" data-height=\"max\" data-toolbar=\"both\" data-toolbar-fixed=\"on\">programacao-ub-10-10-2025<\/a>[\/vc_column_text]<a href=\"https:\/\/consinter.org\/2025\/wp-content\/uploads\/sites\/37\/2025\/10\/programacao-ub-10-10-2025.pdf\" target='_blank' style=\"margin: 20px 20px 50px 0\"  class=\"btn btn-theme animated flipInY visible   \" data-animation=\"flipInY\" data-animation-delay=\"200\"><i class=\"fa \"><\/i> Descargar - Programaci\u00f3n UB<\/a>\r\n      <h3 class=\"section-title \"><span data-animation=\"flipInY\" data-animation-delay=\"300\" class=\"icon-inner\"><span class=\"fa-stack\"><i class=\"fa crcle fa-stack-2x\"><\/i><i class=\"fa fa-ticket fa-stack-1x\"><\/i><\/span><\/span><span data-animation=\"fadeInRight\" data-animation-delay=\"500\" class=\"title-inner\">PRESENTACIONES <small> \/ grupos de trabajo<\/small><\/span><\/h3>\r\n    [vc_column_text css=&#8221;.vc_custom_1760117898984{margin-top: 20px !important;}&#8221;]<a href=\"https:\/\/consinter.org\/2025\/wp-content\/uploads\/sites\/37\/2025\/10\/gts-alfabetica.pdf\" class=\"pdfemb-viewer\" style=\"\" data-width=\"max\" data-height=\"max\" data-toolbar=\"both\" data-toolbar-fixed=\"on\">gts-alfabetica<\/a>[\/vc_column_text]<a href=\"https:\/\/consinter.org\/2025\/wp-content\/uploads\/sites\/37\/2025\/10\/gts-alfabetica.pdf\" target='_blank' style=\"margin: 20px 20px 0 0\"  class=\"btn btn-theme animated flipInY visible   \" data-animation=\"flipInY\" data-animation-delay=\"200\"><i class=\"fa \"><\/i> Descargar Presentaciones \/ GT<\/a>[\/vc_column][\/vc_row][vc_row section_id=&#8221;sponsors&#8221; css=&#8221;.vc_custom_1651757419229{margin-top: 0px !important;margin-bottom: 0px !important;border-top-width: 0px !important;border-bottom-width: 0px !important;padding-top: 70px !important;padding-bottom: 70px !important;background-position: center !important;background-repeat: no-repeat !important;background-size: cover !important;}&#8221; fullwidth=&#8221;no&#8221; el_id=&#8221;sponsors&#8221; el_class=&#8221;text-center&#8221; parallax_bg=&#8221;0&#8243; stellar_background_ratio=&#8221;0.6&#8243;][vc_column]\r\n      <h3 class=\"section-title text-left\"><span data-animation=\"flipInY\" data-animation-delay=\"300\" class=\"icon-inner\"><span class=\"fa-stack\"><i class=\"fa crcle fa-stack-2x\"><\/i><i class=\"fa fa-thumbs-up fa-stack-1x\"><\/i><\/span><\/span><span data-animation=\"fadeInRight\" data-animation-delay=\"500\" class=\"title-inner\">Organizaci\u00f3n y patrocinio <small> \/ convenios<\/small><\/span><\/h3>\r\n    [vc_column_text css=&#8221;&#8221;]<\/p>\n<p style=\"text-align: center;\">Asocie su marca a un evento que promueve un excelente conocimiento legal y participe junto a l\u00edderes y creadores de opini\u00f3n que definen el futuro del derecho.<\/p>\n<p>[\/vc_column_text]<a href=\"mailto:contato@consinter.org?subject=Me gustar\u00eda ser patrocinador de CONSINTER.&amp;body=Hola, me gustar\u00eda obtener m\u00e1s informaci\u00f3n sobre el patrocinio de eventos de CONSINTER.\"  style=\"margin: 20px 20px 0 0\"  class=\"btn btn-theme animated flipInY visible   \" data-animation=\"flipInY\" data-animation-delay=\"200\"><i class=\"fa \"><\/i> Convi\u00e9rtase en Patrocinador<\/a><a href=\"mailto:contato@consinter.org?subject=Me gustar\u00eda ser socio de CONSINTER.&amp;body=Hola, me gustar\u00eda obtener m\u00e1s informaci\u00f3n sobre las colaboraciones en eventos de CONSINTER.\"  style=\"margin: 20px 20px 0 0\"  class=\"btn btn-theme animated flipInY visible   \" data-animation=\"flipInY\" data-animation-delay=\"200\"><i class=\"fa \"><\/i> Convi\u00e9rtase en Socio<\/a>[vc_text_separator title=&#8221;Organizaci\u00f3n&#8221; style=&#8221;double&#8221; css=&#8221;.vc_custom_1739468984634{margin-top: 35px !important;margin-bottom: 15px !important;}&#8221;]\r\n      <div class=\"partners-carousel \"  data-animation=\"fadeInDown\" data-animation-delay=\"300\">\r\n          <div class=\"owl-carousel\" data-auto=\"false\" data-show_nav=\"false\" data-loop=\"false\" data-itemslide=\"3\" data-autoplaytimeout=\"5000\"><div><a href=\"http:\/\/www.consinter.org\/\" target=\"_blank\"><img decoding=\"async\" src=\"https:\/\/consinter.org\/2025\/wp-content\/uploads\/sites\/37\/2025\/02\/consinter.png\" alt=\"CONSINTER - Conselho Internacional de Estudos Contempor\u00e2neos em P\u00f3s-Gradua\u00e7\u00e3o\"\/><\/a><\/div><div><a href=\"http:\/\/www.jurua.com.br\" target=\"_blank\"><img decoding=\"async\" src=\"https:\/\/consinter.org\/2025\/wp-content\/uploads\/sites\/37\/2025\/02\/jurua.png\" alt=\"Juru\u00e1 Editora\"\/><\/a><\/div><div><a href=\"http:\/\/www.editorialjurua.com\" target=\"_blank\"><img decoding=\"async\" src=\"https:\/\/consinter.org\/2025\/wp-content\/uploads\/sites\/37\/2025\/02\/jurua-europa.png\" alt=\"Editorial Juru\u00e1 Europa\"\/><\/a><\/div><\/div>\r\n      <\/div>\r\n    [vc_text_separator title=&#8221;Patrocinador&#8221; style=&#8221;double&#8221; css=&#8221;.vc_custom_1739469000401{margin-top: 35px !important;margin-bottom: 15px !important;}&#8221;]\r\n      <div class=\"partners-carousel \"  data-animation=\"fadeInDown\" data-animation-delay=\"300\">\r\n          <div class=\"owl-carousel\" data-auto=\"false\" data-show_nav=\"false\" data-loop=\"false\" data-itemslide=\"1\" data-autoplaytimeout=\"5000\"><div><a href=\"###\" target=\"_blank\"><img decoding=\"async\" src=\"https:\/\/consinter.org\/2025\/wp-content\/uploads\/sites\/37\/2025\/02\/cavesdomjosepacheco.png\" alt=\"Caves Dom Jos\u00e9 Pacheco - Vinhos de Portugal\"\/><\/a><\/div><\/div>\r\n      <\/div>\r\n    [vc_text_separator title=&#8221;Convenios &#8211; Europa&#8221; style=&#8221;double&#8221; css=&#8221;.vc_custom_1739469019709{margin-top: 35px !important;margin-bottom: 15px !important;}&#8221;]\r\n      <div class=\"partners-carousel \"  data-animation=\"fadeInDown\" data-animation-delay=\"300\">\r\n          <div class=\"owl-carousel\" data-auto=\"true\" data-show_nav=\"true\" data-loop=\"true\" data-itemslide=\"3\" data-autoplaytimeout=\"5000\"><div><a href=\"https:\/\/www.ub.edu\/\" target=\"_blank\"><img decoding=\"async\" src=\"https:\/\/consinter.org\/2025\/wp-content\/uploads\/sites\/37\/2025\/02\/ub-dep.png\" alt=\"UB - Universitat de Barcelona\"\/><\/a><\/div><div><a href=\"https:\/\/www.ucm.es\/\" target=\"_blank\"><img decoding=\"async\" src=\"https:\/\/consinter.org\/2025\/wp-content\/uploads\/sites\/37\/2025\/02\/ucm.png\" alt=\"UCM - Universidad Complutense de Madrid\"\/><\/a><\/div><div><a href=\"https:\/\/www.ubu.es\/\" target=\"_blank\"><img decoding=\"async\" src=\"https:\/\/consinter.org\/2025\/wp-content\/uploads\/sites\/37\/2025\/02\/u-burgos.png\" alt=\"Universidad de Burgos\"\/><\/a><\/div><div><a href=\"https:\/\/www.usal.es\/\" target=\"_blank\"><img decoding=\"async\" src=\"https:\/\/consinter.org\/2025\/wp-content\/uploads\/sites\/37\/2025\/02\/usal.png\" alt=\"Universidad de Salamanca\"\/><\/a><\/div><div><a href=\"https:\/\/www.europeia.pt\/\" target=\"_blank\"><img decoding=\"async\" src=\"https:\/\/consinter.org\/2025\/wp-content\/uploads\/sites\/37\/2025\/02\/ue-lisboa.png\" alt=\"Universidade Europeia\"\/><\/a><\/div><div><a href=\"https:\/\/apmnacional.es\/actualidad\/fundacion-de-la-asociacion-profesiona\/\" target=\"_blank\"><img decoding=\"async\" src=\"https:\/\/consinter.org\/2025\/wp-content\/uploads\/sites\/37\/2025\/02\/apm.png\" alt=\"Fundaci\u00f3n de la Asociaci\u00f3n Profesional de la Magistratura\"\/><\/a><\/div><div><a href=\"https:\/\/www.forojudicialindependiente.es\/\" target=\"_blank\"><img decoding=\"async\" src=\"https:\/\/consinter.org\/2025\/wp-content\/uploads\/sites\/37\/2025\/02\/fji.png\" alt=\"Asociaci\u00f3n del Foro Judicial Independiente\"\/><\/a><\/div><div><a href=\"https:\/\/idpbarcelona.net\/\" target=\"_blank\"><img decoding=\"async\" src=\"https:\/\/consinter.org\/2025\/wp-content\/uploads\/sites\/37\/2025\/02\/idp-es.png\" alt=\"IDP - Observatorio de Derecho Publico\"\/><\/a><\/div><div><a href=\"https:\/\/www.statim.es\/\" target=\"_blank\"><img decoding=\"async\" src=\"https:\/\/consinter.org\/2025\/wp-content\/uploads\/sites\/37\/2025\/10\/statim.png\" alt=\"Statim Legal\"\/><\/a><\/div><\/div>\r\n      <\/div>\r\n    [vc_text_separator title=&#8221;Convenios Master &#8211; Brasil&#8221; style=&#8221;double&#8221; css=&#8221;.vc_custom_1739469037111{margin-top: 35px !important;margin-bottom: 15px !important;}&#8221;]\r\n      <div class=\"partners-carousel \"  data-animation=\"fadeInDown\" data-animation-delay=\"300\">\r\n          <div class=\"owl-carousel\" data-auto=\"false\" data-show_nav=\"false\" data-loop=\"false\" data-itemslide=\"1\" data-autoplaytimeout=\"5000\"><div><a href=\"https:\/\/abdss.org.br\/\" target=\"_blank\"><img decoding=\"async\" src=\"https:\/\/consinter.org\/2025\/wp-content\/uploads\/sites\/37\/2025\/02\/abdss.png\" alt=\"ABDSS - Academia Brasileira de Direito da Seguridade Social\"\/><\/a><\/div><\/div>\r\n      <\/div>\r\n    [vc_text_separator title=&#8221;Convenios &#8211; Brasil&#8221; style=&#8221;double&#8221; css=&#8221;.vc_custom_1739469047515{margin-top: 35px !important;margin-bottom: 15px !important;}&#8221;]\r\n      <div class=\"partners-carousel \"  data-animation=\"fadeInDown\" data-animation-delay=\"300\">\r\n          <div class=\"owl-carousel\" data-auto=\"true\" data-show_nav=\"true\" data-loop=\"true\" data-itemslide=\"3\" data-autoplaytimeout=\"5000\"><div><a href=\"https:\/\/luizgustavobraga.com.br\/\" target=\"_blank\"><img decoding=\"async\" src=\"https:\/\/consinter.org\/2025\/wp-content\/uploads\/sites\/37\/2025\/08\/luiz_gustavo_br.png\" alt=\"Luiz Gustavo Braga Advocacia e Consultoria Jur\u00eddica\"\/><\/a><\/div><div><a href=\"https:\/\/assislinhares.adv.br\/\" target=\"_blank\"><img decoding=\"async\" src=\"https:\/\/consinter.org\/2025\/wp-content\/uploads\/sites\/37\/2025\/08\/assis_linhares.png\" alt=\"Assis Linhares Advocacia\"\/><\/a><\/div><div><a href=\"https:\/\/www.amb.com.br\/\" target=\"_blank\"><img decoding=\"async\" src=\"https:\/\/consinter.org\/2025\/wp-content\/uploads\/sites\/37\/2025\/03\/amb_bco.png\" alt=\"AMB - Associa\u00e7\u00e3o dos Magistrados Brasileiros\"\/><\/a><\/div><div><a href=\"https:\/\/www.amatra1.org.br\/\" target=\"_blank\"><img decoding=\"async\" src=\"https:\/\/consinter.org\/2025\/wp-content\/uploads\/sites\/37\/2025\/02\/amatra1.png\" alt=\"AMATRA1 - Associa\u00e7\u00e3o dos Magistrados da Justi\u00e7a do Trabalho da 1\u00aa Regi\u00e3o\"\/><\/a><\/div><div><a href=\"https:\/\/amaerj.org.br\/\" target=\"_blank\"><img decoding=\"async\" src=\"https:\/\/consinter.org\/2025\/wp-content\/uploads\/sites\/37\/2025\/02\/amaerj.png\" alt=\"AMAERJ - Associa\u00e7\u00e3o de Magistrados do Estado do Rio de Janeiro\"\/><\/a><\/div><div><a href=\"https:\/\/amarn.com.br\/\" target=\"_blank\"><img decoding=\"async\" src=\"https:\/\/consinter.org\/2025\/wp-content\/uploads\/sites\/37\/2025\/02\/amarn.png\" alt=\"AMARN - Associa\u00e7\u00e3o dos Magistrados do Rio Grande do Norte\"\/><\/a><\/div><div><a href=\"https:\/\/www.amapar.com.br\/\" target=\"_blank\"><img decoding=\"async\" src=\"https:\/\/consinter.org\/2025\/wp-content\/uploads\/sites\/37\/2025\/02\/amapar.png\" alt=\"AMAPAR - Associa\u00e7\u00e3o dos Magistrados do Paran\u00e1\"\/><\/a><\/div><div><a href=\"https:\/\/www.apmppr.org.br\/\" target=\"_blank\"><img decoding=\"async\" src=\"https:\/\/consinter.org\/2025\/wp-content\/uploads\/sites\/37\/2025\/02\/apmp.png\" alt=\"APMP - Associa\u00e7\u00e3o Paranaense do Minist\u00e9rio P\u00fablico\"\/><\/a><\/div><div><a href=\"http:\/\/www.amepe.com.br\/\" target=\"_blank\"><img decoding=\"async\" src=\"https:\/\/consinter.org\/2025\/wp-content\/uploads\/sites\/37\/2025\/02\/amepe.png\" alt=\"AMEPE - Associa\u00e7\u00e3o dos Magistrados do Estado de Pernambuco\"\/><\/a><\/div><div><a href=\"https:\/\/www.ajufe.org.br\/\" target=\"_blank\"><img decoding=\"async\" src=\"https:\/\/consinter.org\/2025\/wp-content\/uploads\/sites\/37\/2025\/03\/ajufe.png\" alt=\"AJUFE - Associa\u00e7\u00e3o dos Ju\u00edzes Federais do Brasil\"\/><\/a><\/div><div><a href=\"https:\/\/www.apajufe.org.br\/\" target=\"_blank\"><img decoding=\"async\" src=\"https:\/\/consinter.org\/2025\/wp-content\/uploads\/sites\/37\/2025\/02\/apajufe.png\" alt=\"APAJUFE - Associa\u00e7\u00e3o Paranaense dos Ju\u00edzes Federais\"\/><\/a><\/div><div><a href=\"https:\/\/www.rejufe.org.br\/\" target=\"_blank\"><img decoding=\"async\" src=\"https:\/\/consinter.org\/2025\/wp-content\/uploads\/sites\/37\/2025\/02\/rejufe.png\" alt=\"REJUFE - Associa\u00e7\u00e3o dos Ju\u00edzes Federais da 5\u00aa Regi\u00e3o\"\/><\/a><\/div><div><a href=\"https:\/\/www.conamp.org.br\/\" target=\"_blank\"><img decoding=\"async\" src=\"https:\/\/consinter.org\/2025\/wp-content\/uploads\/sites\/37\/2025\/02\/conamp.png\" alt=\"CONAMP - Associa\u00e7\u00e3o Nacional dos Membros do Minist\u00e9rio P\u00fablico\"\/><\/a><\/div><div><a href=\"https:\/\/escoladamagistratura.amb.com.br\/\" target=\"_blank\"><img decoding=\"async\" src=\"https:\/\/consinter.org\/2025\/wp-content\/uploads\/sites\/37\/2025\/03\/enm.png\" alt=\"ENM - Escola Nacional da Magistratura\"\/><\/a><\/div><div><a href=\"https:\/\/www.esmafe.com\/\" target=\"_blank\"><img decoding=\"async\" src=\"https:\/\/consinter.org\/2025\/wp-content\/uploads\/sites\/37\/2025\/02\/esmafepr.png\" alt=\"ESMAFE-PR - Escola da Magistratura Federal do Paran\u00e1\"\/><\/a><\/div><div><a href=\"https:\/\/www.emap.com.br\/\" target=\"_blank\"><img decoding=\"async\" src=\"https:\/\/consinter.org\/2025\/wp-content\/uploads\/sites\/37\/2025\/02\/emap.png\" alt=\"EMAP - Escola da Magistratura do Paran\u00e1\"\/><\/a><\/div><div><a href=\"https:\/\/ejud.tjpr.jus.br\/\" target=\"_blank\"><img decoding=\"async\" src=\"https:\/\/consinter.org\/2025\/wp-content\/uploads\/sites\/37\/2025\/03\/ejud-pr.png\" alt=\"EJUD-PR - Escola Judicial do Paran\u00e1\"\/><\/a><\/div><div><a href=\"https:\/\/abdss.org.br\/\" target=\"_blank\"><img decoding=\"async\" src=\"https:\/\/consinter.org\/2025\/wp-content\/uploads\/sites\/37\/2025\/03\/abdss.png\" alt=\"ABDSS - Academia Brasileira de Direito da Seguridade Social\"\/><\/a><\/div><div><a href=\"https:\/\/aplj.com.br\/\" target=\"_blank\"><img decoding=\"async\" src=\"https:\/\/consinter.org\/2025\/wp-content\/uploads\/sites\/37\/2025\/03\/aplj.png\" alt=\"APLJ - Academia Paranaense de Letras Jur\u00eddicas\"\/><\/a><\/div><div><a href=\"http:\/\/www.amatra9.org.br\/\" target=\"_blank\"><img decoding=\"async\" src=\"https:\/\/consinter.org\/2025\/wp-content\/uploads\/sites\/37\/2025\/02\/amatra9.png\" alt=\"Amatra IX - Associa\u00e7\u00e3o dos Magistrados do Trabalho da 9\u00aa Regi\u00e3o\"\/><\/a><\/div><div><a href=\"https:\/\/www.ematra9.org.br\/\" target=\"_blank\"><img decoding=\"async\" src=\"https:\/\/consinter.org\/2025\/wp-content\/uploads\/sites\/37\/2025\/02\/ematra9.png\" alt=\"EMATRA IX - Escola da Associa\u00e7\u00e3o dos Magistrados do Trabalho do Paran\u00e1\"\/><\/a><\/div><div><a href=\"http:\/\/www.ampb.org.br\/\" target=\"_blank\"><img decoding=\"async\" src=\"https:\/\/consinter.org\/2025\/wp-content\/uploads\/sites\/37\/2025\/02\/ampb.png\" alt=\"AMPB - Associa\u00e7\u00e3o dos Magistrados da Para\u00edba\"\/><\/a><\/div><div><a href=\"https:\/\/www.anadep.org.br\/\" target=\"_blank\"><img decoding=\"async\" src=\"https:\/\/consinter.org\/2025\/wp-content\/uploads\/sites\/37\/2025\/02\/anadep.png\" alt=\"ANADEP - Associa\u00e7\u00e3o Nacional das Defensoras e Defensores P\u00fablicos\"\/><\/a><\/div><div><a href=\"https:\/\/www.aasp.org.br\/\" target=\"_blank\"><img decoding=\"async\" src=\"https:\/\/consinter.org\/2025\/wp-content\/uploads\/sites\/37\/2025\/02\/aasp.png\" alt=\"AASP - Associa\u00e7\u00e3o dos Advogados de S\u00e3o Paulo\"\/><\/a><\/div><div><a href=\"https:\/\/www.facebook.com\/Ibrajus\/\" target=\"_blank\"><img decoding=\"async\" src=\"https:\/\/consinter.org\/2025\/wp-content\/uploads\/sites\/37\/2025\/02\/ibrajus.png\" alt=\"IBRAJUS - Instituto Brasileiro de Administra\u00e7\u00e3o do Sistema Judici\u00e1rio\"\/><\/a><\/div><div><a href=\"https:\/\/www.ibdp.org.br\/\" target=\"_blank\"><img decoding=\"async\" src=\"https:\/\/consinter.org\/2025\/wp-content\/uploads\/sites\/37\/2025\/02\/ibdp.png\" alt=\"IBDP - Instituto Brasileiro de Direito Previdenci\u00e1rio\"\/><\/a><\/div><div><a href=\"https:\/\/iconectadireito.com.br\/\" target=\"_blank\"><img decoding=\"async\" src=\"https:\/\/consinter.org\/2025\/wp-content\/uploads\/sites\/37\/2025\/02\/iconectadireito.png\" alt=\"Instituto Conecta Direito\"\/><\/a><\/div><div><a href=\"https:\/\/unisal.br\/\" target=\"_blank\"><img decoding=\"async\" src=\"https:\/\/consinter.org\/2025\/wp-content\/uploads\/sites\/37\/2025\/02\/unisal.png\" alt=\"UNISAL \u2013 Centro Salesiano Universit\u00e1rio de S\u00e3o Paulo\"\/><\/a><\/div><div><a href=\"https:\/\/www.pucsp.br\/\" target=\"_blank\"><img decoding=\"async\" src=\"https:\/\/consinter.org\/2025\/wp-content\/uploads\/sites\/37\/2025\/02\/puc-sp.png\" alt=\"PUC-SP - Pontif\u00edcia Universidade Cat\u00f3lica de S\u00e3o Paulo\"\/><\/a><\/div><div><a href=\"https:\/\/estacio.br\/\" target=\"_blank\"><img decoding=\"async\" src=\"https:\/\/consinter.org\/2025\/wp-content\/uploads\/sites\/37\/2025\/02\/unesa.png\" alt=\"UNESA - Universidade Est\u00e1cio\"\/><\/a><\/div><div><a href=\"https:\/\/www.unipar.br\/\" target=\"_blank\"><img decoding=\"async\" src=\"https:\/\/consinter.org\/2025\/wp-content\/uploads\/sites\/37\/2025\/02\/unipar.png\" alt=\"UNIPAR - Universidade Paranaense\"\/><\/a><\/div><div><a href=\"https:\/\/www.univel.br\" target=\"_blank\"><img decoding=\"async\" src=\"https:\/\/consinter.org\/2025\/wp-content\/uploads\/sites\/37\/2025\/02\/univel.png\" alt=\"UNIVEL - Centro Universit\u00e1rio\"\/><\/a><\/div><div><a href=\"https:\/\/www1.uea.edu.br\/event.php\" target=\"_blank\"><img decoding=\"async\" src=\"https:\/\/consinter.org\/2025\/wp-content\/uploads\/sites\/37\/2025\/02\/uea.png\" alt=\"UEA - Universidade do Estado do Amazonas\"\/><\/a><\/div><div><a href=\"https:\/\/www.mcampos.br\/\" target=\"_blank\"><img decoding=\"async\" src=\"https:\/\/consinter.org\/2025\/wp-content\/uploads\/sites\/37\/2025\/06\/miltoncampos.png\" alt=\"Faculdade Milton Campos\"\/><\/a><\/div><div><a href=\"https:\/\/www.idp.edu.br\/\" target=\"_blank\"><img decoding=\"async\" src=\"https:\/\/consinter.org\/2025\/wp-content\/uploads\/sites\/37\/2025\/02\/idp.png\" alt=\"IDP - Instituto Brasileiro de Ensino, Desenvolvimento e Pesquisa\"\/><\/a><\/div><\/div>\r\n      <\/div>\r\n    [vc_text_separator title=&#8221;Operador Tur\u00edstico&#8221; css=&#8221;.vc_custom_1739469061188{margin-top: 35px !important;margin-bottom: 15px !important;}&#8221;]\r\n      <div class=\"partners-carousel \"  data-animation=\"fadeInUp\" data-animation-delay=\"300\">\r\n          <div class=\"owl-carousel\" data-auto=\"false\" data-show_nav=\"false\" data-loop=\"false\" data-itemslide=\"1\" data-autoplaytimeout=\"3000\"><div><a href=\"http:\/\/www.frmviagens.tur.br\/\" target=\"_blank\"><img decoding=\"async\" src=\"https:\/\/consinter.org\/2025\/wp-content\/uploads\/sites\/37\/2025\/02\/frm.png\" alt=\"FRM Operadora de Turismo\"\/><\/a><\/div><\/div>\r\n      <\/div>\r\n    [\/vc_column][\/vc_row][vc_row full_width=&#8221;stretch_row&#8221; section_id=&#8221;price&#8221; css=&#8221;.vc_custom_1714506516761{margin-top: 0px !important;margin-bottom: 0px !important;border-top-width: 0px !important;border-bottom-width: 0px !important;padding-top: 70px !important;padding-bottom: 70px !important;}&#8221; fullwidth=&#8221;no&#8221; el_id=&#8221;price&#8221; parallax_bg=&#8221;0&#8243; stellar_background_ratio=&#8221;0.6&#8243; el_class=&#8221;price light&#8221;][vc_column css=&#8221;.vc_custom_1417502225299{padding-bottom: 10px !important;}&#8221;]\r\n      <h3 class=\"section-title \"><span data-animation=\"flipInY\" data-animation-delay=\"300\" class=\"icon-inner\"><span class=\"fa-stack\"><i class=\"fa crcle fa-stack-2x\"><\/i><i class=\"fa fa-ticket fa-stack-1x\"><\/i><\/span><\/span><span data-animation=\"fadeInRight\" data-animation-delay=\"500\" class=\"title-inner\">Valores <small> \/ su inversi\u00f3n<\/small><\/span><\/h3>\r\n    [vc_column_text css=&#8221;.vc_custom_1748434763289{padding-bottom: 20px !important;padding-left: 20px !important;}&#8221;]<\/p>\n<ol style=\"list-style-type: lower-alpha;\">\n<li>Para pagos en moneda extranjera, verifique la cotizaci\u00f3n del d\u00eda;<\/li>\n<li>Verifique los plazos de inscripci\u00f3n y pago para el env\u00edo juntamente con el art\u00edculo para sumisi\u00f3n;<\/li>\n<li>Para tener derecho a la evaluaci\u00f3n del art\u00edculo es indispensable el pago de la inscripci\u00f3n de los autores y coautores en el momento de la inscripci\u00f3n;<\/li>\n<li>Solamente se aceptar\u00e1n art\u00edculos en coautor\u00eda si los autores y coautores est\u00e1n debidamente inscriptos, se permitir\u00e1 un m\u00e1ximo de 03 (tres) coautores por art\u00edculo;<\/li>\n<li>Comunicamos que el <strong><em><u>CONSINTER <\/u><\/em><u>no devuelve pagos efectuados<\/u><\/strong>, incluso en el caso de que los art\u00edculos no hayan sido aprobados por el Cuerpo de Pares Evaluadores y\/o Consejo Editorial;<\/li>\n<li>La fecha del env\u00edo del art\u00edculo est\u00e1 sujeta a la fecha de la inscripci\u00f3n del autor(es). En caso de art\u00edculos enviados fuera del plazo en que el autor efectu\u00f3 la inscripci\u00f3n, se cobrar\u00e1 la diferencia del valor entre la fecha de la inscripci\u00f3n y la fecha del env\u00edo del art\u00edculo;<\/li>\n<li>Habr\u00e1 un costo adicional por la participaci\u00f3n\/presentaci\u00f3n durante los Congresos del CONSINTER, para aquel que NO adquiri\u00f3 la opci\u00f3n COMBO en el acto de la inscripci\u00f3n y que deber\u00e1 pagarse adelantado, de conformidad con el \u00edtem 13 de este documento.<\/li>\n<\/ol>\n<p>El mismo art\u00edculo, desde que aprobado, podr\u00e1 ser presentado oralmente por el\/los autor(es) <strong>en uno o en ambos<\/strong> Congresos promovidos por CONSINTER en el a\u00f1o en curso.<\/p>\n<p>La presentaci\u00f3n del mismo art\u00edculo en dos Congresos podr\u00e1 realizarse mediante las siguientes modalidades:<\/p>\n<ol>\n<li>Adquisici\u00f3n de <strong>COMBO<\/strong> (env\u00edo + presentaci\u00f3n);<\/li>\n<li>Env\u00edo acompa\u00f1ado de la adquisici\u00f3n de Adicional de Presentaci\u00f3n para cada Congreso adicional.<\/li>\n<\/ol>\n<p>[\/vc_column_text][vc_row_inner el_class=&#8221;hidden&#8221;][vc_column_inner width=&#8221;1\/2&#8243;]\r\n      <div class=\"price-table  nofeature\" data-animation=\"fadeInUp\" data-animation-delay=\"100\">\r\n          <div class=\"price-table-header\">\r\n              <div class=\"price-label-header\">\r\n                  <h3 class=\"price-label-title\">1\u00ba lote - hasta 31\/03\/25<\/h3>\r\n              <\/div>\r\n              <div class=\"price-value\" data-moeda=\"euro\"><span class=\"price-unit\">R$<\/span><span class=\"price-number\">1490<\/span><span class=\"price-per\"><em>Cerca de 257\u20ac<\/em><\/span><\/div>\r\n          <\/div>\r\n          <div class=\"price-table-rows\"><p><\/p>\n<div class=\"price-table-row\"><i class=\"fa fa-check-circle-o\"><\/i> <strong>Solamente la sumisi\u00f3n del art\u00edculo<\/strong>.<\/div>\n<p><\/p><div class=\"price-table-row-bottom\"><a class=\"btn btn-theme \" href=\"###\" disabled>Cerrado<\/a> <\/div><\/div>\r\n      <\/div>\r\n    [\/vc_column_inner][vc_column_inner width=&#8221;1\/2&#8243;]\r\n      <div class=\"price-table  nofeature\" data-animation=\"fadeInUp\" data-animation-delay=\"100\">\r\n          <div class=\"price-table-header\">\r\n              <div class=\"price-label-header\">\r\n                  <h3 class=\"price-label-title\">1\u00ba lote - hasta 31\/03\/25<\/h3>\r\n              <\/div>\r\n              <div class=\"price-value\" data-moeda=\"euro\"><span class=\"price-unit\">R$<\/span><span class=\"price-number\">2180<\/span><span class=\"price-per\"><em>Cerca de 376\u20ac<\/em><\/span><\/div>\r\n          <\/div>\r\n          <div class=\"price-table-rows\"><p><\/p>\n<div class=\"price-table-row\"><i class=\"fa fa-check-circle-o\"><\/i> <strong>COMBO<\/strong> \u2013 Inscripci\u00f3n para la sumisi\u00f3n de art\u00edculo R$ 1.490,00 + la participaci\u00f3n y\/o presentaci\u00f3n del art\u00edculo R$ 690,00.<\/div>\n<div class=\"price-table-row\"><i class=\"fa fa-check-circle-o\"><\/i> En el XII o XIII Congresso Internacional de Direito CONSINTER<\/div>\n<p><\/p><div class=\"price-table-row-bottom\"><a class=\"btn btn-theme \" href=\"###\" disabled>Cerrado<\/a> <\/div><\/div>\r\n      <\/div>\r\n    [\/vc_column_inner][\/vc_row_inner][vc_row_inner el_class=&#8221;hidden&#8221;][vc_column_inner width=&#8221;1\/2&#8243;]\r\n      <div class=\"price-table  nofeature\" data-animation=\"fadeInUp\" data-animation-delay=\"100\">\r\n          <div class=\"price-table-header\">\r\n              <div class=\"price-label-header\">\r\n                  <h3 class=\"price-label-title\">2\u00ba lote - hasta 30\/04\/25<\/h3>\r\n              <\/div>\r\n              <div class=\"price-value\" data-moeda=\"euro\"><span class=\"price-unit\">R$<\/span><span class=\"price-number\">1590<\/span><span class=\"price-per\"><em>Cerca de 274\u20ac<\/em><\/span><\/div>\r\n          <\/div>\r\n          <div class=\"price-table-rows\"><p><\/p>\n<div class=\"price-table-row\"><i class=\"fa fa-check-circle-o\"><\/i> <strong>Solamente la sumisi\u00f3n del art\u00edculo<\/strong>.<\/div>\n<p><\/p><div class=\"price-table-row-bottom\"><a class=\"btn btn-theme \" href=\"###\" disabled>Cerrado<\/a> <\/div><\/div>\r\n      <\/div>\r\n    [\/vc_column_inner][vc_column_inner width=&#8221;1\/2&#8243;]\r\n      <div class=\"price-table  nofeature\" data-animation=\"fadeInUp\" data-animation-delay=\"100\">\r\n          <div class=\"price-table-header\">\r\n              <div class=\"price-label-header\">\r\n                  <h3 class=\"price-label-title\">2\u00ba lote - hasta 30\/04\/25<\/h3>\r\n              <\/div>\r\n              <div class=\"price-value\" data-moeda=\"euro\"><span class=\"price-unit\">R$<\/span><span class=\"price-number\">2280<\/span><span class=\"price-per\"><em>Cerca de 393\u20ac<\/em><\/span><\/div>\r\n          <\/div>\r\n          <div class=\"price-table-rows\"><p><\/p>\n<div class=\"price-table-row\"><i class=\"fa fa-check-circle-o\"><\/i> <strong>COMBO<\/strong> \u2013 Inscripci\u00f3n para la sumisi\u00f3n de art\u00edculo R$ 1.590,00 + la participaci\u00f3n y\/o presentaci\u00f3n del art\u00edculo R$ 690,00.<\/div>\n<div class=\"price-table-row\"><i class=\"fa fa-check-circle-o\"><\/i> En el XII o XIII Congresso Internacional de Direito CONSINTER<\/div>\n<p><\/p><div class=\"price-table-row-bottom\"><a class=\"btn btn-theme \" href=\"###\" disabled>Cerrado<\/a> <\/div><\/div>\r\n      <\/div>\r\n    [\/vc_column_inner][\/vc_row_inner][vc_row_inner el_class=&#8221;hidden&#8221;][vc_column_inner width=&#8221;1\/2&#8243;]\r\n      <div class=\"price-table  nofeature\" data-animation=\"fadeInUp\" data-animation-delay=\"100\">\r\n          <div class=\"price-table-header\">\r\n              <div class=\"price-label-header\">\r\n                  <h3 class=\"price-label-title\">4\u00ba lote - hasta 10\/08\/25<\/h3>\r\n              <\/div>\r\n              <div class=\"price-value\" data-moeda=\"euro\"><span class=\"price-unit\">R$<\/span><span class=\"price-number\">1690<\/span><span class=\"price-per\"><em>Cerca de 291\u20ac<\/em><\/span><\/div>\r\n          <\/div>\r\n          <div class=\"price-table-rows\"><p><\/p>\n<div class=\"price-table-row\"><i class=\"fa fa-check-circle-o\"><\/i> <strong>Solamente la sumisi\u00f3n del art\u00edculo<\/strong>.<\/div>\n<p><\/p><div class=\"price-table-row-bottom\"><a class=\"btn btn-theme \" href=\"###\" disabled>Cerrado<\/a> <\/div><\/div>\r\n      <\/div>\r\n    [\/vc_column_inner][vc_column_inner width=&#8221;1\/2&#8243;]\r\n      <div class=\"price-table  nofeature\" data-animation=\"fadeInUp\" data-animation-delay=\"100\">\r\n          <div class=\"price-table-header\">\r\n              <div class=\"price-label-header\">\r\n                  <h3 class=\"price-label-title\">4\u00ba lote - hasta 10\/08\/25<\/h3>\r\n              <\/div>\r\n              <div class=\"price-value\" data-moeda=\"euro\"><span class=\"price-unit\">R$<\/span><span class=\"price-number\">2380<\/span><span class=\"price-per\"><em>Cerca de 410\u20ac<\/em><\/span><\/div>\r\n          <\/div>\r\n          <div class=\"price-table-rows\"><p><\/p>\n<div class=\"price-table-row\"><i class=\"fa fa-check-circle-o\"><\/i> <strong>COMBO<\/strong> \u2013 Inscripci\u00f3n para la sumisi\u00f3n de art\u00edculo R$ 1.690,00 + la participaci\u00f3n y\/o presentaci\u00f3n del art\u00edculo R$ 690,00.<\/div>\n<div class=\"price-table-row\"><i class=\"fa fa-check-circle-o\"><\/i> En el XII o XIII Congresso Internacional de Direito CONSINTER<\/div>\n<p><\/p><div class=\"price-table-row-bottom\"><a class=\"btn btn-theme \" href=\"###\" disabled>Cerrado<\/a> <\/div><\/div>\r\n      <\/div>\r\n    [\/vc_column_inner][\/vc_row_inner][vc_row_inner][vc_column_inner width=&#8221;1\/2&#8243;]\r\n      <div class=\"price-table  nofeature\" data-animation=\"fadeInUp\" data-animation-delay=\"100\">\r\n          <div class=\"price-table-header\">\r\n              <div class=\"price-label-header\">\r\n                  <h3 class=\"price-label-title\">6\u00ba lote - hasta 31\/12\/25<\/h3>\r\n              <\/div>\r\n              <div class=\"price-value\" data-moeda=\"euro\"><span class=\"price-unit\">R$<\/span><span class=\"price-number\">1790<\/span><span class=\"price-per\"><em>Cerca de 308\u20ac<\/em><\/span><\/div>\r\n          <\/div>\r\n          <div class=\"price-table-rows\"><p><\/p>\n<div class=\"price-table-row\"><i class=\"fa fa-check-circle-o\"><\/i> <strong>Solamente la sumisi\u00f3n del art\u00edculo<\/strong>.<\/div>\n<p><\/p><div class=\"price-table-row-bottom\"><a class=\"btn btn-theme \" href=\"###\" disabled>Cerrado<\/a> <\/div><\/div>\r\n      <\/div>\r\n    [\/vc_column_inner][vc_column_inner width=&#8221;1\/2&#8243;]\r\n      <div class=\"price-table  nofeature\" data-animation=\"fadeInUp\" data-animation-delay=\"100\">\r\n          <div class=\"price-table-header\">\r\n              <div class=\"price-label-header\">\r\n                  <h3 class=\"price-label-title\">Estudiantes de Pregrado - hasta el 31\/12\/25<\/h3>\r\n              <\/div>\r\n              <div class=\"price-value\" data-moeda=\"euro\"><span class=\"price-unit\">R$<\/span><span class=\"price-number\">890<\/span><span class=\"price-per\"><em>Cerca de 154\u20ac<\/em><\/span><\/div>\r\n          <\/div>\r\n          <div class=\"price-table-rows\"><p><\/p>\n<div class=\"price-table-row\"><i class=\"fa fa-check-circle-o\"><\/i> <strong>Solamente la sumisi\u00f3n del art\u00edculo<\/strong>.<\/div>\n<div class=\"price-table-row\"><i class=\"fa fa-check-circle-o\"><\/i> Se requiere prueba de afiliaci\u00f3n a la instituci\u00f3n asociada.<\/div>\n<p><\/p><div class=\"price-table-row-bottom\"><a class=\"btn btn-theme \" href=\"###\" disabled>Cerrado<\/a> <\/div><\/div>\r\n      <\/div>\r\n    [\/vc_column_inner][\/vc_row_inner][vc_row_inner el_class=&#8221;hidden&#8221;][vc_column_inner width=&#8221;1\/4&#8243;][\/vc_column_inner][vc_column_inner width=&#8221;1\/2&#8243;]\r\n      <div class=\"price-table  nofeature\" data-animation=\"fadeInUp\" data-animation-delay=\"100\">\r\n          <div class=\"price-table-header\">\r\n              <div class=\"price-label-header\">\r\n                  <h3 class=\"price-label-title\">Participaci\u00f3n como Oyente - hasta el 15\/10\/25<\/h3>\r\n              <\/div>\r\n              <div class=\"price-value\" data-moeda=\"euro\"><span class=\"price-unit\">R$<\/span><span class=\"price-number\">840<\/span><span class=\"price-per\"><em>Cerca de 145\u20ac<\/em><\/span><\/div>\r\n          <\/div>\r\n          <div class=\"price-table-rows\"><p><\/p>\n<div class=\"price-table-row\"><i class=\"fa fa-check-circle-o\"><\/i> En el XIII Congresso Internacional de Direito CONSINTER &#8211; Barcelona<\/div>\n<p><\/p><div class=\"price-table-row-bottom\"><a class=\"btn btn-theme \" href=\"###\" disabled>Cerrado<\/a> <\/div><\/div>\r\n      <\/div>\r\n    [\/vc_column_inner][vc_column_inner width=&#8221;1\/4&#8243;][\/vc_column_inner][\/vc_row_inner][vc_row_inner el_class=&#8221;hidden&#8221;][vc_column_inner width=&#8221;1\/2&#8243;]\r\n      <div class=\"price-table  nofeature\" data-animation=\"fadeInUp\" data-animation-delay=\"100\">\r\n          <div class=\"price-table-header\">\r\n              <div class=\"price-label-header\">\r\n                  <h3 class=\"price-label-title\">Presentaci\u00f3n adicional - hasta el 15\/09\/25<\/h3>\r\n              <\/div>\r\n              <div class=\"price-value\" data-moeda=\"euro\"><span class=\"price-unit\">R$<\/span><span class=\"price-number\">840<\/span><span class=\"price-per\"><em>Cerca de 145\u20ac<\/em><\/span><\/div>\r\n          <\/div>\r\n          <div class=\"price-table-rows\"><p><\/p>\n<div class=\"price-table-row\"><i class=\"fa fa-check-circle-o\"><\/i> En el XIII Congresso Internacional de Direito CONSINTER &#8211; Barcelona<\/div>\n<div class=\"price-table-row\"><i class=\"fa fa-check-circle-o\"><\/i> Art\u00edculo previamente registrado y aprobado.<\/div>\n<div class=\"price-table-row\"><i class=\"fa fa-check-circle-o\"><\/i> El pago debe realizarse 60 d\u00edas antes del evento.<\/div>\n<p><\/p><div class=\"price-table-row-bottom\"><a class=\"btn btn-theme \" href=\"###\" disabled>Cerrado<\/a> <\/div><\/div>\r\n      <\/div>\r\n    [\/vc_column_inner][vc_column_inner width=&#8221;1\/2&#8243;]\r\n      <div class=\"price-table  nofeature\" data-animation=\"fadeInUp\" data-animation-delay=\"100\">\r\n          <div class=\"price-table-header\">\r\n              <div class=\"price-label-header\">\r\n                  <h3 class=\"price-label-title\">Participaci\u00f3n como Oyente - hasta el 15\/10\/25<\/h3>\r\n              <\/div>\r\n              <div class=\"price-value\" data-moeda=\"euro\"><span class=\"price-unit\">R$<\/span><span class=\"price-number\">790<\/span><span class=\"price-per\"><em>Cerca de 136\u20ac<\/em><\/span><\/div>\r\n          <\/div>\r\n          <div class=\"price-table-rows\"><p><\/p>\n<div class=\"price-table-row\"><i class=\"fa fa-check-circle-o\"><\/i> En el XIII Congresso Internacional de Direito CONSINTER &#8211; Barcelona<\/div>\n<p><\/p><div class=\"price-table-row-bottom\"><a class=\"btn btn-theme \" href=\"###\" disabled>Cerrado<\/a> <\/div><\/div>\r\n      <\/div>\r\n    [\/vc_column_inner][\/vc_row_inner][vc_row_inner][vc_column_inner][vc_column_text css=&#8221;&#8221;]<\/p>\n<p style=\"text-align: center;\"><strong>IMPORTANTE:<\/strong><\/p>\n<p style=\"text-align: center;\">Para realizar su inscripci\u00f3n, despu\u00e9s de seleccionar el tipo de inscripci\u00f3n, haga clic en la <span style=\"text-decoration: underline;\"><strong>opci\u00f3n de convenio<\/strong><\/span>, escriba en este campo el nombre de su instituci\u00f3n\/asociaci\u00f3n para verificar si tiene convenio con el CONSINTER y as\u00ed obtener el descuento especial (descuento no acumulable).<\/p>\n<p style=\"text-align: center;\">La presentaci\u00f3n del art\u00edculo est\u00e1 condicionada al pago de la tasa correspondiente, destinada exclusivamente al procesamiento del trabajo. Todos los autores y coautores deben efectuar el pago al momento de la inscripci\u00f3n para que el art\u00edculo pueda ser enviado a la etapa de evaluaci\u00f3n. <strong>Se destaca que el pago de la tasa de env\u00edo no implica garant\u00eda de publicaci\u00f3n del art\u00edculo<\/strong>, ya que este ser\u00e1 sometido a un riguroso proceso de evaluaci\u00f3n por pares (double blind review). Solo los art\u00edculos que cumplan \u00edntegramente con las normas del llamado y obtengan la aprobaci\u00f3n del Consejo de CONSINTER podr\u00e1n ser publicados.<\/p>\n<p>[\/vc_column_text][\/vc_column_inner][\/vc_row_inner][\/vc_column][\/vc_row][vc_row full_width=&#8221;stretch_row&#8221; section_id=&#8221;register&#8221; el_id=&#8221;register&#8221; css=&#8221;.vc_custom_1714511799223{padding-top: 70px !important;padding-bottom: 70px !important;}&#8221;][vc_column]\r\n      <h3 class=\"section-title \"><span data-animation=\"flipInY\" data-animation-delay=\"300\" class=\"icon-inner\"><span class=\"fa-stack\"><i class=\"fa crcle fa-stack-2x\"><\/i><i class=\"fa fa-ticket fa-stack-1x\"><\/i><\/span><\/span><span data-animation=\"fadeInRight\" data-animation-delay=\"500\" class=\"title-inner\">SUSCRIBIRSE <small> \/ garantiza tu lugar<\/small><\/span><\/h3>\r\n    [vc_column_text css=&#8221;&#8221;]<p class=\"datelimit\">Inscri\u00e7\u00f5es encerradas!<\/p>[\/vc_column_text][\/vc_column][\/vc_row][vc_row full_width=&#8221;stretch_row&#8221; section_id=&#8221;picture&#8221; el_id=&#8221;picture&#8221; css=&#8221;.vc_custom_1739295228894{padding-top: 70px !important;padding-bottom: 70px !important;}&#8221; el_class=&#8221;light&#8221;][vc_column]\r\n      <h3 class=\"section-title \"><span data-animation=\"flipInY\" data-animation-delay=\"0\" class=\"icon-inner\"><span class=\"fa-stack\"><i class=\"fa crcle fa-stack-2x\"><\/i><i class=\"fa fa-user fa-stack-1x\"><\/i><\/span><\/span><span data-animation=\"fadeInRight\" data-animation-delay=\"500\" class=\"title-inner\">ACERCA <small> \/ fotograf\u00edas de simposios anteriores y la ubicaci\u00f3n del evento.<\/small><\/span><\/h3>\r\n    [vc_gallery type=&#8221;image_grid&#8221; images=&#8221;192,193,194,195,196,197,198,199,200,201,202,203,204,214,205,206,207,208,209,210,211&#8243; css=&#8221;&#8221;]<a href=\"https:\/\/www.instagram.com\/consinter_\/\" target='_blank' style=\"margin: 20px 0 0 0\"  class=\"btn btn-theme animated flipInY visible   \" data-animation=\"flipInY\" data-animation-delay=\"200\">Ver m\u00e1s fotos en <i class=\"fa fa-brands fa-instagram\"><\/i><\/a>[vc_zigzag color=&#8221;custom&#8221; custom_color=&#8221;#1A3153&#8243; css=&#8221;.vc_custom_1739295291567{margin-top: 80px !important;}&#8221;][vc_column_text css=&#8221;&#8221;]<strong id=\"pucpr\" class=\"subtit\">PONTIFICIA UNIVERSIDAD CAT\u00d3LICA DEL PARAN\u00c1 &#8211; PUCPR<\/strong><\/p>\n<p>La <strong>PUCPR<\/strong> se destaca por su excelencia acad\u00e9mica e infraestructura de vanguardia. Fundada en 1959, es una referencia nacional e internacional en educaci\u00f3n superior, siendo <strong>la primera universidad privada del Paran\u00e1<\/strong>, seg\u00fan el ranking <strong>Times Higher Education<\/strong>. Con un campus moderno y multidisciplinario, la PUCPR fomenta la investigaci\u00f3n, el emprendimiento y la innovaci\u00f3n, promoviendo un ambiente acad\u00e9mico din\u00e1mico e integrador.<\/p>\n<p><strong data-start=\"131\" data-end=\"166\">Lugar del evento:<br \/>\nDirecci\u00f3n:<br \/>\n<\/strong>Rua Imaculada Concei\u00e7\u00e3o, 1155 \u2013 Prado Velho \u2013 <a href=\"https:\/\/maps.app.goo.gl\/cUZJNekbMainJyFG6\" target=\"_blank\" rel=\"noopener\">Acceda al mapa de ubicaci\u00f3n<\/a><br \/>\n<span style=\"color: #ff0000;\">Bloque 1 \u2013 Amarillo (Acceso por puerta 1 o 2 &#8211; NO ESTAR\u00c1 EN EL BLOQUE DERECHO)<\/span><br \/>\nEstacionamiento de pago, a partir de R$ 5,00 por per\u00edodo.[\/vc_column_text]<a href=\"https:\/\/consinter.org\/2025\/wp-content\/uploads\/sites\/37\/2025\/08\/pucpr-mapa.pdf\" target='_blank' style=\"margin: 20px 20px 0 0\"  class=\"btn btn-theme animated flipInY visible   \" data-animation=\"flipInY\" data-animation-delay=\"200\"><i class=\"fa \"><\/i> EL MAPA DE ACCESO AL LUGAR AQU\u00cd<\/a>[vc_zigzag color=&#8221;custom&#8221; custom_color=&#8221;#1A3153&#8243; css=&#8221;.vc_custom_1739295291567{margin-top: 80px !important;}&#8221;][vc_column_text css=&#8221;&#8221;]<strong id=\"\" class=\"subtit\">ESCUELA DE DERECHO DE LA PUCPR: TRADICI\u00d3N E INNOVACI\u00d3N EN LA FORMACI\u00d3N JUR\u00cdDICA<\/strong><\/p>\n<p>La <strong>Escuela de Derecho de la PUCPR<\/strong> ofrece una formaci\u00f3n jur\u00eddica basada en valores humanistas, preparando profesionales con sentido cr\u00edtico y conciencia pol\u00edtica para actuar en la mediaci\u00f3n de conflictos en la sociedad. Con un cuerpo docente altamente calificado, compuesto por maestros y doctores experimentados, la escuela combina teor\u00eda y pr\u00e1ctica para una formaci\u00f3n completa.[\/vc_column_text]<a href=\"https:\/\/www.pucpr.br\/escola-de-direito\/\" target='_blank' style=\"margin: 15px 0 0 0;\"  class=\"btn btn-theme animated flipInY visible   \" data-animation=\"flipInY\" data-animation-delay=\"200\"><i class=\"fa \"><\/i> Acceda al sitio web de la Facultad de Derecho<\/a>[vc_zigzag color=&#8221;custom&#8221; custom_color=&#8221;#1A3153&#8243; css=&#8221;.vc_custom_1739295291567{margin-top: 80px !important;}&#8221;][vc_column_text css=&#8221;&#8221;]<strong id=\"curitiba\" class=\"subtit\">CURITIBA<\/strong><\/p>\n<p>Curitiba es un destino imperdible para quienes asisten al <strong>XII CONGRESO INTERNACIONAL DE DERECHO CONSINTER<\/strong>. Con uno de los mejores \u00edndices de calidad de vida de Brasil, la ciudad encanta por su organizaci\u00f3n, \u00e1reas verdes y clima templado. Aproveche la oportunidad para conocer puntos tur\u00edsticos ic\u00f3nicos, como el <strong>Jard\u00edn Bot\u00e1nico<\/strong>, la <strong>\u00d3pera de Arame<\/strong>, el <strong>Museo Oscar Niemeyer<\/strong>, conocido por su arquitectura innovadora, y el encantador <strong>Parque Tangu\u00e1<\/strong>. Para los amantes de la buena gastronom\u00eda, Curitiba ofrece desde la tradicional cocina italiana de Santa Felicidade hasta modernos restaurantes y caf\u00e9s de moda. \u00a1Una ciudad vibrante y acogedora que te espera![\/vc_column_text][vc_gallery type=&#8221;image_grid&#8221; images=&#8221;276,278,280,281&#8243; css=&#8221;.vc_custom_1741613101304{margin-top: 15px !important;}&#8221;]<a href=\"https:\/\/curitiba-travel.com.br\/curitiba-turismo-10-lugares-mais-visitados\/\" target='_blank' style=\"margin: 15px 0 0 0;\"  class=\"btn btn-theme animated flipInY visible   \" data-animation=\"flipInY\" data-animation-delay=\"200\"><i class=\"fa \"><\/i> Acceda al sitio web de Curitiba<\/a>[vc_zigzag color=&#8221;custom&#8221; custom_color=&#8221;#1A3153&#8243; css=&#8221;.vc_custom_1739295276258{margin-top: 80px !important;}&#8221;][vc_column_text css=&#8221;&#8221;]<strong id=\"universitat\" class=\"subtit\">UNIVERSITAT DE BARCELONA<\/strong><\/p>\n<p>La <em>Universitat de Barcelona<\/em> es una de las instituciones m\u00e1s antiguas de Catalu\u00f1a y, en consecuencia, una referencia fundamental en su propia historia. En 1450, el rey Alfonso el Magn\u00e1nimo fund\u00f3 el Estudio General de Barcelona, es decir, la actual Universidad. Su oferta formativa se basa en la calidad y la innovaci\u00f3n, abarcando un amplio y heterog\u00e9neo abanico de \u00e1reas del conocimiento: Humanidades, Ciencias de la Salud, Ciencias Sociales, Ciencias Experimentales, Ingenier\u00eda, Derecho, Econom\u00eda y Ciencias de la Educaci\u00f3n. Est\u00e1 compuesta por 16 facultades, 10 centros asociados, m\u00e1s de 62.000 estudiantes y 12.000 profesores e investigadores. Es la \u00fanica universidad espa\u00f1ola que es miembro de la LERU (Liga de Universidades Europeas de Investigaci\u00f3n), adem\u00e1s de ser parte activa de diversas redes internacionales y alianzas interuniversitarias (entre ellas, el Campus de las Am\u00e9ricas). Actualmente, es la universidad espa\u00f1ola mejor posicionada en los rankings internacionales de mayor prestigio.[\/vc_column_text][vc_zigzag color=&#8221;custom&#8221; custom_color=&#8221;#1A3153&#8243; css=&#8221;.vc_custom_1739295285034{margin-top: 80px !important;}&#8221;][vc_column_text css=&#8221;&#8221;]<strong id=\"facultat\" class=\"subtit\">FACULTAT DE DRET<\/strong><\/p>\n<p>La\u00a0<em>Universidat de Barcelona<\/em>\u00a0es una de las instituciones m\u00e1s antiguas de Catalu\u00f1a y, en consecuencia, un referente clave en su propia historia. En 1450 el rey Alfonso el Magn\u00e1nimo fund\u00f3 el Estudio General de Barcelona, es decir, la actual Universidad. Su oferta formativa se fundamenta en la calidad y la innovaci\u00f3n. Abarca una amplia y heterog\u00e9nea gama de \u00e1mbitos de conocimiento: humanidades, ciencias de la salud, ciencias sociales, ciencias experimentales, ingenier\u00edas, derecho, econom\u00eda y ciencias de la educaci\u00f3n. Est\u00e1 integrada por 16 facultades, 10 centros adscritos y m\u00e1s de 62.000 estudiantes y 12.000 profesores e investigadores. Es la \u00fanica universidad espa\u00f1ola que es miembro de la LERU (Liga de Universidades Europeas de Investigaci\u00f3n), as\u00ed como forma parte activa en diferentes redes internacionales y alianzas interuniversitarias (entre ellas, el Campus de las Am\u00e9ricas). Actualmente, es la Universidad espa\u00f1ola mejor posicionada en los m\u00e1s prestigiosos rankings internacionales.[\/vc_column_text][vc_gallery type=&#8221;image_grid&#8221; images=&#8221;188,184,183&#8243; css=&#8221;.vc_custom_1739895995520{margin-top: 15px !important;}&#8221;]<a href=\"https:\/\/www.ub.edu\/portal\/web\/dret\" target='_blank' style=\"margin: 15px 0 0 0;\"  class=\"btn btn-theme animated flipInY visible   \" data-animation=\"flipInY\" data-animation-delay=\"200\"><i class=\"fa \"><\/i> Acceda al sitio web de la universidad<\/a>[vc_zigzag color=&#8221;custom&#8221; custom_color=&#8221;#1A3153&#8243; css=&#8221;.vc_custom_1739295291567{margin-top: 80px !important;}&#8221;][vc_column_text css=&#8221;&#8221;]<strong id=\"barcelona\" class=\"subtit\">BARCELONA<\/strong><\/p>\n<p data-start=\"0\" data-end=\"389\"><strong data-start=\"0\" data-end=\"13\">Barcelona<\/strong> es la capital de la comunidad aut\u00f3noma de Catalu\u00f1a y una de las ciudades m\u00e1s bellas de Europa. La ciudad de Barcelona re\u00fane el mayor n\u00famero de universidades de calidad de toda Espa\u00f1a y alberga cinco de las 29 instituciones clasificadas en el QS World University Ranking 2022, que enumera las mejores del mundo. Liderando este ranking se encuentra la Universidad de Barcelona.<\/p>\n<p data-start=\"391\" data-end=\"1505\" data-is-last-node=\"\">Recibe estudiantes y visitantes de todas partes del mundo, siendo uno de los mayores centros de Europa para estudios, negocios y turismo. Excelente clima, diversidad cultural, arquitectura inigualable, cosmopolita, hermosa y acogedora, adem\u00e1s de una movilidad sostenible, son algunas de las cualidades de esta bell\u00edsima ciudad. No puedes perder la oportunidad de conocer las obras de Gaud\u00ed, pasear por Las Ramblas, Passeig de Gr\u00e0cia, el Puerto Ol\u00edmpico, sus hermosos museos, restaurantes y sus deliciosos bares de tapas en el casco antiguo. Tambi\u00e9n puedes visitar los bellos vi\u00f1edos y las encantadoras bodegas de cavas y vinos en la regi\u00f3n. Pasea a pie, en bicicleta o en patinete, que se encuentran por toda la ciudad con v\u00edas exclusivas, o si prefieres, utiliza el excelente transporte p\u00fablico o incluso el coche. Las gastronom\u00edas local e internacional son incre\u00edbles y maridan perfectamente con sus burbujeantes cavas y sus maravillosos vinos de Catalu\u00f1a y del mundo. Aprovecha para visitar el hermoso Camp Nou, estadio de uno de los clubes de f\u00fatbol m\u00e1s grandes del mundo, conocido cari\u00f1osamente como el Bar\u00e7a.<\/p>\n<p>[\/vc_column_text][vc_gallery type=&#8221;image_grid&#8221; images=&#8221;187,186,185&#8243; css=&#8221;.vc_custom_1739895967305{margin-top: 15px !important;}&#8221;]<a href=\"https:\/\/www.spain.info\/pt_BR\/destino\/barcelona\/\" target='_blank' style=\"margin: 15px 0 0 0;\"  class=\"btn btn-theme animated flipInY visible   \" data-animation=\"flipInY\" data-animation-delay=\"200\"><i class=\"fa \"><\/i> Accede al sitio web de Barcelona<\/a>[\/vc_column][\/vc_row][vc_row full_width=&#8221;stretch_row&#8221; section_id=&#8221;contact&#8221; el_id=&#8221;contact&#8221; el_class=&#8221;color&#8221; css=&#8221;.vc_custom_1581518126030{padding-top: 70px !important;padding-bottom: 70px !important;}&#8221;][vc_column]\r\n      <h3 class=\"section-title \"><span data-animation=\"flipInY\" data-animation-delay=\"300\" class=\"icon-inner\"><span class=\"fa-stack\"><i class=\"fa crcle fa-stack-2x\"><\/i><i class=\"fa fa-ticket fa-stack-1x\"><\/i><\/span><\/span><span data-animation=\"fadeInRight\" data-animation-delay=\"500\" class=\"title-inner\">Contacto <small> \/ habla con nosotros<\/small><\/span><\/h3>\r\n    \n<div class=\"wpcf7 no-js\" id=\"wpcf7-f31-o2\" lang=\"pt-BR\" dir=\"ltr\" data-wpcf7-id=\"31\">\n<div class=\"screen-reader-response\"><p role=\"status\" aria-live=\"polite\" aria-atomic=\"true\"><\/p> <ul><\/ul><\/div>\n<form action=\"\/2025\/es\/wp-json\/wp\/v2\/pages\/114#wpcf7-f31-o2\" method=\"post\" class=\"wpcf7-form init\" aria-label=\"Formul\u00e1rios de contato\" novalidate=\"novalidate\" data-status=\"init\">\n<fieldset class=\"hidden-fields-container\"><input type=\"hidden\" name=\"_wpcf7\" value=\"31\" \/><input type=\"hidden\" name=\"_wpcf7_version\" value=\"6.1.5\" \/><input type=\"hidden\" name=\"_wpcf7_locale\" value=\"pt_BR\" \/><input type=\"hidden\" name=\"_wpcf7_unit_tag\" value=\"wpcf7-f31-o2\" \/><input type=\"hidden\" name=\"_wpcf7_container_post\" value=\"0\" \/><input type=\"hidden\" name=\"_wpcf7_posted_data_hash\" value=\"\" \/>\n<\/fieldset>\n<p><span class=\"wpcf7-form-control-wrap\" data-name=\"your-name\"><input size=\"40\" maxlength=\"400\" class=\"wpcf7-form-control wpcf7-text wpcf7-validates-as-required form-control\" aria-required=\"true\" aria-invalid=\"false\" placeholder=\"Su nombre\" value=\"\" type=\"text\" name=\"your-name\" \/><\/span>\n<\/p>\n<p><span class=\"wpcf7-form-control-wrap\" data-name=\"your-email\"><input size=\"40\" maxlength=\"400\" class=\"wpcf7-form-control wpcf7-email wpcf7-validates-as-required wpcf7-text wpcf7-validates-as-email form-control\" aria-required=\"true\" aria-invalid=\"false\" placeholder=\"Su correo electr\u00f3nico\" value=\"\" type=\"email\" name=\"your-email\" \/><\/span>\n<\/p>\n<p><span class=\"wpcf7-form-control-wrap\" data-name=\"your-subject\"><input size=\"40\" maxlength=\"400\" class=\"wpcf7-form-control wpcf7-text wpcf7-validates-as-required form-control\" aria-required=\"true\" aria-invalid=\"false\" placeholder=\"Asunto\" value=\"\" type=\"text\" name=\"your-subject\" \/><\/span>\n<\/p>\n<p><span class=\"wpcf7-form-control-wrap\" data-name=\"your-message\"><textarea cols=\"40\" rows=\"10\" maxlength=\"2000\" class=\"wpcf7-form-control wpcf7-textarea wpcf7-validates-as-required form-control\" aria-required=\"true\" aria-invalid=\"false\" placeholder=\"Su mensaje\" name=\"your-message\"><\/textarea><\/span>\n<\/p>\n<p>&nbsp;\n<\/p>\n<p><input class=\"wpcf7-form-control wpcf7-submit has-spinner form-button form-button-submit btn btn-theme btn-theme-lg btn-theme-transparent\" type=\"submit\" value=\"Enviar\" \/>\n<\/p><div class=\"wpcf7-response-output\" aria-hidden=\"true\"><\/div>\n<\/form>\n<\/div>\n[\/vc_column][\/vc_row]<\/p>\n<\/div>","protected":false},"excerpt":{"rendered":"<p>[vc_row full_width=&#8221;stretch_row_content_no_spaces&#8221; fullwidth=&#8221;no&#8221; bg_image_custom=&#8221;121&#8243; el_id=&#8221;home&#8221; css=&#8221;.vc_custom_1751055885288{margin-top: 25px !important;margin-bottom: 0px !important;border-top-width: 0px !important;border-bottom-width: 0px !important;padding-top: 0px !important;padding-bottom: 0px !important;background-position: center !important;background-repeat: no-repeat !important;background-size: cover !important;}&#8221; parallax_bg=&#8221;1&#8243; stellar_background_ratio=&#8221;0.6&#8243;][vc_column css=&#8221;.vc_custom_1417507329606{padding-bottom: 0px !important;}&#8221;][vc_single_image image=&#8221;566&#8243; img_size=&#8221;full&#8221; alignment=&#8221;center&#8221; css=&#8221;&#8221;][\/vc_column][\/vc_row][vc_row full_width=&#8221;stretch_row_content_no_spaces&#8221; fullwidth=&#8221;no&#8221; bg_image_custom=&#8221;121&#8243; el_id=&#8221;&#8221; css=&#8221;.vc_custom_1759401464298{margin-top: 25px !important;margin-bottom: 0px !important;border-top-width:<\/p>\n","protected":false},"author":3,"featured_media":0,"parent":0,"menu_order":0,"comment_status":"closed","ping_status":"closed","template":"home_template.php","meta":{"_acf_changed":false,"footnotes":""},"class_list":["post-114","page","type-page","status-publish","hentry"],"acf":[],"_links":{"self":[{"href":"https:\/\/consinter.org\/2025\/es\/wp-json\/wp\/v2\/pages\/114","targetHints":{"allow":["GET"]}}],"collection":[{"href":"https:\/\/consinter.org\/2025\/es\/wp-json\/wp\/v2\/pages"}],"about":[{"href":"https:\/\/consinter.org\/2025\/es\/wp-json\/wp\/v2\/types\/page"}],"author":[{"embeddable":true,"href":"https:\/\/consinter.org\/2025\/es\/wp-json\/wp\/v2\/users\/3"}],"replies":[{"embeddable":true,"href":"https:\/\/consinter.org\/2025\/es\/wp-json\/wp\/v2\/comments?post=114"}],"version-history":[{"count":2,"href":"https:\/\/consinter.org\/2025\/es\/wp-json\/wp\/v2\/pages\/114\/revisions"}],"predecessor-version":[{"id":623,"href":"https:\/\/consinter.org\/2025\/es\/wp-json\/wp\/v2\/pages\/114\/revisions\/623"}],"wp:attachment":[{"href":"https:\/\/consinter.org\/2025\/es\/wp-json\/wp\/v2\/media?parent=114"}],"curies":[{"name":"wp","href":"https:\/\/api.w.org\/{rel}","templated":true}]}}